{"id":5959,"date":"2021-06-29T16:03:59","date_gmt":"2021-06-29T20:03:59","guid":{"rendered":"http:\/\/www.theadkx.org\/?page_id=5959"},"modified":"2024-07-02T17:27:21","modified_gmt":"2024-07-02T21:27:21","slug":"serie-artistas-inspiracion","status":"publish","type":"page","link":"https:\/\/www.theadkx.org\/es\/our-events\/artists-inspiration-series\/","title":{"rendered":"Serie de artistas e inspiraci\u00f3n"},"content":{"rendered":"<div id='av_section_1'  class='avia-section main_color avia-section-no-padding avia-no-border-styling  ep-lazy-loaded avia-full-stretch avia-bg-style-scroll  avia-builder-el-0  el_before_av_section  avia-builder-el-first   avia-section-fwd container_wrap fullsize' style='background-repeat: no-repeat; --epBGImgDesktop: url(https:\/\/www.theadkx.org\/wp-content\/uploads\/2021\/04\/ADKX-live-events-1920x640-1.jpg);--epBGImgTablet: var(--epBGImgDesktop); --epBGImgMobile: url(https:\/\/www.theadkx.org\/wp-content\/uploads\/2021\/04\/ADKX-live-events-mobile-720x540-1.jpg);;background-attachment: scroll; background-position: bottom center;   '   data-section-bg-repeat='stretch' ><div class='container' style=\"\"><main  role=\"main\" itemprop=\"mainContentOfPage\"  class='template-page content  av-content-full alpha units' ><div class='post-entry post-entry-type-page post-entry-5959'><div class='entry-content-wrapper clearfix'>\n<div   class='hr hr-invisible  hr-responsive   avia-builder-el-1  avia-builder-el-no-sibling' ><div style='height:300px' class='hr-desktop'><\/div><div style='height:300px' class='hr-tablet'><\/div><div style='height:150px' class='hr-mobile'><\/div><\/div>\n\n<\/div><\/div><\/main><!-- close content main element --><\/div><\/div><div id='av_section_2'  class='avia-section main_color avia-section-default avia-no-border-styling  ep-lazy-loaded avia-full-stretch avia-bg-style-scroll  avia-builder-el-2  el_after_av_section  el_before_av_section   container_wrap fullsize' style='background-color: #fcfaf5; background-repeat: no-repeat; --epBGImg: url(https:\/\/www.theadkx.org\/wp-content\/uploads\/2021\/03\/Brown-Topo-Map-1.png);;background-attachment: scroll; background-position: center center;   '  data-lazy-bg data-section-bg-repeat='stretch' ><div class='container' ><div class='template-page content  av-content-full alpha units' ><div class='post-entry post-entry-type-page post-entry-5959'><div class='entry-content-wrapper clearfix'>\n<div   class='av-special-heading av-special-heading-h1   blockquote modern-quote  avia-builder-el-3  avia-builder-el-no-sibling' ><h1 class='av-special-heading-tag'   itemprop=\"headline\"  >Serie de artistas e inspiraci\u00f3n<\/h1><div class='special-heading-border'><div class='special-heading-inner-border' ><\/div><\/div><\/div>\n\n<\/div><\/div><\/div><!-- close content main div --><\/div><\/div><div id='av_section_3'  class='avia-section main_color avia-section-default avia-no-border-styling  avia-bg-style-scroll  avia-builder-el-4  el_after_av_section  el_before_av_section   container_wrap fullsize' style='  '   ><div class='container' style=\"--containerWidth:1150px;max-width:1150px;\"><div class='template-page content  av-content-full alpha units' ><div class='post-entry post-entry-type-page post-entry-5959'><div class='entry-content-wrapper clearfix'>\n<div   class='flex_column_table  reverse-order ep-lazy-loaded   av-equal-height-column-flextable av-break-at-tablet-flextable flex-column-table-1'  ><div  class=\"flex_column av_one_full  custom_space av-break-at-tablet flex_column_table_cell av-equal-height-column av-align-top ep-lazy-loaded first  avia-builder-el-5  avia-builder-el-no-sibling  mobile-offset\" ><div class=\"flex-column-inner\"><p><div  style='height:20px' class='hr hr-invisible   av-desktop-hide  avia-builder-el-6  el_before_av_textblock  avia-builder-el-first' ><span class='hr-inner' ><span class='hr-inner-style'><\/span><\/span><\/div><br \/>\n<section class=\"av_textblock_section\"  itemscope=\"itemscope\" itemtype=\"https:\/\/schema.org\/CreativeWork\"  ><div class='avia_textblock'   itemprop=\"text\" ><p>Acomp\u00e1\u00f1enos cada mes en los programas Artists &amp; Inspiration de ADKX. Estos eventos nocturnos ofrecen una visi\u00f3n de la primera exposici\u00f3n permanente del museo dedicada a nuestra colecci\u00f3n de arte y dise\u00f1o.<em>Artistas e inspiraci\u00f3n en la naturaleza<\/em>-apertura en 2023. \u00bfQu\u00e9 hace que el arte de Adirondack sea \u00fanico? \u00bfC\u00f3mo se inspiran los artistas que trabajan en la regi\u00f3n en el entorno que les rodea? \u00bfTienes curiosidad por probar a hacer tu propia obra maestra?<\/p>\n<p>Le invitamos a sintonizar cada mes para escuchar a acad\u00e9micos, artistas, profesores y visionarios creativos de toda Am\u00e9rica del Norte mientras consideran a los creadores y la colecci\u00f3n que se mostrar\u00e1 en esta nueva exposici\u00f3n. Desde las veladas m\u00e1s divertidas para toda la familia hasta las que se centran en un discurso y un debate m\u00e1s reflexivo, las veladas de Artistas e Inspiraci\u00f3n ofrecen algo para todos.<\/p>\n<p><em>\u00bfSe ha perdido uno? Las grabaciones estar\u00e1n disponibles a continuaci\u00f3n despu\u00e9s de cada programa en directo.<\/em><\/p>\n<\/div><\/section><\/p><\/div><\/div><\/div><!--close column table wrapper. Autoclose: 1 -->\n\n<\/div><\/div><\/div><!-- close content main div --><\/div><\/div><div id='av_section_4'  class='avia-section main_color avia-section-default avia-no-border-styling  ep-lazy-loaded avia-full-stretch avia-bg-style-scroll  avia-builder-el-8  el_after_av_section  el_before_av_section   container_wrap fullsize' style='background-color: #fcfaf5; background-repeat: no-repeat; --epBGImg: url(https:\/\/www.theadkx.org\/wp-content\/uploads\/2021\/04\/tree-background-1920x1080-01.png);;background-attachment: scroll; background-position: bottom center;   '  data-lazy-bg data-section-bg-repeat='stretch' ><div class='container' ><div class='template-page content  av-content-full alpha units' ><div class='post-entry post-entry-type-page post-entry-5959'><div class='entry-content-wrapper clearfix'>\n<div   class='flex_column_table  ep-lazy-loaded   av-equal-height-column-flextable -flextable flex-column-table-2'  ><div  class=\"flex_column av_one_full  flex_column_table_cell av-equal-height-column av-align-top ep-lazy-loaded first  avia-builder-el-9  el_before_av_hr  avia-builder-el-first\" ><div class=\"flex-column-inner\"><div  style='color:#7f9c90;font-size:38px;' class='av-special-heading av-special-heading-h3  custom-color-heading blockquote modern-quote  avia-builder-el-10  avia-builder-el-no-sibling  av-inherit-size' ><h3 class='av-special-heading-tag'   itemprop=\"headline\"  >Pr\u00f3ximos eventos<\/h3><div class='special-heading-border'><div class='special-heading-inner-border' style='border-color:#7f9c90'><\/div><\/div><\/div><\/div><\/div><\/div><!--close column table wrapper. Autoclose: 1 --><div  style='height:50px' class='hr hr-invisible    avia-builder-el-11  el_after_av_one_full  el_before_ep_posts_grid' ><span class='hr-inner' ><span class='hr-inner-style'><\/span><\/span><\/div>\n\n<div   class='flex_column_table  ep-lazy-loaded   av-equal-height-column-flextable -flextable flex-column-table-3'  ><div  class=\"flex_column av_one_full  flex_column_table_cell av-equal-height-column av-align-top ep-lazy-loaded first  avia-builder-el-13  el_after_ep_posts_grid  avia-builder-el-last\" ><div class=\"flex-column-inner\"><div  class='avia-button-wrap avia-button-left    avia-builder-el-14  avia-builder-el-no-sibling'  ><a href='https:\/\/www.theadkx.org\/es\/our-events\/'  class='avia-button   av-desktop-hide av-medium-hide avia-icon_select-no avia-color-border avia-size-medium avia-position-left'   ><span class='avia_iconbox_title' >Ver m\u00e1s<\/span><\/a><\/div><\/div><\/div><\/div><!--close column table wrapper. Autoclose: 1 -->\n\n<\/div><\/div><\/div><!-- close content main div --><\/div><\/div><div id='av_section_5'  class='avia-section main_color avia-section-default avia-no-border-styling  avia-bg-style-scroll  avia-builder-el-15  el_after_av_section  avia-builder-el-last   container_wrap fullsize' style='  '   ><div class='container' style=\"--containerWidth:1150px;max-width:1150px;\"><div class='template-page content  av-content-full alpha units' ><div class='post-entry post-entry-type-page post-entry-5959'><div class='entry-content-wrapper clearfix'>\n<div   class='flex_column_table  ep-lazy-loaded   av-equal-height-column-flextable -flextable flex-column-table-4'  ><div  class=\"flex_column av_one_full  flex_column_table_cell av-equal-height-column av-align-top ep-lazy-loaded first  avia-builder-el-16  el_before_av_one_third  avia-builder-el-first\" ><div class=\"flex-column-inner\"><div  style='color:#7f9c90;font-size:38px;' class='av-special-heading av-special-heading-h3  custom-color-heading blockquote modern-quote  avia-builder-el-17  avia-builder-el-no-sibling  av-inherit-size' ><h3 class='av-special-heading-tag'   itemprop=\"headline\"  >Eventos anteriores de la Serie Artistas e Inspiraci\u00f3n<\/h3><div class='special-heading-border'><div class='special-heading-inner-border' style='border-color:#7f9c90'><\/div><\/div><\/div><\/div><\/div><\/div><!--close column table wrapper. Autoclose: 1 --><div   class='flex_column_table  ep-lazy-loaded   av-equal-height-column-flextable -flextable flex-column-table-5'  ><div  class=\"flex_column av_one_third  flex_column_table_cell av-equal-height-column av-align-top ep-lazy-loaded first  avia-builder-el-18  el_after_av_one_full  el_before_av_two_third  column-top-margin\" ><div class=\"flex-column-inner\"><div  class='avia-image-container  av-styling-      avia-builder-el-19  avia-builder-el-no-sibling  avia-align-center'  itemprop=\"image\" itemscope=\"itemscope\" itemtype=\"https:\/\/schema.org\/ImageObject\"   ><div class='avia-image-container-inner'><div class='avia-image-overlay-wrap'><img decoding=\"async\" fetchpriority=\"high\" class='wp-image-11000 avia-img-lazy-loading-not-11000 avia_image' src=\"https:\/\/www.theadkx.org\/wp-content\/uploads\/2023\/03\/May-AI.jpg\" alt='' title='Mayo AI' height=\"607\" width=\"1080\"  itemprop=\"thumbnailUrl\" srcset=\"https:\/\/www.theadkx.org\/wp-content\/uploads\/2023\/03\/May-AI.jpg 1080w, https:\/\/www.theadkx.org\/wp-content\/uploads\/2023\/03\/May-AI-300x169.jpg 300w, https:\/\/www.theadkx.org\/wp-content\/uploads\/2023\/03\/May-AI-1030x579.jpg 1030w, https:\/\/www.theadkx.org\/wp-content\/uploads\/2023\/03\/May-AI-768x432.jpg 768w, https:\/\/www.theadkx.org\/wp-content\/uploads\/2023\/03\/May-AI-18x10.jpg 18w\" sizes=\"(max-width: 1080px) 100vw, 1080px\" \/><\/div><\/div><\/div><\/div><\/div><div class='av-flex-placeholder' ><\/div><div  class=\"flex_column av_two_third  flex_column_table_cell av-equal-height-column av-align-top ep-lazy-loaded   avia-builder-el-20  el_after_av_one_third  el_before_av_hr  column-top-margin\" ><div class=\"flex-column-inner\"><p><div   class='av-special-heading av-special-heading-h3   blockquote modern-quote  avia-builder-el-21  el_before_av_textblock  avia-builder-el-first' ><h3 class='av-special-heading-tag'   itemprop=\"headline\"  >Presentaci\u00f3n virtual<\/h3><div class ='av-subheading av-subheading_below' style='font-size:15px;'><p>Lunes, 15 de mayo de 2023 | 19:00 horas<\/p>\n<\/div><div class='special-heading-border'><div class='special-heading-inner-border' ><\/div><\/div><\/div><br \/>\n<section class=\"av_textblock_section\"  itemscope=\"itemscope\" itemtype=\"https:\/\/schema.org\/CreativeWork\"  ><div class='avia_textblock'   itemprop=\"text\" ><p>Join ADKX staff and members of the project construction team for a behind-the-scenes peek inside the new Artists &amp; Inspiration in the Wild exhibition. We\u2019ll take you on a virtual tour of ADKX\u2019s newest experience\u2014opening July 1!<\/p>\n<\/div><\/section><br \/>\n<div  style='height:30px' class='hr hr-invisible    avia-builder-el-23  el_after_av_textblock  el_before_av_button' ><span class='hr-inner' ><span class='hr-inner-style'><\/span><\/span><\/div><br \/>\n<div  class='avia-button-wrap avia-button-left    avia-builder-el-24  el_after_av_hr  avia-builder-el-last'  ><a href='https:\/\/www.youtube.com\/watch?v=5lUjiGkXKr4'  class='avia-button   avia-icon_select-no avia-color-border avia-size-medium avia-position-left'   ><span class='avia_iconbox_title' >Ver la grabaci\u00f3n<\/span><\/a><\/div><\/p><\/div><\/div><\/div><!--close column table wrapper. Autoclose: 1 --><div   class='hr hr-default    avia-builder-el-25  el_after_av_two_third  el_before_av_one_third' ><span class='hr-inner' ><span class='hr-inner-style'><\/span><\/span><\/div>\n<div   class='flex_column_table  ep-lazy-loaded   av-equal-height-column-flextable -flextable flex-column-table-6'  ><div  class=\"flex_column av_one_third  flex_column_table_cell av-equal-height-column av-align-top ep-lazy-loaded first  avia-builder-el-26  el_after_av_hr  el_before_av_two_third\" ><div class=\"flex-column-inner\"><div  class='avia-image-container  av-styling-      avia-builder-el-27  avia-builder-el-no-sibling  avia-align-center'  itemprop=\"image\" itemscope=\"itemscope\" itemtype=\"https:\/\/schema.org\/ImageObject\"   ><div class='avia-image-container-inner'><div class='avia-image-overlay-wrap'><img decoding=\"async\" fetchpriority=\"high\" class='wp-image-10686 avia-img-lazy-loading-not-10686 avia_image' src=\"https:\/\/www.theadkx.org\/wp-content\/uploads\/2023\/01\/Virtual-Programs.jpg\" alt='' title='Programas virtuales' height=\"646\" width=\"1500\"  itemprop=\"thumbnailUrl\" srcset=\"https:\/\/www.theadkx.org\/wp-content\/uploads\/2023\/01\/Virtual-Programs.jpg 1500w, https:\/\/www.theadkx.org\/wp-content\/uploads\/2023\/01\/Virtual-Programs-300x129.jpg 300w, https:\/\/www.theadkx.org\/wp-content\/uploads\/2023\/01\/Virtual-Programs-1030x444.jpg 1030w, https:\/\/www.theadkx.org\/wp-content\/uploads\/2023\/01\/Virtual-Programs-768x331.jpg 768w, https:\/\/www.theadkx.org\/wp-content\/uploads\/2023\/01\/Virtual-Programs-18x8.jpg 18w\" sizes=\"(max-width: 1500px) 100vw, 1500px\" \/><\/div><\/div><\/div><\/div><\/div><div class='av-flex-placeholder' ><\/div><div  class=\"flex_column av_two_third  flex_column_table_cell av-equal-height-column av-align-top ep-lazy-loaded   avia-builder-el-28  el_after_av_one_third  el_before_av_hr\" ><div class=\"flex-column-inner\"><p><div   class='av-special-heading av-special-heading-h3   blockquote modern-quote  avia-builder-el-29  el_before_av_textblock  avia-builder-el-first' ><h3 class='av-special-heading-tag'   itemprop=\"headline\"  >Un vistazo a la colecci\u00f3n destacada<\/h3><div class ='av-subheading av-subheading_below' style='font-size:15px;'><p>Lunes, 10 de abril de 2023 | 19:00 horas<\/p>\n<\/div><div class='special-heading-border'><div class='special-heading-inner-border' ><\/div><\/div><\/div><br \/>\n<section class=\"av_textblock_section\"  itemscope=\"itemscope\" itemtype=\"https:\/\/schema.org\/CreativeWork\"  ><div class='avia_textblock'   itemprop=\"text\" ><p>\u00danase a Laura Rice, Conservadora Jefe de ADKX, para una visita virtual a los artistas y obras de arte que se presentar\u00e1n en la nueva exposici\u00f3n de Adirondack Experience.\u00a0<em>Artistas e inspiraci\u00f3n en la naturaleza<\/em>. Inaugurada en julio, esta exposici\u00f3n permanente incluir\u00e1 obras nunca vistas en el museo y otras que figuran entre las m\u00e1s preciadas del mismo. Desde un tiesto centenario hallado cerca de Long Lake hasta la obra maestra de 1862 de A.F. Tait\u00a0<em>Un buen momento\u00a0<\/em>a una pulsera fabricada en 2022,\u00a0<em>Artistas e inspiraci\u00f3n<\/em>\u00a0mostrar\u00e1 la extensa e incomparable colecci\u00f3n de arte Adirondack del museo.<\/p>\n<\/div><\/section><br \/>\n<div   class='av-special-heading av-special-heading-h4   blockquote modern-quote  avia-builder-el-31  el_after_av_textblock  el_before_av_textblock' ><h4 class='av-special-heading-tag'   itemprop=\"headline\"  >Sobre el ponente<\/h4><div class='special-heading-border'><div class='special-heading-inner-border' ><\/div><\/div><\/div><br \/>\n<section class=\"av_textblock_section\"  itemscope=\"itemscope\" itemtype=\"https:\/\/schema.org\/CreativeWork\"  ><div class='avia_textblock'  style='font-size:18px; '  itemprop=\"text\" ><p><img loading=\"lazy\" decoding=\"async\" class=\"alignleft wp-image-10631 size-thumbnail\" src=\"https:\/\/www.theadkx.org\/wp-content\/uploads\/2023\/01\/Laura-Rice-80x80.jpg\" alt=\"\" width=\"80\" height=\"80\" srcset=\"https:\/\/www.theadkx.org\/wp-content\/uploads\/2023\/01\/Laura-Rice-80x80.jpg 80w, https:\/\/www.theadkx.org\/wp-content\/uploads\/2023\/01\/Laura-Rice-12x12.jpg 12w, https:\/\/www.theadkx.org\/wp-content\/uploads\/2023\/01\/Laura-Rice.jpg 250w\" sizes=\"auto, (max-width: 80px) 100vw, 80px\" \/><strong>Laura Rice<\/strong>\u00a0es licenciada en Estudios Americanos por la Universidad de Pensilvania. Ha sido conservadora de grabados y fotograf\u00edas en la Maryland Historical Society, conservadora del Clymer Museum of Art, educadora en la Kent Delord House y desde 2003 trabaja en Adirondack Experience, donde es conservadora jefe.<\/p>\n<\/div><\/section><br \/>\n<div  style='height:30px' class='hr hr-invisible    avia-builder-el-33  el_after_av_textblock  el_before_av_button' ><span class='hr-inner' ><span class='hr-inner-style'><\/span><\/span><\/div><br \/>\n<div  class='avia-button-wrap avia-button-left    avia-builder-el-34  el_after_av_hr  avia-builder-el-last'  ><a href='https:\/\/www.youtube.com\/watch?v=utO9A062OY8'  class='avia-button   avia-icon_select-no avia-color-border avia-size-medium avia-position-left'   ><span class='avia_iconbox_title' >Ver la grabaci\u00f3n<\/span><\/a><\/div><\/p><\/div><\/div><\/div><!--close column table wrapper. Autoclose: 1 --><div   class='hr hr-default    avia-builder-el-35  el_after_av_two_third  el_before_av_one_third' ><span class='hr-inner' ><span class='hr-inner-style'><\/span><\/span><\/div>\n<div   class='flex_column_table  ep-lazy-loaded   av-equal-height-column-flextable -flextable flex-column-table-7'  ><div  class=\"flex_column av_one_third  flex_column_table_cell av-equal-height-column av-align-top ep-lazy-loaded first  avia-builder-el-36  el_after_av_hr  el_before_av_two_third\" ><div class=\"flex-column-inner\"><div  class='avia-image-container  av-styling-      avia-builder-el-37  avia-builder-el-no-sibling  avia-align-center'  itemprop=\"image\" itemscope=\"itemscope\" itemtype=\"https:\/\/schema.org\/ImageObject\"   ><div class='avia-image-container-inner'><div class='avia-image-overlay-wrap'><img decoding=\"async\" fetchpriority=\"high\" class='wp-image-10830 avia-img-lazy-loading-not-10830 avia_image' src=\"https:\/\/www.theadkx.org\/wp-content\/uploads\/2023\/02\/Artists-Inspiration-2023-March.jpg\" alt='' title='Artistas e inspiraci\u00f3n 2023 Marzo' height=\"646\" width=\"1500\"  itemprop=\"thumbnailUrl\" srcset=\"https:\/\/www.theadkx.org\/wp-content\/uploads\/2023\/02\/Artists-Inspiration-2023-March.jpg 1500w, https:\/\/www.theadkx.org\/wp-content\/uploads\/2023\/02\/Artists-Inspiration-2023-March-300x129.jpg 300w, https:\/\/www.theadkx.org\/wp-content\/uploads\/2023\/02\/Artists-Inspiration-2023-March-1030x444.jpg 1030w, https:\/\/www.theadkx.org\/wp-content\/uploads\/2023\/02\/Artists-Inspiration-2023-March-768x331.jpg 768w, https:\/\/www.theadkx.org\/wp-content\/uploads\/2023\/02\/Artists-Inspiration-2023-March-18x8.jpg 18w\" sizes=\"(max-width: 1500px) 100vw, 1500px\" \/><\/div><\/div><\/div><\/div><\/div><div class='av-flex-placeholder' ><\/div><div  class=\"flex_column av_two_third  flex_column_table_cell av-equal-height-column av-align-top ep-lazy-loaded   avia-builder-el-38  el_after_av_one_third  el_before_av_hr\" ><div class=\"flex-column-inner\"><p><div   class='av-special-heading av-special-heading-h3   blockquote modern-quote  avia-builder-el-39  el_before_av_textblock  avia-builder-el-first' ><h3 class='av-special-heading-tag'   itemprop=\"headline\"  >Harold Weston: Libertad en la naturaleza<\/h3><div class ='av-subheading av-subheading_below' style='font-size:15px;'><p>Lunes, 13 de marzo de 2023 | 19:00 horas<\/p>\n<\/div><div class='special-heading-border'><div class='special-heading-inner-border' ><\/div><\/div><\/div><br \/>\n<section class=\"av_textblock_section\"  itemscope=\"itemscope\" itemtype=\"https:\/\/schema.org\/CreativeWork\"  ><div class='avia_textblock'   itemprop=\"text\" ><p>Harold Weston, pintor modernista y activista social estadounidense, fue apodado el \u201cThoreau de los Adirondacks\u201d y es conocido por sus vistas expresionistas de los Adirondacks de la d\u00e9cada de 1920. Katie Wood Kirchhoff, conservadora del Museo Shelburne, explorar\u00e1 los cuadros y diarios de Weston y analizar\u00e1 c\u00f3mo su arte y su pr\u00e1ctica conectaron el mundo natural con la libertad sin l\u00edmites del esp\u00edritu humano.<\/p>\n<\/div><\/section><br \/>\n<div   class='av-special-heading av-special-heading-h4   blockquote modern-quote  avia-builder-el-41  el_after_av_textblock  el_before_av_textblock' ><h4 class='av-special-heading-tag'   itemprop=\"headline\"  >Sobre el ponente<\/h4><div class='special-heading-border'><div class='special-heading-inner-border' ><\/div><\/div><\/div><br \/>\n<section class=\"av_textblock_section\"  itemscope=\"itemscope\" itemtype=\"https:\/\/schema.org\/CreativeWork\"  ><div class='avia_textblock'  style='font-size:18px; '  itemprop=\"text\" ><p><img loading=\"lazy\" decoding=\"async\" class=\"alignleft wp-image-10831 size-thumbnail\" src=\"https:\/\/www.theadkx.org\/wp-content\/uploads\/2023\/02\/Katie-Head-Shot-80x80.jpg\" alt=\"\" width=\"80\" height=\"80\" srcset=\"https:\/\/www.theadkx.org\/wp-content\/uploads\/2023\/02\/Katie-Head-Shot-80x80.jpg 80w, https:\/\/www.theadkx.org\/wp-content\/uploads\/2023\/02\/Katie-Head-Shot-12x12.jpg 12w, https:\/\/www.theadkx.org\/wp-content\/uploads\/2023\/02\/Katie-Head-Shot.jpg 250w\" sizes=\"auto, (max-width: 80px) 100vw, 80px\" \/>Katie Wood Kirchhoff es conservadora de bellas artes, artes decorativas y artes populares americanas anteriores a 1945 en el Museo Shelburne. Kirchhoff se licenci\u00f3 en Historia del Arte en el Smith College, obtuvo un m\u00e1ster en el Programa Winterthur de Cultura Material Americana y se doctor\u00f3 en Historia del Arte en la Universidad de Delaware. Anteriormente ha ocupado cargos en instituciones como la Sociedad Filos\u00f3fica Americana, el Museo de Arte de Filadelfia, el Museo Winterthur y el Museo Smithsonian de Arte Americano, entre otros. Desde su llegada a Shelburne en 2016, Katie ha investigado, escrito y creado exposiciones basadas en las extensas colecciones de cultura material estadounidense de Shelburne, con especial \u00e9nfasis en muebles, textiles, pinturas y obras sobre papel. Su exposici\u00f3n y publicaci\u00f3n m\u00e1s recientes, Luigi Lucioni: Modern Light, examina la obra del modernista italoamericano del siglo XX Luigi Lucioni.<\/p>\n<\/div><\/section><br \/>\n<div  style='height:30px' class='hr hr-invisible    avia-builder-el-43  el_after_av_textblock  el_before_av_button' ><span class='hr-inner' ><span class='hr-inner-style'><\/span><\/span><\/div><br \/>\n<div  class='avia-button-wrap avia-button-left    avia-builder-el-44  el_after_av_hr  avia-builder-el-last'  ><a href='https:\/\/www.youtube.com\/watch?v=BPC4UZUt2Hs'  class='avia-button   avia-icon_select-no avia-color-border avia-size-medium avia-position-left'   ><span class='avia_iconbox_title' >Ver la grabaci\u00f3n<\/span><\/a><\/div><\/p><\/div><\/div><\/div><!--close column table wrapper. Autoclose: 1 --><div   class='hr hr-default    avia-builder-el-45  el_after_av_two_third  el_before_av_one_third' ><span class='hr-inner' ><span class='hr-inner-style'><\/span><\/span><\/div>\n<div   class='flex_column_table  ep-lazy-loaded   av-equal-height-column-flextable -flextable flex-column-table-8'  ><div  class=\"flex_column av_one_third  flex_column_table_cell av-equal-height-column av-align-top ep-lazy-loaded first  avia-builder-el-46  el_after_av_hr  el_before_av_two_third\" ><div class=\"flex-column-inner\"><div  class='avia-image-container  av-styling-      avia-builder-el-47  avia-builder-el-no-sibling  avia-align-center'  itemprop=\"image\" itemscope=\"itemscope\" itemtype=\"https:\/\/schema.org\/ImageObject\"   ><div class='avia-image-container-inner'><div class='avia-image-overlay-wrap'><img decoding=\"async\" fetchpriority=\"high\" class='wp-image-10769 avia-img-lazy-loading-not-10769 avia_image' src=\"https:\/\/www.theadkx.org\/wp-content\/uploads\/2023\/01\/February-AI.jpg\" alt='' title='Febrero A+I' height=\"607\" width=\"1080\"  itemprop=\"thumbnailUrl\" srcset=\"https:\/\/www.theadkx.org\/wp-content\/uploads\/2023\/01\/February-AI.jpg 1080w, https:\/\/www.theadkx.org\/wp-content\/uploads\/2023\/01\/February-AI-300x169.jpg 300w, https:\/\/www.theadkx.org\/wp-content\/uploads\/2023\/01\/February-AI-1030x579.jpg 1030w, https:\/\/www.theadkx.org\/wp-content\/uploads\/2023\/01\/February-AI-768x432.jpg 768w, https:\/\/www.theadkx.org\/wp-content\/uploads\/2023\/01\/February-AI-18x10.jpg 18w\" sizes=\"(max-width: 1080px) 100vw, 1080px\" \/><\/div><\/div><\/div><\/div><\/div><div class='av-flex-placeholder' ><\/div><div  class=\"flex_column av_two_third  flex_column_table_cell av-equal-height-column av-align-top ep-lazy-loaded   avia-builder-el-48  el_after_av_one_third  el_before_av_hr\" ><div class=\"flex-column-inner\"><p><div   class='av-special-heading av-special-heading-h3   blockquote modern-quote  avia-builder-el-49  el_before_av_textblock  avia-builder-el-first' ><h3 class='av-special-heading-tag'   itemprop=\"headline\"  >Un lugar donde sentarse (o no): una expresi\u00f3n de estilo<\/h3><div class ='av-subheading av-subheading_below' style='font-size:15px;'><p>Lunes, 27 de febrero de 2023 | 19:00 horas<\/p>\n<\/div><div class='special-heading-border'><div class='special-heading-inner-border' ><\/div><\/div><\/div><br \/>\n<section class=\"av_textblock_section\"  itemscope=\"itemscope\" itemtype=\"https:\/\/schema.org\/CreativeWork\"  ><div class='avia_textblock'   itemprop=\"text\" ><p>La silla Adirondack no tiene rival a la hora de representar a la regi\u00f3n ante el mundo m\u00e1s all\u00e1 de la L\u00ednea Azul. Tres artistas -Tim Fortune, Barry Lobdell y Jonathan Sweet- han creado obras \u00fanicas inspiradas en este mueble emblem\u00e1tico. Sin embargo, como artistas en activo, Fortune, Lobdell y Sweet trabajan con medios completamente distintos y se adscriben a estilos muy diferentes. Acomp\u00e1\u00f1enos desde la comodidad de su propia silla para explorar la obra y la creatividad de estos tres artistas.<\/p>\n<\/div><\/section><br \/>\n<div   class='av-special-heading av-special-heading-h4   blockquote modern-quote  avia-builder-el-51  el_after_av_textblock  el_before_av_textblock' ><h4 class='av-special-heading-tag'   itemprop=\"headline\"  >Sobre los ponentes<\/h4><div class='special-heading-border'><div class='special-heading-inner-border' ><\/div><\/div><\/div><br \/>\n<section class=\"av_textblock_section\"  itemscope=\"itemscope\" itemtype=\"https:\/\/schema.org\/CreativeWork\"  ><div class='avia_textblock'  style='font-size:18px; '  itemprop=\"text\" ><p><img loading=\"lazy\" decoding=\"async\" class=\"alignleft wp-image-10771 size-thumbnail\" src=\"https:\/\/www.theadkx.org\/wp-content\/uploads\/2023\/01\/Timothy-Fortune-80x80.jpg\" alt=\"\" width=\"80\" height=\"80\" srcset=\"https:\/\/www.theadkx.org\/wp-content\/uploads\/2023\/01\/Timothy-Fortune-80x80.jpg 80w, https:\/\/www.theadkx.org\/wp-content\/uploads\/2023\/01\/Timothy-Fortune-12x12.jpg 12w, https:\/\/www.theadkx.org\/wp-content\/uploads\/2023\/01\/Timothy-Fortune.jpg 250w\" sizes=\"auto, (max-width: 80px) 100vw, 80px\" \/>La obra de Timothy Fortune est\u00e1 impregnada de sus experiencias en los Adirondacks. Obtuvo una licenciatura y un m\u00e1ster en arte mientras estudiaba en Italia, Filadelfia y Nueva York.  Tras trasladarse al sur de Florida, abri\u00f3 un estudio y una galer\u00eda, adem\u00e1s de impartir clases de arte durante 16 a\u00f1os.  De vuelta a su ciudad natal de Saranac Lake en 1988, abri\u00f3 The Small Fortune Studio and Gallery en Main Street, donde pinta im\u00e1genes \u00edntimas de los Adirondacks en acuarela y \u00f3leo, y sigue fomentando la vibrante comunidad art\u00edstica del pueblo.<\/p>\n<p><img loading=\"lazy\" decoding=\"async\" class=\"alignleft wp-image-10772 size-thumbnail\" src=\"https:\/\/www.theadkx.org\/wp-content\/uploads\/2023\/01\/Barry-Lobdell-80x80.jpg\" alt=\"\" width=\"80\" height=\"80\" srcset=\"https:\/\/www.theadkx.org\/wp-content\/uploads\/2023\/01\/Barry-Lobdell-80x80.jpg 80w, https:\/\/www.theadkx.org\/wp-content\/uploads\/2023\/01\/Barry-Lobdell-12x12.jpg 12w, https:\/\/www.theadkx.org\/wp-content\/uploads\/2023\/01\/Barry-Lobdell.jpg 250w\" sizes=\"auto, (max-width: 80px) 100vw, 80px\" \/>Barry Lobdell vive en Saranac Lake, donde es miembro desde hace mucho tiempo del Adirondack Artists Guild. Su obra est\u00e1 siempre expuesta all\u00ed y participa regularmente en muchos concursos de la zona. Fue el primer galardonado con el Premio Barbara Johnson Parnass del Programa de Arte en Espacios P\u00fablicos de Saranac Lake en 2003. Ese mismo a\u00f1o, gan\u00f3 el premio a la mejor exposici\u00f3n\/compra en la North Country Regional Juried Art Show de la Gibson Gallery de Potsdam, NY. Obtuvo el Primer Premio de Fotograf\u00eda en la Exposici\u00f3n Jurada Adirondack Life 2010 en el Lake Placid Center for the Arts, certamen en el que obtuvo el Segundo Premio en 2003 y el premio Best in Show en 1997. Se alz\u00f3 con el premio Best in Show en la exposici\u00f3n con jurado de la Northwind Fine Arts Gallery en 2014.<\/p>\n<p><img loading=\"lazy\" decoding=\"async\" class=\"alignleft wp-image-10770 size-thumbnail\" src=\"https:\/\/www.theadkx.org\/wp-content\/uploads\/2023\/01\/Jonathan-Sweet-80x80.jpg\" alt=\"\" width=\"80\" height=\"80\" srcset=\"https:\/\/www.theadkx.org\/wp-content\/uploads\/2023\/01\/Jonathan-Sweet-80x80.jpg 80w, https:\/\/www.theadkx.org\/wp-content\/uploads\/2023\/01\/Jonathan-Sweet-12x12.jpg 12w, https:\/\/www.theadkx.org\/wp-content\/uploads\/2023\/01\/Jonathan-Sweet.jpg 250w\" sizes=\"auto, (max-width: 80px) 100vw, 80px\" \/>Jonathan Sweet es un artista del mueble contempor\u00e1neo estadounidense. Creci\u00f3 en las estribaciones de las monta\u00f1as Adirondack y se inspira en los bosques que le rodean. Le encanta crear muebles e interiores de madera \u00fanicos y personalizados. Disfruta estudiando la escala y las proporciones que resultan agradables a la vista. Invita al observador a so\u00f1ar o a provocar una conversaci\u00f3n interesante. Sweet crea emoci\u00f3n y llama la atenci\u00f3n sobre su estilo \u00fanico.<\/p>\n<\/div><\/section><br \/>\n<div  style='height:30px' class='hr hr-invisible    avia-builder-el-53  el_after_av_textblock  el_before_av_button' ><span class='hr-inner' ><span class='hr-inner-style'><\/span><\/span><\/div><br \/>\n<div  class='avia-button-wrap avia-button-left    avia-builder-el-54  el_after_av_hr  avia-builder-el-last'  ><a href='https:\/\/www.youtube.com\/watch?v=OIL4Pn93rgw'  class='avia-button   avia-icon_select-no avia-color-border avia-size-medium avia-position-left'   ><span class='avia_iconbox_title' >Ver la grabaci\u00f3n<\/span><\/a><\/div><\/p><\/div><\/div><\/div><!--close column table wrapper. Autoclose: 1 --><div   class='hr hr-default    avia-builder-el-55  el_after_av_two_third  el_before_av_one_third' ><span class='hr-inner' ><span class='hr-inner-style'><\/span><\/span><\/div>\n<div   class='flex_column_table  ep-lazy-loaded   av-equal-height-column-flextable -flextable flex-column-table-9'  ><div  class=\"flex_column av_one_third  flex_column_table_cell av-equal-height-column av-align-top ep-lazy-loaded first  avia-builder-el-56  el_after_av_hr  el_before_av_two_third\" ><div class=\"flex-column-inner\"><div  class='avia-image-container  av-styling-      avia-builder-el-57  avia-builder-el-no-sibling  avia-align-center'  itemprop=\"image\" itemscope=\"itemscope\" itemtype=\"https:\/\/schema.org\/ImageObject\"   ><div class='avia-image-container-inner'><div class='avia-image-overlay-wrap'><img decoding=\"async\" fetchpriority=\"high\" class='wp-image-10528 avia-img-lazy-loading-not-10528 avia_image' src=\"https:\/\/www.theadkx.org\/wp-content\/uploads\/2022\/12\/Jan-23-AI-Website.jpg\" alt='' title='23 Ene P\u00e1gina web de A+I' height=\"607\" width=\"1080\"  itemprop=\"thumbnailUrl\" srcset=\"https:\/\/www.theadkx.org\/wp-content\/uploads\/2022\/12\/Jan-23-AI-Website.jpg 1080w, https:\/\/www.theadkx.org\/wp-content\/uploads\/2022\/12\/Jan-23-AI-Website-300x169.jpg 300w, https:\/\/www.theadkx.org\/wp-content\/uploads\/2022\/12\/Jan-23-AI-Website-1030x579.jpg 1030w, https:\/\/www.theadkx.org\/wp-content\/uploads\/2022\/12\/Jan-23-AI-Website-768x432.jpg 768w, https:\/\/www.theadkx.org\/wp-content\/uploads\/2022\/12\/Jan-23-AI-Website-18x10.jpg 18w\" sizes=\"(max-width: 1080px) 100vw, 1080px\" \/><\/div><\/div><\/div><\/div><\/div><div class='av-flex-placeholder' ><\/div><div  class=\"flex_column av_two_third  flex_column_table_cell av-equal-height-column av-align-top ep-lazy-loaded   avia-builder-el-58  el_after_av_one_third  el_before_av_hr\" ><div class=\"flex-column-inner\"><p><div   class='av-special-heading av-special-heading-h3   blockquote modern-quote  avia-builder-el-59  el_before_av_textblock  avia-builder-el-first' ><h3 class='av-special-heading-tag'   itemprop=\"headline\"  >Arte popular a nuestro alrededor<\/h3><div class ='av-subheading av-subheading_below' style='font-size:15px;'><p>Lunes, 23 de enero de 2023 | 19:00 horas<\/p>\n<\/div><div class='special-heading-border'><div class='special-heading-inner-border' ><\/div><\/div><\/div><br \/>\n<section class=\"av_textblock_section\"  itemscope=\"itemscope\" itemtype=\"https:\/\/schema.org\/CreativeWork\"  ><div class='avia_textblock'   itemprop=\"text\" ><p>Acomp\u00e1\u00f1enos en una conversaci\u00f3n con el folclorista Todd DeGarmo, director fundador del Folklife Center de la Biblioteca P\u00fablica Crandall de Glens Falls, Nueva York. Este galardonado programa, que celebra su 30\u00ba aniversario en 2023, es conocido por sus colecciones de investigaci\u00f3n, exposiciones en galer\u00edas y una innovadora programaci\u00f3n p\u00fablica. DeGarmo ofrecer\u00e1 informaci\u00f3n sobre las colecciones del Folklife Center y explorar\u00e1 la importancia de la cultura material propia de ADKX, que incluye cestas, raquetas de nieve, arte fungicida, se\u00f1uelos y moscas de pesca y colchas.<\/p>\n<\/div><\/section><br \/>\n<div   class='av-special-heading av-special-heading-h4   blockquote modern-quote  avia-builder-el-61  el_after_av_textblock  el_before_av_textblock' ><h4 class='av-special-heading-tag'   itemprop=\"headline\"  >Sobre el ponente<\/h4><div class='special-heading-border'><div class='special-heading-inner-border' ><\/div><\/div><\/div><br \/>\n<section class=\"av_textblock_section\"  itemscope=\"itemscope\" itemtype=\"https:\/\/schema.org\/CreativeWork\"  ><div class='avia_textblock'  style='font-size:18px; '  itemprop=\"text\" ><p><img loading=\"lazy\" decoding=\"async\" class=\"alignleft wp-image-10521 size-thumbnail\" src=\"https:\/\/www.theadkx.org\/wp-content\/uploads\/2022\/12\/DeGarmo-80x80.jpg\" alt=\"\" width=\"80\" height=\"80\" srcset=\"https:\/\/www.theadkx.org\/wp-content\/uploads\/2022\/12\/DeGarmo-80x80.jpg 80w, https:\/\/www.theadkx.org\/wp-content\/uploads\/2022\/12\/DeGarmo-12x12.jpg 12w, https:\/\/www.theadkx.org\/wp-content\/uploads\/2022\/12\/DeGarmo.jpg 250w\" sizes=\"auto, (max-width: 80px) 100vw, 80px\" \/>Todd DeGarmo se inici\u00f3 profesionalmente en el Smithsonian's Festival of American Folklife a mediados de los ochenta, antes de regresar al este del estado de Nueva York como folclorista del sector p\u00fablico. Ha sido Presidente de la Junta Directiva de New York Folklore, y durante los \u00faltimos 10 a\u00f1os ha sido Editor de Voices: Journal of New York Folklore. Ha sido revisor de subvenciones para el Fondo Nacional de las Artes, el Consejo de las Artes de Nueva York y los Servicios de Patrimonio Documental y Preservaci\u00f3n de Nueva York. Ha impartido clases en empresas de Tokio, las universidades Skidmore y Empire State, el Massachusetts Audubon y el BOCES Gifted and Talented. Todd se licenci\u00f3 en la Universidad Colgate, obtuvo un m\u00e1ster en Antropolog\u00eda en SUNY Albany y es licenciado en Estudios Americanos con especializaci\u00f3n en Folklore por la Universidad George Washington.<\/p>\n<\/div><\/section><br \/>\n<div  style='height:30px' class='hr hr-invisible    avia-builder-el-63  el_after_av_textblock  el_before_av_button' ><span class='hr-inner' ><span class='hr-inner-style'><\/span><\/span><\/div><br \/>\n<div  class='avia-button-wrap avia-button-left    avia-builder-el-64  el_after_av_hr  avia-builder-el-last'  ><a href='https:\/\/www.youtube.com\/watch?v=C1f_539PS88'  class='avia-button   avia-icon_select-no avia-color-border avia-size-medium avia-position-left'   ><span class='avia_iconbox_title' >Ver la grabaci\u00f3n<\/span><\/a><\/div><\/p><\/div><\/div><\/div><!--close column table wrapper. Autoclose: 1 --><div   class='hr hr-default    avia-builder-el-65  el_after_av_two_third  el_before_av_one_third' ><span class='hr-inner' ><span class='hr-inner-style'><\/span><\/span><\/div>\n<div   class='flex_column_table  ep-lazy-loaded   av-equal-height-column-flextable -flextable flex-column-table-10'  ><div  class=\"flex_column av_one_third  flex_column_table_cell av-equal-height-column av-align-top ep-lazy-loaded first  avia-builder-el-66  el_after_av_hr  el_before_av_two_third\" ><div class=\"flex-column-inner\"><div  class='avia-image-container  av-styling-      avia-builder-el-67  avia-builder-el-no-sibling  avia-align-center'  itemprop=\"image\" itemscope=\"itemscope\" itemtype=\"https:\/\/schema.org\/ImageObject\"   ><div class='avia-image-container-inner'><div class='avia-image-overlay-wrap'><img decoding=\"async\" fetchpriority=\"high\" class='wp-image-10401 avia-img-lazy-loading-not-10401 avia_image' src=\"https:\/\/www.theadkx.org\/wp-content\/uploads\/2022\/10\/Dec-12th-AI-Program.jpg\" alt='' title='12 de diciembre Programa A&amp;I' height=\"607\" width=\"1080\"  itemprop=\"thumbnailUrl\" srcset=\"https:\/\/www.theadkx.org\/wp-content\/uploads\/2022\/10\/Dec-12th-AI-Program.jpg 1080w, https:\/\/www.theadkx.org\/wp-content\/uploads\/2022\/10\/Dec-12th-AI-Program-300x169.jpg 300w, https:\/\/www.theadkx.org\/wp-content\/uploads\/2022\/10\/Dec-12th-AI-Program-1030x579.jpg 1030w, https:\/\/www.theadkx.org\/wp-content\/uploads\/2022\/10\/Dec-12th-AI-Program-768x432.jpg 768w, https:\/\/www.theadkx.org\/wp-content\/uploads\/2022\/10\/Dec-12th-AI-Program-18x10.jpg 18w\" sizes=\"(max-width: 1080px) 100vw, 1080px\" \/><\/div><\/div><\/div><\/div><\/div><div class='av-flex-placeholder' ><\/div><div  class=\"flex_column av_two_third  flex_column_table_cell av-equal-height-column av-align-top ep-lazy-loaded   avia-builder-el-68  el_after_av_one_third  el_before_av_hr\" ><div class=\"flex-column-inner\"><p><div   class='av-special-heading av-special-heading-h3   blockquote modern-quote  avia-builder-el-69  el_before_av_textblock  avia-builder-el-first' ><h3 class='av-special-heading-tag'   itemprop=\"headline\"  >Tomando la temperatura de las artes en los Adirondacks<\/h3><div class ='av-subheading av-subheading_below' style='font-size:15px;'><p>Lunes, 12 de diciembre de 2022 | 19:00 horas<\/p>\n<\/div><div class='special-heading-border'><div class='special-heading-inner-border' ><\/div><\/div><\/div><br \/>\n<section class=\"av_textblock_section\"  itemscope=\"itemscope\" itemtype=\"https:\/\/schema.org\/CreativeWork\"  ><div class='avia_textblock'   itemprop=\"text\" ><p>Los Adirondacks han sido durante mucho tiempo un terreno f\u00e9rtil para la creatividad en todas las disciplinas art\u00edsticas. Desde pintores a escritores o bailarines, la regi\u00f3n florece con una intensa productividad y colaboraciones reflexivas y creativas. Al mismo tiempo, tanto los artistas como las organizaciones que llevan sus obras a la esfera p\u00fablica se enfrentan a los efectos duraderos de la pandemia, los cambios sociales, pol\u00edticos y medioambientales, y la persistente incertidumbre econ\u00f3mica. En este debate moderado, tanto artistas como l\u00edderes de organizaciones art\u00edsticas se reunir\u00e1n en una conversaci\u00f3n sobre las artes en la regi\u00f3n hoy en d\u00eda.<\/p>\n<\/div><\/section><br \/>\n<div   class='av-special-heading av-special-heading-h4   blockquote modern-quote  avia-builder-el-71  el_after_av_textblock  el_before_av_textblock' ><h4 class='av-special-heading-tag'   itemprop=\"headline\"  >Oradores del programa<\/h4><div class='special-heading-border'><div class='special-heading-inner-border' ><\/div><\/div><\/div><br \/>\n<section class=\"av_textblock_section\"  itemscope=\"itemscope\" itemtype=\"https:\/\/schema.org\/CreativeWork\"  ><div class='avia_textblock'  style='font-size:18px; '  itemprop=\"text\" ><p>George Cordes (Centro de las Artes de los Lagos Adirondack)<\/p>\n<p>Ed Donnelly (Tupper Arts)<\/p>\n<p>Tiffany Rea-Fisher (EMERGE125)<\/p>\n<p>Tony Kostecki (Festival Seagle)<\/p>\n<p>James Lemons (Centro de las Artes de Lake Placid)<\/p>\n<p>Nathalie Thill (Centro Adirondack de Escritura)<\/p>\n<p>Catherine Underhill (Ver Artes)<\/p>\n<p>Moderador: Mitch Teich (Radio P\u00fablica de North Country)<\/p>\n<\/div><\/section><br \/>\n<div  style='height:30px' class='hr hr-invisible    avia-builder-el-73  el_after_av_textblock  el_before_av_button' ><span class='hr-inner' ><span class='hr-inner-style'><\/span><\/span><\/div><br \/>\n<div  class='avia-button-wrap avia-button-left    avia-builder-el-74  el_after_av_hr  avia-builder-el-last'  ><a href='https:\/\/www.youtube.com\/watch?v=2XvZTteS8Zw'  class='avia-button   avia-icon_select-no avia-color-border avia-size-medium avia-position-left'   ><span class='avia_iconbox_title' >Ver la grabaci\u00f3n<\/span><\/a><\/div><\/p><\/div><\/div><\/div><!--close column table wrapper. Autoclose: 1 --><div   class='hr hr-default    avia-builder-el-75  el_after_av_two_third  el_before_av_one_third' ><span class='hr-inner' ><span class='hr-inner-style'><\/span><\/span><\/div>\n<div   class='flex_column_table  ep-lazy-loaded   av-equal-height-column-flextable -flextable flex-column-table-11'  ><div  class=\"flex_column av_one_third  flex_column_table_cell av-equal-height-column av-align-top ep-lazy-loaded first  avia-builder-el-76  el_after_av_hr  el_before_av_two_third\" ><div class=\"flex-column-inner\"><div  class='avia-image-container  av-styling-      avia-builder-el-77  avia-builder-el-no-sibling  avia-align-center'  itemprop=\"image\" itemscope=\"itemscope\" itemtype=\"https:\/\/schema.org\/ImageObject\"   ><div class='avia-image-container-inner'><div class='avia-image-overlay-wrap'><img decoding=\"async\" fetchpriority=\"high\" class='wp-image-10384 avia-img-lazy-loading-not-10384 avia_image' src=\"https:\/\/www.theadkx.org\/wp-content\/uploads\/2022\/10\/Nov-14-AI-Program.jpg\" alt='' title='Nov 14 Programa A&amp;I' height=\"607\" width=\"1080\"  itemprop=\"thumbnailUrl\" srcset=\"https:\/\/www.theadkx.org\/wp-content\/uploads\/2022\/10\/Nov-14-AI-Program.jpg 1080w, https:\/\/www.theadkx.org\/wp-content\/uploads\/2022\/10\/Nov-14-AI-Program-300x169.jpg 300w, https:\/\/www.theadkx.org\/wp-content\/uploads\/2022\/10\/Nov-14-AI-Program-1030x579.jpg 1030w, https:\/\/www.theadkx.org\/wp-content\/uploads\/2022\/10\/Nov-14-AI-Program-768x432.jpg 768w, https:\/\/www.theadkx.org\/wp-content\/uploads\/2022\/10\/Nov-14-AI-Program-18x10.jpg 18w\" sizes=\"(max-width: 1080px) 100vw, 1080px\" \/><\/div><\/div><\/div><\/div><\/div><div class='av-flex-placeholder' ><\/div><div  class=\"flex_column av_two_third  flex_column_table_cell av-equal-height-column av-align-top ep-lazy-loaded   avia-builder-el-78  el_after_av_one_third  el_before_av_hr\" ><div class=\"flex-column-inner\"><p><div   class='av-special-heading av-special-heading-h3   blockquote modern-quote  avia-builder-el-79  el_before_av_textblock  avia-builder-el-first' ><h3 class='av-special-heading-tag'   itemprop=\"headline\"  >A Good Time Coming: Explorando el mundo deportivo de los Adirondacks<\/h3><div class ='av-subheading av-subheading_below' style='font-size:15px;'><p>Lunes, 14 de noviembre de 2022 | 19:00 horas<\/p>\n<\/div><div class='special-heading-border'><div class='special-heading-inner-border' ><\/div><\/div><\/div><br \/>\n<section class=\"av_textblock_section\"  itemscope=\"itemscope\" itemtype=\"https:\/\/schema.org\/CreativeWork\"  ><div class='avia_textblock'   itemprop=\"text\" ><p>In 1862, Arthur Fitzwilliam Tait painted A Good Time Coming, a composition of the painter\u2019s own fishing and shooting shanty on Constable Point in Raquette Lake. The now iconic painting was reproduced as a colored chromolithograph by the printmaker Currier &amp; Ives and has since captured the imagination of generations of sporting enthusiasts and artists. The painting remains a highlight of the Adirondack Experience\u2019s art collection. Join Claudia Pfeiffer as she examines works by Tait and other sporting painters from the 19th to the 20th centuries in the Adirondack Experience\u2019s collection. Artists such as Frederic Sackrider Remington, Philip Russell Goodwin, and Frederick Rondel captured the scenic landscape, abundant sport, and an American pastime that still resonates with hunters and anglers today.<\/p>\n<\/div><\/section><br \/>\n<div   class='av-special-heading av-special-heading-h4   blockquote modern-quote  avia-builder-el-81  el_after_av_textblock  el_before_av_textblock' ><h4 class='av-special-heading-tag'   itemprop=\"headline\"  >Sobre el ponente<\/h4><div class='special-heading-border'><div class='special-heading-inner-border' ><\/div><\/div><\/div><br \/>\n<section class=\"av_textblock_section\"  itemscope=\"itemscope\" itemtype=\"https:\/\/schema.org\/CreativeWork\"  ><div class='avia_textblock'  style='font-size:18px; '  itemprop=\"text\" ><p><img loading=\"lazy\" decoding=\"async\" class=\"wp-image-10381 size-thumbnail alignleft\" src=\"https:\/\/www.theadkx.org\/wp-content\/uploads\/2022\/10\/Claudia-80x80.jpg\" alt=\"\" width=\"80\" height=\"80\" srcset=\"https:\/\/www.theadkx.org\/wp-content\/uploads\/2022\/10\/Claudia-80x80.jpg 80w, https:\/\/www.theadkx.org\/wp-content\/uploads\/2022\/10\/Claudia-12x12.jpg 12w, https:\/\/www.theadkx.org\/wp-content\/uploads\/2022\/10\/Claudia.jpg 250w\" sizes=\"auto, (max-width: 80px) 100vw, 80px\" \/>Claudia Pfeiffer has been with the National Sporting Library &amp; Museum (NSLM), in Middleburg, VA, since her position was underwritten by the George L. Ohrstrom, Jr. Foundation in 2012. In addition to her administrative role as Deputy Director, her primary focus is the research, design, interpretation, writing, and installation of loan and permanent collection exhibitions for the fine art museum. Pfeiffer has curated over 30 exhibitions at NSLM; her projects include Munnings Out in the Open: The Open-Air Works of Alfred Munnings (English, 1878 \u2013 1959), Clarice Smith: Power &amp; Grace, The Chronicle of the Horse in Art, and Sidesaddle, 1690-1935. In 2020, her essay, \u201cEllen Emmet Rand: Artist and Equestrian\u201d in the book, Ellen Emmet Rand: Gender Art and Business, was published by Bloomsbury Academic.<\/p>\n<\/div><\/section><br \/>\n<div  style='height:30px' class='hr hr-invisible    avia-builder-el-83  el_after_av_textblock  el_before_av_button' ><span class='hr-inner' ><span class='hr-inner-style'><\/span><\/span><\/div><br \/>\n<div  class='avia-button-wrap avia-button-left    avia-builder-el-84  el_after_av_hr  avia-builder-el-last'  ><a href='https:\/\/www.youtube.com\/watch?v=-GCrJxyzO6A'  class='avia-button   avia-icon_select-no avia-color-border avia-size-medium avia-position-left'   ><span class='avia_iconbox_title' >Ver la grabaci\u00f3n<\/span><\/a><\/div><\/p><\/div><\/div><\/div><!--close column table wrapper. Autoclose: 1 --><div   class='hr hr-default    avia-builder-el-85  el_after_av_two_third  el_before_av_one_third' ><span class='hr-inner' ><span class='hr-inner-style'><\/span><\/span><\/div>\n<div   class='flex_column_table  ep-lazy-loaded   av-equal-height-column-flextable -flextable flex-column-table-12'  ><div  class=\"flex_column av_one_third  flex_column_table_cell av-equal-height-column av-align-top ep-lazy-loaded first  avia-builder-el-86  el_after_av_hr  el_before_av_two_third\" ><div class=\"flex-column-inner\"><div  class='avia-image-container  av-styling-      avia-builder-el-87  avia-builder-el-no-sibling  avia-align-center'  itemprop=\"image\" itemscope=\"itemscope\" itemtype=\"https:\/\/schema.org\/ImageObject\"   ><div class='avia-image-container-inner'><div class='avia-image-overlay-wrap'><img decoding=\"async\" fetchpriority=\"high\" class='wp-image-10012 avia-img-lazy-loading-not-10012 avia_image' src=\"https:\/\/www.theadkx.org\/wp-content\/uploads\/2022\/08\/ADKX-Architecture.jpg\" alt='' title='Arquitectura ADKX' height=\"607\" width=\"1080\"  itemprop=\"thumbnailUrl\" srcset=\"https:\/\/www.theadkx.org\/wp-content\/uploads\/2022\/08\/ADKX-Architecture.jpg 1080w, https:\/\/www.theadkx.org\/wp-content\/uploads\/2022\/08\/ADKX-Architecture-300x169.jpg 300w, https:\/\/www.theadkx.org\/wp-content\/uploads\/2022\/08\/ADKX-Architecture-1030x579.jpg 1030w, https:\/\/www.theadkx.org\/wp-content\/uploads\/2022\/08\/ADKX-Architecture-768x432.jpg 768w, https:\/\/www.theadkx.org\/wp-content\/uploads\/2022\/08\/ADKX-Architecture-18x10.jpg 18w\" sizes=\"(max-width: 1080px) 100vw, 1080px\" \/><\/div><\/div><\/div><\/div><\/div><div class='av-flex-placeholder' ><\/div><div  class=\"flex_column av_two_third  flex_column_table_cell av-equal-height-column av-align-top ep-lazy-loaded   avia-builder-el-88  el_after_av_one_third  el_before_av_hr\" ><div class=\"flex-column-inner\"><p><div   class='av-special-heading av-special-heading-h3   blockquote modern-quote  avia-builder-el-89  el_before_av_textblock  avia-builder-el-first' ><h3 class='av-special-heading-tag'   itemprop=\"headline\"  >Arquitectura de Adirondack<\/h3><div class ='av-subheading av-subheading_below' style='font-size:15px;'><p>Lunes, 24 de octubre de 2022 | 19:00 horas<\/p>\n<\/div><div class='special-heading-border'><div class='special-heading-inner-border' ><\/div><\/div><\/div><br \/>\n<section class=\"av_textblock_section\"  itemscope=\"itemscope\" itemtype=\"https:\/\/schema.org\/CreativeWork\"  ><div class='avia_textblock'   itemprop=\"text\" ><p>In the words of the late Harvey Kaiser, author of Great Camps of the Adirondacks: \u201cThere is a place for a claim that the architecture of the Adirondacks, especially as formulated in the evolution of the great camps, is a distinct style\u2014the Adirondack Rustic Style.\u201d In a panel discussion moderated by Jim Bodnar (formerly Principal, Skidmore, Owings &amp; Merrill), three architects will share how historic Adirondack building design has shaped their work in the region today. The panelists will share recent projects and design concepts, as well as buildings of the past from which they have drawn inspiration.<\/p>\n<\/div><\/section><br \/>\n<div   class='av-special-heading av-special-heading-h4   blockquote modern-quote  avia-builder-el-91  el_after_av_textblock  el_before_av_textblock' ><h4 class='av-special-heading-tag'   itemprop=\"headline\"  >Sobre los ponentes<\/h4><div class='special-heading-border'><div class='special-heading-inner-border' ><\/div><\/div><\/div><br \/>\n<section class=\"av_textblock_section\"  itemscope=\"itemscope\" itemtype=\"https:\/\/schema.org\/CreativeWork\"  ><div class='avia_textblock'  style='font-size:18px; '  itemprop=\"text\" ><p><img loading=\"lazy\" decoding=\"async\" class=\"wp-image-10010 size-thumbnail alignleft\" src=\"https:\/\/www.theadkx.org\/wp-content\/uploads\/2022\/08\/Bodnar-80x80.jpg\" alt=\"\" width=\"80\" height=\"80\" srcset=\"https:\/\/www.theadkx.org\/wp-content\/uploads\/2022\/08\/Bodnar-80x80.jpg 80w, https:\/\/www.theadkx.org\/wp-content\/uploads\/2022\/08\/Bodnar-12x12.jpg 12w, https:\/\/www.theadkx.org\/wp-content\/uploads\/2022\/08\/Bodnar.jpg 250w\" sizes=\"auto, (max-width: 80px) 100vw, 80px\" \/>James L. Bodnar y su esposa Anne, vicepresidenta del Consejo de ADKX, llevan 40 a\u00f1os veraneando en Bartlett Carry, en el lago Upper Saranac. Jim es arquitecto y trabaj\u00f3 con Skidmore, Owings and Merrill durante 17 a\u00f1os en Washington, Nueva York y Londres antes de fundar su propio despacho hace 32 a\u00f1os. Ha formado parte del Consejo de la Academia Americana de Roma, de la que fue miembro y Presidente de su Asociaci\u00f3n de Antiguos Alumnos. Anteriormente, Jim fue Presidente del Centro de Escultura de Nueva York, y actualmente forma parte del Consejo de la Fundaci\u00f3n Upper Saranac.<\/p>\n<p><img loading=\"lazy\" decoding=\"async\" class=\"wp-image-10009 size-thumbnail alignleft\" src=\"https:\/\/www.theadkx.org\/wp-content\/uploads\/2022\/08\/Luderowski-80x80.jpg\" alt=\"\" width=\"80\" height=\"80\" srcset=\"https:\/\/www.theadkx.org\/wp-content\/uploads\/2022\/08\/Luderowski-80x80.jpg 80w, https:\/\/www.theadkx.org\/wp-content\/uploads\/2022\/08\/Luderowski-12x12.jpg 12w, https:\/\/www.theadkx.org\/wp-content\/uploads\/2022\/08\/Luderowski.jpg 250w\" sizes=\"auto, (max-width: 80px) 100vw, 80px\" \/>Nils Luderowski\u00a0spent his formative years in Stockholm, Sweden, where he studied mathematics, interior architecture, and furniture design.\u00a0He undertook his formal education at Pratt Institute of Art &amp; Design in Brooklyn, NY, where he incorporated American movements such as the Craftsman and Prairie styles into his developing\u00a0aesthetic.\u00a0Nils ran a design studio in New York City and taught at Parsons School of Design.\u00a0In the mid-1990s, he relocated to Keene where he lives with his family. His work can be found dotting the many lakes, rivers, and mountains of the Adirondacks. Nils is a registered architect licensed in New York State and a member of The American Institute of Architects (AIA).<\/p>\n<p><img loading=\"lazy\" decoding=\"async\" class=\"wp-image-10008 size-thumbnail alignleft\" src=\"https:\/\/www.theadkx.org\/wp-content\/uploads\/2022\/08\/Bird-80x80.jpg\" alt=\"\" width=\"80\" height=\"80\" srcset=\"https:\/\/www.theadkx.org\/wp-content\/uploads\/2022\/08\/Bird-80x80.jpg 80w, https:\/\/www.theadkx.org\/wp-content\/uploads\/2022\/08\/Bird-12x12.jpg 12w, https:\/\/www.theadkx.org\/wp-content\/uploads\/2022\/08\/Bird.jpg 250w\" sizes=\"auto, (max-width: 80px) 100vw, 80px\" \/>Michael Bird fund\u00f3 Adirondack Design en 1984 con el ideal de preservar, mejorar y continuar la tradici\u00f3n de la arquitectura de Adirondack, que comenz\u00f3 hace m\u00e1s de un siglo. Adirondack Design se esfuerza por convertirse en la autoridad reconocida en la continuaci\u00f3n y preservaci\u00f3n de la arquitectura de Adirondack. Nuestra tecnolog\u00eda es del pr\u00f3ximo siglo; nuestro ambiente es del pasado. La experiencia de Bird de vivir y ser propietario de un Great Camp y estar \u00edntimamente familiarizado con el estilo de vida, as\u00ed como con el mantenimiento que conlleva, ha engendrado una sensibilidad \u00fanica en sus m\u00e9todos de dise\u00f1o y construcci\u00f3n.<\/p>\n<p><img loading=\"lazy\" decoding=\"async\" class=\"wp-image-10242 size-thumbnail alignleft\" src=\"https:\/\/www.theadkx.org\/wp-content\/uploads\/2022\/08\/Richard-Hanpeter-80x80.jpg\" alt=\"\" width=\"80\" height=\"80\" srcset=\"https:\/\/www.theadkx.org\/wp-content\/uploads\/2022\/08\/Richard-Hanpeter-80x80.jpg 80w, https:\/\/www.theadkx.org\/wp-content\/uploads\/2022\/08\/Richard-Hanpeter-12x12.jpg 12w, https:\/\/www.theadkx.org\/wp-content\/uploads\/2022\/08\/Richard-Hanpeter.jpg 250w\" sizes=\"auto, (max-width: 80px) 100vw, 80px\" \/>Richard Hanpeter se cri\u00f3 en el pueblo adirondack de North Creek. Su trabajo representa la continuidad de tres generaciones dedicadas al dise\u00f1o y la artesan\u00eda de muebles finos, a la construcci\u00f3n general innovadora y al dise\u00f1o arquitect\u00f3nico. Lleva trabajando desde Saranac Lake desde 1984, integrando los muchos y variados estilos hist\u00f3ricos de nuestra vern\u00e1cula Adirondack con formas m\u00e1s contempor\u00e1neas. Obtuvo una licenciatura en Gobierno y un m\u00e1ster en Estudios Americanos en la Universidad de Notre Dame y un m\u00e1ster en Arquitectura en la Universidad de Illinois. Rich es miembro del American Institute of Architects, del International Associate of the Royal Architectural Institute of Canada y del Architectural Engineering Institute of the American Society of Civil Engineers.<\/p>\n<\/div><\/section><br \/>\n<div  style='height:30px' class='hr hr-invisible    avia-builder-el-93  el_after_av_textblock  el_before_av_button' ><span class='hr-inner' ><span class='hr-inner-style'><\/span><\/span><\/div><br \/>\n<div  class='avia-button-wrap avia-button-left    avia-builder-el-94  el_after_av_hr  avia-builder-el-last'  ><a href='https:\/\/www.youtube.com\/watch?v=B9t1TquDnNk'  class='avia-button   avia-icon_select-no avia-color-border avia-size-medium avia-position-left'   ><span class='avia_iconbox_title' >Ver la grabaci\u00f3n<\/span><\/a><\/div><\/p><\/div><\/div><\/div><!--close column table wrapper. Autoclose: 1 --><div   class='hr hr-default    avia-builder-el-95  el_after_av_two_third  el_before_av_one_third' ><span class='hr-inner' ><span class='hr-inner-style'><\/span><\/span><\/div>\n<div   class='flex_column_table  ep-lazy-loaded   av-equal-height-column-flextable -flextable flex-column-table-13'  ><div  class=\"flex_column av_one_third  flex_column_table_cell av-equal-height-column av-align-top ep-lazy-loaded first  avia-builder-el-96  el_after_av_hr  el_before_av_two_third\" ><div class=\"flex-column-inner\"><div  class='avia-image-container  av-styling-      avia-builder-el-97  avia-builder-el-no-sibling  avia-align-center'  itemprop=\"image\" itemscope=\"itemscope\" itemtype=\"https:\/\/schema.org\/ImageObject\"   ><div class='avia-image-container-inner'><div class='avia-image-overlay-wrap'><img decoding=\"async\" fetchpriority=\"high\" class='wp-image-9890 avia-img-lazy-loading-not-9890 avia_image' src=\"https:\/\/www.theadkx.org\/wp-content\/uploads\/2022\/07\/Henry-Fair-Event-Photo.jpg\" alt='' title='Foto de la Feria Henry' height=\"607\" width=\"1080\"  itemprop=\"thumbnailUrl\" srcset=\"https:\/\/www.theadkx.org\/wp-content\/uploads\/2022\/07\/Henry-Fair-Event-Photo.jpg 1080w, https:\/\/www.theadkx.org\/wp-content\/uploads\/2022\/07\/Henry-Fair-Event-Photo-300x169.jpg 300w, https:\/\/www.theadkx.org\/wp-content\/uploads\/2022\/07\/Henry-Fair-Event-Photo-1030x579.jpg 1030w, https:\/\/www.theadkx.org\/wp-content\/uploads\/2022\/07\/Henry-Fair-Event-Photo-768x432.jpg 768w, https:\/\/www.theadkx.org\/wp-content\/uploads\/2022\/07\/Henry-Fair-Event-Photo-18x10.jpg 18w\" sizes=\"(max-width: 1080px) 100vw, 1080px\" \/><\/div><\/div><\/div><\/div><\/div><div class='av-flex-placeholder' ><\/div><div  class=\"flex_column av_two_third  flex_column_table_cell av-equal-height-column av-align-top ep-lazy-loaded   avia-builder-el-98  el_after_av_one_third  el_before_av_hr\" ><div class=\"flex-column-inner\"><p><div   class='av-special-heading av-special-heading-h3   blockquote modern-quote  avia-builder-el-99  el_before_av_textblock  avia-builder-el-first' ><h3 class='av-special-heading-tag'   itemprop=\"headline\"  >Henry Fair: La naturaleza como inspiraci\u00f3n para el arte y la vida<\/h3><div class ='av-subheading av-subheading_below' style='font-size:15px;'><p>Lunes, 12 de septiembre de 2022 | 19:00 horas<\/p>\n<\/div><div class='special-heading-border'><div class='special-heading-inner-border' ><\/div><\/div><\/div><br \/>\n<section class=\"av_textblock_section\"  itemscope=\"itemscope\" itemtype=\"https:\/\/schema.org\/CreativeWork\"  ><div class='avia_textblock'   itemprop=\"text\" ><p>Una conversaci\u00f3n nocturna con el fot\u00f3grafo J Henry Fair y el naturalista Ed Kanze, moderada por Mitch Teich, de NCPR. Exposici\u00f3n de temporada 2022 de ADKX\u00a0<em>Paisaje cicatrizado<\/em>\u00a0presenta las monumentales fotograf\u00edas a\u00e9reas de Fair que documentan el impacto humano en el paisaje de Adirondack; los escritos de Ed Kanze complementan las im\u00e1genes. Este programa altamente visual ampliar\u00e1 la narrativa de la exposici\u00f3n y ofrecer\u00e1 un di\u00e1logo reflexivo entre el fot\u00f3grafo y el naturalista mientras hablan de su trabajo y de lo que depara el futuro para la fr\u00e1gil belleza de la regi\u00f3n.<\/p>\n<\/div><\/section><br \/>\n<div   class='av-special-heading av-special-heading-h4   blockquote modern-quote  avia-builder-el-101  el_after_av_textblock  el_before_av_textblock' ><h4 class='av-special-heading-tag'   itemprop=\"headline\"  >Sobre los ponentes<\/h4><div class='special-heading-border'><div class='special-heading-inner-border' ><\/div><\/div><\/div><br \/>\n<section class=\"av_textblock_section\"  itemscope=\"itemscope\" itemtype=\"https:\/\/schema.org\/CreativeWork\"  ><div class='avia_textblock'  style='font-size:18px; '  itemprop=\"text\" ><p><img loading=\"lazy\" decoding=\"async\" class=\"alignleft wp-image-9878 size-thumbnail\" src=\"https:\/\/www.theadkx.org\/wp-content\/uploads\/2022\/07\/Henry-Fair-80x80.jpg\" alt=\"\" width=\"80\" height=\"80\" srcset=\"https:\/\/www.theadkx.org\/wp-content\/uploads\/2022\/07\/Henry-Fair-80x80.jpg 80w, https:\/\/www.theadkx.org\/wp-content\/uploads\/2022\/07\/Henry-Fair-12x12.jpg 12w, https:\/\/www.theadkx.org\/wp-content\/uploads\/2022\/07\/Henry-Fair.jpg 250w\" sizes=\"auto, (max-width: 80px) 100vw, 80px\" \/>Carl Heilman es un fot\u00f3grafo y autor publicado internacionalmente que lleva fotografiando los Adirondacks desde 1975. Comenz\u00f3 a escalar los High Peaks con un par de raquetas de nieve artesanales en la d\u00e9cada de 1970 y sigue explorando y fotografiando las monta\u00f1as y los lagos, mientras persigue su pasi\u00f3n por retratar la belleza \u00fanica del Parque Adirondack - y compartir sus d\u00e9cadas de experiencia fotogr\u00e1fica con los dem\u00e1s en sus talleres de fotograf\u00eda y tours, libros de mesa de caf\u00e9, y libros de fotograf\u00eda c\u00f3mo-a.<\/p>\n<p><img loading=\"lazy\" decoding=\"async\" class=\"alignleft wp-image-9879 size-thumbnail\" src=\"https:\/\/www.theadkx.org\/wp-content\/uploads\/2022\/07\/Kanze-80x80.jpg\" alt=\"\" width=\"80\" height=\"80\" srcset=\"https:\/\/www.theadkx.org\/wp-content\/uploads\/2022\/07\/Kanze-80x80.jpg 80w, https:\/\/www.theadkx.org\/wp-content\/uploads\/2022\/07\/Kanze-12x12.jpg 12w, https:\/\/www.theadkx.org\/wp-content\/uploads\/2022\/07\/Kanze.jpg 250w\" sizes=\"auto, (max-width: 80px) 100vw, 80px\" \/>El escritor y naturalista Ed Kanze es licenciado por el Middlebury College. Sus ensayos y art\u00edculos han aparecido en\u00a0<em>La vida en Adirondack<\/em>,<em>\u00a0Audubon, Birder's World<\/em>,<em>\u00a0The Conservationist, Utne Reader<\/em>y muchos m\u00e1s<em>.\u00a0<\/em>Ed tambi\u00e9n ha publicado seis libros. El m\u00e1s reciente,\u00a0<em>Adirondack: Vida y fauna en el salvaje Este<\/em>, es un libro de memorias que combina historias de la naturaleza con la conexi\u00f3n de toda la vida de Ed con los Adirondacks y la historia de su familia en la regi\u00f3n, que se remonta a finales del siglo XVIII. Vive con su familia en 18 acres junto al r\u00edo Saranac.<\/p>\n<p><img loading=\"lazy\" decoding=\"async\" class=\"alignleft wp-image-9880 size-thumbnail\" src=\"https:\/\/www.theadkx.org\/wp-content\/uploads\/2022\/07\/Teich-80x80.jpg\" alt=\"\" width=\"80\" height=\"80\" srcset=\"https:\/\/www.theadkx.org\/wp-content\/uploads\/2022\/07\/Teich-80x80.jpg 80w, https:\/\/www.theadkx.org\/wp-content\/uploads\/2022\/07\/Teich-12x12.jpg 12w, https:\/\/www.theadkx.org\/wp-content\/uploads\/2022\/07\/Teich.jpg 250w\" sizes=\"auto, (max-width: 80px) 100vw, 80px\" \/>Mitch Teich es el director de la emisora North Country Public Radio desde julio de 2019.  Esta es la segunda etapa de Mitch en North Country: fue reportero en NCPR durante dos a\u00f1os en la d\u00e9cada de 1990, cubriendo todo, desde la tormenta de hielo del 98 hasta el impacto que las presas de energ\u00eda en el r\u00edo San Lorenzo ten\u00edan en las poblaciones de anguilas migratorias.  Desde entonces, ha sido director de noticias de la Radio P\u00fablica de Arizona, en Flagstaff, y ha trabajado durante 14 a\u00f1os como productor ejecutivo y copresentador del programa diario de entrevistas de la Radio P\u00fablica de Milwaukee.  Vive en Potsdam con su mujer y sus dos hijos, pasa mucho tiempo haciendo fotos y escribe una columna semanal sobre las \u2019alegr\u00edas\u201c de la mediana edad para el sitio web de la NCPR.<\/p>\n<\/div><\/section><br \/>\n<div  style='height:30px' class='hr hr-invisible    avia-builder-el-103  el_after_av_textblock  el_before_av_button' ><span class='hr-inner' ><span class='hr-inner-style'><\/span><\/span><\/div><br \/>\n<div  class='avia-button-wrap avia-button-left    avia-builder-el-104  el_after_av_hr  avia-builder-el-last'  ><a href='https:\/\/youtu.be\/GFHsZFHq5nc'  class='avia-button   avia-icon_select-no avia-color-border avia-size-medium avia-position-left'   ><span class='avia_iconbox_title' >Ver la grabaci\u00f3n<\/span><\/a><\/div><\/p><\/div><\/div><\/div><!--close column table wrapper. Autoclose: 1 --><div   class='hr hr-default    avia-builder-el-105  el_after_av_two_third  el_before_av_one_third' ><span class='hr-inner' ><span class='hr-inner-style'><\/span><\/span><\/div>\n<div   class='flex_column_table  ep-lazy-loaded   av-equal-height-column-flextable -flextable flex-column-table-14'  ><div  class=\"flex_column av_one_third  flex_column_table_cell av-equal-height-column av-align-top ep-lazy-loaded first  avia-builder-el-106  el_after_av_hr  el_before_av_two_third\" ><div class=\"flex-column-inner\"><div  class='avia-image-container  av-styling-      avia-builder-el-107  avia-builder-el-no-sibling  avia-align-center'  itemprop=\"image\" itemscope=\"itemscope\" itemtype=\"https:\/\/schema.org\/ImageObject\"   ><div class='avia-image-container-inner'><div class='avia-image-overlay-wrap'><img decoding=\"async\" fetchpriority=\"high\" class='wp-image-9848 avia-img-lazy-loading-not-9848 avia_image' src=\"https:\/\/www.theadkx.org\/wp-content\/uploads\/2022\/07\/Heilman.jpg\" alt='' title='Heilman' height=\"607\" width=\"1080\"  itemprop=\"thumbnailUrl\" srcset=\"https:\/\/www.theadkx.org\/wp-content\/uploads\/2022\/07\/Heilman.jpg 1080w, https:\/\/www.theadkx.org\/wp-content\/uploads\/2022\/07\/Heilman-300x169.jpg 300w, https:\/\/www.theadkx.org\/wp-content\/uploads\/2022\/07\/Heilman-1030x579.jpg 1030w, https:\/\/www.theadkx.org\/wp-content\/uploads\/2022\/07\/Heilman-768x432.jpg 768w, https:\/\/www.theadkx.org\/wp-content\/uploads\/2022\/07\/Heilman-18x10.jpg 18w\" sizes=\"(max-width: 1080px) 100vw, 1080px\" \/><\/div><\/div><\/div><\/div><\/div><div class='av-flex-placeholder' ><\/div><div  class=\"flex_column av_two_third  flex_column_table_cell av-equal-height-column av-align-top ep-lazy-loaded   avia-builder-el-108  el_after_av_one_third  el_before_av_hr\" ><div class=\"flex-column-inner\"><p><div   class='av-special-heading av-special-heading-h3   blockquote modern-quote  avia-builder-el-109  el_before_av_textblock  avia-builder-el-first' ><h3 class='av-special-heading-tag'   itemprop=\"headline\"  >La obra del fot\u00f3grafo de Adirondack Carl Heilman<\/h3><div class ='av-subheading av-subheading_below' style='font-size:15px;'><p>Lunes, 8 de agosto de 2022 | 19:00 horas<\/p>\n<\/div><div class='special-heading-border'><div class='special-heading-inner-border' ><\/div><\/div><\/div><br \/>\n<section class=\"av_textblock_section\"  itemscope=\"itemscope\" itemtype=\"https:\/\/schema.org\/CreativeWork\"  ><div class='avia_textblock'   itemprop=\"text\" ><p>El objetivo del renombrado fot\u00f3grafo de Adirondack Carl Heilman siempre ha sido recrear las sensaciones del lugar... retratar lo especial y \u00fanico que es un lugar y evocar las sensaciones de estar all\u00ed en el momento en que se cre\u00f3 la fotograf\u00eda. En este programa altamente visual, Carl compartir\u00e1 su inspiraci\u00f3n extra\u00edda de la grandeza del mundo natural y su b\u00fasqueda de momentos espirituales en la naturaleza salvaje, cuando la luz se vuelve m\u00e1gica, cuando \u201cnos transforma el simple poder de la belleza.\u201d<\/p>\n<\/div><\/section><br \/>\n<div   class='av-special-heading av-special-heading-h4   blockquote modern-quote  avia-builder-el-111  el_after_av_textblock  el_before_av_textblock' ><h4 class='av-special-heading-tag'   itemprop=\"headline\"  >Sobre el ponente<\/h4><div class='special-heading-border'><div class='special-heading-inner-border' ><\/div><\/div><\/div><br \/>\n<section class=\"av_textblock_section\"  itemscope=\"itemscope\" itemtype=\"https:\/\/schema.org\/CreativeWork\"  ><div class='avia_textblock'  style='font-size:18px; '  itemprop=\"text\" ><p><img loading=\"lazy\" decoding=\"async\" class=\"wp-image-9812 size-thumbnail alignleft\" src=\"https:\/\/www.theadkx.org\/wp-content\/uploads\/2022\/07\/KenRimany_DSC5149-80x80.jpg\" alt=\"\" width=\"80\" height=\"80\" \/>Carl Heilman es un fot\u00f3grafo y autor publicado internacionalmente que lleva fotografiando los Adirondacks desde 1975. Comenz\u00f3 a escalar los High Peaks con un par de raquetas de nieve artesanales en la d\u00e9cada de 1970 y sigue explorando y fotografiando las monta\u00f1as y los lagos, mientras persigue su pasi\u00f3n por retratar la belleza \u00fanica del Parque Adirondack - y compartir sus d\u00e9cadas de experiencia fotogr\u00e1fica con los dem\u00e1s en sus talleres de fotograf\u00eda y tours, libros de mesa de caf\u00e9, y libros de fotograf\u00eda c\u00f3mo-a.<\/p>\n<\/div><\/section><br \/>\n<div  style='height:30px' class='hr hr-invisible    avia-builder-el-113  el_after_av_textblock  el_before_av_button' ><span class='hr-inner' ><span class='hr-inner-style'><\/span><\/span><\/div><br \/>\n<div  class='avia-button-wrap avia-button-left    avia-builder-el-114  el_after_av_hr  el_before_av_hr'  ><a href='https:\/\/www.youtube.com\/watch?v=26tK5gVJfBA'  class='avia-button   avia-icon_select-no avia-color-border avia-size-medium avia-position-left'   ><span class='avia_iconbox_title' >Ver la grabaci\u00f3n<\/span><\/a><\/div><br \/>\n<div  style='height:30px' class='hr hr-invisible    avia-builder-el-115  el_after_av_button  el_before_av_button' ><span class='hr-inner' ><span class='hr-inner-style'><\/span><\/span><\/div><br \/>\n<div  class='avia-button-wrap avia-button-left    avia-builder-el-116  el_after_av_hr  avia-builder-el-last'  ><a href='https:\/\/www.theadkx.org\/wp-content\/uploads\/2022\/08\/Heilman-Photos.pdf'  class='avia-button   avia-icon_select-no avia-color-border avia-size-medium avia-position-left'  target=\"_blank\"   ><span class='avia_iconbox_title' >Ver las fotos de Heilman<\/span><\/a><\/div><\/p><\/div><\/div><\/div><!--close column table wrapper. Autoclose: 1 --><div   class='hr hr-default    avia-builder-el-117  el_after_av_two_third  el_before_av_one_third' ><span class='hr-inner' ><span class='hr-inner-style'><\/span><\/span><\/div>\n<div   class='flex_column_table  ep-lazy-loaded   av-equal-height-column-flextable -flextable flex-column-table-15'  ><div  class=\"flex_column av_one_third  flex_column_table_cell av-equal-height-column av-align-top ep-lazy-loaded first  avia-builder-el-118  el_after_av_hr  el_before_av_two_third\" ><div class=\"flex-column-inner\"><div  class='avia-image-container  av-styling-      avia-builder-el-119  avia-builder-el-no-sibling  avia-align-center'  itemprop=\"image\" itemscope=\"itemscope\" itemtype=\"https:\/\/schema.org\/ImageObject\"   ><div class='avia-image-container-inner'><div class='avia-image-overlay-wrap'><img decoding=\"async\" fetchpriority=\"high\" class='wp-image-8890 avia-img-lazy-loading-not-8890 avia_image' src=\"https:\/\/www.theadkx.org\/wp-content\/uploads\/2021\/12\/American-Passage.jpg\" alt='' title='Pasaje americano' height=\"1581\" width=\"2400\"  itemprop=\"thumbnailUrl\" srcset=\"https:\/\/www.theadkx.org\/wp-content\/uploads\/2021\/12\/American-Passage.jpg 2400w, https:\/\/www.theadkx.org\/wp-content\/uploads\/2021\/12\/American-Passage-300x198.jpg 300w, https:\/\/www.theadkx.org\/wp-content\/uploads\/2021\/12\/American-Passage-1030x679.jpg 1030w, https:\/\/www.theadkx.org\/wp-content\/uploads\/2021\/12\/American-Passage-768x506.jpg 768w, https:\/\/www.theadkx.org\/wp-content\/uploads\/2021\/12\/American-Passage-1536x1012.jpg 1536w, https:\/\/www.theadkx.org\/wp-content\/uploads\/2021\/12\/American-Passage-2048x1349.jpg 2048w, https:\/\/www.theadkx.org\/wp-content\/uploads\/2021\/12\/American-Passage-18x12.jpg 18w\" sizes=\"(max-width: 2400px) 100vw, 2400px\" \/><\/div><\/div><\/div><\/div><\/div><div class='av-flex-placeholder' ><\/div><div  class=\"flex_column av_two_third  flex_column_table_cell av-equal-height-column av-align-top ep-lazy-loaded   avia-builder-el-120  el_after_av_one_third  el_before_av_hr\" ><div class=\"flex-column-inner\"><p><div   class='av-special-heading av-special-heading-h3   blockquote modern-quote  avia-builder-el-121  el_before_av_textblock  avia-builder-el-first' ><h3 class='av-special-heading-tag'   itemprop=\"headline\"  >El descubrimiento de Adirondack de Winslow Homer<\/h3><div class ='av-subheading av-subheading_below' style='font-size:15px;'><p>Lunes, 11 de julio de 2022 | 19:00 horas<\/p>\n<\/div><div class='special-heading-border'><div class='special-heading-inner-border' ><\/div><\/div><\/div><br \/>\n<section class=\"av_textblock_section\"  itemscope=\"itemscope\" itemtype=\"https:\/\/schema.org\/CreativeWork\"  ><div class='avia_textblock'   itemprop=\"text\" ><p>El libro de Bill Cross Winslow Homer: American Passage es la biograf\u00eda definitiva de un Everyman americano que fue la contrapartida visual de Mark Twain en prosa y Walt Whitman en poes\u00eda. En su presentaci\u00f3n, Bill hablar\u00e1 del modo en que los Adirondacks se convirtieron en un lugar de salvaci\u00f3n para Homer, donde descubri\u00f3 un prop\u00f3sito y un significado que le acompa\u00f1aron el resto de su vida.<\/p>\n<\/div><\/section><br \/>\n<div   class='av-special-heading av-special-heading-h4   blockquote modern-quote  avia-builder-el-123  el_after_av_textblock  el_before_av_textblock' ><h4 class='av-special-heading-tag'   itemprop=\"headline\"  >Sobre el ponente<\/h4><div class='special-heading-border'><div class='special-heading-inner-border' ><\/div><\/div><\/div><br \/>\n<section class=\"av_textblock_section\"  itemscope=\"itemscope\" itemtype=\"https:\/\/schema.org\/CreativeWork\"  ><div class='avia_textblock'  style='font-size:18px; '  itemprop=\"text\" ><p><img loading=\"lazy\" decoding=\"async\" class=\"wp-image-8144 size-thumbnail alignleft\" src=\"https:\/\/www.theadkx.org\/wp-content\/uploads\/2021\/12\/Headshot-22-Sept-2021-updated-80x80.jpg\" alt=\"Fotograf\u00eda de Bill Cross, autor de Winslow Homer: American Passage, biograf\u00eda del pintor estadounidense Winslow Homer (1836-1910).\" width=\"80\" height=\"80\" srcset=\"https:\/\/www.theadkx.org\/wp-content\/uploads\/2021\/12\/Headshot-22-Sept-2021-updated-80x80.jpg 80w, https:\/\/www.theadkx.org\/wp-content\/uploads\/2021\/12\/Headshot-22-Sept-2021-updated-12x12.jpg 12w\" sizes=\"auto, (max-width: 80px) 100vw, 80px\" \/>Bill Cross is the author of Winslow Homer: American Passage, a biography of the American painter Winslow Homer (1836-1910) that Farrar, Straus &amp; Giroux will publish on April 12, 2022. In 2019, he curated Homer at the Beach, A Marine Painter\u2019s Journey, 1869-1880, a nationally-renowned exhibition at the Cape Ann Museum (Gloucester, MA) revealing Homer\u2019s formation as a marine artist. Bill is a graduate of Yale College, magna cum laude, and received an MBA at Harvard Business School.<\/p>\n<\/div><\/section><br \/>\n<div  style='height:30px' class='hr hr-invisible    avia-builder-el-125  el_after_av_textblock  el_before_av_button' ><span class='hr-inner' ><span class='hr-inner-style'><\/span><\/span><\/div><br \/>\n<div  class='avia-button-wrap avia-button-left    avia-builder-el-126  el_after_av_hr  avia-builder-el-last'  ><a href='https:\/\/www.youtube.com\/watch?v=NzqMCuONziM'  class='avia-button   avia-icon_select-no avia-color-border avia-size-medium avia-position-left'  target=\"_blank\"   ><span class='avia_iconbox_title' >Ver la grabaci\u00f3n<\/span><\/a><\/div><\/p><\/div><\/div><\/div><!--close column table wrapper. Autoclose: 1 --><div   class='hr hr-default    avia-builder-el-127  el_after_av_two_third  el_before_av_one_third' ><span class='hr-inner' ><span class='hr-inner-style'><\/span><\/span><\/div>\n<div   class='flex_column_table  ep-lazy-loaded   av-equal-height-column-flextable -flextable flex-column-table-16'  ><div  class=\"flex_column av_one_third  flex_column_table_cell av-equal-height-column av-align-top ep-lazy-loaded first  avia-builder-el-128  el_after_av_hr  el_before_av_two_third\" ><div class=\"flex-column-inner\"><div  class='avia-image-container  av-styling-      avia-builder-el-129  avia-builder-el-no-sibling  avia-align-center'  itemprop=\"image\" itemscope=\"itemscope\" itemtype=\"https:\/\/schema.org\/ImageObject\"   ><div class='avia-image-container-inner'><div class='avia-image-overlay-wrap'><img decoding=\"async\" fetchpriority=\"high\" class='wp-image-9191 avia-img-lazy-loading-not-9191 avia_image' src=\"https:\/\/www.theadkx.org\/wp-content\/uploads\/2022\/05\/1966.114.0001_crop.jpg\" alt='' title='1966.114.0001_cultivo' height=\"583\" width=\"1036\"  itemprop=\"thumbnailUrl\" srcset=\"https:\/\/www.theadkx.org\/wp-content\/uploads\/2022\/05\/1966.114.0001_crop.jpg 1036w, https:\/\/www.theadkx.org\/wp-content\/uploads\/2022\/05\/1966.114.0001_crop-300x169.jpg 300w, https:\/\/www.theadkx.org\/wp-content\/uploads\/2022\/05\/1966.114.0001_crop-1030x580.jpg 1030w, https:\/\/www.theadkx.org\/wp-content\/uploads\/2022\/05\/1966.114.0001_crop-768x432.jpg 768w, https:\/\/www.theadkx.org\/wp-content\/uploads\/2022\/05\/1966.114.0001_crop-18x10.jpg 18w\" sizes=\"(max-width: 1036px) 100vw, 1036px\" \/><\/div><\/div><\/div><\/div><\/div><div class='av-flex-placeholder' ><\/div><div  class=\"flex_column av_two_third  flex_column_table_cell av-equal-height-column av-align-top ep-lazy-loaded   avia-builder-el-130  el_after_av_one_third  el_before_av_hr\" ><div class=\"flex-column-inner\"><p><div   class='av-special-heading av-special-heading-h3   blockquote modern-quote  avia-builder-el-131  el_before_av_textblock  avia-builder-el-first' ><h3 class='av-special-heading-tag'   itemprop=\"headline\"  >Pintura al aire libre en los Adirondacks<\/h3><div class ='av-subheading av-subheading_below' style='font-size:15px;'><p>Lunes, 20 de junio de 2022 | 19:00 horas<\/p>\n<\/div><div class='special-heading-border'><div class='special-heading-inner-border' ><\/div><\/div><\/div><br \/>\n<section class=\"av_textblock_section\"  itemscope=\"itemscope\" itemtype=\"https:\/\/schema.org\/CreativeWork\"  ><div class='avia_textblock'   itemprop=\"text\" ><p>Este programa est\u00e1 inspirado en The Great Adirondack Pass, Painted on the Spot (Charles Ingham, 1837). Ver pinturas en la Experiencia Adirondack en la d\u00e9cada de 1970 inspir\u00f3 a la artista Sandra Hildreth a encontrar y pintar algunos de los mismos lugares. Eso la llev\u00f3 a apasionarse por la pintura plein air mientras exploraba y luego se mudaba a los Adirondacks. Este programa abordar\u00e1 las obras plein air de la colecci\u00f3n ADKX y c\u00f3mo artistas contempor\u00e1neos como Hildreth conectan con ellas y se inspiran en ellas.<\/p>\n<\/div><\/section><br \/>\n<div   class='av-special-heading av-special-heading-h4   blockquote modern-quote  avia-builder-el-133  el_after_av_textblock  el_before_av_textblock' ><h4 class='av-special-heading-tag'   itemprop=\"headline\"  >Sobre el ponente<\/h4><div class='special-heading-border'><div class='special-heading-inner-border' ><\/div><\/div><\/div><br \/>\n<section class=\"av_textblock_section\"  itemscope=\"itemscope\" itemtype=\"https:\/\/schema.org\/CreativeWork\"  ><div class='avia_textblock'  style='font-size:18px; '  itemprop=\"text\" ><p><img loading=\"lazy\" decoding=\"async\" class=\"wp-image-9189 size-thumbnail alignleft\" src=\"https:\/\/www.theadkx.org\/wp-content\/uploads\/2022\/05\/Hildreth-small-80x80.jpg\" alt=\"\" width=\"80\" height=\"80\" \/>Sandra Hildreth se cri\u00f3 en Wisconsin, es licenciada en Bellas Artes por la Western Kentucky University y ense\u00f1\u00f3 arte en un instituto del norte de Nueva York durante 31 a\u00f1os. En 2001 se jubil\u00f3 y se traslad\u00f3 a Saranac Lake. Trabaja a tiempo completo como artista, principalmente haciendo pinturas plein air de los Adirondacks, as\u00ed como viajar y pintar algunos de nuestros Parques Nacionales en el oeste. Es miembro de galer\u00edas cooperativas en Saranac Lake y Malone; expone en exposiciones regionales y nacionales con jurado y cre\u00f3 el nacionalmente conocido Adirondack Plein Air Festival, que se celebra la tercera semana de agosto en Saranac Lake. Sus cuadros pueden verse en\u00a0<a href=\"http:\/\/sandrahildreth.com\/\">SandraHildreth.com<\/a>\u00a0y las visitas al estudio son bienvenidas, previa cita. Su obra est\u00e1 representada en la colecci\u00f3n ADKX.\u00a0<em>(Cr\u00e9dito de la foto: Gary Lee)<\/em><\/p>\n<\/div><\/section><br \/>\n<div  style='height:30px' class='hr hr-invisible    avia-builder-el-135  el_after_av_textblock  el_before_av_button' ><span class='hr-inner' ><span class='hr-inner-style'><\/span><\/span><\/div><br \/>\n<div  class='avia-button-wrap avia-button-left    avia-builder-el-136  el_after_av_hr  avia-builder-el-last'  ><a href='https:\/\/www.youtube.com\/watch?v=69z9DKolzpQ'  class='avia-button   avia-icon_select-no avia-color-border avia-size-medium avia-position-left'  target=\"_blank\"   ><span class='avia_iconbox_title' >Ver la grabaci\u00f3n<\/span><\/a><\/div><\/p><\/div><\/div><\/div><!--close column table wrapper. Autoclose: 1 --><div   class='hr hr-default    avia-builder-el-137  el_after_av_two_third  el_before_av_one_third' ><span class='hr-inner' ><span class='hr-inner-style'><\/span><\/span><\/div>\n<div   class='flex_column_table  ep-lazy-loaded   av-equal-height-column-flextable -flextable flex-column-table-17'  ><div  class=\"flex_column av_one_third  flex_column_table_cell av-equal-height-column av-align-top ep-lazy-loaded first  avia-builder-el-138  el_after_av_hr  el_before_av_two_third\" ><div class=\"flex-column-inner\"><div  class='avia-image-container  av-styling-      avia-builder-el-139  avia-builder-el-no-sibling  avia-align-center'  itemprop=\"image\" itemscope=\"itemscope\" itemtype=\"https:\/\/schema.org\/ImageObject\"   ><div class='avia-image-container-inner'><div class='avia-image-overlay-wrap'><img decoding=\"async\" fetchpriority=\"high\" class='wp-image-8892 avia-img-lazy-loading-not-8892 avia_image' src=\"https:\/\/www.theadkx.org\/wp-content\/uploads\/2022\/03\/Realities-AI-1030x579.jpg\" alt='' title='Realidades A+I' height=\"579\" width=\"1030\"  itemprop=\"thumbnailUrl\" srcset=\"https:\/\/www.theadkx.org\/wp-content\/uploads\/2022\/03\/Realities-AI-1030x579.jpg 1030w, https:\/\/www.theadkx.org\/wp-content\/uploads\/2022\/03\/Realities-AI-300x169.jpg 300w, https:\/\/www.theadkx.org\/wp-content\/uploads\/2022\/03\/Realities-AI-768x432.jpg 768w, https:\/\/www.theadkx.org\/wp-content\/uploads\/2022\/03\/Realities-AI-1536x863.jpg 1536w, https:\/\/www.theadkx.org\/wp-content\/uploads\/2022\/03\/Realities-AI-18x10.jpg 18w, https:\/\/www.theadkx.org\/wp-content\/uploads\/2022\/03\/Realities-AI.jpg 1836w\" sizes=\"(max-width: 1030px) 100vw, 1030px\" \/><\/div><\/div><\/div><\/div><\/div><div class='av-flex-placeholder' ><\/div><div  class=\"flex_column av_two_third  flex_column_table_cell av-equal-height-column av-align-top ep-lazy-loaded   avia-builder-el-140  el_after_av_one_third  el_before_av_hr\" ><div class=\"flex-column-inner\"><p><div   class='av-special-heading av-special-heading-h3   blockquote modern-quote  avia-builder-el-141  el_before_av_textblock  avia-builder-el-first' ><h3 class='av-special-heading-tag'   itemprop=\"headline\"  >Las realidades del mundo en las obras de creaci\u00f3n<\/h3><div class ='av-subheading av-subheading_below' style='font-size:15px;'><p>Lunes, 23 de mayo de 2022 | 19:00 horas<\/p>\n<\/div><div class='special-heading-border'><div class='special-heading-inner-border' ><\/div><\/div><\/div><br \/>\n<section class=\"av_textblock_section\"  itemscope=\"itemscope\" itemtype=\"https:\/\/schema.org\/CreativeWork\"  ><div class='avia_textblock'   itemprop=\"text\" ><p>Los artistas llevan mucho tiempo incorporando el mundo que les rodea en sus obras. Ante los abrumadores retos sociales y medioambientales, los artistas de hoy nos ofrecen una forma de conectar emocionalmente con los pesados problemas contempor\u00e1neos. Desde el da\u00f1o medioambiental y el cambio clim\u00e1tico hasta los dolores de la pandemia, pasando por lo peor de la naturaleza humana infligida a trav\u00e9s de actos de racismo y genocidio, los artistas infunden sus sentimientos \u00edntimos sobre asuntos significativos en las obras que surgen en la exposici\u00f3n p\u00fablica. En este programa se presentar\u00e1n tres artistas conocidos por trasladar los problemas contempor\u00e1neos a sus obras creativas con belleza y ternura.<\/p>\n<\/div><\/section><br \/>\n<div   class='av-special-heading av-special-heading-h4   blockquote modern-quote  avia-builder-el-143  el_after_av_textblock  el_before_av_textblock' ><h4 class='av-special-heading-tag'   itemprop=\"headline\"  >Sobre los ponentes<\/h4><div class='special-heading-border'><div class='special-heading-inner-border' ><\/div><\/div><\/div><br \/>\n<section class=\"av_textblock_section\"  itemscope=\"itemscope\" itemtype=\"https:\/\/schema.org\/CreativeWork\"  ><div class='avia_textblock'  style='font-size:18px; '  itemprop=\"text\" ><p><img loading=\"lazy\" decoding=\"async\" class=\"wp-image-8799 size-thumbnail alignleft\" src=\"https:\/\/www.theadkx.org\/wp-content\/uploads\/2022\/03\/Carrie-80x80.jpg\" alt=\"\" width=\"80\" height=\"80\" srcset=\"https:\/\/www.theadkx.org\/wp-content\/uploads\/2022\/03\/Carrie-80x80.jpg 80w, https:\/\/www.theadkx.org\/wp-content\/uploads\/2022\/03\/Carrie-12x12.jpg 12w, https:\/\/www.theadkx.org\/wp-content\/uploads\/2022\/03\/Carrie.jpg 250w\" sizes=\"auto, (max-width: 80px) 100vw, 80px\" \/>Carrie Hill es haudenosaunee del territorio mohawk de Akwesasne y propietaria de Chill Baskets. En 2014 Carrie dej\u00f3 su puesto en la Escuela Mohawk de Hogansburg, Nueva York, para dedicarse a la cester\u00eda a tiempo completo. La tradici\u00f3n de tejer tablillas de fresno negro y hierba dulce se remonta a muchas generaciones en la familia de Carrie, y su primera maestra fue su t\u00eda. Para Carrie, tejer era algo natural y se enamor\u00f3 de todo el proceso. Pronto empez\u00f3 a crear sus propias piezas \u00fanicas. Su trabajo ha sido enviado a todo el mundo, incluida una colecci\u00f3n completa que representa al pueblo Haudenosaunee para la embajada de Estados Unidos en Suazilandia, \u00c1frica.<\/p>\n<p><img loading=\"lazy\" decoding=\"async\" class=\"wp-image-8801 size-thumbnail alignleft\" src=\"https:\/\/www.theadkx.org\/wp-content\/uploads\/2022\/03\/Susan-80x80.jpg\" alt=\"\" width=\"80\" height=\"80\" srcset=\"https:\/\/www.theadkx.org\/wp-content\/uploads\/2022\/03\/Susan-80x80.jpg 80w, https:\/\/www.theadkx.org\/wp-content\/uploads\/2022\/03\/Susan-12x12.jpg 12w, https:\/\/www.theadkx.org\/wp-content\/uploads\/2022\/03\/Susan.jpg 250w\" sizes=\"auto, (max-width: 80px) 100vw, 80px\" \/>Susan Hoffer empez\u00f3 a interesarse por las historias cuando era ni\u00f1a, escuchando a su abuela hablar de su crecimiento como Gottscheer \u00e9tnico en lo que ahora es Eslovenia. El inter\u00e9s de Susan por la dislocaci\u00f3n de los residentes del Parque Adirondack (ella vive en Upper Jay, cerca de Lake Placid) surgi\u00f3 de sus conversaciones. Aunque su obra recuerda e interroga im\u00e1genes narrativas que han existido durante siglos, est\u00e1 elaborada con una est\u00e9tica \u00fanica. Hoffer ha expuesto en todo EE.UU. y sus cuadros forman parte de la colecci\u00f3n permanente del Albany Institute of History and Art, en Albany, NY, y del Adirondack Experience Museum, en Blue Mountain Lake, NY.<\/p>\n<p><img loading=\"lazy\" decoding=\"async\" class=\"wp-image-8800 size-thumbnail alignleft\" src=\"https:\/\/www.theadkx.org\/wp-content\/uploads\/2022\/03\/Santiago-80x80.jpg\" alt=\"\" width=\"80\" height=\"80\" srcset=\"https:\/\/www.theadkx.org\/wp-content\/uploads\/2022\/03\/Santiago-80x80.jpg 80w, https:\/\/www.theadkx.org\/wp-content\/uploads\/2022\/03\/Santiago-12x12.jpg 12w, https:\/\/www.theadkx.org\/wp-content\/uploads\/2022\/03\/Santiago.jpg 250w\" sizes=\"auto, (max-width: 80px) 100vw, 80px\" \/>Natasha Smoke Santiago creci\u00f3 en Rochester y fue educada en las tradiciones de la Longhouse por una familia muy unida. Su talento art\u00edstico floreci\u00f3 pronto y fue alentado por los miembros de la familia, algunos de los cuales tambi\u00e9n eran artistas y artesanos. Al principio de su adolescencia regres\u00f3 a Akwesasne, la tierra de sus abuelos, uni\u00e9ndose a una oleada de emigrantes que regresaban, ni\u00f1os perdidos que volv\u00edan a una Akwesasne ahora brillante y pr\u00f3spera. Trabaja en muchos medios, describiendo la cultura tradicional Haudenosaunee, la vida contempor\u00e1nea, el milagro del embarazo y la belleza del mundo natural. Su arte la sostiene espiritual, emocional y econ\u00f3micamente mientras construye el futuro de su familia.<\/p>\n<\/div><\/section><br \/>\n<div  style='height:30px' class='hr hr-invisible    avia-builder-el-145  el_after_av_textblock  el_before_av_button' ><span class='hr-inner' ><span class='hr-inner-style'><\/span><\/span><\/div><br \/>\n<div  class='avia-button-wrap avia-button-left    avia-builder-el-146  el_after_av_hr  avia-builder-el-last'  ><a href='https:\/\/www.youtube.com\/watch?v=55JsOBJ_Aho'  class='avia-button   avia-icon_select-no avia-color-border avia-size-medium avia-position-left'  target=\"_blank\"   ><span class='avia_iconbox_title' >Ver la grabaci\u00f3n<\/span><\/a><\/div><\/p><\/div><\/div><\/div><!--close column table wrapper. Autoclose: 1 --><div   class='hr hr-default    avia-builder-el-147  el_after_av_two_third  el_before_av_one_third' ><span class='hr-inner' ><span class='hr-inner-style'><\/span><\/span><\/div>\n<div   class='flex_column_table  ep-lazy-loaded   av-equal-height-column-flextable -flextable flex-column-table-18'  ><div  class=\"flex_column av_one_third  flex_column_table_cell av-equal-height-column av-align-top ep-lazy-loaded first  avia-builder-el-148  el_after_av_hr  el_before_av_two_third\" ><div class=\"flex-column-inner\"><div  class='avia-image-container  av-styling-      avia-builder-el-149  avia-builder-el-no-sibling  avia-align-center'  itemprop=\"image\" itemscope=\"itemscope\" itemtype=\"https:\/\/schema.org\/ImageObject\"   ><div class='avia-image-container-inner'><div class='avia-image-overlay-wrap'><img decoding=\"async\" fetchpriority=\"high\" class='wp-image-8893 avia-img-lazy-loading-not-8893 avia_image' src=\"https:\/\/www.theadkx.org\/wp-content\/uploads\/2022\/02\/Exploring-Connections-AI-300x169.jpg\" alt='' title='Explorar las conexiones A+I' height=\"169\" width=\"300\"  itemprop=\"thumbnailUrl\" srcset=\"https:\/\/www.theadkx.org\/wp-content\/uploads\/2022\/02\/Exploring-Connections-AI-300x169.jpg 300w, https:\/\/www.theadkx.org\/wp-content\/uploads\/2022\/02\/Exploring-Connections-AI-1030x579.jpg 1030w, https:\/\/www.theadkx.org\/wp-content\/uploads\/2022\/02\/Exploring-Connections-AI-768x432.jpg 768w, https:\/\/www.theadkx.org\/wp-content\/uploads\/2022\/02\/Exploring-Connections-AI-1536x863.jpg 1536w, https:\/\/www.theadkx.org\/wp-content\/uploads\/2022\/02\/Exploring-Connections-AI-18x10.jpg 18w, https:\/\/www.theadkx.org\/wp-content\/uploads\/2022\/02\/Exploring-Connections-AI.jpg 1836w\" sizes=\"(max-width: 300px) 100vw, 300px\" \/><\/div><\/div><\/div><\/div><\/div><div class='av-flex-placeholder' ><\/div><div  class=\"flex_column av_two_third  flex_column_table_cell av-equal-height-column av-align-top ep-lazy-loaded   avia-builder-el-150  el_after_av_one_third  el_before_av_hr\" ><div class=\"flex-column-inner\"><p><div   class='av-special-heading av-special-heading-h3   blockquote modern-quote  avia-builder-el-151  el_before_av_textblock  avia-builder-el-first' ><h3 class='av-special-heading-tag'   itemprop=\"headline\"  >Explorar las conexiones entre la tierra y los paisajes<\/h3><div class ='av-subheading av-subheading_below' style='font-size:15px;'><p>Lunes, 18 de abril de 2022 | 19:00 horas<\/p>\n<\/div><div class='special-heading-border'><div class='special-heading-inner-border' ><\/div><\/div><\/div><br \/>\n<section class=\"av_textblock_section\"  itemscope=\"itemscope\" itemtype=\"https:\/\/schema.org\/CreativeWork\"  ><div class='avia_textblock'   itemprop=\"text\" ><p>Las conservadoras Laura Rice y Eleanor Harvey explorar\u00e1n la tradici\u00f3n de la pintura paisaj\u00edstica estadounidense y considerar\u00e1n c\u00f3mo vemos la tierra hoy en d\u00eda, mucho despu\u00e9s de la \u00e9poca en que las escenas fueron conmemoradas con pinceladas. Las pinturas de los Adirondacks de los a\u00f1os 1800 y 1900 sirven hoy como una poderosa herramienta para medir la salud de los recursos naturales de la regi\u00f3n. Al tiempo que nos enfrentamos a la realidad de los efectos humanos sobre el medio ambiente, todav\u00eda tenemos la capacidad de mirar a la belleza natural -los lagos y los r\u00edos, las cumbres de las monta\u00f1as y los espesos bosques- tanto para la reflexi\u00f3n personal como para la aspiraci\u00f3n humana.<\/p>\n<\/div><\/section><br \/>\n<div   class='av-special-heading av-special-heading-h4   blockquote modern-quote  avia-builder-el-153  el_after_av_textblock  el_before_av_textblock' ><h4 class='av-special-heading-tag'   itemprop=\"headline\"  >Sobre el ponente<\/h4><div class='special-heading-border'><div class='special-heading-inner-border' ><\/div><\/div><\/div><br \/>\n<section class=\"av_textblock_section\"  itemscope=\"itemscope\" itemtype=\"https:\/\/schema.org\/CreativeWork\"  ><div class='avia_textblock'  style='font-size:18px; '  itemprop=\"text\" ><p><img loading=\"lazy\" decoding=\"async\" class=\"wp-image-8549 size-thumbnail alignleft\" src=\"https:\/\/www.theadkx.org\/wp-content\/uploads\/2022\/02\/EJH-Head-Shot-2013-small-80x80.jpg\" alt=\"\" width=\"80\" height=\"80\" \/>Eleanor Jones Harvey es conservadora del Museo Smithsonian de Arte Americano. Sus intereses de investigaci\u00f3n incluyen el arte americano de los siglos XVIII, XIX y principios del XX, especialmente la pintura de paisaje, la abstracci\u00f3n del suroeste y el arte tejano. Su exposici\u00f3n m\u00e1s reciente, Alexander von Humboldt and the United States: Art, Nature, and Culture (Arte, naturaleza y cultura) (2020), considera hasta qu\u00e9 punto las ideas del naturalista estaban profundamente entrelazadas con la identidad emergente de Estados Unidos, basada en la apreciaci\u00f3n del paisaje. La Dra. Harvey obtuvo su m\u00e1ster y su doctorado en historia del arte en la Universidad de Yale.<\/p>\n<\/div><\/section><br \/>\n<div  style='height:30px' class='hr hr-invisible    avia-builder-el-155  el_after_av_textblock  el_before_av_button' ><span class='hr-inner' ><span class='hr-inner-style'><\/span><\/span><\/div><br \/>\n<div  class='avia-button-wrap avia-button-left    avia-builder-el-156  el_after_av_hr  avia-builder-el-last'  ><a href='https:\/\/www.youtube.com\/watch?v=BDdaeyHQJz0'  class='avia-button   avia-icon_select-no avia-color-border avia-size-medium avia-position-left'  target=\"_blank\"   ><span class='avia_iconbox_title' >Ver la grabaci\u00f3n<\/span><\/a><\/div><\/p><\/div><\/div><\/div><!--close column table wrapper. Autoclose: 1 --><div   class='hr hr-default    avia-builder-el-157  el_after_av_two_third  el_before_av_one_third' ><span class='hr-inner' ><span class='hr-inner-style'><\/span><\/span><\/div>\n<div   class='flex_column_table  ep-lazy-loaded   av-equal-height-column-flextable -flextable flex-column-table-19'  ><div  class=\"flex_column av_one_third  flex_column_table_cell av-equal-height-column av-align-top ep-lazy-loaded first  avia-builder-el-158  el_after_av_hr  el_before_av_two_third\" ><div class=\"flex-column-inner\"><div  class='avia-image-container  av-styling-      avia-builder-el-159  avia-builder-el-no-sibling  avia-align-center'  itemprop=\"image\" itemscope=\"itemscope\" itemtype=\"https:\/\/schema.org\/ImageObject\"   ><div class='avia-image-container-inner'><div class='avia-image-overlay-wrap'><img decoding=\"async\" fetchpriority=\"high\" class='wp-image-8264 avia-img-lazy-loading-not-8264 avia_image' src=\"https:\/\/www.theadkx.org\/wp-content\/uploads\/2022\/01\/20102490001_crop.jpg\" alt='Vista recortada de un folleto para el Lake Placid Club creado por la artista Amy Jones.' title='Amy Jones, c. 1930 (2010.249.1)' height=\"509\" width=\"904\"  itemprop=\"thumbnailUrl\" srcset=\"https:\/\/www.theadkx.org\/wp-content\/uploads\/2022\/01\/20102490001_crop.jpg 904w, https:\/\/www.theadkx.org\/wp-content\/uploads\/2022\/01\/20102490001_crop-300x169.jpg 300w, https:\/\/www.theadkx.org\/wp-content\/uploads\/2022\/01\/20102490001_crop-768x432.jpg 768w, https:\/\/www.theadkx.org\/wp-content\/uploads\/2022\/01\/20102490001_crop-18x10.jpg 18w\" sizes=\"(max-width: 904px) 100vw, 904px\" \/><\/div><\/div><\/div><\/div><\/div><div class='av-flex-placeholder' ><\/div><div  class=\"flex_column av_two_third  flex_column_table_cell av-equal-height-column av-align-top ep-lazy-loaded   avia-builder-el-160  el_after_av_one_third  el_before_av_hr\" ><div class=\"flex-column-inner\"><p><div   class='av-special-heading av-special-heading-h3   blockquote modern-quote  avia-builder-el-161  el_before_av_textblock  avia-builder-el-first' ><h3 class='av-special-heading-tag'   itemprop=\"headline\"  >Ocupar su lugar - Poner en primer plano a las mujeres artistas americanas<\/h3><div class ='av-subheading av-subheading_below' style='font-size:15px;'><p>Lunes, 21 de marzo de 2022 | 7:00 pm<\/p>\n<\/div><div class='special-heading-border'><div class='special-heading-inner-border' ><\/div><\/div><\/div><br \/>\n<section class=\"av_textblock_section\"  itemscope=\"itemscope\" itemtype=\"https:\/\/schema.org\/CreativeWork\"  ><div class='avia_textblock'   itemprop=\"text\" ><p>Aunque muchas mujeres norteamericanas del siglo XIX dibujaban, hac\u00edan bocetos e incluso pintaban, pocas pudieron convertirse en artistas profesionales, y menos a\u00fan son las que tienen sus obras en las colecciones de los museos. \u00bfPor qu\u00e9 el arte visual se consideraba una actividad femenina y, al mismo tiempo, una carrera inadecuada para las mujeres? \u00bfC\u00f3mo superaron algunas mujeres los obst\u00e1culos hist\u00f3ricos para convertirse en artistas? \u00bfY por qu\u00e9 sus \u00e9xitos han ca\u00eddo en el olvido? Esta charla explorar\u00e1 las vidas y el trabajo de las mujeres que se convirtieron en pintoras de paisajes, retratistas y artistas comerciales, desde mediados del siglo XIX hasta la Gran Depresi\u00f3n, especialmente las que encontraron inspiraci\u00f3n en los bosques de los Adirondacks.<\/p>\n<\/div><\/section><br \/>\n<div   class='av-special-heading av-special-heading-h4   blockquote modern-quote  avia-builder-el-163  el_after_av_textblock  el_before_av_textblock' ><h4 class='av-special-heading-tag'   itemprop=\"headline\"  >Sobre el ponente<\/h4><div class='special-heading-border'><div class='special-heading-inner-border' ><\/div><\/div><\/div><br \/>\n<section class=\"av_textblock_section\"  itemscope=\"itemscope\" itemtype=\"https:\/\/schema.org\/CreativeWork\"  ><div class='avia_textblock'  style='font-size:18px; '  itemprop=\"text\" ><p><img loading=\"lazy\" decoding=\"async\" class=\"wp-image-8263 size-thumbnail alignleft\" src=\"https:\/\/www.theadkx.org\/wp-content\/uploads\/2022\/01\/Laura-Prieto-photo-small-80x80.jpg\" alt=\"Fotograf\u00eda de Laura Prieto, C\u00e1tedra Alumni de Humanidades P\u00fablicas y profesora de Historia en la Universidad Simmons de Boston.\" width=\"80\" height=\"80\" \/>Laura R. Prieto es titular de la C\u00e1tedra Alumni de Humanidades P\u00fablicas y profesora de Historia en la Universidad Simmons de Boston. Investiga y escribe sobre la mujer, el g\u00e9nero y la raza en la cultura estadounidense. Su primer libro, At Home in the Studio: The Professionalization of Women Artists in America, estudia c\u00f3mo las pintoras, escultoras e ilustradoras crearon una identidad profesional para s\u00ed mismas frente a la exclusi\u00f3n. Su investigaci\u00f3n actual rastrea el trabajo y el activismo transnacional de las mujeres, dentro y a trav\u00e9s del imperio de ultramar que Estados Unidos estableci\u00f3 en el Caribe y el Pac\u00edfico.<\/p>\n<\/div><\/section><br \/>\n<div  style='height:30px' class='hr hr-invisible    avia-builder-el-165  el_after_av_textblock  el_before_av_button' ><span class='hr-inner' ><span class='hr-inner-style'><\/span><\/span><\/div><br \/>\n<div  class='avia-button-wrap avia-button-left    avia-builder-el-166  el_after_av_hr  avia-builder-el-last'  ><a href='https:\/\/www.youtube.com\/watch?v=dJzssh-Yab4'  class='avia-button   avia-icon_select-no avia-color-border avia-size-medium avia-position-left'  target=\"_blank\"   ><span class='avia_iconbox_title' >Ver la grabaci\u00f3n<\/span><\/a><\/div><\/p><\/div><\/div><\/div><!--close column table wrapper. Autoclose: 1 --><div   class='hr hr-default    avia-builder-el-167  el_after_av_two_third  el_before_av_one_third' ><span class='hr-inner' ><span class='hr-inner-style'><\/span><\/span><\/div>\n<div   class='flex_column_table  ep-lazy-loaded   av-equal-height-column-flextable -flextable flex-column-table-20'  ><div  class=\"flex_column av_one_third  flex_column_table_cell av-equal-height-column av-align-top ep-lazy-loaded first  avia-builder-el-168  el_after_av_hr  el_before_av_two_third\" ><div class=\"flex-column-inner\"><div  class='avia-image-container  av-styling-      avia-builder-el-169  avia-builder-el-no-sibling  avia-align-center'  itemprop=\"image\" itemscope=\"itemscope\" itemtype=\"https:\/\/schema.org\/ImageObject\"   ><div class='avia-image-container-inner'><div class='avia-image-overlay-wrap'><img decoding=\"async\" fetchpriority=\"high\" class='wp-image-8079 avia-img-lazy-loading-not-8079 avia_image' src=\"https:\/\/www.theadkx.org\/wp-content\/uploads\/2021\/12\/2-28-2022-Walter_crop-for-web.jpg\" alt='Una cuadr\u00edcula de pinturas del artista Takeyce Walter.' title='Febrero creativo-Demostraci\u00f3n diaria de pintura' height=\"540\" width=\"959\"  itemprop=\"thumbnailUrl\" srcset=\"https:\/\/www.theadkx.org\/wp-content\/uploads\/2021\/12\/2-28-2022-Walter_crop-for-web.jpg 959w, https:\/\/www.theadkx.org\/wp-content\/uploads\/2021\/12\/2-28-2022-Walter_crop-for-web-300x169.jpg 300w, https:\/\/www.theadkx.org\/wp-content\/uploads\/2021\/12\/2-28-2022-Walter_crop-for-web-768x432.jpg 768w, https:\/\/www.theadkx.org\/wp-content\/uploads\/2021\/12\/2-28-2022-Walter_crop-for-web-18x10.jpg 18w\" sizes=\"(max-width: 959px) 100vw, 959px\" \/><\/div><\/div><\/div><\/div><\/div><div class='av-flex-placeholder' ><\/div><div  class=\"flex_column av_two_third  flex_column_table_cell av-equal-height-column av-align-top ep-lazy-loaded   avia-builder-el-170  el_after_av_one_third  el_before_av_hr\" ><div class=\"flex-column-inner\"><p><div   class='av-special-heading av-special-heading-h3   blockquote modern-quote  avia-builder-el-171  el_before_av_textblock  avia-builder-el-first' ><h3 class='av-special-heading-tag'   itemprop=\"headline\"  >Febrero creativo-Demostraci\u00f3n diaria de pintura<\/h3><div class ='av-subheading av-subheading_below' style='font-size:15px;'><p>Lunes, 28 de febrero de 2022 | 7:00 pm<\/p>\n<\/div><div class='special-heading-border'><div class='special-heading-inner-border' ><\/div><\/div><\/div><br \/>\n<section class=\"av_textblock_section\"  itemscope=\"itemscope\" itemtype=\"https:\/\/schema.org\/CreativeWork\"  ><div class='avia_textblock'   itemprop=\"text\" ><p><em>Todas las obras expuestas han sido creadas por Takeyce Walter<\/em><\/p>\n<p>Febrero es un mes excepcional en la vida de la artista Takeyce Walter. Su familia celebra casi semanalmente los cumplea\u00f1os, incluido el suyo propio. En 2014, el mes se volvi\u00f3 a\u00fan m\u00e1s extraordinario cuando Walter decidi\u00f3 regalarse tiempo para crear arte diariamente. Cada d\u00eda, Takeyce produjo una pintura como un acto para revigorizar su amor por el arte y honrar su impulso creativo. Ese compromiso y esa pasi\u00f3n dieron lugar a los posteriores meses anuales de Febrero Creativo, un movimiento que ha ido creciendo en popularidad entre artistas y admiradores de todo el pa\u00eds. Acompa\u00f1a a Takeyce Walter en directo desde su estudio mientras completa su \u00faltima pintura diaria de Febrero Creativo 2022. Puedes ver las piezas creadas hasta ahora en su perfil de Instagram:\u00a0<a href=\"http:\/\/instagram.com\/takeycewalter.\">http:\/\/instagram.com\/takeycewalter.<\/a><\/p>\n<\/div><\/section><br \/>\n<div   class='av-special-heading av-special-heading-h4   blockquote modern-quote  avia-builder-el-173  el_after_av_textblock  el_before_av_textblock' ><h4 class='av-special-heading-tag'   itemprop=\"headline\"  >Sobre el ponente<\/h4><div class='special-heading-border'><div class='special-heading-inner-border' ><\/div><\/div><\/div><br \/>\n<section class=\"av_textblock_section\"  itemscope=\"itemscope\" itemtype=\"https:\/\/schema.org\/CreativeWork\"  ><div class='avia_textblock'  style='font-size:18px; '  itemprop=\"text\" ><p><img loading=\"lazy\" decoding=\"async\" class=\"alignleft wp-image-8073 size-thumbnail\" src=\"https:\/\/www.theadkx.org\/wp-content\/uploads\/2021\/12\/takeyce_headshot-small-80x80.png\" alt=\"Fotograf\u00eda del artista Takeyce Walter.\" width=\"80\" height=\"80\" srcset=\"https:\/\/www.theadkx.org\/wp-content\/uploads\/2021\/12\/takeyce_headshot-small-80x80.png 80w, https:\/\/www.theadkx.org\/wp-content\/uploads\/2021\/12\/takeyce_headshot-small-12x12.png 12w\" sizes=\"auto, (max-width: 80px) 100vw, 80px\" \/><\/p>\n<p>Takeyce Walter es una galardonada pintora estadounidense contempor\u00e1nea (nacida en Jamaica) e instructora de arte, que vive y trabaja en el norte del estado de Nueva York. Impulsada a crear desde una edad temprana, Walter lleva produciendo arte desde que tiene uso de raz\u00f3n. \u00daltimamente, se ha centrado en el paisaje natural de su entorno en el noreste. Trabajando con pintura al \u00f3leo y pasteles, Walter crea cuadros que presentan el paisaje en todo su esplendor: r\u00edos caudalosos, cielos majestuosos y lagos pintorescos. Hay una gran sensaci\u00f3n de familiaridad, tranquilidad y reverencia en cada obra.<\/p>\n<p>Adem\u00e1s de publicar su obra en Internet, Walter tambi\u00e9n expone en galer\u00edas regionales del noreste, como el Lake Placid Center for the Arts, la Ticonderoga Arts Gallery, la Saratoga Arts Gallery y la Adirondack Experience. Su obra ha sido incluida en muchas colecciones privadas de todo el pa\u00eds y a nivel internacional, as\u00ed como en colecciones de museos y hospitales locales.<\/p>\n<\/div><\/section><br \/>\n<div  style='height:30px' class='hr hr-invisible    avia-builder-el-175  el_after_av_textblock  el_before_av_button' ><span class='hr-inner' ><span class='hr-inner-style'><\/span><\/span><\/div><br \/>\n<div  class='avia-button-wrap avia-button-left    avia-builder-el-176  el_after_av_hr  avia-builder-el-last'  ><a href='https:\/\/www.youtube.com\/watch?v=E_H-KybNtqA'  class='avia-button   avia-icon_select-no avia-color-border avia-size-medium avia-position-left'  target=\"_blank\"   ><span class='avia_iconbox_title' >Ver la grabaci\u00f3n<\/span><\/a><\/div><\/p><\/div><\/div><\/div><!--close column table wrapper. Autoclose: 1 --><div   class='hr hr-default    avia-builder-el-177  el_after_av_two_third  el_before_av_one_third' ><span class='hr-inner' ><span class='hr-inner-style'><\/span><\/span><\/div>\n<div   class='flex_column_table  ep-lazy-loaded   av-equal-height-column-flextable -flextable flex-column-table-21'  ><div  class=\"flex_column av_one_third  flex_column_table_cell av-equal-height-column av-align-top ep-lazy-loaded first  avia-builder-el-178  el_after_av_hr  el_before_av_two_third\" ><div class=\"flex-column-inner\"><div  class='avia-image-container  av-styling-      avia-builder-el-179  avia-builder-el-no-sibling  avia-align-center'  itemprop=\"image\" itemscope=\"itemscope\" itemtype=\"https:\/\/schema.org\/ImageObject\"   ><div class='avia-image-container-inner'><div class='avia-image-overlay-wrap'><img decoding=\"async\" fetchpriority=\"high\" class='wp-image-8081 avia-img-lazy-loading-not-8081 avia_image' src=\"https:\/\/www.theadkx.org\/wp-content\/uploads\/2021\/12\/20210820001-5_crop.jpg\" alt='' title='Incorporar la perspectiva ind\u00edgena a los museos' height=\"582\" width=\"1035\"  itemprop=\"thumbnailUrl\" srcset=\"https:\/\/www.theadkx.org\/wp-content\/uploads\/2021\/12\/20210820001-5_crop.jpg 1035w, https:\/\/www.theadkx.org\/wp-content\/uploads\/2021\/12\/20210820001-5_crop-300x169.jpg 300w, https:\/\/www.theadkx.org\/wp-content\/uploads\/2021\/12\/20210820001-5_crop-1030x579.jpg 1030w, https:\/\/www.theadkx.org\/wp-content\/uploads\/2021\/12\/20210820001-5_crop-768x432.jpg 768w, https:\/\/www.theadkx.org\/wp-content\/uploads\/2021\/12\/20210820001-5_crop-18x10.jpg 18w\" sizes=\"(max-width: 1035px) 100vw, 1035px\" \/><\/div><\/div><\/div><\/div><\/div><div class='av-flex-placeholder' ><\/div><div  class=\"flex_column av_two_third  flex_column_table_cell av-equal-height-column av-align-top ep-lazy-loaded   avia-builder-el-180  el_after_av_one_third  el_before_av_hr\" ><div class=\"flex-column-inner\"><p><div   class='av-special-heading av-special-heading-h3   blockquote modern-quote  avia-builder-el-181  el_before_av_textblock  avia-builder-el-first' ><h3 class='av-special-heading-tag'   itemprop=\"headline\"  >Incorporar la perspectiva ind\u00edgena a los museos<\/h3><div class ='av-subheading av-subheading_below' style='font-size:15px;'><p>Lunes, 24 de enero de 2022 | 19:00<\/p>\n<\/div><div class='special-heading-border'><div class='special-heading-inner-border' ><\/div><\/div><\/div><br \/>\n<section class=\"av_textblock_section\"  itemscope=\"itemscope\" itemtype=\"https:\/\/schema.org\/CreativeWork\"  ><div class='avia_textblock'   itemprop=\"text\" ><p><em>Imagen mostrada:<\/em>\u00a0<em>Sobrevivientes de la costa este a la costa oeste por Natasha Smoke Santiago, 2021 (2021.082.0001)<\/em><\/p>\n<p>El profesor Stevens, ciudadano de la naci\u00f3n mohawk de Akwesasne, trabaja actualmente en un proyecto de libro que aborda las complicadas cuestiones que rodean a las naciones nativas americanas, sus historias y sus relaciones con los museos. Aunque se centra principalmente en las comunidades haudenosaunee (tambi\u00e9n conocidas como iroquesas), espera que este trabajo sirva de modelo para una aplicaci\u00f3n m\u00e1s amplia entre otras culturas ind\u00edgenas y los museos en los que est\u00e1n representadas por colecciones y exposiciones. Considera que los museos tienen muchos retos para superar el legado de apropiaci\u00f3n y representaci\u00f3n err\u00f3neas de las culturas ind\u00edgenas.  \u00bfC\u00f3mo pueden ambas partes colaborar para lograr una representaci\u00f3n mutuamente beneficiosa y m\u00e1s precisa de la riqueza y complejidad de las sociedades ind\u00edgenas? En su charla discutir\u00e1 los t\u00e9rminos del debate y algunas posibles soluciones para avanzar.<\/p>\n<\/div><\/section><br \/>\n<div   class='av-special-heading av-special-heading-h4   blockquote modern-quote  avia-builder-el-183  el_after_av_textblock  el_before_av_textblock' ><h4 class='av-special-heading-tag'   itemprop=\"headline\"  >Sobre el ponente<\/h4><div class='special-heading-border'><div class='special-heading-inner-border' ><\/div><\/div><\/div><br \/>\n<section class=\"av_textblock_section\"  itemscope=\"itemscope\" itemtype=\"https:\/\/schema.org\/CreativeWork\"  ><div class='avia_textblock'  style='font-size:18px; '  itemprop=\"text\" ><p><img loading=\"lazy\" decoding=\"async\" class=\"alignleft wp-image-8068 size-thumbnail\" src=\"https:\/\/www.theadkx.org\/wp-content\/uploads\/2021\/12\/DSC0929-80x80.jpeg\" alt=\"\" width=\"80\" height=\"80\" \/><strong>Profesor Scott Manning Stevens<\/strong> es nativo del actual estado de Nueva York y es el Director de Estudios Nativos e Ind\u00edgenas de la Universidad de Syracuse.  Tras obtener su licenciatura en Dartmouth y su m\u00e1ster y doctorado en literatura en Harvard, el Dr. Stevens ocup\u00f3 puestos en la Universidad Estatal de Arizona, la SUNY de Buffalo y la Universidad de Syracuse.  Ha publicado numerosos art\u00edculos y cap\u00edtulos de libros sobre temas de estudios ind\u00edgenas, en particular sobre cultura material y museos.  Ha recibido subvenciones y becas de la Fundaci\u00f3n Mellon, la Fundaci\u00f3n Ford y el Fondo Nacional para las Humanidades. Actualmente es becario del Instituto Radcliffe de Estudios Avanzados de la Universidad de Harvard.<\/p>\n<\/div><\/section><br \/>\n<div  style='height:30px' class='hr hr-invisible    avia-builder-el-185  el_after_av_textblock  el_before_av_button' ><span class='hr-inner' ><span class='hr-inner-style'><\/span><\/span><\/div><br \/>\n<div  class='avia-button-wrap avia-button-left    avia-builder-el-186  el_after_av_hr  avia-builder-el-last'  ><a href='https:\/\/www.youtube.com\/watch?v=bvzWOzt_zVs '  class='avia-button   avia-icon_select-no avia-color-border avia-size-medium avia-position-left'  target=\"_blank\"   ><span class='avia_iconbox_title' >Ver la grabaci\u00f3n<\/span><\/a><\/div><\/p><\/div><\/div><\/div><!--close column table wrapper. Autoclose: 1 --><div   class='hr hr-default    avia-builder-el-187  el_after_av_two_third  el_before_av_one_third' ><span class='hr-inner' ><span class='hr-inner-style'><\/span><\/span><\/div>\n<div   class='flex_column_table  ep-lazy-loaded   av-equal-height-column-flextable -flextable flex-column-table-22'  ><div  class=\"flex_column av_one_third  flex_column_table_cell av-equal-height-column av-align-top ep-lazy-loaded first  avia-builder-el-188  el_after_av_hr  el_before_av_two_third\" ><div class=\"flex-column-inner\"><div  class='avia-image-container  av-styling-      avia-builder-el-189  avia-builder-el-no-sibling  avia-align-center'  itemprop=\"image\" itemscope=\"itemscope\" itemtype=\"https:\/\/schema.org\/ImageObject\"   ><div class='avia-image-container-inner'><div class='avia-image-overlay-wrap'><img decoding=\"async\" fetchpriority=\"high\" class='wp-image-7809 avia-img-lazy-loading-not-7809 avia_image' src=\"https:\/\/www.theadkx.org\/wp-content\/uploads\/2021\/10\/p030510-crop.jpg\" alt='' title='' height=\"410\" width=\"729\"  itemprop=\"thumbnailUrl\" srcset=\"https:\/\/www.theadkx.org\/wp-content\/uploads\/2021\/10\/p030510-crop.jpg 729w, https:\/\/www.theadkx.org\/wp-content\/uploads\/2021\/10\/p030510-crop-300x169.jpg 300w, https:\/\/www.theadkx.org\/wp-content\/uploads\/2021\/10\/p030510-crop-18x10.jpg 18w\" sizes=\"(max-width: 729px) 100vw, 729px\" \/><\/div><\/div><\/div><\/div><\/div><div class='av-flex-placeholder' ><\/div><div  class=\"flex_column av_two_third  flex_column_table_cell av-equal-height-column av-align-top ep-lazy-loaded   avia-builder-el-190  el_after_av_one_third  el_before_av_hr\" ><div class=\"flex-column-inner\"><p><div   class='av-special-heading av-special-heading-h3   blockquote modern-quote  avia-builder-el-191  el_before_av_textblock  avia-builder-el-first' ><h3 class='av-special-heading-tag'   itemprop=\"headline\"  >Estudios fotogr\u00e1ficos de William J. Stillman en los Adirondacks<\/h3><div class ='av-subheading av-subheading_below' style='font-size:15px;'><p>Lunes, 13 de diciembre de 2021 | 19:00<\/p>\n<\/div><div class='special-heading-border'><div class='special-heading-inner-border' ><\/div><\/div><\/div><br \/>\n<section class=\"av_textblock_section\"  itemscope=\"itemscope\" itemtype=\"https:\/\/schema.org\/CreativeWork\"  ><div class='avia_textblock'   itemprop=\"text\" ><p>El pintor y fot\u00f3grafo William J. Stillman sent\u00eda una profunda conexi\u00f3n con los Adirondacks. En esta charla se analizar\u00e1n de cerca los viajes de acampada de Stillman a finales de la d\u00e9cada de 1850 como parte del Campamento de Fil\u00f3sofos, en el que se encontraban Ralph Waldo Emerson, James Russell Lowell y Louis Agassiz, as\u00ed como sus viajes en solitario, que culminaron con su extraordinario portafolio de estudios fotogr\u00e1ficos del bosque realizado en 1859.<\/p>\n<\/div><\/section><br \/>\n<div   class='av-special-heading av-special-heading-h4   blockquote modern-quote  avia-builder-el-193  el_after_av_textblock  el_before_av_textblock' ><h4 class='av-special-heading-tag'   itemprop=\"headline\"  >Sobre el ponente<\/h4><div class='special-heading-border'><div class='special-heading-inner-border' ><\/div><\/div><\/div><br \/>\n<section class=\"av_textblock_section\"  itemscope=\"itemscope\" itemtype=\"https:\/\/schema.org\/CreativeWork\"  ><div class='avia_textblock'  style='font-size:18px; '  itemprop=\"text\" ><p><img loading=\"lazy\" decoding=\"async\" class=\"alignleft wp-image-7997 size-thumbnail\" style=\"font-size: 16px;\" src=\"https:\/\/www.theadkx.org\/wp-content\/uploads\/2021\/10\/Diane-Waggoner-Bio-Pic-80x80.png\" alt=\"\" width=\"80\" height=\"80\" \/><span style=\"font-size: 16px;\"><strong>Diane Waggoner<\/strong> es conservadora de fotograf\u00edas en la National Gallery of Art de Washington. Ha colaborado en varias publicaciones sobre fotograf\u00eda y ha comisariado numerosas exposiciones, como The Pre-Raphaelite Lens: British Photography and Painting, 1848-1875 (2010) y East of the Mississippi: Nineteenth-Century American Landscape Photography (2017). En 2020, public\u00f3 la monograf\u00eda, Lewis Carroll's Photography and Modern Childhood (Princeton University Press).<\/span><\/p>\n<\/div><\/section><br \/>\n<div  style='height:30px' class='hr hr-invisible    avia-builder-el-195  el_after_av_textblock  el_before_av_button' ><span class='hr-inner' ><span class='hr-inner-style'><\/span><\/span><\/div><br \/>\n<div  class='avia-button-wrap avia-button-left    avia-builder-el-196  el_after_av_hr  avia-builder-el-last'  ><a href='https:\/\/www.youtube.com\/watch?v=VN73ekxzmBU'  class='avia-button   avia-icon_select-no avia-color-border avia-size-medium avia-position-left'  target=\"_blank\"   ><span class='avia_iconbox_title' >Ver la grabaci\u00f3n<\/span><\/a><\/div><\/p><\/div><\/div><\/div><!--close column table wrapper. Autoclose: 1 --><div   class='hr hr-default    avia-builder-el-197  el_after_av_two_third  el_before_av_one_third' ><span class='hr-inner' ><span class='hr-inner-style'><\/span><\/span><\/div>\n<div   class='flex_column_table  ep-lazy-loaded   av-equal-height-column-flextable -flextable flex-column-table-23'  ><div  class=\"flex_column av_one_third  flex_column_table_cell av-equal-height-column av-align-top ep-lazy-loaded first  avia-builder-el-198  el_after_av_hr  el_before_av_two_third\" ><div class=\"flex-column-inner\"><div  class='avia-image-container  av-styling-      avia-builder-el-199  avia-builder-el-no-sibling  avia-align-center'  itemprop=\"image\" itemscope=\"itemscope\" itemtype=\"https:\/\/schema.org\/ImageObject\"   ><div class='avia-image-container-inner'><div class='avia-image-overlay-wrap'><img decoding=\"async\" fetchpriority=\"high\" class='wp-image-6616 avia-img-lazy-loading-not-6616 avia_image' src=\"https:\/\/www.theadkx.org\/wp-content\/uploads\/2021\/08\/1972.036.0001-crop.jpg\" alt='' title='1972.036.0001 cultivo' height=\"354\" width=\"631\"  itemprop=\"thumbnailUrl\" srcset=\"https:\/\/www.theadkx.org\/wp-content\/uploads\/2021\/08\/1972.036.0001-crop.jpg 631w, https:\/\/www.theadkx.org\/wp-content\/uploads\/2021\/08\/1972.036.0001-crop-300x168.jpg 300w, https:\/\/www.theadkx.org\/wp-content\/uploads\/2021\/08\/1972.036.0001-crop-18x10.jpg 18w\" sizes=\"(max-width: 631px) 100vw, 631px\" \/><\/div><\/div><\/div><\/div><\/div><div class='av-flex-placeholder' ><\/div><div  class=\"flex_column av_two_third  flex_column_table_cell av-equal-height-column av-align-top ep-lazy-loaded   avia-builder-el-200  el_after_av_one_third  el_before_av_hr\" ><div class=\"flex-column-inner\"><p><div   class='av-special-heading av-special-heading-h3   blockquote modern-quote  avia-builder-el-201  el_before_av_textblock  avia-builder-el-first' ><h3 class='av-special-heading-tag'   itemprop=\"headline\"  >Raza y geograf\u00eda en la tradici\u00f3n paisaj\u00edstica estadounidense<\/h3><div class ='av-subheading av-subheading_below' style='font-size:15px;'><p>Lunes, 15 de noviembre de 2021 | 19:00<\/p>\n<\/div><div class='special-heading-border'><div class='special-heading-inner-border' ><\/div><\/div><\/div><br \/>\n<section class=\"av_textblock_section\"  itemscope=\"itemscope\" itemtype=\"https:\/\/schema.org\/CreativeWork\"  ><div class='avia_textblock'   itemprop=\"text\" ><p>A mediados del siglo XIX, la pintura de paisajes floreci\u00f3 como forma de arte. Los pintores m\u00e1s experimentados celebraban la belleza y las maravillas de lugares como los Adirondacks, retratando sus monta\u00f1as y r\u00edos como dignos de una celebraci\u00f3n patri\u00f3tica. Al mismo tiempo, su \u00e9xito art\u00edstico promovi\u00f3 la zona como centro tur\u00edstico. Tanto el crecimiento del turismo paisaj\u00edstico como el arte del paisaje fueron actividades privilegiadas en una \u00e9poca de divisi\u00f3n racial. En esta charla se examinar\u00e1n las formas en que la raza influy\u00f3 en el paisaje estadounidense. \u00bfC\u00f3mo interactuaban negros y blancos en paisajes como los Adirondacks? \u00bfC\u00f3mo se enfrentaron a los l\u00edmites de su movilidad los artistas afroamericanos que optaron por el paisajismo?<\/p>\n<\/div><\/section><br \/>\n<div   class='av-special-heading av-special-heading-h4   blockquote modern-quote  avia-builder-el-203  el_after_av_textblock  el_before_av_textblock' ><h4 class='av-special-heading-tag'   itemprop=\"headline\"  >Sobre el ponente<\/h4><div class='special-heading-border'><div class='special-heading-inner-border' ><\/div><\/div><\/div><br \/>\n<section class=\"av_textblock_section\"  itemscope=\"itemscope\" itemtype=\"https:\/\/schema.org\/CreativeWork\"  ><div class='avia_textblock'  style='font-size:18px; '  itemprop=\"text\" ><p><strong><img loading=\"lazy\" decoding=\"async\" class=\"alignleft wp-image-6613 size-thumbnail\" src=\"https:\/\/www.theadkx.org\/wp-content\/uploads\/2021\/08\/Cao-headshot-2020-80x80.jpg\" alt=\"\" width=\"80\" height=\"80\" \/><\/strong><\/p>\n<p><strong>Maggie Cao<\/strong> es profesora adjunta de historia del arte en la Universidad de Carolina del Norte en Chapel Hill. Es historiadora del arte estadounidense de los siglos XVIII y XIX en un contexto global. Su primer libro,\u00a0<em>El fin del paisaje en la Am\u00e9rica del siglo XIX,\u00a0<\/em>publicado en 2018, examin\u00f3 la ca\u00edda de la tradici\u00f3n paisaj\u00edstica frente a los cambios geogr\u00e1ficos, econ\u00f3micos y medioambientales. Ahora est\u00e1 escribiendo un libro sobre la pintura estadounidense y la construcci\u00f3n del imperio de ultramar en el siglo XIX.<\/p>\n<\/div><\/section><br \/>\n<div  style='height:30px' class='hr hr-invisible    avia-builder-el-205  el_after_av_textblock  el_before_av_button' ><span class='hr-inner' ><span class='hr-inner-style'><\/span><\/span><\/div><br \/>\n<div  class='avia-button-wrap avia-button-left    avia-builder-el-206  el_after_av_hr  avia-builder-el-last'  ><a href='https:\/\/www.youtube.com\/watch?v=lRgtSo2Br58'  class='avia-button   avia-icon_select-no avia-color-border avia-size-medium avia-position-left'  target=\"_blank\"   ><span class='avia_iconbox_title' >Ver la grabaci\u00f3n<\/span><\/a><\/div><\/p><\/div><\/div><\/div><!--close column table wrapper. Autoclose: 1 --><div   class='hr hr-default    avia-builder-el-207  el_after_av_two_third  el_before_av_one_third' ><span class='hr-inner' ><span class='hr-inner-style'><\/span><\/span><\/div>\n<div   class='flex_column_table  ep-lazy-loaded   av-equal-height-column-flextable -flextable flex-column-table-24'  ><div  class=\"flex_column av_one_third  flex_column_table_cell av-equal-height-column av-align-top ep-lazy-loaded first  avia-builder-el-208  el_after_av_hr  el_before_av_two_third\" ><div class=\"flex-column-inner\"><div  class='avia-image-container  av-styling-      avia-builder-el-209  avia-builder-el-no-sibling  avia-align-center'  itemprop=\"image\" itemscope=\"itemscope\" itemtype=\"https:\/\/schema.org\/ImageObject\"   ><div class='avia-image-container-inner'><div class='avia-image-overlay-wrap'><img decoding=\"async\" fetchpriority=\"high\" class='wp-image-7239 avia-img-lazy-loading-not-7239 avia_image' src=\"https:\/\/www.theadkx.org\/wp-content\/uploads\/2021\/09\/Capture-crop.jpg\" alt='Un primer plano de un cuadro de un evento de la serie Artists + Inspiration.' title='' height=\"298\" width=\"529\"  itemprop=\"thumbnailUrl\" srcset=\"https:\/\/www.theadkx.org\/wp-content\/uploads\/2021\/09\/Capture-crop.jpg 529w, https:\/\/www.theadkx.org\/wp-content\/uploads\/2021\/09\/Capture-crop-300x169.jpg 300w, https:\/\/www.theadkx.org\/wp-content\/uploads\/2021\/09\/Capture-crop-18x10.jpg 18w\" sizes=\"(max-width: 529px) 100vw, 529px\" \/><\/div><\/div><\/div><\/div><\/div><div class='av-flex-placeholder' ><\/div><div  class=\"flex_column av_two_third  flex_column_table_cell av-equal-height-column av-align-top ep-lazy-loaded   avia-builder-el-210  el_after_av_one_third  el_before_av_hr\" ><div class=\"flex-column-inner\"><p><div   class='av-special-heading av-special-heading-h3   blockquote modern-quote  avia-builder-el-211  el_before_av_textblock  avia-builder-el-first' ><h3 class='av-special-heading-tag'   itemprop=\"headline\"  >Narraci\u00f3n de historias con pigmentos y palabras habladas<\/h3><div class ='av-subheading av-subheading_below' style='font-size:15px;'><p>Lunes, 18 de octubre de 2021 | 19:00 horas<\/p>\n<\/div><div class='special-heading-border'><div class='special-heading-inner-border' ><\/div><\/div><\/div><br \/>\n<section class=\"av_textblock_section\"  itemscope=\"itemscope\" itemtype=\"https:\/\/schema.org\/CreativeWork\"  ><div class='avia_textblock'   itemprop=\"text\" ><p>Acomp\u00e1\u00f1enos en una velada con Dave Fadden. Dave hablar\u00e1 de su trabajo como artista, educador y narrador, y de c\u00f3mo estas funciones contribuyen a informar a la gente sobre la cultura y la sociedad de los pueblos nativos en general y de los Haudenosaunee en particular. Compartir\u00e1 c\u00f3mo su trabajo ayuda a borrar las ideas err\u00f3neas y los estereotipos sobre los pueblos ind\u00edgenas a trav\u00e9s de la representaci\u00f3n de los nativos en entornos y situaciones cotidianas hist\u00f3ricas y contempor\u00e1neas. A trav\u00e9s de la voz de Dave, la narraci\u00f3n relata nociones culturales e hist\u00f3ricas de forma entretenida para todas las edades.<\/p>\n<\/div><\/section><br \/>\n<div   class='av-special-heading av-special-heading-h4   blockquote modern-quote  avia-builder-el-213  el_after_av_textblock  el_before_av_textblock' ><h4 class='av-special-heading-tag'   itemprop=\"headline\"  >Sobre el ponente<\/h4><div class='special-heading-border'><div class='special-heading-inner-border' ><\/div><\/div><\/div><br \/>\n<section class=\"av_textblock_section\"  itemscope=\"itemscope\" itemtype=\"https:\/\/schema.org\/CreativeWork\"  ><div class='avia_textblock'  style='font-size:18px; '  itemprop=\"text\" ><p><strong><img loading=\"lazy\" decoding=\"async\" class=\"alignleft wp-image-7234 size-thumbnail\" src=\"https:\/\/www.theadkx.org\/wp-content\/uploads\/2021\/09\/DFadden-80x80.jpg\" alt=\"\" width=\"80\" height=\"80\" \/><\/strong><\/p>\n<p><strong>David Kanietakeron Fadden<\/strong> es un narrador y pintor mohawk de Akwesasne. Se ha formado como artista en la escuela y bajo la direcci\u00f3n de su familia: su padre John, que es ilustrador y pintor, su madre Elizabeth, que es escultora y alfarera, y su difunto abuelo Ray, que fue dise\u00f1ador y fundador del Museo Indio de las Seis Naciones (ahora Centro Cultural Iroqu\u00e9s de las Seis Naciones) en Onchiota, Nueva York.<\/p>\n<p>Adem\u00e1s de aparecer en innumerables publicaciones y proyectos muse\u00edsticos, su obra se ha expuesto en todo Nueva York, en Albany, en el Lake Placid Center for the Arts, en el Unison Arts &amp; Learning Center de New Paltz y en el National Museum of American Indian, y en Canad\u00e1, en la Cornwall Regional Art Gallery, en el Centre Interculturel Strathearn de Montreal y en el Aboriginal Art Centre de Gatineau (Quebec).<\/p>\n<\/div><\/section><br \/>\n<div  style='height:30px' class='hr hr-invisible    avia-builder-el-215  el_after_av_textblock  el_before_av_button' ><span class='hr-inner' ><span class='hr-inner-style'><\/span><\/span><\/div><br \/>\n<div  class='avia-button-wrap avia-button-left    avia-builder-el-216  el_after_av_hr  avia-builder-el-last'  ><a href='https:\/\/www.youtube.com\/watch?v=TAzPbRe4DkY'  class='avia-button   avia-icon_select-no avia-color-border avia-size-medium avia-position-left'  target=\"_blank\"   ><span class='avia_iconbox_title' >Ver la grabaci\u00f3n<\/span><\/a><\/div><\/p><\/div><\/div><\/div><!--close column table wrapper. Autoclose: 1 --><div  style=' margin-top:50px; margin-bottom:0px;'  class='hr hr-custom hr-center   hr-icon-no    avia-builder-el-217  el_after_av_two_third  el_before_av_one_third' ><span class='hr-inner   inner-border-av-border-fat' style=' width:800px; border-color:#719430;' ><span class='hr-inner-style'><\/span><\/span><\/div>\n<div   class='flex_column_table  ep-lazy-loaded   av-equal-height-column-flextable -flextable flex-column-table-25'  ><div  class=\"flex_column av_one_third  flex_column_table_cell av-equal-height-column av-align-top ep-lazy-loaded first  avia-builder-el-218  el_after_av_hr  el_before_av_two_third\" ><div class=\"flex-column-inner\"><div  class='avia-image-container  av-styling-      avia-builder-el-219  avia-builder-el-no-sibling  avia-align-center'  itemprop=\"image\" itemscope=\"itemscope\" itemtype=\"https:\/\/schema.org\/ImageObject\"   ><div class='avia-image-container-inner'><div class='avia-image-overlay-wrap'><img decoding=\"async\" fetchpriority=\"high\" class='wp-image-6625 avia-img-lazy-loading-not-6625 avia_image' src=\"https:\/\/www.theadkx.org\/wp-content\/uploads\/2021\/08\/IMG_0090-scaled.jpg\" alt='' title='IMG_0090' height=\"1440\" width=\"2560\"  itemprop=\"thumbnailUrl\" srcset=\"https:\/\/www.theadkx.org\/wp-content\/uploads\/2021\/08\/IMG_0090-scaled.jpg 2560w, https:\/\/www.theadkx.org\/wp-content\/uploads\/2021\/08\/IMG_0090-300x169.jpg 300w, https:\/\/www.theadkx.org\/wp-content\/uploads\/2021\/08\/IMG_0090-1030x579.jpg 1030w, https:\/\/www.theadkx.org\/wp-content\/uploads\/2021\/08\/IMG_0090-768x432.jpg 768w, https:\/\/www.theadkx.org\/wp-content\/uploads\/2021\/08\/IMG_0090-1536x864.jpg 1536w, https:\/\/www.theadkx.org\/wp-content\/uploads\/2021\/08\/IMG_0090-2048x1152.jpg 2048w, https:\/\/www.theadkx.org\/wp-content\/uploads\/2021\/08\/IMG_0090-18x10.jpg 18w\" sizes=\"(max-width: 2560px) 100vw, 2560px\" \/><\/div><\/div><\/div><\/div><\/div><div class='av-flex-placeholder' ><\/div><div  class=\"flex_column av_two_third  flex_column_table_cell av-equal-height-column av-align-top ep-lazy-loaded   avia-builder-el-220  el_after_av_one_third  el_before_av_hr\" ><div class=\"flex-column-inner\"><p><div   class='av-special-heading av-special-heading-h3   blockquote modern-quote  avia-builder-el-221  el_before_av_textblock  avia-builder-el-first' ><h3 class='av-special-heading-tag'   itemprop=\"headline\"  >Descubriendo los tesoros de Adirondack<\/h3><div class ='av-subheading av-subheading_below' style='font-size:15px;'><p>Lunes, 20 de septiembre de 2021 | 19:00 horas<\/p>\n<\/div><div class='special-heading-border'><div class='special-heading-inner-border' ><\/div><\/div><\/div><br \/>\n<section class=\"av_textblock_section\"  itemscope=\"itemscope\" itemtype=\"https:\/\/schema.org\/CreativeWork\"  ><div class='avia_textblock'   itemprop=\"text\" ><p>Los marchantes son los protagonistas del mercado del arte de Adirondack, la fotograf\u00eda, los muebles r\u00fasticos y otros materiales. Ayudan a los museos y a los coleccionistas privados a crear y perfeccionar sus colecciones. Descubren obras maestras en lugares insospechados y sacan a la luz artistas olvidados y categor\u00edas enteras de objetos de colecci\u00f3n anteriormente infravalorados. Escuche a dos de los profesionales que trabajan en el campo del arte y las antig\u00fcedades de Adirondack: Christopher English y Robert Doyle. Compartir\u00e1n algunas de sus historias m\u00e1s inusuales, incluyendo adquisiciones y ventas que han destacado para ellos a lo largo de sus carreras.<\/p>\n<\/div><\/section><br \/>\n<div   class='av-special-heading av-special-heading-h4   blockquote modern-quote  avia-builder-el-223  el_after_av_textblock  el_before_av_textblock' ><h4 class='av-special-heading-tag'   itemprop=\"headline\"  >Sobre los ponentes<\/h4><div class='special-heading-border'><div class='special-heading-inner-border' ><\/div><\/div><\/div><br \/>\n<section class=\"av_textblock_section\"  itemscope=\"itemscope\" itemtype=\"https:\/\/schema.org\/CreativeWork\"  ><div class='avia_textblock'  style='font-size:18px; '  itemprop=\"text\" ><p><strong>Christopher English<\/strong> es el copropietario de The Adirondack Store en Lake Placid, que recientemente ha abierto una sala de exposiciones adicional en Tupper Lake. Christopher ha pasado su vida profesional buscando y comerciando con arte, antig\u00fcedades y taxidermia de alta gama. Antes de comprar The Adirondack Store, Christopher y su socio Stephen Dori Shin fundaron y dirigieron Antediluvian, una tienda de antig\u00fcedades y rarezas en Lake Placid. En la actualidad, hacen hincapi\u00e9 en resaltar la historia olvidada de The Adirondack Store, de m\u00e1s de 60 a\u00f1os de antig\u00fcedad, y se esfuerzan por crear una historia futura.<\/p>\n<p>Robert Doyle era el propietario de la antigua galer\u00eda r\u00fastica Adirondack Antiques. En 1983, colabor\u00f3 con el Centro de las Artes de Lake Placid para organizar una exposici\u00f3n y venta de arte con muebles r\u00fasticos y arte nativo americano. Esta exposici\u00f3n fue la primera vez que se vieron muebles de Adirondack en una galer\u00eda de arte y despert\u00f3 el inter\u00e9s por el estilo r\u00fastico. A medida que las piezas m\u00e1s antiguas se hac\u00edan m\u00e1s dif\u00edciles de encontrar y los fabricantes modernos ganaban protagonismo, la b\u00fasqueda de Robert pas\u00f3 de los muebles a su temprana pasi\u00f3n por el arte nativo americano antiguo.<\/p>\n<\/div><\/section><br \/>\n<div  style='height:30px' class='hr hr-invisible    avia-builder-el-225  el_after_av_textblock  el_before_av_button' ><span class='hr-inner' ><span class='hr-inner-style'><\/span><\/span><\/div><br \/>\n<div  class='avia-button-wrap avia-button-left    avia-builder-el-226  el_after_av_hr  avia-builder-el-last'  ><a href='https:\/\/www.youtube.com\/watch?v=vjpP75YWh5s'  class='avia-button   avia-icon_select-no avia-color-border avia-size-medium avia-position-left'  target=\"_blank\"   ><span class='avia_iconbox_title' >Ver la grabaci\u00f3n<\/span><\/a><\/div><\/p><\/div><\/div><\/div><!--close column table wrapper. Autoclose: 1 --><div  style=' margin-top:50px; margin-bottom:0px;'  class='hr hr-custom hr-center   hr-icon-no    avia-builder-el-227  el_after_av_two_third  el_before_av_one_third' ><span class='hr-inner   inner-border-av-border-fat' style=' width:800px; border-color:#719430;' ><span class='hr-inner-style'><\/span><\/span><\/div>\n<div   class='flex_column_table  ep-lazy-loaded   av-equal-height-column-flextable -flextable flex-column-table-26'  ><div  class=\"flex_column av_one_third  flex_column_table_cell av-equal-height-column av-align-top ep-lazy-loaded first  avia-builder-el-228  el_after_av_hr  el_before_av_two_third\" ><div class=\"flex-column-inner\"><div  class='avia-image-container  av-styling-      avia-builder-el-229  avia-builder-el-no-sibling  avia-align-center'  itemprop=\"image\" itemscope=\"itemscope\" itemtype=\"https:\/\/schema.org\/ImageObject\"   ><div class='avia-image-container-inner'><div class='avia-image-overlay-wrap'><img decoding=\"async\" fetchpriority=\"high\" class='wp-image-5609 avia-img-lazy-loading-not-5609 avia_image' src=\"https:\/\/www.theadkx.org\/wp-content\/uploads\/2021\/06\/IMG_E9904_July19.jpg\" alt='' title='IMG_E9904_Julio19' height=\"1074\" width=\"1536\"  itemprop=\"thumbnailUrl\" srcset=\"https:\/\/www.theadkx.org\/wp-content\/uploads\/2021\/06\/IMG_E9904_July19.jpg 1536w, https:\/\/www.theadkx.org\/wp-content\/uploads\/2021\/06\/IMG_E9904_July19-300x210.jpg 300w, https:\/\/www.theadkx.org\/wp-content\/uploads\/2021\/06\/IMG_E9904_July19-1030x720.jpg 1030w, https:\/\/www.theadkx.org\/wp-content\/uploads\/2021\/06\/IMG_E9904_July19-768x537.jpg 768w\" sizes=\"(max-width: 1536px) 100vw, 1536px\" \/><\/div><\/div><\/div><\/div><\/div><div class='av-flex-placeholder' ><\/div><div  class=\"flex_column av_two_third  flex_column_table_cell av-equal-height-column av-align-top ep-lazy-loaded   avia-builder-el-230  el_after_av_one_third  el_before_av_hr\" ><div class=\"flex-column-inner\"><p><div   class='av-special-heading av-special-heading-h3   blockquote modern-quote  avia-builder-el-231  el_before_av_textblock  avia-builder-el-first' ><h3 class='av-special-heading-tag'   itemprop=\"headline\"  >Iakwatatenonhwe (Estamos relacionados): Voces de la Isla de la Tortuga<\/h3><div class ='av-subheading av-subheading_below' style='font-size:15px;'><p>Lunes, 23 de agosto de 2021 | 19:00<\/p>\n<\/div><div class='special-heading-border'><div class='special-heading-inner-border' ><\/div><\/div><\/div><br \/>\n<section class=\"av_textblock_section\"  itemscope=\"itemscope\" itemtype=\"https:\/\/schema.org\/CreativeWork\"  ><div class='avia_textblock'   itemprop=\"text\" ><p>Descubre la imaginaci\u00f3n y la pasi\u00f3n que hay detr\u00e1s del premiado arte de Carla y Babe Hemlock. Desde la concepci\u00f3n hasta el proceso, las exquisitas expresiones de las Hemlock honran y celebran sus valores y tradiciones kanien'k\u00e9ha (mohawk). Adem\u00e1s de un debate sobre sus procesos creativos, las Hemlock hablar\u00e1n del papel de su obra en la confrontaci\u00f3n de cuestiones de soberan\u00eda y el inicio del di\u00e1logo en torno a las preocupaciones medioambientales. Las comisarias Laura Rice (ADXX) y Colette Lemmon (Museo Iroquois) se unir\u00e1n a los Hemlock para explorar el papel polifac\u00e9tico de las artes en la cultura Haudenosaunee y las limitaciones de las categorizaciones tradicionales del arte ind\u00edgena.<\/p>\n<\/div><\/section><br \/>\n<div   class='av-special-heading av-special-heading-h4   blockquote modern-quote  avia-builder-el-233  el_after_av_textblock  el_before_av_textblock' ><h4 class='av-special-heading-tag'   itemprop=\"headline\"  >Sobre los ponentes<\/h4><div class='special-heading-border'><div class='special-heading-inner-border' ><\/div><\/div><\/div><br \/>\n<section class=\"av_textblock_section\"  itemscope=\"itemscope\" itemtype=\"https:\/\/schema.org\/CreativeWork\"  ><div class='avia_textblock'  style='font-size:18px; '  itemprop=\"text\" ><p><img loading=\"lazy\" decoding=\"async\" class=\"alignleft wp-image-5592\" src=\"https:\/\/www.theadkx.org\/wp-content\/uploads\/2021\/06\/July-19-CarlaHemlocksq.jpg\" alt=\"\" width=\"200\" height=\"200\" srcset=\"https:\/\/www.theadkx.org\/wp-content\/uploads\/2021\/06\/July-19-CarlaHemlocksq.jpg 422w, https:\/\/www.theadkx.org\/wp-content\/uploads\/2021\/06\/July-19-CarlaHemlocksq-300x300.jpg 300w, https:\/\/www.theadkx.org\/wp-content\/uploads\/2021\/06\/July-19-CarlaHemlocksq-80x80.jpg 80w\" sizes=\"auto, (max-width: 200px) 100vw, 200px\" \/><strong>Carla Hemlock<\/strong>Mohawk de Kahnawake, es una artista autodidacta que trabaja con textiles, abalorios y t\u00e9cnicas mixtas. Ha participado en numerosas exposiciones colectivas en diversos lugares, como \"Changing Hands 3\" en el Museo de Arte y Dise\u00f1o de Nueva York y \"Native Fashion Now\" en el Museo Peabody Essex de Salem, Massachusetts.  A nivel internacional, su obra se ha expuesto en la Kunstund Ausstellugshalle der Bundesrepublik Deutschland, en Bonn, y en el Martin Gropius Bau de Berl\u00edn, Alemania.  Tambi\u00e9n ha realizado una gira por Rusia con motivo de la exposici\u00f3n \"Woven Together\". Su obra se encuentra en muchas instituciones p\u00fablicas, como el Smithsonian National Museum American Indian de Washington, DC, el Minneapolis Institute of Art y el Musee National des Beaux Arts du Quebec.<\/p>\n<p><img loading=\"lazy\" decoding=\"async\" class=\"alignleft wp-image-5593\" src=\"https:\/\/www.theadkx.org\/wp-content\/uploads\/2021\/06\/July-19-BabeHemlocksq.jpg\" alt=\"\" width=\"200\" height=\"200\" srcset=\"https:\/\/www.theadkx.org\/wp-content\/uploads\/2021\/06\/July-19-BabeHemlocksq.jpg 470w, https:\/\/www.theadkx.org\/wp-content\/uploads\/2021\/06\/July-19-BabeHemlocksq-300x300.jpg 300w, https:\/\/www.theadkx.org\/wp-content\/uploads\/2021\/06\/July-19-BabeHemlocksq-80x80.jpg 80w\" sizes=\"auto, (max-width: 200px) 100vw, 200px\" \/><\/p>\n<p><strong>Donald \"Babe\" Hemlock<\/strong>Mohawk de Kahnawake, es un artista autodidacta que trabaja la madera, la pintura y las tablas de cuna. Ha participado en exposiciones colectivas en una amplia gama de lugares, incluyendo \"Changing Hands 3\" en el Museo de Artes y Dise\u00f1o de Nueva York y el Museo Iroquois en Howes Cave, NY, donde \u00e9l y su esposa Carla recibieron el \"Premio a la Excelencia en las Artes Iroquesas\".  A nivel internacional, su obra se ha expuesto en la Kunstund Ausstellungshalle der Bundesrepublic Deutschland de Bonn y en el Martin Gropius Bau de Berl\u00edn, Alemania.  Su obra se encuentra en muchas colecciones p\u00fablicas, como el Smithsonian National Museum American Indian de Washington, DC, el Nerman Museum of Contemporary Art de Overland Park, Kansas, y el Sequoyah National Research Centre de Little Rock, Arkansas.<\/p>\n<p><img loading=\"lazy\" decoding=\"async\" class=\"wp-image-5594 alignleft\" src=\"https:\/\/www.theadkx.org\/wp-content\/uploads\/2021\/06\/July-19-Colette-Lemmonsq-e1622680134173.jpg\" alt=\"\" width=\"200\" height=\"200\" \/><strong>Colette Lemmon<\/strong>\u00a0es conservadora de exposiciones en el Museo Indio Iroqu\u00e9s. Tiene un m\u00e1ster en Estudios Muse\u00edsticos, una licenciatura en Antropolog\u00eda e Historia del Arte y se ha formado en documentaci\u00f3n de historia oral en el Smithsonian Folklife Center y en la Universidad de Indiana.  Ha comisariado numerosas exposiciones, ha realizado investigaciones y ha escrito sobre el arte haudenosaunee\/iroqu\u00e9s como asesora del departamento de etnolog\u00eda del Museo Estatal de Nueva York, del Museo Nacional S\u00e9neca-Iroqu\u00e9s (Salamanca, NY), del Museo de Arte Nativo Contempor\u00e1neo (Santa Fe, NM), del Centro de Arte de Roma (Roma, NY), de la Galer\u00eda de Arte de Ottawa (Ontario, Canad\u00e1) y de otros centros.  Tambi\u00e9n ha sido comisaria invitada y asesora de proyectos en el NY State Vietnam Memorial &amp; Fine Arts Gallery (Albany) y en el National Vietnam War Museum (Fort Worth, TX).<\/p>\n<\/div><\/section><br \/>\n<div  style='height:30px' class='hr hr-invisible    avia-builder-el-235  el_after_av_textblock  el_before_av_button' ><span class='hr-inner' ><span class='hr-inner-style'><\/span><\/span><\/div><br \/>\n<div  class='avia-button-wrap avia-button-left    avia-builder-el-236  el_after_av_hr  avia-builder-el-last'  ><a href='https:\/\/www.youtube.com\/watch?v=o5WLRSPpWqM'  class='avia-button   avia-icon_select-no avia-color-border avia-size-medium avia-position-left'  target=\"_blank\"   ><span class='avia_iconbox_title' >Ver la grabaci\u00f3n<\/span><\/a><\/div><\/p><\/div><\/div><\/div><!--close column table wrapper. Autoclose: 1 --><div  style=' margin-top:50px; margin-bottom:0px;'  class='hr hr-custom hr-center   hr-icon-no    avia-builder-el-237  el_after_av_two_third  el_before_av_one_third' ><span class='hr-inner   inner-border-av-border-fat' style=' width:800px; border-color:#719430;' ><span class='hr-inner-style'><\/span><\/span><\/div>\n<div   class='flex_column_table  ep-lazy-loaded   av-equal-height-column-flextable -flextable flex-column-table-27'  ><div  class=\"flex_column av_one_third  flex_column_table_cell av-equal-height-column av-align-top ep-lazy-loaded first  avia-builder-el-238  el_after_av_hr  el_before_av_two_third\" ><div class=\"flex-column-inner\"><div  class='avia-image-container  av-styling-      avia-builder-el-239  avia-builder-el-no-sibling  avia-align-center'  itemprop=\"image\" itemscope=\"itemscope\" itemtype=\"https:\/\/schema.org\/ImageObject\"   ><div class='avia-image-container-inner'><div class='avia-image-overlay-wrap'><img decoding=\"async\" fetchpriority=\"high\" class='wp-image-5642 avia-img-lazy-loading-not-5642 avia_image' src=\"https:\/\/www.theadkx.org\/wp-content\/uploads\/2021\/06\/Capture-Maker-space-aug-16.jpg\" alt='' title='Capturar el espacio Maker 16 de agosto' height=\"656\" width=\"1275\"  itemprop=\"thumbnailUrl\" srcset=\"https:\/\/www.theadkx.org\/wp-content\/uploads\/2021\/06\/Capture-Maker-space-aug-16.jpg 1275w, https:\/\/www.theadkx.org\/wp-content\/uploads\/2021\/06\/Capture-Maker-space-aug-16-300x154.jpg 300w, https:\/\/www.theadkx.org\/wp-content\/uploads\/2021\/06\/Capture-Maker-space-aug-16-1030x530.jpg 1030w, https:\/\/www.theadkx.org\/wp-content\/uploads\/2021\/06\/Capture-Maker-space-aug-16-768x395.jpg 768w\" sizes=\"(max-width: 1275px) 100vw, 1275px\" \/><\/div><\/div><\/div><\/div><\/div><div class='av-flex-placeholder' ><\/div><div  class=\"flex_column av_two_third  flex_column_table_cell av-equal-height-column av-align-top ep-lazy-loaded   avia-builder-el-240  el_after_av_one_third  el_before_av_hr\" ><div class=\"flex-column-inner\"><p><div   class='av-special-heading av-special-heading-h3   blockquote modern-quote  avia-builder-el-241  el_before_av_textblock  avia-builder-el-first' ><h3 class='av-special-heading-tag'   itemprop=\"headline\"  >Pr\u00f3ximamente en la ADKX: Artistas e inspiraci\u00f3n en la naturaleza<\/h3><div class ='av-subheading av-subheading_below' style='font-size:15px;'><p>Lunes, 16 de agosto de 2021 | 19:00<\/p>\n<\/div><div class='special-heading-border'><div class='special-heading-inner-border' ><\/div><\/div><\/div><br \/>\n<section class=\"av_textblock_section\"  itemscope=\"itemscope\" itemtype=\"https:\/\/schema.org\/CreativeWork\"  ><div class='avia_textblock'   itemprop=\"text\" ><p>En 2023, la Experiencia Adirondack abrir\u00e1 su \u00faltima exposici\u00f3n permanente,\u00a0<em>Artistas e inspiraci\u00f3n en la naturaleza<\/em>. Acomp\u00e1\u00f1enos a echar un vistazo y a conocer al equipo creativo que llevar\u00e1 las colecciones de bellas artes y arte decorativo del museo a un nuevo hogar, el primer espacio dedicado a estas obras. Una vez abierto,\u00a0<em>Artistas e inspiraci\u00f3n\u00a0<\/em>mostrar\u00e1 c\u00f3mo las caracter\u00edsticas naturales de los Adirondacks han inspirado el trabajo creativo de artistas y artesanos durante cientos de a\u00f1os. Las nuevas galer\u00edas ofrecer\u00e1n una mezcla de obras ricas y diversas de las b\u00f3vedas de ADKX con medios interactivos contempor\u00e1neos, todo ello en una experiencia de exposici\u00f3n enriquecedora y envolvente. \u00a1Venga a ver!<\/p>\n<\/div><\/section><br \/>\n<div   class='av-special-heading av-special-heading-h4   blockquote modern-quote  avia-builder-el-243  el_after_av_textblock  el_before_av_textblock' ><h4 class='av-special-heading-tag'   itemprop=\"headline\"  >Sobre los ponentes<\/h4><div class='special-heading-border'><div class='special-heading-inner-border' ><\/div><\/div><\/div><br \/>\n<section class=\"av_textblock_section\"  itemscope=\"itemscope\" itemtype=\"https:\/\/schema.org\/CreativeWork\"  ><div class='avia_textblock'  style='font-size:18px; '  itemprop=\"text\" ><p><img loading=\"lazy\" decoding=\"async\" class=\"wp-image-5637 alignleft\" src=\"https:\/\/www.theadkx.org\/wp-content\/uploads\/2021\/06\/August-16-Greg-Matty-Headshot-v1-small.jpg\" sizes=\"auto, (max-width: 200px) 100vw, 200px\" srcset=\"https:\/\/www.theadkx.org\/wp-content\/uploads\/2021\/06\/August-16-Greg-Matty-Headshot-v1-small.jpg 300w, https:\/\/www.theadkx.org\/wp-content\/uploads\/2021\/06\/August-16-Greg-Matty-Headshot-v1-small-80x80.jpg 80w\" alt=\"\" width=\"200\" height=\"200\" \/>Greg Matty es ejecutivo de proyectos y director de dise\u00f1o en Gallagher &amp; Associates, especializado en dise\u00f1o de exposiciones y planificaci\u00f3n de museos. Su amplia experiencia abarca m\u00e1s de 35 a\u00f1os e incluye proyectos que van desde centros cient\u00edficos y museos de ciencias naturales hasta instalaciones culturales e hist\u00f3ricas interactivas muy articuladas. Es un arquitecto licenciado, con certificaci\u00f3n LEED AP, y ha trabajado en estudios de arquitectura en Dallas, Texas, Washington, D.C. y San Francisco, California. Tambi\u00e9n ha impartido cursos de dise\u00f1o en varias universidades, como la Universidad de California en Berkeley, la Universidad Cat\u00f3lica y el Savannah College of Art and Design. El Sr. Matty obtuvo un m\u00e1ster en arquitectura por la Universidad de California Berkeley y una licenciatura en arquitectura por la Universidad del Instituto Polit\u00e9cnico de Virginia.<\/p>\n<p><img loading=\"lazy\" decoding=\"async\" class=\"alignleft wp-image-5638\" src=\"https:\/\/www.theadkx.org\/wp-content\/uploads\/2021\/06\/August-16-Sara-Smith-sq.jpg\" alt=\"\" width=\"200\" height=\"200\" srcset=\"https:\/\/www.theadkx.org\/wp-content\/uploads\/2021\/06\/August-16-Sara-Smith-sq.jpg 852w, https:\/\/www.theadkx.org\/wp-content\/uploads\/2021\/06\/August-16-Sara-Smith-sq-300x300.jpg 300w, https:\/\/www.theadkx.org\/wp-content\/uploads\/2021\/06\/August-16-Sara-Smith-sq-80x80.jpg 80w, https:\/\/www.theadkx.org\/wp-content\/uploads\/2021\/06\/August-16-Sara-Smith-sq-768x768.jpg 768w\" sizes=\"auto, (max-width: 200px) 100vw, 200px\" \/><\/p>\n<p>Sara Smith, productora y directora de proyectos de Richard Lewis Media Group, cree profundamente en el valor de los museos como espacios para las colecciones, las historias y el compromiso social. Aporta a su trabajo su amor por las actividades al aire libre, basado en una infancia en la que practic\u00f3 el senderismo, el esqu\u00ed y la navegaci\u00f3n en los grandes bosques del noroeste del Pac\u00edfico. Sara es licenciada en Antropolog\u00eda por la Universidad de Brown, donde estudi\u00f3 los textiles navajos, y tiene un m\u00e1ster en Antropolog\u00eda por la Universidad de Washington, donde estudi\u00f3 el arte nigeriano. Antes de incorporarse a RLMG, Sara era la Directora de Desarrollo de Exposiciones en Amaze Design, Inc. y antes de ese puesto ten\u00eda diez a\u00f1os de experiencia como comisaria en museos de arte e historia cultural.<\/p>\n<\/div><\/section><br \/>\n<div  style='height:30px' class='hr hr-invisible    avia-builder-el-245  el_after_av_textblock  el_before_av_button' ><span class='hr-inner' ><span class='hr-inner-style'><\/span><\/span><\/div><br \/>\n<div  class='avia-button-wrap avia-button-left    avia-builder-el-246  el_after_av_hr  avia-builder-el-last'  ><a href='https:\/\/www.youtube.com\/watch?v=MgoK1laXi38'  class='avia-button   avia-icon_select-no avia-color-border avia-size-medium avia-position-left'  target=\"_blank\"   ><span class='avia_iconbox_title' >Ver la grabaci\u00f3n<\/span><\/a><\/div><\/p><\/div><\/div><\/div><!--close column table wrapper. Autoclose: 1 --><div  style=' margin-top:50px; margin-bottom:0px;'  class='hr hr-custom hr-center   hr-icon-no    avia-builder-el-247  el_after_av_two_third  el_before_av_one_third' ><span class='hr-inner   inner-border-av-border-fat' style=' width:800px; border-color:#719430;' ><span class='hr-inner-style'><\/span><\/span><\/div>\n<div   class='flex_column_table  ep-lazy-loaded   av-equal-height-column-flextable -flextable flex-column-table-28'  ><div  class=\"flex_column av_one_third  flex_column_table_cell av-equal-height-column av-align-top ep-lazy-loaded first  avia-builder-el-248  el_after_av_hr  el_before_av_two_third\" ><div class=\"flex-column-inner\"><div  class='avia-image-container  av-styling-      avia-builder-el-249  avia-builder-el-no-sibling  avia-align-center'  itemprop=\"image\" itemscope=\"itemscope\" itemtype=\"https:\/\/schema.org\/ImageObject\"   ><div class='avia-image-container-inner'><div class='avia-image-overlay-wrap'><img decoding=\"async\" fetchpriority=\"high\" class='wp-image-5243 avia-img-lazy-loading-not-5243 avia_image' src=\"https:\/\/www.theadkx.org\/wp-content\/uploads\/2021\/05\/barney-bellinger-event-1536x1098-1.jpg\" alt='' title='barney-bellinger-event-1536x1098' height=\"1098\" width=\"1536\"  itemprop=\"thumbnailUrl\" srcset=\"https:\/\/www.theadkx.org\/wp-content\/uploads\/2021\/05\/barney-bellinger-event-1536x1098-1.jpg 1536w, https:\/\/www.theadkx.org\/wp-content\/uploads\/2021\/05\/barney-bellinger-event-1536x1098-1-300x214.jpg 300w, https:\/\/www.theadkx.org\/wp-content\/uploads\/2021\/05\/barney-bellinger-event-1536x1098-1-1030x736.jpg 1030w, https:\/\/www.theadkx.org\/wp-content\/uploads\/2021\/05\/barney-bellinger-event-1536x1098-1-768x549.jpg 768w\" sizes=\"(max-width: 1536px) 100vw, 1536px\" \/><\/div><\/div><\/div><\/div><\/div><div class='av-flex-placeholder' ><\/div><div  class=\"flex_column av_two_third  flex_column_table_cell av-equal-height-column av-align-top ep-lazy-loaded   avia-builder-el-250  el_after_av_one_third  el_before_av_hr\" ><div class=\"flex-column-inner\"><p><div   class='av-special-heading av-special-heading-h3   blockquote modern-quote  avia-builder-el-251  el_before_av_textblock  avia-builder-el-first' ><h3 class='av-special-heading-tag'   itemprop=\"headline\"  >En directo desde el estudio: Una noche con Barney Bellinger<\/h3><div class ='av-subheading av-subheading_below' style='font-size:15px;'><p>Lunes, 21 de junio de 2021 | 19:00 horas<\/p>\n<\/div><div class='special-heading-border'><div class='special-heading-inner-border' ><\/div><\/div><\/div><br \/>\n<section class=\"av_textblock_section\"  itemscope=\"itemscope\" itemtype=\"https:\/\/schema.org\/CreativeWork\"  ><div class='avia_textblock'   itemprop=\"text\" ><p>Pase una tarde en el estudio del artista de Adirondack Barney Bellinger. Barney dar\u00e1 un vistazo a su trabajo en curso hoy y compartir\u00e1 lo que ha dado forma a sus dise\u00f1os creativos y obras de firma a lo largo de su carrera. A partir de materiales naturales y reutilizados, Barney crea formas abstractas inspiradas en escarabajos, peces y objetos encontrados, que combina con dise\u00f1os de muebles pr\u00e1cticos y pinturas para crear piezas que son a la vez funcionales y visualmente sorprendentes.<\/p>\n<\/div><\/section><br \/>\n<div   class='av-special-heading av-special-heading-h4   blockquote modern-quote  avia-builder-el-253  el_after_av_textblock  el_before_av_textblock' ><h4 class='av-special-heading-tag'   itemprop=\"headline\"  >Sobre el ponente<\/h4><div class='special-heading-border'><div class='special-heading-inner-border' ><\/div><\/div><\/div><br \/>\n<section class=\"av_textblock_section\"  itemscope=\"itemscope\" itemtype=\"https:\/\/schema.org\/CreativeWork\"  ><div class='avia_textblock'  style='font-size:18px; '  itemprop=\"text\" ><p><img loading=\"lazy\" decoding=\"async\" class=\"alignleft wp-image-5168\" src=\"https:\/\/www.theadkx.org\/wp-content\/uploads\/2021\/05\/Barney-Bellinger-Rough-Country-300x300-1-300x300.jpg\" alt=\"\" width=\"200\" height=\"200\" srcset=\"https:\/\/www.theadkx.org\/wp-content\/uploads\/2021\/05\/Barney-Bellinger-Rough-Country-300x300-1.jpg 300w, https:\/\/www.theadkx.org\/wp-content\/uploads\/2021\/05\/Barney-Bellinger-Rough-Country-300x300-1-80x80.jpg 80w\" sizes=\"auto, (max-width: 200px) 100vw, 200px\" \/>Barney Bellinger, afincado en Mayfield (Nueva York), es pintor, escultor, fot\u00f3grafo y dise\u00f1ador de muebles, y artista residente en el Paul Nigra Center for Creative Arts. Nacido en Johnstown, Barney vendi\u00f3 su primera obra de arte cuando era adolescente, en 1970. La obra de Barney ha evolucionado mucho a lo largo de los a\u00f1os, desde motocicletas y coches personalizados hasta letreros tallados en pan de oro y muebles org\u00e1nicos construidos con materiales naturales del bosque. Barney es un artista autodidacta, que obtiene sus conocimientos de los libros, de la sabidur\u00eda heredada y de la inmersi\u00f3n en la belleza de los Adirondacks. Su obra ha sido expuesta en el National Museum of Wildlife Art y en el Adirondack Experience y figura en las colecciones permanentes de la Orvis Company y la Smithsonian Institution; tambi\u00e9n es muy solicitada y se colecciona a nivel privado.<\/p>\n<\/div><\/section><br \/>\n<div  style='height:30px' class='hr hr-invisible    avia-builder-el-255  el_after_av_textblock  el_before_av_button' ><span class='hr-inner' ><span class='hr-inner-style'><\/span><\/span><\/div><br \/>\n<div  class='avia-button-wrap avia-button-left    avia-builder-el-256  el_after_av_hr  avia-builder-el-last'  ><a href='https:\/\/www.youtube.com\/watch?v=HbB1D2QArls'  class='avia-button   avia-icon_select-no avia-color-border avia-size-medium avia-position-left'  target=\"_blank\"   ><span class='avia_iconbox_title' >Ver la grabaci\u00f3n<\/span><\/a><\/div><\/p><\/div><\/div><\/div><!--close column table wrapper. Autoclose: 1 --><div  style=' margin-top:50px; margin-bottom:0px;'  class='hr hr-custom hr-center   hr-icon-no    avia-builder-el-257  el_after_av_two_third  el_before_av_one_third' ><span class='hr-inner   inner-border-av-border-fat' style=' width:800px; border-color:#719430;' ><span class='hr-inner-style'><\/span><\/span><\/div>\n<div   class='flex_column_table  ep-lazy-loaded   av-equal-height-column-flextable -flextable flex-column-table-29'  ><div  class=\"flex_column av_one_third  flex_column_table_cell av-equal-height-column av-align-top ep-lazy-loaded first  avia-builder-el-258  el_after_av_hr  el_before_av_two_third\" ><div class=\"flex-column-inner\"><div  class='avia-image-container  av-styling-      avia-builder-el-259  avia-builder-el-no-sibling  avia-align-center'  itemprop=\"image\" itemscope=\"itemscope\" itemtype=\"https:\/\/schema.org\/ImageObject\"   ><div class='avia-image-container-inner'><div class='avia-image-overlay-wrap'><img decoding=\"async\" fetchpriority=\"high\" class='wp-image-5313 avia-img-lazy-loading-not-5313 avia_image' src=\"https:\/\/www.theadkx.org\/wp-content\/uploads\/2021\/05\/objects-in-motion-650x540-1.jpg\" alt='' title='objects-in-motion-650x540' height=\"540\" width=\"650\"  itemprop=\"thumbnailUrl\" srcset=\"https:\/\/www.theadkx.org\/wp-content\/uploads\/2021\/05\/objects-in-motion-650x540-1.jpg 650w, https:\/\/www.theadkx.org\/wp-content\/uploads\/2021\/05\/objects-in-motion-650x540-1-300x249.jpg 300w\" sizes=\"(max-width: 650px) 100vw, 650px\" \/><\/div><\/div><\/div><\/div><\/div><div class='av-flex-placeholder' ><\/div><div  class=\"flex_column av_two_third  flex_column_table_cell av-equal-height-column av-align-top ep-lazy-loaded   avia-builder-el-260  el_after_av_one_third  el_before_av_hr\" ><div class=\"flex-column-inner\"><p><div   class='av-special-heading av-special-heading-h3   blockquote modern-quote  avia-builder-el-261  el_before_av_textblock  avia-builder-el-first' ><h3 class='av-special-heading-tag'   itemprop=\"headline\"  >Objetos en movimiento, objetos en reposo: Pinturas americanas de finales del siglo XIX<\/h3><div class ='av-subheading av-subheading_below' style='font-size:15px;'><p>Lunes, 17 de mayo de 2021 | 19:00<\/p>\n<\/div><div class='special-heading-border'><div class='special-heading-inner-border' ><\/div><\/div><\/div><br \/>\n<section class=\"av_textblock_section\"  itemscope=\"itemscope\" itemtype=\"https:\/\/schema.org\/CreativeWork\"  ><div class='avia_textblock'   itemprop=\"text\" ><p>La historiadora del arte Melody Deusner (Universidad de Indiana) rastrear\u00e1 algunos de los inesperados viajes que han realizado los cuadros estadounidenses antes de llegar a las paredes de nuestros museos. Utilizando como ejemplo clave la obra del paisajista de Adirondack Alexander H. Wyant (1836-1892), examinaremos las diferentes formas en que se expon\u00edan, hablaban, publicaban y promocionaban las pinturas en su propia \u00e9poca, y consideraremos cuestiones como el transporte, la iluminaci\u00f3n y el clima, ya que afectaban tanto a las personas como a las cosas.<\/p>\n<\/div><\/section><br \/>\n<div   class='av-special-heading av-special-heading-h4   blockquote modern-quote  avia-builder-el-263  el_after_av_textblock  el_before_av_textblock' ><h4 class='av-special-heading-tag'   itemprop=\"headline\"  >Sobre el ponente<\/h4><div class='special-heading-border'><div class='special-heading-inner-border' ><\/div><\/div><\/div><br \/>\n<section class=\"av_textblock_section\"  itemscope=\"itemscope\" itemtype=\"https:\/\/schema.org\/CreativeWork\"  ><div class='avia_textblock'  style='font-size:18px; '  itemprop=\"text\" ><p><img loading=\"lazy\" decoding=\"async\" class=\"alignleft size-full wp-image-5311\" src=\"https:\/\/www.theadkx.org\/wp-content\/uploads\/2021\/05\/deusner-200x200-1.jpg\" alt=\"\" width=\"200\" height=\"200\" srcset=\"https:\/\/www.theadkx.org\/wp-content\/uploads\/2021\/05\/deusner-200x200-1.jpg 200w, https:\/\/www.theadkx.org\/wp-content\/uploads\/2021\/05\/deusner-200x200-1-80x80.jpg 80w\" sizes=\"auto, (max-width: 200px) 100vw, 200px\" \/>Melody Barnett Deusner es profesora asociada de Historia del Arte en la Universidad de Indiana. Al investigar y ense\u00f1ar la cultura visual y material de finales del siglo XIX, se centra principalmente en las relaciones entre los artistas y sus mecenas, en la fundaci\u00f3n de museos y otras instituciones art\u00edsticas, y en la vida posterior de los objetos. Su primer libro, <em>La pintura est\u00e9tica en Gran Breta\u00f1a y Am\u00e9rica: Coleccionistas, mundos del arte, redes<\/em>\u00a0(2020), explora sorprendentes intersecciones entre el arte, los negocios y la tecnolog\u00eda.<\/p>\n<\/div><\/section><br \/>\n<div  style='height:30px' class='hr hr-invisible    avia-builder-el-265  el_after_av_textblock  el_before_av_button' ><span class='hr-inner' ><span class='hr-inner-style'><\/span><\/span><\/div><br \/>\n<div  class='avia-button-wrap avia-button-left    avia-builder-el-266  el_after_av_hr  avia-builder-el-last'  ><a href='https:\/\/www.youtube.com\/watch?v=SJZ8fQuuEpI'  class='avia-button   avia-icon_select-no avia-color-border avia-size-medium avia-position-left'  target=\"_blank\"   ><span class='avia_iconbox_title' >Ver la grabaci\u00f3n<\/span><\/a><\/div><\/p><\/div><\/div><\/div><!--close column table wrapper. Autoclose: 1 --><div  style=' margin-top:50px; margin-bottom:0px;'  class='hr hr-custom hr-center   hr-icon-no    avia-builder-el-267  el_after_av_two_third  el_before_av_one_third' ><span class='hr-inner   inner-border-av-border-fat' style=' width:800px; border-color:#719430;' ><span class='hr-inner-style'><\/span><\/span><\/div>\n<div   class='flex_column_table  ep-lazy-loaded   av-equal-height-column-flextable -flextable flex-column-table-30'  ><div  class=\"flex_column av_one_third  flex_column_table_cell av-equal-height-column av-align-top ep-lazy-loaded first  avia-builder-el-268  el_after_av_hr  el_before_av_two_third\" ><div class=\"flex-column-inner\"><div  class='avia-image-container  av-styling-      avia-builder-el-269  avia-builder-el-no-sibling  avia-align-center'  itemprop=\"image\" itemscope=\"itemscope\" itemtype=\"https:\/\/schema.org\/ImageObject\"   ><div class='avia-image-container-inner'><div class='avia-image-overlay-wrap'><img decoding=\"async\" fetchpriority=\"high\" class='wp-image-4011 avia-img-lazy-loading-not-4011 avia_image' src=\"https:\/\/www.theadkx.org\/wp-content\/uploads\/2021\/04\/a-twilight-in-the-adirondacks-675x540-1.jpg\" alt='Escena crepuscular, el lago que entra desde el primer plano de la derecha al fondo de la izquierda refleja la puesta de sol y el cielo brillante que cubre la mitad superior del lienzo.' title='Harold Hochschild y la creaci\u00f3n de la Colecci\u00f3n de Arte ADKX' height=\"540\" width=\"675\"  itemprop=\"thumbnailUrl\" srcset=\"https:\/\/www.theadkx.org\/wp-content\/uploads\/2021\/04\/a-twilight-in-the-adirondacks-675x540-1.jpg 675w, https:\/\/www.theadkx.org\/wp-content\/uploads\/2021\/04\/a-twilight-in-the-adirondacks-675x540-1-300x240.jpg 300w\" sizes=\"(max-width: 675px) 100vw, 675px\" \/><\/div><\/div><\/div><\/div><\/div><div class='av-flex-placeholder' ><\/div><div  class=\"flex_column av_two_third  flex_column_table_cell av-equal-height-column av-align-top ep-lazy-loaded   avia-builder-el-270  el_after_av_one_third  avia-builder-el-last\" ><div class=\"flex-column-inner\"><p><div   class='av-special-heading av-special-heading-h3   blockquote modern-quote  avia-builder-el-271  el_before_av_textblock  avia-builder-el-first' ><h3 class='av-special-heading-tag'   itemprop=\"headline\"  >Harold Hochschild y la creaci\u00f3n de la Colecci\u00f3n de Arte ADKX<\/h3><div class ='av-subheading av-subheading_below' style='font-size:15px;'><p>Lunes, 19 de abril de 2021 | 19:00 horas<\/p>\n<\/div><div class='special-heading-border'><div class='special-heading-inner-border' ><\/div><\/div><\/div><br \/>\n<section class=\"av_textblock_section\"  itemscope=\"itemscope\" itemtype=\"https:\/\/schema.org\/CreativeWork\"  ><div class='avia_textblock'   itemprop=\"text\" ><p>\u00danase a Deedee Wigmore, fundadora y presidenta de D. Wigmore Fine Art, en conversaci\u00f3n con la directora de la biblioteca ADKX, Ivy Gocker. Ivy y Deedee hablar\u00e1n del inter\u00e9s de Harold por el arte de Adirondack, incluyendo su compra de un cuadro de una caba\u00f1a de madera de Albert Blakelock. Deedee ofrecer\u00e1 an\u00e9cdotas personales en torno a algunas de las obras que Harold coleccion\u00f3 y c\u00f3mo el arte de la colecci\u00f3n del museo hoy en d\u00eda habla de su pasi\u00f3n y dedicaci\u00f3n a los Adirondacks.<\/p>\n<\/div><\/section><br \/>\n<div   class='av-special-heading av-special-heading-h4   blockquote modern-quote  avia-builder-el-273  el_after_av_textblock  el_before_av_textblock' ><h4 class='av-special-heading-tag'   itemprop=\"headline\"  >Sobre el ponente<\/h4><div class='special-heading-border'><div class='special-heading-inner-border' ><\/div><\/div><\/div><br \/>\n<section class=\"av_textblock_section\"  itemscope=\"itemscope\" itemtype=\"https:\/\/schema.org\/CreativeWork\"  ><div class='avia_textblock'  style='font-size:18px; '  itemprop=\"text\" ><p><img loading=\"lazy\" decoding=\"async\" class=\"alignleft size-full wp-image-4010\" src=\"https:\/\/www.theadkx.org\/wp-content\/uploads\/2021\/04\/deedee-wigmore-headshot-.jpeg\" alt=\"\" width=\"200\" height=\"200\" srcset=\"https:\/\/www.theadkx.org\/wp-content\/uploads\/2021\/04\/deedee-wigmore-headshot-.jpeg 200w, https:\/\/www.theadkx.org\/wp-content\/uploads\/2021\/04\/deedee-wigmore-headshot--80x80.jpeg 80w\" sizes=\"auto, (max-width: 200px) 100vw, 200px\" \/>Deedee Wigmore es la fundadora y presidenta de D. Wigmore Fine Art, una galer\u00eda centrada en el arte hist\u00f3rico americano. A los 30 a\u00f1os, Deedee era la directora de arte americano en M. Knoedler and Co, en aquel momento la galer\u00eda de arte m\u00e1s antigua de Estados Unidos. All\u00ed dirig\u00eda un departamento que s\u00f3lo inclu\u00eda obras de los 18<sup>th<\/sup>\u00a0y 19<sup>th<\/sup>\u00a0siglos. Dej\u00f3 la Knoedler and Co. para convertirse en directora de la Galer\u00eda Kennedy. Desempe\u00f1\u00f3 ese cargo durante seis a\u00f1os, hasta que en 1980 abri\u00f3 su propia galer\u00eda, especializada en el arte de los a\u00f1os 30-40, una \u00e9poca que entonces se consideraba en desuso. En la actualidad, D. Wigmore Fine Art incluye obras hasta la d\u00e9cada de 1980 y contempla los principales desarrollos del arte representativo y abstracto. Deedee se ha comprometido a que la galer\u00eda \"siga avanzando para incluir arte que represente desarrollos importantes que conecten tiempo y lugar\".<\/p>\n<\/div><\/section><br \/>\n<div  style='height:30px' class='hr hr-invisible    avia-builder-el-275  el_after_av_textblock  el_before_av_button' ><span class='hr-inner' ><span class='hr-inner-style'><\/span><\/span><\/div><br \/>\n<div  class='avia-button-wrap avia-button-left    avia-builder-el-276  el_after_av_hr  avia-builder-el-last'  ><a href='https:\/\/www.youtube.com\/watch?v=qfWIyhgCCr0'  class='avia-button   avia-icon_select-no avia-color-border avia-size-medium avia-position-left'  target=\"_blank\"   ><span class='avia_iconbox_title' >Ver la grabaci\u00f3n<\/span><\/a><\/div><\/p><\/div><\/div><\/div><!--close column table wrapper. Autoclose: 1 -->","protected":false},"excerpt":{"rendered":"","protected":false},"author":6,"featured_media":0,"parent":22,"menu_order":58,"comment_status":"closed","ping_status":"closed","template":"","meta":{"_acf_changed":false,"om_disable_all_campaigns":false,"footnotes":""},"class_list":["post-5959","page","type-page","status-publish","hentry"],"acf":[],"yoast_head":"<!-- This site is optimized with the Yoast SEO Premium plugin v22.8 (Yoast SEO v27.5) - https:\/\/yoast.com\/product\/yoast-seo-premium-wordpress\/ -->\n<title>Artists &amp; Inspiration Series - Recorded Commentary From Experts<\/title>\n<meta name=\"description\" content=\"Tune in each month to hear from scholars, artists, teachers, and creative visionaries from across North America as they discuss the Inspiration Series collection.\" \/>\n<meta name=\"robots\" content=\"index, follow, max-snippet:-1, max-image-preview:large, max-video-preview:-1\" \/>\n<link rel=\"canonical\" href=\"https:\/\/www.theadkx.org\/es\/nuestros-eventos\/serie-artistas-inspiracion\/\" \/>\n<meta property=\"og:locale\" content=\"es_ES\" \/>\n<meta property=\"og:type\" content=\"article\" \/>\n<meta property=\"og:title\" content=\"Artists &amp; Inspiration Series\" \/>\n<meta property=\"og:url\" content=\"https:\/\/www.theadkx.org\/es\/nuestros-eventos\/serie-artistas-inspiracion\/\" \/>\n<meta property=\"og:site_name\" content=\"Adirondack Experience\" \/>\n<meta property=\"article:publisher\" content=\"https:\/\/www.facebook.com\/theADKX\/\" \/>\n<meta property=\"article:modified_time\" content=\"2024-07-02T21:27:21+00:00\" \/>\n<meta property=\"og:image\" content=\"https:\/\/www.theadkx.org\/wp-content\/uploads\/2023\/01\/Laura-Rice-80x80.jpg\" \/>\n<meta name=\"twitter:card\" content=\"summary_large_image\" \/>\n<meta name=\"twitter:site\" content=\"@theadkx\" \/>\n<meta name=\"twitter:label1\" content=\"Tiempo de lectura\" \/>\n\t<meta name=\"twitter:data1\" content=\"43 minutos\" \/>\n<script type=\"application\/ld+json\" class=\"yoast-schema-graph\">{\"@context\":\"https:\\\/\\\/schema.org\",\"@graph\":[{\"@type\":\"WebPage\",\"@id\":\"https:\\\/\\\/www.theadkx.org\\\/es\\\/our-events\\\/serie-artistas-inspiracion\\\/\",\"url\":\"https:\\\/\\\/www.theadkx.org\\\/es\\\/our-events\\\/serie-artistas-inspiracion\\\/\",\"name\":\"Artists & Inspiration Series - Recorded Commentary From Experts\",\"isPartOf\":{\"@id\":\"https:\\\/\\\/www.theadkx.org\\\/#website\"},\"primaryImageOfPage\":{\"@id\":\"https:\\\/\\\/www.theadkx.org\\\/es\\\/our-events\\\/serie-artistas-inspiracion\\\/#primaryimage\"},\"image\":{\"@id\":\"https:\\\/\\\/www.theadkx.org\\\/es\\\/our-events\\\/serie-artistas-inspiracion\\\/#primaryimage\"},\"thumbnailUrl\":\"https:\\\/\\\/www.theadkx.org\\\/wp-content\\\/uploads\\\/2023\\\/01\\\/Laura-Rice-80x80.jpg\",\"datePublished\":\"2021-06-29T20:03:59+00:00\",\"dateModified\":\"2024-07-02T21:27:21+00:00\",\"description\":\"Tune in each month to hear from scholars, artists, teachers, and creative visionaries from across North America as they discuss the Inspiration Series collection.\",\"breadcrumb\":{\"@id\":\"https:\\\/\\\/www.theadkx.org\\\/es\\\/our-events\\\/serie-artistas-inspiracion\\\/#breadcrumb\"},\"inLanguage\":\"es\",\"potentialAction\":[{\"@type\":\"ReadAction\",\"target\":[\"https:\\\/\\\/www.theadkx.org\\\/es\\\/our-events\\\/serie-artistas-inspiracion\\\/\"]}]},{\"@type\":\"ImageObject\",\"inLanguage\":\"es\",\"@id\":\"https:\\\/\\\/www.theadkx.org\\\/es\\\/our-events\\\/serie-artistas-inspiracion\\\/#primaryimage\",\"url\":\"https:\\\/\\\/www.theadkx.org\\\/wp-content\\\/uploads\\\/2023\\\/01\\\/Laura-Rice-80x80.jpg\",\"contentUrl\":\"https:\\\/\\\/www.theadkx.org\\\/wp-content\\\/uploads\\\/2023\\\/01\\\/Laura-Rice-80x80.jpg\"},{\"@type\":\"BreadcrumbList\",\"@id\":\"https:\\\/\\\/www.theadkx.org\\\/es\\\/our-events\\\/serie-artistas-inspiracion\\\/#breadcrumb\",\"itemListElement\":[{\"@type\":\"ListItem\",\"position\":1,\"name\":\"Home\",\"item\":\"https:\\\/\\\/www.theadkx.org\\\/homepage\\\/\"},{\"@type\":\"ListItem\",\"position\":2,\"name\":\"Events\",\"item\":\"https:\\\/\\\/www.theadkx.org\\\/our-events\\\/\"},{\"@type\":\"ListItem\",\"position\":3,\"name\":\"Artists &#038; Inspiration Series\"}]},{\"@type\":\"WebSite\",\"@id\":\"https:\\\/\\\/www.theadkx.org\\\/#website\",\"url\":\"https:\\\/\\\/www.theadkx.org\\\/\",\"name\":\"Adirondack Experience\",\"description\":\"The Museum on Blue Mountain Lake\",\"publisher\":{\"@id\":\"https:\\\/\\\/www.theadkx.org\\\/#organization\"},\"potentialAction\":[{\"@type\":\"SearchAction\",\"target\":{\"@type\":\"EntryPoint\",\"urlTemplate\":\"https:\\\/\\\/www.theadkx.org\\\/?s={search_term_string}\"},\"query-input\":{\"@type\":\"PropertyValueSpecification\",\"valueRequired\":true,\"valueName\":\"search_term_string\"}}],\"inLanguage\":\"es\"},{\"@type\":\"Organization\",\"@id\":\"https:\\\/\\\/www.theadkx.org\\\/#organization\",\"name\":\"Adirondack Experience, The Museum on Blue Mountain Lake\",\"url\":\"https:\\\/\\\/www.theadkx.org\\\/\",\"logo\":{\"@type\":\"ImageObject\",\"inLanguage\":\"es\",\"@id\":\"https:\\\/\\\/www.theadkx.org\\\/#\\\/schema\\\/logo\\\/image\\\/\",\"url\":\"https:\\\/\\\/www.theadkx.org\\\/wp-content\\\/uploads\\\/2021\\\/03\\\/ADKX_LOGO.png\",\"contentUrl\":\"https:\\\/\\\/www.theadkx.org\\\/wp-content\\\/uploads\\\/2021\\\/03\\\/ADKX_LOGO.png\",\"width\":440,\"height\":276,\"caption\":\"Adirondack Experience, The Museum on Blue Mountain Lake\"},\"image\":{\"@id\":\"https:\\\/\\\/www.theadkx.org\\\/#\\\/schema\\\/logo\\\/image\\\/\"},\"sameAs\":[\"https:\\\/\\\/www.facebook.com\\\/theADKX\\\/\",\"https:\\\/\\\/x.com\\\/theadkx\",\"https:\\\/\\\/www.instagram.com\\\/theadkx\\\/\",\"https:\\\/\\\/www.youtube.com\\\/user\\\/AdirondackMuseum\"]}]}<\/script>\n<!-- \/ Yoast SEO Premium plugin. -->","yoast_head_json":{"title":"Serie Artistas e inspiraci\u00f3n - Comentarios grabados de expertos","description":"Sintonice cada mes para escuchar a acad\u00e9micos, artistas, profesores y visionarios creativos de toda Norteam\u00e9rica hablar de la colecci\u00f3n Inspiration Series.","robots":{"index":"index","follow":"follow","max-snippet":"max-snippet:-1","max-image-preview":"max-image-preview:large","max-video-preview":"max-video-preview:-1"},"canonical":"https:\/\/www.theadkx.org\/es\/nuestros-eventos\/serie-artistas-inspiracion\/","og_locale":"es_ES","og_type":"article","og_title":"Artists & Inspiration Series","og_url":"https:\/\/www.theadkx.org\/es\/nuestros-eventos\/serie-artistas-inspiracion\/","og_site_name":"Adirondack Experience","article_publisher":"https:\/\/www.facebook.com\/theADKX\/","article_modified_time":"2024-07-02T21:27:21+00:00","og_image":[{"url":"https:\/\/www.theadkx.org\/wp-content\/uploads\/2023\/01\/Laura-Rice-80x80.jpg","type":"","width":"","height":""}],"twitter_card":"summary_large_image","twitter_site":"@theadkx","twitter_misc":{"Tiempo de lectura":"43 minutos"},"schema":{"@context":"https:\/\/schema.org","@graph":[{"@type":"WebPage","@id":"https:\/\/www.theadkx.org\/es\/our-events\/serie-artistas-inspiracion\/","url":"https:\/\/www.theadkx.org\/es\/our-events\/serie-artistas-inspiracion\/","name":"Serie Artistas e inspiraci\u00f3n - Comentarios grabados de expertos","isPartOf":{"@id":"https:\/\/www.theadkx.org\/#website"},"primaryImageOfPage":{"@id":"https:\/\/www.theadkx.org\/es\/our-events\/serie-artistas-inspiracion\/#primaryimage"},"image":{"@id":"https:\/\/www.theadkx.org\/es\/our-events\/serie-artistas-inspiracion\/#primaryimage"},"thumbnailUrl":"https:\/\/www.theadkx.org\/wp-content\/uploads\/2023\/01\/Laura-Rice-80x80.jpg","datePublished":"2021-06-29T20:03:59+00:00","dateModified":"2024-07-02T21:27:21+00:00","description":"Sintonice cada mes para escuchar a acad\u00e9micos, artistas, profesores y visionarios creativos de toda Norteam\u00e9rica hablar de la colecci\u00f3n Inspiration Series.","breadcrumb":{"@id":"https:\/\/www.theadkx.org\/es\/our-events\/serie-artistas-inspiracion\/#breadcrumb"},"inLanguage":"es","potentialAction":[{"@type":"ReadAction","target":["https:\/\/www.theadkx.org\/es\/our-events\/serie-artistas-inspiracion\/"]}]},{"@type":"ImageObject","inLanguage":"es","@id":"https:\/\/www.theadkx.org\/es\/our-events\/serie-artistas-inspiracion\/#primaryimage","url":"https:\/\/www.theadkx.org\/wp-content\/uploads\/2023\/01\/Laura-Rice-80x80.jpg","contentUrl":"https:\/\/www.theadkx.org\/wp-content\/uploads\/2023\/01\/Laura-Rice-80x80.jpg"},{"@type":"BreadcrumbList","@id":"https:\/\/www.theadkx.org\/es\/our-events\/serie-artistas-inspiracion\/#breadcrumb","itemListElement":[{"@type":"ListItem","position":1,"name":"Home","item":"https:\/\/www.theadkx.org\/homepage\/"},{"@type":"ListItem","position":2,"name":"Events","item":"https:\/\/www.theadkx.org\/our-events\/"},{"@type":"ListItem","position":3,"name":"Artists &#038; Inspiration Series"}]},{"@type":"WebSite","@id":"https:\/\/www.theadkx.org\/#website","url":"https:\/\/www.theadkx.org\/","name":"Experiencia Adirondack","description":"El Museo del Lago de la Monta\u00f1a Azul","publisher":{"@id":"https:\/\/www.theadkx.org\/#organization"},"potentialAction":[{"@type":"SearchAction","target":{"@type":"EntryPoint","urlTemplate":"https:\/\/www.theadkx.org\/?s={search_term_string}"},"query-input":{"@type":"PropertyValueSpecification","valueRequired":true,"valueName":"search_term_string"}}],"inLanguage":"es"},{"@type":"Organization","@id":"https:\/\/www.theadkx.org\/#organization","name":"Experiencia Adirondack, El Museo del Lago Blue Mountain","url":"https:\/\/www.theadkx.org\/","logo":{"@type":"ImageObject","inLanguage":"es","@id":"https:\/\/www.theadkx.org\/#\/schema\/logo\/image\/","url":"https:\/\/www.theadkx.org\/wp-content\/uploads\/2021\/03\/ADKX_LOGO.png","contentUrl":"https:\/\/www.theadkx.org\/wp-content\/uploads\/2021\/03\/ADKX_LOGO.png","width":440,"height":276,"caption":"Adirondack Experience, The Museum on Blue Mountain Lake"},"image":{"@id":"https:\/\/www.theadkx.org\/#\/schema\/logo\/image\/"},"sameAs":["https:\/\/www.facebook.com\/theADKX\/","https:\/\/x.com\/theadkx","https:\/\/www.instagram.com\/theadkx\/","https:\/\/www.youtube.com\/user\/AdirondackMuseum"]}]}},"_links":{"self":[{"href":"https:\/\/www.theadkx.org\/es\/wp-json\/wp\/v2\/pages\/5959","targetHints":{"allow":["GET"]}}],"collection":[{"href":"https:\/\/www.theadkx.org\/es\/wp-json\/wp\/v2\/pages"}],"about":[{"href":"https:\/\/www.theadkx.org\/es\/wp-json\/wp\/v2\/types\/page"}],"author":[{"embeddable":true,"href":"https:\/\/www.theadkx.org\/es\/wp-json\/wp\/v2\/users\/6"}],"replies":[{"embeddable":true,"href":"https:\/\/www.theadkx.org\/es\/wp-json\/wp\/v2\/comments?post=5959"}],"version-history":[{"count":10,"href":"https:\/\/www.theadkx.org\/es\/wp-json\/wp\/v2\/pages\/5959\/revisions"}],"predecessor-version":[{"id":14787,"href":"https:\/\/www.theadkx.org\/es\/wp-json\/wp\/v2\/pages\/5959\/revisions\/14787"}],"up":[{"embeddable":true,"href":"https:\/\/www.theadkx.org\/es\/wp-json\/wp\/v2\/pages\/22"}],"wp:attachment":[{"href":"https:\/\/www.theadkx.org\/es\/wp-json\/wp\/v2\/media?parent=5959"}],"curies":[{"name":"wp","href":"https:\/\/api.w.org\/{rel}","templated":true}]}}