{"id":13231,"date":"2023-12-12T10:34:24","date_gmt":"2023-12-12T15:34:24","guid":{"rendered":"http:\/\/www.theadkx.org\/?post_type=tribe_events&#038;p=13231"},"modified":"2024-02-28T14:39:29","modified_gmt":"2024-02-28T19:39:29","slug":"adk-paseo-aviar","status":"publish","type":"tribe_events","link":"https:\/\/www.theadkx.org\/es\/event\/adk-avian-walk\/","title":{"rendered":"Paseo aviar por Adirondack"},"content":{"rendered":"<p>Llamamiento a todos los fot\u00f3grafos de naturaleza, profesionales y aficionados. \u00danete a la Gu\u00eda del Estado de Nueva York y Presidenta de Adirondack Avian Expeditions, Joan Collins, y al fot\u00f3grafo de naturaleza Brisbane Young en una excursi\u00f3n de medio d\u00eda por la zona central de los Adirondacks. Los participantes se reunir\u00e1n en la playa de Long Lake y pasar\u00e1n la ma\u00f1ana en varios puntos de inter\u00e9s, observando, escuchando y capturando im\u00e1genes de la poblaci\u00f3n local de aves. Por la tarde, los participantes se dirigir\u00e1n al Hotel Adirondack para calentarse, relajarse y disfrutar del almuerzo.<\/p>\n<p>- Tenga en cuenta que esta experiencia requiere desplazamientos de ida y vuelta. El grupo se reunir\u00e1 en la playa de Long Lake y viajar\u00e1 hasta 35 millas en coche. ADKX <u>NO<\/u> proporcionar\u00e1 el transporte. Los participantes son <strong>obligatorio<\/strong> tener acceso a un veh\u00edculo. Se anima a compartir el coche.<\/p>\n<p>- Este evento es ideal para fot\u00f3grafos de naturaleza de todos los niveles.<\/p>\n<p>- Los participantes deber\u00e1n aportar su(s) propia(s) c\u00e1mara(s) y equipo fotogr\u00e1fico.<\/p>\n<p>- Recomendamos encarecidamente botas de monta\u00f1a de invierno, gorros, guantes, muchas capas de ropa y evitar el algod\u00f3n.<\/p>\n<p>- Los participantes pueden traer micro-p\u00faas y\/o bastones de trekking seg\u00fan sus preferencias personales. Por favor, NO traiga raquetas de nieve.<\/p>\n<p>- Esta experiencia puede requerir que los participantes pasen varias horas al aire libre a bajas temperaturas, y exigir\u00e1 caminar y hacer senderismo por zonas boscosas. Se ruega llevar ropa adecuada.<\/p>\n<p>Coste: $50\/miembro, $75\/no miembro<\/p>\n<p><em><strong>El plazo de inscripci\u00f3n finaliza el 3 de marzo.\u00a0<\/strong><\/em><\/p>\n<p>Foto cortes\u00eda de Brisbane Young<\/p>\n<p>&nbsp;<\/p>\n<p><strong>Acerca de los ponentes:\u00a0<\/strong><\/p>\n<p><strong>Joan Collins<\/strong> es una entusiasta de la ornitolog\u00eda y dirige paseos ornitol\u00f3gicos en los Adirondacks durante todo el a\u00f1o. Es presidenta de Adirondack Avian Expeditions &amp; Workshops, LLC, gu\u00eda autorizada por el Estado de Nueva York y Adirondack 46er. Fue presidenta de la Asociaci\u00f3n Ornitol\u00f3gica del Estado de Nueva York y editora de <em>Observadores de aves de Nueva York<\/em>. Durante muchos a\u00f1os fue miembro de la Junta Directiva del Consejo Audubon del Estado de Nueva York y actualmente es miembro de la Junta Directiva de la Sociedad Audubon del Norte de Nueva York, de la que fue Presidenta. Joan escribe la columna Birdwatch del <em>Explorador de Adirondack <\/em> Ha publicado varios art\u00edculos en diarios, revistas y peri\u00f3dicos sobre temas relacionados con la vida salvaje y la conservaci\u00f3n en diversas publicaciones, entre ellas <em>Audubon<\/em>, <em>Observadores de aves de Nueva York<\/em>, <em>Conservacionista<\/em>, <em>Revista Adirondack Life<\/em>, <em>Adirondack Explorer, Revista LOCALadk<\/em>y <em>El p\u00e1jaro rey<\/em>.<\/p>\n<p><strong>Brisbane Young's<\/strong> comenz\u00f3 hace m\u00e1s de 30 a\u00f1os con una c\u00e1mara Bellows de formato medio. Su portafolio incluye paisajes, vida salvaje, retratos y fotograf\u00eda de bodas. M\u00e1s recientemente, Brisbane ha encontrado una pasi\u00f3n en la observaci\u00f3n de aves y le encanta fotografiar rapaces. Brisbane sigue utilizando ajustes manuales en sus c\u00e1maras para capturar sus im\u00e1genes y disfruta ense\u00f1ando y compartiendo sus t\u00e9cnicas e im\u00e1genes con otros fot\u00f3grafos.<\/p>","protected":false},"excerpt":{"rendered":"<p>Calling all wildlife photographers, professional and amateur! Join NYS Guide and President of Adirondack Avian Expeditions Joan Collins and wildlife photographer Brisbane Young on a half-day excursion around the central [&hellip;]<\/p>\n","protected":false},"author":4,"featured_media":13236,"template":"","meta":{"_acf_changed":false,"om_disable_all_campaigns":false,"_tribe_events_status":"","_tribe_events_status_reason":"","_tribe_events_is_hybrid":"","_tribe_events_is_virtual":"","_tribe_events_virtual_video_source":"","_tribe_events_virtual_embed_video":"","_tribe_events_virtual_linked_button_text":"","_tribe_events_virtual_linked_button":"","_tribe_events_virtual_show_embed_at":"","_tribe_events_virtual_show_embed_to":[],"_tribe_events_virtual_show_on_event":"","_tribe_events_virtual_show_on_views":"","_tribe_events_virtual_url":"","footnotes":""},"tags":[],"tribe_events_cat":[11],"class_list":["post-13231","tribe_events","type-tribe_events","status-publish","has-post-thumbnail","hentry","tribe_events_cat-event","cat_event"],"acf":[],"yoast_head":"<!-- This site is optimized with the Yoast SEO Premium plugin v22.8 (Yoast SEO v27.5) - https:\/\/yoast.com\/product\/yoast-seo-premium-wordpress\/ -->\n<title>Adirondack Avian Walk | Adirondack Experience<\/title>\n<meta name=\"robots\" content=\"index, follow, max-snippet:-1, max-image-preview:large, max-video-preview:-1\" \/>\n<link rel=\"canonical\" href=\"https:\/\/www.theadkx.org\/es\/evento\/adk-paseo-aviar\/\" \/>\n<meta property=\"og:locale\" content=\"es_ES\" \/>\n<meta property=\"og:type\" content=\"article\" \/>\n<meta property=\"og:title\" content=\"Adirondack Avian Walk\" \/>\n<meta property=\"og:description\" content=\"Calling all wildlife photographers, professional and amateur! Join NYS Guide and President of Adirondack Avian Expeditions Joan Collins and wildlife\" \/>\n<meta property=\"og:url\" content=\"https:\/\/www.theadkx.org\/es\/evento\/adk-paseo-aviar\/\" \/>\n<meta property=\"og:site_name\" content=\"Adirondack Experience\" \/>\n<meta property=\"article:publisher\" content=\"https:\/\/www.facebook.com\/theADKX\/\" \/>\n<meta property=\"article:modified_time\" content=\"2024-02-28T19:39:29+00:00\" \/>\n<meta property=\"og:image\" content=\"https:\/\/www.theadkx.org\/wp-content\/uploads\/2023\/12\/Brisbane-Young-Photo.jpg\" \/>\n\t<meta property=\"og:image:width\" content=\"1080\" \/>\n\t<meta property=\"og:image:height\" content=\"607\" \/>\n\t<meta property=\"og:image:type\" content=\"image\/jpeg\" \/>\n<meta name=\"twitter:card\" content=\"summary_large_image\" \/>\n<meta name=\"twitter:site\" content=\"@theadkx\" \/>\n<meta name=\"twitter:label1\" content=\"Tiempo de lectura\" \/>\n\t<meta name=\"twitter:data1\" content=\"2 minutos\" \/>\n<script type=\"application\/ld+json\" class=\"yoast-schema-graph\">{\"@context\":\"https:\\\/\\\/schema.org\",\"@graph\":[{\"@type\":\"WebPage\",\"@id\":\"https:\\\/\\\/www.theadkx.org\\\/fr\\\/evenement\\\/adk-avian-walk\\\/\",\"url\":\"https:\\\/\\\/www.theadkx.org\\\/fr\\\/evenement\\\/adk-avian-walk\\\/\",\"name\":\"Adirondack Avian Walk | Adirondack Experience\",\"isPartOf\":{\"@id\":\"https:\\\/\\\/www.theadkx.org\\\/#website\"},\"primaryImageOfPage\":{\"@id\":\"https:\\\/\\\/www.theadkx.org\\\/fr\\\/evenement\\\/adk-avian-walk\\\/#primaryimage\"},\"image\":{\"@id\":\"https:\\\/\\\/www.theadkx.org\\\/fr\\\/evenement\\\/adk-avian-walk\\\/#primaryimage\"},\"thumbnailUrl\":\"https:\\\/\\\/www.theadkx.org\\\/wp-content\\\/uploads\\\/2023\\\/12\\\/Brisbane-Young-Photo.jpg\",\"datePublished\":\"2023-12-12T15:34:24+00:00\",\"dateModified\":\"2024-02-28T19:39:29+00:00\",\"breadcrumb\":{\"@id\":\"https:\\\/\\\/www.theadkx.org\\\/fr\\\/evenement\\\/adk-avian-walk\\\/#breadcrumb\"},\"inLanguage\":\"es\",\"potentialAction\":[{\"@type\":\"ReadAction\",\"target\":[\"https:\\\/\\\/www.theadkx.org\\\/fr\\\/evenement\\\/adk-avian-walk\\\/\"]}]},{\"@type\":\"ImageObject\",\"inLanguage\":\"es\",\"@id\":\"https:\\\/\\\/www.theadkx.org\\\/fr\\\/evenement\\\/adk-avian-walk\\\/#primaryimage\",\"url\":\"https:\\\/\\\/www.theadkx.org\\\/wp-content\\\/uploads\\\/2023\\\/12\\\/Brisbane-Young-Photo.jpg\",\"contentUrl\":\"https:\\\/\\\/www.theadkx.org\\\/wp-content\\\/uploads\\\/2023\\\/12\\\/Brisbane-Young-Photo.jpg\",\"width\":1080,\"height\":607},{\"@type\":\"BreadcrumbList\",\"@id\":\"https:\\\/\\\/www.theadkx.org\\\/fr\\\/evenement\\\/adk-avian-walk\\\/#breadcrumb\",\"itemListElement\":[{\"@type\":\"ListItem\",\"position\":1,\"name\":\"Home\",\"item\":\"https:\\\/\\\/www.theadkx.org\\\/homepage\\\/\"},{\"@type\":\"ListItem\",\"position\":2,\"name\":\"Events\",\"item\":\"https:\\\/\\\/www.theadkx.org\\\/events\\\/\"},{\"@type\":\"ListItem\",\"position\":3,\"name\":\"Adirondack Avian Walk\"}]},{\"@type\":\"WebSite\",\"@id\":\"https:\\\/\\\/www.theadkx.org\\\/#website\",\"url\":\"https:\\\/\\\/www.theadkx.org\\\/\",\"name\":\"Adirondack Experience\",\"description\":\"The Museum on Blue Mountain Lake\",\"publisher\":{\"@id\":\"https:\\\/\\\/www.theadkx.org\\\/#organization\"},\"potentialAction\":[{\"@type\":\"SearchAction\",\"target\":{\"@type\":\"EntryPoint\",\"urlTemplate\":\"https:\\\/\\\/www.theadkx.org\\\/?s={search_term_string}\"},\"query-input\":{\"@type\":\"PropertyValueSpecification\",\"valueRequired\":true,\"valueName\":\"search_term_string\"}}],\"inLanguage\":\"es\"},{\"@type\":\"Organization\",\"@id\":\"https:\\\/\\\/www.theadkx.org\\\/#organization\",\"name\":\"Adirondack Experience, The Museum on Blue Mountain Lake\",\"url\":\"https:\\\/\\\/www.theadkx.org\\\/\",\"logo\":{\"@type\":\"ImageObject\",\"inLanguage\":\"es\",\"@id\":\"https:\\\/\\\/www.theadkx.org\\\/#\\\/schema\\\/logo\\\/image\\\/\",\"url\":\"https:\\\/\\\/www.theadkx.org\\\/wp-content\\\/uploads\\\/2021\\\/03\\\/ADKX_LOGO.png\",\"contentUrl\":\"https:\\\/\\\/www.theadkx.org\\\/wp-content\\\/uploads\\\/2021\\\/03\\\/ADKX_LOGO.png\",\"width\":440,\"height\":276,\"caption\":\"Adirondack Experience, The Museum on Blue Mountain Lake\"},\"image\":{\"@id\":\"https:\\\/\\\/www.theadkx.org\\\/#\\\/schema\\\/logo\\\/image\\\/\"},\"sameAs\":[\"https:\\\/\\\/www.facebook.com\\\/theADKX\\\/\",\"https:\\\/\\\/x.com\\\/theadkx\",\"https:\\\/\\\/www.instagram.com\\\/theadkx\\\/\",\"https:\\\/\\\/www.youtube.com\\\/user\\\/AdirondackMuseum\"]}]}<\/script>\n<!-- \/ Yoast SEO Premium plugin. -->","yoast_head_json":{"title":"Adirondack Avian Walk | Experiencia Adirondack","robots":{"index":"index","follow":"follow","max-snippet":"max-snippet:-1","max-image-preview":"max-image-preview:large","max-video-preview":"max-video-preview:-1"},"canonical":"https:\/\/www.theadkx.org\/es\/evento\/adk-paseo-aviar\/","og_locale":"es_ES","og_type":"article","og_title":"Adirondack Avian Walk","og_description":"Calling all wildlife photographers, professional and amateur! Join NYS Guide and President of Adirondack Avian Expeditions Joan Collins and wildlife","og_url":"https:\/\/www.theadkx.org\/es\/evento\/adk-paseo-aviar\/","og_site_name":"Adirondack Experience","article_publisher":"https:\/\/www.facebook.com\/theADKX\/","article_modified_time":"2024-02-28T19:39:29+00:00","og_image":[{"width":1080,"height":607,"url":"https:\/\/www.theadkx.org\/wp-content\/uploads\/2023\/12\/Brisbane-Young-Photo.jpg","type":"image\/jpeg"}],"twitter_card":"summary_large_image","twitter_site":"@theadkx","twitter_misc":{"Tiempo de lectura":"2 minutos"},"schema":{"@context":"https:\/\/schema.org","@graph":[{"@type":"WebPage","@id":"https:\/\/www.theadkx.org\/fr\/evenement\/adk-avian-walk\/","url":"https:\/\/www.theadkx.org\/fr\/evenement\/adk-avian-walk\/","name":"Adirondack Avian Walk | Experiencia Adirondack","isPartOf":{"@id":"https:\/\/www.theadkx.org\/#website"},"primaryImageOfPage":{"@id":"https:\/\/www.theadkx.org\/fr\/evenement\/adk-avian-walk\/#primaryimage"},"image":{"@id":"https:\/\/www.theadkx.org\/fr\/evenement\/adk-avian-walk\/#primaryimage"},"thumbnailUrl":"https:\/\/www.theadkx.org\/wp-content\/uploads\/2023\/12\/Brisbane-Young-Photo.jpg","datePublished":"2023-12-12T15:34:24+00:00","dateModified":"2024-02-28T19:39:29+00:00","breadcrumb":{"@id":"https:\/\/www.theadkx.org\/fr\/evenement\/adk-avian-walk\/#breadcrumb"},"inLanguage":"es","potentialAction":[{"@type":"ReadAction","target":["https:\/\/www.theadkx.org\/fr\/evenement\/adk-avian-walk\/"]}]},{"@type":"ImageObject","inLanguage":"es","@id":"https:\/\/www.theadkx.org\/fr\/evenement\/adk-avian-walk\/#primaryimage","url":"https:\/\/www.theadkx.org\/wp-content\/uploads\/2023\/12\/Brisbane-Young-Photo.jpg","contentUrl":"https:\/\/www.theadkx.org\/wp-content\/uploads\/2023\/12\/Brisbane-Young-Photo.jpg","width":1080,"height":607},{"@type":"BreadcrumbList","@id":"https:\/\/www.theadkx.org\/fr\/evenement\/adk-avian-walk\/#breadcrumb","itemListElement":[{"@type":"ListItem","position":1,"name":"Home","item":"https:\/\/www.theadkx.org\/homepage\/"},{"@type":"ListItem","position":2,"name":"Events","item":"https:\/\/www.theadkx.org\/events\/"},{"@type":"ListItem","position":3,"name":"Adirondack Avian Walk"}]},{"@type":"WebSite","@id":"https:\/\/www.theadkx.org\/#website","url":"https:\/\/www.theadkx.org\/","name":"Experiencia Adirondack","description":"El Museo del Lago de la Monta\u00f1a Azul","publisher":{"@id":"https:\/\/www.theadkx.org\/#organization"},"potentialAction":[{"@type":"SearchAction","target":{"@type":"EntryPoint","urlTemplate":"https:\/\/www.theadkx.org\/?s={search_term_string}"},"query-input":{"@type":"PropertyValueSpecification","valueRequired":true,"valueName":"search_term_string"}}],"inLanguage":"es"},{"@type":"Organization","@id":"https:\/\/www.theadkx.org\/#organization","name":"Experiencia Adirondack, El Museo del Lago Blue Mountain","url":"https:\/\/www.theadkx.org\/","logo":{"@type":"ImageObject","inLanguage":"es","@id":"https:\/\/www.theadkx.org\/#\/schema\/logo\/image\/","url":"https:\/\/www.theadkx.org\/wp-content\/uploads\/2021\/03\/ADKX_LOGO.png","contentUrl":"https:\/\/www.theadkx.org\/wp-content\/uploads\/2021\/03\/ADKX_LOGO.png","width":440,"height":276,"caption":"Adirondack Experience, The Museum on Blue Mountain Lake"},"image":{"@id":"https:\/\/www.theadkx.org\/#\/schema\/logo\/image\/"},"sameAs":["https:\/\/www.facebook.com\/theADKX\/","https:\/\/x.com\/theadkx","https:\/\/www.instagram.com\/theadkx\/","https:\/\/www.youtube.com\/user\/AdirondackMuseum"]}]}},"_links":{"self":[{"href":"https:\/\/www.theadkx.org\/es\/wp-json\/wp\/v2\/tribe_events\/13231","targetHints":{"allow":["GET"]}}],"collection":[{"href":"https:\/\/www.theadkx.org\/es\/wp-json\/wp\/v2\/tribe_events"}],"about":[{"href":"https:\/\/www.theadkx.org\/es\/wp-json\/wp\/v2\/types\/tribe_events"}],"author":[{"embeddable":true,"href":"https:\/\/www.theadkx.org\/es\/wp-json\/wp\/v2\/users\/4"}],"version-history":[{"count":9,"href":"https:\/\/www.theadkx.org\/es\/wp-json\/wp\/v2\/tribe_events\/13231\/revisions"}],"predecessor-version":[{"id":13962,"href":"https:\/\/www.theadkx.org\/es\/wp-json\/wp\/v2\/tribe_events\/13231\/revisions\/13962"}],"wp:featuredmedia":[{"embeddable":true,"href":"https:\/\/www.theadkx.org\/es\/wp-json\/wp\/v2\/media\/13236"}],"wp:attachment":[{"href":"https:\/\/www.theadkx.org\/es\/wp-json\/wp\/v2\/media?parent=13231"}],"wp:term":[{"taxonomy":"post_tag","embeddable":true,"href":"https:\/\/www.theadkx.org\/es\/wp-json\/wp\/v2\/tags?post=13231"},{"taxonomy":"tribe_events_cat","embeddable":true,"href":"https:\/\/www.theadkx.org\/es\/wp-json\/wp\/v2\/tribe_events_cat?post=13231"}],"curies":[{"name":"wp","href":"https:\/\/api.w.org\/{rel}","templated":true}]}}