{"id":14192,"date":"2024-04-11T10:28:52","date_gmt":"2024-04-11T14:28:52","guid":{"rendered":"http:\/\/www.theadkx.org\/?post_type=tribe_events&#038;p=14192"},"modified":"2024-07-16T08:10:42","modified_gmt":"2024-07-16T12:10:42","slug":"adkx-concierto-jazz","status":"publish","type":"tribe_events","link":"https:\/\/www.theadkx.org\/es\/event\/adkx-concert-jazz\/","title":{"rendered":"Serie de conciertos de verano ADKX: Orquesta de Jazz de Adirondack"},"content":{"rendered":"<p>\u00danase a nosotros para celebrar los 20<sup>th<\/sup>\u00a0aniversario de la \u201cgran banda de los Adirondacks\u201d.  La Adirondack Jazz Orchestra ofrecer\u00e1 una velada inolvidable de ritmos cadenciosos y melod\u00edas conmovedoras. Dirigido por Matthew Pray, este conjunto de los mejores m\u00fasicos de la regi\u00f3n presenta los sonidos cl\u00e1sicos de cinco trompetas, cuatro trombones, cinco saxofones y la tuba. Este acto se celebrar\u00e1 bajo una gran carpa, llueva o haga sol. Por favor, traiga sus propias sillas y\/o mantas. Est\u00e1 permitido hacer picnic. Presente su documento de identidad en la entrada.<strong>\u00a0Apertura del recinto a las 5:30<\/strong><\/p>\n<p><strong>El concierto es GRATUITO y para toda la familia. Se recomienda inscribirse.<\/strong><\/p>\n<p><strong>Este evento puede celebrarse con lluvia o sol. Por favor, traiga sus propias sillas y\/o mantas. Est\u00e1 permitido hacer picnic. Presente su documento de identidad en la entrada.<\/strong><\/p>\n<p><strong>Bar abierto de vinos y cervezas s\u00f3lo para socios, con aperitivos: <\/strong>\u00danase a nosotros para disfrutar de un c\u00f3ctel exclusivo antes del concierto. M\u00e9zclese con otros socios antes de la actuaci\u00f3n de la Adirondack Jazz Orchestra. Si\u00e9ntase libre de traer su propia cena de picnic para disfrutar mientras escucha el concierto. Las entradas cuestan s\u00f3lo $15 por socio e incluyen bebidas y aperitivos de 17:00 a 18:30.<\/p>","protected":false},"excerpt":{"rendered":"<p>Join us to celebrate the 20th\u00a0anniversary of the &#8220;big band of the Adirondacks&#8221;.\u00a0 The Adirondack Jazz Orchestra will bring an unforgettable evening of swinging rhythms and soulful melodies. Led by [&hellip;]<\/p>\n","protected":false},"author":4,"featured_media":14193,"template":"","meta":{"_acf_changed":false,"om_disable_all_campaigns":false,"_tribe_events_status":"","_tribe_events_status_reason":"","_tribe_events_is_hybrid":"","_tribe_events_is_virtual":"","_tribe_events_virtual_video_source":"","_tribe_events_virtual_embed_video":"","_tribe_events_virtual_linked_button_text":"","_tribe_events_virtual_linked_button":"","_tribe_events_virtual_show_embed_at":"","_tribe_events_virtual_show_embed_to":[],"_tribe_events_virtual_show_on_event":"","_tribe_events_virtual_show_on_views":"","_tribe_events_virtual_url":"","footnotes":""},"tags":[],"tribe_events_cat":[34],"class_list":["post-14192","tribe_events","type-tribe_events","status-publish","has-post-thumbnail","hentry","tribe_events_cat-concert","cat_concert"],"acf":[],"yoast_head":"<!-- This site is optimized with the Yoast SEO Premium plugin v22.8 (Yoast SEO v27.5) - https:\/\/yoast.com\/product\/yoast-seo-premium-wordpress\/ -->\n<title>ADKX Summer Concert Series: Adirondack Jazz Orchestra | Adirondack Experience<\/title>\n<meta name=\"description\" content=\"Join us on Wednesday, July 31 for \u201cthe Big Band of the Adirondacks\u201d\u2014Adirondack Jazz Orchestra!\" \/>\n<meta name=\"robots\" content=\"index, follow, max-snippet:-1, max-image-preview:large, max-video-preview:-1\" \/>\n<link rel=\"canonical\" href=\"https:\/\/www.theadkx.org\/es\/evento\/adkx-concierto-jazz\/\" \/>\n<meta property=\"og:locale\" content=\"es_ES\" \/>\n<meta property=\"og:type\" content=\"article\" \/>\n<meta property=\"og:title\" content=\"ADKX Summer Concert Series: Adirondack Jazz Orchestra\" \/>\n<meta property=\"og:description\" content=\"Join us to celebrate the 20th\u00a0anniversary of the &quot;big band of the Adirondacks&quot;.\u00a0 The Adirondack Jazz Orchestra will bring an unforgettable evening of\" \/>\n<meta property=\"og:url\" content=\"https:\/\/www.theadkx.org\/es\/evento\/adkx-concierto-jazz\/\" \/>\n<meta property=\"og:site_name\" content=\"Adirondack Experience\" \/>\n<meta property=\"article:publisher\" content=\"https:\/\/www.facebook.com\/theADKX\/\" \/>\n<meta property=\"article:modified_time\" content=\"2024-07-16T12:10:42+00:00\" \/>\n<meta property=\"og:image\" content=\"https:\/\/www.theadkx.org\/wp-content\/uploads\/2024\/04\/ADK-Jazz.jpg\" \/>\n\t<meta property=\"og:image:width\" content=\"1080\" \/>\n\t<meta property=\"og:image:height\" content=\"607\" \/>\n\t<meta property=\"og:image:type\" content=\"image\/jpeg\" \/>\n<meta name=\"twitter:card\" content=\"summary_large_image\" \/>\n<meta name=\"twitter:site\" content=\"@theadkx\" \/>\n<meta name=\"twitter:label1\" content=\"Tiempo de lectura\" \/>\n\t<meta name=\"twitter:data1\" content=\"2 minutos\" \/>\n<script type=\"application\/ld+json\" class=\"yoast-schema-graph\">{\"@context\":\"https:\\\/\\\/schema.org\",\"@graph\":[{\"@type\":\"WebPage\",\"@id\":\"https:\\\/\\\/www.theadkx.org\\\/es\\\/evento\\\/adkx-concert-jazz\\\/\",\"url\":\"https:\\\/\\\/www.theadkx.org\\\/es\\\/evento\\\/adkx-concert-jazz\\\/\",\"name\":\"ADKX Summer Concert Series: Adirondack Jazz Orchestra | Adirondack Experience\",\"isPartOf\":{\"@id\":\"https:\\\/\\\/www.theadkx.org\\\/#website\"},\"primaryImageOfPage\":{\"@id\":\"https:\\\/\\\/www.theadkx.org\\\/es\\\/evento\\\/adkx-concert-jazz\\\/#primaryimage\"},\"image\":{\"@id\":\"https:\\\/\\\/www.theadkx.org\\\/es\\\/evento\\\/adkx-concert-jazz\\\/#primaryimage\"},\"thumbnailUrl\":\"https:\\\/\\\/www.theadkx.org\\\/wp-content\\\/uploads\\\/2024\\\/04\\\/ADK-Jazz.jpg\",\"datePublished\":\"2024-04-11T14:28:52+00:00\",\"dateModified\":\"2024-07-16T12:10:42+00:00\",\"description\":\"Join us on Wednesday, July 31 for \u201cthe Big Band of the Adirondacks\u201d\u2014Adirondack Jazz Orchestra!\",\"breadcrumb\":{\"@id\":\"https:\\\/\\\/www.theadkx.org\\\/es\\\/evento\\\/adkx-concert-jazz\\\/#breadcrumb\"},\"inLanguage\":\"es\",\"potentialAction\":[{\"@type\":\"ReadAction\",\"target\":[\"https:\\\/\\\/www.theadkx.org\\\/es\\\/evento\\\/adkx-concert-jazz\\\/\"]}]},{\"@type\":\"ImageObject\",\"inLanguage\":\"es\",\"@id\":\"https:\\\/\\\/www.theadkx.org\\\/es\\\/evento\\\/adkx-concert-jazz\\\/#primaryimage\",\"url\":\"https:\\\/\\\/www.theadkx.org\\\/wp-content\\\/uploads\\\/2024\\\/04\\\/ADK-Jazz.jpg\",\"contentUrl\":\"https:\\\/\\\/www.theadkx.org\\\/wp-content\\\/uploads\\\/2024\\\/04\\\/ADK-Jazz.jpg\",\"width\":1080,\"height\":607},{\"@type\":\"BreadcrumbList\",\"@id\":\"https:\\\/\\\/www.theadkx.org\\\/es\\\/evento\\\/adkx-concert-jazz\\\/#breadcrumb\",\"itemListElement\":[{\"@type\":\"ListItem\",\"position\":1,\"name\":\"Home\",\"item\":\"https:\\\/\\\/www.theadkx.org\\\/homepage\\\/\"},{\"@type\":\"ListItem\",\"position\":2,\"name\":\"Events\",\"item\":\"https:\\\/\\\/www.theadkx.org\\\/events\\\/\"},{\"@type\":\"ListItem\",\"position\":3,\"name\":\"ADKX Summer Concert Series: Adirondack Jazz Orchestra\"}]},{\"@type\":\"WebSite\",\"@id\":\"https:\\\/\\\/www.theadkx.org\\\/#website\",\"url\":\"https:\\\/\\\/www.theadkx.org\\\/\",\"name\":\"Adirondack Experience\",\"description\":\"The Museum on Blue Mountain Lake\",\"publisher\":{\"@id\":\"https:\\\/\\\/www.theadkx.org\\\/#organization\"},\"potentialAction\":[{\"@type\":\"SearchAction\",\"target\":{\"@type\":\"EntryPoint\",\"urlTemplate\":\"https:\\\/\\\/www.theadkx.org\\\/?s={search_term_string}\"},\"query-input\":{\"@type\":\"PropertyValueSpecification\",\"valueRequired\":true,\"valueName\":\"search_term_string\"}}],\"inLanguage\":\"es\"},{\"@type\":\"Organization\",\"@id\":\"https:\\\/\\\/www.theadkx.org\\\/#organization\",\"name\":\"Adirondack Experience, The Museum on Blue Mountain Lake\",\"url\":\"https:\\\/\\\/www.theadkx.org\\\/\",\"logo\":{\"@type\":\"ImageObject\",\"inLanguage\":\"es\",\"@id\":\"https:\\\/\\\/www.theadkx.org\\\/#\\\/schema\\\/logo\\\/image\\\/\",\"url\":\"https:\\\/\\\/www.theadkx.org\\\/wp-content\\\/uploads\\\/2021\\\/03\\\/ADKX_LOGO.png\",\"contentUrl\":\"https:\\\/\\\/www.theadkx.org\\\/wp-content\\\/uploads\\\/2021\\\/03\\\/ADKX_LOGO.png\",\"width\":440,\"height\":276,\"caption\":\"Adirondack Experience, The Museum on Blue Mountain Lake\"},\"image\":{\"@id\":\"https:\\\/\\\/www.theadkx.org\\\/#\\\/schema\\\/logo\\\/image\\\/\"},\"sameAs\":[\"https:\\\/\\\/www.facebook.com\\\/theADKX\\\/\",\"https:\\\/\\\/x.com\\\/theadkx\",\"https:\\\/\\\/www.instagram.com\\\/theadkx\\\/\",\"https:\\\/\\\/www.youtube.com\\\/user\\\/AdirondackMuseum\"]}]}<\/script>\n<!-- \/ Yoast SEO Premium plugin. -->","yoast_head_json":{"title":"ADKX Summer Concert Series: Adirondack Jazz Orchestra | Experiencia Adirondack","description":"\u00danase a nosotros el mi\u00e9rcoles 31 de julio para disfrutar de \u201cla Big Band de los Adirondacks\u201d: la Adirondack Jazz Orchestra.","robots":{"index":"index","follow":"follow","max-snippet":"max-snippet:-1","max-image-preview":"max-image-preview:large","max-video-preview":"max-video-preview:-1"},"canonical":"https:\/\/www.theadkx.org\/es\/evento\/adkx-concierto-jazz\/","og_locale":"es_ES","og_type":"article","og_title":"ADKX Summer Concert Series: Adirondack Jazz Orchestra","og_description":"Join us to celebrate the 20th\u00a0anniversary of the \"big band of the Adirondacks\".\u00a0 The Adirondack Jazz Orchestra will bring an unforgettable evening of","og_url":"https:\/\/www.theadkx.org\/es\/evento\/adkx-concierto-jazz\/","og_site_name":"Adirondack Experience","article_publisher":"https:\/\/www.facebook.com\/theADKX\/","article_modified_time":"2024-07-16T12:10:42+00:00","og_image":[{"width":1080,"height":607,"url":"https:\/\/www.theadkx.org\/wp-content\/uploads\/2024\/04\/ADK-Jazz.jpg","type":"image\/jpeg"}],"twitter_card":"summary_large_image","twitter_site":"@theadkx","twitter_misc":{"Tiempo de lectura":"2 minutos"},"schema":{"@context":"https:\/\/schema.org","@graph":[{"@type":"WebPage","@id":"https:\/\/www.theadkx.org\/es\/evento\/adkx-concert-jazz\/","url":"https:\/\/www.theadkx.org\/es\/evento\/adkx-concert-jazz\/","name":"ADKX Summer Concert Series: Adirondack Jazz Orchestra | Experiencia Adirondack","isPartOf":{"@id":"https:\/\/www.theadkx.org\/#website"},"primaryImageOfPage":{"@id":"https:\/\/www.theadkx.org\/es\/evento\/adkx-concert-jazz\/#primaryimage"},"image":{"@id":"https:\/\/www.theadkx.org\/es\/evento\/adkx-concert-jazz\/#primaryimage"},"thumbnailUrl":"https:\/\/www.theadkx.org\/wp-content\/uploads\/2024\/04\/ADK-Jazz.jpg","datePublished":"2024-04-11T14:28:52+00:00","dateModified":"2024-07-16T12:10:42+00:00","description":"\u00danase a nosotros el mi\u00e9rcoles 31 de julio para disfrutar de \u201cla Big Band de los Adirondacks\u201d: la Adirondack Jazz Orchestra.","breadcrumb":{"@id":"https:\/\/www.theadkx.org\/es\/evento\/adkx-concert-jazz\/#breadcrumb"},"inLanguage":"es","potentialAction":[{"@type":"ReadAction","target":["https:\/\/www.theadkx.org\/es\/evento\/adkx-concert-jazz\/"]}]},{"@type":"ImageObject","inLanguage":"es","@id":"https:\/\/www.theadkx.org\/es\/evento\/adkx-concert-jazz\/#primaryimage","url":"https:\/\/www.theadkx.org\/wp-content\/uploads\/2024\/04\/ADK-Jazz.jpg","contentUrl":"https:\/\/www.theadkx.org\/wp-content\/uploads\/2024\/04\/ADK-Jazz.jpg","width":1080,"height":607},{"@type":"BreadcrumbList","@id":"https:\/\/www.theadkx.org\/es\/evento\/adkx-concert-jazz\/#breadcrumb","itemListElement":[{"@type":"ListItem","position":1,"name":"Home","item":"https:\/\/www.theadkx.org\/homepage\/"},{"@type":"ListItem","position":2,"name":"Events","item":"https:\/\/www.theadkx.org\/events\/"},{"@type":"ListItem","position":3,"name":"ADKX Summer Concert Series: Adirondack Jazz Orchestra"}]},{"@type":"WebSite","@id":"https:\/\/www.theadkx.org\/#website","url":"https:\/\/www.theadkx.org\/","name":"Experiencia Adirondack","description":"El Museo del Lago de la Monta\u00f1a Azul","publisher":{"@id":"https:\/\/www.theadkx.org\/#organization"},"potentialAction":[{"@type":"SearchAction","target":{"@type":"EntryPoint","urlTemplate":"https:\/\/www.theadkx.org\/?s={search_term_string}"},"query-input":{"@type":"PropertyValueSpecification","valueRequired":true,"valueName":"search_term_string"}}],"inLanguage":"es"},{"@type":"Organization","@id":"https:\/\/www.theadkx.org\/#organization","name":"Experiencia Adirondack, El Museo del Lago Blue Mountain","url":"https:\/\/www.theadkx.org\/","logo":{"@type":"ImageObject","inLanguage":"es","@id":"https:\/\/www.theadkx.org\/#\/schema\/logo\/image\/","url":"https:\/\/www.theadkx.org\/wp-content\/uploads\/2021\/03\/ADKX_LOGO.png","contentUrl":"https:\/\/www.theadkx.org\/wp-content\/uploads\/2021\/03\/ADKX_LOGO.png","width":440,"height":276,"caption":"Adirondack Experience, The Museum on Blue Mountain Lake"},"image":{"@id":"https:\/\/www.theadkx.org\/#\/schema\/logo\/image\/"},"sameAs":["https:\/\/www.facebook.com\/theADKX\/","https:\/\/x.com\/theadkx","https:\/\/www.instagram.com\/theadkx\/","https:\/\/www.youtube.com\/user\/AdirondackMuseum"]}]}},"_links":{"self":[{"href":"https:\/\/www.theadkx.org\/es\/wp-json\/wp\/v2\/tribe_events\/14192","targetHints":{"allow":["GET"]}}],"collection":[{"href":"https:\/\/www.theadkx.org\/es\/wp-json\/wp\/v2\/tribe_events"}],"about":[{"href":"https:\/\/www.theadkx.org\/es\/wp-json\/wp\/v2\/types\/tribe_events"}],"author":[{"embeddable":true,"href":"https:\/\/www.theadkx.org\/es\/wp-json\/wp\/v2\/users\/4"}],"version-history":[{"count":4,"href":"https:\/\/www.theadkx.org\/es\/wp-json\/wp\/v2\/tribe_events\/14192\/revisions"}],"predecessor-version":[{"id":14850,"href":"https:\/\/www.theadkx.org\/es\/wp-json\/wp\/v2\/tribe_events\/14192\/revisions\/14850"}],"wp:featuredmedia":[{"embeddable":true,"href":"https:\/\/www.theadkx.org\/es\/wp-json\/wp\/v2\/media\/14193"}],"wp:attachment":[{"href":"https:\/\/www.theadkx.org\/es\/wp-json\/wp\/v2\/media?parent=14192"}],"wp:term":[{"taxonomy":"post_tag","embeddable":true,"href":"https:\/\/www.theadkx.org\/es\/wp-json\/wp\/v2\/tags?post=14192"},{"taxonomy":"tribe_events_cat","embeddable":true,"href":"https:\/\/www.theadkx.org\/es\/wp-json\/wp\/v2\/tribe_events_cat?post=14192"}],"curies":[{"name":"wp","href":"https:\/\/api.w.org\/{rel}","templated":true}]}}