{"id":17418,"date":"2025-10-28T10:10:25","date_gmt":"2025-10-28T14:10:25","guid":{"rendered":"http:\/\/www.theadkx.org\/?post_type=tribe_events&#038;p=17418"},"modified":"2026-01-12T09:11:37","modified_gmt":"2026-01-12T14:11:37","slug":"saludos-desde-los-grandes-campamentos-la-historia-de-las-vacaciones-en-adirondack","status":"publish","type":"tribe_events","link":"https:\/\/www.theadkx.org\/es\/event\/greetings-from-the-great-camps-the-history-of-the-adirondack-vacation\/","title":{"rendered":"Saludos desde los Grandes Campamentos: La historia de las vacaciones en Adirondack"},"content":{"rendered":"<p><em>Se trata de un programa virtual.\u00a0<\/em><\/p>\n<p>En 1850, la regi\u00f3n de las Adirondack segu\u00eda siendo, literalmente, un espacio en blanco en el mapa: sin cartografiar, sin cartografiar y, en gran medida, sin organizar. La mayor\u00eda de los estadounidenses blancos ve\u00edan los Adirondacks como un lugar tan desolado que, citando un documento antiguo, \u201ca causa de las monta\u00f1as, los pantanos (sic) y las tierras anegadas es impasible y est\u00e1 deshabitado\u201d.\u201d<\/p>\n<p>Sin embargo, en 1900 las Adirondacks albergaban elaboradas fincas de verano para las familias m\u00e1s ricas de Estados Unidos, como los Vanderbilt, los Rockefeller, los Carnegie, los Whitney y los Morgan. De hecho, Theodore Roosevelt hered\u00f3 la Presidencia durante un paseo en calesa a medianoche por el coraz\u00f3n del parque. Desde hace m\u00e1s de un siglo, los Adirondacks siguen siendo un destino famoso que atrae a magnates, famosos y estadounidenses de a pie. Excursionistas, cazadores, campistas en canoa, aficionados a la h\u00edpica, \u00e9lites y ecologistas (y muchas combinaciones de ellos) que esperan con impaciencia sus visitas y vacaciones en \u201cel ADK\u201d.\u201d<\/p>\n<p>\u00bfC\u00f3mo se produjo esta transici\u00f3n? \u00bfPor qu\u00e9 se produjo? \u00bfQu\u00e9 fuerzas impulsaron el desarrollo de la regi\u00f3n a finales del siglo XIX y c\u00f3mo interact\u00faa la historia de las Adirondack con la historia estadounidense en general? \u00bfY qu\u00e9 era un \u201cGran Campamento\u201d?<\/p>\n<p>\u00danase a Connor Williams, historiador estadounidense y habitante de Adirondack todo el a\u00f1o, en \u201cSaludos desde los grandes campamentos: La historia de las vacaciones en Adirondack\u201d. Williams, historiador jefe del Gran Campamento Sagamore y profesor del Middlebury College, hablar\u00e1 de las fuerzas, los movimientos, los momentos y las personas que dieron lugar al nexo entre naturaleza salvaje, esfuerzo, rejuvenecimiento y comodidad que a\u00fan hoy define a la regi\u00f3n de Adirondack.<\/p>\n<p>&nbsp;<\/p>\n<p class=\"x_MsoNormal\"><b><i data-olk-copy-source=\"MessageBody\">La grabaci\u00f3n de este programa s\u00f3lo estar\u00e1 disponible para los asistentes inscritos. Si no puede asistir al programa en directo o desea volver a verlo, el jueves se facilitar\u00e1n instrucciones para acceder a la grabaci\u00f3n.<\/i><\/b><\/p>\n<p>&nbsp;<\/p>\n<p><strong>Connor Williams<\/strong> erudito, profesor y defensor de la historia estadounidense y afroamericana, Connor Williams comparte las historias de nuestro pasado para ayudar a dar forma a las sociedades de nuestro futuro. Neoyorquino de nacimiento y aspirante a monta\u00f1ero mar\u00edtimo, Connor vive actualmente con su familia a orillas del lago Champlain, en el Parque Adirondack. Es el historiador del Great Camp Sagamore, un monumento hist\u00f3rico nacional y antigua finca de los Vanderbilt, donde dirige toda la programaci\u00f3n hist\u00f3rica para varios miles de visitantes cada verano.<\/p>\n<p>En t\u00e9rminos m\u00e1s generales, y a trav\u00e9s de una variedad de formatos, Connor utiliza este papel para concebir y ejecutar formas innovadoras de ense\u00f1ar la historia del medio ambiente, la historia de la Edad Dorada, y la historia de la clase, el capitalismo y la desigualdad a diversos p\u00fablicos de la historia.   Antes de su doctorado en Yale, Connor obtuvo un m\u00e1ster en Dartmouth College, donde su tesis examin\u00f3 las influencias diasp\u00f3ricas en el pensamiento pol\u00edtico de Frederick Douglass. Entre otras becas, galardones y premios, fue finalista del Louis Pelzer Memorial Award de \u00e1mbito nacional al mejor escrito de un estudiante de posgrado. Connor ha impartido clases en Yale, en la Southern Connecticut State University y en el Yale College Writing Center. Tambi\u00e9n ha trabajado para la divisi\u00f3n de Manuscritos y Archivos de Yale y el Centro Gilder Lehrman para el Estudio de la Esclavitud, la Resistencia y la Abolici\u00f3n.<\/p>\n<p>&nbsp;<\/p>\n<p>&nbsp;<\/p>\n<p>&nbsp;<\/p>","protected":false},"excerpt":{"rendered":"<p>This is a virtual program.\u00a0 In 1850 the Adirondack region remained, literally, a blank spot on the map\u2014unsurveyed,\u00a0uncharted, and largely unorganized. Most white Americans saw the Adirondacks as a place [&hellip;]<\/p>\n","protected":false},"author":11,"featured_media":17547,"template":"","meta":{"_acf_changed":false,"om_disable_all_campaigns":false,"_tribe_events_status":"","_tribe_events_status_reason":"","_tribe_events_is_hybrid":"","_tribe_events_is_virtual":"","_tribe_events_virtual_video_source":"","_tribe_events_virtual_embed_video":"","_tribe_events_virtual_linked_button_text":"","_tribe_events_virtual_linked_button":"","_tribe_events_virtual_show_embed_at":"","_tribe_events_virtual_show_embed_to":[],"_tribe_events_virtual_show_on_event":"","_tribe_events_virtual_show_on_views":"","_tribe_events_virtual_url":"","footnotes":""},"tags":[],"tribe_events_cat":[39],"class_list":["post-17418","tribe_events","type-tribe_events","status-publish","has-post-thumbnail","hentry","tribe_events_cat-adirondack-milestones","cat_adirondack-milestones"],"acf":[],"yoast_head":"<!-- This site is optimized with the Yoast SEO Premium plugin v22.8 (Yoast SEO v27.5) - https:\/\/yoast.com\/product\/yoast-seo-premium-wordpress\/ -->\n<title>Greetings from the Great Camps: The History of the Adirondack Vacation | Adirondack Experience<\/title>\n<meta name=\"robots\" content=\"index, follow, max-snippet:-1, max-image-preview:large, max-video-preview:-1\" \/>\n<link rel=\"canonical\" href=\"https:\/\/www.theadkx.org\/es\/evento\/saludos-desde-los-grandes-campamentos-la-historia-de-las-vacaciones-en-adirondack\/\" \/>\n<meta property=\"og:locale\" content=\"es_ES\" \/>\n<meta property=\"og:type\" content=\"article\" \/>\n<meta property=\"og:title\" content=\"Greetings from the Great Camps: The History of the Adirondack Vacation\" \/>\n<meta property=\"og:description\" content=\"This is a virtual program.\u00a0 In 1850 the Adirondack region remained, literally, a blank spot on the map\u2014unsurveyed,\u00a0uncharted, and largely unorganized.\" \/>\n<meta property=\"og:url\" content=\"https:\/\/www.theadkx.org\/es\/evento\/saludos-desde-los-grandes-campamentos-la-historia-de-las-vacaciones-en-adirondack\/\" \/>\n<meta property=\"og:site_name\" content=\"Adirondack Experience\" \/>\n<meta property=\"article:publisher\" content=\"https:\/\/www.facebook.com\/theADKX\/\" \/>\n<meta property=\"article:modified_time\" content=\"2026-01-12T14:11:37+00:00\" \/>\n<meta property=\"og:image\" content=\"https:\/\/www.theadkx.org\/wp-content\/uploads\/2025\/10\/1-14-COVER-IMAGE.png\" \/>\n\t<meta property=\"og:image:width\" content=\"940\" \/>\n\t<meta property=\"og:image:height\" content=\"788\" \/>\n\t<meta property=\"og:image:type\" content=\"image\/png\" \/>\n<meta name=\"twitter:card\" content=\"summary_large_image\" \/>\n<meta name=\"twitter:site\" content=\"@theadkx\" \/>\n<meta name=\"twitter:label1\" content=\"Tiempo de lectura\" \/>\n\t<meta name=\"twitter:data1\" content=\"2 minutos\" \/>\n<script type=\"application\/ld+json\" class=\"yoast-schema-graph\">{\"@context\":\"https:\\\/\\\/schema.org\",\"@graph\":[{\"@type\":\"WebPage\",\"@id\":\"https:\\\/\\\/www.theadkx.org\\\/fr\\\/evenement\\\/greetings-from-the-great-camps-the-history-of-the-adirondack-vacation\\\/\",\"url\":\"https:\\\/\\\/www.theadkx.org\\\/fr\\\/evenement\\\/greetings-from-the-great-camps-the-history-of-the-adirondack-vacation\\\/\",\"name\":\"Greetings from the Great Camps: The History of the Adirondack Vacation | Adirondack Experience\",\"isPartOf\":{\"@id\":\"https:\\\/\\\/www.theadkx.org\\\/#website\"},\"primaryImageOfPage\":{\"@id\":\"https:\\\/\\\/www.theadkx.org\\\/fr\\\/evenement\\\/greetings-from-the-great-camps-the-history-of-the-adirondack-vacation\\\/#primaryimage\"},\"image\":{\"@id\":\"https:\\\/\\\/www.theadkx.org\\\/fr\\\/evenement\\\/greetings-from-the-great-camps-the-history-of-the-adirondack-vacation\\\/#primaryimage\"},\"thumbnailUrl\":\"https:\\\/\\\/www.theadkx.org\\\/wp-content\\\/uploads\\\/2025\\\/10\\\/1-14-COVER-IMAGE.png\",\"datePublished\":\"2025-10-28T14:10:25+00:00\",\"dateModified\":\"2026-01-12T14:11:37+00:00\",\"breadcrumb\":{\"@id\":\"https:\\\/\\\/www.theadkx.org\\\/fr\\\/evenement\\\/greetings-from-the-great-camps-the-history-of-the-adirondack-vacation\\\/#breadcrumb\"},\"inLanguage\":\"es\",\"potentialAction\":[{\"@type\":\"ReadAction\",\"target\":[\"https:\\\/\\\/www.theadkx.org\\\/fr\\\/evenement\\\/greetings-from-the-great-camps-the-history-of-the-adirondack-vacation\\\/\"]}]},{\"@type\":\"ImageObject\",\"inLanguage\":\"es\",\"@id\":\"https:\\\/\\\/www.theadkx.org\\\/fr\\\/evenement\\\/greetings-from-the-great-camps-the-history-of-the-adirondack-vacation\\\/#primaryimage\",\"url\":\"https:\\\/\\\/www.theadkx.org\\\/wp-content\\\/uploads\\\/2025\\\/10\\\/1-14-COVER-IMAGE.png\",\"contentUrl\":\"https:\\\/\\\/www.theadkx.org\\\/wp-content\\\/uploads\\\/2025\\\/10\\\/1-14-COVER-IMAGE.png\",\"width\":940,\"height\":788},{\"@type\":\"BreadcrumbList\",\"@id\":\"https:\\\/\\\/www.theadkx.org\\\/fr\\\/evenement\\\/greetings-from-the-great-camps-the-history-of-the-adirondack-vacation\\\/#breadcrumb\",\"itemListElement\":[{\"@type\":\"ListItem\",\"position\":1,\"name\":\"Home\",\"item\":\"https:\\\/\\\/www.theadkx.org\\\/homepage\\\/\"},{\"@type\":\"ListItem\",\"position\":2,\"name\":\"Events\",\"item\":\"https:\\\/\\\/www.theadkx.org\\\/events\\\/\"},{\"@type\":\"ListItem\",\"position\":3,\"name\":\"Greetings from the Great Camps: The History of the Adirondack Vacation\"}]},{\"@type\":\"WebSite\",\"@id\":\"https:\\\/\\\/www.theadkx.org\\\/#website\",\"url\":\"https:\\\/\\\/www.theadkx.org\\\/\",\"name\":\"Adirondack Experience\",\"description\":\"The Museum on Blue Mountain Lake\",\"publisher\":{\"@id\":\"https:\\\/\\\/www.theadkx.org\\\/#organization\"},\"potentialAction\":[{\"@type\":\"SearchAction\",\"target\":{\"@type\":\"EntryPoint\",\"urlTemplate\":\"https:\\\/\\\/www.theadkx.org\\\/?s={search_term_string}\"},\"query-input\":{\"@type\":\"PropertyValueSpecification\",\"valueRequired\":true,\"valueName\":\"search_term_string\"}}],\"inLanguage\":\"es\"},{\"@type\":\"Organization\",\"@id\":\"https:\\\/\\\/www.theadkx.org\\\/#organization\",\"name\":\"Adirondack Experience, The Museum on Blue Mountain Lake\",\"url\":\"https:\\\/\\\/www.theadkx.org\\\/\",\"logo\":{\"@type\":\"ImageObject\",\"inLanguage\":\"es\",\"@id\":\"https:\\\/\\\/www.theadkx.org\\\/#\\\/schema\\\/logo\\\/image\\\/\",\"url\":\"https:\\\/\\\/www.theadkx.org\\\/wp-content\\\/uploads\\\/2021\\\/03\\\/ADKX_LOGO.png\",\"contentUrl\":\"https:\\\/\\\/www.theadkx.org\\\/wp-content\\\/uploads\\\/2021\\\/03\\\/ADKX_LOGO.png\",\"width\":440,\"height\":276,\"caption\":\"Adirondack Experience, The Museum on Blue Mountain Lake\"},\"image\":{\"@id\":\"https:\\\/\\\/www.theadkx.org\\\/#\\\/schema\\\/logo\\\/image\\\/\"},\"sameAs\":[\"https:\\\/\\\/www.facebook.com\\\/theADKX\\\/\",\"https:\\\/\\\/x.com\\\/theadkx\",\"https:\\\/\\\/www.instagram.com\\\/theadkx\\\/\",\"https:\\\/\\\/www.youtube.com\\\/user\\\/AdirondackMuseum\"]}]}<\/script>\n<!-- \/ Yoast SEO Premium plugin. -->","yoast_head_json":{"title":"Saludos desde los Grandes Campamentos: La historia de las vacaciones en Adirondack | La experiencia Adirondack","robots":{"index":"index","follow":"follow","max-snippet":"max-snippet:-1","max-image-preview":"max-image-preview:large","max-video-preview":"max-video-preview:-1"},"canonical":"https:\/\/www.theadkx.org\/es\/evento\/saludos-desde-los-grandes-campamentos-la-historia-de-las-vacaciones-en-adirondack\/","og_locale":"es_ES","og_type":"article","og_title":"Greetings from the Great Camps: The History of the Adirondack Vacation","og_description":"This is a virtual program.\u00a0 In 1850 the Adirondack region remained, literally, a blank spot on the map\u2014unsurveyed,\u00a0uncharted, and largely unorganized.","og_url":"https:\/\/www.theadkx.org\/es\/evento\/saludos-desde-los-grandes-campamentos-la-historia-de-las-vacaciones-en-adirondack\/","og_site_name":"Adirondack Experience","article_publisher":"https:\/\/www.facebook.com\/theADKX\/","article_modified_time":"2026-01-12T14:11:37+00:00","og_image":[{"width":940,"height":788,"url":"https:\/\/www.theadkx.org\/wp-content\/uploads\/2025\/10\/1-14-COVER-IMAGE.png","type":"image\/png"}],"twitter_card":"summary_large_image","twitter_site":"@theadkx","twitter_misc":{"Tiempo de lectura":"2 minutos"},"schema":{"@context":"https:\/\/schema.org","@graph":[{"@type":"WebPage","@id":"https:\/\/www.theadkx.org\/fr\/evenement\/greetings-from-the-great-camps-the-history-of-the-adirondack-vacation\/","url":"https:\/\/www.theadkx.org\/fr\/evenement\/greetings-from-the-great-camps-the-history-of-the-adirondack-vacation\/","name":"Saludos desde los Grandes Campamentos: La historia de las vacaciones en Adirondack | La experiencia Adirondack","isPartOf":{"@id":"https:\/\/www.theadkx.org\/#website"},"primaryImageOfPage":{"@id":"https:\/\/www.theadkx.org\/fr\/evenement\/greetings-from-the-great-camps-the-history-of-the-adirondack-vacation\/#primaryimage"},"image":{"@id":"https:\/\/www.theadkx.org\/fr\/evenement\/greetings-from-the-great-camps-the-history-of-the-adirondack-vacation\/#primaryimage"},"thumbnailUrl":"https:\/\/www.theadkx.org\/wp-content\/uploads\/2025\/10\/1-14-COVER-IMAGE.png","datePublished":"2025-10-28T14:10:25+00:00","dateModified":"2026-01-12T14:11:37+00:00","breadcrumb":{"@id":"https:\/\/www.theadkx.org\/fr\/evenement\/greetings-from-the-great-camps-the-history-of-the-adirondack-vacation\/#breadcrumb"},"inLanguage":"es","potentialAction":[{"@type":"ReadAction","target":["https:\/\/www.theadkx.org\/fr\/evenement\/greetings-from-the-great-camps-the-history-of-the-adirondack-vacation\/"]}]},{"@type":"ImageObject","inLanguage":"es","@id":"https:\/\/www.theadkx.org\/fr\/evenement\/greetings-from-the-great-camps-the-history-of-the-adirondack-vacation\/#primaryimage","url":"https:\/\/www.theadkx.org\/wp-content\/uploads\/2025\/10\/1-14-COVER-IMAGE.png","contentUrl":"https:\/\/www.theadkx.org\/wp-content\/uploads\/2025\/10\/1-14-COVER-IMAGE.png","width":940,"height":788},{"@type":"BreadcrumbList","@id":"https:\/\/www.theadkx.org\/fr\/evenement\/greetings-from-the-great-camps-the-history-of-the-adirondack-vacation\/#breadcrumb","itemListElement":[{"@type":"ListItem","position":1,"name":"Home","item":"https:\/\/www.theadkx.org\/homepage\/"},{"@type":"ListItem","position":2,"name":"Events","item":"https:\/\/www.theadkx.org\/events\/"},{"@type":"ListItem","position":3,"name":"Greetings from the Great Camps: The History of the Adirondack Vacation"}]},{"@type":"WebSite","@id":"https:\/\/www.theadkx.org\/#website","url":"https:\/\/www.theadkx.org\/","name":"Experiencia Adirondack","description":"El Museo del Lago de la Monta\u00f1a Azul","publisher":{"@id":"https:\/\/www.theadkx.org\/#organization"},"potentialAction":[{"@type":"SearchAction","target":{"@type":"EntryPoint","urlTemplate":"https:\/\/www.theadkx.org\/?s={search_term_string}"},"query-input":{"@type":"PropertyValueSpecification","valueRequired":true,"valueName":"search_term_string"}}],"inLanguage":"es"},{"@type":"Organization","@id":"https:\/\/www.theadkx.org\/#organization","name":"Experiencia Adirondack, El Museo del Lago Blue Mountain","url":"https:\/\/www.theadkx.org\/","logo":{"@type":"ImageObject","inLanguage":"es","@id":"https:\/\/www.theadkx.org\/#\/schema\/logo\/image\/","url":"https:\/\/www.theadkx.org\/wp-content\/uploads\/2021\/03\/ADKX_LOGO.png","contentUrl":"https:\/\/www.theadkx.org\/wp-content\/uploads\/2021\/03\/ADKX_LOGO.png","width":440,"height":276,"caption":"Adirondack Experience, The Museum on Blue Mountain Lake"},"image":{"@id":"https:\/\/www.theadkx.org\/#\/schema\/logo\/image\/"},"sameAs":["https:\/\/www.facebook.com\/theADKX\/","https:\/\/x.com\/theadkx","https:\/\/www.instagram.com\/theadkx\/","https:\/\/www.youtube.com\/user\/AdirondackMuseum"]}]}},"_links":{"self":[{"href":"https:\/\/www.theadkx.org\/es\/wp-json\/wp\/v2\/tribe_events\/17418","targetHints":{"allow":["GET"]}}],"collection":[{"href":"https:\/\/www.theadkx.org\/es\/wp-json\/wp\/v2\/tribe_events"}],"about":[{"href":"https:\/\/www.theadkx.org\/es\/wp-json\/wp\/v2\/types\/tribe_events"}],"author":[{"embeddable":true,"href":"https:\/\/www.theadkx.org\/es\/wp-json\/wp\/v2\/users\/11"}],"version-history":[{"count":9,"href":"https:\/\/www.theadkx.org\/es\/wp-json\/wp\/v2\/tribe_events\/17418\/revisions"}],"predecessor-version":[{"id":17869,"href":"https:\/\/www.theadkx.org\/es\/wp-json\/wp\/v2\/tribe_events\/17418\/revisions\/17869"}],"wp:featuredmedia":[{"embeddable":true,"href":"https:\/\/www.theadkx.org\/es\/wp-json\/wp\/v2\/media\/17547"}],"wp:attachment":[{"href":"https:\/\/www.theadkx.org\/es\/wp-json\/wp\/v2\/media?parent=17418"}],"wp:term":[{"taxonomy":"post_tag","embeddable":true,"href":"https:\/\/www.theadkx.org\/es\/wp-json\/wp\/v2\/tags?post=17418"},{"taxonomy":"tribe_events_cat","embeddable":true,"href":"https:\/\/www.theadkx.org\/es\/wp-json\/wp\/v2\/tribe_events_cat?post=17418"}],"curies":[{"name":"wp","href":"https:\/\/api.w.org\/{rel}","templated":true}]}}