{"id":18853,"date":"2026-04-02T16:05:13","date_gmt":"2026-04-02T20:05:13","guid":{"rendered":"https:\/\/www.theadkx.org\/?post_type=tribe_events&#038;p=18853"},"modified":"2026-04-02T16:06:17","modified_gmt":"2026-04-02T20:06:17","slug":"una-tarde-con-una-chica-gibson","status":"publish","type":"tribe_events","link":"https:\/\/www.theadkx.org\/es\/event\/an-afternoon-with-a-gibson-girl\/","title":{"rendered":"Una tarde con una chica Gibson"},"content":{"rendered":"<h2>Pase la tarde con la historia de la poetisa de Adirondack Jeanne Robert Foster en un espect\u00e1culo unipersonal de 45 minutos que ilustra su vida y su obra.<\/h2>\n<p><strong>Modelo de las c\u00e9lebres \u201cGibson Girls\u201d de Charles Dana Gibson, la historia de Foster va mucho m\u00e1s all\u00e1 de las fotograf\u00edas que definieron el ideal de belleza de una generaci\u00f3n, desde sus humildes comienzos en Adirondacks hasta los salones literarios de Par\u00eds y m\u00e1s all\u00e1.<\/strong><\/p>\n<p>Esta actuaci\u00f3n es <em>incluido con la entrada al museo<\/em> y tendr\u00e1 lugar en el Marion River Carry Pavilion. Habr\u00e1 asientos para 40 personas por orden de llegada y tambi\u00e9n se podr\u00e1 asistir de pie. Se servir\u00e1 ponche. Traiga su mejor sombrilla y disfrute de una tarde descubriendo la historia de esta extraordinaria mujer de Adirondack.<\/p>\n<p>&nbsp;<\/p>\n<hr \/>\n<div  class=\"flex_column av_one_third  av-break-at-mobile flex_column_div ep-lazy-loaded first\" ><div class=\"flex-column-inner\"><p><img loading=\"lazy\" decoding=\"async\" class=\"wp-image-18856 alignleft\" src=\"https:\/\/www.theadkx.org\/wp-content\/uploads\/2026\/04\/Eileen-Mack-Headshot-.jpg\" alt=\"Una mujer con camisa negra y pendientes sonr\u00ede a la c\u00e1mara.\" width=\"236\" height=\"244\" srcset=\"https:\/\/www.theadkx.org\/wp-content\/uploads\/2026\/04\/Eileen-Mack-Headshot-.jpg 512w, https:\/\/www.theadkx.org\/wp-content\/uploads\/2026\/04\/Eileen-Mack-Headshot--289x300.jpg 289w, https:\/\/www.theadkx.org\/wp-content\/uploads\/2026\/04\/Eileen-Mack-Headshot--12x12.jpg 12w\" sizes=\"auto, (max-width: 236px) 100vw, 236px\" \/><\/p>\n<p><strong><\/p><\/div><\/div><div  class=\"flex_column av_two_third  av-break-at-mobile flex_column_div ep-lazy-loaded\" ><div class=\"flex-column-inner\"><p><\/strong><\/p>\n<h3>Eileen Mack<\/h3>\n<div class=\"fe-block fe-block-yui_3_17_2_1_1750266573459_12100\">\n<div id=\"block-yui_3_17_2_1_1750266573459_12100\" class=\"sqs-block html-block sqs-block-html\" data-blend-mode=\"NORMAL\" data-block-type=\"2\" data-border-radii=\"{&quot;topLeft&quot;:{&quot;unit&quot;:&quot;px&quot;,&quot;value&quot;:0.0},&quot;topRight&quot;:{&quot;unit&quot;:&quot;px&quot;,&quot;value&quot;:0.0},&quot;bottomLeft&quot;:{&quot;unit&quot;:&quot;px&quot;,&quot;value&quot;:0.0},&quot;bottomRight&quot;:{&quot;unit&quot;:&quot;px&quot;,&quot;value&quot;:0.0}}\" data-sqsp-block=\"text\">\n<div class=\"sqs-block-content\">\n<div class=\"sqs-html-content\" data-sqsp-text-block-content=\"\">\n<p>Eileen Egan Mack es una maestra narradora especializada en historias que reflejan la belleza y la maravilla del mundo natural. Residente en Latham (Nueva York), creci\u00f3 en el condado de Saratoga y se dedic\u00f3 a la educaci\u00f3n en North Country. Su espect\u00e1culo unipersonal \u201cLa voz de las monta\u00f1as\u201d refleja su reverencia por la naturaleza y su admiraci\u00f3n por la escritora, poetisa y artista nacida en Adirondack, Jeanne Robert Foster. El programa surgi\u00f3 de su afici\u00f3n a leer en voz alta obras del libro <em>Retratos de Adirondack: Un trozo de tiempo<\/em>. Eileen se sinti\u00f3 obligada a compartir la historia de Jeanne y las voces de las personas que la nativa de Adirondack conoci\u00f3 mientras crec\u00eda. De ah\u00ed surgi\u00f3 un programa de lecturas, cuentos y canciones.<\/p>\n<p>Como vocalista, a Eileen le encanta cantar est\u00e1ndares de jazz, canciones art\u00edsticas, m\u00fasica de Broadway, pop y folk, y es cantora en iglesias de la zona. Act\u00faa regularmente como cuentacuentos y como vocalista en la Regi\u00f3n Capital. Alumna de Michael Clement, comparte regularmente programas con el pianista y ha creado un homenaje musical especial a Katrina Trask, de Saratoga. Ha interpretado su programa \u201cElizabeth Schuyler Hamilton: Albany Girl\/American Girl\u201d a nivel regional y con los M\u00fasicos de Ma'alwyck. Est\u00e1 encantada de llevar al p\u00fablico las historias de Jeanne R. Foster y sus \u201cvecinos de ayer\u201d a trav\u00e9s de este viaje en el tiempo a la vida del siglo XIX en los Grandes Bosques del Norte.<\/p>\n<p class=\"\"><strong><u>\u00a0<\/u><\/strong><\/p>\n<\/div>\n<\/div>\n<\/div>\n<\/div><\/div><\/div><\/p>\n<p>&nbsp;<\/p>","protected":false},"excerpt":{"rendered":"<p>Spend the afternoon with the story of Adirondack poet Jeanne Robert Foster in a 45-minute one-woman show illuminating her life and work. A model for Charles Dana Gibson\u2019s celebrated \u201cGibson [&hellip;]<\/p>\n","protected":false},"author":11,"featured_media":18854,"template":"","meta":{"_acf_changed":false,"om_disable_all_campaigns":false,"_tribe_events_status":"","_tribe_events_status_reason":"","_tribe_events_is_hybrid":"","_tribe_events_is_virtual":"","_tribe_events_virtual_video_source":"","_tribe_events_virtual_embed_video":"","_tribe_events_virtual_linked_button_text":"","_tribe_events_virtual_linked_button":"","_tribe_events_virtual_show_embed_at":"","_tribe_events_virtual_show_embed_to":[],"_tribe_events_virtual_show_on_event":"","_tribe_events_virtual_show_on_views":"","_tribe_events_virtual_url":"","footnotes":""},"tags":[],"tribe_events_cat":[11],"class_list":["post-18853","tribe_events","type-tribe_events","status-publish","has-post-thumbnail","hentry","tribe_events_cat-event","cat_event"],"acf":[],"yoast_head":"<!-- This site is optimized with the Yoast SEO Premium plugin v22.8 (Yoast SEO v27.5) - https:\/\/yoast.com\/product\/yoast-seo-premium-wordpress\/ -->\n<title>An Afternoon with a Gibson Girl | Adirondack Experience<\/title>\n<meta name=\"robots\" content=\"index, follow, max-snippet:-1, max-image-preview:large, max-video-preview:-1\" \/>\n<link rel=\"canonical\" href=\"https:\/\/www.theadkx.org\/es\/evento\/una-tarde-con-una-chica-gibson\/\" \/>\n<meta property=\"og:locale\" content=\"es_ES\" \/>\n<meta property=\"og:type\" content=\"article\" \/>\n<meta property=\"og:title\" content=\"An Afternoon with a Gibson Girl\" \/>\n<meta property=\"og:description\" content=\"Spend the afternoon with the story of Adirondack poet Jeanne Robert Foster in a 45-minute one-woman show illuminating her life and work. A model for\" \/>\n<meta property=\"og:url\" content=\"https:\/\/www.theadkx.org\/es\/evento\/una-tarde-con-una-chica-gibson\/\" \/>\n<meta property=\"og:site_name\" content=\"Adirondack Experience\" \/>\n<meta property=\"article:publisher\" content=\"https:\/\/www.facebook.com\/theADKX\/\" \/>\n<meta property=\"article:modified_time\" content=\"2026-04-02T20:06:17+00:00\" \/>\n<meta property=\"og:image\" content=\"https:\/\/www.theadkx.org\/wp-content\/uploads\/2026\/04\/GIBSON-GIRL-WEB-FEATURED.png\" \/>\n\t<meta property=\"og:image:width\" content=\"940\" \/>\n\t<meta property=\"og:image:height\" content=\"788\" \/>\n\t<meta property=\"og:image:type\" content=\"image\/png\" \/>\n<meta name=\"twitter:card\" content=\"summary_large_image\" \/>\n<meta name=\"twitter:site\" content=\"@theadkx\" \/>\n<meta name=\"twitter:label1\" content=\"Tiempo de lectura\" \/>\n\t<meta name=\"twitter:data1\" content=\"2 minutos\" \/>\n<script type=\"application\/ld+json\" class=\"yoast-schema-graph\">{\"@context\":\"https:\\\/\\\/schema.org\",\"@graph\":[{\"@type\":\"WebPage\",\"@id\":\"https:\\\/\\\/www.theadkx.org\\\/event\\\/an-afternoon-with-a-gibson-girl\\\/\",\"url\":\"https:\\\/\\\/www.theadkx.org\\\/event\\\/an-afternoon-with-a-gibson-girl\\\/\",\"name\":\"An Afternoon with a Gibson Girl | Adirondack Experience\",\"isPartOf\":{\"@id\":\"https:\\\/\\\/www.theadkx.org\\\/#website\"},\"primaryImageOfPage\":{\"@id\":\"https:\\\/\\\/www.theadkx.org\\\/event\\\/an-afternoon-with-a-gibson-girl\\\/#primaryimage\"},\"image\":{\"@id\":\"https:\\\/\\\/www.theadkx.org\\\/event\\\/an-afternoon-with-a-gibson-girl\\\/#primaryimage\"},\"thumbnailUrl\":\"https:\\\/\\\/www.theadkx.org\\\/wp-content\\\/uploads\\\/2026\\\/04\\\/GIBSON-GIRL-WEB-FEATURED.png\",\"datePublished\":\"2026-04-02T20:05:13+00:00\",\"dateModified\":\"2026-04-02T20:06:17+00:00\",\"breadcrumb\":{\"@id\":\"https:\\\/\\\/www.theadkx.org\\\/event\\\/an-afternoon-with-a-gibson-girl\\\/#breadcrumb\"},\"inLanguage\":\"es\",\"potentialAction\":[{\"@type\":\"ReadAction\",\"target\":[\"https:\\\/\\\/www.theadkx.org\\\/event\\\/an-afternoon-with-a-gibson-girl\\\/\"]}]},{\"@type\":\"ImageObject\",\"inLanguage\":\"es\",\"@id\":\"https:\\\/\\\/www.theadkx.org\\\/event\\\/an-afternoon-with-a-gibson-girl\\\/#primaryimage\",\"url\":\"https:\\\/\\\/www.theadkx.org\\\/wp-content\\\/uploads\\\/2026\\\/04\\\/GIBSON-GIRL-WEB-FEATURED.png\",\"contentUrl\":\"https:\\\/\\\/www.theadkx.org\\\/wp-content\\\/uploads\\\/2026\\\/04\\\/GIBSON-GIRL-WEB-FEATURED.png\",\"width\":940,\"height\":788,\"caption\":\"A woman with long hair and a pensive expression.\"},{\"@type\":\"BreadcrumbList\",\"@id\":\"https:\\\/\\\/www.theadkx.org\\\/event\\\/an-afternoon-with-a-gibson-girl\\\/#breadcrumb\",\"itemListElement\":[{\"@type\":\"ListItem\",\"position\":1,\"name\":\"Home\",\"item\":\"https:\\\/\\\/www.theadkx.org\\\/homepage\\\/\"},{\"@type\":\"ListItem\",\"position\":2,\"name\":\"Events\",\"item\":\"https:\\\/\\\/www.theadkx.org\\\/events\\\/\"},{\"@type\":\"ListItem\",\"position\":3,\"name\":\"An Afternoon with a Gibson Girl\"}]},{\"@type\":\"WebSite\",\"@id\":\"https:\\\/\\\/www.theadkx.org\\\/#website\",\"url\":\"https:\\\/\\\/www.theadkx.org\\\/\",\"name\":\"Adirondack Experience\",\"description\":\"The Museum on Blue Mountain Lake\",\"publisher\":{\"@id\":\"https:\\\/\\\/www.theadkx.org\\\/#organization\"},\"potentialAction\":[{\"@type\":\"SearchAction\",\"target\":{\"@type\":\"EntryPoint\",\"urlTemplate\":\"https:\\\/\\\/www.theadkx.org\\\/?s={search_term_string}\"},\"query-input\":{\"@type\":\"PropertyValueSpecification\",\"valueRequired\":true,\"valueName\":\"search_term_string\"}}],\"inLanguage\":\"es\"},{\"@type\":\"Organization\",\"@id\":\"https:\\\/\\\/www.theadkx.org\\\/#organization\",\"name\":\"Adirondack Experience, The Museum on Blue Mountain Lake\",\"url\":\"https:\\\/\\\/www.theadkx.org\\\/\",\"logo\":{\"@type\":\"ImageObject\",\"inLanguage\":\"es\",\"@id\":\"https:\\\/\\\/www.theadkx.org\\\/#\\\/schema\\\/logo\\\/image\\\/\",\"url\":\"https:\\\/\\\/www.theadkx.org\\\/wp-content\\\/uploads\\\/2021\\\/03\\\/ADKX_LOGO.png\",\"contentUrl\":\"https:\\\/\\\/www.theadkx.org\\\/wp-content\\\/uploads\\\/2021\\\/03\\\/ADKX_LOGO.png\",\"width\":440,\"height\":276,\"caption\":\"Adirondack Experience, The Museum on Blue Mountain Lake\"},\"image\":{\"@id\":\"https:\\\/\\\/www.theadkx.org\\\/#\\\/schema\\\/logo\\\/image\\\/\"},\"sameAs\":[\"https:\\\/\\\/www.facebook.com\\\/theADKX\\\/\",\"https:\\\/\\\/x.com\\\/theadkx\",\"https:\\\/\\\/www.instagram.com\\\/theadkx\\\/\",\"https:\\\/\\\/www.youtube.com\\\/user\\\/AdirondackMuseum\"]}]}<\/script>\n<!-- \/ Yoast SEO Premium plugin. -->","yoast_head_json":{"title":"Una tarde con una Gibson Girl | Adirondack Experience","robots":{"index":"index","follow":"follow","max-snippet":"max-snippet:-1","max-image-preview":"max-image-preview:large","max-video-preview":"max-video-preview:-1"},"canonical":"https:\/\/www.theadkx.org\/es\/evento\/una-tarde-con-una-chica-gibson\/","og_locale":"es_ES","og_type":"article","og_title":"An Afternoon with a Gibson Girl","og_description":"Spend the afternoon with the story of Adirondack poet Jeanne Robert Foster in a 45-minute one-woman show illuminating her life and work. A model for","og_url":"https:\/\/www.theadkx.org\/es\/evento\/una-tarde-con-una-chica-gibson\/","og_site_name":"Adirondack Experience","article_publisher":"https:\/\/www.facebook.com\/theADKX\/","article_modified_time":"2026-04-02T20:06:17+00:00","og_image":[{"width":940,"height":788,"url":"https:\/\/www.theadkx.org\/wp-content\/uploads\/2026\/04\/GIBSON-GIRL-WEB-FEATURED.png","type":"image\/png"}],"twitter_card":"summary_large_image","twitter_site":"@theadkx","twitter_misc":{"Tiempo de lectura":"2 minutos"},"schema":{"@context":"https:\/\/schema.org","@graph":[{"@type":"WebPage","@id":"https:\/\/www.theadkx.org\/event\/an-afternoon-with-a-gibson-girl\/","url":"https:\/\/www.theadkx.org\/event\/an-afternoon-with-a-gibson-girl\/","name":"Una tarde con una Gibson Girl | Adirondack Experience","isPartOf":{"@id":"https:\/\/www.theadkx.org\/#website"},"primaryImageOfPage":{"@id":"https:\/\/www.theadkx.org\/event\/an-afternoon-with-a-gibson-girl\/#primaryimage"},"image":{"@id":"https:\/\/www.theadkx.org\/event\/an-afternoon-with-a-gibson-girl\/#primaryimage"},"thumbnailUrl":"https:\/\/www.theadkx.org\/wp-content\/uploads\/2026\/04\/GIBSON-GIRL-WEB-FEATURED.png","datePublished":"2026-04-02T20:05:13+00:00","dateModified":"2026-04-02T20:06:17+00:00","breadcrumb":{"@id":"https:\/\/www.theadkx.org\/event\/an-afternoon-with-a-gibson-girl\/#breadcrumb"},"inLanguage":"es","potentialAction":[{"@type":"ReadAction","target":["https:\/\/www.theadkx.org\/event\/an-afternoon-with-a-gibson-girl\/"]}]},{"@type":"ImageObject","inLanguage":"es","@id":"https:\/\/www.theadkx.org\/event\/an-afternoon-with-a-gibson-girl\/#primaryimage","url":"https:\/\/www.theadkx.org\/wp-content\/uploads\/2026\/04\/GIBSON-GIRL-WEB-FEATURED.png","contentUrl":"https:\/\/www.theadkx.org\/wp-content\/uploads\/2026\/04\/GIBSON-GIRL-WEB-FEATURED.png","width":940,"height":788,"caption":"A woman with long hair and a pensive expression."},{"@type":"BreadcrumbList","@id":"https:\/\/www.theadkx.org\/event\/an-afternoon-with-a-gibson-girl\/#breadcrumb","itemListElement":[{"@type":"ListItem","position":1,"name":"Home","item":"https:\/\/www.theadkx.org\/homepage\/"},{"@type":"ListItem","position":2,"name":"Events","item":"https:\/\/www.theadkx.org\/events\/"},{"@type":"ListItem","position":3,"name":"An Afternoon with a Gibson Girl"}]},{"@type":"WebSite","@id":"https:\/\/www.theadkx.org\/#website","url":"https:\/\/www.theadkx.org\/","name":"Experiencia Adirondack","description":"El Museo del Lago de la Monta\u00f1a Azul","publisher":{"@id":"https:\/\/www.theadkx.org\/#organization"},"potentialAction":[{"@type":"SearchAction","target":{"@type":"EntryPoint","urlTemplate":"https:\/\/www.theadkx.org\/?s={search_term_string}"},"query-input":{"@type":"PropertyValueSpecification","valueRequired":true,"valueName":"search_term_string"}}],"inLanguage":"es"},{"@type":"Organization","@id":"https:\/\/www.theadkx.org\/#organization","name":"Experiencia Adirondack, El Museo del Lago Blue Mountain","url":"https:\/\/www.theadkx.org\/","logo":{"@type":"ImageObject","inLanguage":"es","@id":"https:\/\/www.theadkx.org\/#\/schema\/logo\/image\/","url":"https:\/\/www.theadkx.org\/wp-content\/uploads\/2021\/03\/ADKX_LOGO.png","contentUrl":"https:\/\/www.theadkx.org\/wp-content\/uploads\/2021\/03\/ADKX_LOGO.png","width":440,"height":276,"caption":"Adirondack Experience, The Museum on Blue Mountain Lake"},"image":{"@id":"https:\/\/www.theadkx.org\/#\/schema\/logo\/image\/"},"sameAs":["https:\/\/www.facebook.com\/theADKX\/","https:\/\/x.com\/theadkx","https:\/\/www.instagram.com\/theadkx\/","https:\/\/www.youtube.com\/user\/AdirondackMuseum"]}]}},"_links":{"self":[{"href":"https:\/\/www.theadkx.org\/es\/wp-json\/wp\/v2\/tribe_events\/18853","targetHints":{"allow":["GET"]}}],"collection":[{"href":"https:\/\/www.theadkx.org\/es\/wp-json\/wp\/v2\/tribe_events"}],"about":[{"href":"https:\/\/www.theadkx.org\/es\/wp-json\/wp\/v2\/types\/tribe_events"}],"author":[{"embeddable":true,"href":"https:\/\/www.theadkx.org\/es\/wp-json\/wp\/v2\/users\/11"}],"version-history":[{"count":2,"href":"https:\/\/www.theadkx.org\/es\/wp-json\/wp\/v2\/tribe_events\/18853\/revisions"}],"predecessor-version":[{"id":18917,"href":"https:\/\/www.theadkx.org\/es\/wp-json\/wp\/v2\/tribe_events\/18853\/revisions\/18917"}],"wp:featuredmedia":[{"embeddable":true,"href":"https:\/\/www.theadkx.org\/es\/wp-json\/wp\/v2\/media\/18854"}],"wp:attachment":[{"href":"https:\/\/www.theadkx.org\/es\/wp-json\/wp\/v2\/media?parent=18853"}],"wp:term":[{"taxonomy":"post_tag","embeddable":true,"href":"https:\/\/www.theadkx.org\/es\/wp-json\/wp\/v2\/tags?post=18853"},{"taxonomy":"tribe_events_cat","embeddable":true,"href":"https:\/\/www.theadkx.org\/es\/wp-json\/wp\/v2\/tribe_events_cat?post=18853"}],"curies":[{"name":"wp","href":"https:\/\/api.w.org\/{rel}","templated":true}]}}