{"id":19064,"date":"2026-04-07T16:05:29","date_gmt":"2026-04-07T20:05:29","guid":{"rendered":"https:\/\/www.theadkx.org\/?post_type=tribe_events&#038;p=19064"},"modified":"2026-04-07T16:13:18","modified_gmt":"2026-04-07T20:13:18","slug":"trabajando-todos-los-angulos-taller-de-fotografia-con-carl-heilman-ii","status":"publish","type":"tribe_events","link":"https:\/\/www.theadkx.org\/es\/event\/working-all-the-angles-photography-workshop-with-carl-heilman-ii\/","title":{"rendered":"Taller de fotograf\u00eda Working All the Angles con Carl Heilman II"},"content":{"rendered":"<h2>\u00danase al fot\u00f3grafo de Adirondack, Carl Heilman II, en un taller de fotograf\u00eda de un d\u00eda de duraci\u00f3n que le ayudar\u00e1 a explorar una serie de opciones de disparo para ampliar su creatividad fotogr\u00e1fica.<\/h2>\n<p>El d\u00eda comenzar\u00e1 con un debate matutino en el aula en el que trataremos las opciones de configuraci\u00f3n de la c\u00e1mara, adem\u00e1s de detalles y preguntas sobre los principios b\u00e1sicos de la fotograf\u00eda: exposici\u00f3n, movimiento y profundidad de campo. Carl tambi\u00e9n hablar\u00e1 de la composici\u00f3n fotogr\u00e1fica y de las opciones de equipo y objetivos para ayudar a los asistentes a explorar m\u00e1s f\u00e1cilmente los distintos \u00e1ngulos de disparo cuando se encuentren en el lugar.<\/p>\n<p>Durante la tarde experimentaremos con las t\u00e9cnicas cubiertas junto con diferentes formas de mirar a los sujetos mientras recorremos varias exposiciones por el recinto del museo. Tambi\u00e9n caminaremos por el sendero hasta el pintoresco Minnow Pond, siempre que el tiempo acompa\u00f1e.<\/p>\n<p><strong>Los participantes deber\u00e1n llevar c\u00e1mara, tr\u00edpode, diversos objetivos y distancias focales, desde gran angular a teleobjetivo, equipo de primeros planos (macro) y, tal vez, un filtro ND s\u00f3lido.<\/strong> No hay requisitos espec\u00edficos, pero una gama m\u00e1s amplia de opciones de equipo ofrecer\u00e1 una mayor variedad de opciones creativas de disparo. (Por ejemplo, en su bolsa de c\u00e1mara est\u00e1ndar, Carl lleva 2 cuerpos de c\u00e1mara DSLR sin espejo, unos zooms 14-24, 24-120, 70-300, un objetivo ojo de pez de 16 mm para \u00e1ngulos de disparo \u00fanicos, tubos de extensi\u00f3n para opciones de primeros planos y un filtro ND s\u00f3lido variable).<\/p>\n<ul>\n<li>\u2192Taller abierto a todas las capacidades.<\/li>\n<li>\u2192Se invita a los participantes a traer comida y tentempi\u00e9s para el d\u00eda. Tambi\u00e9n se pueden comprar almuerzos en el Lake View Caf\u00e9.<\/li>\n<li>\u2192La entrada al museo est\u00e1 incluida en el precio del taller.<\/li>\n<li>\u2192Todos los participantes deber\u00e1n llevar sus propias bebidas y\/o botellas de agua para la jornada.<\/li>\n<li>\u2192Se recomienda encarecidamente llevar calzado resistente para caminar por los senderos.<\/li>\n<\/ul>\n<p><strong>Carl Heilman<\/strong> es un fot\u00f3grafo y autor publicado internacionalmente que lleva fotografiando los Adirondacks desde 1975. Comenz\u00f3 a escalar los High Peaks con un par de raquetas de nieve artesanales en la d\u00e9cada de 1970 y sigue explorando y fotografiando las monta\u00f1as y los lagos, mientras persigue su pasi\u00f3n por retratar la belleza \u00fanica del Parque Adirondack - y compartir sus d\u00e9cadas de experiencia fotogr\u00e1fica con otros en sus talleres de fotograf\u00eda y tours, libros de mesa de caf\u00e9, y libros de fotograf\u00eda c\u00f3mo-a.<\/p>","protected":false},"excerpt":{"rendered":"<p>Join Adirondack photographer, Carl Heilman II, for a daylong photography workshop that will help inspire you to explore a range of shooting options to expand your photographic creativity. The day [&hellip;]<\/p>\n","protected":false},"author":11,"featured_media":19066,"template":"","meta":{"_acf_changed":false,"om_disable_all_campaigns":false,"_tribe_events_status":"","_tribe_events_status_reason":"","_tribe_events_is_hybrid":"","_tribe_events_is_virtual":"","_tribe_events_virtual_video_source":"","_tribe_events_virtual_embed_video":"","_tribe_events_virtual_linked_button_text":"","_tribe_events_virtual_linked_button":"","_tribe_events_virtual_show_embed_at":"","_tribe_events_virtual_show_embed_to":[],"_tribe_events_virtual_show_on_event":"","_tribe_events_virtual_show_on_views":"","_tribe_events_virtual_url":"","footnotes":""},"tags":[],"tribe_events_cat":[7],"class_list":["post-19064","tribe_events","type-tribe_events","status-publish","has-post-thumbnail","hentry","tribe_events_cat-workshop","cat_workshop"],"acf":[],"yoast_head":"<!-- This site is optimized with the Yoast SEO Premium plugin v22.8 (Yoast SEO v27.5) - https:\/\/yoast.com\/product\/yoast-seo-premium-wordpress\/ -->\n<title>Working All the Angles Photography Workshop with Carl Heilman II | Adirondack Experience<\/title>\n<meta name=\"robots\" content=\"index, follow, max-snippet:-1, max-image-preview:large, max-video-preview:-1\" \/>\n<link rel=\"canonical\" href=\"https:\/\/www.theadkx.org\/es\/evento\/trabajando-todos-los-angulos-taller-de-fotografia-con-carl-heilman-ii\/\" \/>\n<meta property=\"og:locale\" content=\"es_ES\" \/>\n<meta property=\"og:type\" content=\"article\" \/>\n<meta property=\"og:title\" content=\"Working All the Angles Photography Workshop with Carl Heilman II\" \/>\n<meta property=\"og:description\" content=\"Join Adirondack photographer, Carl Heilman II, for a daylong photography workshop that will help inspire you to explore a range of shooting options to\" \/>\n<meta property=\"og:url\" content=\"https:\/\/www.theadkx.org\/es\/evento\/trabajando-todos-los-angulos-taller-de-fotografia-con-carl-heilman-ii\/\" \/>\n<meta property=\"og:site_name\" content=\"Adirondack Experience\" \/>\n<meta property=\"article:publisher\" content=\"https:\/\/www.facebook.com\/theADKX\/\" \/>\n<meta property=\"article:modified_time\" content=\"2026-04-07T20:13:18+00:00\" \/>\n<meta property=\"og:image\" content=\"https:\/\/www.theadkx.org\/wp-content\/uploads\/2026\/04\/PHOTOGRAPHY-WEB-FEATURED.png\" \/>\n\t<meta property=\"og:image:width\" content=\"940\" \/>\n\t<meta property=\"og:image:height\" content=\"788\" \/>\n\t<meta property=\"og:image:type\" content=\"image\/png\" \/>\n<meta name=\"twitter:card\" content=\"summary_large_image\" \/>\n<meta name=\"twitter:site\" content=\"@theadkx\" \/>\n<meta name=\"twitter:label1\" content=\"Tiempo de lectura\" \/>\n\t<meta name=\"twitter:data1\" content=\"2 minutos\" \/>\n<script type=\"application\/ld+json\" class=\"yoast-schema-graph\">{\"@context\":\"https:\\\/\\\/schema.org\",\"@graph\":[{\"@type\":\"WebPage\",\"@id\":\"https:\\\/\\\/www.theadkx.org\\\/event\\\/working-all-the-angles-photography-workshop-with-carl-heilman-ii\\\/\",\"url\":\"https:\\\/\\\/www.theadkx.org\\\/event\\\/working-all-the-angles-photography-workshop-with-carl-heilman-ii\\\/\",\"name\":\"Working All the Angles Photography Workshop with Carl Heilman II | Adirondack Experience\",\"isPartOf\":{\"@id\":\"https:\\\/\\\/www.theadkx.org\\\/#website\"},\"primaryImageOfPage\":{\"@id\":\"https:\\\/\\\/www.theadkx.org\\\/event\\\/working-all-the-angles-photography-workshop-with-carl-heilman-ii\\\/#primaryimage\"},\"image\":{\"@id\":\"https:\\\/\\\/www.theadkx.org\\\/event\\\/working-all-the-angles-photography-workshop-with-carl-heilman-ii\\\/#primaryimage\"},\"thumbnailUrl\":\"https:\\\/\\\/www.theadkx.org\\\/wp-content\\\/uploads\\\/2026\\\/04\\\/PHOTOGRAPHY-WEB-FEATURED.png\",\"datePublished\":\"2026-04-07T20:05:29+00:00\",\"dateModified\":\"2026-04-07T20:13:18+00:00\",\"breadcrumb\":{\"@id\":\"https:\\\/\\\/www.theadkx.org\\\/event\\\/working-all-the-angles-photography-workshop-with-carl-heilman-ii\\\/#breadcrumb\"},\"inLanguage\":\"es\",\"potentialAction\":[{\"@type\":\"ReadAction\",\"target\":[\"https:\\\/\\\/www.theadkx.org\\\/event\\\/working-all-the-angles-photography-workshop-with-carl-heilman-ii\\\/\"]}]},{\"@type\":\"ImageObject\",\"inLanguage\":\"es\",\"@id\":\"https:\\\/\\\/www.theadkx.org\\\/event\\\/working-all-the-angles-photography-workshop-with-carl-heilman-ii\\\/#primaryimage\",\"url\":\"https:\\\/\\\/www.theadkx.org\\\/wp-content\\\/uploads\\\/2026\\\/04\\\/PHOTOGRAPHY-WEB-FEATURED.png\",\"contentUrl\":\"https:\\\/\\\/www.theadkx.org\\\/wp-content\\\/uploads\\\/2026\\\/04\\\/PHOTOGRAPHY-WEB-FEATURED.png\",\"width\":940,\"height\":788},{\"@type\":\"BreadcrumbList\",\"@id\":\"https:\\\/\\\/www.theadkx.org\\\/event\\\/working-all-the-angles-photography-workshop-with-carl-heilman-ii\\\/#breadcrumb\",\"itemListElement\":[{\"@type\":\"ListItem\",\"position\":1,\"name\":\"Home\",\"item\":\"https:\\\/\\\/www.theadkx.org\\\/homepage\\\/\"},{\"@type\":\"ListItem\",\"position\":2,\"name\":\"Events\",\"item\":\"https:\\\/\\\/www.theadkx.org\\\/events\\\/\"},{\"@type\":\"ListItem\",\"position\":3,\"name\":\"Working All the Angles Photography Workshop with Carl Heilman II\"}]},{\"@type\":\"WebSite\",\"@id\":\"https:\\\/\\\/www.theadkx.org\\\/#website\",\"url\":\"https:\\\/\\\/www.theadkx.org\\\/\",\"name\":\"Adirondack Experience\",\"description\":\"The Museum on Blue Mountain Lake\",\"publisher\":{\"@id\":\"https:\\\/\\\/www.theadkx.org\\\/#organization\"},\"potentialAction\":[{\"@type\":\"SearchAction\",\"target\":{\"@type\":\"EntryPoint\",\"urlTemplate\":\"https:\\\/\\\/www.theadkx.org\\\/?s={search_term_string}\"},\"query-input\":{\"@type\":\"PropertyValueSpecification\",\"valueRequired\":true,\"valueName\":\"search_term_string\"}}],\"inLanguage\":\"es\"},{\"@type\":\"Organization\",\"@id\":\"https:\\\/\\\/www.theadkx.org\\\/#organization\",\"name\":\"Adirondack Experience, The Museum on Blue Mountain Lake\",\"url\":\"https:\\\/\\\/www.theadkx.org\\\/\",\"logo\":{\"@type\":\"ImageObject\",\"inLanguage\":\"es\",\"@id\":\"https:\\\/\\\/www.theadkx.org\\\/#\\\/schema\\\/logo\\\/image\\\/\",\"url\":\"https:\\\/\\\/www.theadkx.org\\\/wp-content\\\/uploads\\\/2021\\\/03\\\/ADKX_LOGO.png\",\"contentUrl\":\"https:\\\/\\\/www.theadkx.org\\\/wp-content\\\/uploads\\\/2021\\\/03\\\/ADKX_LOGO.png\",\"width\":440,\"height\":276,\"caption\":\"Adirondack Experience, The Museum on Blue Mountain Lake\"},\"image\":{\"@id\":\"https:\\\/\\\/www.theadkx.org\\\/#\\\/schema\\\/logo\\\/image\\\/\"},\"sameAs\":[\"https:\\\/\\\/www.facebook.com\\\/theADKX\\\/\",\"https:\\\/\\\/x.com\\\/theadkx\",\"https:\\\/\\\/www.instagram.com\\\/theadkx\\\/\",\"https:\\\/\\\/www.youtube.com\\\/user\\\/AdirondackMuseum\"]}]}<\/script>\n<!-- \/ Yoast SEO Premium plugin. -->","yoast_head_json":{"title":"Taller de fotograf\u00eda Working All the Angles con Carl Heilman II | Adirondack Experience","robots":{"index":"index","follow":"follow","max-snippet":"max-snippet:-1","max-image-preview":"max-image-preview:large","max-video-preview":"max-video-preview:-1"},"canonical":"https:\/\/www.theadkx.org\/es\/evento\/trabajando-todos-los-angulos-taller-de-fotografia-con-carl-heilman-ii\/","og_locale":"es_ES","og_type":"article","og_title":"Working All the Angles Photography Workshop with Carl Heilman II","og_description":"Join Adirondack photographer, Carl Heilman II, for a daylong photography workshop that will help inspire you to explore a range of shooting options to","og_url":"https:\/\/www.theadkx.org\/es\/evento\/trabajando-todos-los-angulos-taller-de-fotografia-con-carl-heilman-ii\/","og_site_name":"Adirondack Experience","article_publisher":"https:\/\/www.facebook.com\/theADKX\/","article_modified_time":"2026-04-07T20:13:18+00:00","og_image":[{"width":940,"height":788,"url":"https:\/\/www.theadkx.org\/wp-content\/uploads\/2026\/04\/PHOTOGRAPHY-WEB-FEATURED.png","type":"image\/png"}],"twitter_card":"summary_large_image","twitter_site":"@theadkx","twitter_misc":{"Tiempo de lectura":"2 minutos"},"schema":{"@context":"https:\/\/schema.org","@graph":[{"@type":"WebPage","@id":"https:\/\/www.theadkx.org\/event\/working-all-the-angles-photography-workshop-with-carl-heilman-ii\/","url":"https:\/\/www.theadkx.org\/event\/working-all-the-angles-photography-workshop-with-carl-heilman-ii\/","name":"Taller de fotograf\u00eda Working All the Angles con Carl Heilman II | Adirondack Experience","isPartOf":{"@id":"https:\/\/www.theadkx.org\/#website"},"primaryImageOfPage":{"@id":"https:\/\/www.theadkx.org\/event\/working-all-the-angles-photography-workshop-with-carl-heilman-ii\/#primaryimage"},"image":{"@id":"https:\/\/www.theadkx.org\/event\/working-all-the-angles-photography-workshop-with-carl-heilman-ii\/#primaryimage"},"thumbnailUrl":"https:\/\/www.theadkx.org\/wp-content\/uploads\/2026\/04\/PHOTOGRAPHY-WEB-FEATURED.png","datePublished":"2026-04-07T20:05:29+00:00","dateModified":"2026-04-07T20:13:18+00:00","breadcrumb":{"@id":"https:\/\/www.theadkx.org\/event\/working-all-the-angles-photography-workshop-with-carl-heilman-ii\/#breadcrumb"},"inLanguage":"es","potentialAction":[{"@type":"ReadAction","target":["https:\/\/www.theadkx.org\/event\/working-all-the-angles-photography-workshop-with-carl-heilman-ii\/"]}]},{"@type":"ImageObject","inLanguage":"es","@id":"https:\/\/www.theadkx.org\/event\/working-all-the-angles-photography-workshop-with-carl-heilman-ii\/#primaryimage","url":"https:\/\/www.theadkx.org\/wp-content\/uploads\/2026\/04\/PHOTOGRAPHY-WEB-FEATURED.png","contentUrl":"https:\/\/www.theadkx.org\/wp-content\/uploads\/2026\/04\/PHOTOGRAPHY-WEB-FEATURED.png","width":940,"height":788},{"@type":"BreadcrumbList","@id":"https:\/\/www.theadkx.org\/event\/working-all-the-angles-photography-workshop-with-carl-heilman-ii\/#breadcrumb","itemListElement":[{"@type":"ListItem","position":1,"name":"Home","item":"https:\/\/www.theadkx.org\/homepage\/"},{"@type":"ListItem","position":2,"name":"Events","item":"https:\/\/www.theadkx.org\/events\/"},{"@type":"ListItem","position":3,"name":"Working All the Angles Photography Workshop with Carl Heilman II"}]},{"@type":"WebSite","@id":"https:\/\/www.theadkx.org\/#website","url":"https:\/\/www.theadkx.org\/","name":"Experiencia Adirondack","description":"El Museo del Lago de la Monta\u00f1a Azul","publisher":{"@id":"https:\/\/www.theadkx.org\/#organization"},"potentialAction":[{"@type":"SearchAction","target":{"@type":"EntryPoint","urlTemplate":"https:\/\/www.theadkx.org\/?s={search_term_string}"},"query-input":{"@type":"PropertyValueSpecification","valueRequired":true,"valueName":"search_term_string"}}],"inLanguage":"es"},{"@type":"Organization","@id":"https:\/\/www.theadkx.org\/#organization","name":"Experiencia Adirondack, El Museo del Lago Blue Mountain","url":"https:\/\/www.theadkx.org\/","logo":{"@type":"ImageObject","inLanguage":"es","@id":"https:\/\/www.theadkx.org\/#\/schema\/logo\/image\/","url":"https:\/\/www.theadkx.org\/wp-content\/uploads\/2021\/03\/ADKX_LOGO.png","contentUrl":"https:\/\/www.theadkx.org\/wp-content\/uploads\/2021\/03\/ADKX_LOGO.png","width":440,"height":276,"caption":"Adirondack Experience, The Museum on Blue Mountain Lake"},"image":{"@id":"https:\/\/www.theadkx.org\/#\/schema\/logo\/image\/"},"sameAs":["https:\/\/www.facebook.com\/theADKX\/","https:\/\/x.com\/theadkx","https:\/\/www.instagram.com\/theadkx\/","https:\/\/www.youtube.com\/user\/AdirondackMuseum"]}]}},"_links":{"self":[{"href":"https:\/\/www.theadkx.org\/es\/wp-json\/wp\/v2\/tribe_events\/19064","targetHints":{"allow":["GET"]}}],"collection":[{"href":"https:\/\/www.theadkx.org\/es\/wp-json\/wp\/v2\/tribe_events"}],"about":[{"href":"https:\/\/www.theadkx.org\/es\/wp-json\/wp\/v2\/types\/tribe_events"}],"author":[{"embeddable":true,"href":"https:\/\/www.theadkx.org\/es\/wp-json\/wp\/v2\/users\/11"}],"version-history":[{"count":2,"href":"https:\/\/www.theadkx.org\/es\/wp-json\/wp\/v2\/tribe_events\/19064\/revisions"}],"predecessor-version":[{"id":19070,"href":"https:\/\/www.theadkx.org\/es\/wp-json\/wp\/v2\/tribe_events\/19064\/revisions\/19070"}],"wp:featuredmedia":[{"embeddable":true,"href":"https:\/\/www.theadkx.org\/es\/wp-json\/wp\/v2\/media\/19066"}],"wp:attachment":[{"href":"https:\/\/www.theadkx.org\/es\/wp-json\/wp\/v2\/media?parent=19064"}],"wp:term":[{"taxonomy":"post_tag","embeddable":true,"href":"https:\/\/www.theadkx.org\/es\/wp-json\/wp\/v2\/tags?post=19064"},{"taxonomy":"tribe_events_cat","embeddable":true,"href":"https:\/\/www.theadkx.org\/es\/wp-json\/wp\/v2\/tribe_events_cat?post=19064"}],"curies":[{"name":"wp","href":"https:\/\/api.w.org\/{rel}","templated":true}]}}