{"id":329,"date":"2021-03-13T06:23:36","date_gmt":"2021-03-13T06:23:36","guid":{"rendered":"http:\/\/www.theadkx.org\/?post_type=tribe_events&#038;p=329"},"modified":"2025-07-11T11:33:38","modified_gmt":"2025-07-11T15:33:38","slug":"gala-benefica-y-premio-harold-k-hochschild","status":"publish","type":"tribe_events","link":"https:\/\/www.theadkx.org\/es\/event\/benefit-gala-and-harold-k-hochschild-award\/","title":{"rendered":"Gala ben\u00e9fica y Premio Harold K. Hochschild"},"content":{"rendered":"<p>La Gala de la Experiencia Adirondack, adem\u00e1s de ser una noche fant\u00e1stica, es tambi\u00e9n la principal actividad de recaudaci\u00f3n de fondos que el museo celebra cada a\u00f1o. Durante el acto, el museo reconocer\u00e1 a los <strong>Fundaci\u00f3n Comunitaria Adirondack y Cali Brooks <\/strong>con el prestigioso premio Harold K. Hochschild.<\/p>\n<p>El recinto del museo estar\u00e1 abierto en exclusiva para los asistentes a la Gala a partir de las 17.00 horas para que puedan explorar las exposiciones especiales. El programa de la noche comenzar\u00e1 a las 18.00 horas. \u00danase a nosotros para celebrar los Adirondacks durante esta memorable velada.<\/p>\n<p><span style=\"color: #008000;\"><strong>Para obtener informaci\u00f3n sobre las entradas, p\u00f3ngase en contacto con la Oficina de Promoci\u00f3n Institucional en el tel\u00e9fono (518) 352-7311, ext. 119.<\/strong><\/span><\/p>\n<p><strong><a href=\"https:\/\/online.fliphtml5.com\/hrgoy\/emgz\/\">Haga clic aqu\u00ed<\/a><\/strong> para abrir los art\u00edculos de la subasta en pantalla completa<\/p>\n<div style=\"position: relative; padding-top: max(60%,324px); width: 100%; height: 0;\"><iframe style=\"position: absolute; border: none; width: 100%; height: 100%; left: 0; top: 0;\" src=\"https:\/\/online.fliphtml5.com\/hrgoy\/emgz\/\" frameborder=\"0\" scrolling=\"no\" seamless=\"seamless\" allowfullscreen=\"allowfullscreen\"><\/iframe><\/div>\n<p>&nbsp;<\/p>\n<p>&nbsp;<\/p>\n<p>&nbsp;<\/p>\n<p>&nbsp;<\/p>\n<p>&nbsp;<\/p>\n<h3>Ubicaci\u00f3n:<\/h3>\n<p>La experiencia Adirondack<br \/>\n9097 Ruta estatal 30<br \/>\nLago de la Monta\u00f1a Azul, NY 12812<\/p>","protected":false},"excerpt":{"rendered":"<p>The Adirondack Experience\u2019s Gala, while being a blast of a night, is also the one major fundraiser the museum holds each year. During the event, the museum will be recognizing [&hellip;]<\/p>\n","protected":false},"author":4,"featured_media":15751,"template":"","meta":{"_acf_changed":false,"om_disable_all_campaigns":false,"_tribe_events_status":"","_tribe_events_status_reason":"","_tribe_events_is_hybrid":"","_tribe_events_is_virtual":"","_tribe_events_virtual_video_source":"","_tribe_events_virtual_embed_video":"","_tribe_events_virtual_linked_button_text":"","_tribe_events_virtual_linked_button":"","_tribe_events_virtual_show_embed_at":"","_tribe_events_virtual_show_embed_to":[],"_tribe_events_virtual_show_on_event":"","_tribe_events_virtual_show_on_views":"","_tribe_events_virtual_url":"","footnotes":""},"tags":[],"tribe_events_cat":[12],"class_list":["post-329","tribe_events","type-tribe_events","status-publish","has-post-thumbnail","hentry","tribe_events_cat-fundraiser","cat_fundraiser"],"acf":[],"yoast_head":"<!-- This site is optimized with the Yoast SEO Premium plugin v22.8 (Yoast SEO v27.5) - https:\/\/yoast.com\/product\/yoast-seo-premium-wordpress\/ -->\n<title>Benefit Gala &amp; Harold K. Hochschild Award | Adirondack Experience<\/title>\n<meta name=\"description\" content=\"The Adirondack Experience\u2019s Gala, while being a blast of a night, is also the one major fundraiser the museum holds each year. During the event, the museum will be recognizing the Adirondack Community Foundation and Cali Brooks with the prestigious Harold K. Hochschild Award.\" \/>\n<meta name=\"robots\" content=\"index, follow, max-snippet:-1, max-image-preview:large, max-video-preview:-1\" \/>\n<link rel=\"canonical\" href=\"https:\/\/www.theadkx.org\/es\/evento\/gala-benefica-y-premio-harold-k-hochschild\/\" \/>\n<meta property=\"og:locale\" content=\"es_ES\" \/>\n<meta property=\"og:type\" content=\"article\" \/>\n<meta property=\"og:title\" content=\"Benefit Gala &amp; Harold K. Hochschild Award\" \/>\n<meta property=\"og:description\" content=\"The Adirondack Experience\u2019s Gala, while being a blast of a night, is also the one major fundraiser the museum holds each year. During the event, the\" \/>\n<meta property=\"og:url\" content=\"https:\/\/www.theadkx.org\/es\/evento\/gala-benefica-y-premio-harold-k-hochschild\/\" \/>\n<meta property=\"og:site_name\" content=\"Adirondack Experience\" \/>\n<meta property=\"article:publisher\" content=\"https:\/\/www.facebook.com\/theADKX\/\" \/>\n<meta property=\"article:modified_time\" content=\"2025-07-11T15:33:38+00:00\" \/>\n<meta property=\"og:image\" content=\"https:\/\/www.theadkx.org\/wp-content\/uploads\/2021\/03\/MHH_5102.jpg\" \/>\n\t<meta property=\"og:image:width\" content=\"1030\" \/>\n\t<meta property=\"og:image:height\" content=\"687\" \/>\n\t<meta property=\"og:image:type\" content=\"image\/jpeg\" \/>\n<meta name=\"twitter:card\" content=\"summary_large_image\" \/>\n<meta name=\"twitter:site\" content=\"@theadkx\" \/>\n<meta name=\"twitter:label1\" content=\"Tiempo de lectura\" \/>\n\t<meta name=\"twitter:data1\" content=\"1 minuto\" \/>\n<script type=\"application\/ld+json\" class=\"yoast-schema-graph\">{\"@context\":\"https:\\\/\\\/schema.org\",\"@graph\":[{\"@type\":\"WebPage\",\"@id\":\"https:\\\/\\\/www.theadkx.org\\\/fr\\\/evenement\\\/benefit-gala-and-harold-k-hochschild-award\\\/\",\"url\":\"https:\\\/\\\/www.theadkx.org\\\/fr\\\/evenement\\\/benefit-gala-and-harold-k-hochschild-award\\\/\",\"name\":\"Benefit Gala & Harold K. Hochschild Award | Adirondack Experience\",\"isPartOf\":{\"@id\":\"https:\\\/\\\/www.theadkx.org\\\/#website\"},\"primaryImageOfPage\":{\"@id\":\"https:\\\/\\\/www.theadkx.org\\\/fr\\\/evenement\\\/benefit-gala-and-harold-k-hochschild-award\\\/#primaryimage\"},\"image\":{\"@id\":\"https:\\\/\\\/www.theadkx.org\\\/fr\\\/evenement\\\/benefit-gala-and-harold-k-hochschild-award\\\/#primaryimage\"},\"thumbnailUrl\":\"https:\\\/\\\/www.theadkx.org\\\/wp-content\\\/uploads\\\/2021\\\/03\\\/MHH_5102.jpg\",\"datePublished\":\"2021-03-13T06:23:36+00:00\",\"dateModified\":\"2025-07-11T15:33:38+00:00\",\"description\":\"The Adirondack Experience\u2019s Gala, while being a blast of a night, is also the one major fundraiser the museum holds each year. During the event, the museum will be recognizing the Adirondack Community Foundation and Cali Brooks with the prestigious Harold K. Hochschild Award.\",\"breadcrumb\":{\"@id\":\"https:\\\/\\\/www.theadkx.org\\\/fr\\\/evenement\\\/benefit-gala-and-harold-k-hochschild-award\\\/#breadcrumb\"},\"inLanguage\":\"es\",\"potentialAction\":[{\"@type\":\"ReadAction\",\"target\":[\"https:\\\/\\\/www.theadkx.org\\\/fr\\\/evenement\\\/benefit-gala-and-harold-k-hochschild-award\\\/\"]}]},{\"@type\":\"ImageObject\",\"inLanguage\":\"es\",\"@id\":\"https:\\\/\\\/www.theadkx.org\\\/fr\\\/evenement\\\/benefit-gala-and-harold-k-hochschild-award\\\/#primaryimage\",\"url\":\"https:\\\/\\\/www.theadkx.org\\\/wp-content\\\/uploads\\\/2021\\\/03\\\/MHH_5102.jpg\",\"contentUrl\":\"https:\\\/\\\/www.theadkx.org\\\/wp-content\\\/uploads\\\/2021\\\/03\\\/MHH_5102.jpg\",\"width\":6000,\"height\":4000},{\"@type\":\"BreadcrumbList\",\"@id\":\"https:\\\/\\\/www.theadkx.org\\\/fr\\\/evenement\\\/benefit-gala-and-harold-k-hochschild-award\\\/#breadcrumb\",\"itemListElement\":[{\"@type\":\"ListItem\",\"position\":1,\"name\":\"Home\",\"item\":\"https:\\\/\\\/www.theadkx.org\\\/homepage\\\/\"},{\"@type\":\"ListItem\",\"position\":2,\"name\":\"Events\",\"item\":\"https:\\\/\\\/www.theadkx.org\\\/events\\\/\"},{\"@type\":\"ListItem\",\"position\":3,\"name\":\"Benefit Gala &#038; Harold K. Hochschild Award\"}]},{\"@type\":\"WebSite\",\"@id\":\"https:\\\/\\\/www.theadkx.org\\\/#website\",\"url\":\"https:\\\/\\\/www.theadkx.org\\\/\",\"name\":\"Adirondack Experience\",\"description\":\"The Museum on Blue Mountain Lake\",\"publisher\":{\"@id\":\"https:\\\/\\\/www.theadkx.org\\\/#organization\"},\"potentialAction\":[{\"@type\":\"SearchAction\",\"target\":{\"@type\":\"EntryPoint\",\"urlTemplate\":\"https:\\\/\\\/www.theadkx.org\\\/?s={search_term_string}\"},\"query-input\":{\"@type\":\"PropertyValueSpecification\",\"valueRequired\":true,\"valueName\":\"search_term_string\"}}],\"inLanguage\":\"es\"},{\"@type\":\"Organization\",\"@id\":\"https:\\\/\\\/www.theadkx.org\\\/#organization\",\"name\":\"Adirondack Experience, The Museum on Blue Mountain Lake\",\"url\":\"https:\\\/\\\/www.theadkx.org\\\/\",\"logo\":{\"@type\":\"ImageObject\",\"inLanguage\":\"es\",\"@id\":\"https:\\\/\\\/www.theadkx.org\\\/#\\\/schema\\\/logo\\\/image\\\/\",\"url\":\"https:\\\/\\\/www.theadkx.org\\\/wp-content\\\/uploads\\\/2021\\\/03\\\/ADKX_LOGO.png\",\"contentUrl\":\"https:\\\/\\\/www.theadkx.org\\\/wp-content\\\/uploads\\\/2021\\\/03\\\/ADKX_LOGO.png\",\"width\":440,\"height\":276,\"caption\":\"Adirondack Experience, The Museum on Blue Mountain Lake\"},\"image\":{\"@id\":\"https:\\\/\\\/www.theadkx.org\\\/#\\\/schema\\\/logo\\\/image\\\/\"},\"sameAs\":[\"https:\\\/\\\/www.facebook.com\\\/theADKX\\\/\",\"https:\\\/\\\/x.com\\\/theadkx\",\"https:\\\/\\\/www.instagram.com\\\/theadkx\\\/\",\"https:\\\/\\\/www.youtube.com\\\/user\\\/AdirondackMuseum\"]}]}<\/script>\n<!-- \/ Yoast SEO Premium plugin. -->","yoast_head_json":{"title":"Gala ben\u00e9fica y Premio Harold K. Hochschild | Experiencia Adirondack","description":"La Gala de la Experiencia Adirondack, adem\u00e1s de ser una noche estupenda, es tambi\u00e9n la principal actividad de recaudaci\u00f3n de fondos que el museo celebra cada a\u00f1o. Durante el acto, el museo reconocer\u00e1 a la Adirondack Community Foundation y a Cali Brooks con el prestigioso premio Harold K. Hochschild.","robots":{"index":"index","follow":"follow","max-snippet":"max-snippet:-1","max-image-preview":"max-image-preview:large","max-video-preview":"max-video-preview:-1"},"canonical":"https:\/\/www.theadkx.org\/es\/evento\/gala-benefica-y-premio-harold-k-hochschild\/","og_locale":"es_ES","og_type":"article","og_title":"Benefit Gala & Harold K. Hochschild Award","og_description":"The Adirondack Experience\u2019s Gala, while being a blast of a night, is also the one major fundraiser the museum holds each year. During the event, the","og_url":"https:\/\/www.theadkx.org\/es\/evento\/gala-benefica-y-premio-harold-k-hochschild\/","og_site_name":"Adirondack Experience","article_publisher":"https:\/\/www.facebook.com\/theADKX\/","article_modified_time":"2025-07-11T15:33:38+00:00","og_image":[{"url":"https:\/\/www.theadkx.org\/wp-content\/uploads\/2021\/03\/MHH_5102.jpg","width":1030,"height":687,"type":"image\/jpeg"}],"twitter_card":"summary_large_image","twitter_site":"@theadkx","twitter_misc":{"Tiempo de lectura":"1 minuto"},"schema":{"@context":"https:\/\/schema.org","@graph":[{"@type":"WebPage","@id":"https:\/\/www.theadkx.org\/fr\/evenement\/benefit-gala-and-harold-k-hochschild-award\/","url":"https:\/\/www.theadkx.org\/fr\/evenement\/benefit-gala-and-harold-k-hochschild-award\/","name":"Gala ben\u00e9fica y Premio Harold K. Hochschild | Experiencia Adirondack","isPartOf":{"@id":"https:\/\/www.theadkx.org\/#website"},"primaryImageOfPage":{"@id":"https:\/\/www.theadkx.org\/fr\/evenement\/benefit-gala-and-harold-k-hochschild-award\/#primaryimage"},"image":{"@id":"https:\/\/www.theadkx.org\/fr\/evenement\/benefit-gala-and-harold-k-hochschild-award\/#primaryimage"},"thumbnailUrl":"https:\/\/www.theadkx.org\/wp-content\/uploads\/2021\/03\/MHH_5102.jpg","datePublished":"2021-03-13T06:23:36+00:00","dateModified":"2025-07-11T15:33:38+00:00","description":"La Gala de la Experiencia Adirondack, adem\u00e1s de ser una noche estupenda, es tambi\u00e9n la principal actividad de recaudaci\u00f3n de fondos que el museo celebra cada a\u00f1o. Durante el acto, el museo reconocer\u00e1 a la Adirondack Community Foundation y a Cali Brooks con el prestigioso premio Harold K. Hochschild.","breadcrumb":{"@id":"https:\/\/www.theadkx.org\/fr\/evenement\/benefit-gala-and-harold-k-hochschild-award\/#breadcrumb"},"inLanguage":"es","potentialAction":[{"@type":"ReadAction","target":["https:\/\/www.theadkx.org\/fr\/evenement\/benefit-gala-and-harold-k-hochschild-award\/"]}]},{"@type":"ImageObject","inLanguage":"es","@id":"https:\/\/www.theadkx.org\/fr\/evenement\/benefit-gala-and-harold-k-hochschild-award\/#primaryimage","url":"https:\/\/www.theadkx.org\/wp-content\/uploads\/2021\/03\/MHH_5102.jpg","contentUrl":"https:\/\/www.theadkx.org\/wp-content\/uploads\/2021\/03\/MHH_5102.jpg","width":6000,"height":4000},{"@type":"BreadcrumbList","@id":"https:\/\/www.theadkx.org\/fr\/evenement\/benefit-gala-and-harold-k-hochschild-award\/#breadcrumb","itemListElement":[{"@type":"ListItem","position":1,"name":"Home","item":"https:\/\/www.theadkx.org\/homepage\/"},{"@type":"ListItem","position":2,"name":"Events","item":"https:\/\/www.theadkx.org\/events\/"},{"@type":"ListItem","position":3,"name":"Benefit Gala &#038; Harold K. Hochschild Award"}]},{"@type":"WebSite","@id":"https:\/\/www.theadkx.org\/#website","url":"https:\/\/www.theadkx.org\/","name":"Experiencia Adirondack","description":"El Museo del Lago de la Monta\u00f1a Azul","publisher":{"@id":"https:\/\/www.theadkx.org\/#organization"},"potentialAction":[{"@type":"SearchAction","target":{"@type":"EntryPoint","urlTemplate":"https:\/\/www.theadkx.org\/?s={search_term_string}"},"query-input":{"@type":"PropertyValueSpecification","valueRequired":true,"valueName":"search_term_string"}}],"inLanguage":"es"},{"@type":"Organization","@id":"https:\/\/www.theadkx.org\/#organization","name":"Experiencia Adirondack, El Museo del Lago Blue Mountain","url":"https:\/\/www.theadkx.org\/","logo":{"@type":"ImageObject","inLanguage":"es","@id":"https:\/\/www.theadkx.org\/#\/schema\/logo\/image\/","url":"https:\/\/www.theadkx.org\/wp-content\/uploads\/2021\/03\/ADKX_LOGO.png","contentUrl":"https:\/\/www.theadkx.org\/wp-content\/uploads\/2021\/03\/ADKX_LOGO.png","width":440,"height":276,"caption":"Adirondack Experience, The Museum on Blue Mountain Lake"},"image":{"@id":"https:\/\/www.theadkx.org\/#\/schema\/logo\/image\/"},"sameAs":["https:\/\/www.facebook.com\/theADKX\/","https:\/\/x.com\/theadkx","https:\/\/www.instagram.com\/theadkx\/","https:\/\/www.youtube.com\/user\/AdirondackMuseum"]}]}},"_links":{"self":[{"href":"https:\/\/www.theadkx.org\/es\/wp-json\/wp\/v2\/tribe_events\/329","targetHints":{"allow":["GET"]}}],"collection":[{"href":"https:\/\/www.theadkx.org\/es\/wp-json\/wp\/v2\/tribe_events"}],"about":[{"href":"https:\/\/www.theadkx.org\/es\/wp-json\/wp\/v2\/types\/tribe_events"}],"author":[{"embeddable":true,"href":"https:\/\/www.theadkx.org\/es\/wp-json\/wp\/v2\/users\/4"}],"version-history":[{"count":10,"href":"https:\/\/www.theadkx.org\/es\/wp-json\/wp\/v2\/tribe_events\/329\/revisions"}],"predecessor-version":[{"id":16786,"href":"https:\/\/www.theadkx.org\/es\/wp-json\/wp\/v2\/tribe_events\/329\/revisions\/16786"}],"wp:featuredmedia":[{"embeddable":true,"href":"https:\/\/www.theadkx.org\/es\/wp-json\/wp\/v2\/media\/15751"}],"wp:attachment":[{"href":"https:\/\/www.theadkx.org\/es\/wp-json\/wp\/v2\/media?parent=329"}],"wp:term":[{"taxonomy":"post_tag","embeddable":true,"href":"https:\/\/www.theadkx.org\/es\/wp-json\/wp\/v2\/tags?post=329"},{"taxonomy":"tribe_events_cat","embeddable":true,"href":"https:\/\/www.theadkx.org\/es\/wp-json\/wp\/v2\/tribe_events_cat?post=329"}],"curies":[{"name":"wp","href":"https:\/\/api.w.org\/{rel}","templated":true}]}}