{"id":11872,"date":"2023-05-16T12:34:01","date_gmt":"2023-05-16T16:34:01","guid":{"rendered":"http:\/\/www.theadkx.org\/?page_id=11872"},"modified":"2025-06-04T11:37:08","modified_gmt":"2025-06-04T15:37:08","slug":"2021-nature-hikx-with-ed-kanze-2","status":"publish","type":"page","link":"https:\/\/www.theadkx.org\/fr\/our-events\/workshops\/","title":{"rendered":"Ateliers"},"content":{"rendered":"<div id='av_section_1'  class='avia-section main_color avia-section-no-padding avia-no-border-styling  ep-lazy-loaded avia-full-stretch avia-bg-style-scroll  avia-builder-el-0  el_before_av_section  avia-builder-el-first   avia-section-fwd container_wrap fullsize' style='background-repeat: no-repeat; --epBGImgDesktop: url(https:\/\/www.theadkx.org\/wp-content\/uploads\/2025\/04\/IMG_3280.jpeg);--epBGImgTablet: var(--epBGImgDesktop); --epBGImgMobile: url();;background-attachment: scroll; background-position: center center;   '   data-section-bg-repeat='stretch' ><div class='container' style=\"\"><main  role=\"main\" itemprop=\"mainContentOfPage\"  class='template-page content  av-content-full alpha units' ><div class='post-entry post-entry-type-page post-entry-11872'><div class='entry-content-wrapper clearfix'>\n<div   class='hr hr-invisible  hr-responsive   avia-builder-el-1  avia-builder-el-no-sibling' ><div style='height:300px' class='hr-desktop'><\/div><div style='height:300px' class='hr-tablet'><\/div><div style='height:150px' class='hr-mobile'><\/div><\/div>\n\n<\/div><\/div><\/main><!-- close content main element --><\/div><\/div><div id='av_section_2'  class='avia-section main_color avia-section-default avia-no-border-styling  ep-lazy-loaded avia-full-stretch avia-bg-style-scroll  avia-builder-el-2  el_after_av_section  el_before_av_section   container_wrap fullsize' style='background-color: #fcfaf5; background-repeat: no-repeat; --epBGImg: url(https:\/\/www.theadkx.org\/wp-content\/uploads\/2021\/03\/Brown-Topo-Map-1.png);;background-attachment: scroll; background-position: center center;   '  data-lazy-bg data-section-bg-repeat='stretch' ><div class='container' ><div class='template-page content  av-content-full alpha units' ><div class='post-entry post-entry-type-page post-entry-11872'><div class='entry-content-wrapper clearfix'>\n<div   class='av-special-heading av-special-heading-h1   blockquote modern-quote  avia-builder-el-3  avia-builder-el-no-sibling' ><h1 class='av-special-heading-tag'   itemprop=\"headline\"  >2025 Ateliers ADKX<\/h1><div class='special-heading-border'><div class='special-heading-inner-border' ><\/div><\/div><\/div>\n\n<\/div><\/div><\/div><!-- close content main div --><\/div><\/div><div id='av_section_3'  class='avia-section main_color avia-section-default avia-no-border-styling  avia-bg-style-scroll  avia-builder-el-4  el_after_av_section  el_before_av_section   container_wrap fullsize' style='  '   ><div class='container' style=\"--containerWidth:1150px;max-width:1150px;\"><div class='template-page content  av-content-full alpha units' ><div class='post-entry post-entry-type-page post-entry-11872'><div class='entry-content-wrapper clearfix'>\n<div   class='flex_column_table  reverse-order ep-lazy-loaded   av-equal-height-column-flextable av-break-at-tablet-flextable flex-column-table-1'  ><div  class=\"flex_column av_one_full  custom_space av-break-at-tablet flex_column_table_cell av-equal-height-column av-align-top ep-lazy-loaded first  avia-builder-el-5  avia-builder-el-no-sibling  mobile-offset\" ><div class=\"flex-column-inner\"><p><div  style='height:20px' class='hr hr-invisible   av-desktop-hide  avia-builder-el-6  el_before_av_textblock  avia-builder-el-first' ><span class='hr-inner' ><span class='hr-inner-style'><\/span><\/span><\/div><br \/>\n<section class=\"av_textblock_section\"  itemscope=\"itemscope\" itemtype=\"https:\/\/schema.org\/CreativeWork\"  ><div class='avia_textblock'   itemprop=\"text\" ><p><strong>Du feutrage \u00e0 la vannerie, nos ateliers de la saison 2025 offrent quelque chose pour tout le monde !<\/strong><\/p>\n<p>Pour plus d'informations sur chaque atelier, veuillez consulter les pages individuelles des \u00e9v\u00e9nements.<\/p>\n<\/div><\/section><\/p><\/div><\/div><\/div><!--close column table wrapper. Autoclose: 1 -->\n\n<\/div><\/div><\/div><!-- close content main div --><\/div><\/div><div id='av_section_4'  class='avia-section main_color avia-section-default avia-no-border-styling  ep-lazy-loaded avia-full-stretch avia-bg-style-scroll  avia-builder-el-8  el_after_av_section  avia-builder-el-last   container_wrap fullsize' style='background-color: #fcfaf5; background-repeat: no-repeat; --epBGImg: url(https:\/\/www.theadkx.org\/wp-content\/uploads\/2021\/04\/tree-background-1920x1080-01.png);;background-attachment: scroll; background-position: bottom center;   '  data-lazy-bg data-section-bg-repeat='stretch' ><div class='container' ><div class='template-page content  av-content-full alpha units' ><div class='post-entry post-entry-type-page post-entry-11872'><div class='entry-content-wrapper clearfix'>\n<div   class='flex_column_table  ep-lazy-loaded   av-equal-height-column-flextable -flextable flex-column-table-2'  ><div  class=\"flex_column av_two_third  flex_column_table_cell av-equal-height-column av-align-top ep-lazy-loaded first  avia-builder-el-9  el_before_av_one_third  avia-builder-el-first\" ><div class=\"flex-column-inner\"><div  style='color:#7f9c90;font-size:38px;' class='av-special-heading av-special-heading-h3  custom-color-heading blockquote modern-quote  avia-builder-el-10  avia-builder-el-no-sibling  av-inherit-size' ><h3 class='av-special-heading-tag'   itemprop=\"headline\"  >Ateliers 2025<\/h3><div class='special-heading-border'><div class='special-heading-inner-border' style='border-color:#7f9c90'><\/div><\/div><\/div><\/div><\/div><div class='av-flex-placeholder' ><\/div><div  class=\"flex_column av_one_third  av-hide-on-mobile  flex_column_table_cell av-equal-height-column av-align-top ep-lazy-loaded   avia-builder-el-11  el_after_av_two_third  el_before_av_hr\" ><div class=\"flex-column-inner\"><div  class='avia-button-wrap avia-button-right    avia-builder-el-12  avia-builder-el-no-sibling'  ><a href='https:\/\/www.theadkx.org\/fr\/evenements\/photo\/?tribe_eventcategory%5B0%5D=7'  class='avia-button   avia-icon_select-no avia-color-border avia-size-medium avia-position-right'   ><span class='avia_iconbox_title' >Voir plus<\/span><\/a><\/div><\/div><\/div><\/div><!--close column table wrapper. Autoclose: 1 --><div  style='height:50px' class='hr hr-invisible    avia-builder-el-13  el_after_av_one_third  el_before_ep_posts_grid' ><span class='hr-inner' ><span class='hr-inner-style'><\/span><\/span><\/div>\n<div  class='ep-posts-grid-container ep-grid-wrapper   avia-builder-el-14  el_after_av_hr  avia-builder-el-last  events-post-grid hide-past-events'  ><div class='ep-posts-grid ep-grid  columns is-multiline is-mobile is-variable is-3'><div class=\"ep-post-grid-item column is-full-mobile is-full-tablet is-one-quarter-desktop entry-18982 entry-tribe_events\">\n    <div class=\"entry-wrapper-content\">\n        <div class=\"entry-wrapper-content-inner\">\n            <div class=\"entry-event-thumb\">\n                <a class=\"entry-event-link\" href=\"https:\/\/www.theadkx.org\/fr\/event\/crafting-natural-bug-repellents-with-adk-fragrance-farm\/\"><img decoding=\"async\" loading=\"lazy\" width=\"940\" height=\"788\" src=\"https:\/\/www.theadkx.org\/wp-content\/uploads\/2026\/04\/BUG-REPELLENT-WEB-FEATURED.png\" class=\"wp-image-18983 avia-img-lazy-loading-18983 attachment-post-thumbnail size-post-thumbnail wp-post-image\" alt=\"Une femme se tient \u00e0 un comptoir avec plusieurs bouteilles d&#039;huiles devant elle.\" srcset=\"https:\/\/www.theadkx.org\/wp-content\/uploads\/2026\/04\/BUG-REPELLENT-WEB-FEATURED.png 940w, https:\/\/www.theadkx.org\/wp-content\/uploads\/2026\/04\/BUG-REPELLENT-WEB-FEATURED-300x251.png 300w, https:\/\/www.theadkx.org\/wp-content\/uploads\/2026\/04\/BUG-REPELLENT-WEB-FEATURED-768x644.png 768w, https:\/\/www.theadkx.org\/wp-content\/uploads\/2026\/04\/BUG-REPELLENT-WEB-FEATURED-14x12.png 14w\" sizes=\"auto, (max-width: 940px) 100vw, 940px\" \/><\/a>\n            <\/div>\n            <div class=\"entry-event-content\">\n                <span class=\"entry-event-category\"><a href=\"https:\/\/www.theadkx.org\/fr\/events\/categorie\/workshop\/\" rel=\"tag\">Atelier<\/a><\/span>\n                <h4 class=\"entry-title\"><a href=\"https:\/\/www.theadkx.org\/fr\/event\/crafting-natural-bug-repellents-with-adk-fragrance-farm\/\">Fabriquer des insectifuges naturels avec ADK Fragrance Farm<\/a><\/h4>\n                <span class=\"event-meta\">juin 6 | 1:00 pm - 2:00 pm<\/span>                <div class=\"entry-excerpt\"><p>Rejoignez ADK Fragrance Farm pour un atelier pratique qui s'attaque aux mouches noires (et \u00e0 tout ce qui bourdonne autour) ! Apprenez...<\/p><\/div>\n                <a class=\"entry-event-link\" href=\"https:\/\/www.theadkx.org\/fr\/event\/crafting-natural-bug-repellents-with-adk-fragrance-farm\/\">En savoir plus<\/a>\n            <\/div>\n        <\/div>\n    <\/div>\n<\/div><div class=\"ep-post-grid-item column is-full-mobile is-full-tablet is-one-quarter-desktop entry-18989 entry-tribe_events\">\n    <div class=\"entry-wrapper-content\">\n        <div class=\"entry-wrapper-content-inner\">\n            <div class=\"entry-event-thumb\">\n                <a class=\"entry-event-link\" href=\"https:\/\/www.theadkx.org\/fr\/event\/black-ash-berry-basket-making-with-angelo-johnson\/\"><img decoding=\"async\" loading=\"lazy\" width=\"940\" height=\"788\" src=\"https:\/\/www.theadkx.org\/wp-content\/uploads\/2026\/04\/BLACK-ASH-WEB-FEATURED.png\" class=\"wp-image-18990 avia-img-lazy-loading-18990 attachment-post-thumbnail size-post-thumbnail wp-post-image\" alt=\"Un homme en chemise bleue montre \u00e0 une personne comment faire un panier.\" srcset=\"https:\/\/www.theadkx.org\/wp-content\/uploads\/2026\/04\/BLACK-ASH-WEB-FEATURED.png 940w, https:\/\/www.theadkx.org\/wp-content\/uploads\/2026\/04\/BLACK-ASH-WEB-FEATURED-300x251.png 300w, https:\/\/www.theadkx.org\/wp-content\/uploads\/2026\/04\/BLACK-ASH-WEB-FEATURED-768x644.png 768w, https:\/\/www.theadkx.org\/wp-content\/uploads\/2026\/04\/BLACK-ASH-WEB-FEATURED-14x12.png 14w\" sizes=\"auto, (max-width: 940px) 100vw, 940px\" \/><\/a>\n            <\/div>\n            <div class=\"entry-event-content\">\n                <span class=\"entry-event-category\"><a href=\"https:\/\/www.theadkx.org\/fr\/events\/categorie\/workshop\/\" rel=\"tag\">Atelier<\/a><\/span>\n                <h4 class=\"entry-title\"><a href=\"https:\/\/www.theadkx.org\/fr\/event\/black-ash-berry-basket-making-with-angelo-johnson\/\">Vannerie de baies de fr\u00eane noir avec Angello Johnson<\/a><\/h4>\n                <span class=\"event-meta\">juin 27 | 10:00 am - 3:00 pm<\/span>                <div class=\"entry-excerpt\"><p>Rejoignez l'artiste mohawk d'Akwesasne Angello Johnson pour un cours d'initiation \u00e0 la vannerie destin\u00e9 aux vanniers d\u00e9butants et exp\u00e9riment\u00e9s....<\/p><\/div>\n                <a class=\"entry-event-link\" href=\"https:\/\/www.theadkx.org\/fr\/event\/black-ash-berry-basket-making-with-angelo-johnson\/\">En savoir plus<\/a>\n            <\/div>\n        <\/div>\n    <\/div>\n<\/div><div class=\"ep-post-grid-item column is-full-mobile is-full-tablet is-one-quarter-desktop entry-18996 entry-tribe_events\">\n    <div class=\"entry-wrapper-content\">\n        <div class=\"entry-wrapper-content-inner\">\n            <div class=\"entry-event-thumb\">\n                <a class=\"entry-event-link\" href=\"https:\/\/www.theadkx.org\/fr\/event\/adirondack-pack-basket-making-with-barbara-green\/\"><img decoding=\"async\" loading=\"lazy\" width=\"940\" height=\"788\" src=\"https:\/\/www.theadkx.org\/wp-content\/uploads\/2026\/04\/PACKBASKET-2-WEB-FEATURED.png\" class=\"wp-image-19130 avia-img-lazy-loading-19130 attachment-post-thumbnail size-post-thumbnail wp-post-image\" alt=\"\" srcset=\"https:\/\/www.theadkx.org\/wp-content\/uploads\/2026\/04\/PACKBASKET-2-WEB-FEATURED.png 940w, https:\/\/www.theadkx.org\/wp-content\/uploads\/2026\/04\/PACKBASKET-2-WEB-FEATURED-300x251.png 300w, https:\/\/www.theadkx.org\/wp-content\/uploads\/2026\/04\/PACKBASKET-2-WEB-FEATURED-768x644.png 768w, https:\/\/www.theadkx.org\/wp-content\/uploads\/2026\/04\/PACKBASKET-2-WEB-FEATURED-14x12.png 14w\" sizes=\"auto, (max-width: 940px) 100vw, 940px\" \/><\/a>\n            <\/div>\n            <div class=\"entry-event-content\">\n                <span class=\"entry-event-category\"><a href=\"https:\/\/www.theadkx.org\/fr\/events\/categorie\/workshop\/\" rel=\"tag\">Atelier<\/a><\/span>\n                <h4 class=\"entry-title\"><a href=\"https:\/\/www.theadkx.org\/fr\/event\/adirondack-pack-basket-making-with-barbara-green\/\">Fabrication de paniers Adirondack Pack avec Barbara Green<\/a><\/h4>\n                <span class=\"event-meta\">juillet 11 | 9:00 am - 5:00 pm<\/span>                <div class=\"entry-excerpt\"><p>Rejoignez Barbara Green de Adirondack Green House Basketry pour un atelier de fabrication de paniers Adirondack. Les participants tresseront...<\/p><\/div>\n                <a class=\"entry-event-link\" href=\"https:\/\/www.theadkx.org\/fr\/event\/adirondack-pack-basket-making-with-barbara-green\/\">En savoir plus<\/a>\n            <\/div>\n        <\/div>\n    <\/div>\n<\/div><div class=\"ep-post-grid-item column is-full-mobile is-full-tablet is-one-quarter-desktop entry-19002 entry-tribe_events\">\n    <div class=\"entry-wrapper-content\">\n        <div class=\"entry-wrapper-content-inner\">\n            <div class=\"entry-event-thumb\">\n                <a class=\"entry-event-link\" href=\"https:\/\/www.theadkx.org\/fr\/event\/triangle-lantern-making-with-carol-marie-vossler\/\"><img decoding=\"async\" loading=\"lazy\" width=\"940\" height=\"788\" src=\"https:\/\/www.theadkx.org\/wp-content\/uploads\/2026\/04\/LANTERN-WEB-FEATURED.png\" class=\"wp-image-19005 avia-img-lazy-loading-19005 attachment-post-thumbnail size-post-thumbnail wp-post-image\" alt=\"Une table avec quatre bo\u00eetes blanches contenant chacune un motif lumineux.\" srcset=\"https:\/\/www.theadkx.org\/wp-content\/uploads\/2026\/04\/LANTERN-WEB-FEATURED.png 940w, https:\/\/www.theadkx.org\/wp-content\/uploads\/2026\/04\/LANTERN-WEB-FEATURED-300x251.png 300w, https:\/\/www.theadkx.org\/wp-content\/uploads\/2026\/04\/LANTERN-WEB-FEATURED-768x644.png 768w, https:\/\/www.theadkx.org\/wp-content\/uploads\/2026\/04\/LANTERN-WEB-FEATURED-14x12.png 14w\" sizes=\"auto, (max-width: 940px) 100vw, 940px\" \/><\/a>\n            <\/div>\n            <div class=\"entry-event-content\">\n                <span class=\"entry-event-category\"><a href=\"https:\/\/www.theadkx.org\/fr\/events\/categorie\/workshop\/\" rel=\"tag\">Atelier<\/a><\/span>\n                <h4 class=\"entry-title\"><a href=\"https:\/\/www.theadkx.org\/fr\/event\/triangle-lantern-making-with-carol-marie-vossler\/\">Fabrication de lanternes triangulaires avec Carol Marie Vossler<\/a><\/h4>\n                <span class=\"event-meta\">juillet 12 | 10:00 am - 12:30 pm<\/span>                <div class=\"entry-excerpt\"><p>Carol Marie Vossler, artiste et papeti\u00e8re, vous guidera dans la fabrication d'une lanterne triangulaire en papier fait main et...<\/p><\/div>\n                <a class=\"entry-event-link\" href=\"https:\/\/www.theadkx.org\/fr\/event\/triangle-lantern-making-with-carol-marie-vossler\/\">En savoir plus<\/a>\n            <\/div>\n        <\/div>\n    <\/div>\n<\/div><div class=\"ep-post-grid-item column is-full-mobile is-full-tablet is-one-quarter-desktop entry-19037 entry-tribe_events\">\n    <div class=\"entry-wrapper-content\">\n        <div class=\"entry-wrapper-content-inner\">\n            <div class=\"entry-event-thumb\">\n                <a class=\"entry-event-link\" href=\"https:\/\/www.theadkx.org\/fr\/event\/the-nature-of-glass-with-neile-cooper\/\"><img decoding=\"async\" loading=\"lazy\" width=\"940\" height=\"788\" src=\"https:\/\/www.theadkx.org\/wp-content\/uploads\/2026\/04\/STAINED-GLASS-WEB-FEATURED.png\" class=\"wp-image-19039 avia-img-lazy-loading-19039 attachment-post-thumbnail size-post-thumbnail wp-post-image\" alt=\"\" srcset=\"https:\/\/www.theadkx.org\/wp-content\/uploads\/2026\/04\/STAINED-GLASS-WEB-FEATURED.png 940w, https:\/\/www.theadkx.org\/wp-content\/uploads\/2026\/04\/STAINED-GLASS-WEB-FEATURED-300x251.png 300w, https:\/\/www.theadkx.org\/wp-content\/uploads\/2026\/04\/STAINED-GLASS-WEB-FEATURED-768x644.png 768w, https:\/\/www.theadkx.org\/wp-content\/uploads\/2026\/04\/STAINED-GLASS-WEB-FEATURED-14x12.png 14w\" sizes=\"auto, (max-width: 940px) 100vw, 940px\" \/><\/a>\n            <\/div>\n            <div class=\"entry-event-content\">\n                <span class=\"entry-event-category\"><a href=\"https:\/\/www.theadkx.org\/fr\/events\/categorie\/workshop\/\" rel=\"tag\">Atelier<\/a><\/span>\n                <h4 class=\"entry-title\"><a href=\"https:\/\/www.theadkx.org\/fr\/event\/the-nature-of-glass-with-neile-cooper\/\">La nature du verre avec Neile Cooper<\/a><\/h4>\n                <span class=\"event-meta\">juillet 19 | 9:00 am - 5:00 pm<\/span>                <div class=\"entry-excerpt\"><p>En collaboration avec l'artiste Neile Cooper, cr\u00e9ez un assemblage de vitraux. En utilisant des mat\u00e9riaux naturels et trouv\u00e9s, ainsi que des...<\/p><\/div>\n                <a class=\"entry-event-link\" href=\"https:\/\/www.theadkx.org\/fr\/event\/the-nature-of-glass-with-neile-cooper\/\">En savoir plus<\/a>\n            <\/div>\n        <\/div>\n    <\/div>\n<\/div><div class=\"ep-post-grid-item column is-full-mobile is-full-tablet is-one-quarter-desktop entry-19048 entry-tribe_events\">\n    <div class=\"entry-wrapper-content\">\n        <div class=\"entry-wrapper-content-inner\">\n            <div class=\"entry-event-thumb\">\n                <a class=\"entry-event-link\" href=\"https:\/\/www.theadkx.org\/fr\/event\/intro-to-expressive-landscape-painting-with-holly-friesen\/\"><img decoding=\"async\" loading=\"lazy\" width=\"940\" height=\"788\" src=\"https:\/\/www.theadkx.org\/wp-content\/uploads\/2026\/04\/LANDSCAPE-PAINTING-WEB-FEATURED.png\" class=\"wp-image-19049 avia-img-lazy-loading-19049 attachment-post-thumbnail size-post-thumbnail wp-post-image\" alt=\"\" srcset=\"https:\/\/www.theadkx.org\/wp-content\/uploads\/2026\/04\/LANDSCAPE-PAINTING-WEB-FEATURED.png 940w, https:\/\/www.theadkx.org\/wp-content\/uploads\/2026\/04\/LANDSCAPE-PAINTING-WEB-FEATURED-300x251.png 300w, https:\/\/www.theadkx.org\/wp-content\/uploads\/2026\/04\/LANDSCAPE-PAINTING-WEB-FEATURED-768x644.png 768w, https:\/\/www.theadkx.org\/wp-content\/uploads\/2026\/04\/LANDSCAPE-PAINTING-WEB-FEATURED-14x12.png 14w\" sizes=\"auto, (max-width: 940px) 100vw, 940px\" \/><\/a>\n            <\/div>\n            <div class=\"entry-event-content\">\n                <span class=\"entry-event-category\"><a href=\"https:\/\/www.theadkx.org\/fr\/events\/categorie\/workshop\/\" rel=\"tag\">Atelier<\/a><\/span>\n                <h4 class=\"entry-title\"><a href=\"https:\/\/www.theadkx.org\/fr\/event\/intro-to-expressive-landscape-painting-with-holly-friesen\/\">Introduction \u00e0 la peinture de paysage expressive avec Holly Friesen<\/a><\/h4>\n                <span class=\"event-meta\">juillet 26 | 10:00 am - 2:00 pm<\/span>                <div class=\"entry-excerpt\"><p>Peignez la sensation du paysage, pas seulement la vue. Rejoignez l'artiste Holly Friesen pour une introduction inspirante de 4 heures \u00e0...<\/p><\/div>\n                <a class=\"entry-event-link\" href=\"https:\/\/www.theadkx.org\/fr\/event\/intro-to-expressive-landscape-painting-with-holly-friesen\/\">En savoir plus<\/a>\n            <\/div>\n        <\/div>\n    <\/div>\n<\/div><div class=\"ep-post-grid-item column is-full-mobile is-full-tablet is-one-quarter-desktop entry-19064 entry-tribe_events\">\n    <div class=\"entry-wrapper-content\">\n        <div class=\"entry-wrapper-content-inner\">\n            <div class=\"entry-event-thumb\">\n                <a class=\"entry-event-link\" href=\"https:\/\/www.theadkx.org\/fr\/event\/working-all-the-angles-photography-workshop-with-carl-heilman-ii\/\"><img decoding=\"async\" loading=\"lazy\" width=\"940\" height=\"788\" src=\"https:\/\/www.theadkx.org\/wp-content\/uploads\/2026\/04\/PHOTOGRAPHY-WEB-FEATURED.png\" class=\"wp-image-19066 avia-img-lazy-loading-19066 attachment-post-thumbnail size-post-thumbnail wp-post-image\" alt=\"\" srcset=\"https:\/\/www.theadkx.org\/wp-content\/uploads\/2026\/04\/PHOTOGRAPHY-WEB-FEATURED.png 940w, https:\/\/www.theadkx.org\/wp-content\/uploads\/2026\/04\/PHOTOGRAPHY-WEB-FEATURED-300x251.png 300w, https:\/\/www.theadkx.org\/wp-content\/uploads\/2026\/04\/PHOTOGRAPHY-WEB-FEATURED-768x644.png 768w, https:\/\/www.theadkx.org\/wp-content\/uploads\/2026\/04\/PHOTOGRAPHY-WEB-FEATURED-14x12.png 14w\" sizes=\"auto, (max-width: 940px) 100vw, 940px\" \/><\/a>\n            <\/div>\n            <div class=\"entry-event-content\">\n                <span class=\"entry-event-category\"><a href=\"https:\/\/www.theadkx.org\/fr\/events\/categorie\/workshop\/\" rel=\"tag\">Atelier<\/a><\/span>\n                <h4 class=\"entry-title\"><a href=\"https:\/\/www.theadkx.org\/fr\/event\/working-all-the-angles-photography-workshop-with-carl-heilman-ii\/\">Travailler sous tous les angles Atelier de photographie avec Carl Heilman II<\/a><\/h4>\n                <span class=\"event-meta\">ao\u00fbt 2 | 10:00 am - 6:00 pm<\/span>                <div class=\"entry-excerpt\"><p>Rejoignez le photographe des Adirondacks, Carl Heilman II, pour un atelier de photographie d'une journ\u00e9e qui vous inspirera \u00e0 explorer...<\/p><\/div>\n                <a class=\"entry-event-link\" href=\"https:\/\/www.theadkx.org\/fr\/event\/working-all-the-angles-photography-workshop-with-carl-heilman-ii\/\">En savoir plus<\/a>\n            <\/div>\n        <\/div>\n    <\/div>\n<\/div><div class=\"ep-post-grid-item column is-full-mobile is-full-tablet is-one-quarter-desktop entry-19071 entry-tribe_events\">\n    <div class=\"entry-wrapper-content\">\n        <div class=\"entry-wrapper-content-inner\">\n            <div class=\"entry-event-thumb\">\n                <a class=\"entry-event-link\" href=\"https:\/\/www.theadkx.org\/fr\/event\/the-art-of-pressed-flowers-with-ali-haas\/\"><img decoding=\"async\" loading=\"lazy\" width=\"940\" height=\"788\" src=\"https:\/\/www.theadkx.org\/wp-content\/uploads\/2026\/04\/PRESSED-FLOWERS-WEB-FEATURED-1.png\" class=\"wp-image-19076 avia-img-lazy-loading-19076 attachment-post-thumbnail size-post-thumbnail wp-post-image\" alt=\"\" srcset=\"https:\/\/www.theadkx.org\/wp-content\/uploads\/2026\/04\/PRESSED-FLOWERS-WEB-FEATURED-1.png 940w, https:\/\/www.theadkx.org\/wp-content\/uploads\/2026\/04\/PRESSED-FLOWERS-WEB-FEATURED-1-300x251.png 300w, https:\/\/www.theadkx.org\/wp-content\/uploads\/2026\/04\/PRESSED-FLOWERS-WEB-FEATURED-1-768x644.png 768w, https:\/\/www.theadkx.org\/wp-content\/uploads\/2026\/04\/PRESSED-FLOWERS-WEB-FEATURED-1-14x12.png 14w\" sizes=\"auto, (max-width: 940px) 100vw, 940px\" \/><\/a>\n            <\/div>\n            <div class=\"entry-event-content\">\n                <span class=\"entry-event-category\"><a href=\"https:\/\/www.theadkx.org\/fr\/events\/categorie\/workshop\/\" rel=\"tag\">Atelier<\/a><\/span>\n                <h4 class=\"entry-title\"><a href=\"https:\/\/www.theadkx.org\/fr\/event\/the-art-of-pressed-flowers-with-ali-haas\/\">L'art des fleurs press\u00e9es avec Ali Haas<\/a><\/h4>\n                <span class=\"event-meta\">ao\u00fbt 16 | 10:00 am - 12:00 pm<\/span>                <div class=\"entry-excerpt\"><p>Rejoignez Ali Haas de Wildly Pressed pour d\u00e9couvrir les m\u00e9thodes de pressage des fleurs, d'organisation et de conception d'\u0153uvres d'art uniques avec...<\/p><\/div>\n                <a class=\"entry-event-link\" href=\"https:\/\/www.theadkx.org\/fr\/event\/the-art-of-pressed-flowers-with-ali-haas\/\">En savoir plus<\/a>\n            <\/div>\n        <\/div>\n    <\/div>\n<\/div><\/div><\/div>","protected":false},"excerpt":{"rendered":"","protected":false},"author":4,"featured_media":0,"parent":22,"menu_order":59,"comment_status":"closed","ping_status":"closed","template":"","meta":{"_acf_changed":false,"om_disable_all_campaigns":false,"footnotes":""},"class_list":["post-11872","page","type-page","status-publish","hentry"],"acf":[],"yoast_head":"<!-- This site is optimized with the Yoast SEO Premium plugin v22.8 (Yoast SEO v27.4) - https:\/\/yoast.com\/product\/yoast-seo-premium-wordpress\/ -->\n<title>Workshops | Adirondack Experience<\/title>\n<meta name=\"robots\" content=\"index, follow, max-snippet:-1, max-image-preview:large, max-video-preview:-1\" \/>\n<link rel=\"canonical\" href=\"https:\/\/www.theadkx.org\/fr\/nos-evenements\/2021-nature-hikx-with-ed-kanze-2\/\" \/>\n<meta property=\"og:locale\" content=\"fr_FR\" \/>\n<meta property=\"og:type\" content=\"article\" \/>\n<meta property=\"og:title\" content=\"Workshops\" \/>\n<meta property=\"og:url\" content=\"https:\/\/www.theadkx.org\/fr\/nos-evenements\/2021-nature-hikx-with-ed-kanze-2\/\" \/>\n<meta property=\"og:site_name\" content=\"Adirondack Experience\" \/>\n<meta property=\"article:publisher\" content=\"https:\/\/www.facebook.com\/theADKX\/\" \/>\n<meta property=\"article:modified_time\" content=\"2025-06-04T15:37:08+00:00\" \/>\n<meta name=\"twitter:card\" content=\"summary_large_image\" \/>\n<meta name=\"twitter:site\" content=\"@theadkx\" \/>\n<meta name=\"twitter:label1\" content=\"Dur\u00e9e de lecture estim\u00e9e\" \/>\n\t<meta name=\"twitter:data1\" content=\"3 minutes\" \/>\n<script type=\"application\/ld+json\" class=\"yoast-schema-graph\">{\"@context\":\"https:\\\/\\\/schema.org\",\"@graph\":[{\"@type\":\"WebPage\",\"@id\":\"https:\\\/\\\/www.theadkx.org\\\/our-events\\\/workshops\\\/\",\"url\":\"https:\\\/\\\/www.theadkx.org\\\/our-events\\\/workshops\\\/\",\"name\":\"Workshops | Adirondack Experience\",\"isPartOf\":{\"@id\":\"https:\\\/\\\/www.theadkx.org\\\/#website\"},\"datePublished\":\"2023-05-16T16:34:01+00:00\",\"dateModified\":\"2025-06-04T15:37:08+00:00\",\"breadcrumb\":{\"@id\":\"https:\\\/\\\/www.theadkx.org\\\/our-events\\\/workshops\\\/#breadcrumb\"},\"inLanguage\":\"fr-FR\",\"potentialAction\":[{\"@type\":\"ReadAction\",\"target\":[\"https:\\\/\\\/www.theadkx.org\\\/our-events\\\/workshops\\\/\"]}]},{\"@type\":\"BreadcrumbList\",\"@id\":\"https:\\\/\\\/www.theadkx.org\\\/our-events\\\/workshops\\\/#breadcrumb\",\"itemListElement\":[{\"@type\":\"ListItem\",\"position\":1,\"name\":\"Home\",\"item\":\"https:\\\/\\\/www.theadkx.org\\\/homepage\\\/\"},{\"@type\":\"ListItem\",\"position\":2,\"name\":\"Events\",\"item\":\"https:\\\/\\\/www.theadkx.org\\\/our-events\\\/\"},{\"@type\":\"ListItem\",\"position\":3,\"name\":\"Workshops\"}]},{\"@type\":\"WebSite\",\"@id\":\"https:\\\/\\\/www.theadkx.org\\\/#website\",\"url\":\"https:\\\/\\\/www.theadkx.org\\\/\",\"name\":\"Adirondack Experience\",\"description\":\"The Museum on Blue Mountain Lake\",\"publisher\":{\"@id\":\"https:\\\/\\\/www.theadkx.org\\\/#organization\"},\"potentialAction\":[{\"@type\":\"SearchAction\",\"target\":{\"@type\":\"EntryPoint\",\"urlTemplate\":\"https:\\\/\\\/www.theadkx.org\\\/?s={search_term_string}\"},\"query-input\":{\"@type\":\"PropertyValueSpecification\",\"valueRequired\":true,\"valueName\":\"search_term_string\"}}],\"inLanguage\":\"fr-FR\"},{\"@type\":\"Organization\",\"@id\":\"https:\\\/\\\/www.theadkx.org\\\/#organization\",\"name\":\"Adirondack Experience, The Museum on Blue Mountain Lake\",\"url\":\"https:\\\/\\\/www.theadkx.org\\\/\",\"logo\":{\"@type\":\"ImageObject\",\"inLanguage\":\"fr-FR\",\"@id\":\"https:\\\/\\\/www.theadkx.org\\\/#\\\/schema\\\/logo\\\/image\\\/\",\"url\":\"https:\\\/\\\/www.theadkx.org\\\/wp-content\\\/uploads\\\/2021\\\/03\\\/ADKX_LOGO.png\",\"contentUrl\":\"https:\\\/\\\/www.theadkx.org\\\/wp-content\\\/uploads\\\/2021\\\/03\\\/ADKX_LOGO.png\",\"width\":440,\"height\":276,\"caption\":\"Adirondack Experience, The Museum on Blue Mountain Lake\"},\"image\":{\"@id\":\"https:\\\/\\\/www.theadkx.org\\\/#\\\/schema\\\/logo\\\/image\\\/\"},\"sameAs\":[\"https:\\\/\\\/www.facebook.com\\\/theADKX\\\/\",\"https:\\\/\\\/x.com\\\/theadkx\",\"https:\\\/\\\/www.instagram.com\\\/theadkx\\\/\",\"https:\\\/\\\/www.youtube.com\\\/user\\\/AdirondackMuseum\"]}]}<\/script>\n<!-- \/ Yoast SEO Premium plugin. -->","yoast_head_json":{"title":"Ateliers | Adirondack Experience","robots":{"index":"index","follow":"follow","max-snippet":"max-snippet:-1","max-image-preview":"max-image-preview:large","max-video-preview":"max-video-preview:-1"},"canonical":"https:\/\/www.theadkx.org\/fr\/nos-evenements\/2021-nature-hikx-with-ed-kanze-2\/","og_locale":"fr_FR","og_type":"article","og_title":"Workshops","og_url":"https:\/\/www.theadkx.org\/fr\/nos-evenements\/2021-nature-hikx-with-ed-kanze-2\/","og_site_name":"Adirondack Experience","article_publisher":"https:\/\/www.facebook.com\/theADKX\/","article_modified_time":"2025-06-04T15:37:08+00:00","twitter_card":"summary_large_image","twitter_site":"@theadkx","twitter_misc":{"Dur\u00e9e de lecture estim\u00e9e":"3 minutes"},"schema":{"@context":"https:\/\/schema.org","@graph":[{"@type":"WebPage","@id":"https:\/\/www.theadkx.org\/our-events\/workshops\/","url":"https:\/\/www.theadkx.org\/our-events\/workshops\/","name":"Ateliers | Adirondack Experience","isPartOf":{"@id":"https:\/\/www.theadkx.org\/#website"},"datePublished":"2023-05-16T16:34:01+00:00","dateModified":"2025-06-04T15:37:08+00:00","breadcrumb":{"@id":"https:\/\/www.theadkx.org\/our-events\/workshops\/#breadcrumb"},"inLanguage":"fr-FR","potentialAction":[{"@type":"ReadAction","target":["https:\/\/www.theadkx.org\/our-events\/workshops\/"]}]},{"@type":"BreadcrumbList","@id":"https:\/\/www.theadkx.org\/our-events\/workshops\/#breadcrumb","itemListElement":[{"@type":"ListItem","position":1,"name":"Home","item":"https:\/\/www.theadkx.org\/homepage\/"},{"@type":"ListItem","position":2,"name":"Events","item":"https:\/\/www.theadkx.org\/our-events\/"},{"@type":"ListItem","position":3,"name":"Workshops"}]},{"@type":"WebSite","@id":"https:\/\/www.theadkx.org\/#website","url":"https:\/\/www.theadkx.org\/","name":"L'exp\u00e9rience des Adirondacks","description":"Le mus\u00e9e du lac Blue Mountain","publisher":{"@id":"https:\/\/www.theadkx.org\/#organization"},"potentialAction":[{"@type":"SearchAction","target":{"@type":"EntryPoint","urlTemplate":"https:\/\/www.theadkx.org\/?s={search_term_string}"},"query-input":{"@type":"PropertyValueSpecification","valueRequired":true,"valueName":"search_term_string"}}],"inLanguage":"fr-FR"},{"@type":"Organization","@id":"https:\/\/www.theadkx.org\/#organization","name":"Adirondack Experience, le mus\u00e9e du lac Blue Mountain","url":"https:\/\/www.theadkx.org\/","logo":{"@type":"ImageObject","inLanguage":"fr-FR","@id":"https:\/\/www.theadkx.org\/#\/schema\/logo\/image\/","url":"https:\/\/www.theadkx.org\/wp-content\/uploads\/2021\/03\/ADKX_LOGO.png","contentUrl":"https:\/\/www.theadkx.org\/wp-content\/uploads\/2021\/03\/ADKX_LOGO.png","width":440,"height":276,"caption":"Adirondack Experience, The Museum on Blue Mountain Lake"},"image":{"@id":"https:\/\/www.theadkx.org\/#\/schema\/logo\/image\/"},"sameAs":["https:\/\/www.facebook.com\/theADKX\/","https:\/\/x.com\/theadkx","https:\/\/www.instagram.com\/theadkx\/","https:\/\/www.youtube.com\/user\/AdirondackMuseum"]}]}},"_links":{"self":[{"href":"https:\/\/www.theadkx.org\/fr\/wp-json\/wp\/v2\/pages\/11872","targetHints":{"allow":["GET"]}}],"collection":[{"href":"https:\/\/www.theadkx.org\/fr\/wp-json\/wp\/v2\/pages"}],"about":[{"href":"https:\/\/www.theadkx.org\/fr\/wp-json\/wp\/v2\/types\/page"}],"author":[{"embeddable":true,"href":"https:\/\/www.theadkx.org\/fr\/wp-json\/wp\/v2\/users\/4"}],"replies":[{"embeddable":true,"href":"https:\/\/www.theadkx.org\/fr\/wp-json\/wp\/v2\/comments?post=11872"}],"version-history":[{"count":10,"href":"https:\/\/www.theadkx.org\/fr\/wp-json\/wp\/v2\/pages\/11872\/revisions"}],"predecessor-version":[{"id":16590,"href":"https:\/\/www.theadkx.org\/fr\/wp-json\/wp\/v2\/pages\/11872\/revisions\/16590"}],"up":[{"embeddable":true,"href":"https:\/\/www.theadkx.org\/fr\/wp-json\/wp\/v2\/pages\/22"}],"wp:attachment":[{"href":"https:\/\/www.theadkx.org\/fr\/wp-json\/wp\/v2\/media?parent=11872"}],"curies":[{"name":"wp","href":"https:\/\/api.w.org\/{rel}","templated":true}]}}