{"id":15754,"date":"2025-03-13T09:16:19","date_gmt":"2025-03-13T13:16:19","guid":{"rendered":"http:\/\/www.theadkx.org\/?page_id=15754"},"modified":"2026-04-13T13:00:15","modified_gmt":"2026-04-13T17:00:15","slug":"creativite-en-quarantaine-3","status":"publish","type":"page","link":"https:\/\/www.theadkx.org\/fr\/our-events\/adkx-artists-in-residence\/","title":{"rendered":"Programme d'artistes en r\u00e9sidence ADKX"},"content":{"rendered":"<div id='av_section_1'  class='avia-section main_color avia-section-no-padding avia-no-border-styling  ep-lazy-loaded avia-full-stretch avia-bg-style-scroll  avia-builder-el-0  el_before_av_section  avia-builder-el-first   avia-section-fwd container_wrap fullsize' style='background-repeat: no-repeat; --epBGImgDesktop: url(https:\/\/www.theadkx.org\/wp-content\/uploads\/2025\/03\/Test-WP-image.png);--epBGImgTablet: var(--epBGImgDesktop); --epBGImgMobile: url();;background-attachment: scroll; background-position: bottom center;   '   data-section-bg-repeat='stretch' ><div class='container' style=\"\"><main  role=\"main\" itemprop=\"mainContentOfPage\"  class='template-page content  av-content-full alpha units' ><div class='post-entry post-entry-type-page post-entry-15754'><div class='entry-content-wrapper clearfix'>\n<div   class='hr hr-invisible  hr-responsive   avia-builder-el-1  avia-builder-el-no-sibling' ><div style='height:300px' class='hr-desktop'><\/div><div style='height:300px' class='hr-tablet'><\/div><div style='height:150px' class='hr-mobile'><\/div><\/div>\n\n<\/div><\/div><\/main><!-- close content main element --><\/div><\/div><div id='av_section_2'  class='avia-section main_color avia-section-default avia-no-border-styling  ep-lazy-loaded avia-full-stretch avia-bg-style-scroll  avia-builder-el-2  el_after_av_section  el_before_av_section   container_wrap fullsize' style='background-color: #fcfaf5; background-repeat: no-repeat; --epBGImg: url(https:\/\/www.theadkx.org\/wp-content\/uploads\/2021\/03\/Brown-Topo-Map-1.png);;background-attachment: scroll; background-position: center center;   '  data-lazy-bg data-section-bg-repeat='stretch' ><div class='container' ><div class='template-page content  av-content-full alpha units' ><div class='post-entry post-entry-type-page post-entry-15754'><div class='entry-content-wrapper clearfix'>\n<div   class='av-special-heading av-special-heading-h1   blockquote modern-quote  avia-builder-el-3  avia-builder-el-no-sibling' ><h1 class='av-special-heading-tag'   itemprop=\"headline\"  >Programme d'artistes en r\u00e9sidence ADKX<\/h1><div class='special-heading-border'><div class='special-heading-inner-border' ><\/div><\/div><\/div>\n\n<\/div><\/div><\/div><!-- close content main div --><\/div><\/div><div id='av_section_3'  class='avia-section main_color avia-section-default avia-no-border-styling  avia-bg-style-scroll  avia-builder-el-4  el_after_av_section  el_before_av_section   container_wrap fullsize' style='  '   ><div class='container' ><div class='template-page content  av-content-full alpha units' ><div class='post-entry post-entry-type-page post-entry-15754'><div class='entry-content-wrapper clearfix'>\n<div   class='flex_column_table  reverse-order ep-lazy-loaded   av-equal-height-column-flextable av-break-at-tablet-flextable flex-column-table-1'  ><div  class=\"flex_column av_one_full  custom_space av-break-at-tablet flex_column_table_cell av-equal-height-column av-align-top ep-lazy-loaded first  avia-builder-el-5  avia-builder-el-no-sibling\" ><div class=\"flex-column-inner\"><p><div   class='av-special-heading av-special-heading-h2   blockquote modern-quote  avia-builder-el-6  el_before_av_textblock  avia-builder-el-first' ><h2 class='av-special-heading-tag'   itemprop=\"headline\"  >2026 Programme d'artistes en r\u00e9sidence ADKX<\/h2><div class='special-heading-border'><div class='special-heading-inner-border' ><\/div><\/div><\/div><br \/>\n<section class=\"av_textblock_section\"  itemscope=\"itemscope\" itemtype=\"https:\/\/schema.org\/CreativeWork\"  ><div class='avia_textblock'   itemprop=\"text\" ><p>The Adirondack Experience, The Museum on Blue Mountain Lake, a le plaisir d'accueillir les artistes Ben Allanoff, Andrea Mancuso, Jinghong Chen et Joy Muller-McCoola en tant que participants \u00e0 son programme tr\u00e8s comp\u00e9titif de r\u00e9sidence d'artiste 2026, s\u00e9lectionn\u00e9s parmi 185 candidats du monde entier. Vivant et travaillant sur le campus pendant les mois d'\u00e9t\u00e9, les artistes cr\u00e9eront de nouvelles \u0153uvres visibles par le public, feront participer les visiteurs \u00e0 l'espace de fabrication Art Lab et s'inspireront des collections du mus\u00e9e et du paysage environnant des Adirondacks, offrant ainsi aux visiteurs une occasion unique de faire l'exp\u00e9rience directe de la cr\u00e9ation artistique.<\/p>\n<\/div><\/section><\/p><\/div><\/div><\/div><!--close column table wrapper. Autoclose: 1 -->\n\n<\/div><\/div><\/div><!-- close content main div --><\/div><\/div><div id='av_section_4'  class='avia-section main_color avia-section-default avia-no-border-styling  avia-bg-style-scroll  avia-builder-el-8  el_after_av_section  el_before_av_hr   avia-section-fwd container_wrap fullsize' style='  '   ><div class='container' style=\"\"><div class='template-page content  av-content-full alpha units' style='padding-top:0px; padding-bottom:0px; '><div class='post-entry post-entry-type-page post-entry-15754'><div class='entry-content-wrapper clearfix'>\n\n\t\t\t\t<div  class='ep-item-grid-wrapper ep-grid-wrapper    avia-builder-el-9  el_before_av_hr  avia-builder-el-first  programs-items-grid' style='--itemCount: 4;' >\n\t\t\t\t\t<div class=\"ep-item-grid ep-grid  columns is-multiline is-mobile is-variable is-1 ep-grid-align-center\" >\n\t\t\t\t\t\t\n<div class='ep-item-grid-item ep-item-1  column is-full-mobile is-half-tablet is-one-quarter-desktop' >\n<a class=\"noHover ep-link-wrapper\" href=\"https:\/\/www.theadkx.org\/fr\/our-events\/adkx-artists-in-residence\/ben-allanoff\/\" >\t<div class='ep-item-grid-item-inner column-inner'>\n        <div class=\"program-item-wrapper\">\n            <div class=\"program-item-thumb\" style=\"background-image: url(https:\/\/www.theadkx.org\/wp-content\/uploads\/2026\/03\/Ben-Allanoff.jpg)\">\n            <\/div>\n            <div class=\"program-item-content field-trips-top bg-pos-right\">\n                                    <div class=\"program-item-title\">\n                        <h4 class=\"ep-item-grid-item-title\" style='font-size:40px;'>Ben Allanoff<\/h4>\n                    <\/div>\n                                                    <div class=\"program-item-extract\">\n                        <p><em>JUIN 2026<\/em><\/p>\n                    <\/div>\n                                                <div class=\"program-item-link\">\n                    <span>\n                        En savoir plus                    <\/span>\n                <\/div>\n                            <\/div>\n        <\/div>\n\t<\/div>\n    <\/a><\/div>\n<div class='ep-item-grid-item ep-item-2  column is-full-mobile is-half-tablet is-one-quarter-desktop' >\n<a class=\"noHover ep-link-wrapper\" href=\"https:\/\/www.theadkx.org\/fr\/our-events\/adkx-artists-in-residence\/andrea-mancuso\/\" >\t<div class='ep-item-grid-item-inner column-inner'>\n        <div class=\"program-item-wrapper\">\n            <div class=\"program-item-thumb\" style=\"background-image: url(https:\/\/www.theadkx.org\/wp-content\/uploads\/2026\/03\/Andrea-Portrait-Iceland-02006-Copy.jpg)\">\n            <\/div>\n            <div class=\"program-item-content resources-top bg-pos-right\">\n                                    <div class=\"program-item-title\">\n                        <h3 class=\"ep-item-grid-item-title\" style='font-size:40px;'> Andrea Mancuso<\/h3>\n                    <\/div>\n                                                    <div class=\"program-item-extract\">\n                        <p><em>JUILLET 2026<\/em><\/p>\n                    <\/div>\n                                                <div class=\"program-item-link\">\n                    <span>\n                        En savoir plus                    <\/span>\n                <\/div>\n                            <\/div>\n        <\/div>\n\t<\/div>\n    <\/a><\/div>\n<div class='ep-item-grid-item ep-item-3  column is-full-mobile is-half-tablet is-one-quarter-desktop' >\n<a class=\"noHover ep-link-wrapper\" href=\"https:\/\/www.theadkx.org\/fr\/our-events\/adkx-artists-in-residence\/jinghong-chen\/\" >\t<div class='ep-item-grid-item-inner column-inner'>\n        <div class=\"program-item-wrapper\">\n            <div class=\"program-item-thumb\" style=\"background-image: url(https:\/\/www.theadkx.org\/wp-content\/uploads\/2026\/04\/IMG_3822-2.jpeg)\">\n            <\/div>\n            <div class=\"program-item-content in-school-top bg-pos-left\">\n                                    <div class=\"program-item-title\">\n                        <h4 class=\"ep-item-grid-item-title\" style='font-size:40px;'>Jinghong Chen<\/h4>\n                    <\/div>\n                                                    <div class=\"program-item-extract\">\n                        <p><em>AO\u00dbT 2026<\/em><\/p>\n                    <\/div>\n                                                <div class=\"program-item-link\">\n                    <span>\n                        En savoir plus                    <\/span>\n                <\/div>\n                            <\/div>\n        <\/div>\n\t<\/div>\n    <\/a><\/div>\n<div class='ep-item-grid-item ep-item-4  column is-full-mobile is-half-tablet is-one-quarter-desktop' >\n<a class=\"noHover ep-link-wrapper\" href=\"https:\/\/www.theadkx.org\/fr\/our-events\/adkx-artists-in-residence\/joy-muller-mccoola\/\" >\t<div class='ep-item-grid-item-inner column-inner'>\n        <div class=\"program-item-wrapper\">\n            <div class=\"program-item-thumb\" style=\"background-image: url(https:\/\/www.theadkx.org\/wp-content\/uploads\/2026\/03\/Joy-Muller-McCoola.jpg)\">\n            <\/div>\n            <div class=\"program-item-content resources-top bg-pos-right\">\n                                    <div class=\"program-item-title\">\n                        <h4 class=\"ep-item-grid-item-title\" style='font-size:40px;'>Joy Muller-McCoola<\/h4>\n                    <\/div>\n                                                    <div class=\"program-item-extract\">\n                        <p><em>SEPTEMBRE 2026<\/em><\/p>\n                    <\/div>\n                                                <div class=\"program-item-link\">\n                    <span>\n                        En savoir plus                    <\/span>\n                <\/div>\n                            <\/div>\n        <\/div>\n\t<\/div>\n    <\/a><\/div>\n\t\t\t\t\t<\/div>\n\t\t\t\t\t\t\t\t\t<\/div>\n\n\t\t\t\t\n<div  style='height:50px' class='hr hr-invisible    avia-builder-el-10  el_after_ep_item_grid  avia-builder-el-last' ><span class='hr-inner' ><span class='hr-inner-style'><\/span><\/span><\/div>\n<\/div><\/div><\/div><!-- close content main div --><\/div><\/div><div id='after_section_4'  class='main_color av_default_container_wrap container_wrap fullsize' style='  '   ><div class='container' ><div class='template-page content  av-content-full alpha units' ><div class='post-entry post-entry-type-page post-entry-15754'><div class='entry-content-wrapper clearfix'>\n<div   class='hr hr-default    avia-builder-el-11  el_after_av_section  el_before_av_section  avia-builder-el-no-sibling' ><span class='hr-inner' ><span class='hr-inner-style'><\/span><\/span><\/div>\n<\/div><\/div><\/div><!-- close content main div --><\/div><\/div><div id='av_section_5'  class='avia-section main_color avia-section-default avia-no-border-styling  avia-bg-style-scroll  avia-builder-el-12  el_after_av_hr  el_before_av_section   container_wrap fullsize' style='  '   ><div class='container' ><div class='template-page content  av-content-full alpha units' style='padding-top:0px; padding-bottom:0px; '><div class='post-entry post-entry-type-page post-entry-15754'><div class='entry-content-wrapper clearfix'>\n<div   class='flex_column_table  reverse-order ep-lazy-loaded   av-equal-height-column-flextable av-break-at-tablet-flextable flex-column-table-2'  ><div  class=\"flex_column av_one_full  custom_space av-break-at-tablet flex_column_table_cell av-equal-height-column av-align-top ep-lazy-loaded first  avia-builder-el-13  avia-builder-el-no-sibling\" ><div class=\"flex-column-inner\"><p><div   class='av-special-heading av-special-heading-h2   blockquote modern-quote  avia-builder-el-14  el_before_av_textblock  avia-builder-el-first' ><h2 class='av-special-heading-tag'   itemprop=\"headline\"  >Une saison de cr\u00e9ativit\u00e9 r\u00e9ussie : 2025 Programme d'artistes en r\u00e9sidence ADKX<\/h2><div class='special-heading-border'><div class='special-heading-inner-border' ><\/div><\/div><\/div><br \/>\n<section class=\"av_textblock_section\"  itemscope=\"itemscope\" itemtype=\"https:\/\/schema.org\/CreativeWork\"  ><div class='avia_textblock'   itemprop=\"text\" ><p>L'ADKX est fier de c\u00e9l\u00e9brer le succ\u00e8s de son premier programme d'artistes en r\u00e9sidence. De juin \u00e0 septembre, quatre artistes talentueux ont v\u00e9cu et travaill\u00e9 sur place, s'inspirant de l'environnement naturel du mus\u00e9e, de ses collections et de sa communaut\u00e9.<\/p>\n<p>Au cours de leur r\u00e9sidence, chaque artiste a d\u00e9velopp\u00e9 un ensemble unique d'\u0153uvres tout en s'engageant avec les visiteurs dans les espaces publics et en menant des activit\u00e9s pratiques dans l'espace de fabrication Art Lab. Le programme a favoris\u00e9 l'\u00e9tablissement de liens significatifs entre les artistes et le public, m\u00ealant cr\u00e9ativit\u00e9 personnelle et exploration commune des histoires et des paysages de l'Adirondack.<\/p>\n<p>S\u00e9lectionn\u00e9s \u00e0 l'issue d'un processus tr\u00e8s comp\u00e9titif, les artistes ont \u00e9t\u00e9 choisis parmi 114 candidats repr\u00e9sentant 43 pays sur six continents. La diversit\u00e9 de leurs approches et de leurs points de vue a enrichi l'exp\u00e9rience du mus\u00e9e et contribu\u00e9 \u00e0 une saison dynamique.<\/p>\n<p>Nous sommes ravis d'annoncer que les \u0153uvres cr\u00e9\u00e9es pendant les r\u00e9sidences ont \u00e9t\u00e9 ajout\u00e9es \u00e0 la collection permanente d'ADKX. Vous pouvez d\u00e9couvrir les \u0153uvres r\u00e9alis\u00e9es pendant leur s\u00e9jour au mus\u00e9e en cliquant ci-dessous.<\/p>\n<\/div><\/section><\/p><\/div><\/div><\/div><!--close column table wrapper. Autoclose: 1 -->\n\n<\/div><\/div><\/div><!-- close content main div --><\/div><\/div><div id='av_section_6'  class='avia-section main_color avia-section-default avia-no-border-styling  avia-bg-style-scroll  avia-builder-el-16  el_after_av_section  avia-builder-el-last   avia-section-fwd container_wrap fullsize' style='  '   ><div class='container' style=\"\"><div class='template-page content  av-content-full alpha units' style='padding-top:0px; padding-bottom:0px; '><div class='post-entry post-entry-type-page post-entry-15754'><div class='entry-content-wrapper clearfix'>\n\n\t\t\t\t<div  class='ep-item-grid-wrapper ep-grid-wrapper    avia-builder-el-17  el_before_av_hr  avia-builder-el-first  programs-items-grid' style='--itemCount: 4;' >\n\t\t\t\t\t<div class=\"ep-item-grid ep-grid  columns is-multiline is-mobile is-variable is-1 ep-grid-align-center\" >\n\t\t\t\t\t\t\n<div class='ep-item-grid-item ep-item-1  column is-full-mobile is-half-tablet is-one-quarter-desktop' >\n<a class=\"noHover ep-link-wrapper\" href=\"https:\/\/www.theadkx.org\/fr\/our-events\/adkx-artists-in-residence\/jacoub-reyes\/\" >\t<div class='ep-item-grid-item-inner column-inner'>\n        <div class=\"program-item-wrapper\">\n            <div class=\"program-item-thumb\" style=\"background-image: url(https:\/\/www.theadkx.org\/wp-content\/uploads\/2025\/03\/Jacoub-Reyes-Headshot-Copy.jpg)\">\n            <\/div>\n            <div class=\"program-item-content field-trips-top bg-pos-right\">\n                                    <div class=\"program-item-title\">\n                        <h4 class=\"ep-item-grid-item-title\" style='font-size:40px;'>Jacoub Reyes<\/h4>\n                    <\/div>\n                                                    <div class=\"program-item-extract\">\n                        <p><em>JUIN 2025<\/em><\/p>\n                    <\/div>\n                                                <div class=\"program-item-link\">\n                    <span>\n                        En savoir plus                    <\/span>\n                <\/div>\n                            <\/div>\n        <\/div>\n\t<\/div>\n    <\/a><\/div>\n<div class='ep-item-grid-item ep-item-2  column is-full-mobile is-half-tablet is-one-quarter-desktop' >\n<a class=\"noHover ep-link-wrapper\" href=\"https:\/\/www.theadkx.org\/fr\/our-events\/adkx-artists-in-residence\/iakonikonriiosta\/\" >\t<div class='ep-item-grid-item-inner column-inner'>\n        <div class=\"program-item-wrapper\">\n            <div class=\"program-item-thumb\" style=\"background-image: url(https:\/\/www.theadkx.org\/wp-content\/uploads\/2025\/03\/Iakonikonriiosta-copy-2.jpg)\">\n            <\/div>\n            <div class=\"program-item-content resources-top bg-pos-right\">\n                                    <div class=\"program-item-title\">\n                        <h3 class=\"ep-item-grid-item-title\" style='font-size:40px;'>Iakonikonriiosta<\/h3>\n                    <\/div>\n                                                    <div class=\"program-item-extract\">\n                        <p><em>JUILLET 2025<\/em><\/p>\n                    <\/div>\n                                                <div class=\"program-item-link\">\n                    <span>\n                        En savoir plus                    <\/span>\n                <\/div>\n                            <\/div>\n        <\/div>\n\t<\/div>\n    <\/a><\/div>\n<div class='ep-item-grid-item ep-item-3  column is-full-mobile is-half-tablet is-one-quarter-desktop' >\n<a class=\"noHover ep-link-wrapper\" href=\"https:\/\/www.theadkx.org\/fr\/our-events\/adkx-artists-in-residence\/tom-bonamici\/\" >\t<div class='ep-item-grid-item-inner column-inner'>\n        <div class=\"program-item-wrapper\">\n            <div class=\"program-item-thumb\" style=\"background-image: url(https:\/\/www.theadkx.org\/wp-content\/uploads\/2025\/03\/20241021_UOPortlandPortraits_0369-Copy.jpg)\">\n            <\/div>\n            <div class=\"program-item-content in-school-top bg-pos-left\">\n                                    <div class=\"program-item-title\">\n                        <h4 class=\"ep-item-grid-item-title\" style='font-size:40px;'>Tom Bonamici<\/h4>\n                    <\/div>\n                                                    <div class=\"program-item-extract\">\n                        <p><em>AO\u00dbT 2025<\/em><\/p>\n                    <\/div>\n                                                <div class=\"program-item-link\">\n                    <span>\n                        En savoir plus                    <\/span>\n                <\/div>\n                            <\/div>\n        <\/div>\n\t<\/div>\n    <\/a><\/div>\n<div class='ep-item-grid-item ep-item-4  column is-full-mobile is-half-tablet is-one-quarter-desktop' >\n<a class=\"noHover ep-link-wrapper\" href=\"https:\/\/www.theadkx.org\/fr\/our-events\/adkx-artists-in-residence\/reka-szabo\/\" >\t<div class='ep-item-grid-item-inner column-inner'>\n        <div class=\"program-item-wrapper\">\n            <div class=\"program-item-thumb\" style=\"background-image: url(https:\/\/www.theadkx.org\/wp-content\/uploads\/2025\/03\/Portre.jpg)\">\n            <\/div>\n            <div class=\"program-item-content resources-top bg-pos-right\">\n                                    <div class=\"program-item-title\">\n                        <h4 class=\"ep-item-grid-item-title\" style='font-size:40px;'>R\u00e9ka Szab\u00f3<\/h4>\n                    <\/div>\n                                                    <div class=\"program-item-extract\">\n                        <p><em>SEPTEMBRE 2025<\/em><\/p>\n                    <\/div>\n                                                <div class=\"program-item-link\">\n                    <span>\n                        En savoir plus                    <\/span>\n                <\/div>\n                            <\/div>\n        <\/div>\n\t<\/div>\n    <\/a><\/div>\n\t\t\t\t\t<\/div>\n\t\t\t\t\t\t\t\t\t<\/div>\n\n\t\t\t\t\n<div  style='height:50px' class='hr hr-invisible    avia-builder-el-18  el_after_ep_item_grid  avia-builder-el-last' ><span class='hr-inner' ><span class='hr-inner-style'><\/span><\/span><\/div>","protected":false},"excerpt":{"rendered":"","protected":false},"author":11,"featured_media":0,"parent":22,"menu_order":48,"comment_status":"closed","ping_status":"closed","template":"","meta":{"_acf_changed":false,"om_disable_all_campaigns":false,"footnotes":""},"class_list":["post-15754","page","type-page","status-publish","hentry"],"acf":[],"yoast_head":"<!-- This site is optimized with the Yoast SEO Premium plugin v22.8 (Yoast SEO v27.4) - https:\/\/yoast.com\/product\/yoast-seo-premium-wordpress\/ -->\n<title>ADKX Artists-In-Residence Program | Adirondack Experience<\/title>\n<meta name=\"robots\" content=\"index, follow, max-snippet:-1, max-image-preview:large, max-video-preview:-1\" \/>\n<link rel=\"canonical\" href=\"https:\/\/www.theadkx.org\/fr\/nos-evenements\/creativite-en-quarantaine-3\/\" \/>\n<meta property=\"og:locale\" content=\"fr_FR\" \/>\n<meta property=\"og:type\" content=\"article\" \/>\n<meta property=\"og:title\" content=\"ADKX Artists-In-Residence Program\" \/>\n<meta property=\"og:url\" content=\"https:\/\/www.theadkx.org\/fr\/nos-evenements\/creativite-en-quarantaine-3\/\" \/>\n<meta property=\"og:site_name\" content=\"Adirondack Experience\" \/>\n<meta property=\"article:publisher\" content=\"https:\/\/www.facebook.com\/theADKX\/\" \/>\n<meta property=\"article:modified_time\" content=\"2026-04-13T17:00:15+00:00\" \/>\n<meta name=\"twitter:card\" content=\"summary_large_image\" \/>\n<meta name=\"twitter:site\" content=\"@theadkx\" \/>\n<meta name=\"twitter:label1\" content=\"Dur\u00e9e de lecture estim\u00e9e\" \/>\n\t<meta name=\"twitter:data1\" content=\"2 minutes\" \/>\n<script type=\"application\/ld+json\" class=\"yoast-schema-graph\">{\"@context\":\"https:\\\/\\\/schema.org\",\"@graph\":[{\"@type\":\"WebPage\",\"@id\":\"https:\\\/\\\/www.theadkx.org\\\/our-events\\\/adkx-artists-in-residence\\\/\",\"url\":\"https:\\\/\\\/www.theadkx.org\\\/our-events\\\/adkx-artists-in-residence\\\/\",\"name\":\"ADKX Artists-In-Residence Program | Adirondack Experience\",\"isPartOf\":{\"@id\":\"https:\\\/\\\/www.theadkx.org\\\/#website\"},\"datePublished\":\"2025-03-13T13:16:19+00:00\",\"dateModified\":\"2026-04-13T17:00:15+00:00\",\"breadcrumb\":{\"@id\":\"https:\\\/\\\/www.theadkx.org\\\/our-events\\\/adkx-artists-in-residence\\\/#breadcrumb\"},\"inLanguage\":\"fr-FR\",\"potentialAction\":[{\"@type\":\"ReadAction\",\"target\":[\"https:\\\/\\\/www.theadkx.org\\\/our-events\\\/adkx-artists-in-residence\\\/\"]}]},{\"@type\":\"BreadcrumbList\",\"@id\":\"https:\\\/\\\/www.theadkx.org\\\/our-events\\\/adkx-artists-in-residence\\\/#breadcrumb\",\"itemListElement\":[{\"@type\":\"ListItem\",\"position\":1,\"name\":\"Home\",\"item\":\"https:\\\/\\\/www.theadkx.org\\\/homepage\\\/\"},{\"@type\":\"ListItem\",\"position\":2,\"name\":\"Events\",\"item\":\"https:\\\/\\\/www.theadkx.org\\\/our-events\\\/\"},{\"@type\":\"ListItem\",\"position\":3,\"name\":\"ADKX Artists-In-Residence Program\"}]},{\"@type\":\"WebSite\",\"@id\":\"https:\\\/\\\/www.theadkx.org\\\/#website\",\"url\":\"https:\\\/\\\/www.theadkx.org\\\/\",\"name\":\"Adirondack Experience\",\"description\":\"The Museum on Blue Mountain Lake\",\"publisher\":{\"@id\":\"https:\\\/\\\/www.theadkx.org\\\/#organization\"},\"potentialAction\":[{\"@type\":\"SearchAction\",\"target\":{\"@type\":\"EntryPoint\",\"urlTemplate\":\"https:\\\/\\\/www.theadkx.org\\\/?s={search_term_string}\"},\"query-input\":{\"@type\":\"PropertyValueSpecification\",\"valueRequired\":true,\"valueName\":\"search_term_string\"}}],\"inLanguage\":\"fr-FR\"},{\"@type\":\"Organization\",\"@id\":\"https:\\\/\\\/www.theadkx.org\\\/#organization\",\"name\":\"Adirondack Experience, The Museum on Blue Mountain Lake\",\"url\":\"https:\\\/\\\/www.theadkx.org\\\/\",\"logo\":{\"@type\":\"ImageObject\",\"inLanguage\":\"fr-FR\",\"@id\":\"https:\\\/\\\/www.theadkx.org\\\/#\\\/schema\\\/logo\\\/image\\\/\",\"url\":\"https:\\\/\\\/www.theadkx.org\\\/wp-content\\\/uploads\\\/2021\\\/03\\\/ADKX_LOGO.png\",\"contentUrl\":\"https:\\\/\\\/www.theadkx.org\\\/wp-content\\\/uploads\\\/2021\\\/03\\\/ADKX_LOGO.png\",\"width\":440,\"height\":276,\"caption\":\"Adirondack Experience, The Museum on Blue Mountain Lake\"},\"image\":{\"@id\":\"https:\\\/\\\/www.theadkx.org\\\/#\\\/schema\\\/logo\\\/image\\\/\"},\"sameAs\":[\"https:\\\/\\\/www.facebook.com\\\/theADKX\\\/\",\"https:\\\/\\\/x.com\\\/theadkx\",\"https:\\\/\\\/www.instagram.com\\\/theadkx\\\/\",\"https:\\\/\\\/www.youtube.com\\\/user\\\/AdirondackMuseum\"]}]}<\/script>\n<!-- \/ Yoast SEO Premium plugin. -->","yoast_head_json":{"title":"Programme d'artistes en r\u00e9sidence ADKX | Adirondack Experience","robots":{"index":"index","follow":"follow","max-snippet":"max-snippet:-1","max-image-preview":"max-image-preview:large","max-video-preview":"max-video-preview:-1"},"canonical":"https:\/\/www.theadkx.org\/fr\/nos-evenements\/creativite-en-quarantaine-3\/","og_locale":"fr_FR","og_type":"article","og_title":"ADKX Artists-In-Residence Program","og_url":"https:\/\/www.theadkx.org\/fr\/nos-evenements\/creativite-en-quarantaine-3\/","og_site_name":"Adirondack Experience","article_publisher":"https:\/\/www.facebook.com\/theADKX\/","article_modified_time":"2026-04-13T17:00:15+00:00","twitter_card":"summary_large_image","twitter_site":"@theadkx","twitter_misc":{"Dur\u00e9e de lecture estim\u00e9e":"2 minutes"},"schema":{"@context":"https:\/\/schema.org","@graph":[{"@type":"WebPage","@id":"https:\/\/www.theadkx.org\/our-events\/adkx-artists-in-residence\/","url":"https:\/\/www.theadkx.org\/our-events\/adkx-artists-in-residence\/","name":"Programme d'artistes en r\u00e9sidence ADKX | Adirondack Experience","isPartOf":{"@id":"https:\/\/www.theadkx.org\/#website"},"datePublished":"2025-03-13T13:16:19+00:00","dateModified":"2026-04-13T17:00:15+00:00","breadcrumb":{"@id":"https:\/\/www.theadkx.org\/our-events\/adkx-artists-in-residence\/#breadcrumb"},"inLanguage":"fr-FR","potentialAction":[{"@type":"ReadAction","target":["https:\/\/www.theadkx.org\/our-events\/adkx-artists-in-residence\/"]}]},{"@type":"BreadcrumbList","@id":"https:\/\/www.theadkx.org\/our-events\/adkx-artists-in-residence\/#breadcrumb","itemListElement":[{"@type":"ListItem","position":1,"name":"Home","item":"https:\/\/www.theadkx.org\/homepage\/"},{"@type":"ListItem","position":2,"name":"Events","item":"https:\/\/www.theadkx.org\/our-events\/"},{"@type":"ListItem","position":3,"name":"ADKX Artists-In-Residence Program"}]},{"@type":"WebSite","@id":"https:\/\/www.theadkx.org\/#website","url":"https:\/\/www.theadkx.org\/","name":"L'exp\u00e9rience des Adirondacks","description":"Le mus\u00e9e du lac Blue Mountain","publisher":{"@id":"https:\/\/www.theadkx.org\/#organization"},"potentialAction":[{"@type":"SearchAction","target":{"@type":"EntryPoint","urlTemplate":"https:\/\/www.theadkx.org\/?s={search_term_string}"},"query-input":{"@type":"PropertyValueSpecification","valueRequired":true,"valueName":"search_term_string"}}],"inLanguage":"fr-FR"},{"@type":"Organization","@id":"https:\/\/www.theadkx.org\/#organization","name":"Adirondack Experience, le mus\u00e9e du lac Blue Mountain","url":"https:\/\/www.theadkx.org\/","logo":{"@type":"ImageObject","inLanguage":"fr-FR","@id":"https:\/\/www.theadkx.org\/#\/schema\/logo\/image\/","url":"https:\/\/www.theadkx.org\/wp-content\/uploads\/2021\/03\/ADKX_LOGO.png","contentUrl":"https:\/\/www.theadkx.org\/wp-content\/uploads\/2021\/03\/ADKX_LOGO.png","width":440,"height":276,"caption":"Adirondack Experience, The Museum on Blue Mountain Lake"},"image":{"@id":"https:\/\/www.theadkx.org\/#\/schema\/logo\/image\/"},"sameAs":["https:\/\/www.facebook.com\/theADKX\/","https:\/\/x.com\/theadkx","https:\/\/www.instagram.com\/theadkx\/","https:\/\/www.youtube.com\/user\/AdirondackMuseum"]}]}},"_links":{"self":[{"href":"https:\/\/www.theadkx.org\/fr\/wp-json\/wp\/v2\/pages\/15754","targetHints":{"allow":["GET"]}}],"collection":[{"href":"https:\/\/www.theadkx.org\/fr\/wp-json\/wp\/v2\/pages"}],"about":[{"href":"https:\/\/www.theadkx.org\/fr\/wp-json\/wp\/v2\/types\/page"}],"author":[{"embeddable":true,"href":"https:\/\/www.theadkx.org\/fr\/wp-json\/wp\/v2\/users\/11"}],"replies":[{"embeddable":true,"href":"https:\/\/www.theadkx.org\/fr\/wp-json\/wp\/v2\/comments?post=15754"}],"version-history":[{"count":10,"href":"https:\/\/www.theadkx.org\/fr\/wp-json\/wp\/v2\/pages\/15754\/revisions"}],"predecessor-version":[{"id":19159,"href":"https:\/\/www.theadkx.org\/fr\/wp-json\/wp\/v2\/pages\/15754\/revisions\/19159"}],"up":[{"embeddable":true,"href":"https:\/\/www.theadkx.org\/fr\/wp-json\/wp\/v2\/pages\/22"}],"wp:attachment":[{"href":"https:\/\/www.theadkx.org\/fr\/wp-json\/wp\/v2\/media?parent=15754"}],"curies":[{"name":"wp","href":"https:\/\/api.w.org\/{rel}","templated":true}]}}