{"id":17611,"date":"2025-12-08T12:02:12","date_gmt":"2025-12-08T17:02:12","guid":{"rendered":"http:\/\/www.theadkx.org\/?page_id=17611"},"modified":"2026-03-12T09:44:55","modified_gmt":"2026-03-12T13:44:55","slug":"expositions-virtuelles-7","status":"publish","type":"page","link":"https:\/\/www.theadkx.org\/fr\/exhibitions\/black-experience-in-the-adirondacks\/","title":{"rendered":"L'exp\u00e9rience noire dans les Adirondacks"},"content":{"rendered":"<div id='av_section_1'  class='avia-section main_color avia-section-small avia-no-border-styling  ep-lazy-loaded avia-full-stretch avia-bg-style-scroll  avia-builder-el-0  el_before_av_submenu  avia-builder-el-first   container_wrap fullsize' style='background-repeat: no-repeat; --epBGImg: url(https:\/\/www.theadkx.org\/wp-content\/uploads\/2025\/12\/BEA-PAGE-HEADER.png);;background-attachment: scroll; background-position: top left;   '   data-section-bg-repeat='stretch' ><div class='container' ><main  role=\"main\" itemprop=\"mainContentOfPage\"  class='template-page content  av-content-full alpha units' ><div class='post-entry post-entry-type-page post-entry-17611'><div class='entry-content-wrapper clearfix'>\n<section class=\"av_textblock_section\"  itemscope=\"itemscope\" itemtype=\"https:\/\/schema.org\/CreativeWork\"  ><div class='avia_textblock   av_inherit_color av-animated-generic left-to-right  ep-text-align-center'  style='color:#fcfaf5; '  itemprop=\"text\" ><h1 style=\"text-align: center;\">L'EXP\u00c9RIENCE DES NOIRS DANS LES ADIRONDACKS<\/h1>\n<\/div><\/section>\n<section class=\"av_textblock_section\"  itemscope=\"itemscope\" itemtype=\"https:\/\/schema.org\/CreativeWork\"  ><div class='avia_textblock   av_inherit_color av-animated-generic right-to-left  ep-text-align-center'  style='color:#fcfaf5; '  itemprop=\"text\" ><h4 style=\"text-align: center;\"><em>Nouvelle exposition en 2027<\/em><\/h4>\n<\/div><\/section>\n<div  style='height:50px' class='hr hr-invisible    avia-builder-el-3  el_after_av_textblock  avia-builder-el-last' ><span class='hr-inner' ><span class='hr-inner-style'><\/span><\/span><\/div>\n\n<\/div><\/div><\/main><!-- close content main element --><\/div><\/div><div class='clear'><\/div><div id='sub_menu1'  class='av-submenu-container av-miqd8c1h-33af608a0f2846a80fd12a574d7eb20e main_color  avia-builder-el-4  el_after_av_section  el_before_av_section  av-sticky-submenu submenu-not-first container_wrap fullsize' style='   z-index:301'  ><div class='container av-menu-mobile-disabled av-submenu-pos-center'><ul id='av-custom-submenu-1' class='av-subnav-menu' role='menu'>\n<li class='menu-item av-miqd8ayn-a9c2caef9ea37871d88c35e0d042b067 menu-item-top-level menu-item-top-level-1' role='menuitem'><a href='#overview'  ><span class='avia-bullet'><\/span><span class='avia-menu-text'>VUE D'ENSEMBLE<\/span><\/a><\/li>\n<li class='menu-item av-litw97-588f49a5dd89ea7037ff5efd00fbe130 menu-item-top-level menu-item-top-level-2' role='menuitem'><a href='#themes'  ><span class='avia-bullet'><\/span><span class='avia-menu-text'>TH\u00c8MES<\/span><\/a><\/li>\n<li class='menu-item av-mit4vqj4-76bd85df131e5a85ff40f819a8c936a1 menu-item-top-level menu-item-top-level-3' role='menuitem'><a href='#help'  ><span class='avia-bullet'><\/span><span class='avia-menu-text'>AIDEZ-NOUS<\/span><\/a><\/li>\n<li class='menu-item av-mit6r3s0-deec64f49f1aec12806a724e31d51597 menu-item-top-level menu-item-top-level-4' role='menuitem'><a href='#events'  ><span class='avia-bullet'><\/span><span class='avia-menu-text'>\u00c9V\u00c9NEMENTS<\/span><\/a><\/li>\n<li class='menu-item av-mit8dxdn-96d9dbcf4fcdffc1d98826e6a9288391 menu-item-top-level menu-item-top-level-5' role='menuitem'><a href='#photos'  ><span class='avia-bullet'><\/span><span class='avia-menu-text'>PHOTOS<\/span><\/a><\/li>\n<li class='menu-item av-mit8e5o1-e5646429491ca1bfbb70ed9284d679be menu-item-top-level menu-item-top-level-6' role='menuitem'><a href='#news'  ><span class='avia-bullet'><\/span><span class='avia-menu-text'>NOUVELLES<\/span><\/a><\/li>\n<\/ul><\/div><\/div><div class='sticky_placeholder'><\/div>\n<div id='overview'  class='avia-section main_color avia-section-default avia-no-border-styling  avia-bg-style-scroll  avia-builder-el-5  el_after_av_submenu  el_before_av_section   container_wrap fullsize' style='  '   ><div class='container' ><div class='template-page content  av-content-full alpha units' ><div class='post-entry post-entry-type-page post-entry-17611'><div class='entry-content-wrapper clearfix'>\n<div   class='flex_column_table  ep-lazy-loaded   av-equal-height-column-flextable -flextable flex-column-table-1'  ><div  class=\"flex_column av_one_full  flex_column_table_cell av-equal-height-column av-align-top ep-lazy-loaded first  avia-builder-el-6  avia-builder-el-no-sibling\" ><div class=\"flex-column-inner\"><section class=\"av_textblock_section\"  itemscope=\"itemscope\" itemtype=\"https:\/\/schema.org\/CreativeWork\"  ><div class='avia_textblock   av_inherit_color  ep-text-align-center'  style='font-size:30px; color:#a30b24; line-height:1.43; '  itemprop=\"text\" ><div class=\"x_elementToProof\" style=\"text-align: center;\" data-olk-copy-source=\"MessageBody\">En 2027, l'Adirondack Experience, le mus\u00e9e du lac Blue Mountain, ouvrira ses portes.\u00a0<b>L'exp\u00e9rience noire dans les Adirondacks<\/b>, une nouvelle exposition permanente et interactive. Cette exposition\u00a0<b>explorer de mani\u00e8re exhaustive l'histoire des Noirs dans la r\u00e9gion<\/b>, L'objectif est d'am\u00e9liorer la qualit\u00e9 de vie des habitants des Adirondacks, depuis leur r\u00f4le important et bien document\u00e9 dans la colonisation et le d\u00e9veloppement des Adirondacks jusqu'aux efforts actuels visant \u00e0 garantir une communaut\u00e9 inclusive et \u00e0 enrichir les possibilit\u00e9s de loisirs de la r\u00e9gion.<\/div>\n<div data-olk-copy-source=\"MessageBody\">\n<div class=\"x_elementToProof\"><\/div>\n<\/div>\n<\/div><\/section><br \/>\n<div  style='height:50px' class='hr hr-invisible    avia-builder-el-8  el_after_av_textblock  el_before_av_textblock' ><span class='hr-inner' ><span class='hr-inner-style'><\/span><\/span><\/div><br \/>\n<section class=\"av_textblock_section\"  itemscope=\"itemscope\" itemtype=\"https:\/\/schema.org\/CreativeWork\"  ><div class='avia_textblock   av_inherit_color  ep-text-align-center'  style='font-size:30px; color:#a30b24; line-height:1.43; '  itemprop=\"text\" ><div class=\"x_elementToProof\" style=\"text-align: center;\" data-olk-copy-source=\"MessageBody\">L'exposition constituera une \u00e9tape importante dans l'engagement continu d'ADKX \u00e0 raconter une histoire pr\u00e9cise et inclusive des Adirondacks - une histoire qui enrichit la compr\u00e9hension des contributions significatives apport\u00e9es par la communaut\u00e9 noire et d'autres communaut\u00e9s diverses au d\u00e9veloppement de la r\u00e9gion, tout en co\u00efncidant avec la c\u00e9l\u00e9bration par l'\u00c9tat de New York du 200e anniversaire de l'abolition de l'esclavage.<\/div>\n<div data-olk-copy-source=\"MessageBody\">\n<div class=\"x_elementToProof\"><\/div>\n<\/div>\n<\/div><\/section><\/p><\/div><\/div><\/div><!--close column table wrapper. Autoclose: 1 -->\n\n<\/div><\/div><\/div><!-- close content main div --><\/div><\/div><div id='themes'  class='avia-section main_color avia-section-no-padding avia-no-border-styling  avia-bg-style-scroll  avia-builder-el-10  el_after_av_section  el_before_av_section  colored-sections  avia-section-fwd container_wrap fullsize' style='  '   ><div class='container' style=\"\"><div class='template-page content  av-content-full alpha units' ><div class='post-entry post-entry-type-page post-entry-17611'><div class='entry-content-wrapper clearfix'>\n<div   class='flex_column_table  ep-lazy-loaded   av-equal-height-column-flextable av-break-at-tablet-flextable flex-column-table-2'  ><div data-lazy-bg class=\"flex_column av_one_half  avia-full-stretch no_margin av-break-at-tablet flex_column_table_cell av-equal-height-column av-align-top no-margins-on-breakpoint ep-lazy-loaded first  avia-builder-el-11  el_before_av_one_half  avia-builder-el-first\" style='background-repeat: no-repeat;background-attachment: scroll;background-position: top left;--epBGImg:url(https:\/\/www.theadkx.org\/wp-content\/uploads\/2025\/12\/CG-01-077.png); '><div class=\"flex-column-inner\"><\/div><\/div><div  class=\"flex_column av_one_half  no_margin av-break-at-tablet flex_column_table_cell av-equal-height-column av-align-top no-margins-on-breakpoint ep-lazy-loaded   avia-builder-el-12  el_after_av_one_half  el_before_av_one_half  has--inner-padding\" style='background-color:#a30b24; '><div class=\"flex-column-inner\"><p><div  style='color:#fcfaf5;' class='av-special-heading av-special-heading-h1  custom-color-heading blockquote modern-quote  avia-builder-el-13  el_before_av_textblock  avia-builder-el-first' ><h1 class='av-special-heading-tag'   itemprop=\"headline\"  >TRAVAIL<\/h1><div class='special-heading-border'><div class='special-heading-inner-border' style='border-color:#fcfaf5'><\/div><\/div><\/div><br \/>\n<section class=\"av_textblock_section\"  itemscope=\"itemscope\" itemtype=\"https:\/\/schema.org\/CreativeWork\"  ><div class='avia_textblock   av_inherit_color'  style='color:#fcfaf5; '  itemprop=\"text\" ><p data-path-to-node=\"5\"><span class=\"TextRun SCXW199776120 BCX0\" lang=\"EN-US\" xml:lang=\"EN-US\" data-contrast=\"auto\"><span class=\"NormalTextRun SCXW199776120 BCX0\">D\u00e9couvrez le r\u00f4le ind\u00e9l\u00e9bile qu'a jou\u00e9 la main-d'\u0153uvre noire dans le fa\u00e7onnement de la r\u00e9gion des Adirondacks au fil des si\u00e8cles. Explorez les contributions d'artisans qualifi\u00e9s et d'entrepreneurs tels que Dewey Brown aux colonies de Timbuctoo au XIXe si\u00e8cle, tout en comprenant les menaces et les d\u00e9fis que les Noirs ont surmont\u00e9s en cherchant des opportunit\u00e9s dans cette r\u00e9gion.<\/span><\/span><span class=\"EOP SCXW199776120 BCX0\" data-ccp-props=\"{}\">\u00a0<\/span><\/p>\n<\/div><\/section><\/p><\/div><\/div><\/div><!--close column table wrapper. Autoclose: 1 --><div   class='flex_column_table  reverse-order ep-lazy-loaded   av-equal-height-column-flextable av-break-at-tablet-flextable flex-column-table-3' style='margin-top:0; margin-bottom:0; ' ><div  class=\"flex_column av_one_half  no_margin av-break-at-tablet flex_column_table_cell av-equal-height-column av-align-top no-margins-on-breakpoint ep-lazy-loaded first  avia-builder-el-15  el_after_av_one_half  el_before_av_one_half  has--inner-padding column-top-margin\" style='background-color:#ffa401; '><div class=\"flex-column-inner\"><p><div  style='color:#fcfaf5;' class='av-special-heading av-special-heading-h1  custom-color-heading blockquote modern-quote modern-right  avia-builder-el-16  el_before_av_textblock  avia-builder-el-first' ><h1 class='av-special-heading-tag'   itemprop=\"headline\"  >CONNEXIONS<\/h1><div class='special-heading-border'><div class='special-heading-inner-border' style='border-color:#fcfaf5'><\/div><\/div><\/div><br \/>\n<section class=\"av_textblock_section\"  itemscope=\"itemscope\" itemtype=\"https:\/\/schema.org\/CreativeWork\"  ><div class='avia_textblock   av_inherit_color'  style='color:#fcfaf5; '  itemprop=\"text\" ><p class=\"p1\" style=\"text-align: right;\"><span class=\"TextRun SCXW49122800 BCX0\" lang=\"EN-US\" xml:lang=\"EN-US\" data-contrast=\"auto\"><span class=\"NormalTextRun SCXW49122800 BCX0\">Explorez les r\u00e9cits puissants des liens, des loisirs et de la construction communautaire des Noirs dans les Adirondacks. Apprenez-en plus sur les athl\u00e8tes olympiques et les militants \u00e9cologistes noirs, et d\u00e9couvrez des objets tels que le\u00a0<\/span><span class=\"NormalTextRun SpellingErrorV2Themed SCXW49122800 BCX0\">Adironduck<\/span><span class=\"NormalTextRun SCXW49122800 BCX0\"> qui soulignent \u00e0 la fois l'appartenance et l'engagement \u00e0 lutter contre l'isolement et la discrimination.<\/span><\/span><span class=\"EOP SCXW49122800 BCX0\" data-ccp-props=\"{}\">\u00a0<\/span><\/p>\n<\/div><\/section><\/p><\/div><\/div><div data-lazy-bg class=\"flex_column av_one_half  avia-full-stretch no_margin av-break-at-tablet flex_column_table_cell av-equal-height-column av-align-top no-margins-on-breakpoint ep-lazy-loaded   avia-builder-el-18  el_after_av_one_half  avia-builder-el-last  column-top-margin\" style='background-repeat: no-repeat;background-attachment: scroll;background-position: top left;--epBGImg:url(https:\/\/www.theadkx.org\/wp-content\/uploads\/2025\/12\/From-Phone-007.jpg); '><div class=\"flex-column-inner\"><div  class='avia-image-container  av-styling-fwd-image     av-desktop-hide av-medium-hide  avia-builder-el-19  avia-builder-el-no-sibling  avia-align-center'  itemprop=\"image\" itemscope=\"itemscope\" itemtype=\"https:\/\/schema.org\/ImageObject\"   ><div class='avia-image-container-inner'><div class='avia-image-overlay-wrap'><img decoding=\"async\" fetchpriority=\"high\" class='wp-image-17631 avia-img-lazy-loading-not-17631 avia_image' src=\"https:\/\/www.theadkx.org\/wp-content\/uploads\/2025\/12\/From-Phone-007.jpg\" alt='' title='Depuis le t\u00e9l\u00e9phone 007' height=\"2304\" width=\"3072\"  itemprop=\"thumbnailUrl\"  \/><\/div><\/div><\/div><\/div><\/div><\/div><!--close column table wrapper. Autoclose: 1 -->\n\n<\/div><\/div><\/div><!-- close content main div --><\/div><\/div><div id='av_section_4'  class='avia-section main_color avia-section-no-padding avia-no-border-styling  avia-bg-style-scroll  avia-builder-el-20  el_after_av_section  el_before_av_section  colored-sections  avia-section-fwd container_wrap fullsize' style='  '   ><div class='container' style=\"\"><div class='template-page content  av-content-full alpha units' ><div class='post-entry post-entry-type-page post-entry-17611'><div class='entry-content-wrapper clearfix'>\n<div   class='flex_column_table  ep-lazy-loaded   av-equal-height-column-flextable av-break-at-tablet-flextable flex-column-table-4'  ><div data-lazy-bg class=\"flex_column av_one_half  avia-full-stretch no_margin av-break-at-tablet flex_column_table_cell av-equal-height-column av-align-top no-margins-on-breakpoint ep-lazy-loaded first  avia-builder-el-21  el_before_av_one_half  avia-builder-el-first\" style='background-repeat: no-repeat;background-attachment: scroll;background-position: top left;--epBGImg:url(https:\/\/www.theadkx.org\/wp-content\/uploads\/2025\/12\/IMG_1781.jpg); '><div class=\"flex-column-inner\"><div  class='avia-image-container  av-styling-fwd-image     av-desktop-hide av-medium-hide  avia-builder-el-22  avia-builder-el-no-sibling  avia-align-center'  itemprop=\"image\" itemscope=\"itemscope\" itemtype=\"https:\/\/schema.org\/ImageObject\"   ><div class='avia-image-container-inner'><div class='avia-image-overlay-wrap'><img decoding=\"async\" fetchpriority=\"high\" class='wp-image-17632 avia-img-lazy-loading-not-17632 avia_image' src=\"https:\/\/www.theadkx.org\/wp-content\/uploads\/2025\/12\/IMG_1781.jpg\" alt='' title='IMG_1781' height=\"1980\" width=\"3520\"  itemprop=\"thumbnailUrl\"  \/><\/div><\/div><\/div><\/div><\/div><div  class=\"flex_column av_one_half  no_margin av-break-at-tablet flex_column_table_cell av-equal-height-column av-align-top no-margins-on-breakpoint ep-lazy-loaded   avia-builder-el-23  el_after_av_one_half  avia-builder-el-last  has--inner-padding\" style='background-color:#005c29; '><div class=\"flex-column-inner\"><p><div  style='color:#fcfaf5;' class='av-special-heading av-special-heading-h1  custom-color-heading blockquote modern-quote  avia-builder-el-24  el_before_av_textblock  avia-builder-el-first' ><h1 class='av-special-heading-tag'   itemprop=\"headline\"  >VIE<\/h1><div class='special-heading-border'><div class='special-heading-inner-border' style='border-color:#fcfaf5'><\/div><\/div><\/div><br \/>\n<section class=\"av_textblock_section\"  itemscope=\"itemscope\" itemtype=\"https:\/\/schema.org\/CreativeWork\"  ><div class='avia_textblock   av_inherit_color'  style='color:#fcfaf5; '  itemprop=\"text\" ><p class=\"p1\"><span class=\"TextRun SCXW9444314 BCX0\" lang=\"EN-US\" xml:lang=\"EN-US\" data-contrast=\"auto\"><span class=\"NormalTextRun SCXW9444314 BCX0\">D\u00e9couvrez les exp\u00e9riences contemporaines v\u00e9cues par les Noirs dans les Adirondacks, o\u00f9 l'identit\u00e9 est \u00e0 la fois remise en question et affirm\u00e9e. Voyez comment des personnalit\u00e9s comme le Dr Alice Paden Green ont construit une communaut\u00e9 par le biais de la migration et de la parent\u00e9 fictive, offrant un regard approfondi sur la pouss\u00e9e d'appartenance dans la r\u00e9gion.<\/span><\/span><span class=\"EOP SCXW9444314 BCX0\" data-ccp-props=\"{}\">\u00a0<\/span><\/p>\n<\/div><\/section><\/p><\/div><\/div><\/div><!--close column table wrapper. Autoclose: 1 -->\n\n<\/div><\/div><\/div><!-- close content main div --><\/div><\/div><div id='help'  class='avia-section main_color avia-section-small avia-no-border-styling  avia-bg-style-scroll  avia-builder-el-26  el_after_av_section  el_before_av_section  colored-sections  container_wrap fullsize' style='background-color: #fcfaf5;   '   ><div class='container' style=\"--containerWidth:1000px;max-width:1000px;\"><div class='template-page content  av-content-full alpha units' ><div class='post-entry post-entry-type-page post-entry-17611'><div class='entry-content-wrapper clearfix'>\n<div   class='flex_column_table  avia-full-stretch ep-lazy-loaded   av-equal-height-column-flextable av-break-at-tablet-flextable flex-column-table-5'  ><div  class=\"flex_column av_one_full  no_margin av-break-at-tablet flex_column_table_cell av-equal-height-column av-align-top ep-lazy-loaded first  avia-builder-el-27  avia-builder-el-no-sibling\" ><div class=\"flex-column-inner\"><p><div  style='color:#110f10;' class='av-special-heading av-special-heading-h2  custom-color-heading blockquote modern-quote  avia-builder-el-28  el_before_av_textblock  avia-builder-el-first  special-heading av-animated-generic left-to-right' ><h2 class='av-special-heading-tag' style='font-weight:300;'  itemprop=\"headline\"  >AIDEZ-NOUS \u00c0 RACONTER VOTRE HISTOIRE<\/h2><div class ='av-subheading av-subheading_below' style='color:#ffa401;line-height:0.5em;font-weight:300;text-transform:none;font-size:40px;'><p><em style=\"font-size: 30px; font-style: normal; font-weight: bold;\">Vos objets racontent toute l'histoire de la vie des Noirs dans les Adirondacks.<\/em><\/p>\n<\/div><div class='special-heading-border'><div class='special-heading-inner-border' style='border-color:#110f10'><\/div><\/div><\/div><br \/>\n<section class=\"av_textblock_section\"  itemscope=\"itemscope\" itemtype=\"https:\/\/schema.org\/CreativeWork\"  ><div class='avia_textblock   av_inherit_color  ep-text-align-left'  style='color:#110f10; '  itemprop=\"text\" ><div>\n<p class=\"x_MsoNormal\"><span data-olk-copy-source=\"MessageBody\">Nous recherchons un large \u00e9ventail de documents, notamment des photographies, des souvenirs, des lettres, des cartes postales, des recettes, des v\u00eatements et des clips vid\u00e9o.\u00a0<b>des Adirondacks<\/b>. Tout objet ou souvenir qui contient une partie de l'histoire est un \u00e9l\u00e9ment essentiel de cette histoire.\u00a0<\/span><\/p>\n<\/div>\n<div>\n<p class=\"x_MsoNormal\"><i>Toutes les candidatures seront examin\u00e9es en fonction des besoins de collecte et des priorit\u00e9s institutionnelles, et\u00a0<a id=\"OWA18a082b5-42e4-7b1e-90f0-3530bc4c2fec\" title=\"http:\/\/chrome-extension:\/efaidnbmnnnibpcajpcglclefindmkaj\/https:\/www.theadkx.org\/wp-content\/uploads\/2023\/03\/Collections-Management-Plan-2023.pdf\" href=\"https:\/\/qrco.de\/bgVOhh\" target=\"_blank\" rel=\"noopener noreferrer\" data-auth=\"NotApplicable\" data-linkindex=\"0\">politiques<\/a>.\u00a0<\/i><\/p>\n<\/div>\n<div>\n<p class=\"x_MsoNormal\"><strong><a href=\"https:\/\/docs.google.com\/forms\/d\/e\/1FAIpQLSfELyMYZC8XAAyQX_bjeBtOvonnuNmbmrhRfJ2JCO6c5teSIQ\/viewform?usp=publish-editor\">Remplir ce formulaire en ligne<\/a> <\/strong>ou rendez visite \u00e0 Charles Clark III, conservateur de l'exposition, lors de l'un de nos prochains \u00e9v\u00e9nements de collecte.<\/p>\n<\/div>\n<\/div><\/section><\/p><\/div><\/div><\/div><!--close column table wrapper. Autoclose: 1 -->\n\n<\/div><\/div><\/div><!-- close content main div --><\/div><\/div><div id='av_section_6'  class='avia-section main_color avia-section-small avia-no-border-styling  avia-bg-style-scroll  avia-builder-el-30  el_after_av_section  el_before_av_section  colored-sections  container_wrap fullsize' style='background-color: #fcfaf5;   '   ><div class='container' style=\"--containerWidth:1500px;max-width:1500px;\"><div class='template-page content  av-content-full alpha units' ><div class='post-entry post-entry-type-page post-entry-17611'><div class='entry-content-wrapper clearfix'>\n\n<div  style='height:60px' class='hr hr-invisible    avia-builder-el-32  el_after_ep_posts_grid  avia-builder-el-last' ><span class='hr-inner' ><span class='hr-inner-style'><\/span><\/span><\/div>\n\n<\/div><\/div><\/div><!-- close content main div --><\/div><\/div><div id='photos'  class='avia-section main_color avia-section-small avia-no-border-styling  avia-bg-style-scroll  avia-builder-el-33  el_after_av_section  el_before_av_section  colored-sections  container_wrap fullsize' style='background-color: #110f10;   '   ><div class='container' style=\"--containerWidth:1000px;max-width:1000px;\"><div class='template-page content  av-content-full alpha units' ><div class='post-entry post-entry-type-page post-entry-17611'><div class='entry-content-wrapper clearfix'>\n<div   class='flex_column_table  avia-full-stretch ep-lazy-loaded   av-equal-height-column-flextable av-break-at-tablet-flextable flex-column-table-6'  ><div  class=\"flex_column av_one_full  no_margin av-break-at-tablet flex_column_table_cell av-equal-height-column av-align-top ep-lazy-loaded first  avia-builder-el-34  el_before_av_horizontal_gallery  avia-builder-el-no-sibling\" ><div class=\"flex-column-inner\"><div  style='color:#fcfaf5;' class='av-special-heading av-special-heading-h2  custom-color-heading blockquote modern-quote  avia-builder-el-35  avia-builder-el-no-sibling  special-heading av-animated-generic left-to-right' ><h2 class='av-special-heading-tag' style='font-weight:300;'  itemprop=\"headline\"  >QUI EST SUR CETTE PHOTO ?<\/h2><div class ='av-subheading av-subheading_below' style='color:#ffa401;line-height:0.5em;font-weight:300;text-transform:none;font-size:40px;'><p><em style=\"font-size: 30px; font-style: normal;\">Jetez un coup d'\u0153il aux photos ci-dessous. Connaissez-vous l'une ou l'autre des personnes qui y figurent ? Leur histoire ?<\/em><\/p>\n<\/div><div class='special-heading-border'><div class='special-heading-inner-border' style='border-color:#fcfaf5'><\/div><\/div><\/div><\/div><\/div><\/div><!--close column table wrapper. Autoclose: 1 -->\n<style type=\"text\/css\" data-created_by=\"avia_inline_auto\" id=\"style-css-av-mit715ad-b3e25ffcbe8a6ba734dce28b93e5983d\">\n.av-horizontal-gallery.av-mit715ad-b3e25ffcbe8a6ba734dce28b93e5983d{\npadding:7.5% 0px;;\n}\n.av-horizontal-gallery.av-mit715ad-b3e25ffcbe8a6ba734dce28b93e5983d .av-horizontal-gallery-inner{\npadding-bottom:50%;\n}\n<\/style>\n<div  class='av-horizontal-gallery av-mit715ad-b3e25ffcbe8a6ba734dce28b93e5983d av-horizontal-gallery-1px-gap av-horizontal-gallery-enlarge-effect  avia-builder-el-36  el_after_av_one_full  el_before_av_textblock  av-slideshow-ui av-control-minimal av-nav-arrows-visible av-slideshow-manual av-loop-once av-loop-manual-once av-horizontal-gallery-1' data-slideshow-data=\"{&quot;enlarge&quot;:1.3,&quot;animation&quot;:&quot;slide&quot;,&quot;autoplay&quot;:false,&quot;loop_autoplay&quot;:&quot;once&quot;,&quot;interval&quot;:5,&quot;loop_manual&quot;:&quot;manual-once&quot;,&quot;autoplay_stopper&quot;:false,&quot;noNavigation&quot;:false,&quot;bg_slider&quot;:false,&quot;keep_padding&quot;:&quot;&quot;,&quot;hoverpause&quot;:false,&quot;show_slide_delay&quot;:0,&quot;initial&quot;:&quot;1&quot;}\"  itemprop=\"image\" itemscope=\"itemscope\" itemtype=\"https:\/\/schema.org\/ImageObject\" ><div class='avia-slideshow-arrows avia-slideshow-controls' ><a href='#prev' class='prev-slide av-horizontal-gallery-prev avia-svg-icon avia-font-svg_entypo-fontello' data-av_svg_icon='left-open-big' data-av_iconset='svg_entypo-fontello' tabindex='-1' title=\"Pr\u00e9c\u00e9dent\"><svg version=\"1.1\" xmlns=\"http:\/\/www.w3.org\/2000\/svg\" width=\"15\" height=\"32\" viewbox=\"0 0 15 32\" preserveaspectratio=\"xMidYMid meet\" aria-labelledby='av-svg-title-1' aria-describedby='av-svg-desc-1' role=\"graphics-symbol\" aria-hidden=\"true\">\n<title id='av-svg-title-1'>Pr\u00e9c\u00e9dent<\/title>\n<desc id='av-svg-desc-1'>Pr\u00e9c\u00e9dent<\/desc>\n<path d=\"M14.464 27.84q0.832 0.832 0 1.536-0.832 0.832-1.536 0l-12.544-12.608q-0.768-0.768 0-1.6l12.544-12.608q0.704-0.832 1.536 0 0.832 0.704 0 1.536l-11.456 11.904z\"><\/path>\n<\/svg><span class='avia_hidden_link_text'>Pr\u00e9c\u00e9dent<\/span><\/a><a href='#next' class='next-slide av-horizontal-gallery-next avia-svg-icon avia-font-svg_entypo-fontello' data-av_svg_icon='right-open-big' data-av_iconset='svg_entypo-fontello' tabindex='-1' title=\"Suivant\"><svg version=\"1.1\" xmlns=\"http:\/\/www.w3.org\/2000\/svg\" width=\"15\" height=\"32\" viewbox=\"0 0 15 32\" preserveaspectratio=\"xMidYMid meet\" aria-labelledby='av-svg-title-2' aria-describedby='av-svg-desc-2' role=\"graphics-symbol\" aria-hidden=\"true\">\n<title id='av-svg-title-2'>Suivant<\/title>\n<desc id='av-svg-desc-2'>Suivant<\/desc>\n<path d=\"M0.416 27.84l11.456-11.84-11.456-11.904q-0.832-0.832 0-1.536 0.832-0.832 1.536 0l12.544 12.608q0.768 0.832 0 1.6l-12.544 12.608q-0.704 0.832-1.536 0-0.832-0.704 0-1.536z\"><\/path>\n<\/svg><span class='avia_hidden_link_text'>Suivant<\/span><\/a><\/div><div class='avia-slideshow-dots avia-slideshow-controls av-horizontal-gallery-dots fade-in'><a href='#1' class='goto-slide active' >1<\/a><a href='#2' class='goto-slide' >2<\/a><a href='#3' class='goto-slide' >3<\/a><a href='#4' class='goto-slide' >4<\/a><a href='#5' class='goto-slide' >5<\/a><a href='#6' class='goto-slide' >6<\/a><a href='#7' class='goto-slide' >7<\/a><a href='#8' class='goto-slide' >8<\/a><a href='#9' class='goto-slide' >9<\/a><a href='#10' class='goto-slide' >10<\/a><a href='#11' class='goto-slide' >11<\/a><a href='#12' class='goto-slide' >12<\/a><\/div><div class='av-horizontal-gallery-inner' data-av-height='50'><div class=\"av-horizontal-gallery-slider\"><div class=\"av-horizontal-gallery-wrap noHover\"><img decoding=\"async\" fetchpriority=\"high\" class='wp-image-17669 avia-img-lazy-loading-not-17669 av-horizontal-gallery-img' width=\"1200\" height=\"957\" src=\"https:\/\/www.theadkx.org\/wp-content\/uploads\/2025\/12\/p072861.jpg\" title='p072861' alt='' \/><a href=\"https:\/\/www.theadkx.org\/wp-content\/uploads\/2025\/12\/p072861.jpg\" class='av-horizontal-gallery-link avia-svg-icon avia-font-svg_entypo-fontello' data-av_svg_icon='resize-full' data-av_iconset='svg_entypo-fontello' title='PHOTO 1' alt='' aria-label='Ouvrir l\u2019image dans une Lightbox: p072861'><svg version=\"1.1\" xmlns=\"http:\/\/www.w3.org\/2000\/svg\" width=\"25\" height=\"32\" viewbox=\"0 0 25 32\" preserveaspectratio=\"xMidYMid meet\" aria-labelledby='av-svg-title-3' aria-describedby='av-svg-desc-3' role=\"graphics-symbol\" aria-hidden=\"true\">\n<title id='av-svg-title-3'>Ouvrir l\u2019image dans une Lightbox: p072861<\/title>\n<desc id='av-svg-desc-3'>Ouvrir l\u2019image dans une Lightbox: p072861<\/desc>\n<path d=\"M15.232 3.328h10.112v10.112l-3.2-3.968-4.672 4.864-3.2-3.2 4.864-4.672zM7.872 17.536l3.2 3.2-4.864 4.672 3.904 3.2h-10.112v-10.112l3.2 3.904z\"><\/path>\n<\/svg><\/a><\/div><div class=\"av-horizontal-gallery-wrap noHover\"><img decoding=\"async\" fetchpriority=\"high\" class='wp-image-17670 avia-img-lazy-loading-not-17670 av-horizontal-gallery-img' width=\"671\" height=\"968\" src=\"https:\/\/www.theadkx.org\/wp-content\/uploads\/2025\/12\/20020460267.jpg\" title='20020460267' alt='' \/><a href=\"https:\/\/www.theadkx.org\/wp-content\/uploads\/2025\/12\/20020460267.jpg\" class='av-horizontal-gallery-link avia-svg-icon avia-font-svg_entypo-fontello' data-av_svg_icon='resize-full' data-av_iconset='svg_entypo-fontello' title='PHOTO 2' alt='' aria-label='Ouvrir l\u2019image dans une Lightbox: 20020460267'><svg version=\"1.1\" xmlns=\"http:\/\/www.w3.org\/2000\/svg\" width=\"25\" height=\"32\" viewbox=\"0 0 25 32\" preserveaspectratio=\"xMidYMid meet\" aria-labelledby='av-svg-title-4' aria-describedby='av-svg-desc-4' role=\"graphics-symbol\" aria-hidden=\"true\">\n<title id='av-svg-title-4'>Ouvrir l\u2019image dans une Lightbox: 20020460267<\/title>\n<desc id='av-svg-desc-4'>Ouvrir l\u2019image dans une Lightbox: 20020460267<\/desc>\n<path d=\"M15.232 3.328h10.112v10.112l-3.2-3.968-4.672 4.864-3.2-3.2 4.864-4.672zM7.872 17.536l3.2 3.2-4.864 4.672 3.904 3.2h-10.112v-10.112l3.2 3.904z\"><\/path>\n<\/svg><\/a><\/div><div class=\"av-horizontal-gallery-wrap noHover\"><img decoding=\"async\" fetchpriority=\"high\" class='wp-image-17671 avia-img-lazy-loading-not-17671 av-horizontal-gallery-img' width=\"968\" height=\"682\" src=\"https:\/\/www.theadkx.org\/wp-content\/uploads\/2025\/12\/20020460281.jpg\" title='20020460281' alt='' \/><a href=\"https:\/\/www.theadkx.org\/wp-content\/uploads\/2025\/12\/20020460281.jpg\" class='av-horizontal-gallery-link avia-svg-icon avia-font-svg_entypo-fontello' data-av_svg_icon='resize-full' data-av_iconset='svg_entypo-fontello' title='PHOTO 3' alt='' aria-label='Ouvrir l\u2019image dans une Lightbox: 20020460281'><svg version=\"1.1\" xmlns=\"http:\/\/www.w3.org\/2000\/svg\" width=\"25\" height=\"32\" viewbox=\"0 0 25 32\" preserveaspectratio=\"xMidYMid meet\" aria-labelledby='av-svg-title-5' aria-describedby='av-svg-desc-5' role=\"graphics-symbol\" aria-hidden=\"true\">\n<title id='av-svg-title-5'>Ouvrir l\u2019image dans une Lightbox: 20020460281<\/title>\n<desc id='av-svg-desc-5'>Ouvrir l\u2019image dans une Lightbox: 20020460281<\/desc>\n<path d=\"M15.232 3.328h10.112v10.112l-3.2-3.968-4.672 4.864-3.2-3.2 4.864-4.672zM7.872 17.536l3.2 3.2-4.864 4.672 3.904 3.2h-10.112v-10.112l3.2 3.904z\"><\/path>\n<\/svg><\/a><\/div><div class=\"av-horizontal-gallery-wrap noHover\"><img decoding=\"async\" fetchpriority=\"high\" class='wp-image-17672 avia-img-lazy-loading-not-17672 av-horizontal-gallery-img' width=\"1200\" height=\"996\" src=\"https:\/\/www.theadkx.org\/wp-content\/uploads\/2025\/12\/20020460282.jpg\" title='20020460282' alt='' \/><a href=\"https:\/\/www.theadkx.org\/wp-content\/uploads\/2025\/12\/20020460282.jpg\" class='av-horizontal-gallery-link avia-svg-icon avia-font-svg_entypo-fontello' data-av_svg_icon='resize-full' data-av_iconset='svg_entypo-fontello' title='PHOTO 4' alt='' aria-label='Ouvrir l\u2019image dans une Lightbox: 20020460282'><svg version=\"1.1\" xmlns=\"http:\/\/www.w3.org\/2000\/svg\" width=\"25\" height=\"32\" viewbox=\"0 0 25 32\" preserveaspectratio=\"xMidYMid meet\" aria-labelledby='av-svg-title-6' aria-describedby='av-svg-desc-6' role=\"graphics-symbol\" aria-hidden=\"true\">\n<title id='av-svg-title-6'>Ouvrir l\u2019image dans une Lightbox: 20020460282<\/title>\n<desc id='av-svg-desc-6'>Ouvrir l\u2019image dans une Lightbox: 20020460282<\/desc>\n<path d=\"M15.232 3.328h10.112v10.112l-3.2-3.968-4.672 4.864-3.2-3.2 4.864-4.672zM7.872 17.536l3.2 3.2-4.864 4.672 3.904 3.2h-10.112v-10.112l3.2 3.904z\"><\/path>\n<\/svg><\/a><\/div><div class=\"av-horizontal-gallery-wrap noHover\"><img decoding=\"async\" fetchpriority=\"high\" class='wp-image-17673 avia-img-lazy-loading-not-17673 av-horizontal-gallery-img' width=\"1200\" height=\"969\" src=\"https:\/\/www.theadkx.org\/wp-content\/uploads\/2025\/12\/20020460290.jpg\" title='20020460290' alt='' \/><a href=\"https:\/\/www.theadkx.org\/wp-content\/uploads\/2025\/12\/20020460290.jpg\" class='av-horizontal-gallery-link avia-svg-icon avia-font-svg_entypo-fontello' data-av_svg_icon='resize-full' data-av_iconset='svg_entypo-fontello' title='PHOTO 5' alt='' aria-label='Ouvrir l\u2019image dans une Lightbox: 20020460290'><svg version=\"1.1\" xmlns=\"http:\/\/www.w3.org\/2000\/svg\" width=\"25\" height=\"32\" viewbox=\"0 0 25 32\" preserveaspectratio=\"xMidYMid meet\" aria-labelledby='av-svg-title-7' aria-describedby='av-svg-desc-7' role=\"graphics-symbol\" aria-hidden=\"true\">\n<title id='av-svg-title-7'>Ouvrir l\u2019image dans une Lightbox: 20020460290<\/title>\n<desc id='av-svg-desc-7'>Ouvrir l\u2019image dans une Lightbox: 20020460290<\/desc>\n<path d=\"M15.232 3.328h10.112v10.112l-3.2-3.968-4.672 4.864-3.2-3.2 4.864-4.672zM7.872 17.536l3.2 3.2-4.864 4.672 3.904 3.2h-10.112v-10.112l3.2 3.904z\"><\/path>\n<\/svg><\/a><\/div><div class=\"av-horizontal-gallery-wrap noHover\"><img decoding=\"async\" fetchpriority=\"high\" class='wp-image-17674 avia-img-lazy-loading-not-17674 av-horizontal-gallery-img' width=\"1200\" height=\"989\" src=\"https:\/\/www.theadkx.org\/wp-content\/uploads\/2025\/12\/20020460651.jpg\" title='20020460651' alt='' \/><a href=\"https:\/\/www.theadkx.org\/wp-content\/uploads\/2025\/12\/20020460651.jpg\" class='av-horizontal-gallery-link avia-svg-icon avia-font-svg_entypo-fontello' data-av_svg_icon='resize-full' data-av_iconset='svg_entypo-fontello' title='PHOTO 6' alt='' aria-label='Ouvrir l\u2019image dans une Lightbox: 20020460651'><svg version=\"1.1\" xmlns=\"http:\/\/www.w3.org\/2000\/svg\" width=\"25\" height=\"32\" viewbox=\"0 0 25 32\" preserveaspectratio=\"xMidYMid meet\" aria-labelledby='av-svg-title-8' aria-describedby='av-svg-desc-8' role=\"graphics-symbol\" aria-hidden=\"true\">\n<title id='av-svg-title-8'>Ouvrir l\u2019image dans une Lightbox: 20020460651<\/title>\n<desc id='av-svg-desc-8'>Ouvrir l\u2019image dans une Lightbox: 20020460651<\/desc>\n<path d=\"M15.232 3.328h10.112v10.112l-3.2-3.968-4.672 4.864-3.2-3.2 4.864-4.672zM7.872 17.536l3.2 3.2-4.864 4.672 3.904 3.2h-10.112v-10.112l3.2 3.904z\"><\/path>\n<\/svg><\/a><\/div><div class=\"av-horizontal-gallery-wrap noHover\"><img decoding=\"async\" fetchpriority=\"high\" class='wp-image-17675 avia-img-lazy-loading-not-17675 av-horizontal-gallery-img' width=\"988\" height=\"1200\" src=\"https:\/\/www.theadkx.org\/wp-content\/uploads\/2025\/12\/20020461525.jpg\" title='20020461525' alt='' \/><a href=\"https:\/\/www.theadkx.org\/wp-content\/uploads\/2025\/12\/20020461525.jpg\" class='av-horizontal-gallery-link avia-svg-icon avia-font-svg_entypo-fontello' data-av_svg_icon='resize-full' data-av_iconset='svg_entypo-fontello' title='PHOTO 7' alt='' aria-label='Ouvrir l\u2019image dans une Lightbox: 20020461525'><svg version=\"1.1\" xmlns=\"http:\/\/www.w3.org\/2000\/svg\" width=\"25\" height=\"32\" viewbox=\"0 0 25 32\" preserveaspectratio=\"xMidYMid meet\" aria-labelledby='av-svg-title-9' aria-describedby='av-svg-desc-9' role=\"graphics-symbol\" aria-hidden=\"true\">\n<title id='av-svg-title-9'>Ouvrir l\u2019image dans une Lightbox: 20020461525<\/title>\n<desc id='av-svg-desc-9'>Ouvrir l\u2019image dans une Lightbox: 20020461525<\/desc>\n<path d=\"M15.232 3.328h10.112v10.112l-3.2-3.968-4.672 4.864-3.2-3.2 4.864-4.672zM7.872 17.536l3.2 3.2-4.864 4.672 3.904 3.2h-10.112v-10.112l3.2 3.904z\"><\/path>\n<\/svg><\/a><\/div><div class=\"av-horizontal-gallery-wrap noHover\"><img decoding=\"async\" fetchpriority=\"high\" class='wp-image-17676 avia-img-lazy-loading-not-17676 av-horizontal-gallery-img' width=\"990\" height=\"1200\" src=\"https:\/\/www.theadkx.org\/wp-content\/uploads\/2025\/12\/20020461527.jpg\" title='20020461527' alt='' \/><a href=\"https:\/\/www.theadkx.org\/wp-content\/uploads\/2025\/12\/20020461527.jpg\" class='av-horizontal-gallery-link avia-svg-icon avia-font-svg_entypo-fontello' data-av_svg_icon='resize-full' data-av_iconset='svg_entypo-fontello' title='PHOTO 8' alt='' aria-label='Ouvrir l\u2019image dans une Lightbox: 20020461527'><svg version=\"1.1\" xmlns=\"http:\/\/www.w3.org\/2000\/svg\" width=\"25\" height=\"32\" viewbox=\"0 0 25 32\" preserveaspectratio=\"xMidYMid meet\" aria-labelledby='av-svg-title-10' aria-describedby='av-svg-desc-10' role=\"graphics-symbol\" aria-hidden=\"true\">\n<title id='av-svg-title-10'>Ouvrir l\u2019image dans une Lightbox: 20020461527<\/title>\n<desc id='av-svg-desc-10'>Ouvrir l\u2019image dans une Lightbox: 20020461527<\/desc>\n<path d=\"M15.232 3.328h10.112v10.112l-3.2-3.968-4.672 4.864-3.2-3.2 4.864-4.672zM7.872 17.536l3.2 3.2-4.864 4.672 3.904 3.2h-10.112v-10.112l3.2 3.904z\"><\/path>\n<\/svg><\/a><\/div><div class=\"av-horizontal-gallery-wrap noHover\"><img decoding=\"async\" fetchpriority=\"high\" class='wp-image-17677 avia-img-lazy-loading-not-17677 av-horizontal-gallery-img' width=\"1200\" height=\"918\" src=\"https:\/\/www.theadkx.org\/wp-content\/uploads\/2025\/12\/p026484.jpg\" title='p026484' alt='' \/><a href=\"https:\/\/www.theadkx.org\/wp-content\/uploads\/2025\/12\/p026484.jpg\" class='av-horizontal-gallery-link avia-svg-icon avia-font-svg_entypo-fontello' data-av_svg_icon='resize-full' data-av_iconset='svg_entypo-fontello' title='PHOTO 9' alt='' aria-label='Ouvrir l\u2019image dans une Lightbox: p026484'><svg version=\"1.1\" xmlns=\"http:\/\/www.w3.org\/2000\/svg\" width=\"25\" height=\"32\" viewbox=\"0 0 25 32\" preserveaspectratio=\"xMidYMid meet\" aria-labelledby='av-svg-title-11' aria-describedby='av-svg-desc-11' role=\"graphics-symbol\" aria-hidden=\"true\">\n<title id='av-svg-title-11'>Ouvrir l\u2019image dans une Lightbox: p026484<\/title>\n<desc id='av-svg-desc-11'>Ouvrir l\u2019image dans une Lightbox: p026484<\/desc>\n<path d=\"M15.232 3.328h10.112v10.112l-3.2-3.968-4.672 4.864-3.2-3.2 4.864-4.672zM7.872 17.536l3.2 3.2-4.864 4.672 3.904 3.2h-10.112v-10.112l3.2 3.904z\"><\/path>\n<\/svg><\/a><\/div><div class=\"av-horizontal-gallery-wrap noHover\"><img decoding=\"async\" fetchpriority=\"high\" class='wp-image-17678 avia-img-lazy-loading-not-17678 av-horizontal-gallery-img' width=\"1200\" height=\"970\" src=\"https:\/\/www.theadkx.org\/wp-content\/uploads\/2025\/12\/p028231.jpg\" title='p028231' alt='' \/><a href=\"https:\/\/www.theadkx.org\/wp-content\/uploads\/2025\/12\/p028231.jpg\" class='av-horizontal-gallery-link avia-svg-icon avia-font-svg_entypo-fontello' data-av_svg_icon='resize-full' data-av_iconset='svg_entypo-fontello' title='PHOTO 10' alt='' aria-label='Ouvrir l\u2019image dans une Lightbox: p028231'><svg version=\"1.1\" xmlns=\"http:\/\/www.w3.org\/2000\/svg\" width=\"25\" height=\"32\" viewbox=\"0 0 25 32\" preserveaspectratio=\"xMidYMid meet\" aria-labelledby='av-svg-title-12' aria-describedby='av-svg-desc-12' role=\"graphics-symbol\" aria-hidden=\"true\">\n<title id='av-svg-title-12'>Ouvrir l\u2019image dans une Lightbox: p028231<\/title>\n<desc id='av-svg-desc-12'>Ouvrir l\u2019image dans une Lightbox: p028231<\/desc>\n<path d=\"M15.232 3.328h10.112v10.112l-3.2-3.968-4.672 4.864-3.2-3.2 4.864-4.672zM7.872 17.536l3.2 3.2-4.864 4.672 3.904 3.2h-10.112v-10.112l3.2 3.904z\"><\/path>\n<\/svg><\/a><\/div><div class=\"av-horizontal-gallery-wrap noHover\"><img decoding=\"async\" fetchpriority=\"high\" class='wp-image-17679 avia-img-lazy-loading-not-17679 av-horizontal-gallery-img' width=\"795\" height=\"1000\" src=\"https:\/\/www.theadkx.org\/wp-content\/uploads\/2025\/12\/p028232.jpg\" title='p028232' alt='' \/><a href=\"https:\/\/www.theadkx.org\/wp-content\/uploads\/2025\/12\/p028232.jpg\" class='av-horizontal-gallery-link avia-svg-icon avia-font-svg_entypo-fontello' data-av_svg_icon='resize-full' data-av_iconset='svg_entypo-fontello' title='PHOTO 11' alt='' aria-label='Ouvrir l\u2019image dans une Lightbox: p028232'><svg version=\"1.1\" xmlns=\"http:\/\/www.w3.org\/2000\/svg\" width=\"25\" height=\"32\" viewbox=\"0 0 25 32\" preserveaspectratio=\"xMidYMid meet\" aria-labelledby='av-svg-title-13' aria-describedby='av-svg-desc-13' role=\"graphics-symbol\" aria-hidden=\"true\">\n<title id='av-svg-title-13'>Ouvrir l\u2019image dans une Lightbox: p028232<\/title>\n<desc id='av-svg-desc-13'>Ouvrir l\u2019image dans une Lightbox: p028232<\/desc>\n<path d=\"M15.232 3.328h10.112v10.112l-3.2-3.968-4.672 4.864-3.2-3.2 4.864-4.672zM7.872 17.536l3.2 3.2-4.864 4.672 3.904 3.2h-10.112v-10.112l3.2 3.904z\"><\/path>\n<\/svg><\/a><\/div><div class=\"av-horizontal-gallery-wrap noHover\"><img decoding=\"async\" fetchpriority=\"high\" class='wp-image-17680 avia-img-lazy-loading-not-17680 av-horizontal-gallery-img' width=\"672\" height=\"971\" src=\"https:\/\/www.theadkx.org\/wp-content\/uploads\/2025\/12\/p068086.jpg\" title='p068086' alt='' \/><a href=\"https:\/\/www.theadkx.org\/wp-content\/uploads\/2025\/12\/p068086.jpg\" class='av-horizontal-gallery-link avia-svg-icon avia-font-svg_entypo-fontello' data-av_svg_icon='resize-full' data-av_iconset='svg_entypo-fontello' title='PHOTO 12' alt='' aria-label='Ouvrir l\u2019image dans une Lightbox: p068086'><svg version=\"1.1\" xmlns=\"http:\/\/www.w3.org\/2000\/svg\" width=\"25\" height=\"32\" viewbox=\"0 0 25 32\" preserveaspectratio=\"xMidYMid meet\" aria-labelledby='av-svg-title-14' aria-describedby='av-svg-desc-14' role=\"graphics-symbol\" aria-hidden=\"true\">\n<title id='av-svg-title-14'>Ouvrir l\u2019image dans une Lightbox: p068086<\/title>\n<desc id='av-svg-desc-14'>Ouvrir l\u2019image dans une Lightbox: p068086<\/desc>\n<path d=\"M15.232 3.328h10.112v10.112l-3.2-3.968-4.672 4.864-3.2-3.2 4.864-4.672zM7.872 17.536l3.2 3.2-4.864 4.672 3.904 3.2h-10.112v-10.112l3.2 3.904z\"><\/path>\n<\/svg><\/a><\/div><\/div><\/div><\/div>\n<section class=\"av_textblock_section\"  itemscope=\"itemscope\" itemtype=\"https:\/\/schema.org\/CreativeWork\"  ><div class='avia_textblock   av_inherit_color  ep-text-align-center'  style='color:#d6d6d6; '  itemprop=\"text\" ><div>\n<p class=\"x_MsoNormal\" style=\"text-align: center;\"><em>Cliquez sur l'image pour l'agrandir<\/em><\/p>\n<\/div>\n<div><\/div>\n<\/div><\/section>\n<div  style='height:20px' class='hr hr-invisible    avia-builder-el-38  el_after_av_textblock  el_before_av_textblock' ><span class='hr-inner' ><span class='hr-inner-style'><\/span><\/span><\/div>\n<section class=\"av_textblock_section\"  itemscope=\"itemscope\" itemtype=\"https:\/\/schema.org\/CreativeWork\"  ><div class='avia_textblock   av_inherit_color  ep-text-align-center'  style='color:#ffa401; '  itemprop=\"text\" ><p style=\"text-align: center;\"><strong>Vous connaissez quelqu'un sur l'une de ces photos de notre collection ?<\/strong><\/p>\n<p style=\"text-align: center;\"><a id=\"OWA7f1cd0f8-35d5-320a-9930-f435bf488516\" title=\"mailto:cclark@theadkx.org\" href=\"mailto:cclark@theadkx.org\" data-linkindex=\"1\" data-olk-copy-source=\"MessageBody\">Contacter le commissaire de l'exposition Charles Clark III<\/a>\u00a0si vous le faites !<\/p>\n<\/div><\/section>\n\n<\/div><\/div><\/div><!-- close content main div --><\/div><\/div><div id='news'  class='avia-section main_color avia-section-no-padding avia-no-border-styling  ep-lazy-loaded avia-full-stretch avia-bg-style-scroll  avia-builder-el-40  el_after_av_section  el_before_av_section  colored-sections  container_wrap fullsize' style='background-repeat: no-repeat; --epBGImg: url(https:\/\/www.theadkx.org\/wp-content\/uploads\/2025\/12\/newsprint-background.png);;background-attachment: scroll; background-position: top center;   '  data-lazy-bg data-section-bg-repeat='stretch' ><div class='container' style=\"--containerWidth:1000px;max-width:1000px;\"><div class='template-page content  av-content-full alpha units' ><div class='post-entry post-entry-type-page post-entry-17611'><div class='entry-content-wrapper clearfix'>\n<div  class=\"flex_column av_one_full  no_margin av-break-at-tablet flex_column_div ep-lazy-loaded first  avia-builder-el-41  avia-builder-el-no-sibling\" ><div class=\"flex-column-inner\"><p><div  style='height:20px' class='hr hr-invisible    avia-builder-el-42  el_before_av_heading  avia-builder-el-first' ><span class='hr-inner' ><span class='hr-inner-style'><\/span><\/span><\/div><br \/>\n<div  style='color:#110f10;' class='av-special-heading av-special-heading-h2  custom-color-heading blockquote modern-quote  avia-builder-el-43  el_after_av_hr  avia-builder-el-last  special-heading av-animated-generic left-to-right' ><h2 class='av-special-heading-tag' style='font-weight:300;'  itemprop=\"headline\"  >DANS L'ACTUALIT\u00c9<\/h2><div class ='av-subheading av-subheading_below' style='color:#ffa401;line-height:0.5em;font-weight:300;text-transform:none;font-size:40px;'><p><em style=\"font-size: 30px; font-style: normal;\">Latest Headlines &amp; Highlights<\/em><\/p>\n<\/div><div class='special-heading-border'><div class='special-heading-inner-border' style='border-color:#110f10'><\/div><\/div><\/div><\/p><\/div><\/div>\n\n<\/div><\/div><\/div><!-- close content main div --><\/div><\/div><div id='news'  class='avia-section main_color avia-section-no-padding avia-no-border-styling  ep-lazy-loaded avia-full-stretch avia-bg-style-scroll  avia-builder-el-44  el_after_av_section  el_before_av_section  colored-sections  avia-section-fwd container_wrap fullsize' style='background-repeat: no-repeat; --epBGImg: url(https:\/\/www.theadkx.org\/wp-content\/uploads\/2025\/12\/newsprint-background.png);;background-attachment: scroll; background-position: top center;   '  data-lazy-bg data-section-bg-repeat='stretch' ><div class='container' style=\"\"><div class='template-page content  av-content-full alpha units' ><div class='post-entry post-entry-type-page post-entry-17611'><div class='entry-content-wrapper clearfix'>\n<div   class='flex_column_table  avia-full-stretch ep-lazy-loaded   av-equal-height-column-flextable av-break-at-tablet-flextable flex-column-table-8' style='margin-top:50px; margin-bottom:50px; padding:-100px 0 0 0 ; ' ><div  class=\"flex_column av_one_third  av-break-at-tablet flex_column_table_cell av-equal-height-column av-align-top ep-lazy-loaded first  avia-builder-el-45  el_before_av_one_third  avia-builder-el-first\" ><div class=\"flex-column-inner\"><p><div  class='avia-image-container  av-styling-      avia-builder-el-46  el_before_av_textblock  avia-builder-el-first  avia-align-center'  itemprop=\"image\" itemscope=\"itemscope\" itemtype=\"https:\/\/schema.org\/ImageObject\"   ><div class='avia-image-container-inner'><div class='avia-image-overlay-wrap'><a href='https:\/\/www.northcountrypublicradio.org\/news\/story\/53089\/20260303\/previewing-the-adirondack-experience-museum-s-inaugural-black-history-exhibit' class='avia_image'  ><img decoding=\"async\" width=\"940\" height=\"788\" class='wp-image-18469 avia-img-lazy-loading-18469 avia_image' loading='lazy' src=\"https:\/\/www.theadkx.org\/wp-content\/uploads\/2026\/03\/NCPR.png\" alt='' title='NCPR'  itemprop=\"thumbnailUrl\"  \/><\/a><\/div><\/div><\/div><br \/>\n<section class=\"av_textblock_section\"  itemscope=\"itemscope\" itemtype=\"https:\/\/schema.org\/CreativeWork\"  ><div class='avia_textblock   av_inherit_color  ep-text-align-left'  style='color:#ffa401; '  itemprop=\"text\" ><h4 class=\"entry-title\">Avant-premi\u00e8re de l'exposition inaugurale du mus\u00e9e Adirondack Experience sur l'histoire des Noirs<\/h4>\n<div class=\"entry-subhead\">\n<div class=\"entry-meta\"><strong><a href=\"https:\/\/www.northcountrypublicradio.org\/news\/story\/53089\/20260303\/previewing-the-adirondack-experience-museum-s-inaugural-black-history-exhibit\">Lire la suite<\/a><\/strong><\/div>\n<\/div>\n<\/div><\/section><\/p><\/div><\/div><div class='av-flex-placeholder' ><\/div><div  class=\"flex_column av_one_third  av-break-at-tablet flex_column_table_cell av-equal-height-column av-align-top ep-lazy-loaded   avia-builder-el-48  el_after_av_one_third  el_before_av_one_third\" ><div class=\"flex-column-inner\"><p><div  class='avia-image-container  av-styling-      avia-builder-el-49  el_before_av_textblock  avia-builder-el-first  avia-align-center'  itemprop=\"image\" itemscope=\"itemscope\" itemtype=\"https:\/\/schema.org\/ImageObject\"   ><div class='avia-image-container-inner'><div class='avia-image-overlay-wrap'><a href='https:\/\/www.adirondackexplorer.org\/communities\/history\/adirondack-experience-museum-to-highlight-200-years-of-black-history\/' class='avia_image'  ><img decoding=\"async\" width=\"940\" height=\"788\" class='wp-image-18470 avia-img-lazy-loading-18470 avia_image' loading='lazy' src=\"https:\/\/www.theadkx.org\/wp-content\/uploads\/2026\/03\/AE.png\" alt='' title='AE'  itemprop=\"thumbnailUrl\"  \/><\/a><\/div><\/div><\/div><br \/>\n<section class=\"av_textblock_section\"  itemscope=\"itemscope\" itemtype=\"https:\/\/schema.org\/CreativeWork\"  ><div class='avia_textblock   av_inherit_color  ep-text-align-left'  style='color:#ffa401; '  itemprop=\"text\" ><h4 class=\"entry-title\">Le mus\u00e9e Adirondack Experience met en lumi\u00e8re 200 ans d'histoire des Noirs<\/h4>\n<div class=\"entry-subhead\">\n<div class=\"entry-meta\"><strong><a href=\"https:\/\/www.adirondackexplorer.org\/communities\/history\/adirondack-experience-museum-to-highlight-200-years-of-black-history\/\">Lire la suite<\/a><\/strong><\/div>\n<\/div>\n<\/div><\/section><\/p><\/div><\/div><div class='av-flex-placeholder' ><\/div><div  class=\"flex_column av_one_third  av-break-at-tablet flex_column_table_cell av-equal-height-column av-align-top ep-lazy-loaded   avia-builder-el-51  el_after_av_one_third  el_before_av_one_third\" ><div class=\"flex-column-inner\"><p><div  class='avia-image-container  av-styling-      avia-builder-el-52  el_before_av_textblock  avia-builder-el-first  avia-align-center'  itemprop=\"image\" itemscope=\"itemscope\" itemtype=\"https:\/\/schema.org\/ImageObject\"   ><div class='avia-image-container-inner'><div class='avia-image-overlay-wrap'><a href='https:\/\/www.timesunion.com\/news\/article\/adirondack-experience-museum-highlight-200-years-21955907.php' class='avia_image'  ><img decoding=\"async\" width=\"940\" height=\"788\" class='wp-image-18471 avia-img-lazy-loading-18471 avia_image' loading='lazy' src=\"https:\/\/www.theadkx.org\/wp-content\/uploads\/2026\/03\/TU.png\" alt='' title='TU'  itemprop=\"thumbnailUrl\"  \/><\/a><\/div><\/div><\/div><br \/>\n<section class=\"av_textblock_section\"  itemscope=\"itemscope\" itemtype=\"https:\/\/schema.org\/CreativeWork\"  ><div class='avia_textblock   av_inherit_color  ep-text-align-left'  style='color:#ffa401; '  itemprop=\"text\" ><h4 class=\"entry-title\">Le mus\u00e9e Adirondack Experience met en lumi\u00e8re 200 ans d'histoire des Noirs<\/h4>\n<div class=\"entry-subhead\">\n<div class=\"entry-meta\"><strong><a href=\"https:\/\/www.timesunion.com\/news\/article\/adirondack-experience-museum-highlight-200-years-21955907.php\">Lire la suite<\/a><\/strong><\/div>\n<\/div>\n<\/div><\/section><\/p><\/div><\/div><\/div><!--close column table wrapper. Autoclose: 1 --><div   class='flex_column_table  avia-full-stretch ep-lazy-loaded   av-equal-height-column-flextable av-break-at-tablet-flextable flex-column-table-9' style='margin-top:50px; margin-bottom:50px; padding:-100px 0 0 0 ; ' ><div  class=\"flex_column av_one_third  av-break-at-tablet flex_column_table_cell av-equal-height-column av-align-top ep-lazy-loaded first  avia-builder-el-54  el_after_av_one_third  el_before_av_one_third  column-top-margin\" ><div class=\"flex-column-inner\"><p><div  class='avia-image-container  av-styling-      avia-builder-el-55  el_before_av_textblock  avia-builder-el-first  avia-align-center'  itemprop=\"image\" itemscope=\"itemscope\" itemtype=\"https:\/\/schema.org\/ImageObject\"   ><div class='avia-image-container-inner'><div class='avia-image-overlay-wrap'><a href='https:\/\/www.news10.com\/video\/items-being-collected-for-new-museum-exhibit-in-adirondacks\/11530164\/' class='avia_image'  ><img decoding=\"async\" width=\"940\" height=\"788\" class='wp-image-18146 avia-img-lazy-loading-18146 avia_image' loading='lazy' src=\"https:\/\/www.theadkx.org\/wp-content\/uploads\/2026\/02\/ABC-10.png\" alt='' title='ABC 10'  itemprop=\"thumbnailUrl\"  \/><\/a><\/div><\/div><\/div><br \/>\n<section class=\"av_textblock_section\"  itemscope=\"itemscope\" itemtype=\"https:\/\/schema.org\/CreativeWork\"  ><div class='avia_textblock   av_inherit_color  ep-text-align-left'  style='color:#ffa401; '  itemprop=\"text\" ><h4 class=\"entry-title\">Collecte d'objets pour une nouvelle exposition mus\u00e9ale dans les Adirondacks<\/h4>\n<div class=\"entry-subhead\">\n<div class=\"entry-meta\"><strong><a href=\"https:\/\/www.news10.com\/video\/items-being-collected-for-new-museum-exhibit-in-adirondacks\/11530164\/\">Lire la suite<\/a><\/strong><\/div>\n<\/div>\n<\/div><\/section><\/p><\/div><\/div><div class='av-flex-placeholder' ><\/div><div  class=\"flex_column av_one_third  av-break-at-tablet flex_column_table_cell av-equal-height-column av-align-top ep-lazy-loaded   avia-builder-el-57  el_after_av_one_third  el_before_av_one_third  column-top-margin\" ><div class=\"flex-column-inner\"><p><div  class='avia-image-container  av-styling-      avia-builder-el-58  el_before_av_textblock  avia-builder-el-first  avia-align-center'  itemprop=\"image\" itemscope=\"itemscope\" itemtype=\"https:\/\/schema.org\/ImageObject\"   ><div class='avia-image-container-inner'><div class='avia-image-overlay-wrap'><a href='https:\/\/cbs6albany.com\/news\/local\/exhibition-in-adirondacks-highlights-black-history-culture-black-history-month-the-black-experience-adirondacks-collection' class='avia_image'  ><img decoding=\"async\" width=\"940\" height=\"788\" class='wp-image-18147 avia-img-lazy-loading-18147 avia_image' loading='lazy' src=\"https:\/\/www.theadkx.org\/wp-content\/uploads\/2026\/02\/CBS-6.png\" alt='' title='CBS 6'  itemprop=\"thumbnailUrl\"  \/><\/a><\/div><\/div><\/div><br \/>\n<section class=\"av_textblock_section\"  itemscope=\"itemscope\" itemtype=\"https:\/\/schema.org\/CreativeWork\"  ><div class='avia_textblock   av_inherit_color  ep-text-align-left'  style='color:#ffa401; '  itemprop=\"text\" ><h4 class=\"entry-title\">Une exposition dans les Adirondacks met en lumi\u00e8re l'histoire et la culture des Noirs<\/h4>\n<div class=\"entry-subhead\">\n<div class=\"entry-meta\"><strong><a href=\"https:\/\/cbs6albany.com\/news\/local\/exhibition-in-adirondacks-highlights-black-history-culture-black-history-month-the-black-experience-adirondacks-collection\">Lire la suite<\/a><\/strong><\/div>\n<\/div>\n<\/div><\/section><\/p><\/div><\/div><div class='av-flex-placeholder' ><\/div><div  class=\"flex_column av_one_third  av-break-at-tablet flex_column_table_cell av-equal-height-column av-align-top ep-lazy-loaded   avia-builder-el-60  el_after_av_one_third  el_before_av_one_third  column-top-margin\" ><div class=\"flex-column-inner\"><p><div  class='avia-image-container  av-styling-      avia-builder-el-61  el_before_av_textblock  avia-builder-el-first  avia-align-center'  itemprop=\"image\" itemscope=\"itemscope\" itemtype=\"https:\/\/schema.org\/ImageObject\"   ><div class='avia-image-container-inner'><div class='avia-image-overlay-wrap'><a href='https:\/\/www.yahoo.com\/news\/articles\/curator-search-black-memorabilia-adirondacks-123200677.html?guccounter=1' class='avia_image'  ><img decoding=\"async\" width=\"940\" height=\"788\" class='wp-image-18148 avia-img-lazy-loading-18148 avia_image' loading='lazy' src=\"https:\/\/www.theadkx.org\/wp-content\/uploads\/2026\/02\/Press-Rep.png\" alt='' title='Repr\u00e9sentant de la presse'  itemprop=\"thumbnailUrl\"  \/><\/a><\/div><\/div><\/div><br \/>\n<section class=\"av_textblock_section\"  itemscope=\"itemscope\" itemtype=\"https:\/\/schema.org\/CreativeWork\"  ><div class='avia_textblock   av_inherit_color  ep-text-align-left'  style='color:#ffa401; '  itemprop=\"text\" ><h4 class=\"entry-title\">Un conservateur \u00e0 la recherche de souvenirs des Noirs dans les Adirondacks<\/h4>\n<div class=\"entry-subhead\">\n<div class=\"entry-meta\"><strong><a href=\"https:\/\/www.yahoo.com\/news\/articles\/curator-search-black-memorabilia-adirondacks-123200677.html?guccounter=1\">Lire la suite<\/a><\/strong><\/div>\n<\/div>\n<\/div><\/section><\/p><\/div><\/div><\/div><!--close column table wrapper. Autoclose: 1 --><div   class='flex_column_table  avia-full-stretch ep-lazy-loaded   av-equal-height-column-flextable av-break-at-tablet-flextable flex-column-table-10'  ><div  class=\"flex_column av_one_third  av-break-at-tablet flex_column_table_cell av-equal-height-column av-align-top ep-lazy-loaded first  avia-builder-el-63  el_after_av_one_third  el_before_av_one_third  column-top-margin\" ><div class=\"flex-column-inner\"><p><div  class='avia-image-container  av-styling-      avia-builder-el-64  el_before_av_textblock  avia-builder-el-first  avia-align-center'  itemprop=\"image\" itemscope=\"itemscope\" itemtype=\"https:\/\/schema.org\/ImageObject\"   ><div class='avia-image-container-inner'><div class='avia-image-overlay-wrap'><a href='https:\/\/www.mediasanctuary.org\/event\/black-experiences-in-the-adirondacks\/' class='avia_image'  ><img decoding=\"async\" width=\"940\" height=\"788\" class='wp-image-18149 avia-img-lazy-loading-18149 avia_image' loading='lazy' src=\"https:\/\/www.theadkx.org\/wp-content\/uploads\/2026\/02\/Scantuary.png\" alt='' title='Scantuaire'  itemprop=\"thumbnailUrl\"  \/><\/a><\/div><\/div><\/div><br \/>\n<section class=\"av_textblock_section\"  itemscope=\"itemscope\" itemtype=\"https:\/\/schema.org\/CreativeWork\"  ><div class='avia_textblock   av_inherit_color  ep-text-align-left'  style='color:#ffa401; '  itemprop=\"text\" ><h4>Une nouvelle exposition sur l'histoire des Noirs dans les ADK<\/h4>\n<div class=\"entry-subhead\">\n<h4 class=\"entry-meta\"><strong><a href=\"https:\/\/www.mediasanctuary.org\/event\/black-experiences-in-the-adirondacks\/\">Lire la suite<\/a><\/strong><\/h4>\n<\/div>\n<\/div><\/section><\/p><\/div><\/div><div class='av-flex-placeholder' ><\/div><div  class=\"flex_column av_one_third  av-break-at-tablet flex_column_table_cell av-equal-height-column av-align-top ep-lazy-loaded   avia-builder-el-66  el_after_av_one_third  el_before_av_one_third  column-top-margin\" ><div class=\"flex-column-inner\"><p><div  class='avia-image-container  av-styling-      avia-builder-el-67  el_before_av_textblock  avia-builder-el-first  avia-align-center'  itemprop=\"image\" itemscope=\"itemscope\" itemtype=\"https:\/\/schema.org\/ImageObject\"   ><div class='avia-image-container-inner'><div class='avia-image-overlay-wrap'><a href='https:\/\/www.adirondackexplorer.org\/adirondacks-almanack\/adirondack-experience-receives-historic-2m-in-state-funding-to-support-creation-of-new-exhibition-the-african-american-experience-in-the-adirondacks\/' class='avia_image'  ><img decoding=\"async\" width=\"940\" height=\"788\" class='wp-image-17691 avia-img-lazy-loading-17691 avia_image' loading='lazy' src=\"https:\/\/www.theadkx.org\/wp-content\/uploads\/2025\/12\/AA-LOGO.png\" alt='' title='LOGO AA'  itemprop=\"thumbnailUrl\"  \/><\/a><\/div><\/div><\/div><br \/>\n<section class=\"av_textblock_section\"  itemscope=\"itemscope\" itemtype=\"https:\/\/schema.org\/CreativeWork\"  ><div class='avia_textblock   av_inherit_color  ep-text-align-left'  style='color:#ffa401; '  itemprop=\"text\" ><h4 class=\"entry-title\">Adirondack Experience re\u00e7oit un financement public historique de $2M pour soutenir la cr\u00e9ation d'une nouvelle exposition intitul\u00e9e \"The African American Experience in the Adirondacks\" (L'exp\u00e9rience afro-am\u00e9ricaine dans les Adirondacks)<\/h4>\n<div class=\"entry-subhead\">\n<div class=\"entry-meta\"><strong><a href=\"https:\/\/www.adirondackexplorer.org\/adirondacks-almanack\/adirondack-experience-receives-historic-2m-in-state-funding-to-support-creation-of-new-exhibition-the-african-american-experience-in-the-adirondacks\/\">Lire la suite<\/a><\/strong><\/div>\n<\/div>\n<\/div><\/section><\/p><\/div><\/div><div class='av-flex-placeholder' ><\/div><div  class=\"flex_column av_one_third  av-break-at-tablet flex_column_table_cell av-equal-height-column av-align-top ep-lazy-loaded   avia-builder-el-69  el_after_av_one_third  avia-builder-el-last  column-top-margin\" ><div class=\"flex-column-inner\"><p><div  class='avia-image-container  av-styling-      avia-builder-el-70  el_before_av_textblock  avia-builder-el-first  avia-align-center'  itemprop=\"image\" itemscope=\"itemscope\" itemtype=\"https:\/\/schema.org\/ImageObject\"   ><div class='avia-image-container-inner'><div class='avia-image-overlay-wrap'><a href='https:\/\/www.adirondackdailyenterprise.com\/news\/local-news\/2023\/01\/new-exhibit-to-explore-black-history-in-adks\/' class='avia_image'  ><img decoding=\"async\" width=\"940\" height=\"788\" class='wp-image-17692 avia-img-lazy-loading-17692 avia_image' loading='lazy' src=\"https:\/\/www.theadkx.org\/wp-content\/uploads\/2025\/12\/ADE-LOGO.png\" alt='' title='LOGO ADE'  itemprop=\"thumbnailUrl\"  \/><\/a><\/div><\/div><\/div><br \/>\n<section class=\"av_textblock_section\"  itemscope=\"itemscope\" itemtype=\"https:\/\/schema.org\/CreativeWork\"  ><div class='avia_textblock   av_inherit_color  ep-text-align-left'  style='color:#ffa401; '  itemprop=\"text\" ><h4>Une nouvelle exposition sur l'histoire des Noirs dans les ADK<\/h4>\n<div class=\"entry-subhead\">\n<h4 class=\"entry-meta\"><strong><a href=\"https:\/\/www.adirondackdailyenterprise.com\/news\/local-news\/2023\/01\/new-exhibit-to-explore-black-history-in-adks\/\">Lire la suite<\/a><\/strong><\/h4>\n<\/div>\n<\/div><\/section><\/p><\/div><\/div><\/div><!--close column table wrapper. Autoclose: 1 --><\/div><\/div><\/div><!-- close content main div --><\/div><\/div><div id='reality'  class='avia-section main_color avia-section-small avia-no-border-styling  avia-bg-style-scroll  avia-builder-el-72  el_after_av_section  el_before_av_section  colored-sections  container_wrap fullsize' style='background-color: #a30b24;   '   ><div class='container' style=\"--containerWidth:1000px;max-width:1000px;\"><div class='template-page content  av-content-full alpha units' ><div class='post-entry post-entry-type-page post-entry-17611'><div class='entry-content-wrapper clearfix'>\n<div   class='flex_column_table  avia-full-stretch ep-lazy-loaded   av-equal-height-column-flextable av-break-at-tablet-flextable flex-column-table-11'  ><div  class=\"flex_column av_one_full  no_margin av-break-at-tablet flex_column_table_cell av-equal-height-column av-align-top ep-lazy-loaded first  avia-builder-el-73  avia-builder-el-no-sibling\" ><div class=\"flex-column-inner\"><div  style='color:#fcfaf5;' class='av-special-heading av-special-heading-h2  custom-color-heading blockquote modern-quote  avia-builder-el-74  avia-builder-el-no-sibling  special-heading av-animated-generic left-to-right' ><h2 class='av-special-heading-tag' style='font-weight:300;'  itemprop=\"headline\"  >EN FAIRE UNE R\u00c9ALIT\u00c9<\/h2><div class ='av-subheading av-subheading_below' style='color:#ffa401;line-height:0.5em;font-weight:300;text-transform:none;font-size:40px;'><p><em style=\"font-size: 30px; font-style: normal;\">Les personnes, les partenaires et les bailleurs de fonds qui ont rendu cette exposition possible<\/em><\/p>\n<\/div><div class='special-heading-border'><div class='special-heading-inner-border' style='border-color:#fcfaf5'><\/div><\/div><\/div><\/div><\/div><\/div><!--close column table wrapper. Autoclose: 1 -->\n<\/p>\n<\/div><\/div><\/div><!-- close content main div --><\/div><\/div><div id='av_section_11'  class='avia-section main_color avia-section-default avia-no-border-styling  avia-bg-style-scroll  avia-builder-el-75  el_after_av_section  avia-builder-el-last   container_wrap fullsize' style='  '   ><div class='container' ><div class='template-page content  av-content-full alpha units' ><div class='post-entry post-entry-type-page post-entry-17611'><div class='entry-content-wrapper clearfix'>\n<div   class='flex_column_table  avia-full-stretch ep-lazy-loaded   av-equal-height-column-flextable av-break-at-tablet-flextable flex-column-table-12'  ><div  class=\"flex_column av_one_half  av-break-at-tablet flex_column_table_cell av-equal-height-column av-align-top ep-lazy-loaded first  avia-builder-el-76  el_before_av_one_half  avia-builder-el-first\" ><div class=\"flex-column-inner\"><div  class='avia-image-container  av-styling-      avia-builder-el-77  avia-builder-el-no-sibling  avia-align-center'  itemprop=\"image\" itemscope=\"itemscope\" itemtype=\"https:\/\/schema.org\/ImageObject\"   ><div class='avia-image-container-inner'><div class='avia-image-overlay-wrap'><img decoding=\"async\" loading='lazy' class='wp-image-17699 avia-img-lazy-loading-17699 avia_image' src=\"https:\/\/www.theadkx.org\/wp-content\/uploads\/2025\/12\/CC-HEADSHOT.png\" alt='' title='CC HEADSHOT' height=\"788\" width=\"940\"  itemprop=\"thumbnailUrl\"  \/><\/div><\/div><\/div><\/div><\/div><div class='av-flex-placeholder' ><\/div><div  class=\"flex_column av_one_half  av-break-at-tablet flex_column_table_cell av-equal-height-column av-align-top ep-lazy-loaded   avia-builder-el-78  el_after_av_one_half  el_before_av_one_half\" ><div class=\"flex-column-inner\"><p><div  style='color:#110f10;' class='av-special-heading av-special-heading-h2  custom-color-heading blockquote modern-quote  avia-builder-el-79  el_before_av_textblock  avia-builder-el-first  special-heading av-animated-generic left-to-right' ><h2 class='av-special-heading-tag' style='font-weight:300;'  itemprop=\"headline\"  >COMMISSAIRE D'EXPOSITION<\/h2><div class='special-heading-border'><div class='special-heading-inner-border' style='border-color:#110f10'><\/div><\/div><\/div><br \/>\n<section class=\"av_textblock_section\"  itemscope=\"itemscope\" itemtype=\"https:\/\/schema.org\/CreativeWork\"  ><div class='avia_textblock   av_inherit_color  ep-text-align-left'  style='color:#110f10; '  itemprop=\"text\" ><h3>Charles Clark III<\/h3>\n<p><span class=\"mark2jsy4zzvb\" data-markjs=\"true\" data-ogac=\"\" data-ogab=\"\" data-ogsc=\"\" data-ogsb=\"\" data-olk-copy-source=\"MessageBody\">Charles<\/span> utilise une m\u00e9thodologie panafricaniste, enrichie d'une approche culturelle mat\u00e9rielle, pour transformer l'organisation des expositions dans les mus\u00e9es. Son travail porte sur l'effacement ethnoculturel et met en lumi\u00e8re les r\u00e9cits marginalis\u00e9s dans l'histoire de l'art. Son approche permet non seulement d'am\u00e9liorer la repr\u00e9sentation de voix diverses, mais aussi de red\u00e9finir le r\u00f4le des mus\u00e9es en tant qu'espaces de dialogue critique et d'exploration culturelle.<\/p>\n<\/div><\/section><\/p><\/div><\/div><\/div><!--close column table wrapper. Autoclose: 1 --><div   class='flex_column_table  avia-full-stretch ep-lazy-loaded   av-equal-height-column-flextable av-break-at-tablet-flextable flex-column-table-13'  ><div  class=\"flex_column av_one_half  av-break-at-tablet flex_column_table_cell av-equal-height-column av-align-top ep-lazy-loaded first  avia-builder-el-81  el_after_av_one_half  el_before_av_one_half  column-top-margin\" ><div class=\"flex-column-inner\"><p><div  style='color:#110f10;' class='av-special-heading av-special-heading-h2  custom-color-heading blockquote modern-quote  avia-builder-el-82  el_before_av_textblock  avia-builder-el-first  special-heading av-animated-generic left-to-right' ><h2 class='av-special-heading-tag' style='font-weight:300;'  itemprop=\"headline\"  >CONSEIL CONSULTATIF COMMUNAUTAIRE<\/h2><div class='special-heading-border'><div class='special-heading-inner-border' style='border-color:#110f10'><\/div><\/div><\/div><br \/>\n<section class=\"av_textblock_section\"  itemscope=\"itemscope\" itemtype=\"https:\/\/schema.org\/CreativeWork\"  ><div class='avia_textblock   av_inherit_color  ep-text-align-left'  style='color:#110f10; '  itemprop=\"text\" ><p><b>Robin Caudell<\/b>, Presse R\u00e9publicaine, R\u00e9dacteur en chef<\/p>\n<p><b>Nicole Hylton Patterson<\/b>, Mme Kristof, directrice adjointe du bureau de la diversit\u00e9 et de l'inclusion du syst\u00e8me judiciaire unifi\u00e9 de l'\u00c9tat de New York.<\/p>\n<p><b>Benita Law-Diao<\/b>, ADKX, Trustee<\/p>\n<p><span data-olk-copy-source=\"MessageBody\"><strong>Bryan Briscoe, <\/strong>Co-propri\u00e9taire de Bucksberry Farm et artiste local<\/span><\/p>\n<p><b>Justin Oliver<\/b>, Silver Birch Cycles, propri\u00e9taire<\/p>\n<p><b>Tiffany Rea-Fisher<\/b>, Initiative pour la diversit\u00e9 dans les Adirondacks, directeur<\/p>\n<p><b>Brenda Valentine<\/b>, Indian Lake Community Development Corporation, pr\u00e9sident<\/p>\n<p><b>Marilyn Bridges<\/b> (Organisation et titre non fournis)<\/p>\n<p><b>Adam Stewart<\/b>, John Brown Lives!, Board Member &amp; Teacher<\/p>\n<p><b>A'livija Mullins-Richard<\/b>, Sanctuaire pour les m\u00e9dias ind\u00e9pendants, coordinateur du laboratoire de justice a\u00e9rienne, coordinateur des b\u00e9n\u00e9voles<\/p>\n<\/div><\/section><\/p><\/div><\/div><div class='av-flex-placeholder' ><\/div><div  class=\"flex_column av_one_half  av-break-at-tablet flex_column_table_cell av-equal-height-column av-align-top ep-lazy-loaded   avia-builder-el-84  el_after_av_one_half  avia-builder-el-last  column-top-margin\" ><div class=\"flex-column-inner\"><p><div  style='color:#110f10;' class='av-special-heading av-special-heading-h2  custom-color-heading blockquote modern-quote  avia-builder-el-85  el_before_av_textblock  avia-builder-el-first  special-heading av-animated-generic left-to-right' ><h2 class='av-special-heading-tag' style='font-weight:300;'  itemprop=\"headline\"  >CONSEIL CONSULTATIF ACAD\u00c9MIQUE<\/h2><div class='special-heading-border'><div class='special-heading-inner-border' style='border-color:#110f10'><\/div><\/div><\/div><br \/>\n<section class=\"av_textblock_section\"  itemscope=\"itemscope\" itemtype=\"https:\/\/schema.org\/CreativeWork\"  ><div class='avia_textblock   av_inherit_color  ep-text-align-left'  style='color:#110f10; '  itemprop=\"text\" ><p><b>Amy Godine<\/b>, Historien Ind\u00e9pendant<\/p>\n<p><b>Dr. Clarence Jefferson Hall Jr.<\/b>, Queensborough Community College, professeur adjoint<\/p>\n<p><b>Dr. Melissane Schrems<\/b>, Lawrence University, professeur adjoint<\/p>\n<p><b>Dr. Gretchen Sorin<\/b>, Programme d'\u00e9tudes sup\u00e9rieures de Cooperstown, directeur<\/p>\n<p><b>Dr. Connor Williams<\/b>, Grand Camp Sagamore, Historien<\/p>\n<\/div><\/section><br \/>\n<div  style='color:#110f10;' class='av-special-heading av-special-heading-h2  custom-color-heading blockquote modern-quote  avia-builder-el-87  el_after_av_textblock  el_before_av_textblock  special-heading av-animated-generic left-to-right' ><h2 class='av-special-heading-tag' style='font-weight:300;'  itemprop=\"headline\"  >AUTRES SOUTIENS<\/h2><div class='special-heading-border'><div class='special-heading-inner-border' style='border-color:#110f10'><\/div><\/div><\/div><br \/>\n<section class=\"av_textblock_section\"  itemscope=\"itemscope\" itemtype=\"https:\/\/schema.org\/CreativeWork\"  ><div class='avia_textblock   av_inherit_color  ep-text-align-left'  style='color:#110f10; '  itemprop=\"text\" ><div>\n<p><span data-olk-copy-source=\"MessageBody\"><strong>Cherrie Burges, <\/strong>\u00c9pouse de Fr\u00e8re Yusuf Burgess<\/span><\/p>\n<\/div>\n<div id=\"x_Signature\">\n<div>\n<p><strong>Naj Wikoff,\u00a0 <\/strong>Son of owner of Sun &amp; Ski Lodge<\/p>\n<p><b>Aaron Mair<\/b>, Timbuctoo Mountain Club, Fondateur<\/p>\n<\/div>\n<\/div>\n<\/div><\/section><\/p><\/div><\/div><\/div><!--close column table wrapper. Autoclose: 1 -->","protected":false},"excerpt":{"rendered":"","protected":false},"author":11,"featured_media":0,"parent":20,"menu_order":23,"comment_status":"closed","ping_status":"closed","template":"","meta":{"_acf_changed":false,"om_disable_all_campaigns":false,"footnotes":""},"class_list":["post-17611","page","type-page","status-publish","hentry"],"acf":[],"yoast_head":"<!-- This site is optimized with the Yoast SEO Premium plugin v22.8 (Yoast SEO v27.5) - https:\/\/yoast.com\/product\/yoast-seo-premium-wordpress\/ -->\n<title>The Black Experience in the Adirondacks<\/title>\n<meta name=\"description\" content=\"In 2027, the Adirondack Experience, the Museum on Blue Mountain Lake, will open The Black Experience in the Adirondacks, a new permanent, interactive exhibition. This exhibition will comprehensively explore the history of Black people in the region, from their role in the settlement and development of the Adirondacks to current efforts ensuring equal access to its recreational opportunities.\" \/>\n<meta name=\"robots\" content=\"index, follow, max-snippet:-1, max-image-preview:large, max-video-preview:-1\" \/>\n<link rel=\"canonical\" href=\"https:\/\/www.theadkx.org\/fr\/expositions\/expositions-virtuelles-7\/\" \/>\n<meta property=\"og:locale\" content=\"fr_FR\" \/>\n<meta property=\"og:type\" content=\"article\" \/>\n<meta property=\"og:title\" content=\"Black Experience in the Adirondacks\" \/>\n<meta property=\"og:url\" content=\"https:\/\/www.theadkx.org\/fr\/expositions\/expositions-virtuelles-7\/\" \/>\n<meta property=\"og:site_name\" content=\"Adirondack Experience\" \/>\n<meta property=\"article:publisher\" content=\"https:\/\/www.facebook.com\/theADKX\/\" \/>\n<meta property=\"article:modified_time\" content=\"2026-03-12T13:44:55+00:00\" \/>\n<meta name=\"twitter:card\" content=\"summary_large_image\" \/>\n<meta name=\"twitter:site\" content=\"@theadkx\" \/>\n<meta name=\"twitter:label1\" content=\"Dur\u00e9e de lecture estim\u00e9e\" \/>\n\t<meta name=\"twitter:data1\" content=\"9 minutes\" \/>\n<script type=\"application\/ld+json\" class=\"yoast-schema-graph\">{\"@context\":\"https:\\\/\\\/schema.org\",\"@graph\":[{\"@type\":\"WebPage\",\"@id\":\"https:\\\/\\\/www.theadkx.org\\\/exhibitions\\\/black-experience-in-the-adirondacks\\\/\",\"url\":\"https:\\\/\\\/www.theadkx.org\\\/exhibitions\\\/black-experience-in-the-adirondacks\\\/\",\"name\":\"The Black Experience in the Adirondacks\",\"isPartOf\":{\"@id\":\"https:\\\/\\\/www.theadkx.org\\\/#website\"},\"datePublished\":\"2025-12-08T17:02:12+00:00\",\"dateModified\":\"2026-03-12T13:44:55+00:00\",\"description\":\"In 2027, the Adirondack Experience, the Museum on Blue Mountain Lake, will open The Black Experience in the Adirondacks, a new permanent, interactive exhibition. This exhibition will comprehensively explore the history of Black people in the region, from their role in the settlement and development of the Adirondacks to current efforts ensuring equal access to its recreational opportunities.\",\"breadcrumb\":{\"@id\":\"https:\\\/\\\/www.theadkx.org\\\/exhibitions\\\/black-experience-in-the-adirondacks\\\/#breadcrumb\"},\"inLanguage\":\"fr-FR\",\"potentialAction\":[{\"@type\":\"ReadAction\",\"target\":[\"https:\\\/\\\/www.theadkx.org\\\/exhibitions\\\/black-experience-in-the-adirondacks\\\/\"]}]},{\"@type\":\"BreadcrumbList\",\"@id\":\"https:\\\/\\\/www.theadkx.org\\\/exhibitions\\\/black-experience-in-the-adirondacks\\\/#breadcrumb\",\"itemListElement\":[{\"@type\":\"ListItem\",\"position\":1,\"name\":\"Home\",\"item\":\"https:\\\/\\\/www.theadkx.org\\\/homepage\\\/\"},{\"@type\":\"ListItem\",\"position\":2,\"name\":\"Exhibitions\",\"item\":\"https:\\\/\\\/www.theadkx.org\\\/exhibitions\\\/\"},{\"@type\":\"ListItem\",\"position\":3,\"name\":\"Black Experience in the Adirondacks\"}]},{\"@type\":\"WebSite\",\"@id\":\"https:\\\/\\\/www.theadkx.org\\\/#website\",\"url\":\"https:\\\/\\\/www.theadkx.org\\\/\",\"name\":\"Adirondack Experience\",\"description\":\"The Museum on Blue Mountain Lake\",\"publisher\":{\"@id\":\"https:\\\/\\\/www.theadkx.org\\\/#organization\"},\"potentialAction\":[{\"@type\":\"SearchAction\",\"target\":{\"@type\":\"EntryPoint\",\"urlTemplate\":\"https:\\\/\\\/www.theadkx.org\\\/?s={search_term_string}\"},\"query-input\":{\"@type\":\"PropertyValueSpecification\",\"valueRequired\":true,\"valueName\":\"search_term_string\"}}],\"inLanguage\":\"fr-FR\"},{\"@type\":\"Organization\",\"@id\":\"https:\\\/\\\/www.theadkx.org\\\/#organization\",\"name\":\"Adirondack Experience, The Museum on Blue Mountain Lake\",\"url\":\"https:\\\/\\\/www.theadkx.org\\\/\",\"logo\":{\"@type\":\"ImageObject\",\"inLanguage\":\"fr-FR\",\"@id\":\"https:\\\/\\\/www.theadkx.org\\\/#\\\/schema\\\/logo\\\/image\\\/\",\"url\":\"https:\\\/\\\/www.theadkx.org\\\/wp-content\\\/uploads\\\/2021\\\/03\\\/ADKX_LOGO.png\",\"contentUrl\":\"https:\\\/\\\/www.theadkx.org\\\/wp-content\\\/uploads\\\/2021\\\/03\\\/ADKX_LOGO.png\",\"width\":440,\"height\":276,\"caption\":\"Adirondack Experience, The Museum on Blue Mountain Lake\"},\"image\":{\"@id\":\"https:\\\/\\\/www.theadkx.org\\\/#\\\/schema\\\/logo\\\/image\\\/\"},\"sameAs\":[\"https:\\\/\\\/www.facebook.com\\\/theADKX\\\/\",\"https:\\\/\\\/x.com\\\/theadkx\",\"https:\\\/\\\/www.instagram.com\\\/theadkx\\\/\",\"https:\\\/\\\/www.youtube.com\\\/user\\\/AdirondackMuseum\"]}]}<\/script>\n<!-- \/ Yoast SEO Premium plugin. -->","yoast_head_json":{"title":"L'exp\u00e9rience noire dans les Adirondacks","description":"En 2027, l'Adirondack Experience, le mus\u00e9e du lac Blue Mountain, ouvrira The Black Experience in the Adirondacks, une nouvelle exposition permanente et interactive. Cette exposition explorera de mani\u00e8re exhaustive l'histoire des Noirs dans la r\u00e9gion, depuis leur r\u00f4le dans la colonisation et le d\u00e9veloppement des Adirondacks jusqu'aux efforts actuels visant \u00e0 garantir l'\u00e9galit\u00e9 d'acc\u00e8s \u00e0 ses possibilit\u00e9s de loisirs.","robots":{"index":"index","follow":"follow","max-snippet":"max-snippet:-1","max-image-preview":"max-image-preview:large","max-video-preview":"max-video-preview:-1"},"canonical":"https:\/\/www.theadkx.org\/fr\/expositions\/expositions-virtuelles-7\/","og_locale":"fr_FR","og_type":"article","og_title":"Black Experience in the Adirondacks","og_url":"https:\/\/www.theadkx.org\/fr\/expositions\/expositions-virtuelles-7\/","og_site_name":"Adirondack Experience","article_publisher":"https:\/\/www.facebook.com\/theADKX\/","article_modified_time":"2026-03-12T13:44:55+00:00","twitter_card":"summary_large_image","twitter_site":"@theadkx","twitter_misc":{"Dur\u00e9e de lecture estim\u00e9e":"9 minutes"},"schema":{"@context":"https:\/\/schema.org","@graph":[{"@type":"WebPage","@id":"https:\/\/www.theadkx.org\/exhibitions\/black-experience-in-the-adirondacks\/","url":"https:\/\/www.theadkx.org\/exhibitions\/black-experience-in-the-adirondacks\/","name":"L'exp\u00e9rience noire dans les Adirondacks","isPartOf":{"@id":"https:\/\/www.theadkx.org\/#website"},"datePublished":"2025-12-08T17:02:12+00:00","dateModified":"2026-03-12T13:44:55+00:00","description":"En 2027, l'Adirondack Experience, le mus\u00e9e du lac Blue Mountain, ouvrira The Black Experience in the Adirondacks, une nouvelle exposition permanente et interactive. Cette exposition explorera de mani\u00e8re exhaustive l'histoire des Noirs dans la r\u00e9gion, depuis leur r\u00f4le dans la colonisation et le d\u00e9veloppement des Adirondacks jusqu'aux efforts actuels visant \u00e0 garantir l'\u00e9galit\u00e9 d'acc\u00e8s \u00e0 ses possibilit\u00e9s de loisirs.","breadcrumb":{"@id":"https:\/\/www.theadkx.org\/exhibitions\/black-experience-in-the-adirondacks\/#breadcrumb"},"inLanguage":"fr-FR","potentialAction":[{"@type":"ReadAction","target":["https:\/\/www.theadkx.org\/exhibitions\/black-experience-in-the-adirondacks\/"]}]},{"@type":"BreadcrumbList","@id":"https:\/\/www.theadkx.org\/exhibitions\/black-experience-in-the-adirondacks\/#breadcrumb","itemListElement":[{"@type":"ListItem","position":1,"name":"Home","item":"https:\/\/www.theadkx.org\/homepage\/"},{"@type":"ListItem","position":2,"name":"Exhibitions","item":"https:\/\/www.theadkx.org\/exhibitions\/"},{"@type":"ListItem","position":3,"name":"Black Experience in the Adirondacks"}]},{"@type":"WebSite","@id":"https:\/\/www.theadkx.org\/#website","url":"https:\/\/www.theadkx.org\/","name":"L'exp\u00e9rience des Adirondacks","description":"Le mus\u00e9e du lac Blue Mountain","publisher":{"@id":"https:\/\/www.theadkx.org\/#organization"},"potentialAction":[{"@type":"SearchAction","target":{"@type":"EntryPoint","urlTemplate":"https:\/\/www.theadkx.org\/?s={search_term_string}"},"query-input":{"@type":"PropertyValueSpecification","valueRequired":true,"valueName":"search_term_string"}}],"inLanguage":"fr-FR"},{"@type":"Organization","@id":"https:\/\/www.theadkx.org\/#organization","name":"Adirondack Experience, le mus\u00e9e du lac Blue Mountain","url":"https:\/\/www.theadkx.org\/","logo":{"@type":"ImageObject","inLanguage":"fr-FR","@id":"https:\/\/www.theadkx.org\/#\/schema\/logo\/image\/","url":"https:\/\/www.theadkx.org\/wp-content\/uploads\/2021\/03\/ADKX_LOGO.png","contentUrl":"https:\/\/www.theadkx.org\/wp-content\/uploads\/2021\/03\/ADKX_LOGO.png","width":440,"height":276,"caption":"Adirondack Experience, The Museum on Blue Mountain Lake"},"image":{"@id":"https:\/\/www.theadkx.org\/#\/schema\/logo\/image\/"},"sameAs":["https:\/\/www.facebook.com\/theADKX\/","https:\/\/x.com\/theadkx","https:\/\/www.instagram.com\/theadkx\/","https:\/\/www.youtube.com\/user\/AdirondackMuseum"]}]}},"_links":{"self":[{"href":"https:\/\/www.theadkx.org\/fr\/wp-json\/wp\/v2\/pages\/17611","targetHints":{"allow":["GET"]}}],"collection":[{"href":"https:\/\/www.theadkx.org\/fr\/wp-json\/wp\/v2\/pages"}],"about":[{"href":"https:\/\/www.theadkx.org\/fr\/wp-json\/wp\/v2\/types\/page"}],"author":[{"embeddable":true,"href":"https:\/\/www.theadkx.org\/fr\/wp-json\/wp\/v2\/users\/11"}],"replies":[{"embeddable":true,"href":"https:\/\/www.theadkx.org\/fr\/wp-json\/wp\/v2\/comments?post=17611"}],"version-history":[{"count":10,"href":"https:\/\/www.theadkx.org\/fr\/wp-json\/wp\/v2\/pages\/17611\/revisions"}],"predecessor-version":[{"id":19104,"href":"https:\/\/www.theadkx.org\/fr\/wp-json\/wp\/v2\/pages\/17611\/revisions\/19104"}],"up":[{"embeddable":true,"href":"https:\/\/www.theadkx.org\/fr\/wp-json\/wp\/v2\/pages\/20"}],"wp:attachment":[{"href":"https:\/\/www.theadkx.org\/fr\/wp-json\/wp\/v2\/media?parent=17611"}],"curies":[{"name":"wp","href":"https:\/\/api.w.org\/{rel}","templated":true}]}}