{"id":5959,"date":"2021-06-29T16:03:59","date_gmt":"2021-06-29T20:03:59","guid":{"rendered":"http:\/\/www.theadkx.org\/?page_id=5959"},"modified":"2024-07-02T17:27:21","modified_gmt":"2024-07-02T21:27:21","slug":"serie-inspiration-artistes","status":"publish","type":"page","link":"https:\/\/www.theadkx.org\/fr\/our-events\/artists-inspiration-series\/","title":{"rendered":"S\u00e9rie \"Artistes et inspiration"},"content":{"rendered":"<div id='av_section_1'  class='avia-section main_color avia-section-no-padding avia-no-border-styling  ep-lazy-loaded avia-full-stretch avia-bg-style-scroll  avia-builder-el-0  el_before_av_section  avia-builder-el-first   avia-section-fwd container_wrap fullsize' style='background-repeat: no-repeat; --epBGImgDesktop: url(https:\/\/www.theadkx.org\/wp-content\/uploads\/2021\/04\/ADKX-live-events-1920x640-1.jpg);--epBGImgTablet: var(--epBGImgDesktop); --epBGImgMobile: url(https:\/\/www.theadkx.org\/wp-content\/uploads\/2021\/04\/ADKX-live-events-mobile-720x540-1.jpg);;background-attachment: scroll; background-position: bottom center;   '   data-section-bg-repeat='stretch' ><div class='container' style=\"\"><main  role=\"main\" itemprop=\"mainContentOfPage\"  class='template-page content  av-content-full alpha units' ><div class='post-entry post-entry-type-page post-entry-5959'><div class='entry-content-wrapper clearfix'>\n<div   class='hr hr-invisible  hr-responsive   avia-builder-el-1  avia-builder-el-no-sibling' ><div style='height:300px' class='hr-desktop'><\/div><div style='height:300px' class='hr-tablet'><\/div><div style='height:150px' class='hr-mobile'><\/div><\/div>\n\n<\/div><\/div><\/main><!-- close content main element --><\/div><\/div><div id='av_section_2'  class='avia-section main_color avia-section-default avia-no-border-styling  ep-lazy-loaded avia-full-stretch avia-bg-style-scroll  avia-builder-el-2  el_after_av_section  el_before_av_section   container_wrap fullsize' style='background-color: #fcfaf5; background-repeat: no-repeat; --epBGImg: url(https:\/\/www.theadkx.org\/wp-content\/uploads\/2021\/03\/Brown-Topo-Map-1.png);;background-attachment: scroll; background-position: center center;   '  data-lazy-bg data-section-bg-repeat='stretch' ><div class='container' ><div class='template-page content  av-content-full alpha units' ><div class='post-entry post-entry-type-page post-entry-5959'><div class='entry-content-wrapper clearfix'>\n<div   class='av-special-heading av-special-heading-h1   blockquote modern-quote  avia-builder-el-3  avia-builder-el-no-sibling' ><h1 class='av-special-heading-tag'   itemprop=\"headline\"  >S\u00e9rie \"Artistes et inspiration<\/h1><div class='special-heading-border'><div class='special-heading-inner-border' ><\/div><\/div><\/div>\n\n<\/div><\/div><\/div><!-- close content main div --><\/div><\/div><div id='av_section_3'  class='avia-section main_color avia-section-default avia-no-border-styling  avia-bg-style-scroll  avia-builder-el-4  el_after_av_section  el_before_av_section   container_wrap fullsize' style='  '   ><div class='container' style=\"--containerWidth:1150px;max-width:1150px;\"><div class='template-page content  av-content-full alpha units' ><div class='post-entry post-entry-type-page post-entry-5959'><div class='entry-content-wrapper clearfix'>\n<div   class='flex_column_table  reverse-order ep-lazy-loaded   av-equal-height-column-flextable av-break-at-tablet-flextable flex-column-table-1'  ><div  class=\"flex_column av_one_full  custom_space av-break-at-tablet flex_column_table_cell av-equal-height-column av-align-top ep-lazy-loaded first  avia-builder-el-5  avia-builder-el-no-sibling  mobile-offset\" ><div class=\"flex-column-inner\"><p><div  style='height:20px' class='hr hr-invisible   av-desktop-hide  avia-builder-el-6  el_before_av_textblock  avia-builder-el-first' ><span class='hr-inner' ><span class='hr-inner-style'><\/span><\/span><\/div><br \/>\n<section class=\"av_textblock_section\"  itemscope=\"itemscope\" itemtype=\"https:\/\/schema.org\/CreativeWork\"  ><div class='avia_textblock'   itemprop=\"text\" ><p>Rejoignez-nous chaque mois pour les programmes Artistes et Inspiration d'ADKX. Ces soir\u00e9es vous permettront de d\u00e9couvrir la premi\u00e8re exposition permanente du mus\u00e9e consacr\u00e9e \u00e0 notre collection d'art et de design.<em>Artistes et inspiration dans la nature<\/em>-qui ouvrira en 2023. Qu'est-ce qui rend l'art des Adirondacks unique ? Comment les artistes qui travaillent dans la r\u00e9gion s'inspirent-ils de l'environnement qui les entoure ? Vous \u00eates curieux de vous essayer \u00e0 la r\u00e9alisation de votre propre chef-d'\u0153uvre ?<\/p>\n<p>Nous vous invitons \u00e0 nous rejoindre chaque mois pour \u00e9couter des universitaires, des artistes, des enseignants et des visionnaires cr\u00e9atifs de toute l'Am\u00e9rique du Nord qui se penchent sur les cr\u00e9ateurs et la collection qui seront pr\u00e9sent\u00e9s dans cette nouvelle exposition. Qu'il s'agisse de soir\u00e9es amusantes pour toute la famille ou de soir\u00e9es ax\u00e9es sur la r\u00e9flexion et la discussion, les soir\u00e9es Artistes et Inspiration ont de quoi satisfaire tout le monde.<\/p>\n<p><em>Vous avez manqu\u00e9 une \u00e9mission ? Les enregistrements seront disponibles ci-dessous apr\u00e8s chaque \u00e9mission en direct.<\/em><\/p>\n<\/div><\/section><\/p><\/div><\/div><\/div><!--close column table wrapper. Autoclose: 1 -->\n\n<\/div><\/div><\/div><!-- close content main div --><\/div><\/div><div id='av_section_4'  class='avia-section main_color avia-section-default avia-no-border-styling  ep-lazy-loaded avia-full-stretch avia-bg-style-scroll  avia-builder-el-8  el_after_av_section  el_before_av_section   container_wrap fullsize' style='background-color: #fcfaf5; background-repeat: no-repeat; --epBGImg: url(https:\/\/www.theadkx.org\/wp-content\/uploads\/2021\/04\/tree-background-1920x1080-01.png);;background-attachment: scroll; background-position: bottom center;   '  data-lazy-bg data-section-bg-repeat='stretch' ><div class='container' ><div class='template-page content  av-content-full alpha units' ><div class='post-entry post-entry-type-page post-entry-5959'><div class='entry-content-wrapper clearfix'>\n<div   class='flex_column_table  ep-lazy-loaded   av-equal-height-column-flextable -flextable flex-column-table-2'  ><div  class=\"flex_column av_one_full  flex_column_table_cell av-equal-height-column av-align-top ep-lazy-loaded first  avia-builder-el-9  el_before_av_hr  avia-builder-el-first\" ><div class=\"flex-column-inner\"><div  style='color:#7f9c90;font-size:38px;' class='av-special-heading av-special-heading-h3  custom-color-heading blockquote modern-quote  avia-builder-el-10  avia-builder-el-no-sibling  av-inherit-size' ><h3 class='av-special-heading-tag'   itemprop=\"headline\"  >\u00c9v\u00e9nements \u00e0 venir<\/h3><div class='special-heading-border'><div class='special-heading-inner-border' style='border-color:#7f9c90'><\/div><\/div><\/div><\/div><\/div><\/div><!--close column table wrapper. Autoclose: 1 --><div  style='height:50px' class='hr hr-invisible    avia-builder-el-11  el_after_av_one_full  el_before_ep_posts_grid' ><span class='hr-inner' ><span class='hr-inner-style'><\/span><\/span><\/div>\n\n<div   class='flex_column_table  ep-lazy-loaded   av-equal-height-column-flextable -flextable flex-column-table-3'  ><div  class=\"flex_column av_one_full  flex_column_table_cell av-equal-height-column av-align-top ep-lazy-loaded first  avia-builder-el-13  el_after_ep_posts_grid  avia-builder-el-last\" ><div class=\"flex-column-inner\"><div  class='avia-button-wrap avia-button-left    avia-builder-el-14  avia-builder-el-no-sibling'  ><a href='https:\/\/www.theadkx.org\/fr\/our-events\/'  class='avia-button   av-desktop-hide av-medium-hide avia-icon_select-no avia-color-border avia-size-medium avia-position-left'   ><span class='avia_iconbox_title' >Voir plus<\/span><\/a><\/div><\/div><\/div><\/div><!--close column table wrapper. Autoclose: 1 -->\n\n<\/div><\/div><\/div><!-- close content main div --><\/div><\/div><div id='av_section_5'  class='avia-section main_color avia-section-default avia-no-border-styling  avia-bg-style-scroll  avia-builder-el-15  el_after_av_section  avia-builder-el-last   container_wrap fullsize' style='  '   ><div class='container' style=\"--containerWidth:1150px;max-width:1150px;\"><div class='template-page content  av-content-full alpha units' ><div class='post-entry post-entry-type-page post-entry-5959'><div class='entry-content-wrapper clearfix'>\n<div   class='flex_column_table  ep-lazy-loaded   av-equal-height-column-flextable -flextable flex-column-table-4'  ><div  class=\"flex_column av_one_full  flex_column_table_cell av-equal-height-column av-align-top ep-lazy-loaded first  avia-builder-el-16  el_before_av_one_third  avia-builder-el-first\" ><div class=\"flex-column-inner\"><div  style='color:#7f9c90;font-size:38px;' class='av-special-heading av-special-heading-h3  custom-color-heading blockquote modern-quote  avia-builder-el-17  avia-builder-el-no-sibling  av-inherit-size' ><h3 class='av-special-heading-tag'   itemprop=\"headline\"  >\u00c9v\u00e9nements pr\u00e9c\u00e9dents de la s\u00e9rie Artistes et Inspiration<\/h3><div class='special-heading-border'><div class='special-heading-inner-border' style='border-color:#7f9c90'><\/div><\/div><\/div><\/div><\/div><\/div><!--close column table wrapper. Autoclose: 1 --><div   class='flex_column_table  ep-lazy-loaded   av-equal-height-column-flextable -flextable flex-column-table-5'  ><div  class=\"flex_column av_one_third  flex_column_table_cell av-equal-height-column av-align-top ep-lazy-loaded first  avia-builder-el-18  el_after_av_one_full  el_before_av_two_third  column-top-margin\" ><div class=\"flex-column-inner\"><div  class='avia-image-container  av-styling-      avia-builder-el-19  avia-builder-el-no-sibling  avia-align-center'  itemprop=\"image\" itemscope=\"itemscope\" itemtype=\"https:\/\/schema.org\/ImageObject\"   ><div class='avia-image-container-inner'><div class='avia-image-overlay-wrap'><img decoding=\"async\" fetchpriority=\"high\" class='wp-image-11000 avia-img-lazy-loading-not-11000 avia_image' src=\"https:\/\/www.theadkx.org\/wp-content\/uploads\/2023\/03\/May-AI.jpg\" alt='' title='Mai AI' height=\"607\" width=\"1080\"  itemprop=\"thumbnailUrl\" srcset=\"https:\/\/www.theadkx.org\/wp-content\/uploads\/2023\/03\/May-AI.jpg 1080w, https:\/\/www.theadkx.org\/wp-content\/uploads\/2023\/03\/May-AI-300x169.jpg 300w, https:\/\/www.theadkx.org\/wp-content\/uploads\/2023\/03\/May-AI-1030x579.jpg 1030w, https:\/\/www.theadkx.org\/wp-content\/uploads\/2023\/03\/May-AI-768x432.jpg 768w, https:\/\/www.theadkx.org\/wp-content\/uploads\/2023\/03\/May-AI-18x10.jpg 18w\" sizes=\"(max-width: 1080px) 100vw, 1080px\" \/><\/div><\/div><\/div><\/div><\/div><div class='av-flex-placeholder' ><\/div><div  class=\"flex_column av_two_third  flex_column_table_cell av-equal-height-column av-align-top ep-lazy-loaded   avia-builder-el-20  el_after_av_one_third  el_before_av_hr  column-top-margin\" ><div class=\"flex-column-inner\"><p><div   class='av-special-heading av-special-heading-h3   blockquote modern-quote  avia-builder-el-21  el_before_av_textblock  avia-builder-el-first' ><h3 class='av-special-heading-tag'   itemprop=\"headline\"  >Coup d'\u0153il virtuel !<\/h3><div class ='av-subheading av-subheading_below' style='font-size:15px;'><p>Lundi 15 mai 2023 | 19h00<\/p>\n<\/div><div class='special-heading-border'><div class='special-heading-inner-border' ><\/div><\/div><\/div><br \/>\n<section class=\"av_textblock_section\"  itemscope=\"itemscope\" itemtype=\"https:\/\/schema.org\/CreativeWork\"  ><div class='avia_textblock'   itemprop=\"text\" ><p>Rejoignez le personnel d'ADKX et les membres de l'\u00e9quipe de construction du projet pour un aper\u00e7u des coulisses de la nouvelle exposition Artists &amp; Inspiration in the Wild. Nous vous emm\u00e8nerons faire une visite virtuelle de la toute nouvelle exp\u00e9rience d'ADKX, qui ouvrira ses portes le 1er juillet !<\/p>\n<\/div><\/section><br \/>\n<div  style='height:30px' class='hr hr-invisible    avia-builder-el-23  el_after_av_textblock  el_before_av_button' ><span class='hr-inner' ><span class='hr-inner-style'><\/span><\/span><\/div><br \/>\n<div  class='avia-button-wrap avia-button-left    avia-builder-el-24  el_after_av_hr  avia-builder-el-last'  ><a href='https:\/\/www.youtube.com\/watch?v=5lUjiGkXKr4'  class='avia-button   avia-icon_select-no avia-color-border avia-size-medium avia-position-left'   ><span class='avia_iconbox_title' >Regardez l'enregistrement<\/span><\/a><\/div><\/p><\/div><\/div><\/div><!--close column table wrapper. Autoclose: 1 --><div   class='hr hr-default    avia-builder-el-25  el_after_av_two_third  el_before_av_one_third' ><span class='hr-inner' ><span class='hr-inner-style'><\/span><\/span><\/div>\n<div   class='flex_column_table  ep-lazy-loaded   av-equal-height-column-flextable -flextable flex-column-table-6'  ><div  class=\"flex_column av_one_third  flex_column_table_cell av-equal-height-column av-align-top ep-lazy-loaded first  avia-builder-el-26  el_after_av_hr  el_before_av_two_third\" ><div class=\"flex-column-inner\"><div  class='avia-image-container  av-styling-      avia-builder-el-27  avia-builder-el-no-sibling  avia-align-center'  itemprop=\"image\" itemscope=\"itemscope\" itemtype=\"https:\/\/schema.org\/ImageObject\"   ><div class='avia-image-container-inner'><div class='avia-image-overlay-wrap'><img decoding=\"async\" fetchpriority=\"high\" class='wp-image-10686 avia-img-lazy-loading-not-10686 avia_image' src=\"https:\/\/www.theadkx.org\/wp-content\/uploads\/2023\/01\/Virtual-Programs.jpg\" alt='' title='Programmes virtuels' height=\"646\" width=\"1500\"  itemprop=\"thumbnailUrl\" srcset=\"https:\/\/www.theadkx.org\/wp-content\/uploads\/2023\/01\/Virtual-Programs.jpg 1500w, https:\/\/www.theadkx.org\/wp-content\/uploads\/2023\/01\/Virtual-Programs-300x129.jpg 300w, https:\/\/www.theadkx.org\/wp-content\/uploads\/2023\/01\/Virtual-Programs-1030x444.jpg 1030w, https:\/\/www.theadkx.org\/wp-content\/uploads\/2023\/01\/Virtual-Programs-768x331.jpg 768w, https:\/\/www.theadkx.org\/wp-content\/uploads\/2023\/01\/Virtual-Programs-18x8.jpg 18w\" sizes=\"(max-width: 1500px) 100vw, 1500px\" \/><\/div><\/div><\/div><\/div><\/div><div class='av-flex-placeholder' ><\/div><div  class=\"flex_column av_two_third  flex_column_table_cell av-equal-height-column av-align-top ep-lazy-loaded   avia-builder-el-28  el_after_av_one_third  el_before_av_hr\" ><div class=\"flex-column-inner\"><p><div   class='av-special-heading av-special-heading-h3   blockquote modern-quote  avia-builder-el-29  el_before_av_textblock  avia-builder-el-first' ><h3 class='av-special-heading-tag'   itemprop=\"headline\"  >Un aper\u00e7u de la collection \u00e0 l'honneur<\/h3><div class ='av-subheading av-subheading_below' style='font-size:15px;'><p>Lundi 10 avril 2023 | 19h00<\/p>\n<\/div><div class='special-heading-border'><div class='special-heading-inner-border' ><\/div><\/div><\/div><br \/>\n<section class=\"av_textblock_section\"  itemscope=\"itemscope\" itemtype=\"https:\/\/schema.org\/CreativeWork\"  ><div class='avia_textblock'   itemprop=\"text\" ><p>Rejoignez Laura Rice, conservatrice en chef d'ADKX, pour une visite virtuelle des artistes et des \u0153uvres d'art qui seront pr\u00e9sent\u00e9es dans la nouvelle exposition de l'Adirondack Experience.\u00a0<em>Artistes et inspiration dans la nature<\/em>. Inaugur\u00e9e en juillet, cette exposition permanente comprendra des \u0153uvres jamais vues au mus\u00e9e et d'autres qui comptent parmi les plus pr\u00e9cieuses du mus\u00e9e. D'un tesson de poterie vieux de plusieurs si\u00e8cles trouv\u00e9 pr\u00e8s de Long Lake au chef-d'\u0153uvre de 1862 d'A.F. Tait, l'exposition pr\u00e9sente les \u0153uvres les plus pr\u00e9cieuses du mus\u00e9e.\u00a0<em>Un bon moment \u00e0 venir\u00a0<\/em>\u00e0 un bracelet fabriqu\u00e9 en 2022,\u00a0<em>Artistes et inspiration<\/em>\u00a0pr\u00e9sentera la vaste collection d'\u0153uvres d'art des Adirondacks du mus\u00e9e, qui n'a pas son pareil.<\/p>\n<\/div><\/section><br \/>\n<div   class='av-special-heading av-special-heading-h4   blockquote modern-quote  avia-builder-el-31  el_after_av_textblock  el_before_av_textblock' ><h4 class='av-special-heading-tag'   itemprop=\"headline\"  >\u00c0 propos de l'orateur<\/h4><div class='special-heading-border'><div class='special-heading-inner-border' ><\/div><\/div><\/div><br \/>\n<section class=\"av_textblock_section\"  itemscope=\"itemscope\" itemtype=\"https:\/\/schema.org\/CreativeWork\"  ><div class='avia_textblock'  style='font-size:18px; '  itemprop=\"text\" ><p><img loading=\"lazy\" decoding=\"async\" class=\"alignleft wp-image-10631 size-thumbnail\" src=\"https:\/\/www.theadkx.org\/wp-content\/uploads\/2023\/01\/Laura-Rice-80x80.jpg\" alt=\"\" width=\"80\" height=\"80\" srcset=\"https:\/\/www.theadkx.org\/wp-content\/uploads\/2023\/01\/Laura-Rice-80x80.jpg 80w, https:\/\/www.theadkx.org\/wp-content\/uploads\/2023\/01\/Laura-Rice-12x12.jpg 12w, https:\/\/www.theadkx.org\/wp-content\/uploads\/2023\/01\/Laura-Rice.jpg 250w\" sizes=\"auto, (max-width: 80px) 100vw, 80px\" \/><strong>Laura Rice<\/strong>\u00a0est titulaire d'une ma\u00eetrise en \u00e9tudes am\u00e9ricaines de l'universit\u00e9 de Pennsylvanie. Elle a \u00e9t\u00e9 conservatrice des estampes et des photographies \u00e0 la Maryland Historical Society, conservatrice du Clymer Museum of Art, \u00e9ducatrice \u00e0 la Kent Delord House, et travaille depuis 2003 \u00e0 l'Adirondack Experience, o\u00f9 elle est conservatrice en chef.<\/p>\n<\/div><\/section><br \/>\n<div  style='height:30px' class='hr hr-invisible    avia-builder-el-33  el_after_av_textblock  el_before_av_button' ><span class='hr-inner' ><span class='hr-inner-style'><\/span><\/span><\/div><br \/>\n<div  class='avia-button-wrap avia-button-left    avia-builder-el-34  el_after_av_hr  avia-builder-el-last'  ><a href='https:\/\/www.youtube.com\/watch?v=utO9A062OY8'  class='avia-button   avia-icon_select-no avia-color-border avia-size-medium avia-position-left'   ><span class='avia_iconbox_title' >Regardez l'enregistrement<\/span><\/a><\/div><\/p><\/div><\/div><\/div><!--close column table wrapper. Autoclose: 1 --><div   class='hr hr-default    avia-builder-el-35  el_after_av_two_third  el_before_av_one_third' ><span class='hr-inner' ><span class='hr-inner-style'><\/span><\/span><\/div>\n<div   class='flex_column_table  ep-lazy-loaded   av-equal-height-column-flextable -flextable flex-column-table-7'  ><div  class=\"flex_column av_one_third  flex_column_table_cell av-equal-height-column av-align-top ep-lazy-loaded first  avia-builder-el-36  el_after_av_hr  el_before_av_two_third\" ><div class=\"flex-column-inner\"><div  class='avia-image-container  av-styling-      avia-builder-el-37  avia-builder-el-no-sibling  avia-align-center'  itemprop=\"image\" itemscope=\"itemscope\" itemtype=\"https:\/\/schema.org\/ImageObject\"   ><div class='avia-image-container-inner'><div class='avia-image-overlay-wrap'><img decoding=\"async\" fetchpriority=\"high\" class='wp-image-10830 avia-img-lazy-loading-not-10830 avia_image' src=\"https:\/\/www.theadkx.org\/wp-content\/uploads\/2023\/02\/Artists-Inspiration-2023-March.jpg\" alt='' title='Artistes et inspiration 2023 mars' height=\"646\" width=\"1500\"  itemprop=\"thumbnailUrl\" srcset=\"https:\/\/www.theadkx.org\/wp-content\/uploads\/2023\/02\/Artists-Inspiration-2023-March.jpg 1500w, https:\/\/www.theadkx.org\/wp-content\/uploads\/2023\/02\/Artists-Inspiration-2023-March-300x129.jpg 300w, https:\/\/www.theadkx.org\/wp-content\/uploads\/2023\/02\/Artists-Inspiration-2023-March-1030x444.jpg 1030w, https:\/\/www.theadkx.org\/wp-content\/uploads\/2023\/02\/Artists-Inspiration-2023-March-768x331.jpg 768w, https:\/\/www.theadkx.org\/wp-content\/uploads\/2023\/02\/Artists-Inspiration-2023-March-18x8.jpg 18w\" sizes=\"(max-width: 1500px) 100vw, 1500px\" \/><\/div><\/div><\/div><\/div><\/div><div class='av-flex-placeholder' ><\/div><div  class=\"flex_column av_two_third  flex_column_table_cell av-equal-height-column av-align-top ep-lazy-loaded   avia-builder-el-38  el_after_av_one_third  el_before_av_hr\" ><div class=\"flex-column-inner\"><p><div   class='av-special-heading av-special-heading-h3   blockquote modern-quote  avia-builder-el-39  el_before_av_textblock  avia-builder-el-first' ><h3 class='av-special-heading-tag'   itemprop=\"headline\"  >Harold Weston : La libert\u00e9 dans la nature<\/h3><div class ='av-subheading av-subheading_below' style='font-size:15px;'><p>Lundi 13 mars 2023 | 19h00<\/p>\n<\/div><div class='special-heading-border'><div class='special-heading-inner-border' ><\/div><\/div><\/div><br \/>\n<section class=\"av_textblock_section\"  itemscope=\"itemscope\" itemtype=\"https:\/\/schema.org\/CreativeWork\"  ><div class='avia_textblock'   itemprop=\"text\" ><p>Harold Weston, peintre moderniste et activiste social am\u00e9ricain, a \u00e9t\u00e9 surnomm\u00e9 le \u201cThoreau des Adirondacks\u201d et est connu pour ses vues expressionnistes des Adirondacks peintes en couches \u00e9paisses dans les ann\u00e9es 1920. Katie Wood Kirchhoff, conservatrice au Shelburne Museum, explorera les peintures et les journaux de Weston tout en examinant comment son art et sa pratique relient le monde naturel \u00e0 la libert\u00e9 illimit\u00e9e de l'esprit humain.<\/p>\n<\/div><\/section><br \/>\n<div   class='av-special-heading av-special-heading-h4   blockquote modern-quote  avia-builder-el-41  el_after_av_textblock  el_before_av_textblock' ><h4 class='av-special-heading-tag'   itemprop=\"headline\"  >\u00c0 propos de l'orateur<\/h4><div class='special-heading-border'><div class='special-heading-inner-border' ><\/div><\/div><\/div><br \/>\n<section class=\"av_textblock_section\"  itemscope=\"itemscope\" itemtype=\"https:\/\/schema.org\/CreativeWork\"  ><div class='avia_textblock'  style='font-size:18px; '  itemprop=\"text\" ><p><img loading=\"lazy\" decoding=\"async\" class=\"alignleft wp-image-10831 size-thumbnail\" src=\"https:\/\/www.theadkx.org\/wp-content\/uploads\/2023\/02\/Katie-Head-Shot-80x80.jpg\" alt=\"\" width=\"80\" height=\"80\" srcset=\"https:\/\/www.theadkx.org\/wp-content\/uploads\/2023\/02\/Katie-Head-Shot-80x80.jpg 80w, https:\/\/www.theadkx.org\/wp-content\/uploads\/2023\/02\/Katie-Head-Shot-12x12.jpg 12w, https:\/\/www.theadkx.org\/wp-content\/uploads\/2023\/02\/Katie-Head-Shot.jpg 250w\" sizes=\"auto, (max-width: 80px) 100vw, 80px\" \/>Katie Wood Kirchhoff est conservatrice des beaux-arts, des arts d\u00e9coratifs et des arts populaires am\u00e9ricains d'avant 1945 au Shelburne Museum. Mme Kirchhoff est titulaire d'une licence en histoire de l'art du Smith College, d'une ma\u00eetrise du programme de Winterthur sur la culture mat\u00e9rielle am\u00e9ricaine et d'un doctorat en histoire de l'art de l'universit\u00e9 du Delaware. Elle a occup\u00e9 des postes dans des institutions telles que l'American Philosophical Society, le Philadelphia Museum of Art, le Winterthur Museum and Country Estate et le Smithsonian American Art Museum, entre autres. Depuis son arriv\u00e9e \u00e0 Shelburne en 2016, Katie a effectu\u00e9 des recherches, r\u00e9dig\u00e9 des articles et cr\u00e9\u00e9 des expositions fond\u00e9es sur les vastes collections de culture mat\u00e9rielle am\u00e9ricaine de Shelburne, en mettant l'accent sur le mobilier, les textiles, les peintures et les \u0153uvres sur papier. Sa derni\u00e8re exposition et publication, Luigi Lucioni : Modern Light, examine le travail du moderniste italo-am\u00e9ricain du XXe si\u00e8cle Luigi Lucioni.<\/p>\n<\/div><\/section><br \/>\n<div  style='height:30px' class='hr hr-invisible    avia-builder-el-43  el_after_av_textblock  el_before_av_button' ><span class='hr-inner' ><span class='hr-inner-style'><\/span><\/span><\/div><br \/>\n<div  class='avia-button-wrap avia-button-left    avia-builder-el-44  el_after_av_hr  avia-builder-el-last'  ><a href='https:\/\/www.youtube.com\/watch?v=BPC4UZUt2Hs'  class='avia-button   avia-icon_select-no avia-color-border avia-size-medium avia-position-left'   ><span class='avia_iconbox_title' >Regardez l'enregistrement<\/span><\/a><\/div><\/p><\/div><\/div><\/div><!--close column table wrapper. Autoclose: 1 --><div   class='hr hr-default    avia-builder-el-45  el_after_av_two_third  el_before_av_one_third' ><span class='hr-inner' ><span class='hr-inner-style'><\/span><\/span><\/div>\n<div   class='flex_column_table  ep-lazy-loaded   av-equal-height-column-flextable -flextable flex-column-table-8'  ><div  class=\"flex_column av_one_third  flex_column_table_cell av-equal-height-column av-align-top ep-lazy-loaded first  avia-builder-el-46  el_after_av_hr  el_before_av_two_third\" ><div class=\"flex-column-inner\"><div  class='avia-image-container  av-styling-      avia-builder-el-47  avia-builder-el-no-sibling  avia-align-center'  itemprop=\"image\" itemscope=\"itemscope\" itemtype=\"https:\/\/schema.org\/ImageObject\"   ><div class='avia-image-container-inner'><div class='avia-image-overlay-wrap'><img decoding=\"async\" fetchpriority=\"high\" class='wp-image-10769 avia-img-lazy-loading-not-10769 avia_image' src=\"https:\/\/www.theadkx.org\/wp-content\/uploads\/2023\/01\/February-AI.jpg\" alt='' title='F\u00e9vrier A+I' height=\"607\" width=\"1080\"  itemprop=\"thumbnailUrl\" srcset=\"https:\/\/www.theadkx.org\/wp-content\/uploads\/2023\/01\/February-AI.jpg 1080w, https:\/\/www.theadkx.org\/wp-content\/uploads\/2023\/01\/February-AI-300x169.jpg 300w, https:\/\/www.theadkx.org\/wp-content\/uploads\/2023\/01\/February-AI-1030x579.jpg 1030w, https:\/\/www.theadkx.org\/wp-content\/uploads\/2023\/01\/February-AI-768x432.jpg 768w, https:\/\/www.theadkx.org\/wp-content\/uploads\/2023\/01\/February-AI-18x10.jpg 18w\" sizes=\"(max-width: 1080px) 100vw, 1080px\" \/><\/div><\/div><\/div><\/div><\/div><div class='av-flex-placeholder' ><\/div><div  class=\"flex_column av_two_third  flex_column_table_cell av-equal-height-column av-align-top ep-lazy-loaded   avia-builder-el-48  el_after_av_one_third  el_before_av_hr\" ><div class=\"flex-column-inner\"><p><div   class='av-special-heading av-special-heading-h3   blockquote modern-quote  avia-builder-el-49  el_before_av_textblock  avia-builder-el-first' ><h3 class='av-special-heading-tag'   itemprop=\"headline\"  >Une place pour s'asseoir (ou pas) - Une expression de style<\/h3><div class ='av-subheading av-subheading_below' style='font-size:15px;'><p>Lundi 27 f\u00e9vrier 2023 | 19h00<\/p>\n<\/div><div class='special-heading-border'><div class='special-heading-inner-border' ><\/div><\/div><\/div><br \/>\n<section class=\"av_textblock_section\"  itemscope=\"itemscope\" itemtype=\"https:\/\/schema.org\/CreativeWork\"  ><div class='avia_textblock'   itemprop=\"text\" ><p>La chaise Adirondack n'a pas son pareil pour repr\u00e9senter la r\u00e9gion dans le monde au-del\u00e0 de la ligne bleue. Trois artistes - Tim Fortune, Barry Lobdell et Jonathan Sweet - ont tous cr\u00e9\u00e9 des \u0153uvres uniques inspir\u00e9es par ce meuble embl\u00e9matique. Pourtant, en tant qu'artistes actifs, Fortune, Lobdell et Sweet travaillent sur des supports totalement diff\u00e9rents et adoptent des styles tr\u00e8s diff\u00e9rents. Rejoignez-nous confortablement install\u00e9 dans votre fauteuil pour une exploration du travail et de la cr\u00e9ativit\u00e9 de ces trois artistes.<\/p>\n<\/div><\/section><br \/>\n<div   class='av-special-heading av-special-heading-h4   blockquote modern-quote  avia-builder-el-51  el_after_av_textblock  el_before_av_textblock' ><h4 class='av-special-heading-tag'   itemprop=\"headline\"  >A propos des orateurs<\/h4><div class='special-heading-border'><div class='special-heading-inner-border' ><\/div><\/div><\/div><br \/>\n<section class=\"av_textblock_section\"  itemscope=\"itemscope\" itemtype=\"https:\/\/schema.org\/CreativeWork\"  ><div class='avia_textblock'  style='font-size:18px; '  itemprop=\"text\" ><p><img loading=\"lazy\" decoding=\"async\" class=\"alignleft wp-image-10771 size-thumbnail\" src=\"https:\/\/www.theadkx.org\/wp-content\/uploads\/2023\/01\/Timothy-Fortune-80x80.jpg\" alt=\"\" width=\"80\" height=\"80\" srcset=\"https:\/\/www.theadkx.org\/wp-content\/uploads\/2023\/01\/Timothy-Fortune-80x80.jpg 80w, https:\/\/www.theadkx.org\/wp-content\/uploads\/2023\/01\/Timothy-Fortune-12x12.jpg 12w, https:\/\/www.theadkx.org\/wp-content\/uploads\/2023\/01\/Timothy-Fortune.jpg 250w\" sizes=\"auto, (max-width: 80px) 100vw, 80px\" \/>Le travail de Timothy Fortune est impr\u00e9gn\u00e9 de l'exp\u00e9rience qu'il a acquise en grandissant dans les Adirondacks. Il a obtenu une licence et une ma\u00eetrise en art en \u00e9tudiant en Italie, \u00e0 Philadelphie et \u00e0 New York.  Apr\u00e8s avoir d\u00e9m\u00e9nag\u00e9 dans le sud de la Floride, il a ouvert un studio et une galerie et a enseign\u00e9 l'art pendant 16 ans.  De retour \u00e0 Saranac Lake, sa ville natale, en 1988, il a ouvert The Small Fortune Studio and Gallery sur Main Street, o\u00f9 il peint des images intimes des Adirondacks \u00e0 l'aquarelle et \u00e0 l'huile, et continue d'encourager la communaut\u00e9 artistique dynamique du village.<\/p>\n<p><img loading=\"lazy\" decoding=\"async\" class=\"alignleft wp-image-10772 size-thumbnail\" src=\"https:\/\/www.theadkx.org\/wp-content\/uploads\/2023\/01\/Barry-Lobdell-80x80.jpg\" alt=\"\" width=\"80\" height=\"80\" srcset=\"https:\/\/www.theadkx.org\/wp-content\/uploads\/2023\/01\/Barry-Lobdell-80x80.jpg 80w, https:\/\/www.theadkx.org\/wp-content\/uploads\/2023\/01\/Barry-Lobdell-12x12.jpg 12w, https:\/\/www.theadkx.org\/wp-content\/uploads\/2023\/01\/Barry-Lobdell.jpg 250w\" sizes=\"auto, (max-width: 80px) 100vw, 80px\" \/>Barry Lobdell vit \u00e0 Saranac Lake, o\u00f9 il est membre de longue date de l'Adirondack Artists Guild. Ses \u0153uvres y sont toujours expos\u00e9es et participent r\u00e9guli\u00e8rement \u00e0 de nombreux concours dans la r\u00e9gion. Il a \u00e9t\u00e9 le premier laur\u00e9at du prix du programme Barbara Johnson Parnass Art in Public Spaces \u00e0 Saranac Lake en 2003. La m\u00eame ann\u00e9e, il a remport\u00e9 le prix Best in Show\/Purchase dans le cadre du North Country Regional Juried Art Show \u00e0 la Gibson Gallery de Potsdam, dans l'\u00c9tat de New York. Il a remport\u00e9 le premier prix de photographie lors de l'Adirondack Life Juried Exhibition 2010 au Lake Placid Center for the Arts, un concours dans lequel il avait remport\u00e9 le deuxi\u00e8me prix en 2003 et le prix Best in Show en 1997. Il a remport\u00e9 le prix Best in Show lors de l'exposition jur\u00e9e de la Northwind Fine Arts Gallery en 2014.<\/p>\n<p><img loading=\"lazy\" decoding=\"async\" class=\"alignleft wp-image-10770 size-thumbnail\" src=\"https:\/\/www.theadkx.org\/wp-content\/uploads\/2023\/01\/Jonathan-Sweet-80x80.jpg\" alt=\"\" width=\"80\" height=\"80\" srcset=\"https:\/\/www.theadkx.org\/wp-content\/uploads\/2023\/01\/Jonathan-Sweet-80x80.jpg 80w, https:\/\/www.theadkx.org\/wp-content\/uploads\/2023\/01\/Jonathan-Sweet-12x12.jpg 12w, https:\/\/www.theadkx.org\/wp-content\/uploads\/2023\/01\/Jonathan-Sweet.jpg 250w\" sizes=\"auto, (max-width: 80px) 100vw, 80px\" \/>Jonathan Sweet est un artiste am\u00e9ricain de l'ameublement contemporain. Ayant grandi dans les contreforts des montagnes Adirondack, il est inspir\u00e9 par les for\u00eats qui l'entourent. Il se passionne pour la cr\u00e9ation de meubles et d'int\u00e9rieurs en bois personnalis\u00e9s et uniques en leur genre. Il aime \u00e9tudier les \u00e9chelles et les proportions qui sont agr\u00e9ables \u00e0 l'\u0153il. Il invite l'observateur \u00e0 r\u00eaver ou \u00e0 provoquer une conversation int\u00e9ressante. Sweet cr\u00e9e l'excitation et attire l'attention sur son style unique !<\/p>\n<\/div><\/section><br \/>\n<div  style='height:30px' class='hr hr-invisible    avia-builder-el-53  el_after_av_textblock  el_before_av_button' ><span class='hr-inner' ><span class='hr-inner-style'><\/span><\/span><\/div><br \/>\n<div  class='avia-button-wrap avia-button-left    avia-builder-el-54  el_after_av_hr  avia-builder-el-last'  ><a href='https:\/\/www.youtube.com\/watch?v=OIL4Pn93rgw'  class='avia-button   avia-icon_select-no avia-color-border avia-size-medium avia-position-left'   ><span class='avia_iconbox_title' >Regardez l'enregistrement<\/span><\/a><\/div><\/p><\/div><\/div><\/div><!--close column table wrapper. Autoclose: 1 --><div   class='hr hr-default    avia-builder-el-55  el_after_av_two_third  el_before_av_one_third' ><span class='hr-inner' ><span class='hr-inner-style'><\/span><\/span><\/div>\n<div   class='flex_column_table  ep-lazy-loaded   av-equal-height-column-flextable -flextable flex-column-table-9'  ><div  class=\"flex_column av_one_third  flex_column_table_cell av-equal-height-column av-align-top ep-lazy-loaded first  avia-builder-el-56  el_after_av_hr  el_before_av_two_third\" ><div class=\"flex-column-inner\"><div  class='avia-image-container  av-styling-      avia-builder-el-57  avia-builder-el-no-sibling  avia-align-center'  itemprop=\"image\" itemscope=\"itemscope\" itemtype=\"https:\/\/schema.org\/ImageObject\"   ><div class='avia-image-container-inner'><div class='avia-image-overlay-wrap'><img decoding=\"async\" fetchpriority=\"high\" class='wp-image-10528 avia-img-lazy-loading-not-10528 avia_image' src=\"https:\/\/www.theadkx.org\/wp-content\/uploads\/2022\/12\/Jan-23-AI-Website.jpg\" alt='' title='23 janvier Site Internet A+I' height=\"607\" width=\"1080\"  itemprop=\"thumbnailUrl\" srcset=\"https:\/\/www.theadkx.org\/wp-content\/uploads\/2022\/12\/Jan-23-AI-Website.jpg 1080w, https:\/\/www.theadkx.org\/wp-content\/uploads\/2022\/12\/Jan-23-AI-Website-300x169.jpg 300w, https:\/\/www.theadkx.org\/wp-content\/uploads\/2022\/12\/Jan-23-AI-Website-1030x579.jpg 1030w, https:\/\/www.theadkx.org\/wp-content\/uploads\/2022\/12\/Jan-23-AI-Website-768x432.jpg 768w, https:\/\/www.theadkx.org\/wp-content\/uploads\/2022\/12\/Jan-23-AI-Website-18x10.jpg 18w\" sizes=\"(max-width: 1080px) 100vw, 1080px\" \/><\/div><\/div><\/div><\/div><\/div><div class='av-flex-placeholder' ><\/div><div  class=\"flex_column av_two_third  flex_column_table_cell av-equal-height-column av-align-top ep-lazy-loaded   avia-builder-el-58  el_after_av_one_third  el_before_av_hr\" ><div class=\"flex-column-inner\"><p><div   class='av-special-heading av-special-heading-h3   blockquote modern-quote  avia-builder-el-59  el_before_av_textblock  avia-builder-el-first' ><h3 class='av-special-heading-tag'   itemprop=\"headline\"  >Les arts populaires autour de nous<\/h3><div class ='av-subheading av-subheading_below' style='font-size:15px;'><p>Lundi 23 janvier 2023 | 19h00<\/p>\n<\/div><div class='special-heading-border'><div class='special-heading-inner-border' ><\/div><\/div><\/div><br \/>\n<section class=\"av_textblock_section\"  itemscope=\"itemscope\" itemtype=\"https:\/\/schema.org\/CreativeWork\"  ><div class='avia_textblock'   itemprop=\"text\" ><p>Rejoignez-nous pour une conversation avec le folkloriste Todd DeGarmo, directeur fondateur du Folklife Center \u00e0 la Crandall Public Library \u00e0 Glens Falls, NY. Ce programme prim\u00e9, qui f\u00eatera ses 30 ans en 2023, est connu pour ses collections de recherche, ses expositions en galerie et sa programmation publique innovante. M. DeGarmo donnera un aper\u00e7u des collections du Folklife Center et explorera l'importance de la culture mat\u00e9rielle d'ADKX, notamment les paniers, les raquettes, l'art des champignons, les leurres et les mouches de p\u00eache, ainsi que les courtepointes.<\/p>\n<\/div><\/section><br \/>\n<div   class='av-special-heading av-special-heading-h4   blockquote modern-quote  avia-builder-el-61  el_after_av_textblock  el_before_av_textblock' ><h4 class='av-special-heading-tag'   itemprop=\"headline\"  >\u00c0 propos de l'orateur<\/h4><div class='special-heading-border'><div class='special-heading-inner-border' ><\/div><\/div><\/div><br \/>\n<section class=\"av_textblock_section\"  itemscope=\"itemscope\" itemtype=\"https:\/\/schema.org\/CreativeWork\"  ><div class='avia_textblock'  style='font-size:18px; '  itemprop=\"text\" ><p><img loading=\"lazy\" decoding=\"async\" class=\"alignleft wp-image-10521 size-thumbnail\" src=\"https:\/\/www.theadkx.org\/wp-content\/uploads\/2022\/12\/DeGarmo-80x80.jpg\" alt=\"\" width=\"80\" height=\"80\" srcset=\"https:\/\/www.theadkx.org\/wp-content\/uploads\/2022\/12\/DeGarmo-80x80.jpg 80w, https:\/\/www.theadkx.org\/wp-content\/uploads\/2022\/12\/DeGarmo-12x12.jpg 12w, https:\/\/www.theadkx.org\/wp-content\/uploads\/2022\/12\/DeGarmo.jpg 250w\" sizes=\"auto, (max-width: 80px) 100vw, 80px\" \/>Todd DeGarmo a fait ses premi\u00e8res armes professionnelles au Smithsonian's Festival of American Folklife au milieu des ann\u00e9es 1980 avant de retourner dans l'est de l'\u00c9tat de New York en tant que folkloriste dans le secteur public. Il a \u00e9t\u00e9 pr\u00e9sident du conseil d'administration de New York Folklore et, depuis dix ans, r\u00e9dacteur en chef de Voices : Journal of New York Folklore. Il a \u00e9t\u00e9 \u00e9valuateur de subventions pour le National Endowment for the Arts, le New York Council on the Arts et le Documentary Heritage and Preservation Services for New York. Il a enseign\u00e9 dans divers contextes, notamment dans l'entreprise Tokyo, les coll\u00e8ges Skidmore et Empire State, le Massachusetts Audubon et le BOCES Gifted and Talented. Todd est dipl\u00f4m\u00e9 de l'universit\u00e9 Colgate, a obtenu une ma\u00eetrise en anthropologie \u00e0 SUNY Albany et est titulaire d'un doctorat en \u00e9tudes am\u00e9ricaines avec une sp\u00e9cialisation en folklore \u00e0 l'universit\u00e9 George Washington.<\/p>\n<\/div><\/section><br \/>\n<div  style='height:30px' class='hr hr-invisible    avia-builder-el-63  el_after_av_textblock  el_before_av_button' ><span class='hr-inner' ><span class='hr-inner-style'><\/span><\/span><\/div><br \/>\n<div  class='avia-button-wrap avia-button-left    avia-builder-el-64  el_after_av_hr  avia-builder-el-last'  ><a href='https:\/\/www.youtube.com\/watch?v=C1f_539PS88'  class='avia-button   avia-icon_select-no avia-color-border avia-size-medium avia-position-left'   ><span class='avia_iconbox_title' >Regardez l'enregistrement<\/span><\/a><\/div><\/p><\/div><\/div><\/div><!--close column table wrapper. Autoclose: 1 --><div   class='hr hr-default    avia-builder-el-65  el_after_av_two_third  el_before_av_one_third' ><span class='hr-inner' ><span class='hr-inner-style'><\/span><\/span><\/div>\n<div   class='flex_column_table  ep-lazy-loaded   av-equal-height-column-flextable -flextable flex-column-table-10'  ><div  class=\"flex_column av_one_third  flex_column_table_cell av-equal-height-column av-align-top ep-lazy-loaded first  avia-builder-el-66  el_after_av_hr  el_before_av_two_third\" ><div class=\"flex-column-inner\"><div  class='avia-image-container  av-styling-      avia-builder-el-67  avia-builder-el-no-sibling  avia-align-center'  itemprop=\"image\" itemscope=\"itemscope\" itemtype=\"https:\/\/schema.org\/ImageObject\"   ><div class='avia-image-container-inner'><div class='avia-image-overlay-wrap'><img decoding=\"async\" fetchpriority=\"high\" class='wp-image-10401 avia-img-lazy-loading-not-10401 avia_image' src=\"https:\/\/www.theadkx.org\/wp-content\/uploads\/2022\/10\/Dec-12th-AI-Program.jpg\" alt='' title='12 d\u00e9cembre Programme A&amp;I' height=\"607\" width=\"1080\"  itemprop=\"thumbnailUrl\" srcset=\"https:\/\/www.theadkx.org\/wp-content\/uploads\/2022\/10\/Dec-12th-AI-Program.jpg 1080w, https:\/\/www.theadkx.org\/wp-content\/uploads\/2022\/10\/Dec-12th-AI-Program-300x169.jpg 300w, https:\/\/www.theadkx.org\/wp-content\/uploads\/2022\/10\/Dec-12th-AI-Program-1030x579.jpg 1030w, https:\/\/www.theadkx.org\/wp-content\/uploads\/2022\/10\/Dec-12th-AI-Program-768x432.jpg 768w, https:\/\/www.theadkx.org\/wp-content\/uploads\/2022\/10\/Dec-12th-AI-Program-18x10.jpg 18w\" sizes=\"(max-width: 1080px) 100vw, 1080px\" \/><\/div><\/div><\/div><\/div><\/div><div class='av-flex-placeholder' ><\/div><div  class=\"flex_column av_two_third  flex_column_table_cell av-equal-height-column av-align-top ep-lazy-loaded   avia-builder-el-68  el_after_av_one_third  el_before_av_hr\" ><div class=\"flex-column-inner\"><p><div   class='av-special-heading av-special-heading-h3   blockquote modern-quote  avia-builder-el-69  el_before_av_textblock  avia-builder-el-first' ><h3 class='av-special-heading-tag'   itemprop=\"headline\"  >Prendre la temp\u00e9rature des arts dans les Adirondacks<\/h3><div class ='av-subheading av-subheading_below' style='font-size:15px;'><p>Lundi 12 d\u00e9cembre 2022 | 19h00<\/p>\n<\/div><div class='special-heading-border'><div class='special-heading-inner-border' ><\/div><\/div><\/div><br \/>\n<section class=\"av_textblock_section\"  itemscope=\"itemscope\" itemtype=\"https:\/\/schema.org\/CreativeWork\"  ><div class='avia_textblock'   itemprop=\"text\" ><p>Les Adirondacks sont depuis longtemps un terrain fertile pour la cr\u00e9ativit\u00e9 dans toutes les disciplines artistiques. Des peintres aux \u00e9crivains en passant par les danseurs, la r\u00e9gion s'\u00e9panouit gr\u00e2ce \u00e0 une productivit\u00e9 intense et \u00e0 des collaborations cr\u00e9atives et r\u00e9fl\u00e9chies. Dans le m\u00eame temps, les artistes et les organisations qui diffusent leurs \u0153uvres dans la sph\u00e8re publique doivent faire face aux effets durables de la pand\u00e9mie, \u00e0 l'\u00e9volution du climat social, politique et environnemental, ainsi qu'\u00e0 l'incertitude \u00e9conomique persistante. Au cours de cette discussion anim\u00e9e, des artistes et des dirigeants d'organisations artistiques se r\u00e9uniront pour discuter des arts dans la r\u00e9gion aujourd'hui.<\/p>\n<\/div><\/section><br \/>\n<div   class='av-special-heading av-special-heading-h4   blockquote modern-quote  avia-builder-el-71  el_after_av_textblock  el_before_av_textblock' ><h4 class='av-special-heading-tag'   itemprop=\"headline\"  >Orateurs du programme<\/h4><div class='special-heading-border'><div class='special-heading-inner-border' ><\/div><\/div><\/div><br \/>\n<section class=\"av_textblock_section\"  itemscope=\"itemscope\" itemtype=\"https:\/\/schema.org\/CreativeWork\"  ><div class='avia_textblock'  style='font-size:18px; '  itemprop=\"text\" ><p>George Cordes (Adirondack Lakes Center for the Arts)<\/p>\n<p>Ed Donnelly (Tupper Arts)<\/p>\n<p>Tiffany Rea-Fisher (EMERGE125)<\/p>\n<p>Tony Kostecki (Festival de Seagle)<\/p>\n<p>James Lemons (Lake Placid Center for the Arts)<\/p>\n<p>Nathalie Thill (Centre d'\u00e9criture d'Adirondack)<\/p>\n<p>Catherine Underhill (View Arts)<\/p>\n<p>Mod\u00e9rateur : Mitch Teich (North Country Public Radio)<\/p>\n<\/div><\/section><br \/>\n<div  style='height:30px' class='hr hr-invisible    avia-builder-el-73  el_after_av_textblock  el_before_av_button' ><span class='hr-inner' ><span class='hr-inner-style'><\/span><\/span><\/div><br \/>\n<div  class='avia-button-wrap avia-button-left    avia-builder-el-74  el_after_av_hr  avia-builder-el-last'  ><a href='https:\/\/www.youtube.com\/watch?v=2XvZTteS8Zw'  class='avia-button   avia-icon_select-no avia-color-border avia-size-medium avia-position-left'   ><span class='avia_iconbox_title' >Regardez l'enregistrement<\/span><\/a><\/div><\/p><\/div><\/div><\/div><!--close column table wrapper. Autoclose: 1 --><div   class='hr hr-default    avia-builder-el-75  el_after_av_two_third  el_before_av_one_third' ><span class='hr-inner' ><span class='hr-inner-style'><\/span><\/span><\/div>\n<div   class='flex_column_table  ep-lazy-loaded   av-equal-height-column-flextable -flextable flex-column-table-11'  ><div  class=\"flex_column av_one_third  flex_column_table_cell av-equal-height-column av-align-top ep-lazy-loaded first  avia-builder-el-76  el_after_av_hr  el_before_av_two_third\" ><div class=\"flex-column-inner\"><div  class='avia-image-container  av-styling-      avia-builder-el-77  avia-builder-el-no-sibling  avia-align-center'  itemprop=\"image\" itemscope=\"itemscope\" itemtype=\"https:\/\/schema.org\/ImageObject\"   ><div class='avia-image-container-inner'><div class='avia-image-overlay-wrap'><img decoding=\"async\" fetchpriority=\"high\" class='wp-image-10384 avia-img-lazy-loading-not-10384 avia_image' src=\"https:\/\/www.theadkx.org\/wp-content\/uploads\/2022\/10\/Nov-14-AI-Program.jpg\" alt='' title='14 nov. Programme A&amp;I' height=\"607\" width=\"1080\"  itemprop=\"thumbnailUrl\" srcset=\"https:\/\/www.theadkx.org\/wp-content\/uploads\/2022\/10\/Nov-14-AI-Program.jpg 1080w, https:\/\/www.theadkx.org\/wp-content\/uploads\/2022\/10\/Nov-14-AI-Program-300x169.jpg 300w, https:\/\/www.theadkx.org\/wp-content\/uploads\/2022\/10\/Nov-14-AI-Program-1030x579.jpg 1030w, https:\/\/www.theadkx.org\/wp-content\/uploads\/2022\/10\/Nov-14-AI-Program-768x432.jpg 768w, https:\/\/www.theadkx.org\/wp-content\/uploads\/2022\/10\/Nov-14-AI-Program-18x10.jpg 18w\" sizes=\"(max-width: 1080px) 100vw, 1080px\" \/><\/div><\/div><\/div><\/div><\/div><div class='av-flex-placeholder' ><\/div><div  class=\"flex_column av_two_third  flex_column_table_cell av-equal-height-column av-align-top ep-lazy-loaded   avia-builder-el-78  el_after_av_one_third  el_before_av_hr\" ><div class=\"flex-column-inner\"><p><div   class='av-special-heading av-special-heading-h3   blockquote modern-quote  avia-builder-el-79  el_before_av_textblock  avia-builder-el-first' ><h3 class='av-special-heading-tag'   itemprop=\"headline\"  >Un bon moment \u00e0 venir : A la d\u00e9couverte du monde sportif des Adirondacks<\/h3><div class ='av-subheading av-subheading_below' style='font-size:15px;'><p>Lundi 14 novembre 2022 | 19h00<\/p>\n<\/div><div class='special-heading-border'><div class='special-heading-inner-border' ><\/div><\/div><\/div><br \/>\n<section class=\"av_textblock_section\"  itemscope=\"itemscope\" itemtype=\"https:\/\/schema.org\/CreativeWork\"  ><div class='avia_textblock'   itemprop=\"text\" ><p>En 1862, Arthur Fitzwilliam Tait a peint A Good Time Coming, une composition de la cabane de p\u00eache et de tir du peintre \u00e0 Constable Point, sur le lac Raquette. Cette peinture d\u00e9sormais embl\u00e9matique a \u00e9t\u00e9 reproduite sous forme de chromolithographie color\u00e9e par le graveur Currier &amp; Ives et a depuis captiv\u00e9 l'imagination de g\u00e9n\u00e9rations d'amateurs de sport et d'artistes. Le tableau reste l'une des pi\u00e8ces ma\u00eetresses de la collection d'\u0153uvres d'art de l'Adirondack Experience. Rejoignez Claudia Pfeiffer qui examinera les \u0153uvres de Tait et d'autres peintres sportifs des XIXe et XXe si\u00e8cles dans la collection de l'Adirondack Experience. Des artistes tels que Frederic Sackrider Remington, Philip Russell Goodwin et Frederick Rondel ont captur\u00e9 des paysages pittoresques, un sport abondant et un passe-temps am\u00e9ricain qui r\u00e9sonne encore aujourd'hui chez les chasseurs et les p\u00eacheurs.<\/p>\n<\/div><\/section><br \/>\n<div   class='av-special-heading av-special-heading-h4   blockquote modern-quote  avia-builder-el-81  el_after_av_textblock  el_before_av_textblock' ><h4 class='av-special-heading-tag'   itemprop=\"headline\"  >\u00c0 propos de l'orateur<\/h4><div class='special-heading-border'><div class='special-heading-inner-border' ><\/div><\/div><\/div><br \/>\n<section class=\"av_textblock_section\"  itemscope=\"itemscope\" itemtype=\"https:\/\/schema.org\/CreativeWork\"  ><div class='avia_textblock'  style='font-size:18px; '  itemprop=\"text\" ><p><img loading=\"lazy\" decoding=\"async\" class=\"wp-image-10381 size-thumbnail alignleft\" src=\"https:\/\/www.theadkx.org\/wp-content\/uploads\/2022\/10\/Claudia-80x80.jpg\" alt=\"\" width=\"80\" height=\"80\" srcset=\"https:\/\/www.theadkx.org\/wp-content\/uploads\/2022\/10\/Claudia-80x80.jpg 80w, https:\/\/www.theadkx.org\/wp-content\/uploads\/2022\/10\/Claudia-12x12.jpg 12w, https:\/\/www.theadkx.org\/wp-content\/uploads\/2022\/10\/Claudia.jpg 250w\" sizes=\"auto, (max-width: 80px) 100vw, 80px\" \/>Claudia Pfeiffer travaille au National Sporting Library &amp; Museum (NSLM), \u00e0 Middleburg, en Virginie, depuis que son poste a \u00e9t\u00e9 financ\u00e9 par la George L. Ohrstrom, Jr. Foundation en 2012. Outre son r\u00f4le administratif de directrice adjointe, elle se consacre principalement \u00e0 la recherche, \u00e0 la conception, \u00e0 l'interpr\u00e9tation, \u00e0 la r\u00e9daction et \u00e0 l'installation d'expositions de pr\u00eats et de collections permanentes pour le mus\u00e9e des beaux-arts. Mme Pfeiffer a assur\u00e9 le commissariat de plus de 30 expositions au NSLM ; ses projets comprennent Munnings Out in the Open : Les \u0153uvres en plein air d'Alfred Munnings (anglais, 1878 - 1959), Clarice Smith : Power &amp; Grace, The Chronicle of the Horse in Art, et Sidesaddle, 1690-1935. En 2020, son essai \u201cEllen Emmet Rand : Artist and Equestrian\u201d dans le livre Ellen Emmet Rand : Gender Art and Business, a \u00e9t\u00e9 publi\u00e9 par Bloomsbury Academic.<\/p>\n<\/div><\/section><br \/>\n<div  style='height:30px' class='hr hr-invisible    avia-builder-el-83  el_after_av_textblock  el_before_av_button' ><span class='hr-inner' ><span class='hr-inner-style'><\/span><\/span><\/div><br \/>\n<div  class='avia-button-wrap avia-button-left    avia-builder-el-84  el_after_av_hr  avia-builder-el-last'  ><a href='https:\/\/www.youtube.com\/watch?v=-GCrJxyzO6A'  class='avia-button   avia-icon_select-no avia-color-border avia-size-medium avia-position-left'   ><span class='avia_iconbox_title' >Regardez l'enregistrement<\/span><\/a><\/div><\/p><\/div><\/div><\/div><!--close column table wrapper. Autoclose: 1 --><div   class='hr hr-default    avia-builder-el-85  el_after_av_two_third  el_before_av_one_third' ><span class='hr-inner' ><span class='hr-inner-style'><\/span><\/span><\/div>\n<div   class='flex_column_table  ep-lazy-loaded   av-equal-height-column-flextable -flextable flex-column-table-12'  ><div  class=\"flex_column av_one_third  flex_column_table_cell av-equal-height-column av-align-top ep-lazy-loaded first  avia-builder-el-86  el_after_av_hr  el_before_av_two_third\" ><div class=\"flex-column-inner\"><div  class='avia-image-container  av-styling-      avia-builder-el-87  avia-builder-el-no-sibling  avia-align-center'  itemprop=\"image\" itemscope=\"itemscope\" itemtype=\"https:\/\/schema.org\/ImageObject\"   ><div class='avia-image-container-inner'><div class='avia-image-overlay-wrap'><img decoding=\"async\" fetchpriority=\"high\" class='wp-image-10012 avia-img-lazy-loading-not-10012 avia_image' src=\"https:\/\/www.theadkx.org\/wp-content\/uploads\/2022\/08\/ADKX-Architecture.jpg\" alt='' title='Architecture ADKX' height=\"607\" width=\"1080\"  itemprop=\"thumbnailUrl\" srcset=\"https:\/\/www.theadkx.org\/wp-content\/uploads\/2022\/08\/ADKX-Architecture.jpg 1080w, https:\/\/www.theadkx.org\/wp-content\/uploads\/2022\/08\/ADKX-Architecture-300x169.jpg 300w, https:\/\/www.theadkx.org\/wp-content\/uploads\/2022\/08\/ADKX-Architecture-1030x579.jpg 1030w, https:\/\/www.theadkx.org\/wp-content\/uploads\/2022\/08\/ADKX-Architecture-768x432.jpg 768w, https:\/\/www.theadkx.org\/wp-content\/uploads\/2022\/08\/ADKX-Architecture-18x10.jpg 18w\" sizes=\"(max-width: 1080px) 100vw, 1080px\" \/><\/div><\/div><\/div><\/div><\/div><div class='av-flex-placeholder' ><\/div><div  class=\"flex_column av_two_third  flex_column_table_cell av-equal-height-column av-align-top ep-lazy-loaded   avia-builder-el-88  el_after_av_one_third  el_before_av_hr\" ><div class=\"flex-column-inner\"><p><div   class='av-special-heading av-special-heading-h3   blockquote modern-quote  avia-builder-el-89  el_before_av_textblock  avia-builder-el-first' ><h3 class='av-special-heading-tag'   itemprop=\"headline\"  >Architecture des Adirondacks<\/h3><div class ='av-subheading av-subheading_below' style='font-size:15px;'><p>Lundi 24 octobre 2022 | 19h00<\/p>\n<\/div><div class='special-heading-border'><div class='special-heading-inner-border' ><\/div><\/div><\/div><br \/>\n<section class=\"av_textblock_section\"  itemscope=\"itemscope\" itemtype=\"https:\/\/schema.org\/CreativeWork\"  ><div class='avia_textblock'   itemprop=\"text\" ><p>Pour reprendre les termes de feu Harvey Kaiser, auteur de Great Camps of the Adirondacks : \u201cIl est possible d'affirmer que l'architecture des Adirondacks, en particulier telle qu'elle a \u00e9t\u00e9 formul\u00e9e dans l'\u00e9volution des grands camps, constitue un style distinct, le style rustique des Adirondacks. Au cours d'une table ronde anim\u00e9e par Jim Bodnar (anciennement directeur de Skidmore, Owings &amp; Merrill), trois architectes expliqueront comment la conception des b\u00e2timents historiques des Adirondacks a influenc\u00e9 leur travail dans la r\u00e9gion aujourd'hui. Les pan\u00e9listes pr\u00e9senteront des projets r\u00e9cents et des concepts de design, ainsi que des b\u00e2timents du pass\u00e9 dont ils se sont inspir\u00e9s.<\/p>\n<\/div><\/section><br \/>\n<div   class='av-special-heading av-special-heading-h4   blockquote modern-quote  avia-builder-el-91  el_after_av_textblock  el_before_av_textblock' ><h4 class='av-special-heading-tag'   itemprop=\"headline\"  >A propos des orateurs<\/h4><div class='special-heading-border'><div class='special-heading-inner-border' ><\/div><\/div><\/div><br \/>\n<section class=\"av_textblock_section\"  itemscope=\"itemscope\" itemtype=\"https:\/\/schema.org\/CreativeWork\"  ><div class='avia_textblock'  style='font-size:18px; '  itemprop=\"text\" ><p><img loading=\"lazy\" decoding=\"async\" class=\"wp-image-10010 size-thumbnail alignleft\" src=\"https:\/\/www.theadkx.org\/wp-content\/uploads\/2022\/08\/Bodnar-80x80.jpg\" alt=\"\" width=\"80\" height=\"80\" srcset=\"https:\/\/www.theadkx.org\/wp-content\/uploads\/2022\/08\/Bodnar-80x80.jpg 80w, https:\/\/www.theadkx.org\/wp-content\/uploads\/2022\/08\/Bodnar-12x12.jpg 12w, https:\/\/www.theadkx.org\/wp-content\/uploads\/2022\/08\/Bodnar.jpg 250w\" sizes=\"auto, (max-width: 80px) 100vw, 80px\" \/>James L. Bodnar et son \u00e9pouse Anne, vice-pr\u00e9sidente du conseil d'administration d'ADKX, passent leurs \u00e9t\u00e9s \u00e0 Bartlett Carry, sur le lac Upper Saranac, depuis 40 ans. Jim est un architecte qui a travaill\u00e9 avec Skidmore, Owings and Merrill pendant 17 ans \u00e0 Washington, New York et Londres avant de cr\u00e9er son propre cabinet il y a 32 ans. Il a si\u00e9g\u00e9 au conseil d'administration de l'American Academy in Rome, dont il a \u00e9t\u00e9 membre et pr\u00e9sident de l'association des anciens \u00e9l\u00e8ves. Jim a \u00e9t\u00e9 pr\u00e9sident du Sculpture Center \u00e0 New York et si\u00e8ge actuellement au conseil d'administration de la Upper Saranac Foundation.<\/p>\n<p><img loading=\"lazy\" decoding=\"async\" class=\"wp-image-10009 size-thumbnail alignleft\" src=\"https:\/\/www.theadkx.org\/wp-content\/uploads\/2022\/08\/Luderowski-80x80.jpg\" alt=\"\" width=\"80\" height=\"80\" srcset=\"https:\/\/www.theadkx.org\/wp-content\/uploads\/2022\/08\/Luderowski-80x80.jpg 80w, https:\/\/www.theadkx.org\/wp-content\/uploads\/2022\/08\/Luderowski-12x12.jpg 12w, https:\/\/www.theadkx.org\/wp-content\/uploads\/2022\/08\/Luderowski.jpg 250w\" sizes=\"auto, (max-width: 80px) 100vw, 80px\" \/>Nils Luderowski a pass\u00e9 ses ann\u00e9es de formation \u00e0 Stockholm, en Su\u00e8de, o\u00f9 il a \u00e9tudi\u00e9 les math\u00e9matiques, l'architecture d'int\u00e9rieur et le design de meubles. Il a entrepris son \u00e9ducation formelle au Pratt Institute of Art &amp; Design \u00e0 Brooklyn, NY, o\u00f9 il a incorpor\u00e9 des mouvements am\u00e9ricains tels que les styles Craftsman et Prairie dans son esth\u00e9tique en d\u00e9veloppement. Nils a dirig\u00e9 un studio de design \u00e0 New York et a enseign\u00e9 \u00e0 la Parsons School of Design. Au milieu des ann\u00e9es 1990, il s'est install\u00e9 \u00e0 Keene o\u00f9 il vit avec sa famille. Son travail se retrouve dans les nombreux lacs, rivi\u00e8res et montagnes des Adirondacks. Nils est un architecte agr\u00e9\u00e9 dans l'\u00c9tat de New York et membre de l'American Institute of Architects (AIA).<\/p>\n<p><img loading=\"lazy\" decoding=\"async\" class=\"wp-image-10008 size-thumbnail alignleft\" src=\"https:\/\/www.theadkx.org\/wp-content\/uploads\/2022\/08\/Bird-80x80.jpg\" alt=\"\" width=\"80\" height=\"80\" srcset=\"https:\/\/www.theadkx.org\/wp-content\/uploads\/2022\/08\/Bird-80x80.jpg 80w, https:\/\/www.theadkx.org\/wp-content\/uploads\/2022\/08\/Bird-12x12.jpg 12w, https:\/\/www.theadkx.org\/wp-content\/uploads\/2022\/08\/Bird.jpg 250w\" sizes=\"auto, (max-width: 80px) 100vw, 80px\" \/>Michael Bird a cr\u00e9\u00e9 Adirondack Design en 1984 dans le but de pr\u00e9server, d'am\u00e9liorer et de poursuivre la tradition de l'architecture de l'Adirondack, qui a d\u00e9but\u00e9 il y a plus d'un si\u00e8cle. Adirondack Design s'efforce de devenir l'autorit\u00e9 reconnue en mati\u00e8re de poursuite et de pr\u00e9servation de l'architecture des Adirondacks. Notre technologie est celle du si\u00e8cle prochain, notre ambiance est celle du pass\u00e9. L'exp\u00e9rience de Bird, qui a v\u00e9cu et poss\u00e9d\u00e9 un Great Camp et qui est intimement familier avec le style de vie, ainsi qu'avec l'entretien n\u00e9cessaire, a engendr\u00e9 une sensibilit\u00e9 unique dans ses m\u00e9thodes de conception et de construction.<\/p>\n<p><img loading=\"lazy\" decoding=\"async\" class=\"wp-image-10242 size-thumbnail alignleft\" src=\"https:\/\/www.theadkx.org\/wp-content\/uploads\/2022\/08\/Richard-Hanpeter-80x80.jpg\" alt=\"\" width=\"80\" height=\"80\" srcset=\"https:\/\/www.theadkx.org\/wp-content\/uploads\/2022\/08\/Richard-Hanpeter-80x80.jpg 80w, https:\/\/www.theadkx.org\/wp-content\/uploads\/2022\/08\/Richard-Hanpeter-12x12.jpg 12w, https:\/\/www.theadkx.org\/wp-content\/uploads\/2022\/08\/Richard-Hanpeter.jpg 250w\" sizes=\"auto, (max-width: 80px) 100vw, 80px\" \/>Richard Hanpeter a grandi dans le village de North Creek, dans les Adirondacks. Sa pratique repr\u00e9sente un continuum de trois g\u00e9n\u00e9rations consacr\u00e9es \u00e0 la conception de meubles de qualit\u00e9 et \u00e0 l'artisanat, puis \u00e0 la construction g\u00e9n\u00e9rale innovante et enfin \u00e0 la conception architecturale. Il travaille \u00e0 Saranac Lake depuis 1984, int\u00e9grant les styles historiques nombreux et vari\u00e9s de notre patrimoine des Adirondacks \u00e0 des formes plus contemporaines. Il a obtenu une licence en administration et une ma\u00eetrise en \u00e9tudes am\u00e9ricaines \u00e0 l'universit\u00e9 de Notre Dame, ainsi qu'un master en architecture \u00e0 l'universit\u00e9 de l'Illinois. Rich est membre de l'American Institute of Architects, de l'International Associate of the Royal Architectural Institute of Canada et de l'Architectural Engineering Institute of the American Society of Civil Engineers.<\/p>\n<\/div><\/section><br \/>\n<div  style='height:30px' class='hr hr-invisible    avia-builder-el-93  el_after_av_textblock  el_before_av_button' ><span class='hr-inner' ><span class='hr-inner-style'><\/span><\/span><\/div><br \/>\n<div  class='avia-button-wrap avia-button-left    avia-builder-el-94  el_after_av_hr  avia-builder-el-last'  ><a href='https:\/\/www.youtube.com\/watch?v=B9t1TquDnNk'  class='avia-button   avia-icon_select-no avia-color-border avia-size-medium avia-position-left'   ><span class='avia_iconbox_title' >Regardez l'enregistrement<\/span><\/a><\/div><\/p><\/div><\/div><\/div><!--close column table wrapper. Autoclose: 1 --><div   class='hr hr-default    avia-builder-el-95  el_after_av_two_third  el_before_av_one_third' ><span class='hr-inner' ><span class='hr-inner-style'><\/span><\/span><\/div>\n<div   class='flex_column_table  ep-lazy-loaded   av-equal-height-column-flextable -flextable flex-column-table-13'  ><div  class=\"flex_column av_one_third  flex_column_table_cell av-equal-height-column av-align-top ep-lazy-loaded first  avia-builder-el-96  el_after_av_hr  el_before_av_two_third\" ><div class=\"flex-column-inner\"><div  class='avia-image-container  av-styling-      avia-builder-el-97  avia-builder-el-no-sibling  avia-align-center'  itemprop=\"image\" itemscope=\"itemscope\" itemtype=\"https:\/\/schema.org\/ImageObject\"   ><div class='avia-image-container-inner'><div class='avia-image-overlay-wrap'><img decoding=\"async\" fetchpriority=\"high\" class='wp-image-9890 avia-img-lazy-loading-not-9890 avia_image' src=\"https:\/\/www.theadkx.org\/wp-content\/uploads\/2022\/07\/Henry-Fair-Event-Photo.jpg\" alt='' title='Photo de l&#039;\u00e9v\u00e9nement de la foire Henry' height=\"607\" width=\"1080\"  itemprop=\"thumbnailUrl\" srcset=\"https:\/\/www.theadkx.org\/wp-content\/uploads\/2022\/07\/Henry-Fair-Event-Photo.jpg 1080w, https:\/\/www.theadkx.org\/wp-content\/uploads\/2022\/07\/Henry-Fair-Event-Photo-300x169.jpg 300w, https:\/\/www.theadkx.org\/wp-content\/uploads\/2022\/07\/Henry-Fair-Event-Photo-1030x579.jpg 1030w, https:\/\/www.theadkx.org\/wp-content\/uploads\/2022\/07\/Henry-Fair-Event-Photo-768x432.jpg 768w, https:\/\/www.theadkx.org\/wp-content\/uploads\/2022\/07\/Henry-Fair-Event-Photo-18x10.jpg 18w\" sizes=\"(max-width: 1080px) 100vw, 1080px\" \/><\/div><\/div><\/div><\/div><\/div><div class='av-flex-placeholder' ><\/div><div  class=\"flex_column av_two_third  flex_column_table_cell av-equal-height-column av-align-top ep-lazy-loaded   avia-builder-el-98  el_after_av_one_third  el_before_av_hr\" ><div class=\"flex-column-inner\"><p><div   class='av-special-heading av-special-heading-h3   blockquote modern-quote  avia-builder-el-99  el_before_av_textblock  avia-builder-el-first' ><h3 class='av-special-heading-tag'   itemprop=\"headline\"  >Henry Fair : La nature, source d'inspiration pour l'art et la vie<\/h3><div class ='av-subheading av-subheading_below' style='font-size:15px;'><p>Lundi 12 septembre 2022 | 19h00<\/p>\n<\/div><div class='special-heading-border'><div class='special-heading-inner-border' ><\/div><\/div><\/div><br \/>\n<section class=\"av_textblock_section\"  itemscope=\"itemscope\" itemtype=\"https:\/\/schema.org\/CreativeWork\"  ><div class='avia_textblock'   itemprop=\"text\" ><p>Une conversation en soir\u00e9e avec le photographe J Henry Fair et le naturaliste Ed Kanze, anim\u00e9e par Mitch Teich de NCPR. L'exposition saisonni\u00e8re 2022 d'ADKX\u00a0<em>Paysage cicatriciel<\/em>\u00a0pr\u00e9sente les photographies a\u00e9riennes monumentales de Fair qui documentent l'impact de l'homme sur le paysage des Adirondacks ; les \u00e9crits d'Ed Kanze compl\u00e8tent les images. Ce programme tr\u00e8s visuel d\u00e9veloppera la narration de l'exposition et offrira un dialogue r\u00e9fl\u00e9chi entre le photographe et le naturaliste, qui parleront de leur travail et de ce que l'avenir r\u00e9serve \u00e0 la fragile beaut\u00e9 de la r\u00e9gion.<\/p>\n<\/div><\/section><br \/>\n<div   class='av-special-heading av-special-heading-h4   blockquote modern-quote  avia-builder-el-101  el_after_av_textblock  el_before_av_textblock' ><h4 class='av-special-heading-tag'   itemprop=\"headline\"  >A propos des orateurs<\/h4><div class='special-heading-border'><div class='special-heading-inner-border' ><\/div><\/div><\/div><br \/>\n<section class=\"av_textblock_section\"  itemscope=\"itemscope\" itemtype=\"https:\/\/schema.org\/CreativeWork\"  ><div class='avia_textblock'  style='font-size:18px; '  itemprop=\"text\" ><p><img loading=\"lazy\" decoding=\"async\" class=\"alignleft wp-image-9878 size-thumbnail\" src=\"https:\/\/www.theadkx.org\/wp-content\/uploads\/2022\/07\/Henry-Fair-80x80.jpg\" alt=\"\" width=\"80\" height=\"80\" srcset=\"https:\/\/www.theadkx.org\/wp-content\/uploads\/2022\/07\/Henry-Fair-80x80.jpg 80w, https:\/\/www.theadkx.org\/wp-content\/uploads\/2022\/07\/Henry-Fair-12x12.jpg 12w, https:\/\/www.theadkx.org\/wp-content\/uploads\/2022\/07\/Henry-Fair.jpg 250w\" sizes=\"auto, (max-width: 80px) 100vw, 80px\" \/>Carl Heilman est un photographe et auteur publi\u00e9 internationalement qui photographie les Adirondacks depuis 1975. Il a commenc\u00e9 \u00e0 escalader les High Peaks avec une paire de raquettes artisanales dans les ann\u00e9es 1970 et continue d'explorer et de photographier les montagnes et les lacs, tout en poursuivant sa passion pour la repr\u00e9sentation de la beaut\u00e9 unique du parc des Adirondacks - et en partageant ses d\u00e9cennies d'exp\u00e9rience photographique avec d'autres dans ses ateliers de photographie et ses visites, ses livres de table et ses livres d'initiation \u00e0 la photographie.<\/p>\n<p><img loading=\"lazy\" decoding=\"async\" class=\"alignleft wp-image-9879 size-thumbnail\" src=\"https:\/\/www.theadkx.org\/wp-content\/uploads\/2022\/07\/Kanze-80x80.jpg\" alt=\"\" width=\"80\" height=\"80\" srcset=\"https:\/\/www.theadkx.org\/wp-content\/uploads\/2022\/07\/Kanze-80x80.jpg 80w, https:\/\/www.theadkx.org\/wp-content\/uploads\/2022\/07\/Kanze-12x12.jpg 12w, https:\/\/www.theadkx.org\/wp-content\/uploads\/2022\/07\/Kanze.jpg 250w\" sizes=\"auto, (max-width: 80px) 100vw, 80px\" \/>L'auteur et naturaliste Ed Kanze est dipl\u00f4m\u00e9 du Middlebury College. Ses essais et articles ont \u00e9t\u00e9 publi\u00e9s dans\u00a0<em>La vie dans les Adirondacks<\/em>,<em>\u00a0Audubon, le monde des ornithologues<\/em>,<em>\u00a0The Conservationist, Utne Reader<\/em>et bien d'autres encore<em>.\u00a0<\/em>Ed a \u00e9galement publi\u00e9 six livres. Le plus r\u00e9cent,\u00a0<em>Adirondack : La vie et la faune dans l'Est sauvage<\/em>, Il s'agit de m\u00e9moires combinant des histoires de nature avec le lien qu'Ed a toujours entretenu avec les Adirondacks et l'histoire de sa famille dans la r\u00e9gion, qui remonte \u00e0 la fin du XVIIIe si\u00e8cle. Il vit avec sa famille sur 18 hectares le long de la rivi\u00e8re Saranac.<\/p>\n<p><img loading=\"lazy\" decoding=\"async\" class=\"alignleft wp-image-9880 size-thumbnail\" src=\"https:\/\/www.theadkx.org\/wp-content\/uploads\/2022\/07\/Teich-80x80.jpg\" alt=\"\" width=\"80\" height=\"80\" srcset=\"https:\/\/www.theadkx.org\/wp-content\/uploads\/2022\/07\/Teich-80x80.jpg 80w, https:\/\/www.theadkx.org\/wp-content\/uploads\/2022\/07\/Teich-12x12.jpg 12w, https:\/\/www.theadkx.org\/wp-content\/uploads\/2022\/07\/Teich.jpg 250w\" sizes=\"auto, (max-width: 80px) 100vw, 80px\" \/>Mitch Teich est le directeur de la station de North Country Public Radio depuis juillet 2019.  C'est la deuxi\u00e8me fois que Mitch travaille \u00e0 North Country - il a \u00e9t\u00e9 journaliste \u00e0 la NCPR pendant deux ans dans les ann\u00e9es 1990, couvrant tout, de la temp\u00eate de verglas de 1998 \u00e0 l'impact des barrages \u00e9lectriques sur le fleuve Saint-Laurent sur les populations d'anguilles migratrices.  Depuis, il a \u00e9t\u00e9 directeur de l'information \u00e0 la radio publique de l'Arizona \u00e0 Flagstaff et a travaill\u00e9 pendant 14 ans comme producteur ex\u00e9cutif et coanimateur de l'\u00e9mission d'entretiens quotidiens \u00e0 la radio publique de Milwaukee.  Il vit \u00e0 Potsdam avec sa femme et ses deux enfants, passe beaucoup de temps \u00e0 prendre des photos et r\u00e9dige une chronique hebdomadaire sur les \u2019joies\u201c de l'\u00e2ge m\u00fbr pour le site web de la NCPR.<\/p>\n<\/div><\/section><br \/>\n<div  style='height:30px' class='hr hr-invisible    avia-builder-el-103  el_after_av_textblock  el_before_av_button' ><span class='hr-inner' ><span class='hr-inner-style'><\/span><\/span><\/div><br \/>\n<div  class='avia-button-wrap avia-button-left    avia-builder-el-104  el_after_av_hr  avia-builder-el-last'  ><a href='https:\/\/youtu.be\/GFHsZFHq5nc'  class='avia-button   avia-icon_select-no avia-color-border avia-size-medium avia-position-left'   ><span class='avia_iconbox_title' >Regardez l'enregistrement<\/span><\/a><\/div><\/p><\/div><\/div><\/div><!--close column table wrapper. Autoclose: 1 --><div   class='hr hr-default    avia-builder-el-105  el_after_av_two_third  el_before_av_one_third' ><span class='hr-inner' ><span class='hr-inner-style'><\/span><\/span><\/div>\n<div   class='flex_column_table  ep-lazy-loaded   av-equal-height-column-flextable -flextable flex-column-table-14'  ><div  class=\"flex_column av_one_third  flex_column_table_cell av-equal-height-column av-align-top ep-lazy-loaded first  avia-builder-el-106  el_after_av_hr  el_before_av_two_third\" ><div class=\"flex-column-inner\"><div  class='avia-image-container  av-styling-      avia-builder-el-107  avia-builder-el-no-sibling  avia-align-center'  itemprop=\"image\" itemscope=\"itemscope\" itemtype=\"https:\/\/schema.org\/ImageObject\"   ><div class='avia-image-container-inner'><div class='avia-image-overlay-wrap'><img decoding=\"async\" fetchpriority=\"high\" class='wp-image-9848 avia-img-lazy-loading-not-9848 avia_image' src=\"https:\/\/www.theadkx.org\/wp-content\/uploads\/2022\/07\/Heilman.jpg\" alt='' title='Heilman' height=\"607\" width=\"1080\"  itemprop=\"thumbnailUrl\" srcset=\"https:\/\/www.theadkx.org\/wp-content\/uploads\/2022\/07\/Heilman.jpg 1080w, https:\/\/www.theadkx.org\/wp-content\/uploads\/2022\/07\/Heilman-300x169.jpg 300w, https:\/\/www.theadkx.org\/wp-content\/uploads\/2022\/07\/Heilman-1030x579.jpg 1030w, https:\/\/www.theadkx.org\/wp-content\/uploads\/2022\/07\/Heilman-768x432.jpg 768w, https:\/\/www.theadkx.org\/wp-content\/uploads\/2022\/07\/Heilman-18x10.jpg 18w\" sizes=\"(max-width: 1080px) 100vw, 1080px\" \/><\/div><\/div><\/div><\/div><\/div><div class='av-flex-placeholder' ><\/div><div  class=\"flex_column av_two_third  flex_column_table_cell av-equal-height-column av-align-top ep-lazy-loaded   avia-builder-el-108  el_after_av_one_third  el_before_av_hr\" ><div class=\"flex-column-inner\"><p><div   class='av-special-heading av-special-heading-h3   blockquote modern-quote  avia-builder-el-109  el_before_av_textblock  avia-builder-el-first' ><h3 class='av-special-heading-tag'   itemprop=\"headline\"  >L'\u0153uvre du photographe des Adirondacks Carl Heilman<\/h3><div class ='av-subheading av-subheading_below' style='font-size:15px;'><p>Lundi 8 ao\u00fbt 2022 | 19h00<\/p>\n<\/div><div class='special-heading-border'><div class='special-heading-inner-border' ><\/div><\/div><\/div><br \/>\n<section class=\"av_textblock_section\"  itemscope=\"itemscope\" itemtype=\"https:\/\/schema.org\/CreativeWork\"  ><div class='avia_textblock'   itemprop=\"text\" ><p>Carl Heilman, photographe renomm\u00e9 des Adirondacks, a toujours eu pour objectif de recr\u00e9er les sensations d'un lieu... de montrer \u00e0 quel point un endroit est sp\u00e9cial et unique, et d'\u00e9voquer les sensations d'avoir \u00e9t\u00e9 l\u00e0 au moment o\u00f9 la photographie a \u00e9t\u00e9 cr\u00e9\u00e9e. Dans ce programme tr\u00e8s visuel, Carl partagera son inspiration tir\u00e9e de la grandeur du monde naturel et sa recherche de moments spirituels dans la nature sauvage o\u00f9 la lumi\u00e8re devient magique, o\u00f9 \u201cnous sommes transform\u00e9s par le simple pouvoir de la beaut\u00e9\u201d.\u201d<\/p>\n<\/div><\/section><br \/>\n<div   class='av-special-heading av-special-heading-h4   blockquote modern-quote  avia-builder-el-111  el_after_av_textblock  el_before_av_textblock' ><h4 class='av-special-heading-tag'   itemprop=\"headline\"  >\u00c0 propos de l'orateur<\/h4><div class='special-heading-border'><div class='special-heading-inner-border' ><\/div><\/div><\/div><br \/>\n<section class=\"av_textblock_section\"  itemscope=\"itemscope\" itemtype=\"https:\/\/schema.org\/CreativeWork\"  ><div class='avia_textblock'  style='font-size:18px; '  itemprop=\"text\" ><p><img loading=\"lazy\" decoding=\"async\" class=\"wp-image-9812 size-thumbnail alignleft\" src=\"https:\/\/www.theadkx.org\/wp-content\/uploads\/2022\/07\/KenRimany_DSC5149-80x80.jpg\" alt=\"\" width=\"80\" height=\"80\" \/>Carl Heilman est un photographe et auteur publi\u00e9 internationalement qui photographie les Adirondacks depuis 1975. Il a commenc\u00e9 \u00e0 escalader les High Peaks avec une paire de raquettes artisanales dans les ann\u00e9es 1970 et continue d'explorer et de photographier les montagnes et les lacs, tout en poursuivant sa passion pour la repr\u00e9sentation de la beaut\u00e9 unique du parc des Adirondacks - et en partageant ses d\u00e9cennies d'exp\u00e9rience photographique avec d'autres dans ses ateliers de photographie et ses visites, ses livres de table et ses livres d'initiation \u00e0 la photographie.<\/p>\n<\/div><\/section><br \/>\n<div  style='height:30px' class='hr hr-invisible    avia-builder-el-113  el_after_av_textblock  el_before_av_button' ><span class='hr-inner' ><span class='hr-inner-style'><\/span><\/span><\/div><br \/>\n<div  class='avia-button-wrap avia-button-left    avia-builder-el-114  el_after_av_hr  el_before_av_hr'  ><a href='https:\/\/www.youtube.com\/watch?v=26tK5gVJfBA'  class='avia-button   avia-icon_select-no avia-color-border avia-size-medium avia-position-left'   ><span class='avia_iconbox_title' >Regardez l'enregistrement<\/span><\/a><\/div><br \/>\n<div  style='height:30px' class='hr hr-invisible    avia-builder-el-115  el_after_av_button  el_before_av_button' ><span class='hr-inner' ><span class='hr-inner-style'><\/span><\/span><\/div><br \/>\n<div  class='avia-button-wrap avia-button-left    avia-builder-el-116  el_after_av_hr  avia-builder-el-last'  ><a href='https:\/\/www.theadkx.org\/wp-content\/uploads\/2022\/08\/Heilman-Photos.pdf'  class='avia-button   avia-icon_select-no avia-color-border avia-size-medium avia-position-left'  target=\"_blank\"   ><span class='avia_iconbox_title' >Voir les photos de Heilman<\/span><\/a><\/div><\/p><\/div><\/div><\/div><!--close column table wrapper. Autoclose: 1 --><div   class='hr hr-default    avia-builder-el-117  el_after_av_two_third  el_before_av_one_third' ><span class='hr-inner' ><span class='hr-inner-style'><\/span><\/span><\/div>\n<div   class='flex_column_table  ep-lazy-loaded   av-equal-height-column-flextable -flextable flex-column-table-15'  ><div  class=\"flex_column av_one_third  flex_column_table_cell av-equal-height-column av-align-top ep-lazy-loaded first  avia-builder-el-118  el_after_av_hr  el_before_av_two_third\" ><div class=\"flex-column-inner\"><div  class='avia-image-container  av-styling-      avia-builder-el-119  avia-builder-el-no-sibling  avia-align-center'  itemprop=\"image\" itemscope=\"itemscope\" itemtype=\"https:\/\/schema.org\/ImageObject\"   ><div class='avia-image-container-inner'><div class='avia-image-overlay-wrap'><img decoding=\"async\" fetchpriority=\"high\" class='wp-image-8890 avia-img-lazy-loading-not-8890 avia_image' src=\"https:\/\/www.theadkx.org\/wp-content\/uploads\/2021\/12\/American-Passage.jpg\" alt='' title='Passage am\u00e9ricain' height=\"1581\" width=\"2400\"  itemprop=\"thumbnailUrl\" srcset=\"https:\/\/www.theadkx.org\/wp-content\/uploads\/2021\/12\/American-Passage.jpg 2400w, https:\/\/www.theadkx.org\/wp-content\/uploads\/2021\/12\/American-Passage-300x198.jpg 300w, https:\/\/www.theadkx.org\/wp-content\/uploads\/2021\/12\/American-Passage-1030x679.jpg 1030w, https:\/\/www.theadkx.org\/wp-content\/uploads\/2021\/12\/American-Passage-768x506.jpg 768w, https:\/\/www.theadkx.org\/wp-content\/uploads\/2021\/12\/American-Passage-1536x1012.jpg 1536w, https:\/\/www.theadkx.org\/wp-content\/uploads\/2021\/12\/American-Passage-2048x1349.jpg 2048w, https:\/\/www.theadkx.org\/wp-content\/uploads\/2021\/12\/American-Passage-18x12.jpg 18w\" sizes=\"(max-width: 2400px) 100vw, 2400px\" \/><\/div><\/div><\/div><\/div><\/div><div class='av-flex-placeholder' ><\/div><div  class=\"flex_column av_two_third  flex_column_table_cell av-equal-height-column av-align-top ep-lazy-loaded   avia-builder-el-120  el_after_av_one_third  el_before_av_hr\" ><div class=\"flex-column-inner\"><p><div   class='av-special-heading av-special-heading-h3   blockquote modern-quote  avia-builder-el-121  el_before_av_textblock  avia-builder-el-first' ><h3 class='av-special-heading-tag'   itemprop=\"headline\"  >La d\u00e9couverte de l'Adirondack par Winslow Homer<\/h3><div class ='av-subheading av-subheading_below' style='font-size:15px;'><p>Lundi 11 juillet 2022 | 19h00<\/p>\n<\/div><div class='special-heading-border'><div class='special-heading-inner-border' ><\/div><\/div><\/div><br \/>\n<section class=\"av_textblock_section\"  itemscope=\"itemscope\" itemtype=\"https:\/\/schema.org\/CreativeWork\"  ><div class='avia_textblock'   itemprop=\"text\" ><p>Le livre de Bill Cross, Winslow Homer : American Passage est la biographie d\u00e9finitive d'un Am\u00e9ricain ordinaire qui \u00e9tait le pendant visuel de Mark Twain en prose et de Walt Whitman en po\u00e9sie. Dans sa pr\u00e9sentation, Bill \u00e9voquera la fa\u00e7on dont les Adirondacks sont devenus un lieu de salut pour Homer - o\u00f9 il a d\u00e9couvert un but et un sens qui l'ont soutenu jusqu'\u00e0 la fin de sa vie.<\/p>\n<\/div><\/section><br \/>\n<div   class='av-special-heading av-special-heading-h4   blockquote modern-quote  avia-builder-el-123  el_after_av_textblock  el_before_av_textblock' ><h4 class='av-special-heading-tag'   itemprop=\"headline\"  >\u00c0 propos de l'orateur<\/h4><div class='special-heading-border'><div class='special-heading-inner-border' ><\/div><\/div><\/div><br \/>\n<section class=\"av_textblock_section\"  itemscope=\"itemscope\" itemtype=\"https:\/\/schema.org\/CreativeWork\"  ><div class='avia_textblock'  style='font-size:18px; '  itemprop=\"text\" ><p><img loading=\"lazy\" decoding=\"async\" class=\"wp-image-8144 size-thumbnail alignleft\" src=\"https:\/\/www.theadkx.org\/wp-content\/uploads\/2021\/12\/Headshot-22-Sept-2021-updated-80x80.jpg\" alt=\"Portrait de Bill Cross, l&#039;auteur de Winslow Homer : American Passage, une biographie du peintre am\u00e9ricain Winslow Homer (1836-1910).\" width=\"80\" height=\"80\" srcset=\"https:\/\/www.theadkx.org\/wp-content\/uploads\/2021\/12\/Headshot-22-Sept-2021-updated-80x80.jpg 80w, https:\/\/www.theadkx.org\/wp-content\/uploads\/2021\/12\/Headshot-22-Sept-2021-updated-12x12.jpg 12w\" sizes=\"auto, (max-width: 80px) 100vw, 80px\" \/>Bill Cross est l'auteur de Winslow Homer : American Passage, une biographie du peintre am\u00e9ricain Winslow Homer (1836-1910) que Farrar, Straus &amp; Giroux publiera le 12 avril 2022. En 2019, il a \u00e9t\u00e9 commissaire de Homer at the Beach, A Marine Painter's Journey, 1869-1880, une exposition de renomm\u00e9e nationale au Cape Ann Museum (Gloucester, MA) r\u00e9v\u00e9lant la formation d'Homer en tant qu'artiste marin. Bill est dipl\u00f4m\u00e9 du Yale College, avec mention tr\u00e8s bien, et a obtenu un MBA \u00e0 la Harvard Business School.<\/p>\n<\/div><\/section><br \/>\n<div  style='height:30px' class='hr hr-invisible    avia-builder-el-125  el_after_av_textblock  el_before_av_button' ><span class='hr-inner' ><span class='hr-inner-style'><\/span><\/span><\/div><br \/>\n<div  class='avia-button-wrap avia-button-left    avia-builder-el-126  el_after_av_hr  avia-builder-el-last'  ><a href='https:\/\/www.youtube.com\/watch?v=NzqMCuONziM'  class='avia-button   avia-icon_select-no avia-color-border avia-size-medium avia-position-left'  target=\"_blank\"   ><span class='avia_iconbox_title' >Regardez l'enregistrement<\/span><\/a><\/div><\/p><\/div><\/div><\/div><!--close column table wrapper. Autoclose: 1 --><div   class='hr hr-default    avia-builder-el-127  el_after_av_two_third  el_before_av_one_third' ><span class='hr-inner' ><span class='hr-inner-style'><\/span><\/span><\/div>\n<div   class='flex_column_table  ep-lazy-loaded   av-equal-height-column-flextable -flextable flex-column-table-16'  ><div  class=\"flex_column av_one_third  flex_column_table_cell av-equal-height-column av-align-top ep-lazy-loaded first  avia-builder-el-128  el_after_av_hr  el_before_av_two_third\" ><div class=\"flex-column-inner\"><div  class='avia-image-container  av-styling-      avia-builder-el-129  avia-builder-el-no-sibling  avia-align-center'  itemprop=\"image\" itemscope=\"itemscope\" itemtype=\"https:\/\/schema.org\/ImageObject\"   ><div class='avia-image-container-inner'><div class='avia-image-overlay-wrap'><img decoding=\"async\" fetchpriority=\"high\" class='wp-image-9191 avia-img-lazy-loading-not-9191 avia_image' src=\"https:\/\/www.theadkx.org\/wp-content\/uploads\/2022\/05\/1966.114.0001_crop.jpg\" alt='' title='1966.114.0001_crop' height=\"583\" width=\"1036\"  itemprop=\"thumbnailUrl\" srcset=\"https:\/\/www.theadkx.org\/wp-content\/uploads\/2022\/05\/1966.114.0001_crop.jpg 1036w, https:\/\/www.theadkx.org\/wp-content\/uploads\/2022\/05\/1966.114.0001_crop-300x169.jpg 300w, https:\/\/www.theadkx.org\/wp-content\/uploads\/2022\/05\/1966.114.0001_crop-1030x580.jpg 1030w, https:\/\/www.theadkx.org\/wp-content\/uploads\/2022\/05\/1966.114.0001_crop-768x432.jpg 768w, https:\/\/www.theadkx.org\/wp-content\/uploads\/2022\/05\/1966.114.0001_crop-18x10.jpg 18w\" sizes=\"(max-width: 1036px) 100vw, 1036px\" \/><\/div><\/div><\/div><\/div><\/div><div class='av-flex-placeholder' ><\/div><div  class=\"flex_column av_two_third  flex_column_table_cell av-equal-height-column av-align-top ep-lazy-loaded   avia-builder-el-130  el_after_av_one_third  el_before_av_hr\" ><div class=\"flex-column-inner\"><p><div   class='av-special-heading av-special-heading-h3   blockquote modern-quote  avia-builder-el-131  el_before_av_textblock  avia-builder-el-first' ><h3 class='av-special-heading-tag'   itemprop=\"headline\"  >Peinture en plein air dans les Adirondacks<\/h3><div class ='av-subheading av-subheading_below' style='font-size:15px;'><p>Lundi 20 juin 2022 | 19h00<\/p>\n<\/div><div class='special-heading-border'><div class='special-heading-inner-border' ><\/div><\/div><\/div><br \/>\n<section class=\"av_textblock_section\"  itemscope=\"itemscope\" itemtype=\"https:\/\/schema.org\/CreativeWork\"  ><div class='avia_textblock'   itemprop=\"text\" ><p>Ce programme s'inspire de The Great Adirondack Pass, Painted on the Spot (Charles Ingham, 1837). L'artiste Sandra Hildreth s'est inspir\u00e9e de peintures r\u00e9alis\u00e9es dans les Adirondacks dans les ann\u00e9es 1970 pour trouver et peindre certains des m\u00eames endroits. C'est ainsi qu'elle a d\u00e9velopp\u00e9 une passion pour la peinture en plein air en explorant les Adirondacks, puis en s'y installant. Ce programme abordera les \u0153uvres en plein air de la collection ADKX et la mani\u00e8re dont les artistes contemporains comme Hildreth s'y connectent et s'en inspirent.<\/p>\n<\/div><\/section><br \/>\n<div   class='av-special-heading av-special-heading-h4   blockquote modern-quote  avia-builder-el-133  el_after_av_textblock  el_before_av_textblock' ><h4 class='av-special-heading-tag'   itemprop=\"headline\"  >\u00c0 propos de l'orateur<\/h4><div class='special-heading-border'><div class='special-heading-inner-border' ><\/div><\/div><\/div><br \/>\n<section class=\"av_textblock_section\"  itemscope=\"itemscope\" itemtype=\"https:\/\/schema.org\/CreativeWork\"  ><div class='avia_textblock'  style='font-size:18px; '  itemprop=\"text\" ><p><img loading=\"lazy\" decoding=\"async\" class=\"wp-image-9189 size-thumbnail alignleft\" src=\"https:\/\/www.theadkx.org\/wp-content\/uploads\/2022\/05\/Hildreth-small-80x80.jpg\" alt=\"\" width=\"80\" height=\"80\" \/>Sandra Hildreth a grandi dans le Wisconsin, est titulaire d'une licence en beaux-arts de la Western Kentucky University et a enseign\u00e9 l'art au lyc\u00e9e dans le nord de l'\u00c9tat de New York pendant 31 ans, avant de prendre sa retraite en 2001 et de s'installer \u00e0 Saranac Lake. Elle travaille \u00e0 plein temps en tant qu'artiste, r\u00e9alisant principalement des peintures en plein air des Adirondacks, ainsi que des voyages et des peintures de certains de nos parcs nationaux dans l'ouest. Elle est membre de galeries coop\u00e9ratives \u00e0 Saranac Lake et Malone ; elle expose dans des expositions r\u00e9gionales et nationales avec jury et a cr\u00e9\u00e9 l'Adirondack Plein Air Festival, connu dans tout le pays, qui se tient la troisi\u00e8me semaine d'ao\u00fbt \u00e0 Saranac Lake. Ses peintures peuvent \u00eatre vues \u00e0 l'adresse suivante\u00a0<a href=\"http:\/\/sandrahildreth.com\/\">SandraHildreth.com<\/a>\u00a0et les visites d'atelier sont les bienvenues, sur rendez-vous. Son travail est repr\u00e9sent\u00e9 dans la collection ADKX.\u00a0<em>(Cr\u00e9dit photo de l'artiste : Gary Lee)<\/em><\/p>\n<\/div><\/section><br \/>\n<div  style='height:30px' class='hr hr-invisible    avia-builder-el-135  el_after_av_textblock  el_before_av_button' ><span class='hr-inner' ><span class='hr-inner-style'><\/span><\/span><\/div><br \/>\n<div  class='avia-button-wrap avia-button-left    avia-builder-el-136  el_after_av_hr  avia-builder-el-last'  ><a href='https:\/\/www.youtube.com\/watch?v=69z9DKolzpQ'  class='avia-button   avia-icon_select-no avia-color-border avia-size-medium avia-position-left'  target=\"_blank\"   ><span class='avia_iconbox_title' >Regardez l'enregistrement<\/span><\/a><\/div><\/p><\/div><\/div><\/div><!--close column table wrapper. Autoclose: 1 --><div   class='hr hr-default    avia-builder-el-137  el_after_av_two_third  el_before_av_one_third' ><span class='hr-inner' ><span class='hr-inner-style'><\/span><\/span><\/div>\n<div   class='flex_column_table  ep-lazy-loaded   av-equal-height-column-flextable -flextable flex-column-table-17'  ><div  class=\"flex_column av_one_third  flex_column_table_cell av-equal-height-column av-align-top ep-lazy-loaded first  avia-builder-el-138  el_after_av_hr  el_before_av_two_third\" ><div class=\"flex-column-inner\"><div  class='avia-image-container  av-styling-      avia-builder-el-139  avia-builder-el-no-sibling  avia-align-center'  itemprop=\"image\" itemscope=\"itemscope\" itemtype=\"https:\/\/schema.org\/ImageObject\"   ><div class='avia-image-container-inner'><div class='avia-image-overlay-wrap'><img decoding=\"async\" fetchpriority=\"high\" class='wp-image-8892 avia-img-lazy-loading-not-8892 avia_image' src=\"https:\/\/www.theadkx.org\/wp-content\/uploads\/2022\/03\/Realities-AI-1030x579.jpg\" alt='' title='R\u00e9alit\u00e9s A+I' height=\"579\" width=\"1030\"  itemprop=\"thumbnailUrl\" srcset=\"https:\/\/www.theadkx.org\/wp-content\/uploads\/2022\/03\/Realities-AI-1030x579.jpg 1030w, https:\/\/www.theadkx.org\/wp-content\/uploads\/2022\/03\/Realities-AI-300x169.jpg 300w, https:\/\/www.theadkx.org\/wp-content\/uploads\/2022\/03\/Realities-AI-768x432.jpg 768w, https:\/\/www.theadkx.org\/wp-content\/uploads\/2022\/03\/Realities-AI-1536x863.jpg 1536w, https:\/\/www.theadkx.org\/wp-content\/uploads\/2022\/03\/Realities-AI-18x10.jpg 18w, https:\/\/www.theadkx.org\/wp-content\/uploads\/2022\/03\/Realities-AI.jpg 1836w\" sizes=\"(max-width: 1030px) 100vw, 1030px\" \/><\/div><\/div><\/div><\/div><\/div><div class='av-flex-placeholder' ><\/div><div  class=\"flex_column av_two_third  flex_column_table_cell av-equal-height-column av-align-top ep-lazy-loaded   avia-builder-el-140  el_after_av_one_third  el_before_av_hr\" ><div class=\"flex-column-inner\"><p><div   class='av-special-heading av-special-heading-h3   blockquote modern-quote  avia-builder-el-141  el_before_av_textblock  avia-builder-el-first' ><h3 class='av-special-heading-tag'   itemprop=\"headline\"  >Les r\u00e9alit\u00e9s du monde dans les \u0153uvres cr\u00e9atives<\/h3><div class ='av-subheading av-subheading_below' style='font-size:15px;'><p>Lundi 23 mai 2022 | 19h00<\/p>\n<\/div><div class='special-heading-border'><div class='special-heading-inner-border' ><\/div><\/div><\/div><br \/>\n<section class=\"av_textblock_section\"  itemscope=\"itemscope\" itemtype=\"https:\/\/schema.org\/CreativeWork\"  ><div class='avia_textblock'   itemprop=\"text\" ><p>Les artistes int\u00e8grent depuis longtemps le monde qui les entoure dans leurs \u0153uvres. Face \u00e0 des d\u00e9fis sociaux et environnementaux \u00e9crasants, les artistes d'aujourd'hui nous offrent un moyen de nous connecter \u00e9motionnellement \u00e0 des questions contemporaines lourdes. Des dommages environnementaux et du changement climatique aux douleurs de la pand\u00e9mie en passant par le pire de la nature humaine inflig\u00e9 par les actes de racisme et de g\u00e9nocide, les artistes insufflent leurs sentiments intimes sur des sujets importants dans les \u0153uvres qui sortent en public. Ce programme pr\u00e9sentera trois artistes qui sont connus pour int\u00e9grer des questions contemporaines dans leurs \u0153uvres avec beaut\u00e9 et tendresse.<\/p>\n<\/div><\/section><br \/>\n<div   class='av-special-heading av-special-heading-h4   blockquote modern-quote  avia-builder-el-143  el_after_av_textblock  el_before_av_textblock' ><h4 class='av-special-heading-tag'   itemprop=\"headline\"  >A propos des orateurs<\/h4><div class='special-heading-border'><div class='special-heading-inner-border' ><\/div><\/div><\/div><br \/>\n<section class=\"av_textblock_section\"  itemscope=\"itemscope\" itemtype=\"https:\/\/schema.org\/CreativeWork\"  ><div class='avia_textblock'  style='font-size:18px; '  itemprop=\"text\" ><p><img loading=\"lazy\" decoding=\"async\" class=\"wp-image-8799 size-thumbnail alignleft\" src=\"https:\/\/www.theadkx.org\/wp-content\/uploads\/2022\/03\/Carrie-80x80.jpg\" alt=\"\" width=\"80\" height=\"80\" srcset=\"https:\/\/www.theadkx.org\/wp-content\/uploads\/2022\/03\/Carrie-80x80.jpg 80w, https:\/\/www.theadkx.org\/wp-content\/uploads\/2022\/03\/Carrie-12x12.jpg 12w, https:\/\/www.theadkx.org\/wp-content\/uploads\/2022\/03\/Carrie.jpg 250w\" sizes=\"auto, (max-width: 80px) 100vw, 80px\" \/>Carrie Hill est une Haudenosaunee du territoire mohawk d'Akwesasne et propri\u00e9taire de Chill Baskets. En 2014, Carrie a quitt\u00e9 son poste \u00e0 l'\u00e9cole mohawk de Hogansburg, dans l'\u00c9tat de New York, pour se consacrer \u00e0 plein temps \u00e0 la vannerie. La tradition de tisser des \u00e9clisses de fr\u00eane noir et du foin d'odeur remonte \u00e0 plusieurs g\u00e9n\u00e9rations dans la famille de Carrie, et son premier professeur a \u00e9t\u00e9 sa tante. Le tissage lui semblait naturel et elle est tomb\u00e9e amoureuse de tout le processus. Elle a rapidement cr\u00e9\u00e9 ses propres pi\u00e8ces uniques. Ses \u0153uvres ont \u00e9t\u00e9 envoy\u00e9es dans le monde entier, notamment une collection enti\u00e8re repr\u00e9sentant le peuple Haudenosaunee pour l'ambassade des \u00c9tats-Unis au Swaziland, en Afrique.<\/p>\n<p><img loading=\"lazy\" decoding=\"async\" class=\"wp-image-8801 size-thumbnail alignleft\" src=\"https:\/\/www.theadkx.org\/wp-content\/uploads\/2022\/03\/Susan-80x80.jpg\" alt=\"\" width=\"80\" height=\"80\" srcset=\"https:\/\/www.theadkx.org\/wp-content\/uploads\/2022\/03\/Susan-80x80.jpg 80w, https:\/\/www.theadkx.org\/wp-content\/uploads\/2022\/03\/Susan-12x12.jpg 12w, https:\/\/www.theadkx.org\/wp-content\/uploads\/2022\/03\/Susan.jpg 250w\" sizes=\"auto, (max-width: 80px) 100vw, 80px\" \/>Susan Hoffer s'est int\u00e9ress\u00e9e aux histoires d\u00e8s son enfance, en \u00e9coutant sa grand-m\u00e8re parler de son enfance en tant que membre de l'ethnie Gottscheer dans ce qui est maintenant la Slov\u00e9nie. L'int\u00e9r\u00eat de Susan pour la dislocation des habitants du parc des Adirondacks (elle vit \u00e0 Upper Jay, pr\u00e8s de Lake Placid) est n\u00e9 de leurs conversations. Bien que son travail rappelle et interroge des images narratives qui existent depuis des si\u00e8cles, il est r\u00e9alis\u00e9 avec une esth\u00e9tique unique. Hoffer a expos\u00e9 dans tous les \u00c9tats-Unis et ses tableaux font partie de la collection permanente de l'Albany Institute of History and Art, Albany, NY, et de l'Adirondack Experience Museum, Blue Mountain Lake, NY.<\/p>\n<p><img loading=\"lazy\" decoding=\"async\" class=\"wp-image-8800 size-thumbnail alignleft\" src=\"https:\/\/www.theadkx.org\/wp-content\/uploads\/2022\/03\/Santiago-80x80.jpg\" alt=\"\" width=\"80\" height=\"80\" srcset=\"https:\/\/www.theadkx.org\/wp-content\/uploads\/2022\/03\/Santiago-80x80.jpg 80w, https:\/\/www.theadkx.org\/wp-content\/uploads\/2022\/03\/Santiago-12x12.jpg 12w, https:\/\/www.theadkx.org\/wp-content\/uploads\/2022\/03\/Santiago.jpg 250w\" sizes=\"auto, (max-width: 80px) 100vw, 80px\" \/>Natasha Smoke Santiago a grandi \u00e0 Rochester et a \u00e9t\u00e9 \u00e9lev\u00e9e dans les traditions de la maison longue par une famille \u00e9largie tr\u00e8s unie. Son talent artistique s'est \u00e9panoui tr\u00e8s t\u00f4t et a \u00e9t\u00e9 encourag\u00e9 par les membres de sa famille, dont certains \u00e9taient \u00e9galement artistes et artisans. Au d\u00e9but de son adolescence, elle est retourn\u00e9e \u00e0 Akwesasne, la patrie de ses grands-p\u00e8res, se joignant \u00e0 une vague d'\u00e9migrants de retour, des enfants perdus revenant \u00e0 un Akwesasne maintenant brillant et prosp\u00e8re. Elle travaille sur de nombreux supports, illustrant la culture traditionnelle Haudenosaunee, la vie contemporaine, le miracle de la grossesse et la beaut\u00e9 du monde naturel. Son art la soutient spirituellement, \u00e9motionnellement et financi\u00e8rement alors qu'elle construit l'avenir de sa famille.<\/p>\n<\/div><\/section><br \/>\n<div  style='height:30px' class='hr hr-invisible    avia-builder-el-145  el_after_av_textblock  el_before_av_button' ><span class='hr-inner' ><span class='hr-inner-style'><\/span><\/span><\/div><br \/>\n<div  class='avia-button-wrap avia-button-left    avia-builder-el-146  el_after_av_hr  avia-builder-el-last'  ><a href='https:\/\/www.youtube.com\/watch?v=55JsOBJ_Aho'  class='avia-button   avia-icon_select-no avia-color-border avia-size-medium avia-position-left'  target=\"_blank\"   ><span class='avia_iconbox_title' >Regardez l'enregistrement<\/span><\/a><\/div><\/p><\/div><\/div><\/div><!--close column table wrapper. Autoclose: 1 --><div   class='hr hr-default    avia-builder-el-147  el_after_av_two_third  el_before_av_one_third' ><span class='hr-inner' ><span class='hr-inner-style'><\/span><\/span><\/div>\n<div   class='flex_column_table  ep-lazy-loaded   av-equal-height-column-flextable -flextable flex-column-table-18'  ><div  class=\"flex_column av_one_third  flex_column_table_cell av-equal-height-column av-align-top ep-lazy-loaded first  avia-builder-el-148  el_after_av_hr  el_before_av_two_third\" ><div class=\"flex-column-inner\"><div  class='avia-image-container  av-styling-      avia-builder-el-149  avia-builder-el-no-sibling  avia-align-center'  itemprop=\"image\" itemscope=\"itemscope\" itemtype=\"https:\/\/schema.org\/ImageObject\"   ><div class='avia-image-container-inner'><div class='avia-image-overlay-wrap'><img decoding=\"async\" fetchpriority=\"high\" class='wp-image-8893 avia-img-lazy-loading-not-8893 avia_image' src=\"https:\/\/www.theadkx.org\/wp-content\/uploads\/2022\/02\/Exploring-Connections-AI-300x169.jpg\" alt='' title='Explorer les connexions A+I' height=\"169\" width=\"300\"  itemprop=\"thumbnailUrl\" srcset=\"https:\/\/www.theadkx.org\/wp-content\/uploads\/2022\/02\/Exploring-Connections-AI-300x169.jpg 300w, https:\/\/www.theadkx.org\/wp-content\/uploads\/2022\/02\/Exploring-Connections-AI-1030x579.jpg 1030w, https:\/\/www.theadkx.org\/wp-content\/uploads\/2022\/02\/Exploring-Connections-AI-768x432.jpg 768w, https:\/\/www.theadkx.org\/wp-content\/uploads\/2022\/02\/Exploring-Connections-AI-1536x863.jpg 1536w, https:\/\/www.theadkx.org\/wp-content\/uploads\/2022\/02\/Exploring-Connections-AI-18x10.jpg 18w, https:\/\/www.theadkx.org\/wp-content\/uploads\/2022\/02\/Exploring-Connections-AI.jpg 1836w\" sizes=\"(max-width: 300px) 100vw, 300px\" \/><\/div><\/div><\/div><\/div><\/div><div class='av-flex-placeholder' ><\/div><div  class=\"flex_column av_two_third  flex_column_table_cell av-equal-height-column av-align-top ep-lazy-loaded   avia-builder-el-150  el_after_av_one_third  el_before_av_hr\" ><div class=\"flex-column-inner\"><p><div   class='av-special-heading av-special-heading-h3   blockquote modern-quote  avia-builder-el-151  el_before_av_textblock  avia-builder-el-first' ><h3 class='av-special-heading-tag'   itemprop=\"headline\"  >Explorer les liens entre la terre et les paysages<\/h3><div class ='av-subheading av-subheading_below' style='font-size:15px;'><p>Lundi 18 avril 2022 | 19h00<\/p>\n<\/div><div class='special-heading-border'><div class='special-heading-inner-border' ><\/div><\/div><\/div><br \/>\n<section class=\"av_textblock_section\"  itemscope=\"itemscope\" itemtype=\"https:\/\/schema.org\/CreativeWork\"  ><div class='avia_textblock'   itemprop=\"text\" ><p>Les conservatrices Laura Rice et Eleanor Harvey exploreront la tradition de la peinture de paysage am\u00e9ricaine et examineront la fa\u00e7on dont nous percevons la terre aujourd'hui, longtemps apr\u00e8s l'\u00e9poque o\u00f9 les sc\u00e8nes ont \u00e9t\u00e9 immortalis\u00e9es par des coups de pinceau. Les peintures des Adirondacks des ann\u00e9es 1800 et 1900 sont aujourd'hui un outil puissant pour mesurer la sant\u00e9 des ressources naturelles de la r\u00e9gion. Tout en \u00e9tant confront\u00e9s \u00e0 la r\u00e9alit\u00e9 des effets de l'homme sur l'environnement, nous avons encore en nous le d\u00e9sir de nous tourner vers la beaut\u00e9 naturelle - les lacs et les rivi\u00e8res, les sommets des montagnes et les for\u00eats \u00e9paisses - pour notre r\u00e9flexion personnelle et nos aspirations.<\/p>\n<\/div><\/section><br \/>\n<div   class='av-special-heading av-special-heading-h4   blockquote modern-quote  avia-builder-el-153  el_after_av_textblock  el_before_av_textblock' ><h4 class='av-special-heading-tag'   itemprop=\"headline\"  >\u00c0 propos de l'orateur<\/h4><div class='special-heading-border'><div class='special-heading-inner-border' ><\/div><\/div><\/div><br \/>\n<section class=\"av_textblock_section\"  itemscope=\"itemscope\" itemtype=\"https:\/\/schema.org\/CreativeWork\"  ><div class='avia_textblock'  style='font-size:18px; '  itemprop=\"text\" ><p><img loading=\"lazy\" decoding=\"async\" class=\"wp-image-8549 size-thumbnail alignleft\" src=\"https:\/\/www.theadkx.org\/wp-content\/uploads\/2022\/02\/EJH-Head-Shot-2013-small-80x80.jpg\" alt=\"\" width=\"80\" height=\"80\" \/>Eleanor Jones Harvey est conservatrice principale au Smithsonian American Art Museum. Ses recherches portent sur l'art am\u00e9ricain des XVIIIe, XIXe et d\u00e9but du XXe si\u00e8cles, notamment la peinture de paysage, l'abstraction du Sud-Ouest et l'art texan. Sa derni\u00e8re exposition, Alexander von Humboldt et les \u00c9tats-Unis : Art, Nature, and Culture (2020), examine \u00e0 quel point les id\u00e9es du c\u00e9l\u00e8bre naturaliste \u00e9taient intimement li\u00e9es \u00e0 l'identit\u00e9 \u00e9mergente de l'Am\u00e9rique, fond\u00e9e sur l'appr\u00e9ciation du paysage. Mme Harvey a obtenu une ma\u00eetrise et un doctorat en histoire de l'art \u00e0 l'universit\u00e9 de Yale.<\/p>\n<\/div><\/section><br \/>\n<div  style='height:30px' class='hr hr-invisible    avia-builder-el-155  el_after_av_textblock  el_before_av_button' ><span class='hr-inner' ><span class='hr-inner-style'><\/span><\/span><\/div><br \/>\n<div  class='avia-button-wrap avia-button-left    avia-builder-el-156  el_after_av_hr  avia-builder-el-last'  ><a href='https:\/\/www.youtube.com\/watch?v=BDdaeyHQJz0'  class='avia-button   avia-icon_select-no avia-color-border avia-size-medium avia-position-left'  target=\"_blank\"   ><span class='avia_iconbox_title' >Regardez l'enregistrement<\/span><\/a><\/div><\/p><\/div><\/div><\/div><!--close column table wrapper. Autoclose: 1 --><div   class='hr hr-default    avia-builder-el-157  el_after_av_two_third  el_before_av_one_third' ><span class='hr-inner' ><span class='hr-inner-style'><\/span><\/span><\/div>\n<div   class='flex_column_table  ep-lazy-loaded   av-equal-height-column-flextable -flextable flex-column-table-19'  ><div  class=\"flex_column av_one_third  flex_column_table_cell av-equal-height-column av-align-top ep-lazy-loaded first  avia-builder-el-158  el_after_av_hr  el_before_av_two_third\" ><div class=\"flex-column-inner\"><div  class='avia-image-container  av-styling-      avia-builder-el-159  avia-builder-el-no-sibling  avia-align-center'  itemprop=\"image\" itemscope=\"itemscope\" itemtype=\"https:\/\/schema.org\/ImageObject\"   ><div class='avia-image-container-inner'><div class='avia-image-overlay-wrap'><img decoding=\"async\" fetchpriority=\"high\" class='wp-image-8264 avia-img-lazy-loading-not-8264 avia_image' src=\"https:\/\/www.theadkx.org\/wp-content\/uploads\/2022\/01\/20102490001_crop.jpg\" alt='Vue recadr\u00e9e d&#039;une affiche pour le Lake Placid Club cr\u00e9\u00e9e par l&#039;artiste Amy Jones.' title='Amy Jones, vers 1930 (2010.249.1)' height=\"509\" width=\"904\"  itemprop=\"thumbnailUrl\" srcset=\"https:\/\/www.theadkx.org\/wp-content\/uploads\/2022\/01\/20102490001_crop.jpg 904w, https:\/\/www.theadkx.org\/wp-content\/uploads\/2022\/01\/20102490001_crop-300x169.jpg 300w, https:\/\/www.theadkx.org\/wp-content\/uploads\/2022\/01\/20102490001_crop-768x432.jpg 768w, https:\/\/www.theadkx.org\/wp-content\/uploads\/2022\/01\/20102490001_crop-18x10.jpg 18w\" sizes=\"(max-width: 904px) 100vw, 904px\" \/><\/div><\/div><\/div><\/div><\/div><div class='av-flex-placeholder' ><\/div><div  class=\"flex_column av_two_third  flex_column_table_cell av-equal-height-column av-align-top ep-lazy-loaded   avia-builder-el-160  el_after_av_one_third  el_before_av_hr\" ><div class=\"flex-column-inner\"><p><div   class='av-special-heading av-special-heading-h3   blockquote modern-quote  avia-builder-el-161  el_before_av_textblock  avia-builder-el-first' ><h3 class='av-special-heading-tag'   itemprop=\"headline\"  >Prendre leur place - Mettre les femmes artistes am\u00e9ricaines au premier plan<\/h3><div class ='av-subheading av-subheading_below' style='font-size:15px;'><p>Lundi 21 mars 2022 | 19h00<\/p>\n<\/div><div class='special-heading-border'><div class='special-heading-inner-border' ><\/div><\/div><\/div><br \/>\n<section class=\"av_textblock_section\"  itemscope=\"itemscope\" itemtype=\"https:\/\/schema.org\/CreativeWork\"  ><div class='avia_textblock'   itemprop=\"text\" ><p>Bien que de nombreuses femmes am\u00e9ricaines du XIXe si\u00e8cle aient dessin\u00e9, esquiss\u00e9 et m\u00eame peint, peu d'entre elles ont r\u00e9ussi \u00e0 devenir des artistes professionnelles, et encore moins ont leurs \u0153uvres dans les collections des mus\u00e9es aujourd'hui. Pourquoi l'art visuel \u00e9tait-il consid\u00e9r\u00e9 comme une activit\u00e9 f\u00e9minine et, en m\u00eame temps, comme une carri\u00e8re inadapt\u00e9e pour les femmes ? Comment certaines femmes ont-elles surmont\u00e9 les obstacles historiques pour devenir des artistes ? Et pourquoi m\u00eame leurs r\u00e9ussites ont-elles \u00e9t\u00e9 largement oubli\u00e9es ? Cette conf\u00e9rence explorera la vie et le travail de femmes qui sont devenues des peintres paysagistes, des portraitistes et des artistes commerciales, du milieu du XIXe si\u00e8cle jusqu'\u00e0 la Grande D\u00e9pression, en particulier celles qui ont trouv\u00e9 leur inspiration dans les paysages sauvages des Adirondacks.<\/p>\n<\/div><\/section><br \/>\n<div   class='av-special-heading av-special-heading-h4   blockquote modern-quote  avia-builder-el-163  el_after_av_textblock  el_before_av_textblock' ><h4 class='av-special-heading-tag'   itemprop=\"headline\"  >\u00c0 propos de l'orateur<\/h4><div class='special-heading-border'><div class='special-heading-inner-border' ><\/div><\/div><\/div><br \/>\n<section class=\"av_textblock_section\"  itemscope=\"itemscope\" itemtype=\"https:\/\/schema.org\/CreativeWork\"  ><div class='avia_textblock'  style='font-size:18px; '  itemprop=\"text\" ><p><img loading=\"lazy\" decoding=\"async\" class=\"wp-image-8263 size-thumbnail alignleft\" src=\"https:\/\/www.theadkx.org\/wp-content\/uploads\/2022\/01\/Laura-Prieto-photo-small-80x80.jpg\" alt=\"Portrait de Laura Prieto, titulaire de la chaire Alumni en sciences humaines publiques et professeur d&#039;histoire \u00e0 l&#039;universit\u00e9 Simmons de Boston.\" width=\"80\" height=\"80\" \/>Laura R. Prieto est titulaire de la chaire Alumni en sciences humaines publiques et professeur d'histoire \u00e0 l'universit\u00e9 Simmons de Boston. Elle effectue des recherches et \u00e9crit sur les femmes, le genre et la race dans la culture am\u00e9ricaine. Son premier livre, At Home in the Studio : The Professionalization of Women Artists in America, \u00e9tudie la mani\u00e8re dont les femmes peintres, sculpteurs et illustrateurs ont cr\u00e9\u00e9 une identit\u00e9 professionnelle pour elles-m\u00eames face \u00e0 l'exclusion. Ses recherches actuelles retracent le travail et le militantisme transnationaux des femmes, au sein et \u00e0 travers l'empire d'outre-mer que les \u00c9tats-Unis ont \u00e9tabli dans les Cara\u00efbes et le Pacifique.<\/p>\n<\/div><\/section><br \/>\n<div  style='height:30px' class='hr hr-invisible    avia-builder-el-165  el_after_av_textblock  el_before_av_button' ><span class='hr-inner' ><span class='hr-inner-style'><\/span><\/span><\/div><br \/>\n<div  class='avia-button-wrap avia-button-left    avia-builder-el-166  el_after_av_hr  avia-builder-el-last'  ><a href='https:\/\/www.youtube.com\/watch?v=dJzssh-Yab4'  class='avia-button   avia-icon_select-no avia-color-border avia-size-medium avia-position-left'  target=\"_blank\"   ><span class='avia_iconbox_title' >Regardez l'enregistrement<\/span><\/a><\/div><\/p><\/div><\/div><\/div><!--close column table wrapper. Autoclose: 1 --><div   class='hr hr-default    avia-builder-el-167  el_after_av_two_third  el_before_av_one_third' ><span class='hr-inner' ><span class='hr-inner-style'><\/span><\/span><\/div>\n<div   class='flex_column_table  ep-lazy-loaded   av-equal-height-column-flextable -flextable flex-column-table-20'  ><div  class=\"flex_column av_one_third  flex_column_table_cell av-equal-height-column av-align-top ep-lazy-loaded first  avia-builder-el-168  el_after_av_hr  el_before_av_two_third\" ><div class=\"flex-column-inner\"><div  class='avia-image-container  av-styling-      avia-builder-el-169  avia-builder-el-no-sibling  avia-align-center'  itemprop=\"image\" itemscope=\"itemscope\" itemtype=\"https:\/\/schema.org\/ImageObject\"   ><div class='avia-image-container-inner'><div class='avia-image-overlay-wrap'><img decoding=\"async\" fetchpriority=\"high\" class='wp-image-8079 avia-img-lazy-loading-not-8079 avia_image' src=\"https:\/\/www.theadkx.org\/wp-content\/uploads\/2021\/12\/2-28-2022-Walter_crop-for-web.jpg\" alt='Une grille de peintures de l&#039;artiste Takeyce Walter.' title='F\u00e9vrier cr\u00e9atif - D\u00e9monstration quotidienne de peinture' height=\"540\" width=\"959\"  itemprop=\"thumbnailUrl\" srcset=\"https:\/\/www.theadkx.org\/wp-content\/uploads\/2021\/12\/2-28-2022-Walter_crop-for-web.jpg 959w, https:\/\/www.theadkx.org\/wp-content\/uploads\/2021\/12\/2-28-2022-Walter_crop-for-web-300x169.jpg 300w, https:\/\/www.theadkx.org\/wp-content\/uploads\/2021\/12\/2-28-2022-Walter_crop-for-web-768x432.jpg 768w, https:\/\/www.theadkx.org\/wp-content\/uploads\/2021\/12\/2-28-2022-Walter_crop-for-web-18x10.jpg 18w\" sizes=\"(max-width: 959px) 100vw, 959px\" \/><\/div><\/div><\/div><\/div><\/div><div class='av-flex-placeholder' ><\/div><div  class=\"flex_column av_two_third  flex_column_table_cell av-equal-height-column av-align-top ep-lazy-loaded   avia-builder-el-170  el_after_av_one_third  el_before_av_hr\" ><div class=\"flex-column-inner\"><p><div   class='av-special-heading av-special-heading-h3   blockquote modern-quote  avia-builder-el-171  el_before_av_textblock  avia-builder-el-first' ><h3 class='av-special-heading-tag'   itemprop=\"headline\"  >F\u00e9vrier cr\u00e9atif - D\u00e9monstration quotidienne de peinture<\/h3><div class ='av-subheading av-subheading_below' style='font-size:15px;'><p>Lundi 28 f\u00e9vrier 2022 | 19h00<\/p>\n<\/div><div class='special-heading-border'><div class='special-heading-inner-border' ><\/div><\/div><\/div><br \/>\n<section class=\"av_textblock_section\"  itemscope=\"itemscope\" itemtype=\"https:\/\/schema.org\/CreativeWork\"  ><div class='avia_textblock'   itemprop=\"text\" ><p><em>Toutes les \u0153uvres pr\u00e9sent\u00e9es ont \u00e9t\u00e9 cr\u00e9\u00e9es par Takeyce Walter<\/em><\/p>\n<p>F\u00e9vrier est un mois exceptionnel dans la vie de l'artiste Takeyce Walter. Sa famille c\u00e9l\u00e8bre presque chaque semaine des anniversaires, y compris le sien. En 2014, ce mois est devenu encore plus extraordinaire lorsque Takeyce Walter a d\u00e9cid\u00e9 de s'offrir le cadeau du temps pour cr\u00e9er de l'art quotidiennement. Chaque jour, Takeyce a produit une peinture comme un acte pour revigorer son amour pour l'art et honorer son envie de cr\u00e9er. Cet engagement et cette passion ont donn\u00e9 naissance aux mois de f\u00e9vrier cr\u00e9atifs annuels suivants, le mouvement gagnant en popularit\u00e9 parmi les artistes et les admirateurs dans tout le pays. Rejoignez Takeyce Walter en direct de son studio alors qu'elle ach\u00e8ve sa derni\u00e8re peinture quotidienne du mois de f\u00e9vrier cr\u00e9atif 2022. Vous pouvez voir les pi\u00e8ces cr\u00e9\u00e9es jusqu'\u00e0 pr\u00e9sent sur son profil Instagram :\u00a0<a href=\"http:\/\/instagram.com\/takeycewalter.\">http:\/\/instagram.com\/takeycewalter.<\/a><\/p>\n<\/div><\/section><br \/>\n<div   class='av-special-heading av-special-heading-h4   blockquote modern-quote  avia-builder-el-173  el_after_av_textblock  el_before_av_textblock' ><h4 class='av-special-heading-tag'   itemprop=\"headline\"  >\u00c0 propos de l'orateur<\/h4><div class='special-heading-border'><div class='special-heading-inner-border' ><\/div><\/div><\/div><br \/>\n<section class=\"av_textblock_section\"  itemscope=\"itemscope\" itemtype=\"https:\/\/schema.org\/CreativeWork\"  ><div class='avia_textblock'  style='font-size:18px; '  itemprop=\"text\" ><p><img loading=\"lazy\" decoding=\"async\" class=\"alignleft wp-image-8073 size-thumbnail\" src=\"https:\/\/www.theadkx.org\/wp-content\/uploads\/2021\/12\/takeyce_headshot-small-80x80.png\" alt=\"Portrait de l&#039;artiste, Takeyce Walter.\" width=\"80\" height=\"80\" srcset=\"https:\/\/www.theadkx.org\/wp-content\/uploads\/2021\/12\/takeyce_headshot-small-80x80.png 80w, https:\/\/www.theadkx.org\/wp-content\/uploads\/2021\/12\/takeyce_headshot-small-12x12.png 12w\" sizes=\"auto, (max-width: 80px) 100vw, 80px\" \/><\/p>\n<p>Takeyce Walter est un peintre am\u00e9ricain contemporain prim\u00e9 (n\u00e9 en Jama\u00efque) et un professeur d'art, qui vit et travaille dans le nord de l'\u00c9tat de New York. Pouss\u00e9e \u00e0 cr\u00e9er d\u00e8s son plus jeune \u00e2ge, Takeyce Walter produit des \u0153uvres d'art depuis aussi longtemps qu'elle s'en souvienne. Plus r\u00e9cemment, elle s'est concentr\u00e9e sur le paysage naturel de son environnement dans le Nord-Est. Travaillant avec de la peinture \u00e0 l'huile et des pastels, Walter cr\u00e9e des peintures qui pr\u00e9sentent le paysage dans toute sa gloire - rivi\u00e8res qui coulent, cieux majestueux et lacs pittoresques. Il y a un grand sentiment de familiarit\u00e9, de tranquillit\u00e9 et de r\u00e9v\u00e9rence dans chaque pi\u00e8ce.<\/p>\n<p>En plus de publier ses \u0153uvres en ligne, Walter expose \u00e9galement dans des galeries r\u00e9gionales du Nord-Est, notamment au Lake Placid Center for the Arts, \u00e0 la Ticonderoga Arts Gallery, \u00e0 la Saratoga Arts Gallery et \u00e0 l'Adirondack Experience. Ses \u0153uvres ont trouv\u00e9 place dans de nombreuses collections priv\u00e9es \u00e0 travers le pays et \u00e0 l'\u00e9tranger, y compris dans des collections de mus\u00e9es et d'h\u00f4pitaux locaux.<\/p>\n<\/div><\/section><br \/>\n<div  style='height:30px' class='hr hr-invisible    avia-builder-el-175  el_after_av_textblock  el_before_av_button' ><span class='hr-inner' ><span class='hr-inner-style'><\/span><\/span><\/div><br \/>\n<div  class='avia-button-wrap avia-button-left    avia-builder-el-176  el_after_av_hr  avia-builder-el-last'  ><a href='https:\/\/www.youtube.com\/watch?v=E_H-KybNtqA'  class='avia-button   avia-icon_select-no avia-color-border avia-size-medium avia-position-left'  target=\"_blank\"   ><span class='avia_iconbox_title' >Regardez l'enregistrement<\/span><\/a><\/div><\/p><\/div><\/div><\/div><!--close column table wrapper. Autoclose: 1 --><div   class='hr hr-default    avia-builder-el-177  el_after_av_two_third  el_before_av_one_third' ><span class='hr-inner' ><span class='hr-inner-style'><\/span><\/span><\/div>\n<div   class='flex_column_table  ep-lazy-loaded   av-equal-height-column-flextable -flextable flex-column-table-21'  ><div  class=\"flex_column av_one_third  flex_column_table_cell av-equal-height-column av-align-top ep-lazy-loaded first  avia-builder-el-178  el_after_av_hr  el_before_av_two_third\" ><div class=\"flex-column-inner\"><div  class='avia-image-container  av-styling-      avia-builder-el-179  avia-builder-el-no-sibling  avia-align-center'  itemprop=\"image\" itemscope=\"itemscope\" itemtype=\"https:\/\/schema.org\/ImageObject\"   ><div class='avia-image-container-inner'><div class='avia-image-overlay-wrap'><img decoding=\"async\" fetchpriority=\"high\" class='wp-image-8081 avia-img-lazy-loading-not-8081 avia_image' src=\"https:\/\/www.theadkx.org\/wp-content\/uploads\/2021\/12\/20210820001-5_crop.jpg\" alt='' title='Introduire les perspectives indig\u00e8nes dans les mus\u00e9es' height=\"582\" width=\"1035\"  itemprop=\"thumbnailUrl\" srcset=\"https:\/\/www.theadkx.org\/wp-content\/uploads\/2021\/12\/20210820001-5_crop.jpg 1035w, https:\/\/www.theadkx.org\/wp-content\/uploads\/2021\/12\/20210820001-5_crop-300x169.jpg 300w, https:\/\/www.theadkx.org\/wp-content\/uploads\/2021\/12\/20210820001-5_crop-1030x579.jpg 1030w, https:\/\/www.theadkx.org\/wp-content\/uploads\/2021\/12\/20210820001-5_crop-768x432.jpg 768w, https:\/\/www.theadkx.org\/wp-content\/uploads\/2021\/12\/20210820001-5_crop-18x10.jpg 18w\" sizes=\"(max-width: 1035px) 100vw, 1035px\" \/><\/div><\/div><\/div><\/div><\/div><div class='av-flex-placeholder' ><\/div><div  class=\"flex_column av_two_third  flex_column_table_cell av-equal-height-column av-align-top ep-lazy-loaded   avia-builder-el-180  el_after_av_one_third  el_before_av_hr\" ><div class=\"flex-column-inner\"><p><div   class='av-special-heading av-special-heading-h3   blockquote modern-quote  avia-builder-el-181  el_before_av_textblock  avia-builder-el-first' ><h3 class='av-special-heading-tag'   itemprop=\"headline\"  >Introduire les perspectives indig\u00e8nes dans les mus\u00e9es<\/h3><div class ='av-subheading av-subheading_below' style='font-size:15px;'><p>Lundi 24 janvier 2022 | 19h00<\/p>\n<\/div><div class='special-heading-border'><div class='special-heading-inner-border' ><\/div><\/div><\/div><br \/>\n<section class=\"av_textblock_section\"  itemscope=\"itemscope\" itemtype=\"https:\/\/schema.org\/CreativeWork\"  ><div class='avia_textblock'   itemprop=\"text\" ><p><em>Image montr\u00e9e :<\/em>\u00a0<em>Les survivants de la c\u00f4te Est \u00e0 la c\u00f4te Ouest par Natasha Smoke Santiago, 2021 (2021.082.0001)<\/em><\/p>\n<p>Le professeur Stevens, citoyen de la nation mohawk d'Akwesasne, travaille actuellement sur un projet de livre traitant des questions complexes li\u00e9es aux nations am\u00e9rindiennes, \u00e0 leur histoire et \u00e0 leurs relations avec les mus\u00e9es. Bien qu'il se concentre principalement sur les communaut\u00e9s Haudenosaunee (alias Iroquois), il esp\u00e8re que ce travail servira de mod\u00e8le pour une application plus large parmi les autres cultures indig\u00e8nes et les mus\u00e9es dans lesquels elles sont repr\u00e9sent\u00e9es par des collections et des expositions. Il consid\u00e8re les nombreux d\u00e9fis que doivent relever les mus\u00e9es pour surmonter l'h\u00e9ritage de l'appropriation et de la repr\u00e9sentation erron\u00e9es des cultures indig\u00e8nes.  Comment les deux parties peuvent-elles travailler ensemble pour parvenir \u00e0 une repr\u00e9sentation plus pr\u00e9cise et mutuellement b\u00e9n\u00e9fique de la richesse et de la complexit\u00e9 des soci\u00e9t\u00e9s autochtones ? Dans son expos\u00e9, il discutera des termes du d\u00e9bat et de quelques solutions possibles pour aller de l'avant.<\/p>\n<\/div><\/section><br \/>\n<div   class='av-special-heading av-special-heading-h4   blockquote modern-quote  avia-builder-el-183  el_after_av_textblock  el_before_av_textblock' ><h4 class='av-special-heading-tag'   itemprop=\"headline\"  >\u00c0 propos de l'orateur<\/h4><div class='special-heading-border'><div class='special-heading-inner-border' ><\/div><\/div><\/div><br \/>\n<section class=\"av_textblock_section\"  itemscope=\"itemscope\" itemtype=\"https:\/\/schema.org\/CreativeWork\"  ><div class='avia_textblock'  style='font-size:18px; '  itemprop=\"text\" ><p><img loading=\"lazy\" decoding=\"async\" class=\"alignleft wp-image-8068 size-thumbnail\" src=\"https:\/\/www.theadkx.org\/wp-content\/uploads\/2021\/12\/DSC0929-80x80.jpeg\" alt=\"\" width=\"80\" height=\"80\" \/><strong>Professeur Scott Manning Stevens<\/strong> est originaire de ce qui s'appelle aujourd'hui l'\u00c9tat de New York et est le directeur des \u00e9tudes sur les Am\u00e9rindiens et les Autochtones \u00e0 l'Universit\u00e9 de Syracuse.  Apr\u00e8s avoir obtenu son B.A. \u00e0 Dartmouth et son M.A. et son doctorat en litt\u00e9rature \u00e0 Harvard, M. Stevens a occup\u00e9 des postes \u00e0 l'Arizona State University, \u00e0 la SUNY de Buffalo et \u00e0 la Syracuse University.  Il a publi\u00e9 de nombreux articles et chapitres de livres sur des questions li\u00e9es aux \u00e9tudes indig\u00e8nes, notamment sur la culture mat\u00e9rielle et les mus\u00e9es.  Il a re\u00e7u des subventions et des bourses de la Fondation Mellon, de la Fondation Ford et du National Endowment for the Humanities. Il est actuellement membre du Radcliffe Institute for Advanced Study de l'universit\u00e9 de Harvard.<\/p>\n<\/div><\/section><br \/>\n<div  style='height:30px' class='hr hr-invisible    avia-builder-el-185  el_after_av_textblock  el_before_av_button' ><span class='hr-inner' ><span class='hr-inner-style'><\/span><\/span><\/div><br \/>\n<div  class='avia-button-wrap avia-button-left    avia-builder-el-186  el_after_av_hr  avia-builder-el-last'  ><a href='https:\/\/www.youtube.com\/watch?v=bvzWOzt_zVs '  class='avia-button   avia-icon_select-no avia-color-border avia-size-medium avia-position-left'  target=\"_blank\"   ><span class='avia_iconbox_title' >Regardez l'enregistrement<\/span><\/a><\/div><\/p><\/div><\/div><\/div><!--close column table wrapper. Autoclose: 1 --><div   class='hr hr-default    avia-builder-el-187  el_after_av_two_third  el_before_av_one_third' ><span class='hr-inner' ><span class='hr-inner-style'><\/span><\/span><\/div>\n<div   class='flex_column_table  ep-lazy-loaded   av-equal-height-column-flextable -flextable flex-column-table-22'  ><div  class=\"flex_column av_one_third  flex_column_table_cell av-equal-height-column av-align-top ep-lazy-loaded first  avia-builder-el-188  el_after_av_hr  el_before_av_two_third\" ><div class=\"flex-column-inner\"><div  class='avia-image-container  av-styling-      avia-builder-el-189  avia-builder-el-no-sibling  avia-align-center'  itemprop=\"image\" itemscope=\"itemscope\" itemtype=\"https:\/\/schema.org\/ImageObject\"   ><div class='avia-image-container-inner'><div class='avia-image-overlay-wrap'><img decoding=\"async\" fetchpriority=\"high\" class='wp-image-7809 avia-img-lazy-loading-not-7809 avia_image' src=\"https:\/\/www.theadkx.org\/wp-content\/uploads\/2021\/10\/p030510-crop.jpg\" alt='' title='' height=\"410\" width=\"729\"  itemprop=\"thumbnailUrl\" srcset=\"https:\/\/www.theadkx.org\/wp-content\/uploads\/2021\/10\/p030510-crop.jpg 729w, https:\/\/www.theadkx.org\/wp-content\/uploads\/2021\/10\/p030510-crop-300x169.jpg 300w, https:\/\/www.theadkx.org\/wp-content\/uploads\/2021\/10\/p030510-crop-18x10.jpg 18w\" sizes=\"(max-width: 729px) 100vw, 729px\" \/><\/div><\/div><\/div><\/div><\/div><div class='av-flex-placeholder' ><\/div><div  class=\"flex_column av_two_third  flex_column_table_cell av-equal-height-column av-align-top ep-lazy-loaded   avia-builder-el-190  el_after_av_one_third  el_before_av_hr\" ><div class=\"flex-column-inner\"><p><div   class='av-special-heading av-special-heading-h3   blockquote modern-quote  avia-builder-el-191  el_before_av_textblock  avia-builder-el-first' ><h3 class='av-special-heading-tag'   itemprop=\"headline\"  >Les \u00e9tudes photographiques de William J. Stillman dans les Adirondacks<\/h3><div class ='av-subheading av-subheading_below' style='font-size:15px;'><p>Lundi 13 d\u00e9cembre 2021 | 19h00<\/p>\n<\/div><div class='special-heading-border'><div class='special-heading-inner-border' ><\/div><\/div><\/div><br \/>\n<section class=\"av_textblock_section\"  itemscope=\"itemscope\" itemtype=\"https:\/\/schema.org\/CreativeWork\"  ><div class='avia_textblock'   itemprop=\"text\" ><p>Le peintre et photographe William J. Stillman ressentait un lien profond avec les Adirondacks. Cette conf\u00e9rence examinera de pr\u00e8s les voyages de camping de Stillman \u00e0 la fin des ann\u00e9es 1850 en tant que membre du camp des philosophes, qui comprenait Ralph Waldo Emerson, James Russell Lowell et Louis Agassiz, ainsi que ses voyages en solo, dont le point culminant est son extraordinaire portfolio d'\u00e9tudes photographiques de la for\u00eat r\u00e9alis\u00e9 en 1859.<\/p>\n<\/div><\/section><br \/>\n<div   class='av-special-heading av-special-heading-h4   blockquote modern-quote  avia-builder-el-193  el_after_av_textblock  el_before_av_textblock' ><h4 class='av-special-heading-tag'   itemprop=\"headline\"  >\u00c0 propos de l'orateur<\/h4><div class='special-heading-border'><div class='special-heading-inner-border' ><\/div><\/div><\/div><br \/>\n<section class=\"av_textblock_section\"  itemscope=\"itemscope\" itemtype=\"https:\/\/schema.org\/CreativeWork\"  ><div class='avia_textblock'  style='font-size:18px; '  itemprop=\"text\" ><p><img loading=\"lazy\" decoding=\"async\" class=\"alignleft wp-image-7997 size-thumbnail\" style=\"font-size: 16px;\" src=\"https:\/\/www.theadkx.org\/wp-content\/uploads\/2021\/10\/Diane-Waggoner-Bio-Pic-80x80.png\" alt=\"\" width=\"80\" height=\"80\" \/><span style=\"font-size: 16px;\"><strong>Diane Waggoner<\/strong> est conservatrice des photographies \u00e0 la National Gallery of Art de Washington. Elle a contribu\u00e9 \u00e0 plusieurs publications sur la photographie et a \u00e9t\u00e9 commissaire de nombreuses expositions, notamment The Pre-Raphaelite Lens : British Photography and Painting, 1848-1875 (2010) et East of the Mississippi : Nineteenth-Century American Landscape Photography (2017). En 2020, elle a publi\u00e9 la monographie Lewis Carroll's Photography and Modern Childhood (Princeton University Press).<\/span><\/p>\n<\/div><\/section><br \/>\n<div  style='height:30px' class='hr hr-invisible    avia-builder-el-195  el_after_av_textblock  el_before_av_button' ><span class='hr-inner' ><span class='hr-inner-style'><\/span><\/span><\/div><br \/>\n<div  class='avia-button-wrap avia-button-left    avia-builder-el-196  el_after_av_hr  avia-builder-el-last'  ><a href='https:\/\/www.youtube.com\/watch?v=VN73ekxzmBU'  class='avia-button   avia-icon_select-no avia-color-border avia-size-medium avia-position-left'  target=\"_blank\"   ><span class='avia_iconbox_title' >Regardez l'enregistrement<\/span><\/a><\/div><\/p><\/div><\/div><\/div><!--close column table wrapper. Autoclose: 1 --><div   class='hr hr-default    avia-builder-el-197  el_after_av_two_third  el_before_av_one_third' ><span class='hr-inner' ><span class='hr-inner-style'><\/span><\/span><\/div>\n<div   class='flex_column_table  ep-lazy-loaded   av-equal-height-column-flextable -flextable flex-column-table-23'  ><div  class=\"flex_column av_one_third  flex_column_table_cell av-equal-height-column av-align-top ep-lazy-loaded first  avia-builder-el-198  el_after_av_hr  el_before_av_two_third\" ><div class=\"flex-column-inner\"><div  class='avia-image-container  av-styling-      avia-builder-el-199  avia-builder-el-no-sibling  avia-align-center'  itemprop=\"image\" itemscope=\"itemscope\" itemtype=\"https:\/\/schema.org\/ImageObject\"   ><div class='avia-image-container-inner'><div class='avia-image-overlay-wrap'><img decoding=\"async\" fetchpriority=\"high\" class='wp-image-6616 avia-img-lazy-loading-not-6616 avia_image' src=\"https:\/\/www.theadkx.org\/wp-content\/uploads\/2021\/08\/1972.036.0001-crop.jpg\" alt='' title='1972.036.0001 culture' height=\"354\" width=\"631\"  itemprop=\"thumbnailUrl\" srcset=\"https:\/\/www.theadkx.org\/wp-content\/uploads\/2021\/08\/1972.036.0001-crop.jpg 631w, https:\/\/www.theadkx.org\/wp-content\/uploads\/2021\/08\/1972.036.0001-crop-300x168.jpg 300w, https:\/\/www.theadkx.org\/wp-content\/uploads\/2021\/08\/1972.036.0001-crop-18x10.jpg 18w\" sizes=\"(max-width: 631px) 100vw, 631px\" \/><\/div><\/div><\/div><\/div><\/div><div class='av-flex-placeholder' ><\/div><div  class=\"flex_column av_two_third  flex_column_table_cell av-equal-height-column av-align-top ep-lazy-loaded   avia-builder-el-200  el_after_av_one_third  el_before_av_hr\" ><div class=\"flex-column-inner\"><p><div   class='av-special-heading av-special-heading-h3   blockquote modern-quote  avia-builder-el-201  el_before_av_textblock  avia-builder-el-first' ><h3 class='av-special-heading-tag'   itemprop=\"headline\"  >Race et g\u00e9ographie dans la tradition du paysage am\u00e9ricain<\/h3><div class ='av-subheading av-subheading_below' style='font-size:15px;'><p>Lundi 15 novembre 2021 | 19h00<\/p>\n<\/div><div class='special-heading-border'><div class='special-heading-inner-border' ><\/div><\/div><\/div><br \/>\n<section class=\"av_textblock_section\"  itemscope=\"itemscope\" itemtype=\"https:\/\/schema.org\/CreativeWork\"  ><div class='avia_textblock'   itemprop=\"text\" ><p>Au milieu du XIXe si\u00e8cle aux \u00c9tats-Unis, la peinture de paysage \u00e9tait une forme d'art florissante. Des peintres ayant beaucoup voyag\u00e9 c\u00e9l\u00e9braient la beaut\u00e9 et les merveilles de lieux tels que les Adirondacks, d\u00e9crivant ses montagnes et ses rivi\u00e8res comme dignes d'une c\u00e9l\u00e9bration patriotique. Parall\u00e8lement, leur succ\u00e8s artistique a fait de la r\u00e9gion un centre touristique. La croissance du tourisme paysager et l'art paysager \u00e9taient des activit\u00e9s privil\u00e9gi\u00e9es \u00e0 une \u00e9poque de division raciale. Cet expos\u00e9 examinera la mani\u00e8re dont la race a influenc\u00e9 le paysage am\u00e9ricain. Comment les Noirs et les Blancs interagissaient-ils dans des paysages tels que les Adirondacks ? Comment les artistes afro-am\u00e9ricains qui ont choisi de peindre des paysages ont-ils g\u00e9r\u00e9 les limites de leur mobilit\u00e9 ?<\/p>\n<\/div><\/section><br \/>\n<div   class='av-special-heading av-special-heading-h4   blockquote modern-quote  avia-builder-el-203  el_after_av_textblock  el_before_av_textblock' ><h4 class='av-special-heading-tag'   itemprop=\"headline\"  >\u00c0 propos de l'orateur<\/h4><div class='special-heading-border'><div class='special-heading-inner-border' ><\/div><\/div><\/div><br \/>\n<section class=\"av_textblock_section\"  itemscope=\"itemscope\" itemtype=\"https:\/\/schema.org\/CreativeWork\"  ><div class='avia_textblock'  style='font-size:18px; '  itemprop=\"text\" ><p><strong><img loading=\"lazy\" decoding=\"async\" class=\"alignleft wp-image-6613 size-thumbnail\" src=\"https:\/\/www.theadkx.org\/wp-content\/uploads\/2021\/08\/Cao-headshot-2020-80x80.jpg\" alt=\"\" width=\"80\" height=\"80\" \/><\/strong><\/p>\n<p><strong>Maggie Cao<\/strong> est professeur adjoint d'histoire de l'art \u00e0 l'universit\u00e9 de Caroline du Nord \u00e0 Chapel Hill. Elle est historienne de l'art am\u00e9ricain des XVIIIe et XIXe si\u00e8cles dans un contexte mondial. Son premier livre,\u00a0<em>The End of Landscape in Nineteenth-Century America (La fin du paysage dans l'Am\u00e9rique du XIXe si\u00e8cle),\u00a0<\/em>publi\u00e9 en 2018, a examin\u00e9 la chute de la tradition du paysage face aux changements g\u00e9ographiques, \u00e9conomiques, environnementaux. Elle \u00e9crit actuellement un livre sur la peinture am\u00e9ricaine et la construction d'empire \u00e0 l'\u00e9tranger au XIXe si\u00e8cle.<\/p>\n<\/div><\/section><br \/>\n<div  style='height:30px' class='hr hr-invisible    avia-builder-el-205  el_after_av_textblock  el_before_av_button' ><span class='hr-inner' ><span class='hr-inner-style'><\/span><\/span><\/div><br \/>\n<div  class='avia-button-wrap avia-button-left    avia-builder-el-206  el_after_av_hr  avia-builder-el-last'  ><a href='https:\/\/www.youtube.com\/watch?v=lRgtSo2Br58'  class='avia-button   avia-icon_select-no avia-color-border avia-size-medium avia-position-left'  target=\"_blank\"   ><span class='avia_iconbox_title' >Regardez l'enregistrement<\/span><\/a><\/div><\/p><\/div><\/div><\/div><!--close column table wrapper. Autoclose: 1 --><div   class='hr hr-default    avia-builder-el-207  el_after_av_two_third  el_before_av_one_third' ><span class='hr-inner' ><span class='hr-inner-style'><\/span><\/span><\/div>\n<div   class='flex_column_table  ep-lazy-loaded   av-equal-height-column-flextable -flextable flex-column-table-24'  ><div  class=\"flex_column av_one_third  flex_column_table_cell av-equal-height-column av-align-top ep-lazy-loaded first  avia-builder-el-208  el_after_av_hr  el_before_av_two_third\" ><div class=\"flex-column-inner\"><div  class='avia-image-container  av-styling-      avia-builder-el-209  avia-builder-el-no-sibling  avia-align-center'  itemprop=\"image\" itemscope=\"itemscope\" itemtype=\"https:\/\/schema.org\/ImageObject\"   ><div class='avia-image-container-inner'><div class='avia-image-overlay-wrap'><img decoding=\"async\" fetchpriority=\"high\" class='wp-image-7239 avia-img-lazy-loading-not-7239 avia_image' src=\"https:\/\/www.theadkx.org\/wp-content\/uploads\/2021\/09\/Capture-crop.jpg\" alt='Gros plan sur une peinture d&#039;un \u00e9v\u00e9nement de la s\u00e9rie Artistes + Inspiration.' title='' height=\"298\" width=\"529\"  itemprop=\"thumbnailUrl\" srcset=\"https:\/\/www.theadkx.org\/wp-content\/uploads\/2021\/09\/Capture-crop.jpg 529w, https:\/\/www.theadkx.org\/wp-content\/uploads\/2021\/09\/Capture-crop-300x169.jpg 300w, https:\/\/www.theadkx.org\/wp-content\/uploads\/2021\/09\/Capture-crop-18x10.jpg 18w\" sizes=\"(max-width: 529px) 100vw, 529px\" \/><\/div><\/div><\/div><\/div><\/div><div class='av-flex-placeholder' ><\/div><div  class=\"flex_column av_two_third  flex_column_table_cell av-equal-height-column av-align-top ep-lazy-loaded   avia-builder-el-210  el_after_av_one_third  el_before_av_hr\" ><div class=\"flex-column-inner\"><p><div   class='av-special-heading av-special-heading-h3   blockquote modern-quote  avia-builder-el-211  el_before_av_textblock  avia-builder-el-first' ><h3 class='av-special-heading-tag'   itemprop=\"headline\"  >Raconter des histoires avec des pigments et des mots parl\u00e9s<\/h3><div class ='av-subheading av-subheading_below' style='font-size:15px;'><p>Lundi 18 octobre 2021 | 19h00<\/p>\n<\/div><div class='special-heading-border'><div class='special-heading-inner-border' ><\/div><\/div><\/div><br \/>\n<section class=\"av_textblock_section\"  itemscope=\"itemscope\" itemtype=\"https:\/\/schema.org\/CreativeWork\"  ><div class='avia_textblock'   itemprop=\"text\" ><p>Veuillez vous joindre \u00e0 nous pour une soir\u00e9e avec Dave Fadden. Dave parlera de son travail d'artiste, d'\u00e9ducateur et de conteur et de la fa\u00e7on dont ces r\u00f4les contribuent \u00e0 faire conna\u00eetre la culture et la soci\u00e9t\u00e9 des peuples autochtones en g\u00e9n\u00e9ral et des Haudenosaunee en particulier. Il expliquera comment son travail contribue \u00e0 \u00e9liminer les id\u00e9es fausses et les st\u00e9r\u00e9otypes sur les peuples autochtones par la repr\u00e9sentation de ces derniers dans des situations et des contextes historiques et contemporains. \u00c0 travers la voix de Dave, les contes relatent des notions culturelles et historiques d'une mani\u00e8re divertissante pour tous les \u00e2ges.<\/p>\n<\/div><\/section><br \/>\n<div   class='av-special-heading av-special-heading-h4   blockquote modern-quote  avia-builder-el-213  el_after_av_textblock  el_before_av_textblock' ><h4 class='av-special-heading-tag'   itemprop=\"headline\"  >\u00c0 propos de l'orateur<\/h4><div class='special-heading-border'><div class='special-heading-inner-border' ><\/div><\/div><\/div><br \/>\n<section class=\"av_textblock_section\"  itemscope=\"itemscope\" itemtype=\"https:\/\/schema.org\/CreativeWork\"  ><div class='avia_textblock'  style='font-size:18px; '  itemprop=\"text\" ><p><strong><img loading=\"lazy\" decoding=\"async\" class=\"alignleft wp-image-7234 size-thumbnail\" src=\"https:\/\/www.theadkx.org\/wp-content\/uploads\/2021\/09\/DFadden-80x80.jpg\" alt=\"\" width=\"80\" height=\"80\" \/><\/strong><\/p>\n<p><strong>David Kanietakeron Fadden<\/strong> est un conteur et peintre mohawk d'Akwesasne. Il s'est form\u00e9 en tant qu'artiste \u00e0 l'\u00e9cole et sous la direction de sa famille - son p\u00e8re John, illustrateur et peintre, sa m\u00e8re Elizabeth, sculpteur et potier, et son d\u00e9funt grand-p\u00e8re Ray, concepteur et fondateur du Six Nations Indian Museum (aujourd'hui Six Nations Iroquois Cultural Center) \u00e0 Onchiota, dans l'\u00c9tat de New York.<\/p>\n<p>En plus de figurer dans d'innombrables publications et projets mus\u00e9aux, ses \u0153uvres ont \u00e9t\u00e9 expos\u00e9es dans tout l'\u00c9tat de New York, \u00e0 Albany, au Lake Placid Center for the Arts, au Unison Arts &amp; Learning Center de New Paltz et au National Museum of American Indian, ainsi qu'au Canada, \u00e0 la Cornwall Regional Art Gallery, au Centre Interculturel Strathearn de Montr\u00e9al et au Centre d'art autochtone de Gatineau, au Qu\u00e9bec.<\/p>\n<\/div><\/section><br \/>\n<div  style='height:30px' class='hr hr-invisible    avia-builder-el-215  el_after_av_textblock  el_before_av_button' ><span class='hr-inner' ><span class='hr-inner-style'><\/span><\/span><\/div><br \/>\n<div  class='avia-button-wrap avia-button-left    avia-builder-el-216  el_after_av_hr  avia-builder-el-last'  ><a href='https:\/\/www.youtube.com\/watch?v=TAzPbRe4DkY'  class='avia-button   avia-icon_select-no avia-color-border avia-size-medium avia-position-left'  target=\"_blank\"   ><span class='avia_iconbox_title' >Regardez l'enregistrement<\/span><\/a><\/div><\/p><\/div><\/div><\/div><!--close column table wrapper. Autoclose: 1 --><div  style=' margin-top:50px; margin-bottom:0px;'  class='hr hr-custom hr-center   hr-icon-no    avia-builder-el-217  el_after_av_two_third  el_before_av_one_third' ><span class='hr-inner   inner-border-av-border-fat' style=' width:800px; border-color:#719430;' ><span class='hr-inner-style'><\/span><\/span><\/div>\n<div   class='flex_column_table  ep-lazy-loaded   av-equal-height-column-flextable -flextable flex-column-table-25'  ><div  class=\"flex_column av_one_third  flex_column_table_cell av-equal-height-column av-align-top ep-lazy-loaded first  avia-builder-el-218  el_after_av_hr  el_before_av_two_third\" ><div class=\"flex-column-inner\"><div  class='avia-image-container  av-styling-      avia-builder-el-219  avia-builder-el-no-sibling  avia-align-center'  itemprop=\"image\" itemscope=\"itemscope\" itemtype=\"https:\/\/schema.org\/ImageObject\"   ><div class='avia-image-container-inner'><div class='avia-image-overlay-wrap'><img decoding=\"async\" fetchpriority=\"high\" class='wp-image-6625 avia-img-lazy-loading-not-6625 avia_image' src=\"https:\/\/www.theadkx.org\/wp-content\/uploads\/2021\/08\/IMG_0090-scaled.jpg\" alt='' title='IMG_0090' height=\"1440\" width=\"2560\"  itemprop=\"thumbnailUrl\" srcset=\"https:\/\/www.theadkx.org\/wp-content\/uploads\/2021\/08\/IMG_0090-scaled.jpg 2560w, https:\/\/www.theadkx.org\/wp-content\/uploads\/2021\/08\/IMG_0090-300x169.jpg 300w, https:\/\/www.theadkx.org\/wp-content\/uploads\/2021\/08\/IMG_0090-1030x579.jpg 1030w, https:\/\/www.theadkx.org\/wp-content\/uploads\/2021\/08\/IMG_0090-768x432.jpg 768w, https:\/\/www.theadkx.org\/wp-content\/uploads\/2021\/08\/IMG_0090-1536x864.jpg 1536w, https:\/\/www.theadkx.org\/wp-content\/uploads\/2021\/08\/IMG_0090-2048x1152.jpg 2048w, https:\/\/www.theadkx.org\/wp-content\/uploads\/2021\/08\/IMG_0090-18x10.jpg 18w\" sizes=\"(max-width: 2560px) 100vw, 2560px\" \/><\/div><\/div><\/div><\/div><\/div><div class='av-flex-placeholder' ><\/div><div  class=\"flex_column av_two_third  flex_column_table_cell av-equal-height-column av-align-top ep-lazy-loaded   avia-builder-el-220  el_after_av_one_third  el_before_av_hr\" ><div class=\"flex-column-inner\"><p><div   class='av-special-heading av-special-heading-h3   blockquote modern-quote  avia-builder-el-221  el_before_av_textblock  avia-builder-el-first' ><h3 class='av-special-heading-tag'   itemprop=\"headline\"  >\u00c0 la d\u00e9couverte des tr\u00e9sors de l'Adirondack<\/h3><div class ='av-subheading av-subheading_below' style='font-size:15px;'><p>Lundi 20 septembre 2021 | 19h00<\/p>\n<\/div><div class='special-heading-border'><div class='special-heading-inner-border' ><\/div><\/div><\/div><br \/>\n<section class=\"av_textblock_section\"  itemscope=\"itemscope\" itemtype=\"https:\/\/schema.org\/CreativeWork\"  ><div class='avia_textblock'   itemprop=\"text\" ><p>Les marchands sont des acteurs centraux du march\u00e9 de l'art, de la photographie, des meubles rustiques et d'autres mat\u00e9riaux des Adirondacks. Ils aident les mus\u00e9es et les collectionneurs priv\u00e9s \u00e0 constituer et \u00e0 affiner leurs collections. Ils d\u00e9couvrent des chefs-d'\u0153uvre dans des endroits improbables et mettent en lumi\u00e8re des artistes m\u00e9connus et des cat\u00e9gories enti\u00e8res d'objets de collection jusqu'alors sous-\u00e9valu\u00e9s. \u00c9coutez deux des professionnels travaillant dans le domaine de l'art et des antiquit\u00e9s des Adirondacks, Christopher English et Robert Doyle. Ils partageront certaines de leurs histoires les plus insolites, notamment les acquisitions et les ventes qui les ont marqu\u00e9s au cours de leur carri\u00e8re.<\/p>\n<\/div><\/section><br \/>\n<div   class='av-special-heading av-special-heading-h4   blockquote modern-quote  avia-builder-el-223  el_after_av_textblock  el_before_av_textblock' ><h4 class='av-special-heading-tag'   itemprop=\"headline\"  >A propos des orateurs<\/h4><div class='special-heading-border'><div class='special-heading-inner-border' ><\/div><\/div><\/div><br \/>\n<section class=\"av_textblock_section\"  itemscope=\"itemscope\" itemtype=\"https:\/\/schema.org\/CreativeWork\"  ><div class='avia_textblock'  style='font-size:18px; '  itemprop=\"text\" ><p><strong>Christopher English<\/strong> est le co-propri\u00e9taire de The Adirondack Store \u00e0 Lake Placid, qui a r\u00e9cemment ouvert une salle d'exposition suppl\u00e9mentaire \u00e0 Tupper Lake. Christopher a pass\u00e9 sa vie professionnelle \u00e0 rechercher et \u00e0 \u00e9changer des objets d'art, des antiquit\u00e9s et des taxidermies haut de gamme. Avant d'acheter l'Adirondack Store, Christopher et son partenaire Stephen Dori Shin ont fond\u00e9 et exploit\u00e9 Antediluvian, un magasin d'antiquit\u00e9s et de curiosit\u00e9s \u00e0 Lake Placid. Aujourd'hui, ils mettent l'accent sur la mise en valeur de l'histoire oubli\u00e9e de l'Adirondack Store, vieux de plus de 60 ans, et s'efforcent de cr\u00e9er une histoire future.<\/p>\n<p>Robert Doyle \u00e9tait le propri\u00e9taire de l'ancienne galerie rustique Adirondack Antiques. En 1983, il a collabor\u00e9 avec le Lake Placid Center for the Arts pour organiser une exposition-vente de meubles rustiques et d'art am\u00e9rindien. Cette exposition \u00e9tait la premi\u00e8re fois que des meubles Adirondack \u00e9taient pr\u00e9sent\u00e9s dans une galerie d'art et a suscit\u00e9 un int\u00e9r\u00eat pour le style rustique. Comme les pi\u00e8ces anciennes sont devenues plus difficiles \u00e0 trouver et que les fabricants modernes ont pris de l'importance, Robert s'est d\u00e9tourn\u00e9 des meubles pour revenir \u00e0 sa premi\u00e8re passion pour l'art am\u00e9rindien ancien.<\/p>\n<\/div><\/section><br \/>\n<div  style='height:30px' class='hr hr-invisible    avia-builder-el-225  el_after_av_textblock  el_before_av_button' ><span class='hr-inner' ><span class='hr-inner-style'><\/span><\/span><\/div><br \/>\n<div  class='avia-button-wrap avia-button-left    avia-builder-el-226  el_after_av_hr  avia-builder-el-last'  ><a href='https:\/\/www.youtube.com\/watch?v=vjpP75YWh5s'  class='avia-button   avia-icon_select-no avia-color-border avia-size-medium avia-position-left'  target=\"_blank\"   ><span class='avia_iconbox_title' >Regardez l'enregistrement<\/span><\/a><\/div><\/p><\/div><\/div><\/div><!--close column table wrapper. Autoclose: 1 --><div  style=' margin-top:50px; margin-bottom:0px;'  class='hr hr-custom hr-center   hr-icon-no    avia-builder-el-227  el_after_av_two_third  el_before_av_one_third' ><span class='hr-inner   inner-border-av-border-fat' style=' width:800px; border-color:#719430;' ><span class='hr-inner-style'><\/span><\/span><\/div>\n<div   class='flex_column_table  ep-lazy-loaded   av-equal-height-column-flextable -flextable flex-column-table-26'  ><div  class=\"flex_column av_one_third  flex_column_table_cell av-equal-height-column av-align-top ep-lazy-loaded first  avia-builder-el-228  el_after_av_hr  el_before_av_two_third\" ><div class=\"flex-column-inner\"><div  class='avia-image-container  av-styling-      avia-builder-el-229  avia-builder-el-no-sibling  avia-align-center'  itemprop=\"image\" itemscope=\"itemscope\" itemtype=\"https:\/\/schema.org\/ImageObject\"   ><div class='avia-image-container-inner'><div class='avia-image-overlay-wrap'><img decoding=\"async\" fetchpriority=\"high\" class='wp-image-5609 avia-img-lazy-loading-not-5609 avia_image' src=\"https:\/\/www.theadkx.org\/wp-content\/uploads\/2021\/06\/IMG_E9904_July19.jpg\" alt='' title='IMG_E9904_July19' height=\"1074\" width=\"1536\"  itemprop=\"thumbnailUrl\" srcset=\"https:\/\/www.theadkx.org\/wp-content\/uploads\/2021\/06\/IMG_E9904_July19.jpg 1536w, https:\/\/www.theadkx.org\/wp-content\/uploads\/2021\/06\/IMG_E9904_July19-300x210.jpg 300w, https:\/\/www.theadkx.org\/wp-content\/uploads\/2021\/06\/IMG_E9904_July19-1030x720.jpg 1030w, https:\/\/www.theadkx.org\/wp-content\/uploads\/2021\/06\/IMG_E9904_July19-768x537.jpg 768w\" sizes=\"(max-width: 1536px) 100vw, 1536px\" \/><\/div><\/div><\/div><\/div><\/div><div class='av-flex-placeholder' ><\/div><div  class=\"flex_column av_two_third  flex_column_table_cell av-equal-height-column av-align-top ep-lazy-loaded   avia-builder-el-230  el_after_av_one_third  el_before_av_hr\" ><div class=\"flex-column-inner\"><p><div   class='av-special-heading av-special-heading-h3   blockquote modern-quote  avia-builder-el-231  el_before_av_textblock  avia-builder-el-first' ><h3 class='av-special-heading-tag'   itemprop=\"headline\"  >Iakwatatenonhwe (Nous sommes li\u00e9s) : Voix de l'\u00eele de la Tortue<\/h3><div class ='av-subheading av-subheading_below' style='font-size:15px;'><p>Lundi 23 ao\u00fbt 2021 | 19h00<\/p>\n<\/div><div class='special-heading-border'><div class='special-heading-inner-border' ><\/div><\/div><\/div><br \/>\n<section class=\"av_textblock_section\"  itemscope=\"itemscope\" itemtype=\"https:\/\/schema.org\/CreativeWork\"  ><div class='avia_textblock'   itemprop=\"text\" ><p>D\u00e9couvrez l'imagination et la passion qui se cachent derri\u00e8re l'art prim\u00e9 de Carla et Babe Hemlock. De la conception au processus, les expressions exquises des Hemlocks honorent et c\u00e9l\u00e8brent leurs valeurs et traditions Kanien'k\u00e9ha (Mohawk). En plus d'une discussion sur leurs processus cr\u00e9atifs, les Hemlocks parleront du r\u00f4le de leur travail dans la confrontation des questions de souverainet\u00e9 et dans l'initiation du dialogue autour des pr\u00e9occupations environnementales. Les commissaires Laura Rice (ADXX) et Colette Lemmon (Iroquois Museum) se joindront aux Hemlocks pour explorer les multiples facettes du r\u00f4le des arts dans la culture Haudenosaunee et les limites des cat\u00e9gories traditionnelles de l'art indig\u00e8ne.<\/p>\n<\/div><\/section><br \/>\n<div   class='av-special-heading av-special-heading-h4   blockquote modern-quote  avia-builder-el-233  el_after_av_textblock  el_before_av_textblock' ><h4 class='av-special-heading-tag'   itemprop=\"headline\"  >A propos des orateurs<\/h4><div class='special-heading-border'><div class='special-heading-inner-border' ><\/div><\/div><\/div><br \/>\n<section class=\"av_textblock_section\"  itemscope=\"itemscope\" itemtype=\"https:\/\/schema.org\/CreativeWork\"  ><div class='avia_textblock'  style='font-size:18px; '  itemprop=\"text\" ><p><img loading=\"lazy\" decoding=\"async\" class=\"alignleft wp-image-5592\" src=\"https:\/\/www.theadkx.org\/wp-content\/uploads\/2021\/06\/July-19-CarlaHemlocksq.jpg\" alt=\"\" width=\"200\" height=\"200\" srcset=\"https:\/\/www.theadkx.org\/wp-content\/uploads\/2021\/06\/July-19-CarlaHemlocksq.jpg 422w, https:\/\/www.theadkx.org\/wp-content\/uploads\/2021\/06\/July-19-CarlaHemlocksq-300x300.jpg 300w, https:\/\/www.theadkx.org\/wp-content\/uploads\/2021\/06\/July-19-CarlaHemlocksq-80x80.jpg 80w\" sizes=\"auto, (max-width: 200px) 100vw, 200px\" \/><strong>Carla Hemlock<\/strong>Mohawk de Kahnawake, est une artiste autodidacte qui travaille sur des textiles, des perles et des techniques mixtes. Elle a particip\u00e9 \u00e0 de nombreuses expositions collectives dans des lieux tr\u00e8s divers, notamment \"Changing Hands 3\" au Museum of Arts and Design NYC et \"Native Fashion Now\" au Peabody Essex Museum de Salem, dans le Massachusetts.  Au niveau international, son travail a \u00e9t\u00e9 expos\u00e9 au Kunstund Ausstellugshalle der Bundesrepublik Deutschland, \u00e0 Bonn, et au Martin Gropius Bau \u00e0 Berlin, en Allemagne.  Elle a \u00e9galement fait une tourn\u00e9e en Russie pour l'exposition \"Woven Together\". Ses \u0153uvres se trouvent dans de nombreuses institutions publiques, notamment le Smithsonian National Museum American Indian \u00e0 Washington, DC, le Minneapolis Institute of Art et le Mus\u00e9e national des beaux-arts du Qu\u00e9bec.<\/p>\n<p><img loading=\"lazy\" decoding=\"async\" class=\"alignleft wp-image-5593\" src=\"https:\/\/www.theadkx.org\/wp-content\/uploads\/2021\/06\/July-19-BabeHemlocksq.jpg\" alt=\"\" width=\"200\" height=\"200\" srcset=\"https:\/\/www.theadkx.org\/wp-content\/uploads\/2021\/06\/July-19-BabeHemlocksq.jpg 470w, https:\/\/www.theadkx.org\/wp-content\/uploads\/2021\/06\/July-19-BabeHemlocksq-300x300.jpg 300w, https:\/\/www.theadkx.org\/wp-content\/uploads\/2021\/06\/July-19-BabeHemlocksq-80x80.jpg 80w\" sizes=\"auto, (max-width: 200px) 100vw, 200px\" \/><\/p>\n<p><strong>Donald \"Babe\" Hemlock<\/strong>Mohawk de Kahnawake, est un artiste autodidacte qui travaille le bois, la peinture et les berceaux. Il a particip\u00e9 \u00e0 des expositions collectives dans un large \u00e9ventail de lieux, notamment \"Changing Hands 3\" au Museum of Arts and Design NYC et au Iroquois Museum \u00e0 Howes Cave, NY, o\u00f9 lui et sa femme Carla ont re\u00e7u le \"Excellence in Iroquois Arts Award\".  Au niveau international, ses \u0153uvres ont \u00e9t\u00e9 expos\u00e9es au Kunstund Ausstellungshalle der Bundesrepublic Deutschland Bonn et au Martin Gropius Bau \u00e0 Berlin, en Allemagne.  Ses \u0153uvres figurent dans de nombreuses collections publiques, dont le Smithsonian National Museum American Indian \u00e0 Washington, DC, le Nerman Museum of Contemporary Art \u00e0 Overland Park, Kansas, et le Sequoyah National Research Centre \u00e0 Little Rock, Arkansas.<\/p>\n<p><img loading=\"lazy\" decoding=\"async\" class=\"wp-image-5594 alignleft\" src=\"https:\/\/www.theadkx.org\/wp-content\/uploads\/2021\/06\/July-19-Colette-Lemmonsq-e1622680134173.jpg\" alt=\"\" width=\"200\" height=\"200\" \/><strong>Colette Lemmon<\/strong>\u00a0est conservatrice des expositions au Mus\u00e9e des Indiens Iroquois. Elle est titulaire d'une ma\u00eetrise en \u00e9tudes mus\u00e9ales, d'une licence en anthropologie et en histoire de l'art, et a suivi une formation en documentation de l'histoire orale au Smithsonian Folklife Center et \u00e0 l'universit\u00e9 d'Indiana.  Elle a organis\u00e9 de nombreuses expositions, men\u00e9 des recherches et \u00e9crit sur l'art Haudenosaunee\/Iroquois en tant que consultante pour le d\u00e9partement d'ethnologie du New York State Museum, le Seneca-Iroquois National Museum (Salamanca, NY), le Museum of Contemporary Native Arts (Santa Fe, NM), le Rome Art Center (Rome, NY), la Galerie d'art d'Ottawa (Ontario, Canada) et d'autres \u00e9tablissements.  Elle a \u00e9galement \u00e9t\u00e9 conservatrice invit\u00e9e et consultante de projet pour le NY State Vietnam Memorial &amp; Fine Arts Gallery (Albany) et le National Vietnam War Museum (Fort Worth, TX).<\/p>\n<\/div><\/section><br \/>\n<div  style='height:30px' class='hr hr-invisible    avia-builder-el-235  el_after_av_textblock  el_before_av_button' ><span class='hr-inner' ><span class='hr-inner-style'><\/span><\/span><\/div><br \/>\n<div  class='avia-button-wrap avia-button-left    avia-builder-el-236  el_after_av_hr  avia-builder-el-last'  ><a href='https:\/\/www.youtube.com\/watch?v=o5WLRSPpWqM'  class='avia-button   avia-icon_select-no avia-color-border avia-size-medium avia-position-left'  target=\"_blank\"   ><span class='avia_iconbox_title' >Regardez l'enregistrement<\/span><\/a><\/div><\/p><\/div><\/div><\/div><!--close column table wrapper. Autoclose: 1 --><div  style=' margin-top:50px; margin-bottom:0px;'  class='hr hr-custom hr-center   hr-icon-no    avia-builder-el-237  el_after_av_two_third  el_before_av_one_third' ><span class='hr-inner   inner-border-av-border-fat' style=' width:800px; border-color:#719430;' ><span class='hr-inner-style'><\/span><\/span><\/div>\n<div   class='flex_column_table  ep-lazy-loaded   av-equal-height-column-flextable -flextable flex-column-table-27'  ><div  class=\"flex_column av_one_third  flex_column_table_cell av-equal-height-column av-align-top ep-lazy-loaded first  avia-builder-el-238  el_after_av_hr  el_before_av_two_third\" ><div class=\"flex-column-inner\"><div  class='avia-image-container  av-styling-      avia-builder-el-239  avia-builder-el-no-sibling  avia-align-center'  itemprop=\"image\" itemscope=\"itemscope\" itemtype=\"https:\/\/schema.org\/ImageObject\"   ><div class='avia-image-container-inner'><div class='avia-image-overlay-wrap'><img decoding=\"async\" fetchpriority=\"high\" class='wp-image-5642 avia-img-lazy-loading-not-5642 avia_image' src=\"https:\/\/www.theadkx.org\/wp-content\/uploads\/2021\/06\/Capture-Maker-space-aug-16.jpg\" alt='' title='Capture Maker space aug 16' height=\"656\" width=\"1275\"  itemprop=\"thumbnailUrl\" srcset=\"https:\/\/www.theadkx.org\/wp-content\/uploads\/2021\/06\/Capture-Maker-space-aug-16.jpg 1275w, https:\/\/www.theadkx.org\/wp-content\/uploads\/2021\/06\/Capture-Maker-space-aug-16-300x154.jpg 300w, https:\/\/www.theadkx.org\/wp-content\/uploads\/2021\/06\/Capture-Maker-space-aug-16-1030x530.jpg 1030w, https:\/\/www.theadkx.org\/wp-content\/uploads\/2021\/06\/Capture-Maker-space-aug-16-768x395.jpg 768w\" sizes=\"(max-width: 1275px) 100vw, 1275px\" \/><\/div><\/div><\/div><\/div><\/div><div class='av-flex-placeholder' ><\/div><div  class=\"flex_column av_two_third  flex_column_table_cell av-equal-height-column av-align-top ep-lazy-loaded   avia-builder-el-240  el_after_av_one_third  el_before_av_hr\" ><div class=\"flex-column-inner\"><p><div   class='av-special-heading av-special-heading-h3   blockquote modern-quote  avia-builder-el-241  el_before_av_textblock  avia-builder-el-first' ><h3 class='av-special-heading-tag'   itemprop=\"headline\"  >Bient\u00f4t \u00e0 l'ADKX : Artistes et inspiration dans la nature<\/h3><div class ='av-subheading av-subheading_below' style='font-size:15px;'><p>Lundi 16 ao\u00fbt 2021 | 19h00<\/p>\n<\/div><div class='special-heading-border'><div class='special-heading-inner-border' ><\/div><\/div><\/div><br \/>\n<section class=\"av_textblock_section\"  itemscope=\"itemscope\" itemtype=\"https:\/\/schema.org\/CreativeWork\"  ><div class='avia_textblock'   itemprop=\"text\" ><p>En 2023, l'Adirondack Experience ouvrira sa derni\u00e8re exposition permanente,\u00a0<em>Artistes et inspiration dans la nature<\/em>. Rejoignez-nous pour un aper\u00e7u et rencontrez l'\u00e9quipe cr\u00e9ative qui emm\u00e8ne les collections de beaux-arts et d'arts d\u00e9coratifs du mus\u00e9e dans un nouveau lieu, le premier espace d\u00e9di\u00e9 \u00e0 ces \u0153uvres. Une fois ouvert,\u00a0<em>Artistes et inspiration\u00a0<\/em>montrera comment les caract\u00e9ristiques naturelles des Adirondacks ont inspir\u00e9 le travail cr\u00e9atif d'artistes et d'artisans depuis des centaines d'ann\u00e9es. Les nouvelles galeries offriront un m\u00e9lange d'\u0153uvres riches et diverses provenant des coffres d'ADKX avec des m\u00e9dias interactifs contemporains, le tout dans une exp\u00e9rience d'exposition enrichissante et immersive. Venez voir !<\/p>\n<\/div><\/section><br \/>\n<div   class='av-special-heading av-special-heading-h4   blockquote modern-quote  avia-builder-el-243  el_after_av_textblock  el_before_av_textblock' ><h4 class='av-special-heading-tag'   itemprop=\"headline\"  >A propos des orateurs<\/h4><div class='special-heading-border'><div class='special-heading-inner-border' ><\/div><\/div><\/div><br \/>\n<section class=\"av_textblock_section\"  itemscope=\"itemscope\" itemtype=\"https:\/\/schema.org\/CreativeWork\"  ><div class='avia_textblock'  style='font-size:18px; '  itemprop=\"text\" ><p><img loading=\"lazy\" decoding=\"async\" class=\"wp-image-5637 alignleft\" src=\"https:\/\/www.theadkx.org\/wp-content\/uploads\/2021\/06\/August-16-Greg-Matty-Headshot-v1-small.jpg\" sizes=\"auto, (max-width: 200px) 100vw, 200px\" srcset=\"https:\/\/www.theadkx.org\/wp-content\/uploads\/2021\/06\/August-16-Greg-Matty-Headshot-v1-small.jpg 300w, https:\/\/www.theadkx.org\/wp-content\/uploads\/2021\/06\/August-16-Greg-Matty-Headshot-v1-small-80x80.jpg 80w\" alt=\"\" width=\"200\" height=\"200\" \/>Greg Matty est directeur de projet et concepteur directeur chez Gallagher &amp; Associates, sp\u00e9cialis\u00e9 dans la conception d'expositions et la planification de mus\u00e9es. Sa vaste exp\u00e9rience s'\u00e9tend sur plus de 35 ans et comprend des projets allant de centres scientifiques et de mus\u00e9es de sciences naturelles \u00e0 des installations culturelles et historiques interactives tr\u00e8s articul\u00e9es. Il est architecte agr\u00e9\u00e9, certifi\u00e9 LEED AP, et a travaill\u00e9 dans des cabinets d'architectes \u00e0 Dallas, au Texas, \u00e0 Washington, D.C. et \u00e0 San Francisco, en Californie. Il a \u00e9galement donn\u00e9 des cours de design dans plusieurs coll\u00e8ges et universit\u00e9s, dont l'universit\u00e9 de Californie \u00e0 Berkeley, l'universit\u00e9 catholique et le Savannah College of Art and Design. M. Matty a obtenu sa ma\u00eetrise en architecture de l'universit\u00e9 de Californie \u00e0 Berkeley et sa licence en architecture de l'universit\u00e9 de l'Institut polytechnique de Virginie.<\/p>\n<p><img loading=\"lazy\" decoding=\"async\" class=\"alignleft wp-image-5638\" src=\"https:\/\/www.theadkx.org\/wp-content\/uploads\/2021\/06\/August-16-Sara-Smith-sq.jpg\" alt=\"\" width=\"200\" height=\"200\" srcset=\"https:\/\/www.theadkx.org\/wp-content\/uploads\/2021\/06\/August-16-Sara-Smith-sq.jpg 852w, https:\/\/www.theadkx.org\/wp-content\/uploads\/2021\/06\/August-16-Sara-Smith-sq-300x300.jpg 300w, https:\/\/www.theadkx.org\/wp-content\/uploads\/2021\/06\/August-16-Sara-Smith-sq-80x80.jpg 80w, https:\/\/www.theadkx.org\/wp-content\/uploads\/2021\/06\/August-16-Sara-Smith-sq-768x768.jpg 768w\" sizes=\"auto, (max-width: 200px) 100vw, 200px\" \/><\/p>\n<p>Sara Smith, productrice et chef de projet chez Richard Lewis Media Group, croit fermement \u00e0 la valeur des mus\u00e9es en tant qu'espaces pour les collections, les histoires et l'engagement social. Elle apporte \u00e0 son travail son amour du plein air, fruit d'une enfance pass\u00e9e \u00e0 faire de la randonn\u00e9e, du ski et du bateau dans les grandes for\u00eats du nord-ouest du Pacifique. Sara est titulaire d'une licence en anthropologie de l'universit\u00e9 de Brown, o\u00f9 elle a \u00e9tudi\u00e9 les textiles Navajo, et d'une ma\u00eetrise en anthropologie de l'universit\u00e9 de Washington, o\u00f9 elle a \u00e9tudi\u00e9 l'art nig\u00e9rian. Avant de rejoindre le RLMG, Sara \u00e9tait directrice du d\u00e9veloppement des expositions chez Amaze Design, Inc. et avant cela, elle a eu dix ans d'exp\u00e9rience en tant que conservatrice dans des mus\u00e9es d'art et d'histoire culturelle.<\/p>\n<\/div><\/section><br \/>\n<div  style='height:30px' class='hr hr-invisible    avia-builder-el-245  el_after_av_textblock  el_before_av_button' ><span class='hr-inner' ><span class='hr-inner-style'><\/span><\/span><\/div><br \/>\n<div  class='avia-button-wrap avia-button-left    avia-builder-el-246  el_after_av_hr  avia-builder-el-last'  ><a href='https:\/\/www.youtube.com\/watch?v=MgoK1laXi38'  class='avia-button   avia-icon_select-no avia-color-border avia-size-medium avia-position-left'  target=\"_blank\"   ><span class='avia_iconbox_title' >Regardez l'enregistrement<\/span><\/a><\/div><\/p><\/div><\/div><\/div><!--close column table wrapper. Autoclose: 1 --><div  style=' margin-top:50px; margin-bottom:0px;'  class='hr hr-custom hr-center   hr-icon-no    avia-builder-el-247  el_after_av_two_third  el_before_av_one_third' ><span class='hr-inner   inner-border-av-border-fat' style=' width:800px; border-color:#719430;' ><span class='hr-inner-style'><\/span><\/span><\/div>\n<div   class='flex_column_table  ep-lazy-loaded   av-equal-height-column-flextable -flextable flex-column-table-28'  ><div  class=\"flex_column av_one_third  flex_column_table_cell av-equal-height-column av-align-top ep-lazy-loaded first  avia-builder-el-248  el_after_av_hr  el_before_av_two_third\" ><div class=\"flex-column-inner\"><div  class='avia-image-container  av-styling-      avia-builder-el-249  avia-builder-el-no-sibling  avia-align-center'  itemprop=\"image\" itemscope=\"itemscope\" itemtype=\"https:\/\/schema.org\/ImageObject\"   ><div class='avia-image-container-inner'><div class='avia-image-overlay-wrap'><img decoding=\"async\" fetchpriority=\"high\" class='wp-image-5243 avia-img-lazy-loading-not-5243 avia_image' src=\"https:\/\/www.theadkx.org\/wp-content\/uploads\/2021\/05\/barney-bellinger-event-1536x1098-1.jpg\" alt='' title='barney-bellinger-event-1536x1098' height=\"1098\" width=\"1536\"  itemprop=\"thumbnailUrl\" srcset=\"https:\/\/www.theadkx.org\/wp-content\/uploads\/2021\/05\/barney-bellinger-event-1536x1098-1.jpg 1536w, https:\/\/www.theadkx.org\/wp-content\/uploads\/2021\/05\/barney-bellinger-event-1536x1098-1-300x214.jpg 300w, https:\/\/www.theadkx.org\/wp-content\/uploads\/2021\/05\/barney-bellinger-event-1536x1098-1-1030x736.jpg 1030w, https:\/\/www.theadkx.org\/wp-content\/uploads\/2021\/05\/barney-bellinger-event-1536x1098-1-768x549.jpg 768w\" sizes=\"(max-width: 1536px) 100vw, 1536px\" \/><\/div><\/div><\/div><\/div><\/div><div class='av-flex-placeholder' ><\/div><div  class=\"flex_column av_two_third  flex_column_table_cell av-equal-height-column av-align-top ep-lazy-loaded   avia-builder-el-250  el_after_av_one_third  el_before_av_hr\" ><div class=\"flex-column-inner\"><p><div   class='av-special-heading av-special-heading-h3   blockquote modern-quote  avia-builder-el-251  el_before_av_textblock  avia-builder-el-first' ><h3 class='av-special-heading-tag'   itemprop=\"headline\"  >En direct du studio : Une soir\u00e9e avec Barney Bellinger<\/h3><div class ='av-subheading av-subheading_below' style='font-size:15px;'><p>Lundi 21 juin 2021 | 19h00<\/p>\n<\/div><div class='special-heading-border'><div class='special-heading-inner-border' ><\/div><\/div><\/div><br \/>\n<section class=\"av_textblock_section\"  itemscope=\"itemscope\" itemtype=\"https:\/\/schema.org\/CreativeWork\"  ><div class='avia_textblock'   itemprop=\"text\" ><p>Passez une soir\u00e9e dans le studio de l'artiste des Adirondacks Barney Bellinger. Barney donnera un aper\u00e7u de son travail en cours aujourd'hui et partagera ce qui a fa\u00e7onn\u00e9 ses conceptions cr\u00e9atives et ses \u0153uvres embl\u00e9matiques au cours de sa carri\u00e8re. \u00c0 partir de mat\u00e9riaux naturels et de r\u00e9cup\u00e9ration, Barney cr\u00e9e des formes abstraites inspir\u00e9es de scarab\u00e9es, de poissons et d'objets trouv\u00e9s, combin\u00e9es \u00e0 des conceptions de meubles pratiques et \u00e0 des peintures pour cr\u00e9er des pi\u00e8ces \u00e0 la fois fonctionnelles et visuellement \u00e9tonnantes.<\/p>\n<\/div><\/section><br \/>\n<div   class='av-special-heading av-special-heading-h4   blockquote modern-quote  avia-builder-el-253  el_after_av_textblock  el_before_av_textblock' ><h4 class='av-special-heading-tag'   itemprop=\"headline\"  >\u00c0 propos de l'orateur<\/h4><div class='special-heading-border'><div class='special-heading-inner-border' ><\/div><\/div><\/div><br \/>\n<section class=\"av_textblock_section\"  itemscope=\"itemscope\" itemtype=\"https:\/\/schema.org\/CreativeWork\"  ><div class='avia_textblock'  style='font-size:18px; '  itemprop=\"text\" ><p><img loading=\"lazy\" decoding=\"async\" class=\"alignleft wp-image-5168\" src=\"https:\/\/www.theadkx.org\/wp-content\/uploads\/2021\/05\/Barney-Bellinger-Rough-Country-300x300-1-300x300.jpg\" alt=\"\" width=\"200\" height=\"200\" srcset=\"https:\/\/www.theadkx.org\/wp-content\/uploads\/2021\/05\/Barney-Bellinger-Rough-Country-300x300-1.jpg 300w, https:\/\/www.theadkx.org\/wp-content\/uploads\/2021\/05\/Barney-Bellinger-Rough-Country-300x300-1-80x80.jpg 80w\" sizes=\"auto, (max-width: 200px) 100vw, 200px\" \/>Barney Bellinger, bas\u00e9 \u00e0 Mayfield, dans l'\u00c9tat de New York, est un peintre, un sculpteur, un photographe et un concepteur de meubles, ainsi qu'un artiste en r\u00e9sidence au Centre Paul Nigra pour les arts cr\u00e9atifs. Originaire de Johnstown, Barney a vendu sa premi\u00e8re \u0153uvre d'art lorsqu'il \u00e9tait adolescent, en 1970. Le travail de Barney a beaucoup \u00e9volu\u00e9 au fil des ans, allant des motos et voitures personnalis\u00e9es aux enseignes sculpt\u00e9es \u00e0 la feuille d'or, en passant par les meubles organiques construits avec des mat\u00e9riaux naturels provenant de la for\u00eat. Barney est un artiste autodidacte, qui puise ses connaissances dans les livres, la sagesse h\u00e9rit\u00e9e et s'immerge dans la beaut\u00e9 des Adirondacks. Ses \u0153uvres ont \u00e9t\u00e9 expos\u00e9es au National Museum of Wildlife Art et \u00e0 l'Adirondack Experience et figurent dans les collections permanentes de la soci\u00e9t\u00e9 Orvis et de la Smithsonian Institution ; elles sont \u00e9galement tr\u00e8s recherch\u00e9es et collectionn\u00e9es par des particuliers.<\/p>\n<\/div><\/section><br \/>\n<div  style='height:30px' class='hr hr-invisible    avia-builder-el-255  el_after_av_textblock  el_before_av_button' ><span class='hr-inner' ><span class='hr-inner-style'><\/span><\/span><\/div><br \/>\n<div  class='avia-button-wrap avia-button-left    avia-builder-el-256  el_after_av_hr  avia-builder-el-last'  ><a href='https:\/\/www.youtube.com\/watch?v=HbB1D2QArls'  class='avia-button   avia-icon_select-no avia-color-border avia-size-medium avia-position-left'  target=\"_blank\"   ><span class='avia_iconbox_title' >Regardez l'enregistrement<\/span><\/a><\/div><\/p><\/div><\/div><\/div><!--close column table wrapper. Autoclose: 1 --><div  style=' margin-top:50px; margin-bottom:0px;'  class='hr hr-custom hr-center   hr-icon-no    avia-builder-el-257  el_after_av_two_third  el_before_av_one_third' ><span class='hr-inner   inner-border-av-border-fat' style=' width:800px; border-color:#719430;' ><span class='hr-inner-style'><\/span><\/span><\/div>\n<div   class='flex_column_table  ep-lazy-loaded   av-equal-height-column-flextable -flextable flex-column-table-29'  ><div  class=\"flex_column av_one_third  flex_column_table_cell av-equal-height-column av-align-top ep-lazy-loaded first  avia-builder-el-258  el_after_av_hr  el_before_av_two_third\" ><div class=\"flex-column-inner\"><div  class='avia-image-container  av-styling-      avia-builder-el-259  avia-builder-el-no-sibling  avia-align-center'  itemprop=\"image\" itemscope=\"itemscope\" itemtype=\"https:\/\/schema.org\/ImageObject\"   ><div class='avia-image-container-inner'><div class='avia-image-overlay-wrap'><img decoding=\"async\" fetchpriority=\"high\" class='wp-image-5313 avia-img-lazy-loading-not-5313 avia_image' src=\"https:\/\/www.theadkx.org\/wp-content\/uploads\/2021\/05\/objects-in-motion-650x540-1.jpg\" alt='' title='objects-in-motion-650x540' height=\"540\" width=\"650\"  itemprop=\"thumbnailUrl\" srcset=\"https:\/\/www.theadkx.org\/wp-content\/uploads\/2021\/05\/objects-in-motion-650x540-1.jpg 650w, https:\/\/www.theadkx.org\/wp-content\/uploads\/2021\/05\/objects-in-motion-650x540-1-300x249.jpg 300w\" sizes=\"(max-width: 650px) 100vw, 650px\" \/><\/div><\/div><\/div><\/div><\/div><div class='av-flex-placeholder' ><\/div><div  class=\"flex_column av_two_third  flex_column_table_cell av-equal-height-column av-align-top ep-lazy-loaded   avia-builder-el-260  el_after_av_one_third  el_before_av_hr\" ><div class=\"flex-column-inner\"><p><div   class='av-special-heading av-special-heading-h3   blockquote modern-quote  avia-builder-el-261  el_before_av_textblock  avia-builder-el-first' ><h3 class='av-special-heading-tag'   itemprop=\"headline\"  >Objets en mouvement, objets au repos : Peintures am\u00e9ricaines de la fin du XIXe si\u00e8cle<\/h3><div class ='av-subheading av-subheading_below' style='font-size:15px;'><p>Lundi 17 mai 2021 | 19h00<\/p>\n<\/div><div class='special-heading-border'><div class='special-heading-inner-border' ><\/div><\/div><\/div><br \/>\n<section class=\"av_textblock_section\"  itemscope=\"itemscope\" itemtype=\"https:\/\/schema.org\/CreativeWork\"  ><div class='avia_textblock'   itemprop=\"text\" ><p>L'historienne de l'art Melody Deusner (Indiana University) retracera quelques-uns des voyages inattendus que les peintures am\u00e9ricaines ont effectu\u00e9s avant d'arriver sur les murs de nos mus\u00e9es. En utilisant comme exemple cl\u00e9 l'\u0153uvre du paysagiste des Adirondacks Alexander H. Wyant (1836-1892), nous examinerons les diff\u00e9rentes fa\u00e7ons dont les peintures ont \u00e9t\u00e9 expos\u00e9es, comment\u00e9es, publi\u00e9es et promues \u00e0 leur \u00e9poque, et nous nous pencherons sur des questions telles que le transport, l'\u00e9clairage et la m\u00e9t\u00e9o, dans la mesure o\u00f9 elles ont affect\u00e9 les personnes et les objets.<\/p>\n<\/div><\/section><br \/>\n<div   class='av-special-heading av-special-heading-h4   blockquote modern-quote  avia-builder-el-263  el_after_av_textblock  el_before_av_textblock' ><h4 class='av-special-heading-tag'   itemprop=\"headline\"  >\u00c0 propos de l'orateur<\/h4><div class='special-heading-border'><div class='special-heading-inner-border' ><\/div><\/div><\/div><br \/>\n<section class=\"av_textblock_section\"  itemscope=\"itemscope\" itemtype=\"https:\/\/schema.org\/CreativeWork\"  ><div class='avia_textblock'  style='font-size:18px; '  itemprop=\"text\" ><p><img loading=\"lazy\" decoding=\"async\" class=\"alignleft size-full wp-image-5311\" src=\"https:\/\/www.theadkx.org\/wp-content\/uploads\/2021\/05\/deusner-200x200-1.jpg\" alt=\"\" width=\"200\" height=\"200\" srcset=\"https:\/\/www.theadkx.org\/wp-content\/uploads\/2021\/05\/deusner-200x200-1.jpg 200w, https:\/\/www.theadkx.org\/wp-content\/uploads\/2021\/05\/deusner-200x200-1-80x80.jpg 80w\" sizes=\"auto, (max-width: 200px) 100vw, 200px\" \/>Melody Barnett Deusner est professeur associ\u00e9 d'histoire de l'art \u00e0 l'universit\u00e9 de l'Indiana. Dans le cadre de ses recherches et de son enseignement sur la culture visuelle et mat\u00e9rielle de la fin du XIXe si\u00e8cle, elle se concentre principalement sur les relations entre les artistes et leurs m\u00e9c\u00e8nes, sur la cr\u00e9ation de mus\u00e9es et d'autres institutions artistiques et sur la post\u00e9rit\u00e9 des objets. Son premier livre, <em>La peinture esth\u00e9tique en Grande-Bretagne et en Am\u00e9rique : Collectionneurs, mondes de l'art, r\u00e9seaux<\/em>\u00a0(2020), explore les intersections surprenantes entre l'art, les affaires et la technologie.<\/p>\n<\/div><\/section><br \/>\n<div  style='height:30px' class='hr hr-invisible    avia-builder-el-265  el_after_av_textblock  el_before_av_button' ><span class='hr-inner' ><span class='hr-inner-style'><\/span><\/span><\/div><br \/>\n<div  class='avia-button-wrap avia-button-left    avia-builder-el-266  el_after_av_hr  avia-builder-el-last'  ><a href='https:\/\/www.youtube.com\/watch?v=SJZ8fQuuEpI'  class='avia-button   avia-icon_select-no avia-color-border avia-size-medium avia-position-left'  target=\"_blank\"   ><span class='avia_iconbox_title' >Regardez l'enregistrement<\/span><\/a><\/div><\/p><\/div><\/div><\/div><!--close column table wrapper. Autoclose: 1 --><div  style=' margin-top:50px; margin-bottom:0px;'  class='hr hr-custom hr-center   hr-icon-no    avia-builder-el-267  el_after_av_two_third  el_before_av_one_third' ><span class='hr-inner   inner-border-av-border-fat' style=' width:800px; border-color:#719430;' ><span class='hr-inner-style'><\/span><\/span><\/div>\n<div   class='flex_column_table  ep-lazy-loaded   av-equal-height-column-flextable -flextable flex-column-table-30'  ><div  class=\"flex_column av_one_third  flex_column_table_cell av-equal-height-column av-align-top ep-lazy-loaded first  avia-builder-el-268  el_after_av_hr  el_before_av_two_third\" ><div class=\"flex-column-inner\"><div  class='avia-image-container  av-styling-      avia-builder-el-269  avia-builder-el-no-sibling  avia-align-center'  itemprop=\"image\" itemscope=\"itemscope\" itemtype=\"https:\/\/schema.org\/ImageObject\"   ><div class='avia-image-container-inner'><div class='avia-image-overlay-wrap'><img decoding=\"async\" fetchpriority=\"high\" class='wp-image-4011 avia-img-lazy-loading-not-4011 avia_image' src=\"https:\/\/www.theadkx.org\/wp-content\/uploads\/2021\/04\/a-twilight-in-the-adirondacks-675x540-1.jpg\" alt='Sc\u00e8ne cr\u00e9pusculaire, le lac qui entre au premier plan \u00e0 droite et \u00e0 l&#039;arri\u00e8re-plan \u00e0 gauche refl\u00e8te le coucher de soleil et le ciel brillant qui couvre la moiti\u00e9 sup\u00e9rieure de la toile.' title='Harold Hochschild et la cr\u00e9ation de la collection ADKX Fine Art' height=\"540\" width=\"675\"  itemprop=\"thumbnailUrl\" srcset=\"https:\/\/www.theadkx.org\/wp-content\/uploads\/2021\/04\/a-twilight-in-the-adirondacks-675x540-1.jpg 675w, https:\/\/www.theadkx.org\/wp-content\/uploads\/2021\/04\/a-twilight-in-the-adirondacks-675x540-1-300x240.jpg 300w\" sizes=\"(max-width: 675px) 100vw, 675px\" \/><\/div><\/div><\/div><\/div><\/div><div class='av-flex-placeholder' ><\/div><div  class=\"flex_column av_two_third  flex_column_table_cell av-equal-height-column av-align-top ep-lazy-loaded   avia-builder-el-270  el_after_av_one_third  avia-builder-el-last\" ><div class=\"flex-column-inner\"><p><div   class='av-special-heading av-special-heading-h3   blockquote modern-quote  avia-builder-el-271  el_before_av_textblock  avia-builder-el-first' ><h3 class='av-special-heading-tag'   itemprop=\"headline\"  >Harold Hochschild et la cr\u00e9ation de la collection ADKX Fine Art<\/h3><div class ='av-subheading av-subheading_below' style='font-size:15px;'><p>Lundi 19 avril 2021 | 19h00<\/p>\n<\/div><div class='special-heading-border'><div class='special-heading-inner-border' ><\/div><\/div><\/div><br \/>\n<section class=\"av_textblock_section\"  itemscope=\"itemscope\" itemtype=\"https:\/\/schema.org\/CreativeWork\"  ><div class='avia_textblock'   itemprop=\"text\" ><p>Rejoignez Deedee Wigmore, fondateur et pr\u00e9sident de D. Wigmore Fine Art, dans une conversation avec Ivy Gocker, directeur de la biblioth\u00e8que ADKX. Ivy et Deedee parleront de l'int\u00e9r\u00eat d'Harold pour l'art des Adirondacks, notamment de son achat d'une peinture d'une cabane en rondins par Albert Blakelock. Deedee racontera des anecdotes personnelles sur certaines des \u0153uvres qu'Harold a collectionn\u00e9es et expliquera comment l'art de la collection du mus\u00e9e t\u00e9moigne aujourd'hui de sa passion et de son d\u00e9vouement pour les Adirondacks.<\/p>\n<\/div><\/section><br \/>\n<div   class='av-special-heading av-special-heading-h4   blockquote modern-quote  avia-builder-el-273  el_after_av_textblock  el_before_av_textblock' ><h4 class='av-special-heading-tag'   itemprop=\"headline\"  >\u00c0 propos de l'orateur<\/h4><div class='special-heading-border'><div class='special-heading-inner-border' ><\/div><\/div><\/div><br \/>\n<section class=\"av_textblock_section\"  itemscope=\"itemscope\" itemtype=\"https:\/\/schema.org\/CreativeWork\"  ><div class='avia_textblock'  style='font-size:18px; '  itemprop=\"text\" ><p><img loading=\"lazy\" decoding=\"async\" class=\"alignleft size-full wp-image-4010\" src=\"https:\/\/www.theadkx.org\/wp-content\/uploads\/2021\/04\/deedee-wigmore-headshot-.jpeg\" alt=\"\" width=\"200\" height=\"200\" srcset=\"https:\/\/www.theadkx.org\/wp-content\/uploads\/2021\/04\/deedee-wigmore-headshot-.jpeg 200w, https:\/\/www.theadkx.org\/wp-content\/uploads\/2021\/04\/deedee-wigmore-headshot--80x80.jpeg 80w\" sizes=\"auto, (max-width: 200px) 100vw, 200px\" \/>Deedee Wigmore est la fondatrice et la pr\u00e9sidente de D. Wigmore Fine Art, une galerie sp\u00e9cialis\u00e9e dans l'art historique am\u00e9ricain. \u00c0 l'\u00e2ge de 30 ans, Deedee \u00e9tait directrice de l'art am\u00e9ricain chez M. Knoedler and Co, qui \u00e9tait \u00e0 l'\u00e9poque la plus ancienne galerie d'art d'Am\u00e9rique. Elle y dirigeait un d\u00e9partement qui ne comprenait que des \u0153uvres du 18e si\u00e8cle.<sup>th<\/sup>\u00a0et 19<sup>th<\/sup>\u00a0si\u00e8cles. Elle quitte la Knoedler and Co. pour devenir directrice de la galerie Kennedy Galleries. Elle a occup\u00e9 ce poste pendant six ans jusqu'en 1980, date \u00e0 laquelle elle a ouvert sa propre galerie, se sp\u00e9cialisant dans l'art des ann\u00e9es 1930-40, une \u00e9poque alors consid\u00e9r\u00e9e comme d\u00e9su\u00e8te. Aujourd'hui, D. Wigmore Fine Art pr\u00e9sente des \u0153uvres jusqu'aux ann\u00e9es 1980 et s'int\u00e9resse aux principaux d\u00e9veloppements de l'art repr\u00e9sentatif et abstrait. Deedee a engag\u00e9 la galerie \u00e0 \"continuer \u00e0 aller de l'avant pour inclure l'art qui repr\u00e9sente des d\u00e9veloppements importants qui relient le temps et le lieu.\"<\/p>\n<\/div><\/section><br \/>\n<div  style='height:30px' class='hr hr-invisible    avia-builder-el-275  el_after_av_textblock  el_before_av_button' ><span class='hr-inner' ><span class='hr-inner-style'><\/span><\/span><\/div><br \/>\n<div  class='avia-button-wrap avia-button-left    avia-builder-el-276  el_after_av_hr  avia-builder-el-last'  ><a href='https:\/\/www.youtube.com\/watch?v=qfWIyhgCCr0'  class='avia-button   avia-icon_select-no avia-color-border avia-size-medium avia-position-left'  target=\"_blank\"   ><span class='avia_iconbox_title' >Regardez l'enregistrement<\/span><\/a><\/div><\/p><\/div><\/div><\/div><!--close column table wrapper. Autoclose: 1 -->","protected":false},"excerpt":{"rendered":"","protected":false},"author":6,"featured_media":0,"parent":22,"menu_order":58,"comment_status":"closed","ping_status":"closed","template":"","meta":{"_acf_changed":false,"om_disable_all_campaigns":false,"footnotes":""},"class_list":["post-5959","page","type-page","status-publish","hentry"],"acf":[],"yoast_head":"<!-- This site is optimized with the Yoast SEO Premium plugin v22.8 (Yoast SEO v27.5) - https:\/\/yoast.com\/product\/yoast-seo-premium-wordpress\/ -->\n<title>Artists &amp; Inspiration Series - Recorded Commentary From Experts<\/title>\n<meta name=\"description\" content=\"Tune in each month to hear from scholars, artists, teachers, and creative visionaries from across North America as they discuss the Inspiration Series collection.\" \/>\n<meta name=\"robots\" content=\"index, follow, max-snippet:-1, max-image-preview:large, max-video-preview:-1\" \/>\n<link rel=\"canonical\" href=\"https:\/\/www.theadkx.org\/fr\/nos-evenements\/serie-inspiration-artistes\/\" \/>\n<meta property=\"og:locale\" content=\"fr_FR\" \/>\n<meta property=\"og:type\" content=\"article\" \/>\n<meta property=\"og:title\" content=\"Artists &amp; Inspiration Series\" \/>\n<meta property=\"og:url\" content=\"https:\/\/www.theadkx.org\/fr\/nos-evenements\/serie-inspiration-artistes\/\" \/>\n<meta property=\"og:site_name\" content=\"Adirondack Experience\" \/>\n<meta property=\"article:publisher\" content=\"https:\/\/www.facebook.com\/theADKX\/\" \/>\n<meta property=\"article:modified_time\" content=\"2024-07-02T21:27:21+00:00\" \/>\n<meta property=\"og:image\" content=\"https:\/\/www.theadkx.org\/wp-content\/uploads\/2023\/01\/Laura-Rice-80x80.jpg\" \/>\n<meta name=\"twitter:card\" content=\"summary_large_image\" \/>\n<meta name=\"twitter:site\" content=\"@theadkx\" \/>\n<meta name=\"twitter:label1\" content=\"Dur\u00e9e de lecture estim\u00e9e\" \/>\n\t<meta name=\"twitter:data1\" content=\"43 minutes\" \/>\n<script type=\"application\/ld+json\" class=\"yoast-schema-graph\">{\"@context\":\"https:\\\/\\\/schema.org\",\"@graph\":[{\"@type\":\"WebPage\",\"@id\":\"https:\\\/\\\/www.theadkx.org\\\/es\\\/our-events\\\/serie-artistas-inspiracion\\\/\",\"url\":\"https:\\\/\\\/www.theadkx.org\\\/es\\\/our-events\\\/serie-artistas-inspiracion\\\/\",\"name\":\"Artists & Inspiration Series - Recorded Commentary From Experts\",\"isPartOf\":{\"@id\":\"https:\\\/\\\/www.theadkx.org\\\/#website\"},\"primaryImageOfPage\":{\"@id\":\"https:\\\/\\\/www.theadkx.org\\\/es\\\/our-events\\\/serie-artistas-inspiracion\\\/#primaryimage\"},\"image\":{\"@id\":\"https:\\\/\\\/www.theadkx.org\\\/es\\\/our-events\\\/serie-artistas-inspiracion\\\/#primaryimage\"},\"thumbnailUrl\":\"https:\\\/\\\/www.theadkx.org\\\/wp-content\\\/uploads\\\/2023\\\/01\\\/Laura-Rice-80x80.jpg\",\"datePublished\":\"2021-06-29T20:03:59+00:00\",\"dateModified\":\"2024-07-02T21:27:21+00:00\",\"description\":\"Tune in each month to hear from scholars, artists, teachers, and creative visionaries from across North America as they discuss the Inspiration Series collection.\",\"breadcrumb\":{\"@id\":\"https:\\\/\\\/www.theadkx.org\\\/es\\\/our-events\\\/serie-artistas-inspiracion\\\/#breadcrumb\"},\"inLanguage\":\"fr-FR\",\"potentialAction\":[{\"@type\":\"ReadAction\",\"target\":[\"https:\\\/\\\/www.theadkx.org\\\/es\\\/our-events\\\/serie-artistas-inspiracion\\\/\"]}]},{\"@type\":\"ImageObject\",\"inLanguage\":\"fr-FR\",\"@id\":\"https:\\\/\\\/www.theadkx.org\\\/es\\\/our-events\\\/serie-artistas-inspiracion\\\/#primaryimage\",\"url\":\"https:\\\/\\\/www.theadkx.org\\\/wp-content\\\/uploads\\\/2023\\\/01\\\/Laura-Rice-80x80.jpg\",\"contentUrl\":\"https:\\\/\\\/www.theadkx.org\\\/wp-content\\\/uploads\\\/2023\\\/01\\\/Laura-Rice-80x80.jpg\"},{\"@type\":\"BreadcrumbList\",\"@id\":\"https:\\\/\\\/www.theadkx.org\\\/es\\\/our-events\\\/serie-artistas-inspiracion\\\/#breadcrumb\",\"itemListElement\":[{\"@type\":\"ListItem\",\"position\":1,\"name\":\"Home\",\"item\":\"https:\\\/\\\/www.theadkx.org\\\/homepage\\\/\"},{\"@type\":\"ListItem\",\"position\":2,\"name\":\"Events\",\"item\":\"https:\\\/\\\/www.theadkx.org\\\/our-events\\\/\"},{\"@type\":\"ListItem\",\"position\":3,\"name\":\"Artists &#038; Inspiration Series\"}]},{\"@type\":\"WebSite\",\"@id\":\"https:\\\/\\\/www.theadkx.org\\\/#website\",\"url\":\"https:\\\/\\\/www.theadkx.org\\\/\",\"name\":\"Adirondack Experience\",\"description\":\"The Museum on Blue Mountain Lake\",\"publisher\":{\"@id\":\"https:\\\/\\\/www.theadkx.org\\\/#organization\"},\"potentialAction\":[{\"@type\":\"SearchAction\",\"target\":{\"@type\":\"EntryPoint\",\"urlTemplate\":\"https:\\\/\\\/www.theadkx.org\\\/?s={search_term_string}\"},\"query-input\":{\"@type\":\"PropertyValueSpecification\",\"valueRequired\":true,\"valueName\":\"search_term_string\"}}],\"inLanguage\":\"fr-FR\"},{\"@type\":\"Organization\",\"@id\":\"https:\\\/\\\/www.theadkx.org\\\/#organization\",\"name\":\"Adirondack Experience, The Museum on Blue Mountain Lake\",\"url\":\"https:\\\/\\\/www.theadkx.org\\\/\",\"logo\":{\"@type\":\"ImageObject\",\"inLanguage\":\"fr-FR\",\"@id\":\"https:\\\/\\\/www.theadkx.org\\\/#\\\/schema\\\/logo\\\/image\\\/\",\"url\":\"https:\\\/\\\/www.theadkx.org\\\/wp-content\\\/uploads\\\/2021\\\/03\\\/ADKX_LOGO.png\",\"contentUrl\":\"https:\\\/\\\/www.theadkx.org\\\/wp-content\\\/uploads\\\/2021\\\/03\\\/ADKX_LOGO.png\",\"width\":440,\"height\":276,\"caption\":\"Adirondack Experience, The Museum on Blue Mountain Lake\"},\"image\":{\"@id\":\"https:\\\/\\\/www.theadkx.org\\\/#\\\/schema\\\/logo\\\/image\\\/\"},\"sameAs\":[\"https:\\\/\\\/www.facebook.com\\\/theADKX\\\/\",\"https:\\\/\\\/x.com\\\/theadkx\",\"https:\\\/\\\/www.instagram.com\\\/theadkx\\\/\",\"https:\\\/\\\/www.youtube.com\\\/user\\\/AdirondackMuseum\"]}]}<\/script>\n<!-- \/ Yoast SEO Premium plugin. -->","yoast_head_json":{"title":"S\u00e9rie \"Artistes et inspiration\" - Commentaires enregistr\u00e9s d'experts","description":"Chaque mois, des universitaires, des artistes, des enseignants et des visionnaires cr\u00e9atifs de toute l'Am\u00e9rique du Nord discutent de la collection Inspiration Series.","robots":{"index":"index","follow":"follow","max-snippet":"max-snippet:-1","max-image-preview":"max-image-preview:large","max-video-preview":"max-video-preview:-1"},"canonical":"https:\/\/www.theadkx.org\/fr\/nos-evenements\/serie-inspiration-artistes\/","og_locale":"fr_FR","og_type":"article","og_title":"Artists & Inspiration Series","og_url":"https:\/\/www.theadkx.org\/fr\/nos-evenements\/serie-inspiration-artistes\/","og_site_name":"Adirondack Experience","article_publisher":"https:\/\/www.facebook.com\/theADKX\/","article_modified_time":"2024-07-02T21:27:21+00:00","og_image":[{"url":"https:\/\/www.theadkx.org\/wp-content\/uploads\/2023\/01\/Laura-Rice-80x80.jpg","type":"","width":"","height":""}],"twitter_card":"summary_large_image","twitter_site":"@theadkx","twitter_misc":{"Dur\u00e9e de lecture estim\u00e9e":"43 minutes"},"schema":{"@context":"https:\/\/schema.org","@graph":[{"@type":"WebPage","@id":"https:\/\/www.theadkx.org\/es\/our-events\/serie-artistas-inspiracion\/","url":"https:\/\/www.theadkx.org\/es\/our-events\/serie-artistas-inspiracion\/","name":"S\u00e9rie \"Artistes et inspiration\" - Commentaires enregistr\u00e9s d'experts","isPartOf":{"@id":"https:\/\/www.theadkx.org\/#website"},"primaryImageOfPage":{"@id":"https:\/\/www.theadkx.org\/es\/our-events\/serie-artistas-inspiracion\/#primaryimage"},"image":{"@id":"https:\/\/www.theadkx.org\/es\/our-events\/serie-artistas-inspiracion\/#primaryimage"},"thumbnailUrl":"https:\/\/www.theadkx.org\/wp-content\/uploads\/2023\/01\/Laura-Rice-80x80.jpg","datePublished":"2021-06-29T20:03:59+00:00","dateModified":"2024-07-02T21:27:21+00:00","description":"Chaque mois, des universitaires, des artistes, des enseignants et des visionnaires cr\u00e9atifs de toute l'Am\u00e9rique du Nord discutent de la collection Inspiration Series.","breadcrumb":{"@id":"https:\/\/www.theadkx.org\/es\/our-events\/serie-artistas-inspiracion\/#breadcrumb"},"inLanguage":"fr-FR","potentialAction":[{"@type":"ReadAction","target":["https:\/\/www.theadkx.org\/es\/our-events\/serie-artistas-inspiracion\/"]}]},{"@type":"ImageObject","inLanguage":"fr-FR","@id":"https:\/\/www.theadkx.org\/es\/our-events\/serie-artistas-inspiracion\/#primaryimage","url":"https:\/\/www.theadkx.org\/wp-content\/uploads\/2023\/01\/Laura-Rice-80x80.jpg","contentUrl":"https:\/\/www.theadkx.org\/wp-content\/uploads\/2023\/01\/Laura-Rice-80x80.jpg"},{"@type":"BreadcrumbList","@id":"https:\/\/www.theadkx.org\/es\/our-events\/serie-artistas-inspiracion\/#breadcrumb","itemListElement":[{"@type":"ListItem","position":1,"name":"Home","item":"https:\/\/www.theadkx.org\/homepage\/"},{"@type":"ListItem","position":2,"name":"Events","item":"https:\/\/www.theadkx.org\/our-events\/"},{"@type":"ListItem","position":3,"name":"Artists &#038; Inspiration Series"}]},{"@type":"WebSite","@id":"https:\/\/www.theadkx.org\/#website","url":"https:\/\/www.theadkx.org\/","name":"L'exp\u00e9rience des Adirondacks","description":"Le mus\u00e9e du lac Blue Mountain","publisher":{"@id":"https:\/\/www.theadkx.org\/#organization"},"potentialAction":[{"@type":"SearchAction","target":{"@type":"EntryPoint","urlTemplate":"https:\/\/www.theadkx.org\/?s={search_term_string}"},"query-input":{"@type":"PropertyValueSpecification","valueRequired":true,"valueName":"search_term_string"}}],"inLanguage":"fr-FR"},{"@type":"Organization","@id":"https:\/\/www.theadkx.org\/#organization","name":"Adirondack Experience, le mus\u00e9e du lac Blue Mountain","url":"https:\/\/www.theadkx.org\/","logo":{"@type":"ImageObject","inLanguage":"fr-FR","@id":"https:\/\/www.theadkx.org\/#\/schema\/logo\/image\/","url":"https:\/\/www.theadkx.org\/wp-content\/uploads\/2021\/03\/ADKX_LOGO.png","contentUrl":"https:\/\/www.theadkx.org\/wp-content\/uploads\/2021\/03\/ADKX_LOGO.png","width":440,"height":276,"caption":"Adirondack Experience, The Museum on Blue Mountain Lake"},"image":{"@id":"https:\/\/www.theadkx.org\/#\/schema\/logo\/image\/"},"sameAs":["https:\/\/www.facebook.com\/theADKX\/","https:\/\/x.com\/theadkx","https:\/\/www.instagram.com\/theadkx\/","https:\/\/www.youtube.com\/user\/AdirondackMuseum"]}]}},"_links":{"self":[{"href":"https:\/\/www.theadkx.org\/fr\/wp-json\/wp\/v2\/pages\/5959","targetHints":{"allow":["GET"]}}],"collection":[{"href":"https:\/\/www.theadkx.org\/fr\/wp-json\/wp\/v2\/pages"}],"about":[{"href":"https:\/\/www.theadkx.org\/fr\/wp-json\/wp\/v2\/types\/page"}],"author":[{"embeddable":true,"href":"https:\/\/www.theadkx.org\/fr\/wp-json\/wp\/v2\/users\/6"}],"replies":[{"embeddable":true,"href":"https:\/\/www.theadkx.org\/fr\/wp-json\/wp\/v2\/comments?post=5959"}],"version-history":[{"count":10,"href":"https:\/\/www.theadkx.org\/fr\/wp-json\/wp\/v2\/pages\/5959\/revisions"}],"predecessor-version":[{"id":14787,"href":"https:\/\/www.theadkx.org\/fr\/wp-json\/wp\/v2\/pages\/5959\/revisions\/14787"}],"up":[{"embeddable":true,"href":"https:\/\/www.theadkx.org\/fr\/wp-json\/wp\/v2\/pages\/22"}],"wp:attachment":[{"href":"https:\/\/www.theadkx.org\/fr\/wp-json\/wp\/v2\/media?parent=5959"}],"curies":[{"name":"wp","href":"https:\/\/api.w.org\/{rel}","templated":true}]}}