{"id":8915,"date":"2022-04-19T14:05:23","date_gmt":"2022-04-19T18:05:23","guid":{"rendered":"http:\/\/www.theadkx.org\/?page_id=8915"},"modified":"2023-01-06T13:33:13","modified_gmt":"2023-01-06T18:33:13","slug":"serie-inspiration-artistes-2","status":"publish","type":"page","link":"https:\/\/www.theadkx.org\/fr\/our-events\/adirondacks-for-all-series\/","title":{"rendered":"Adirondacks for All : Identity &amp; Environmental Justice in The North Country (Adirondacks pour tous : identit\u00e9 et justice environnementale dans le Pays du Nord)"},"content":{"rendered":"<div id='av_section_1'  class='avia-section main_color avia-section-no-padding avia-no-border-styling  ep-lazy-loaded avia-full-stretch avia-bg-style-scroll  avia-builder-el-0  el_before_av_section  avia-builder-el-first   avia-section-fwd container_wrap fullsize' style='background-repeat: no-repeat; --epBGImg: url(https:\/\/www.theadkx.org\/wp-content\/uploads\/2022\/04\/Wild-Usettled-Country-3-002.jpg);;background-attachment: scroll; background-position: center center;   '   data-section-bg-repeat='stretch' ><div class='container' style=\"\"><main  role=\"main\" itemprop=\"mainContentOfPage\"  class='template-page content  av-content-full alpha units' ><div class='post-entry post-entry-type-page post-entry-8915'><div class='entry-content-wrapper clearfix'>\n<div   class='hr hr-invisible  hr-responsive   avia-builder-el-1  avia-builder-el-no-sibling' ><div style='height:300px' class='hr-desktop'><\/div><div style='height:300px' class='hr-tablet'><\/div><div style='height:150px' class='hr-mobile'><\/div><\/div>\n\n<\/div><\/div><\/main><!-- close content main element --><\/div><\/div><div id='av_section_2'  class='avia-section main_color avia-section-default avia-no-border-styling  ep-lazy-loaded avia-full-stretch avia-bg-style-scroll  avia-builder-el-2  el_after_av_section  el_before_av_section   container_wrap fullsize' style='background-color: #fcfaf5; background-repeat: no-repeat; --epBGImg: url(https:\/\/www.theadkx.org\/wp-content\/uploads\/2021\/03\/Brown-Topo-Map-1.png);;background-attachment: scroll; background-position: center center;   '  data-lazy-bg data-section-bg-repeat='stretch' ><div class='container' ><div class='template-page content  av-content-full alpha units' ><div class='post-entry post-entry-type-page post-entry-8915'><div class='entry-content-wrapper clearfix'>\n<div   class='av-special-heading av-special-heading-h1   blockquote modern-quote  avia-builder-el-3  avia-builder-el-no-sibling' ><h1 class='av-special-heading-tag'   itemprop=\"headline\"  >Adirondacks pour tous :<\/p>\n<h2>Identity &amp; Environmental Justice in the North Country<\/h2>\n<p><\/h1><div class='special-heading-border'><div class='special-heading-inner-border' ><\/div><\/div><\/div>\n\n<\/div><\/div><\/div><!-- close content main div --><\/div><\/div><div id='av_section_3'  class='avia-section main_color avia-section-default avia-no-border-styling  avia-bg-style-scroll  avia-builder-el-4  el_after_av_section  el_before_av_section   container_wrap fullsize' style='  '   ><div class='container' style=\"--containerWidth:1150px;max-width:1150px;\"><div class='template-page content  av-content-full alpha units' ><div class='post-entry post-entry-type-page post-entry-8915'><div class='entry-content-wrapper clearfix'>\n<div   class='flex_column_table  reverse-order ep-lazy-loaded   av-equal-height-column-flextable av-break-at-tablet-flextable flex-column-table-1'  ><div  class=\"flex_column av_one_full  custom_space av-break-at-tablet flex_column_table_cell av-equal-height-column av-align-top ep-lazy-loaded first  avia-builder-el-5  avia-builder-el-no-sibling  mobile-offset\" ><div class=\"flex-column-inner\"><p><div  style='height:20px' class='hr hr-invisible   av-desktop-hide  avia-builder-el-6  el_before_av_textblock  avia-builder-el-first' ><span class='hr-inner' ><span class='hr-inner-style'><\/span><\/span><\/div><br \/>\n<section class=\"av_textblock_section\"  itemscope=\"itemscope\" itemtype=\"https:\/\/schema.org\/CreativeWork\"  ><div class='avia_textblock'   itemprop=\"text\" ><p>Rejoignez-nous pour notre nouvelle s\u00e9rie de programmes virtuels,\u00a0<strong>\u201cAdirondacks for All: Identity &amp; Environmental Justice in the North Country.&#8221;<\/strong>\u00a0Cette s\u00e9rie d'\u00e9t\u00e9 examinera <span style=\"font-weight: 400;\">les intersections entre la justice raciale et la justice environnementale. Par le biais de\u00a0<\/span>En engageant des discussions avec un groupe diversifi\u00e9 d'activistes locaux, d'arch\u00e9ologues, d'enseignants, d'intendants de la terre et autres, cette s\u00e9rie explorera les exp\u00e9riences d'in\u00e9galit\u00e9 et d'oppression dans les Adirondacks et les fa\u00e7ons dont ces r\u00e9alit\u00e9s sont li\u00e9es aux questions de pr\u00e9servation, de pollution et d'acc\u00e8s \u00e0 la terre, \u00e0 l'eau et \u00e0 la nature.<\/p>\n<p><span style=\"font-weight: 400;\">Les Adirondacks sont depuis longtemps c\u00e9l\u00e9br\u00e9s comme l'une des plus belles r\u00e9ussites de la nation en mati\u00e8re de conservation. Patchwork unique de hameaux r\u00e9sidentiels et de r\u00e9serves foresti\u00e8res, le vaste r\u00e9seau de for\u00eats, d'eaux et de hauts sommets du parc a inspir\u00e9 des g\u00e9n\u00e9rations de r\u00e9sidents et de visiteurs \u00e0 la recherche de leur propre exp\u00e9rience \u201cForever Wild\u201d. Qu'il s'agisse de randonner sur un sentier de l'arri\u00e8re-pays, de gravir un sommet de 4 000 pieds, de pagayer sur un lac limpide ou de profiter de l'une des derni\u00e8res for\u00eats anciennes du Nord-Est, la pr\u00e9servation de la nature sauvage et la conservation des ressources garantissent ces possibilit\u00e9s de loisirs au grand public et prot\u00e8gent les \u00e9cosyst\u00e8mes menac\u00e9s de la destruction et du d\u00e9veloppement. Les d\u00e9fis du changement climatique rendent le travail difficile et parfois controvers\u00e9 de la pr\u00e9servation des for\u00eats d'autant plus urgent aujourd'hui et pour les g\u00e9n\u00e9rations futures.\u00a0<\/span><\/p>\n<p><span style=\"font-weight: 400;\">Pourtant, sous la surface, et \u00e0 l'int\u00e9rieur de la ligne bleue du parc, des h\u00e9ritages de d\u00e9possession, de racisme syst\u00e9mique et d'in\u00e9galit\u00e9 contribuent au sentiment malheureux que les Adirondacks appartiennent \u00e0 certains et pas \u00e0 d'autres. <\/span><span style=\"font-weight: 400;\">Cr\u00e9\u00e9 en 1892 pour \u201cle libre usage de tous les citoyens pour leur sant\u00e9 et leur plaisir\u201d, la r\u00e9alit\u00e9 a rarement \u00e9t\u00e9 \u00e0 la hauteur de cet id\u00e9al d\u00e9mocratique.\u00a0<\/span><\/p>\n<p><em><span style=\"font-weight: 400;\">La s\u00e9rie de programmes \u201cAdirondacks for All\u201d a \u00e9t\u00e9 d\u00e9velopp\u00e9e par l'Adirondack Experience en partenariat avec la <a href=\"https:\/\/www.diversityadk.org\/\">Initiative pour la diversit\u00e9 dans les Adirondacks<\/a>, Le <a href=\"https:\/\/www.wildcenter.org\/\">Wild Center<\/a>, et le <a href=\"https:\/\/www.nature.org\/en-us\/about-us\/where-we-work\/united-states\/new-york\/\">Conservation de la nature<\/a>. Cette s\u00e9rie a \u00e9t\u00e9 financ\u00e9e par la <a href=\"https:\/\/www.imls.gov\/\">Institute of Museum and Library Services (Institut des services des mus\u00e9es et des biblioth\u00e8ques), <\/a><\/span><\/em><em>la Max and Victoria Dreyfus Foundation, Inc, et la Leo Cox Beach Foundation.\u00a0<\/em><\/p>\n<\/div><\/section><\/p><\/div><\/div><\/div><!--close column table wrapper. Autoclose: 1 -->\n\n<\/div><\/div><\/div><!-- close content main div --><\/div><\/div><div id='av_section_4'  class='avia-section main_color avia-section-default avia-no-border-styling  ep-lazy-loaded avia-full-stretch avia-bg-style-scroll  avia-builder-el-8  el_after_av_section  el_before_av_section   container_wrap fullsize' style='background-color: #fcfaf5; background-repeat: no-repeat; --epBGImg: url(https:\/\/www.theadkx.org\/wp-content\/uploads\/2021\/04\/tree-background-1920x1080-01.png);;background-attachment: scroll; background-position: bottom center;   '  data-lazy-bg data-section-bg-repeat='stretch' ><div class='container' ><div class='template-page content  av-content-full alpha units' ><div class='post-entry post-entry-type-page post-entry-8915'><div class='entry-content-wrapper clearfix'>\n<div   class='flex_column_table  ep-lazy-loaded   av-equal-height-column-flextable -flextable flex-column-table-2'  ><div  class=\"flex_column av_two_third  flex_column_table_cell av-equal-height-column av-align-top ep-lazy-loaded first  avia-builder-el-9  el_before_av_one_third  avia-builder-el-first\" ><div class=\"flex-column-inner\"><div  style='color:#7f9c90;font-size:38px;' class='av-special-heading av-special-heading-h3  custom-color-heading blockquote modern-quote  avia-builder-el-10  avia-builder-el-no-sibling  av-inherit-size' ><h3 class='av-special-heading-tag'   itemprop=\"headline\"  >\u00c9v\u00e9nements \u00e0 venir<\/h3><div class='special-heading-border'><div class='special-heading-inner-border' style='border-color:#7f9c90'><\/div><\/div><\/div><\/div><\/div><div class='av-flex-placeholder' ><\/div><div  class=\"flex_column av_one_third  flex_column_table_cell av-equal-height-column av-align-top ep-lazy-loaded   avia-builder-el-11  el_after_av_two_third  el_before_av_hr\" ><div class=\"flex-column-inner\"><div  class='avia-button-wrap avia-button-right    avia-builder-el-12  avia-builder-el-no-sibling'  ><a href='https:\/\/www.theadkx.org\/fr\/evenements\/?tribe_eventcategory%5B0%5D=31'  class='avia-button   avia-icon_select-no avia-color-border avia-size-medium avia-position-right'   ><span class='avia_iconbox_title' >Voir plus<\/span><\/a><\/div><\/div><\/div><\/div><!--close column table wrapper. Autoclose: 1 --><div  style='height:50px' class='hr hr-invisible    avia-builder-el-13  el_after_av_one_third  el_before_ep_posts_grid' ><span class='hr-inner' ><span class='hr-inner-style'><\/span><\/span><\/div>\n\n\n<\/div><\/div><\/div><!-- close content main div --><\/div><\/div><div id='av_section_5'  class='avia-section main_color avia-section-default avia-no-border-styling  avia-bg-style-scroll  avia-builder-el-15  el_after_av_section  el_before_av_one_third   container_wrap fullsize' style='  '   ><div class='container' style=\"--containerWidth:1150px;max-width:1150px;\"><div class='template-page content  av-content-full alpha units' ><div class='post-entry post-entry-type-page post-entry-8915'><div class='entry-content-wrapper clearfix'>\n<div   class='flex_column_table  ep-lazy-loaded   av-equal-height-column-flextable -flextable flex-column-table-3'  ><div  class=\"flex_column av_one_full  flex_column_table_cell av-equal-height-column av-align-top ep-lazy-loaded first  avia-builder-el-16  avia-builder-el-no-sibling\" ><div class=\"flex-column-inner\"><div  style='color:#7f9c90;font-size:38px;' class='av-special-heading av-special-heading-h3  custom-color-heading blockquote modern-quote  avia-builder-el-17  avia-builder-el-no-sibling  av-inherit-size' ><h3 class='av-special-heading-tag'   itemprop=\"headline\"  >Pr\u00e9c\u00e9dent Adirondacks For All Events<\/h3><div class ='av-subheading av-subheading_below av_custom_color' style='font-size:15px;'><p>Des enregistrements seront disponibles ci-dessous apr\u00e8s chaque \u00e9mission en direct.<\/p>\n<\/div><div class='special-heading-border'><div class='special-heading-inner-border' style='border-color:#7f9c90'><\/div><\/div><\/div><\/div><\/div><\/div><!--close column table wrapper. Autoclose: 1 -->\n<\/div><\/div><\/div><!-- close content main div --><\/div><\/div><div id='after_section_5'  class='main_color av_default_container_wrap container_wrap fullsize' style='  '   ><div class='container' ><div class='template-page content  av-content-full alpha units' ><div class='post-entry post-entry-type-page post-entry-8915'><div class='entry-content-wrapper clearfix'>\n<div   class='flex_column_table  ep-lazy-loaded   av-equal-height-column-flextable -flextable flex-column-table-4'  ><div  class=\"flex_column av_one_third  flex_column_table_cell av-equal-height-column av-align-top ep-lazy-loaded first  avia-builder-el-18  el_after_av_section  el_before_av_two_third  avia-builder-el-first\" ><div class=\"flex-column-inner\"><div  class='avia-image-container  av-styling-      avia-builder-el-19  avia-builder-el-no-sibling  avia-align-center'  itemprop=\"image\" itemscope=\"itemscope\" itemtype=\"https:\/\/schema.org\/ImageObject\"   ><div class='avia-image-container-inner'><div class='avia-image-overlay-wrap'><img decoding=\"async\" loading='lazy' class='wp-image-10276 avia-img-lazy-loading-10276 avia_image' src=\"https:\/\/www.theadkx.org\/wp-content\/uploads\/2022\/10\/Foster-Adirondacks-for-All-Picture.jpg\" alt='' title='Foster Adirondacks for All Photo' height=\"607\" width=\"1080\"  itemprop=\"thumbnailUrl\" srcset=\"https:\/\/www.theadkx.org\/wp-content\/uploads\/2022\/10\/Foster-Adirondacks-for-All-Picture.jpg 1080w, https:\/\/www.theadkx.org\/wp-content\/uploads\/2022\/10\/Foster-Adirondacks-for-All-Picture-300x169.jpg 300w, https:\/\/www.theadkx.org\/wp-content\/uploads\/2022\/10\/Foster-Adirondacks-for-All-Picture-1030x579.jpg 1030w, https:\/\/www.theadkx.org\/wp-content\/uploads\/2022\/10\/Foster-Adirondacks-for-All-Picture-768x432.jpg 768w, https:\/\/www.theadkx.org\/wp-content\/uploads\/2022\/10\/Foster-Adirondacks-for-All-Picture-18x10.jpg 18w\" sizes=\"auto, (max-width: 1080px) 100vw, 1080px\" \/><\/div><\/div><\/div><\/div><\/div>\n<div class='av-flex-placeholder' ><\/div><div  class=\"flex_column av_two_third  flex_column_table_cell av-equal-height-column av-align-top ep-lazy-loaded   avia-builder-el-20  el_after_av_one_third  el_before_av_hr\" ><div class=\"flex-column-inner\"><p><div   class='av-special-heading av-special-heading-h3   blockquote modern-quote  avia-builder-el-21  el_before_av_textblock  avia-builder-el-first' ><h3 class='av-special-heading-tag'   itemprop=\"headline\"  >Symposium Adirondacks for All Part 3 : Using Policy and Preservation to Foster an Adirondacks for All<\/h3><div class ='av-subheading av-subheading_below' style='font-size:15px;'><p>Vendredi 4 novembre 2022 | 19h00<\/p>\n<\/div><div class='special-heading-border'><div class='special-heading-inner-border' ><\/div><\/div><\/div><br \/>\n<section class=\"av_textblock_section\"  itemscope=\"itemscope\" itemtype=\"https:\/\/schema.org\/CreativeWork\"  ><div class='avia_textblock'   itemprop=\"text\" ><p>Au cours de cette derni\u00e8re table ronde du symposium d'une semaine \u201cAdirondacks for All\u201d, Aaron Mair engagera les membres de l'Assembl\u00e9e Michelle C. Solages et Stefani Zimmerman, ainsi que Benita Law-Diao, administratrice d'ADKX, dans une conversation portant sur le pass\u00e9, le pr\u00e9sent et l'avenir des Adirondacks. Mair dirige actuellement la campagne \u201cForever Adirondacks\u201d du Conseil des Adirondacks et a \u00e9t\u00e9 le premier pr\u00e9sident afro-am\u00e9ricain du Sierra Club. La passion de Mair pour l'intendance, la pr\u00e9servation et la justice environnementale l'a plac\u00e9 au centre des efforts visant \u00e0 comm\u00e9morer l'histoire afro-am\u00e9ricaine de la r\u00e9gion et \u00e0 \u00e9tablir le Timbuctoo Summer Climate and Careers Institute, qui mettra les jeunes de la ville de New York en contact avec des programmes \u00e9ducatifs et des formations \u00e0 des emplois verts bas\u00e9s dans les Adirondacks. Mair abordera ces projets et d'autres visant \u00e0 prot\u00e9ger les terres et les eaux des Adirondacks tout en encourageant la diversit\u00e9, l'\u00e9quit\u00e9 et les opportunit\u00e9s \u00e9conomiques.<\/p>\n<\/div><\/section><br \/>\n<div   class='av-special-heading av-special-heading-h4   blockquote modern-quote  avia-builder-el-23  el_after_av_textblock  el_before_av_textblock' ><h4 class='av-special-heading-tag'   itemprop=\"headline\"  >A propos des orateurs<\/h4><div class='special-heading-border'><div class='special-heading-inner-border' ><\/div><\/div><\/div><br \/>\n<section class=\"av_textblock_section\"  itemscope=\"itemscope\" itemtype=\"https:\/\/schema.org\/CreativeWork\"  ><div class='avia_textblock'   itemprop=\"text\" ><p><img loading=\"lazy\" decoding=\"async\" class=\"wp-image-8978 size-thumbnail alignleft\" src=\"https:\/\/www.theadkx.org\/wp-content\/uploads\/2022\/04\/Aaron-Mair-80x80.jpg\" alt=\"\" width=\"80\" height=\"80\" srcset=\"https:\/\/www.theadkx.org\/wp-content\/uploads\/2022\/04\/Aaron-Mair-80x80.jpg 80w, https:\/\/www.theadkx.org\/wp-content\/uploads\/2022\/04\/Aaron-Mair-12x12.jpg 12w, https:\/\/www.theadkx.org\/wp-content\/uploads\/2022\/04\/Aaron-Mair.jpg 250w\" sizes=\"auto, (max-width: 80px) 100vw, 80px\" \/><\/p>\n<div class=\"cxmmr5t8 oygrvhab hcukyx3x c1et5uql o9v6fnle\">\n<p>Aaron Mair est un expert de la nature sauvage et un pionnier de la justice environnementale depuis 30 ans. Il a \u00e9t\u00e9 conseiller aupr\u00e8s de la Commission pour la qualit\u00e9 de l'environnement de la Maison Blanche pour les administrations Clinton et Obama. Mair a \u00e9t\u00e9 le premier pr\u00e9sident afro-am\u00e9ricain du Sierra Club et est bien connu pour son travail dans le domaine de la justice environnementale. Lors de cette conf\u00e9rence, il \u00e9voquera les premiers efforts de protection des droits de vote des Afro-Am\u00e9ricains.<\/p>\n<\/div>\n<p><img loading=\"lazy\" decoding=\"async\" class=\"wp-image-10256 size-thumbnail alignleft\" src=\"https:\/\/www.theadkx.org\/wp-content\/uploads\/2022\/09\/Benita-1-80x80.jpg\" alt=\"\" width=\"80\" height=\"80\" srcset=\"https:\/\/www.theadkx.org\/wp-content\/uploads\/2022\/09\/Benita-1-80x80.jpg 80w, https:\/\/www.theadkx.org\/wp-content\/uploads\/2022\/09\/Benita-1-12x12.jpg 12w, https:\/\/www.theadkx.org\/wp-content\/uploads\/2022\/09\/Benita-1.jpg 250w\" sizes=\"auto, (max-width: 80px) 100vw, 80px\" \/><\/p>\n<div class=\"cxmmr5t8 oygrvhab hcukyx3x c1et5uql o9v6fnle\">\n<p>Benita Law-Diao est nutritionniste et di\u00e9t\u00e9ticienne dipl\u00f4m\u00e9e en sant\u00e9 publique de l'\u00c9tat de New York. Elle a travaill\u00e9 32 ans pour le minist\u00e8re de la sant\u00e9 de l'\u00c9tat de New York. Au cours de sa carri\u00e8re, elle a \u00e9t\u00e9 nutritionniste en sant\u00e9 publique, gestionnaire de contrats et sp\u00e9cialiste en recherche de programmes. Tout au long de sa vie, Mme Law-Diao s'est passionn\u00e9e pour l'environnement et les modes de vie durables. Pendant cinq ann\u00e9es cons\u00e9cutives, elle a travers\u00e9 l'\u00c9tat de New York \u00e0 v\u00e9lo avec ses coll\u00e8gues pour promouvoir la r\u00e9ouverture du canal \u00c9ri\u00e9 et sensibiliser le public \u00e0 cet atout r\u00e9cr\u00e9atif de classe mondiale. En tant qu'ancienne pr\u00e9sidente du Hudson-Mohawk Council et membre du conseil d'administration national de Hostelling International USA, elle a men\u00e9 des actions visant \u00e0 encourager un plus grand nombre de personnes de couleur \u00e0 participer \u00e0 des voyages et \u00e0 des activit\u00e9s de loisirs. Mme Law-Diao est l'Outdoor Afro Leader pour Albany et le nord de l'\u00c9tat de New York. Elle conseille le camp Eagle Island \u00e0 Saranac Lake. Elle est \u00e9galement membre de l'Albany Riverfront Collaborative et travaille \u00e0 la mise en place de partenariats civiques solides, n\u00e9cessaires \u00e0 la cr\u00e9ation d'une communaut\u00e9 connect\u00e9e \u00e0 la rivi\u00e8re et durable, dot\u00e9e d'une \u00e9conomie, d'une culture et d'un paysage dynamiques et interd\u00e9pendants. En tant que Cornell Cooperative Extension Albany County Master Gardener, elle travaille avec la communaut\u00e9 sur une vari\u00e9t\u00e9 de projets d'agriculture durable et d'embellissement. En mai 2022, Mme Law-Diao a \u00e9t\u00e9 nomm\u00e9e \u00e0 l'Agence du parc des Adirondacks, devenant ainsi la premi\u00e8re Afro-Am\u00e9ricaine \u00e0 si\u00e9ger au conseil d'administration.<\/p>\n<p><a href=\"https:\/\/nyassembly.gov\/mem\/Michaelle-C-Solages\"><strong>Membre de l'Assembl\u00e9e Michaelle C. Solages<\/strong><\/a><\/p>\n<p><a href=\"https:\/\/nyassembly.gov\/mem\/Stefani-Zinerman\"><strong>Membre de l'Assembl\u00e9e Stefani Zinerman<\/strong><\/a><\/p>\n<\/div>\n<div class=\"cxmmr5t8 oygrvhab hcukyx3x c1et5uql o9v6fnle\"><\/div>\n<div class=\"cxmmr5t8 oygrvhab hcukyx3x c1et5uql o9v6fnle\"><\/div>\n<\/div><\/section><br \/>\n<div  style='height:30px' class='hr hr-invisible    avia-builder-el-25  el_after_av_textblock  el_before_av_button' ><span class='hr-inner' ><span class='hr-inner-style'><\/span><\/span><\/div><br \/>\n<div  class='avia-button-wrap avia-button-left    avia-builder-el-26  el_after_av_hr  avia-builder-el-last'  ><a href='https:\/\/www.youtube.com\/watch?v=ICRqbwqp-iE'  class='avia-button   avia-icon_select-no avia-color-border avia-size-medium avia-position-left'   ><span class='avia_iconbox_title' >Regardez l'enregistrement<\/span><\/a><\/div><\/p><\/div><\/div><\/div><!--close column table wrapper. Autoclose: 1 --><div   class='hr hr-default    avia-builder-el-27  el_after_av_two_third  el_before_av_one_third' ><span class='hr-inner' ><span class='hr-inner-style'><\/span><\/span><\/div><\/p>\n<div   class='flex_column_table  ep-lazy-loaded   av-equal-height-column-flextable -flextable flex-column-table-5'  ><div  class=\"flex_column av_one_third  flex_column_table_cell av-equal-height-column av-align-top ep-lazy-loaded first  avia-builder-el-28  el_after_av_hr  el_before_av_two_third\" ><div class=\"flex-column-inner\"><div  class='avia-image-container  av-styling-      avia-builder-el-29  avia-builder-el-no-sibling  avia-align-center'  itemprop=\"image\" itemscope=\"itemscope\" itemtype=\"https:\/\/schema.org\/ImageObject\"   ><div class='avia-image-container-inner'><div class='avia-image-overlay-wrap'><img decoding=\"async\" loading='lazy' class='wp-image-10257 avia-img-lazy-loading-10257 avia_image' src=\"https:\/\/www.theadkx.org\/wp-content\/uploads\/2022\/09\/wilderness-for-all.jpg\" alt='' title='La nature sauvage pour tous' height=\"607\" width=\"1080\"  itemprop=\"thumbnailUrl\" srcset=\"https:\/\/www.theadkx.org\/wp-content\/uploads\/2022\/09\/wilderness-for-all.jpg 1080w, https:\/\/www.theadkx.org\/wp-content\/uploads\/2022\/09\/wilderness-for-all-300x169.jpg 300w, https:\/\/www.theadkx.org\/wp-content\/uploads\/2022\/09\/wilderness-for-all-1030x579.jpg 1030w, https:\/\/www.theadkx.org\/wp-content\/uploads\/2022\/09\/wilderness-for-all-768x432.jpg 768w, https:\/\/www.theadkx.org\/wp-content\/uploads\/2022\/09\/wilderness-for-all-18x10.jpg 18w\" sizes=\"auto, (max-width: 1080px) 100vw, 1080px\" \/><\/div><\/div><\/div><\/div><\/div>\n<div class='av-flex-placeholder' ><\/div><div  class=\"flex_column av_two_third  flex_column_table_cell av-equal-height-column av-align-top ep-lazy-loaded   avia-builder-el-30  el_after_av_one_third  el_before_av_hr\" ><div class=\"flex-column-inner\"><p><div   class='av-special-heading av-special-heading-h3   blockquote modern-quote  avia-builder-el-31  el_before_av_textblock  avia-builder-el-first' ><h3 class='av-special-heading-tag'   itemprop=\"headline\"  >Symposium sur les Adirondacks pour tous Partie 2 : La nature sauvage pour tous<\/h3><div class ='av-subheading av-subheading_below' style='font-size:15px;'><p>Mercredi 2 novembre 2022 | 19h00<\/p>\n<\/div><div class='special-heading-border'><div class='special-heading-inner-border' ><\/div><\/div><\/div><br \/>\n<section class=\"av_textblock_section\"  itemscope=\"itemscope\" itemtype=\"https:\/\/schema.org\/CreativeWork\"  ><div class='avia_textblock'   itemprop=\"text\" ><p>Aujourd'hui, pour rester pertinents, nous devons nous adapter et relever les d\u00e9fis et les obstacles qui se dressent sur la voie de la promotion d'un environnement plus diversifi\u00e9 et plus inclusif. C'est particuli\u00e8rement vrai dans un endroit comme le parc des Adirondacks. Il est de plus en plus reconnu qu'une multitude d'obstacles culturels, g\u00e9ographiques et \u00e9conomiques continuent de saper l'engagement d\u00e9mocratique du parc en faveur de \u201cla libre utilisation par tous pour leur sant\u00e9 et leur plaisir\u201d. Si la communaut\u00e9 des Adirondacks souhaite offrir un large \u00e9ventail de possibilit\u00e9s \u00e0 tous les visiteurs - y compris ceux qui sont marginalis\u00e9s par des handicaps physiques, des charges \u00e9conomiques ou des h\u00e9ritages d'exclusion - les gestionnaires du parc, les parties prenantes et les partenaires du secteur priv\u00e9 pourraient s'inspirer des individus et des organisations qui travaillent \u00e0 la base pour ouvrir la nature sauvage des Adirondacks \u00e0 des groupes traditionnellement sous-repr\u00e9sent\u00e9s. Les participants \u00e0 cette table ronde ont consacr\u00e9 beaucoup de temps et d'\u00e9nergie \u00e0 combler le foss\u00e9 de l'acc\u00e8s et de l'\u00e9quit\u00e9, en reliant les jeunes noirs et autochtones, entre autres, \u00e0 un patrimoine environnemental et culturel qui devrait transcender les fronti\u00e8res culturelles, raciales et \u00e9conomiques. Benita Law-Diao, Annie Cree et Stephanie Morningstar partageront leur parcours personnel avec les Adirondacks et discuteront des possibilit\u00e9s d'aller de l'avant dans une direction plus positive.<\/p>\n<\/div><\/section><br \/>\n<div   class='av-special-heading av-special-heading-h4   blockquote modern-quote  avia-builder-el-33  el_after_av_textblock  el_before_av_textblock' ><h4 class='av-special-heading-tag'   itemprop=\"headline\"  >A propos des orateurs<\/h4><div class='special-heading-border'><div class='special-heading-inner-border' ><\/div><\/div><\/div><br \/>\n<section class=\"av_textblock_section\"  itemscope=\"itemscope\" itemtype=\"https:\/\/schema.org\/CreativeWork\"  ><div class='avia_textblock'   itemprop=\"text\" ><p><img loading=\"lazy\" decoding=\"async\" class=\"wp-image-10256 size-thumbnail alignleft\" src=\"https:\/\/www.theadkx.org\/wp-content\/uploads\/2022\/09\/Benita-1-80x80.jpg\" alt=\"\" width=\"80\" height=\"80\" srcset=\"https:\/\/www.theadkx.org\/wp-content\/uploads\/2022\/09\/Benita-1-80x80.jpg 80w, https:\/\/www.theadkx.org\/wp-content\/uploads\/2022\/09\/Benita-1-12x12.jpg 12w, https:\/\/www.theadkx.org\/wp-content\/uploads\/2022\/09\/Benita-1.jpg 250w\" sizes=\"auto, (max-width: 80px) 100vw, 80px\" \/><\/p>\n<div class=\"cxmmr5t8 oygrvhab hcukyx3x c1et5uql o9v6fnle\">\n<p>Benita Law-Diao est nutritionniste et di\u00e9t\u00e9ticienne dipl\u00f4m\u00e9e en sant\u00e9 publique de l'\u00c9tat de New York. Elle a travaill\u00e9 32 ans pour le minist\u00e8re de la sant\u00e9 de l'\u00c9tat de New York. Au cours de sa carri\u00e8re, elle a \u00e9t\u00e9 nutritionniste en sant\u00e9 publique, gestionnaire de contrats et sp\u00e9cialiste en recherche de programmes. Tout au long de sa vie, Mme Law-Diao s'est passionn\u00e9e pour l'environnement et les modes de vie durables. Pendant cinq ann\u00e9es cons\u00e9cutives, elle a travers\u00e9 l'\u00c9tat de New York \u00e0 v\u00e9lo avec ses coll\u00e8gues pour promouvoir la r\u00e9ouverture du canal \u00c9ri\u00e9 et sensibiliser le public \u00e0 cet atout r\u00e9cr\u00e9atif de classe mondiale. En tant qu'ancienne pr\u00e9sidente du Hudson-Mohawk Council et membre du conseil d'administration national de Hostelling International USA, elle a men\u00e9 des actions visant \u00e0 encourager un plus grand nombre de personnes de couleur \u00e0 participer \u00e0 des voyages et \u00e0 des activit\u00e9s de loisirs. Mme Law-Diao est l'Outdoor Afro Leader pour Albany et le nord de l'\u00c9tat de New York. Elle conseille le camp Eagle Island \u00e0 Saranac Lake. Elle est \u00e9galement membre de l'Albany Riverfront Collaborative et travaille \u00e0 la mise en place de partenariats civiques solides, n\u00e9cessaires \u00e0 la cr\u00e9ation d'une communaut\u00e9 connect\u00e9e \u00e0 la rivi\u00e8re et durable, dot\u00e9e d'une \u00e9conomie, d'une culture et d'un paysage dynamiques et interd\u00e9pendants. En tant que Cornell Cooperative Extension Albany County Master Gardener, elle travaille avec la communaut\u00e9 sur une vari\u00e9t\u00e9 de projets d'agriculture durable et d'embellissement. En mai 2022, Mme Law-Diao a \u00e9t\u00e9 nomm\u00e9e \u00e0 l'Agence du parc des Adirondacks, devenant ainsi la premi\u00e8re Afro-Am\u00e9ricaine \u00e0 si\u00e9ger au conseil d'administration.<\/p>\n<\/div>\n<p><span style=\"font-weight: 400;\"><img loading=\"lazy\" decoding=\"async\" class=\"wp-image-10255 size-thumbnail alignleft\" src=\"https:\/\/www.theadkx.org\/wp-content\/uploads\/2022\/09\/Morningstar-80x80.jpg\" alt=\"\" width=\"80\" height=\"80\" srcset=\"https:\/\/www.theadkx.org\/wp-content\/uploads\/2022\/09\/Morningstar-80x80.jpg 80w, https:\/\/www.theadkx.org\/wp-content\/uploads\/2022\/09\/Morningstar-12x12.jpg 12w, https:\/\/www.theadkx.org\/wp-content\/uploads\/2022\/09\/Morningstar.jpg 250w\" sizes=\"auto, (max-width: 80px) 100vw, 80px\" \/>Stephanie Morningstar\u00a0is Mohawk, Oneida, and mixed European descent. She is an herbalist, soil and seed steward, scholar, student, and Earth Worker dedicated to decolonizing and liberating minds, hearts, and land- one plant, person, ecosystem, and non-human being at a time. Stephanie is the Executive Director of the Northeast Farmers of Color Land Trust, an organization dedicated to advancing land access for BIPOC land stewards of color. Stephanie tends medicines at Sky World Apothecary &amp; Farm; and teaches about the wonders of plant medicine at Seed, Soil, + Spirit School.\u00a0Stephanie\u2019s theory of change is rooted in community-driven, self-determined solutions created by BIPOC communities for BIPOC communities. She carries with her over a decade of Indigenous community-driven systems change work in healthcare, legal, herbal, agricultural, land access, and academic research spaces where she cut her teeth on speaking Truth to Power. Her work advancing sovereignty in institutional spaces with and for Indigenous communities has resulted in mandating Indigenous Cultural Safety training to service providers; Indigenous Dispute Transformation frameworks; and meaningful and ethical Indigenous-driven research in climate change.<br \/>\n<\/span><\/p>\n<p><img loading=\"lazy\" decoding=\"async\" class=\"wp-image-10278 size-thumbnail alignleft\" src=\"https:\/\/www.theadkx.org\/wp-content\/uploads\/2022\/09\/AnnieCree-80x80.jpg\" alt=\"\" width=\"80\" height=\"80\" srcset=\"https:\/\/www.theadkx.org\/wp-content\/uploads\/2022\/09\/AnnieCree-80x80.jpg 80w, https:\/\/www.theadkx.org\/wp-content\/uploads\/2022\/09\/AnnieCree-12x12.jpg 12w, https:\/\/www.theadkx.org\/wp-content\/uploads\/2022\/09\/AnnieCree.jpg 250w\" sizes=\"auto, (max-width: 80px) 100vw, 80px\" \/><\/p>\n<div class=\"cxmmr5t8 oygrvhab hcukyx3x c1et5uql o9v6fnle\">\n<p>Annie Cree est une Mohawk d'Akwesasne et fait partie du Bear Clan. Elle est l'\u00e9pouse d'Evan Cree et la fi\u00e8re m\u00e8re de quatre enfants. Annie est directrice des programmes de plein air pour le centre de conditionnement physique pour jeunes Iakwa'shatste et entra\u00eeneuse de jeunes et d'\u00e9quipes pour quelques \u00e9quipes locales de sports mineurs. En travaillant \u00e0 IYF, elle est en mesure d'offrir des activit\u00e9s terrestres telles que la randonn\u00e9e, le v\u00e9lo, le cano\u00eb et la raquette, pour n'en nommer que quelques-unes. Elle propose \u00e9galement des programmes et des ateliers ax\u00e9s sur la famille pour aider \u00e0 \u00e9duquer les parents et les enfants sur les questions de s\u00e9curit\u00e9, le bien-\u00eatre, les cours de cuisine, ainsi que les enseignements et les ateliers traditionnels. Annie est un mentor pour les jeunes depuis plus de dix ans. Elle aide les jeunes de la r\u00e9gion \u00e0 se pr\u00e9parer \u00e0 l'universit\u00e9 ou \u00e0 trouver un emploi et, parfois, elle est simplement l\u00e0 pour \u00e9couter ce qu'ils ont \u00e0 dire. Annie a \u00e9galement d\u00e9velopp\u00e9 un programme de course \u00e0 Akwesasne qui est offert aux cinq \u00e9coles locales et qui aide \u00e0 pr\u00e9parer les coureurs \u00e0 diff\u00e9rents \u00e9v\u00e9nements de course \u00e0 pied, y compris le marathon d'Ottawa Kids run. L'ann\u00e9e derni\u00e8re, 65 enfants ont particip\u00e9 au programme et 28 ont particip\u00e9 au marathon. Annie est \u00e9galement membre du comit\u00e9 de pr\u00e9vention du suicide d'Akwesasne, de la coalition d'Akwesasne pour l'autonomisation de la communaut\u00e9 et du comit\u00e9 des \u00e9ducateurs sociaux et de sant\u00e9 de la communaut\u00e9, qui contribuent tous \u00e0 apporter le bien-\u00eatre \u00e0 la communaut\u00e9.<\/p>\n<\/div>\n<\/div><\/section><br \/>\n<div  style='height:30px' class='hr hr-invisible    avia-builder-el-35  el_after_av_textblock  el_before_av_button' ><span class='hr-inner' ><span class='hr-inner-style'><\/span><\/span><\/div><br \/>\n<div  class='avia-button-wrap avia-button-left    avia-builder-el-36  el_after_av_hr  avia-builder-el-last'  ><a href='https:\/\/www.youtube.com\/watch?v=rmljjzdOv9M'  class='avia-button   avia-icon_select-no avia-color-border avia-size-medium avia-position-left'   ><span class='avia_iconbox_title' >Regardez l'enregistrement<\/span><\/a><\/div><\/p><\/div><\/div><\/div><!--close column table wrapper. Autoclose: 1 -->\n<div   class='hr hr-default    avia-builder-el-37  el_after_av_two_third  el_before_av_one_third' ><span class='hr-inner' ><span class='hr-inner-style'><\/span><\/span><\/div>\n<div   class='flex_column_table  ep-lazy-loaded   av-equal-height-column-flextable -flextable flex-column-table-6'  ><div  class=\"flex_column av_one_third  flex_column_table_cell av-equal-height-column av-align-top ep-lazy-loaded first  avia-builder-el-38  el_after_av_hr  el_before_av_two_third\" ><div class=\"flex-column-inner\"><div  class='avia-image-container  av-styling-      avia-builder-el-39  avia-builder-el-no-sibling  avia-align-center'  itemprop=\"image\" itemscope=\"itemscope\" itemtype=\"https:\/\/schema.org\/ImageObject\"   ><div class='avia-image-container-inner'><div class='avia-image-overlay-wrap'><img decoding=\"async\" loading='lazy' class='wp-image-10245 avia-img-lazy-loading-10245 avia_image' src=\"https:\/\/www.theadkx.org\/wp-content\/uploads\/2022\/09\/Reframing-History.jpg\" alt='' title='Recadrer l&#039;histoire' height=\"607\" width=\"1080\"  itemprop=\"thumbnailUrl\" srcset=\"https:\/\/www.theadkx.org\/wp-content\/uploads\/2022\/09\/Reframing-History.jpg 1080w, https:\/\/www.theadkx.org\/wp-content\/uploads\/2022\/09\/Reframing-History-300x169.jpg 300w, https:\/\/www.theadkx.org\/wp-content\/uploads\/2022\/09\/Reframing-History-1030x579.jpg 1030w, https:\/\/www.theadkx.org\/wp-content\/uploads\/2022\/09\/Reframing-History-768x432.jpg 768w, https:\/\/www.theadkx.org\/wp-content\/uploads\/2022\/09\/Reframing-History-18x10.jpg 18w\" sizes=\"auto, (max-width: 1080px) 100vw, 1080px\" \/><\/div><\/div><\/div><\/div><\/div>\n<div class='av-flex-placeholder' ><\/div><div  class=\"flex_column av_two_third  flex_column_table_cell av-equal-height-column av-align-top ep-lazy-loaded   avia-builder-el-40  el_after_av_one_third  el_before_av_hr\" ><div class=\"flex-column-inner\"><p><div   class='av-special-heading av-special-heading-h3   blockquote modern-quote  avia-builder-el-41  el_before_av_textblock  avia-builder-el-first' ><h3 class='av-special-heading-tag'   itemprop=\"headline\"  >Symposium sur les Adirondacks pour tous Partie 1 : Recadrer l'histoire des Adirondacks<\/h3><div class ='av-subheading av-subheading_below' style='font-size:15px;'><p>Mardi 1er novembre 2022 | 19h00<\/p>\n<\/div><div class='special-heading-border'><div class='special-heading-inner-border' ><\/div><\/div><\/div><br \/>\n<section class=\"av_textblock_section\"  itemscope=\"itemscope\" itemtype=\"https:\/\/schema.org\/CreativeWork\"  ><div class='avia_textblock'   itemprop=\"text\" ><p>L'histoire de la r\u00e9gion des Adirondacks a longtemps privil\u00e9gi\u00e9 les r\u00e9cits de la colonisation euro-am\u00e9ricaine : apprivoiser un paysage sauvage et \u00e9tablir une pr\u00e9sence multig\u00e9n\u00e9rationnelle \u00e0 travers le Pays du Nord. Au cours des derni\u00e8res d\u00e9cennies, des individus et des organisations des Adirondacks ont de plus en plus remis en question les hypoth\u00e8ses culturelles, sociales et politiques qui sont \u00e0 la base de ce type de r\u00e9cits eurocentriques. Gr\u00e2ce \u00e0 leurs \u00e9tudes, \u00e0 leurs films et \u00e0 leurs initiatives d'\u00e9ducation culturelle, ces trois pan\u00e9listes se sont efforc\u00e9s de recentrer les exp\u00e9riences des personnes sous-repr\u00e9sent\u00e9es qui ont agi en tant que forces de changement social, politique et culturel dans le North Country et au-del\u00e0. Un \u201crecadrage\u201d suffisamment large pour refl\u00e9ter cette population diversifi\u00e9e doit prendre en compte les peuples premiers de cette r\u00e9gion, les Afro-Am\u00e9ricains, les immigrants, mais aussi les Adirondackers sans visibilit\u00e9 ni pouvoir politique. \u201cJe suis grand, je contiens des multitudes\u201d, \u00e9crivait Whitman. Il en va de m\u00eame pour le parc des Adirondacks. Lors de cette table ronde, Darren Bonaparte, Amy Godine et Paul Miller discuteront des possibilit\u00e9s de mettre en lumi\u00e8re la pluralit\u00e9 des exp\u00e9riences qui composent la tapisserie de l'histoire des \u00c9tats-Unis et des Adirondacks.<\/p>\n<\/div><\/section><br \/>\n<div   class='av-special-heading av-special-heading-h4   blockquote modern-quote  avia-builder-el-43  el_after_av_textblock  el_before_av_textblock' ><h4 class='av-special-heading-tag'   itemprop=\"headline\"  >A propos des orateurs<\/h4><div class='special-heading-border'><div class='special-heading-inner-border' ><\/div><\/div><\/div><br \/>\n<section class=\"av_textblock_section\"  itemscope=\"itemscope\" itemtype=\"https:\/\/schema.org\/CreativeWork\"  ><div class='avia_textblock'   itemprop=\"text\" ><p><img loading=\"lazy\" decoding=\"async\" class=\"wp-image-10248 size-thumbnail alignleft\" src=\"https:\/\/www.theadkx.org\/wp-content\/uploads\/2022\/09\/Amy-Godine-80x80.jpg\" alt=\"\" width=\"80\" height=\"80\" srcset=\"https:\/\/www.theadkx.org\/wp-content\/uploads\/2022\/09\/Amy-Godine-80x80.jpg 80w, https:\/\/www.theadkx.org\/wp-content\/uploads\/2022\/09\/Amy-Godine-12x12.jpg 12w, https:\/\/www.theadkx.org\/wp-content\/uploads\/2022\/09\/Amy-Godine.jpg 250w\" sizes=\"auto, (max-width: 80px) 100vw, 80px\" \/><\/p>\n<div class=\"cxmmr5t8 oygrvhab hcukyx3x c1et5uql o9v6fnle\">\n<p>Amy Godine, chercheuse ind\u00e9pendante et collaboratrice de longue date d'Adirondack Life, \u00e9crit et donne des conf\u00e9rences sur l'histoire sociale de l'Adirondack depuis 1989. Elle s'int\u00e9resse \u00e0 l'histoire des Noirs et des ethnies, aux Adirondackers migrateurs et \u00e0 d'autres non-\u00e9lites dont l'exp\u00e9rience r\u00e9gionale n'est pas reconnue dans les archives historiques. Les expositions qu'elle a \u00e9crites ou organis\u00e9es sur la diversit\u00e9 ethnique dans la r\u00e9gion ont \u00e9t\u00e9 pr\u00e9sent\u00e9es au Chapman Museum, au Saratoga History Museum et \u00e0 l'Adirondack Museum. Son exposition \u201cDreaming of Timbuctoo\u201d, l'histoire d'une colonie agricole noire fond\u00e9e par des abolitionnistes \u00e0 North Elba, se trouve sur le site historique de la ferme John Brown \u00e0 Lake Placid. \u00c0 l'automne prochain, Cornell University Press publiera son livre, The Black Woods, une histoire compl\u00e8te de cette initiative pionni\u00e8re en mati\u00e8re de droits civils avant la guerre civile.<\/p>\n<\/div>\n<p><span style=\"font-weight: 400;\"><img loading=\"lazy\" decoding=\"async\" class=\"wp-image-10247 size-thumbnail alignleft\" src=\"https:\/\/www.theadkx.org\/wp-content\/uploads\/2022\/09\/Paul-Miller-1-80x80.jpg\" alt=\"\" width=\"80\" height=\"80\" srcset=\"https:\/\/www.theadkx.org\/wp-content\/uploads\/2022\/09\/Paul-Miller-1-80x80.jpg 80w, https:\/\/www.theadkx.org\/wp-content\/uploads\/2022\/09\/Paul-Miller-1-12x12.jpg 12w, https:\/\/www.theadkx.org\/wp-content\/uploads\/2022\/09\/Paul-Miller-1.jpg 250w\" sizes=\"auto, (max-width: 80px) 100vw, 80px\" \/>Paul A. Miller est un \u00e9crivain, photographe et cin\u00e9aste ind\u00e9pendant install\u00e9 dans le nord de l'\u00c9tat de New York. Professionnel exp\u00e9riment\u00e9 de la t\u00e9l\u00e9vision, il a travaill\u00e9 pour des \u00e9missions et des r\u00e9seaux nationaux tels que The History Channel, National Geographic Channel, PBS et \u201cThe Oprah Winfrey Show\u201d. Pendant des ann\u00e9es, le cin\u00e9aste Paul Miller est pass\u00e9 devant le John Brown Farm State Historic sur la route des vacances familiales. Comme beaucoup, il avait entendu parler, lorsqu'il \u00e9tait jeune \u00e9tudiant, de l'abolitionniste John Brown et de son raid sur Harpers Ferry, mais il ne s'\u00e9tait jamais demand\u00e9 pourquoi la maison de Brown se trouvait dans l'\u00c9tat de New York, nich\u00e9e entre les magnifiques sommets des monts Adirondack. Lorsque M. Miller a appris qu'elle \u00e9tait li\u00e9e \u00e0 l'\u00e9tablissement d'une colonie afro-am\u00e9ricaine peu connue et perdue depuis l'\u00e9poque de l'antebellum dans les montagnes, il a su que l'histoire devait \u00eatre racont\u00e9e. Dans son long m\u00e9trage documentaire, \u201cSearching For Timbuctoo\u201d, il cherche \u00e0 ajouter une dimension indispensable \u00e0 l'histoire bien connue de John Brown et de son raid sur Harpers Ferry, en r\u00e9v\u00e9lant comment une colonie noire peu connue des Adirondacks a contribu\u00e9 \u00e0 ouvrir la voie \u00e0 la guerre civile et, par cons\u00e9quent, \u00e0 changer le cours de l'histoire am\u00e9ricaine.<br \/>\n<\/span><\/p>\n<p><img loading=\"lazy\" decoding=\"async\" class=\"wp-image-10246 size-thumbnail alignleft\" src=\"https:\/\/www.theadkx.org\/wp-content\/uploads\/2022\/09\/Darrenn-80x80.jpg\" alt=\"\" width=\"80\" height=\"80\" srcset=\"https:\/\/www.theadkx.org\/wp-content\/uploads\/2022\/09\/Darrenn-80x80.jpg 80w, https:\/\/www.theadkx.org\/wp-content\/uploads\/2022\/09\/Darrenn-12x12.jpg 12w, https:\/\/www.theadkx.org\/wp-content\/uploads\/2022\/09\/Darrenn.jpg 250w\" sizes=\"auto, (max-width: 80px) 100vw, 80px\" \/><\/p>\n<div class=\"cxmmr5t8 oygrvhab hcukyx3x c1et5uql o9v6fnle\">\n<p>Darren Bonaparte est un historien culturel de la Premi\u00e8re nation d'Akwesasne. Il donne fr\u00e9quemment des conf\u00e9rences dans des \u00e9coles, des universit\u00e9s, des mus\u00e9es et des sites historiques aux \u00c9tats-Unis et au Canada. Darren a \u00e9crit trois livres, plusieurs articles et le livret de la pi\u00e8ce Aboriginal Visions and Voices de l'Orchestre de chambre de McGill. Il est actuellement directeur du bureau de pr\u00e9servation historique tribal de la tribu Mohawk de Saint Regis.<\/p>\n<\/div>\n<\/div><\/section><br \/>\n<div  style='height:30px' class='hr hr-invisible    avia-builder-el-45  el_after_av_textblock  el_before_av_button' ><span class='hr-inner' ><span class='hr-inner-style'><\/span><\/span><\/div><br \/>\n<div  class='avia-button-wrap avia-button-left    avia-builder-el-46  el_after_av_hr  avia-builder-el-last'  ><a href='https:\/\/www.youtube.com\/watch?v=t_bGAb7D6Uk'  class='avia-button   avia-icon_select-no avia-color-border avia-size-medium avia-position-left'   ><span class='avia_iconbox_title' >Regardez l'enregistrement<\/span><\/a><\/div><\/p><\/div><\/div><\/div><!--close column table wrapper. Autoclose: 1 -->\n<div   class='hr hr-default    avia-builder-el-47  el_after_av_two_third  el_before_av_one_third' ><span class='hr-inner' ><span class='hr-inner-style'><\/span><\/span><\/div>\n<div   class='flex_column_table  ep-lazy-loaded   av-equal-height-column-flextable -flextable flex-column-table-7'  ><div  class=\"flex_column av_one_third  flex_column_table_cell av-equal-height-column av-align-top ep-lazy-loaded first  avia-builder-el-48  el_after_av_hr  el_before_av_two_third\" ><div class=\"flex-column-inner\"><div  class='avia-image-container  av-styling-      avia-builder-el-49  avia-builder-el-no-sibling  avia-align-center'  itemprop=\"image\" itemscope=\"itemscope\" itemtype=\"https:\/\/schema.org\/ImageObject\"   ><div class='avia-image-container-inner'><div class='avia-image-overlay-wrap'><img decoding=\"async\" loading='lazy' class='wp-image-9994 avia-img-lazy-loading-9994 avia_image' src=\"https:\/\/www.theadkx.org\/wp-content\/uploads\/2022\/08\/September-6-AFA.jpg\" alt='' title='6 septembre AFA' height=\"607\" width=\"1080\"  itemprop=\"thumbnailUrl\" srcset=\"https:\/\/www.theadkx.org\/wp-content\/uploads\/2022\/08\/September-6-AFA.jpg 1080w, https:\/\/www.theadkx.org\/wp-content\/uploads\/2022\/08\/September-6-AFA-300x169.jpg 300w, https:\/\/www.theadkx.org\/wp-content\/uploads\/2022\/08\/September-6-AFA-1030x579.jpg 1030w, https:\/\/www.theadkx.org\/wp-content\/uploads\/2022\/08\/September-6-AFA-768x432.jpg 768w, https:\/\/www.theadkx.org\/wp-content\/uploads\/2022\/08\/September-6-AFA-18x10.jpg 18w\" sizes=\"auto, (max-width: 1080px) 100vw, 1080px\" \/><\/div><\/div><\/div><\/div><\/div>\n<div class='av-flex-placeholder' ><\/div><div  class=\"flex_column av_two_third  flex_column_table_cell av-equal-height-column av-align-top ep-lazy-loaded   avia-builder-el-50  el_after_av_one_third  el_before_av_hr\" ><div class=\"flex-column-inner\"><p><div   class='av-special-heading av-special-heading-h3   blockquote modern-quote  avia-builder-el-51  el_before_av_textblock  avia-builder-el-first' ><h3 class='av-special-heading-tag'   itemprop=\"headline\"  >L'avenir de la gestion des Adirondacks : Climat, \u00e9cologie et communaut\u00e9<\/h3><div class ='av-subheading av-subheading_below' style='font-size:15px;'><p>Mardi 6 septembre 2022 | 19h00<\/p>\n<\/div><div class='special-heading-border'><div class='special-heading-inner-border' ><\/div><\/div><\/div><br \/>\n<section class=\"av_textblock_section\"  itemscope=\"itemscope\" itemtype=\"https:\/\/schema.org\/CreativeWork\"  ><div class='avia_textblock'   itemprop=\"text\" ><p>Tout au long de l'histoire, des chercheurs, des \u00e9crivains, des artistes et des militants ont d\u00e9pass\u00e9 les attitudes culturelles dominantes de leur \u00e9poque pour r\u00e9\u00e9valuer la mani\u00e8re dont nous organisons notre relation avec le monde naturel. La \u201cr\u00e9volte romantique\u201d d'Emerson et de Thoreau, l'\u00e9thique de la conservation de Gifford Pinchot, la passion de John Muir pour la pr\u00e9servation de la nature sauvage et la critique \u00e9cocentrique du progr\u00e8s scientifique de Rachel Carson ont repouss\u00e9 les limites de la gestion de l'environnement et continuent d'inspirer les engagements plus contemporains en faveur de la durabilit\u00e9 et de la justice environnementale et sociale. Ces valeurs environnementales, parmi d'autres, ont \u00e9galement influenc\u00e9 la trajectoire de la conservation, de la pr\u00e9servation et de l'intendance dans les Adirondacks. En tant que l'une des premi\u00e8res r\u00e9serves naturelles \u201cForever Wild\u201d du pays, le parc des Adirondacks repr\u00e9sente une r\u00e9alisation fondamentale en mati\u00e8re de pr\u00e9servation de l'environnement, mais le travail est loin d'\u00eatre termin\u00e9. Le d\u00e9fi du changement climatique n'a fait que renforcer l'urgence du travail critique de protection de la biodiversit\u00e9 et de promotion de la stabilit\u00e9 \u00e9cologique. Ce groupe d'artistes, de conteurs, d'\u00e9tudiants et d'enseignants explorera les fa\u00e7ons dont nous pourrions r\u00e9imaginer la gestion des Adirondacks, en int\u00e9grant les perspectives \u00e9cocentriques et les droits de la nature, et discutera des barri\u00e8res socio-\u00e9conomiques qui ont historiquement emp\u00each\u00e9 les communaut\u00e9s sous-repr\u00e9sent\u00e9es de s'engager dans ces conversations. Il est essentiel que la gestion des Adirondacks transcende les fronti\u00e8res raciales et de classe et les positions anthropocentriques qui ont traditionnellement d\u00e9fini les cercles environnementaux et qu'elle permette \u00e0 des personnes de tous horizons de participer aux d\u00e9cisions et aux politiques qui d\u00e9termineront l'avenir de la r\u00e9gion.<\/p>\n<\/div><\/section><br \/>\n<div   class='av-special-heading av-special-heading-h4   blockquote modern-quote  avia-builder-el-53  el_after_av_textblock  el_before_av_textblock' ><h4 class='av-special-heading-tag'   itemprop=\"headline\"  >A propos des orateurs<\/h4><div class='special-heading-border'><div class='special-heading-inner-border' ><\/div><\/div><\/div><br \/>\n<section class=\"av_textblock_section\"  itemscope=\"itemscope\" itemtype=\"https:\/\/schema.org\/CreativeWork\"  ><div class='avia_textblock'   itemprop=\"text\" ><p><img loading=\"lazy\" decoding=\"async\" class=\"wp-image-10018 size-thumbnail alignleft\" src=\"https:\/\/www.theadkx.org\/wp-content\/uploads\/2022\/08\/Blake-80x80.jpg\" alt=\"\" width=\"80\" height=\"80\" srcset=\"https:\/\/www.theadkx.org\/wp-content\/uploads\/2022\/08\/Blake-80x80.jpg 80w, https:\/\/www.theadkx.org\/wp-content\/uploads\/2022\/08\/Blake-12x12.jpg 12w, https:\/\/www.theadkx.org\/wp-content\/uploads\/2022\/08\/Blake.jpg 250w\" sizes=\"auto, (max-width: 80px) 100vw, 80px\" \/><\/p>\n<div class=\"cxmmr5t8 oygrvhab hcukyx3x c1et5uql o9v6fnle\">\n<p>Blake Lavia (tous les pronoms) est un artiste multim\u00e9dia et un organisateur communautaire qui vit actuellement dans la vall\u00e9e du fleuve Saint-Laurent (Kaniatarowanneh), au pied des monts Adirondacks, dans le territoire des Haudenosaunee. Dans le cadre de son travail avec le groupe de narration environnementale Talking Wings, Blake Lavia a organis\u00e9 de nombreuses conf\u00e9rences, des expositions d'art en personne et virtuelles, et a produit des pi\u00e8ces de narration visuelle qui mettent en lumi\u00e8re les gardiens de l'eau et de la terre. Leur pratique artistique oscille entre la r\u00e9alisation de films, l'\u00e9criture, la photographie, l'animation et l'illustration mixte, et met en lumi\u00e8re la violence structurelle, la m\u00e9moire culturelle et nos crises climatiques actuelles. Dans des projets r\u00e9cents, tels que le North Country Rights of Nature Symposium, Blake Lavia s'efforce de rassembler les communaut\u00e9s pour discuter de la mani\u00e8re de construire une r\u00e9alit\u00e9 \u00e9cocentrique et juste pour la r\u00e9gion et le monde.<\/p>\n<\/div>\n<p><span style=\"font-weight: 400;\"><img loading=\"lazy\" decoding=\"async\" class=\"alignleft wp-image-10016 size-thumbnail\" src=\"https:\/\/www.theadkx.org\/wp-content\/uploads\/2022\/08\/Tzintzun-80x80.jpg\" alt=\"\" width=\"80\" height=\"80\" srcset=\"https:\/\/www.theadkx.org\/wp-content\/uploads\/2022\/08\/Tzintzun-80x80.jpg 80w, https:\/\/www.theadkx.org\/wp-content\/uploads\/2022\/08\/Tzintzun-12x12.jpg 12w, https:\/\/www.theadkx.org\/wp-content\/uploads\/2022\/08\/Tzintzun.jpg 250w\" sizes=\"auto, (max-width: 80px) 100vw, 80px\" \/>Tzintzun Aguilar-Izzo (they, elle) est une artiste environnementale et une tisseuse de mouvements qui travaille actuellement \u00e0 mettre en lumi\u00e8re des histoires de solutions r\u00e9g\u00e9n\u00e9ratives aux crises climatiques dans le North Country, territoire Haudenosaunee. Dans le cadre de Talking Wings, ils ont collabor\u00e9 avec Blake Lavia sur plusieurs projets artistiques et environnementaux centr\u00e9s sur la communaut\u00e9, tels que le \u201cNorth Country Art, Land and Environment Summit\u201d (Sommet de l'art, de la terre et de l'environnement du Pays du Nord) et \u201cConfluence : A Tapestry of Rivers and their Guardians\u201d (Confluence : une tapisserie de rivi\u00e8res et de leurs gardiens). Talking Wings se lance actuellement dans une nouvelle entreprise qui consiste \u00e0 tisser une collaboration r\u00e9gionale afin de cocr\u00e9er un syst\u00e8me de gouvernance \u00e9cocentrique pour les voies navigables et de r\u00e9diger une d\u00e9claration des droits pour les rivi\u00e8res du Pays du Nord.<br \/>\n<\/span><\/p>\n<p><img loading=\"lazy\" decoding=\"async\" class=\"wp-image-10092 size-thumbnail alignleft\" src=\"https:\/\/www.theadkx.org\/wp-content\/uploads\/2022\/08\/Jen-Kretser-80x80.jpg\" alt=\"\" width=\"80\" height=\"80\" srcset=\"https:\/\/www.theadkx.org\/wp-content\/uploads\/2022\/08\/Jen-Kretser-80x80.jpg 80w, https:\/\/www.theadkx.org\/wp-content\/uploads\/2022\/08\/Jen-Kretser-12x12.jpg 12w, https:\/\/www.theadkx.org\/wp-content\/uploads\/2022\/08\/Jen-Kretser.jpg 250w\" sizes=\"auto, (max-width: 80px) 100vw, 80px\" \/><\/p>\n<div class=\"cxmmr5t8 oygrvhab hcukyx3x c1et5uql o9v6fnle\">\n<p>Jen Kretser,Director of Climate Initiatives at The Wild Center, leads the Center\u2019s climate change engagement programs including the Youth Climate Program, which was highlighted by the Obama White House Office of Science and Technology; interpretive programs for visitors; the new Climate Solutions exhibit; and other climate related initiatives and community partnerships. In 2015, she represented The Wild Center and the Association of Science Technology Centers (ASTC) at the UN COP 21 climate talks in Paris and is working to help seed youth climate summits around the world. In 2022, she led The Wild Center\u2019s delegation at the UN COP 26 climate conference in Glasgow, Scotland. Kretser is an active member of the NYS Climate Resilience &amp; Education Task Force, serves numerous boards including the Climate Literacy Energy Awareness Network (CLEAN), Adirondack Mountain Club and the Adirondack Diversity Initiative. Jen also serves on the U.S. Action for Climate Empowerment (ACE) Coordinating Team and is working on new national education guidelines for climate change and climate justice. Jen grew up in and is grateful to call Saranac Lake home.<\/p>\n<\/div>\n<p><span style=\"font-weight: 400;\"><img loading=\"lazy\" decoding=\"async\" class=\"wp-image-10091 size-thumbnail alignleft\" src=\"https:\/\/www.theadkx.org\/wp-content\/uploads\/2022\/08\/Caroline-Dodd-80x80.jpg\" alt=\"\" width=\"80\" height=\"80\" srcset=\"https:\/\/www.theadkx.org\/wp-content\/uploads\/2022\/08\/Caroline-Dodd-80x80.jpg 80w, https:\/\/www.theadkx.org\/wp-content\/uploads\/2022\/08\/Caroline-Dodd-12x12.jpg 12w, https:\/\/www.theadkx.org\/wp-content\/uploads\/2022\/08\/Caroline-Dodd.jpg 250w\" sizes=\"auto, (max-width: 80px) 100vw, 80px\" \/>Caroline Dodd est une Adirondacker de toujours, une activiste climatique et une entra\u00eeneuse de ski de fond. Elle est l'un des membres fondateurs du Youth Climate Program du Wild Center, dont elle continue \u00e0 faire partie du Youth Advisory Board. Elle a \u00e9tudi\u00e9 les sciences de l'environnement et la politique \u00e0 l'universit\u00e9 de Cornell, o\u00f9 elle a fait des recherches sur l'att\u00e9nuation du changement climatique pour le Royaume de Tonga, se rendant aux n\u00e9gociations des Nations unies sur le climat en Pologne. Depuis, Caroline a travaill\u00e9 comme avocate pour les Adirondacks, comme monitrice de ski et comme coordinatrice d'\u00e9v\u00e9nements de sports d'hiver. Cet automne, elle suivra des \u00e9tudes sup\u00e9rieures en politique environnementale. On peut \u00e9galement la trouver en train de jouer de la fl\u00fbte et de chanter \u00e0 Chapel Island, sur le lac Upper Saranac. Caroline a l'intention de transmettre ses passions pour la justice climatique et les solutions climatiques locales dans le domaine de la politique climatique.<br \/>\n<\/span><\/p>\n<\/div><\/section><br \/>\n<div  style='height:30px' class='hr hr-invisible    avia-builder-el-55  el_after_av_textblock  el_before_av_button' ><span class='hr-inner' ><span class='hr-inner-style'><\/span><\/span><\/div><br \/>\n<div  class='avia-button-wrap avia-button-left    avia-builder-el-56  el_after_av_hr  avia-builder-el-last'  ><a href='https:\/\/youtu.be\/rm-Iu5JZ0GM'  class='avia-button   avia-icon_select-no avia-color-border avia-size-medium avia-position-left'   ><span class='avia_iconbox_title' >Regardez l'enregistrement<\/span><\/a><\/div><\/p><\/div><\/div><\/div><!--close column table wrapper. Autoclose: 1 -->\n<div   class='hr hr-default    avia-builder-el-57  el_after_av_two_third  el_before_av_one_third' ><span class='hr-inner' ><span class='hr-inner-style'><\/span><\/span><\/div>\n<div   class='flex_column_table  ep-lazy-loaded   av-equal-height-column-flextable -flextable flex-column-table-8'  ><div  class=\"flex_column av_one_third  flex_column_table_cell av-equal-height-column av-align-top ep-lazy-loaded first  avia-builder-el-58  el_after_av_hr  el_before_av_two_third\" ><div class=\"flex-column-inner\"><div  class='avia-image-container  av-styling-      avia-builder-el-59  avia-builder-el-no-sibling  avia-align-center'  itemprop=\"image\" itemscope=\"itemscope\" itemtype=\"https:\/\/schema.org\/ImageObject\"   ><div class='avia-image-container-inner'><div class='avia-image-overlay-wrap'><img decoding=\"async\" loading='lazy' class='wp-image-9947 avia-img-lazy-loading-9947 avia_image' src=\"https:\/\/www.theadkx.org\/wp-content\/uploads\/2022\/08\/Inclusive-Main-Image.jpg\" alt='' title='Inclusive Image principale' height=\"607\" width=\"1080\"  itemprop=\"thumbnailUrl\" srcset=\"https:\/\/www.theadkx.org\/wp-content\/uploads\/2022\/08\/Inclusive-Main-Image.jpg 1080w, https:\/\/www.theadkx.org\/wp-content\/uploads\/2022\/08\/Inclusive-Main-Image-300x169.jpg 300w, https:\/\/www.theadkx.org\/wp-content\/uploads\/2022\/08\/Inclusive-Main-Image-1030x579.jpg 1030w, https:\/\/www.theadkx.org\/wp-content\/uploads\/2022\/08\/Inclusive-Main-Image-768x432.jpg 768w, https:\/\/www.theadkx.org\/wp-content\/uploads\/2022\/08\/Inclusive-Main-Image-18x10.jpg 18w\" sizes=\"auto, (max-width: 1080px) 100vw, 1080px\" \/><\/div><\/div><\/div><\/div><\/div>\n<div class='av-flex-placeholder' ><\/div><div  class=\"flex_column av_two_third  flex_column_table_cell av-equal-height-column av-align-top ep-lazy-loaded   avia-builder-el-60  el_after_av_one_third  el_before_av_hr\" ><div class=\"flex-column-inner\"><p><div   class='av-special-heading av-special-heading-h3   blockquote modern-quote  avia-builder-el-61  el_before_av_textblock  avia-builder-el-first' ><h3 class='av-special-heading-tag'   itemprop=\"headline\"  >Vers une nature sauvage des Adirondacks plus inclusive<\/h3><div class ='av-subheading av-subheading_below' style='font-size:15px;'><p>Mardi 23 ao\u00fbt 2022 | 19h00<\/p>\n<\/div><div class='special-heading-border'><div class='special-heading-inner-border' ><\/div><\/div><\/div><br \/>\n<section class=\"av_textblock_section\"  itemscope=\"itemscope\" itemtype=\"https:\/\/schema.org\/CreativeWork\"  ><div class='avia_textblock'   itemprop=\"text\" ><p>En 1892, le parc des Adirondacks a \u00e9t\u00e9 cr\u00e9\u00e9 pour \u201cle libre usage de tous les habitants pour leur sant\u00e9 et leur plaisir\u201d. Malheureusement, ce vaste id\u00e9al d\u00e9mocratique, g\u00e9n\u00e9ralement associ\u00e9 aux terres publiques, tend \u00e0 occulter les barri\u00e8res \u00e9conomiques, culturelles et g\u00e9ographiques qui ont sap\u00e9 les efforts d\u00e9ploy\u00e9s pour faire des Adirondacks un espace plus inclusif et plus accueillant. La composition d\u00e9mographique de la r\u00e9gion des Adirondacks, qui comprend des r\u00e9sidents permanents et des visiteurs saisonniers, complique \u00e9galement cette vision fondatrice. Bien que cette histoire soit profond\u00e9ment enracin\u00e9e dans le Pays du Nord, les \u00e9v\u00e9nements des deux derni\u00e8res ann\u00e9es, notamment la pand\u00e9mie et les r\u00e9flexions nationales sur la justice sociale et raciale, ont incit\u00e9 \u00e0 r\u00e9examiner les in\u00e9galit\u00e9s dans les Adirondacks et leur lien avec l'acc\u00e8s \u00e0 la terre et \u00e0 l'eau, la conservation et la justice environnementale. Il reste encore beaucoup \u00e0 faire pour concr\u00e9tiser cette vision fondatrice, mais gr\u00e2ce \u00e0 un certain nombre de personnes et d'organisations, des engagements soutenus en faveur de la diversit\u00e9, de la repr\u00e9sentation et de l'\u00e9quit\u00e9 ouvrent la voie \u00e0 une nature sauvage des Adirondacks plus inclusive, plus accueillante et plus accessible. Dans ce programme, Robbi Mecus, Klarisse Torriente et Nicky Hylton-Patterson exploreront les raisons pour lesquelles il est important d'avoir un large spectre de repr\u00e9sentation dans les Adirondacks, les opportunit\u00e9s de trouver des solutions dans la communaut\u00e9, et l'intersection de l'identit\u00e9 et de l'appartenance dans les Adirondacks.<\/p>\n<\/div><\/section><br \/>\n<div   class='av-special-heading av-special-heading-h4   blockquote modern-quote  avia-builder-el-63  el_after_av_textblock  el_before_av_textblock' ><h4 class='av-special-heading-tag'   itemprop=\"headline\"  >A propos des orateurs<\/h4><div class='special-heading-border'><div class='special-heading-inner-border' ><\/div><\/div><\/div><br \/>\n<section class=\"av_textblock_section\"  itemscope=\"itemscope\" itemtype=\"https:\/\/schema.org\/CreativeWork\"  ><div class='avia_textblock'   itemprop=\"text\" ><p><img loading=\"lazy\" decoding=\"async\" class=\"alignleft wp-image-9948 size-thumbnail\" src=\"https:\/\/www.theadkx.org\/wp-content\/uploads\/2022\/08\/Klarisse-1-80x80.jpg\" alt=\"\" width=\"80\" height=\"80\" srcset=\"https:\/\/www.theadkx.org\/wp-content\/uploads\/2022\/08\/Klarisse-1-80x80.jpg 80w, https:\/\/www.theadkx.org\/wp-content\/uploads\/2022\/08\/Klarisse-1-12x12.jpg 12w, https:\/\/www.theadkx.org\/wp-content\/uploads\/2022\/08\/Klarisse-1.jpg 250w\" sizes=\"auto, (max-width: 80px) 100vw, 80px\" \/><\/p>\n<div class=\"cxmmr5t8 oygrvhab hcukyx3x c1et5uql o9v6fnle\">\n<p>Klarisse Torriente est une Afro-Latina, assistante sociale et aventuri\u00e8re de toujours, n\u00e9e et \u00e9lev\u00e9e \u00e0 Newburgh, dans l'\u00c9tat de New York. Gr\u00e2ce \u00e0 l'\u00e9quipe d'athl\u00e9tisme de son lyc\u00e9e, elle a pu se rapprocher de la terre par le biais de la course, de la randonn\u00e9e et de la natation. Elle a d\u00e9m\u00e9nag\u00e9 dans le Capital District en 2014 pour obtenir un master en travail social. C'est \u00e0 cette \u00e9poque qu'elle a commenc\u00e9 \u00e0 faire de la randonn\u00e9e dans les Adirondacks et qu'elle est tomb\u00e9e profond\u00e9ment amoureuse de la r\u00e9gion. Gr\u00e2ce \u00e0 de tr\u00e8s nombreuses randonn\u00e9es en solitaire, \u00e0 des camps et \u00e0 des exp\u00e9riences de groupe, elle a trouv\u00e9 des occasions de gu\u00e9rir et de se ressourcer \u00e9motionnellement en marchant sur le sol des Adirondacks.  Elle est devenue intendante b\u00e9n\u00e9vole du sommet en 2021 et a \u00e9t\u00e9 la premi\u00e8re personne noire \u00e0 occuper ce poste. Son objectif dans la vie en g\u00e9n\u00e9ral est de cr\u00e9er des opportunit\u00e9s et des moyens d'action pour les personnes marginalis\u00e9es dans notre soci\u00e9t\u00e9, en particulier les personnes de couleur et les personnes \u00e0 faible revenu \u00e0 la recherche de la joie.<\/p>\n<\/div>\n<p><span style=\"font-weight: 400;\"><img loading=\"lazy\" decoding=\"async\" class=\"wp-image-9940 size-thumbnail alignleft\" src=\"https:\/\/www.theadkx.org\/wp-content\/uploads\/2022\/08\/Nicky-80x80.jpg\" alt=\"\" width=\"80\" height=\"80\" srcset=\"https:\/\/www.theadkx.org\/wp-content\/uploads\/2022\/08\/Nicky-80x80.jpg 80w, https:\/\/www.theadkx.org\/wp-content\/uploads\/2022\/08\/Nicky-12x12.jpg 12w, https:\/\/www.theadkx.org\/wp-content\/uploads\/2022\/08\/Nicky.jpg 250w\" sizes=\"auto, (max-width: 80px) 100vw, 80px\" \/>Nicole \u201cNicky\u201d Hylton-Patterson\u00a0joined the Adirondack North Country Association family as the Director for the Adirondack Diversity Initiative (ADI) in December 2019. Her journey from St. Catherine, Jamaica to Saranac Lake is one marked by lengthy sojourns in Trondheim, Norway, Elmira, NY, and Tempe, AZ.\u00a0 A relentless advocate for justice and equity, Nicky brings 20+ years of experience as a community organizer, educator, activist scholar and diversity &amp; inclusion subject matter expert and practitioner to the role. When she isn\u2019t working with the ADI family of advocates, allies, and affiliates on ensuring that the Adirondacks is a place where biodiversity reflects human diversity, she enjoys spending time outdoors hiking and horseback riding. During fierce Adirondack winters, Nicky is equally happy ensconced with a good book and working on her latest piece of haute couture inspired creation.<br \/>\n<\/span><\/p>\n<p><span style=\"font-weight: 400;\"><img loading=\"lazy\" decoding=\"async\" class=\"wp-image-9939 size-thumbnail alignleft\" src=\"https:\/\/www.theadkx.org\/wp-content\/uploads\/2022\/08\/Robbi-80x80.jpg\" alt=\"\" width=\"80\" height=\"80\" srcset=\"https:\/\/www.theadkx.org\/wp-content\/uploads\/2022\/08\/Robbi-80x80.jpg 80w, https:\/\/www.theadkx.org\/wp-content\/uploads\/2022\/08\/Robbi-12x12.jpg 12w, https:\/\/www.theadkx.org\/wp-content\/uploads\/2022\/08\/Robbi.jpg 250w\" sizes=\"auto, (max-width: 80px) 100vw, 80px\" \/>Robbi Mecus r\u00e9side \u00e0 Keene Valley et a \u00e9t\u00e9 garde forestier de l'\u00c9tat de New York pendant 23 ans, dont neuf dans les Adirondacks. Elle est passionn\u00e9e d'escalade et d'escalade sur glace et \u00e9l\u00e8ve seule un enfant de neuf ans. Elle est \u00e9galement la premi\u00e8re femme \u00e0 travailler en tant que garde forestier de l'\u00c9tat de New York dans les High Peaks des Adirondacks, et la premi\u00e8re garde foresti\u00e8re ouvertement transgenre de l'\u00c9tat de New York. Robbi estime qu'il est important d'explorer l'intersection du maintien de l'ordre et du \u201cr\u00f4le de maintien de l'ordre\u201d d'un garde forestier et la mani\u00e8re dont cela affecte les diff\u00e9rentes communaut\u00e9s qui peuvent venir se recr\u00e9er dans ces espaces, \u00e0 savoir les communaut\u00e9s noire et brune et la communaut\u00e9 LGBTQIA.<br \/>\n<\/span><\/p>\n<\/div><\/section><br \/>\n<div  style='height:30px' class='hr hr-invisible    avia-builder-el-65  el_after_av_textblock  el_before_av_button' ><span class='hr-inner' ><span class='hr-inner-style'><\/span><\/span><\/div><br \/>\n<div  class='avia-button-wrap avia-button-left    avia-builder-el-66  el_after_av_hr  avia-builder-el-last'  ><a href='https:\/\/www.youtube.com\/watch?v=HE7Klzbs7FM'  class='avia-button   avia-icon_select-no avia-color-border avia-size-medium avia-position-left'   ><span class='avia_iconbox_title' >Regardez l'enregistrement<\/span><\/a><\/div><\/p><\/div><\/div><\/div><!--close column table wrapper. Autoclose: 1 -->\n<div   class='hr hr-default    avia-builder-el-67  el_after_av_two_third  el_before_av_one_third' ><span class='hr-inner' ><span class='hr-inner-style'><\/span><\/span><\/div>\n<div   class='flex_column_table  ep-lazy-loaded   av-equal-height-column-flextable -flextable flex-column-table-9'  ><div  class=\"flex_column av_one_third  flex_column_table_cell av-equal-height-column av-align-top ep-lazy-loaded first  avia-builder-el-68  el_after_av_hr  el_before_av_two_third\" ><div class=\"flex-column-inner\"><div  class='avia-image-container  av-styling-      avia-builder-el-69  avia-builder-el-no-sibling  avia-align-center'  itemprop=\"image\" itemscope=\"itemscope\" itemtype=\"https:\/\/schema.org\/ImageObject\"   ><div class='avia-image-container-inner'><div class='avia-image-overlay-wrap'><img decoding=\"async\" loading='lazy' class='wp-image-9826 avia-img-lazy-loading-9826 avia_image' src=\"https:\/\/www.theadkx.org\/wp-content\/uploads\/2022\/07\/August-9-Program.jpg\" alt='' title='Programme du 9 ao\u00fbt' height=\"607\" width=\"1080\"  itemprop=\"thumbnailUrl\" srcset=\"https:\/\/www.theadkx.org\/wp-content\/uploads\/2022\/07\/August-9-Program.jpg 1080w, https:\/\/www.theadkx.org\/wp-content\/uploads\/2022\/07\/August-9-Program-300x169.jpg 300w, https:\/\/www.theadkx.org\/wp-content\/uploads\/2022\/07\/August-9-Program-1030x579.jpg 1030w, https:\/\/www.theadkx.org\/wp-content\/uploads\/2022\/07\/August-9-Program-768x432.jpg 768w, https:\/\/www.theadkx.org\/wp-content\/uploads\/2022\/07\/August-9-Program-18x10.jpg 18w\" sizes=\"auto, (max-width: 1080px) 100vw, 1080px\" \/><\/div><\/div><\/div><\/div><\/div>\n<div class='av-flex-placeholder' ><\/div><div  class=\"flex_column av_two_third  flex_column_table_cell av-equal-height-column av-align-top ep-lazy-loaded   avia-builder-el-70  el_after_av_one_third  el_before_av_hr\" ><div class=\"flex-column-inner\"><p><div   class='av-special-heading av-special-heading-h3   blockquote modern-quote  avia-builder-el-71  el_before_av_textblock  avia-builder-el-first' ><h3 class='av-special-heading-tag'   itemprop=\"headline\"  > Homelands indig\u00e8nes, droits fonciers et politique de protestation<\/h3><div class ='av-subheading av-subheading_below' style='font-size:15px;'><p>Mardi 9 ao\u00fbt 2022 | 19h00<\/p>\n<\/div><div class='special-heading-border'><div class='special-heading-inner-border' ><\/div><\/div><\/div><br \/>\n<section class=\"av_textblock_section\"  itemscope=\"itemscope\" itemtype=\"https:\/\/schema.org\/CreativeWork\"  ><div class='avia_textblock'   itemprop=\"text\" ><p>Alors que les mouvements de protestation sociale d\u00e9ferlaient sur le pays \u00e0 la fin des ann\u00e9es 1960, les militants indig\u00e8nes ont adopt\u00e9 l'action directe comme strat\u00e9gie pour rem\u00e9dier aux injustices historiques qui continuaient d'avoir un impact n\u00e9gatif sur leurs communaut\u00e9s. Frustr\u00e9s par des si\u00e8cles de trait\u00e9s non respect\u00e9s et par l'\u00e9rosion constante de leur souverainet\u00e9, ils ont cherch\u00e9 \u00e0 donner une plus grande visibilit\u00e9 \u00e0 leur cause et \u00e0 r\u00e9former les relations entre leurs communaut\u00e9s et les gouvernements f\u00e9d\u00e9ral et des \u00c9tats. Si l'occupation d'Alcatraz en 1969, men\u00e9e par le Mohawk Richard Oakes, et l'occupation de Wounded Knee en 1973 figurent parmi les exemples les plus spectaculaires de protestation autochtone au cours du \u201cRed Power Movement\u201d, cette histoire se confond \u00e9galement avec celle des Adirondacks. Le 13 mai 1974, un groupe de familles mohawks traditionalistes de Kahnawake et d'Akwesasne a cherch\u00e9 \u00e0 r\u00e9cup\u00e9rer une partie de leur terre d'origine dans la r\u00e9gion des Adirondacks. Rejetant un trait\u00e9 ill\u00e9gal qui avait c\u00e9d\u00e9 neuf millions d'acres de terres haudenosaunee \u00e0 l'\u00c9tat de New York en 1797, les militants indig\u00e8nes ont occup\u00e9 un ancien camp de jeunes filles \u00e0 Moss Lake, pr\u00e8s d'Old Forge. Apr\u00e8s trois ans de n\u00e9gociations avec les autorit\u00e9s de l'\u00c9tat de New York, la communaut\u00e9 mohawk a accept\u00e9 six cents acres de terre pour \u00e9tablir la communaut\u00e9 de Ganienkeh (terre du silex). Dans ce programme, Jessica Jeanne Shenandoah, membre de la nation Onondaga, partagera son exp\u00e9rience de l'occupation du lac Moss et se joindra \u00e0 Neil Patterson Jr, membre de la nation Tuscarora, pour une conversation qui explorera les efforts des Haudenosaunee pour prot\u00e9ger leur souverainet\u00e9, leur terre et leur culture.<\/p>\n<\/div><\/section><br \/>\n<div   class='av-special-heading av-special-heading-h4   blockquote modern-quote  avia-builder-el-73  el_after_av_textblock  el_before_av_textblock' ><h4 class='av-special-heading-tag'   itemprop=\"headline\"  >A propos des orateurs<\/h4><div class='special-heading-border'><div class='special-heading-inner-border' ><\/div><\/div><\/div><br \/>\n<section class=\"av_textblock_section\"  itemscope=\"itemscope\" itemtype=\"https:\/\/schema.org\/CreativeWork\"  ><div class='avia_textblock'   itemprop=\"text\" ><p><img loading=\"lazy\" decoding=\"async\" class=\"alignleft wp-image-9786 size-thumbnail\" src=\"https:\/\/www.theadkx.org\/wp-content\/uploads\/2022\/07\/Patterson-Jr.-80x80.jpg\" alt=\"\" width=\"80\" height=\"80\" srcset=\"https:\/\/www.theadkx.org\/wp-content\/uploads\/2022\/07\/Patterson-Jr.-80x80.jpg 80w, https:\/\/www.theadkx.org\/wp-content\/uploads\/2022\/07\/Patterson-Jr.-12x12.jpg 12w, https:\/\/www.theadkx.org\/wp-content\/uploads\/2022\/07\/Patterson-Jr..jpg 250w\" sizes=\"auto, (max-width: 80px) 100vw, 80px\" \/><\/p>\n<div class=\"cxmmr5t8 oygrvhab hcukyx3x c1et5uql o9v6fnle\">\n<p>Neil Patterson Jr. est n\u00e9 dans le clan de l'Ours blanc en tant que citoyen de la nation Tuscarora. Il est directeur associ\u00e9 du Center for Native Peoples and the Environment au SUNY College of Environmental Science and Forestry. Neil a fond\u00e9 le Tuscarora Environment Program en 1997 avec l'aide de la Haudenosaunee Environmental Task Force.<\/p>\n<\/div>\n<p><span style=\"font-weight: 400;\"><img loading=\"lazy\" decoding=\"async\" class=\"wp-image-9844 size-thumbnail alignleft\" src=\"https:\/\/www.theadkx.org\/wp-content\/uploads\/2022\/07\/JS-1-80x80.jpg\" alt=\"\" width=\"80\" height=\"80\" srcset=\"https:\/\/www.theadkx.org\/wp-content\/uploads\/2022\/07\/JS-1-80x80.jpg 80w, https:\/\/www.theadkx.org\/wp-content\/uploads\/2022\/07\/JS-1-12x12.jpg 12w, https:\/\/www.theadkx.org\/wp-content\/uploads\/2022\/07\/JS-1.jpg 250w\" sizes=\"auto, (max-width: 80px) 100vw, 80px\" \/>Jeanne Shenandoah, du clan Eel, de la nation Onondaga, a \u00e9t\u00e9 sage-femme traditionnelle \u00e0 domicile et herboriste pendant vingt-huit ans. M\u00e8re et grand-m\u00e8re, elle travaille au bureau de communication de la nation Onondaga et est \u201cimpliqu\u00e9e dans les activit\u00e9s spirituelles et politiques de mon peuple et suit les voies traditionnelles\u201d. Membre de la Haudenosaunee Environmental Task Force, elle a repr\u00e9sent\u00e9 la nation Onondaga dans le dossier du nettoyage environnemental du lac Onondaga. Jeanne a particip\u00e9 \u00e0 la Global Peace Initiative of Women Religious and Spiritual Leaders aux Nations unies \u00e0 Gen\u00e8ve, en Suisse, en tant que femme haudenosaunee repr\u00e9sentant la tradition spirituelle des femmes autochtones. Jeanne a re\u00e7u le prix Harriet Tubman Humanitarian Achievement Award en mars 2005.<br \/>\n<\/span><\/p>\n<\/div><\/section><br \/>\n<div  style='height:30px' class='hr hr-invisible    avia-builder-el-75  el_after_av_textblock  el_before_av_button' ><span class='hr-inner' ><span class='hr-inner-style'><\/span><\/span><\/div><br \/>\n<div  class='avia-button-wrap avia-button-left    avia-builder-el-76  el_after_av_hr  avia-builder-el-last'  ><a href='https:\/\/www.youtube.com\/watch?v=Xe5xQWgmpa0'  class='avia-button   avia-icon_select-no avia-color-border avia-size-medium avia-position-left'   ><span class='avia_iconbox_title' >Regardez l'enregistrement<\/span><\/a><\/div><\/p><\/div><\/div><\/div><!--close column table wrapper. Autoclose: 1 -->\n<div   class='hr hr-default    avia-builder-el-77  el_after_av_two_third  el_before_av_one_third' ><span class='hr-inner' ><span class='hr-inner-style'><\/span><\/span><\/div>\n<div   class='flex_column_table  ep-lazy-loaded   av-equal-height-column-flextable -flextable flex-column-table-10'  ><div  class=\"flex_column av_one_third  flex_column_table_cell av-equal-height-column av-align-top ep-lazy-loaded first  avia-builder-el-78  el_after_av_hr  el_before_av_two_third\" ><div class=\"flex-column-inner\"><div  class='avia-image-container  av-styling-      avia-builder-el-79  avia-builder-el-no-sibling  avia-align-center'  itemprop=\"image\" itemscope=\"itemscope\" itemtype=\"https:\/\/schema.org\/ImageObject\"   ><div class='avia-image-container-inner'><div class='avia-image-overlay-wrap'><img decoding=\"async\" loading='lazy' class='wp-image-9798 avia-img-lazy-loading-9798 avia_image' src=\"https:\/\/www.theadkx.org\/wp-content\/uploads\/2022\/07\/Indigenous-Perspectives.jpg\" alt='' title='Perspectives indig\u00e8nes' height=\"607\" width=\"1080\"  itemprop=\"thumbnailUrl\" srcset=\"https:\/\/www.theadkx.org\/wp-content\/uploads\/2022\/07\/Indigenous-Perspectives.jpg 1080w, https:\/\/www.theadkx.org\/wp-content\/uploads\/2022\/07\/Indigenous-Perspectives-300x169.jpg 300w, https:\/\/www.theadkx.org\/wp-content\/uploads\/2022\/07\/Indigenous-Perspectives-1030x579.jpg 1030w, https:\/\/www.theadkx.org\/wp-content\/uploads\/2022\/07\/Indigenous-Perspectives-768x432.jpg 768w, https:\/\/www.theadkx.org\/wp-content\/uploads\/2022\/07\/Indigenous-Perspectives-18x10.jpg 18w\" sizes=\"auto, (max-width: 1080px) 100vw, 1080px\" \/><\/div><\/div><\/div><\/div><\/div>\n<div class='av-flex-placeholder' ><\/div><div  class=\"flex_column av_two_third  flex_column_table_cell av-equal-height-column av-align-top ep-lazy-loaded   avia-builder-el-80  el_after_av_one_third  el_before_av_hr\" ><div class=\"flex-column-inner\"><p><div   class='av-special-heading av-special-heading-h3   blockquote modern-quote  avia-builder-el-81  el_before_av_textblock  avia-builder-el-first' ><h3 class='av-special-heading-tag'   itemprop=\"headline\"  >Indigenous Perspectives on Adirondack Park: Knowledge &amp; Practice<\/h3><div class ='av-subheading av-subheading_below' style='font-size:15px;'><p>Mardi 26 juillet 2022 | 19h00<\/p>\n<\/div><div class='special-heading-border'><div class='special-heading-inner-border' ><\/div><\/div><\/div><br \/>\n<section class=\"av_textblock_section\"  itemscope=\"itemscope\" itemtype=\"https:\/\/schema.org\/CreativeWork\"  ><div class='avia_textblock'   itemprop=\"text\" ><p>Les montagnes de l'Adirondack font partie du territoire traditionnel des Mohawks (Kaniekehaka). Perdu \u00e0 la suite de vols, d'accords ill\u00e9gitimes et de ventes frauduleuses de terres apr\u00e8s la r\u00e9volution am\u00e9ricaine, le peuple mohawk a fait des efforts pour r\u00e9cup\u00e9rer certaines terres, pour la plupart adjacentes \u00e0 la r\u00e9serve actuelle, et affirmer que les montagnes font toujours l\u00e9galement partie du territoire d'origine. N\u00e9anmoins, les peuples autochtones se sont efforc\u00e9s de maintenir leur empreinte culturelle dans la r\u00e9gion et de cr\u00e9er un espace pour pratiquer leurs traditions et leurs modes de vie dans les montagnes, les for\u00eats et les eaux des Adirondacks. Gr\u00e2ce \u00e0 des initiatives communales et \u00e0 des partenariats strat\u00e9giques avec des mus\u00e9es et des organisations de pr\u00e9servation historique, des organismes de conservation \u00e0 but non lucratif, des fiducies fonci\u00e8res et des \u00e9tablissements d'enseignement, les communaut\u00e9s haudenosaunee continuent d'apporter une contribution pr\u00e9cieuse au patrimoine environnemental et culturel du parc. Dans ce programme, Lorna Mae Thomas, Dave Fadden et Neil Patterson parleront de leur relation avec les Adirondacks et de leurs efforts pour int\u00e9grer le savoir indig\u00e8ne dans la pr\u00e9servation du parc des Adirondacks, aujourd'hui et pour les g\u00e9n\u00e9rations futures.<\/p>\n<\/div><\/section><br \/>\n<div   class='av-special-heading av-special-heading-h4   blockquote modern-quote  avia-builder-el-83  el_after_av_textblock  el_before_av_textblock' ><h4 class='av-special-heading-tag'   itemprop=\"headline\"  >A propos des orateurs<\/h4><div class='special-heading-border'><div class='special-heading-inner-border' ><\/div><\/div><\/div><br \/>\n<section class=\"av_textblock_section\"  itemscope=\"itemscope\" itemtype=\"https:\/\/schema.org\/CreativeWork\"  ><div class='avia_textblock'   itemprop=\"text\" ><p><img loading=\"lazy\" decoding=\"async\" class=\"alignleft wp-image-9785 size-thumbnail\" src=\"https:\/\/www.theadkx.org\/wp-content\/uploads\/2022\/07\/Thomas-80x80.jpg\" alt=\"\" width=\"80\" height=\"80\" srcset=\"https:\/\/www.theadkx.org\/wp-content\/uploads\/2022\/07\/Thomas-80x80.jpg 80w, https:\/\/www.theadkx.org\/wp-content\/uploads\/2022\/07\/Thomas-12x12.jpg 12w, https:\/\/www.theadkx.org\/wp-content\/uploads\/2022\/07\/Thomas.jpg 250w\" sizes=\"auto, (max-width: 80px) 100vw, 80px\" \/><\/p>\n<div class=\"cxmmr5t8 oygrvhab hcukyx3x c1et5uql o9v6fnle\">\n<p>Lorna Maie Thomas est membre du clan de l'Ours de la nation mohawk d'Akwesasne. Elle a fr\u00e9quent\u00e9 l'Akwesasne Freedom School et a effectu\u00e9 des stages sur le territoire et en dehors, ce qui lui a permis d'acqu\u00e9rir une connaissance directe de l'entretien des paniers et de la fabrication de perles. Maie est titulaire d'une licence en \u00e9tudes f\u00e9minines et de genre et travaille au Native North American Traveling College et au Six Nations Iroquois Cultural Center.<\/p>\n<\/div>\n<p><span style=\"font-weight: 400;\"><img loading=\"lazy\" decoding=\"async\" class=\"wp-image-9786 size-thumbnail alignleft\" src=\"https:\/\/www.theadkx.org\/wp-content\/uploads\/2022\/07\/Patterson-Jr.-80x80.jpg\" alt=\"\" width=\"80\" height=\"80\" srcset=\"https:\/\/www.theadkx.org\/wp-content\/uploads\/2022\/07\/Patterson-Jr.-80x80.jpg 80w, https:\/\/www.theadkx.org\/wp-content\/uploads\/2022\/07\/Patterson-Jr.-12x12.jpg 12w, https:\/\/www.theadkx.org\/wp-content\/uploads\/2022\/07\/Patterson-Jr..jpg 250w\" sizes=\"auto, (max-width: 80px) 100vw, 80px\" \/><\/span><span style=\"font-weight: 400;\">Neil Patterson Jr. is Assistant Director of the Center for Native Peoples and the Environment, at SUNY College of Environmental Science &amp; Forestry. His work has been to celebrate, restore, and build relationships between indigenous communities and their aboriginal territory. He believes that the pragmatic way in which indigenous people have co-evolved within their landscapes provides the most sublime template for re-imagining and creating sustainable food, material, and energy systems.<\/span><\/p>\n<p><img loading=\"lazy\" decoding=\"async\" class=\"wp-image-8936 size-thumbnail alignleft\" src=\"https:\/\/www.theadkx.org\/wp-content\/uploads\/2022\/04\/Dave-Fadden-80x80.jpg\" alt=\"\" width=\"80\" height=\"80\" srcset=\"https:\/\/www.theadkx.org\/wp-content\/uploads\/2022\/04\/Dave-Fadden-80x80.jpg 80w, https:\/\/www.theadkx.org\/wp-content\/uploads\/2022\/04\/Dave-Fadden-12x12.jpg 12w, https:\/\/www.theadkx.org\/wp-content\/uploads\/2022\/04\/Dave-Fadden.jpg 250w\" sizes=\"auto, (max-width: 80px) 100vw, 80px\" \/>David Fadden est un artiste, un conteur et un \u00e9crivain qui entretient des liens \u00e9troits avec Akwesasne et Onchiota. Ses sujets vont des enseignements traditionnels des Haudenosaunee \u00e0 des portraits intimes et inspir\u00e9s de membres de la communaut\u00e9. Fadden a r\u00e9cemment \u00e9t\u00e9 invit\u00e9 \u00e0 r\u00e9imaginer une exposition sur les zones humides vivantes au Wild Center (Tupper Lake, NY) d'un point de vue haudenosaunee. Son travail peut \u00eatre vu au Six Nations Iroquois Cultural Center \u00e0 Onchiota, un \u00e9tablissement familial fond\u00e9 en 1954 par ses grands-parents. Aujourd'hui, il poursuit son travail visant \u00e0 briser les st\u00e9r\u00e9otypes et \u00e0 faire progresser la compr\u00e9hension de la culture mohawk et haudenosaunee.<\/p>\n<\/div><\/section><br \/>\n<div  style='height:30px' class='hr hr-invisible    avia-builder-el-85  el_after_av_textblock  el_before_av_button' ><span class='hr-inner' ><span class='hr-inner-style'><\/span><\/span><\/div><br \/>\n<div  class='avia-button-wrap avia-button-left    avia-builder-el-86  el_after_av_hr  avia-builder-el-last'  ><a href='https:\/\/www.youtube.com\/watch?v=k04zXwNKbC8'  class='avia-button   avia-icon_select-no avia-color-border avia-size-medium avia-position-left'   ><span class='avia_iconbox_title' >Regardez l'enregistrement<\/span><\/a><\/div><\/p><\/div><\/div><\/div><!--close column table wrapper. Autoclose: 1 -->\n<div   class='hr hr-default    avia-builder-el-87  el_after_av_two_third  el_before_av_one_third' ><span class='hr-inner' ><span class='hr-inner-style'><\/span><\/span><\/div>\n<div   class='flex_column_table  ep-lazy-loaded   av-equal-height-column-flextable -flextable flex-column-table-11'  ><div  class=\"flex_column av_one_third  flex_column_table_cell av-equal-height-column av-align-top ep-lazy-loaded first  avia-builder-el-88  el_after_av_hr  el_before_av_two_third\" ><div class=\"flex-column-inner\"><div  class='avia-image-container  av-styling-      avia-builder-el-89  avia-builder-el-no-sibling  avia-align-center'  itemprop=\"image\" itemscope=\"itemscope\" itemtype=\"https:\/\/schema.org\/ImageObject\"   ><div class='avia-image-container-inner'><div class='avia-image-overlay-wrap'><img decoding=\"async\" loading='lazy' class='wp-image-9361 avia-img-lazy-loading-9361 avia_image' src=\"https:\/\/www.theadkx.org\/wp-content\/uploads\/2022\/05\/Women-in-the-Forest.jpg\" alt='' title='Les femmes dans la for\u00eat' height=\"607\" width=\"1080\"  itemprop=\"thumbnailUrl\" srcset=\"https:\/\/www.theadkx.org\/wp-content\/uploads\/2022\/05\/Women-in-the-Forest.jpg 1080w, https:\/\/www.theadkx.org\/wp-content\/uploads\/2022\/05\/Women-in-the-Forest-300x169.jpg 300w, https:\/\/www.theadkx.org\/wp-content\/uploads\/2022\/05\/Women-in-the-Forest-1030x579.jpg 1030w, https:\/\/www.theadkx.org\/wp-content\/uploads\/2022\/05\/Women-in-the-Forest-768x432.jpg 768w, https:\/\/www.theadkx.org\/wp-content\/uploads\/2022\/05\/Women-in-the-Forest-18x10.jpg 18w\" sizes=\"auto, (max-width: 1080px) 100vw, 1080px\" \/><\/div><\/div><\/div><\/div><\/div>\n<div class='av-flex-placeholder' ><\/div><div  class=\"flex_column av_two_third  flex_column_table_cell av-equal-height-column av-align-top ep-lazy-loaded   avia-builder-el-90  el_after_av_one_third  el_before_av_hr\" ><div class=\"flex-column-inner\"><p><div   class='av-special-heading av-special-heading-h3   blockquote modern-quote  avia-builder-el-91  el_before_av_textblock  avia-builder-el-first' ><h3 class='av-special-heading-tag'   itemprop=\"headline\"  >Les femmes dans la for\u00eat de l'histoire : Renderings of Adirondack Wilderness (en anglais)<\/h3><div class ='av-subheading av-subheading_below' style='font-size:15px;'><p>Mardi 12 juillet 2022 | 19h00<\/p>\n<\/div><div class='special-heading-border'><div class='special-heading-inner-border' ><\/div><\/div><\/div><br \/>\n<section class=\"av_textblock_section\"  itemscope=\"itemscope\" itemtype=\"https:\/\/schema.org\/CreativeWork\"  ><div class='avia_textblock'   itemprop=\"text\" ><p>Les voix des femmes sont souvent silencieuses dans la vaste histoire des Adirondacks, mais les femmes ont toujours v\u00e9cu ici et l'ont toujours consid\u00e9r\u00e9 comme leur maison. Depuis les femmes autochtones qui ont habit\u00e9 les Adirondacks pendant d'innombrables g\u00e9n\u00e9rations avant la colonisation jusqu'aux femmes esclaves et libres qui se sont install\u00e9es dans la r\u00e9gion et ont dirig\u00e9 des m\u00e9nages, des fermes et des mouvements sociaux, les femmes ont contribu\u00e9 \u00e0 fa\u00e7onner l'environnement et les communaut\u00e9s des Adirondacks. Cette session examinera la vie de plusieurs femmes des ann\u00e9es 1700 aux ann\u00e9es 2000, les obstacles naturels et sociaux auxquels elles ont \u00e9t\u00e9 confront\u00e9es et les significations et inspirations qu'elles ont trouv\u00e9es dans la nature sauvage de l'Adirondack. Retrouver leurs exp\u00e9riences et entendre leurs voix enrichit le paysage collectif.<\/p>\n<\/div><\/section><br \/>\n<div   class='av-special-heading av-special-heading-h4   blockquote modern-quote  avia-builder-el-93  el_after_av_textblock  el_before_av_textblock' ><h4 class='av-special-heading-tag'   itemprop=\"headline\"  >A propos des orateurs<\/h4><div class='special-heading-border'><div class='special-heading-inner-border' ><\/div><\/div><\/div><br \/>\n<section class=\"av_textblock_section\"  itemscope=\"itemscope\" itemtype=\"https:\/\/schema.org\/CreativeWork\"  ><div class='avia_textblock'   itemprop=\"text\" ><p><img loading=\"lazy\" decoding=\"async\" class=\"wp-image-9359 size-thumbnail alignleft\" src=\"https:\/\/www.theadkx.org\/wp-content\/uploads\/2022\/05\/Caudell-80x80.jpg\" alt=\"\" width=\"80\" height=\"80\" srcset=\"https:\/\/www.theadkx.org\/wp-content\/uploads\/2022\/05\/Caudell-80x80.jpg 80w, https:\/\/www.theadkx.org\/wp-content\/uploads\/2022\/05\/Caudell-12x12.jpg 12w, https:\/\/www.theadkx.org\/wp-content\/uploads\/2022\/05\/Caudell.jpg 250w\" sizes=\"auto, (max-width: 80px) 100vw, 80px\" \/><\/p>\n<div class=\"cxmmr5t8 oygrvhab hcukyx3x c1et5uql o9v6fnle\">\n<p>Robin Caudell est une r\u00e9dactrice prim\u00e9e du journal Press-Republican de Plattsburgh, o\u00f9 elle travaille depuis 1990. Robin est titulaire d'une licence en journalisme de l'universit\u00e9 du Maryland \u00e0 College Park et d'une ma\u00eetrise en cr\u00e9ation litt\u00e9raire du Goddard College. Elle est po\u00e8te Cave Canem, administratrice de la North Country Underground Railroad Historical Association et membre fondateur du Plattsburgh Air Force Base Museum. Ancienne combattante de la guerre froide et guerri\u00e8re du SAC, le sergent Caudell a \u00e9t\u00e9 stationn\u00e9e \u00e0 la base a\u00e9rienne de Plattsburgh, o\u00f9 elle a re\u00e7u le prix John L. Levitow, de l'\u00e9cole de leadership des sous-officiers. Elle a r\u00e9cemment re\u00e7u le prix 2022 Women of Distinction Military Service Award, d\u00e9cern\u00e9 par Billy Jones, membre de l'Assembl\u00e9e de l'\u00c9tat de New York. Depuis qu'elle vit dans les Adirondacks, ses divers projets de recherche explorent le chemin de fer clandestin et l'exp\u00e9rience des Noirs dans les Adirondacks.<\/p>\n<\/div>\n<p><span style=\"font-weight: 400;\"><img loading=\"lazy\" decoding=\"async\" class=\"wp-image-9360 size-thumbnail alignleft\" src=\"https:\/\/www.theadkx.org\/wp-content\/uploads\/2022\/05\/Weber-80x80.jpg\" alt=\"\" width=\"80\" height=\"80\" srcset=\"https:\/\/www.theadkx.org\/wp-content\/uploads\/2022\/05\/Weber-80x80.jpg 80w, https:\/\/www.theadkx.org\/wp-content\/uploads\/2022\/05\/Weber-12x12.jpg 12w, https:\/\/www.theadkx.org\/wp-content\/uploads\/2022\/05\/Weber.jpg 250w\" sizes=\"auto, (max-width: 80px) 100vw, 80px\" \/>Sandra Weber est une chercheuse et \u00e9crivaine ind\u00e9pendante sp\u00e9cialis\u00e9e dans l'histoire de l'Adirondack et l'histoire des femmes. Depuis plus de 30 ans, elle fait des recherches, dresse des portraits et \u00e9crit sur les femmes et leurs relations avec le paysage de l'Adirondack. Breaking Trail : Remarkable Women of the Adirondacks, qu'elle a co\u00e9crit avec Peggy Lynn en 2004, pr\u00e9sente la vie de 25 femmes. Plusieurs autres livres de Sandra, comme Mount Marcy, transmettent un \u201csens du lieu\u201d en explorant l'histoire humaine et naturelle d'un site sp\u00e9cifique dans les moindres d\u00e9tails. Plus r\u00e9cemment, Sandra a \u00e9tudi\u00e9 le mouvement pour le droit de vote des femmes et l'importance de la comm\u00e9moration. Elle a \u00e9crit The Woman Suffrage Statue (McFarland, 2016) et a \u00e9dit\u00e9 The Champlain Valley Suffrage Centennial Auto Tour (2021).<br \/>\n<\/span><\/p>\n<\/div><\/section><br \/>\n<div  style='height:30px' class='hr hr-invisible    avia-builder-el-95  el_after_av_textblock  el_before_av_button' ><span class='hr-inner' ><span class='hr-inner-style'><\/span><\/span><\/div><br \/>\n<div  class='avia-button-wrap avia-button-left    avia-builder-el-96  el_after_av_hr  avia-builder-el-last'  ><a href='https:\/\/www.youtube.com\/watch?v=RaMdKk325CI'  class='avia-button   avia-icon_select-no avia-color-border avia-size-medium avia-position-left'   ><span class='avia_iconbox_title' >Regardez l'enregistrement<\/span><\/a><\/div><\/p><\/div><\/div><\/div><!--close column table wrapper. Autoclose: 1 -->\n<div   class='hr hr-default    avia-builder-el-97  el_after_av_two_third  el_before_av_one_third' ><span class='hr-inner' ><span class='hr-inner-style'><\/span><\/span><\/div>\n<div   class='flex_column_table  ep-lazy-loaded   av-equal-height-column-flextable -flextable flex-column-table-12'  ><div  class=\"flex_column av_one_third  flex_column_table_cell av-equal-height-column av-align-top ep-lazy-loaded first  avia-builder-el-98  el_after_av_hr  el_before_av_two_third\" ><div class=\"flex-column-inner\"><div  class='avia-image-container  av-styling-      avia-builder-el-99  avia-builder-el-no-sibling  avia-align-center'  itemprop=\"image\" itemscope=\"itemscope\" itemtype=\"https:\/\/schema.org\/ImageObject\"   ><div class='avia-image-container-inner'><div class='avia-image-overlay-wrap'><img decoding=\"async\" loading='lazy' class='wp-image-9346 avia-img-lazy-loading-9346 avia_image' src=\"https:\/\/www.theadkx.org\/wp-content\/uploads\/2022\/05\/Incarceration.jpg\" alt='' title='Incarc\u00e9ration' height=\"607\" width=\"1080\"  itemprop=\"thumbnailUrl\" srcset=\"https:\/\/www.theadkx.org\/wp-content\/uploads\/2022\/05\/Incarceration.jpg 1080w, https:\/\/www.theadkx.org\/wp-content\/uploads\/2022\/05\/Incarceration-300x169.jpg 300w, https:\/\/www.theadkx.org\/wp-content\/uploads\/2022\/05\/Incarceration-1030x579.jpg 1030w, https:\/\/www.theadkx.org\/wp-content\/uploads\/2022\/05\/Incarceration-768x432.jpg 768w, https:\/\/www.theadkx.org\/wp-content\/uploads\/2022\/05\/Incarceration-18x10.jpg 18w\" sizes=\"auto, (max-width: 1080px) 100vw, 1080px\" \/><\/div><\/div><\/div><\/div><\/div>\n<div class='av-flex-placeholder' ><\/div><div  class=\"flex_column av_two_third  flex_column_table_cell av-equal-height-column av-align-top ep-lazy-loaded   avia-builder-el-100  el_after_av_one_third  el_before_av_hr\" ><div class=\"flex-column-inner\"><p><div   class='av-special-heading av-special-heading-h3   blockquote modern-quote  avia-builder-el-101  el_before_av_textblock  avia-builder-el-first' ><h3 class='av-special-heading-tag'   itemprop=\"headline\"  >Incarceration, Wilderness, &amp; The Adirondack Paradox<\/h3><div class ='av-subheading av-subheading_below' style='font-size:15px;'><p>Mardi 28 juin 2022 | 19h00<\/p>\n<\/div><div class='special-heading-border'><div class='special-heading-inner-border' ><\/div><\/div><\/div><br \/>\n<section class=\"av_textblock_section\"  itemscope=\"itemscope\" itemtype=\"https:\/\/schema.org\/CreativeWork\"  ><div class='avia_textblock'   itemprop=\"text\" ><p>Pendant pr\u00e8s de deux si\u00e8cles, les for\u00eats isol\u00e9es et les hauts sommets des Adirondacks ont offert des possibilit\u00e9s de loisirs \u00e0 la classe moyenne, d'aventures en pleine nature et de recherche scientifique. Dans le m\u00eame temps, ces caract\u00e9ristiques naturelles ont incit\u00e9 les autorit\u00e9s \u00e9tatiques et f\u00e9d\u00e9rales \u00e0 consid\u00e9rer le North Country comme un lieu propice \u00e0 l'implantation d'un r\u00e9seau de prisons. Depuis, les villes et les villages des Adirondacks comptent sur les prisons comme source de d\u00e9veloppement \u00e9conomique, d'emploi et de financement de l'\u00c9tat. L'infrastructure r\u00e9cr\u00e9ative du parc est \u00e9galement li\u00e9e au syst\u00e8me carc\u00e9ral de la r\u00e9gion, car la main-d'\u0153uvre mal pay\u00e9e des travailleurs incarc\u00e9r\u00e9s permet de financer des projets de conservation autrement inabordables. En ce sens, la nature sauvage des Adirondacks a \u00e9t\u00e9 fa\u00e7onn\u00e9e par la tendance malheureuse \u00e0 l'incarc\u00e9ration de masse.<\/p>\n<\/div><\/section><br \/>\n<div   class='av-special-heading av-special-heading-h4   blockquote modern-quote  avia-builder-el-103  el_after_av_textblock  el_before_av_textblock' ><h4 class='av-special-heading-tag'   itemprop=\"headline\"  >A propos des orateurs<\/h4><div class='special-heading-border'><div class='special-heading-inner-border' ><\/div><\/div><\/div><br \/>\n<section class=\"av_textblock_section\"  itemscope=\"itemscope\" itemtype=\"https:\/\/schema.org\/CreativeWork\"  ><div class='avia_textblock'   itemprop=\"text\" ><p><img loading=\"lazy\" decoding=\"async\" class=\"wp-image-9345 size-thumbnail alignleft\" src=\"https:\/\/www.theadkx.org\/wp-content\/uploads\/2022\/05\/Green-80x80.jpg\" alt=\"\" width=\"80\" height=\"80\" srcset=\"https:\/\/www.theadkx.org\/wp-content\/uploads\/2022\/05\/Green-80x80.jpg 80w, https:\/\/www.theadkx.org\/wp-content\/uploads\/2022\/05\/Green-12x12.jpg 12w, https:\/\/www.theadkx.org\/wp-content\/uploads\/2022\/05\/Green.jpg 250w\" sizes=\"auto, (max-width: 80px) 100vw, 80px\" \/><\/p>\n<div class=\"cxmmr5t8 oygrvhab hcukyx3x c1et5uql o9v6fnle\">\n<p>Alice Green est directrice ex\u00e9cutive du Center for Law and Justice, une organisation de d\u00e9fense des droits civils qu'elle a fond\u00e9e en 1985. Elle est titulaire d'un doctorat en justice p\u00e9nale et de trois ma\u00eetrises - \u00e9ducation, travail social et criminologie. Le Centre propose une \u00e9ducation communautaire en mati\u00e8re de justice civile et p\u00e9nale, des conseils juridiques et des services de d\u00e9fense, des interventions en cas de crise, ainsi qu'une planification et une organisation communautaires autour des questions de justice p\u00e9nale, de droits civils et de libert\u00e9s civiles qui concernent particuli\u00e8rement les communaut\u00e9s pauvres et de couleur. Le Dr Green \u00e9crit et donne des conf\u00e9rences sur le racisme et la justice p\u00e9nale et fait souvent des commentaires et des analyses pour un certain nombre de journaux et d'\u00e9missions de t\u00e9l\u00e9vision et de radio.<\/p>\n<\/div>\n<p><span style=\"font-weight: 400;\"><img loading=\"lazy\" decoding=\"async\" class=\"wp-image-9343 size-thumbnail alignleft\" src=\"https:\/\/www.theadkx.org\/wp-content\/uploads\/2022\/05\/Hall-80x80.jpg\" alt=\"\" width=\"80\" height=\"80\" srcset=\"https:\/\/www.theadkx.org\/wp-content\/uploads\/2022\/05\/Hall-80x80.jpg 80w, https:\/\/www.theadkx.org\/wp-content\/uploads\/2022\/05\/Hall-12x12.jpg 12w, https:\/\/www.theadkx.org\/wp-content\/uploads\/2022\/05\/Hall.jpg 250w\" sizes=\"auto, (max-width: 80px) 100vw, 80px\" \/>Clarence Jefferson Hall Jr. est professeur assistant au d\u00e9partement d'histoire du Queensborough Community College, City University of New York, et professeur invit\u00e9 d'\u00e9tudes sur le d\u00e9veloppement durable au d\u00e9partement des sciences sociales et des \u00e9tudes culturelles du Pratt Institute \u00e0 Brooklyn, New York. Ses recherches portent sur les histoires crois\u00e9es de l'environnement, de la race et de l'incarc\u00e9ration aux \u00c9tats-Unis. Le premier livre de M. Hall, A Prison in the Woods : Environment and Incarceration in New York's North Country, a \u00e9t\u00e9 publi\u00e9 par l'University of Massachusetts Press en 2020.<br \/>\n<\/span><\/p>\n<p><img loading=\"lazy\" decoding=\"async\" class=\"wp-image-9344 size-thumbnail alignleft\" src=\"https:\/\/www.theadkx.org\/wp-content\/uploads\/2022\/05\/Givens-80x80.jpg\" alt=\"\" width=\"80\" height=\"80\" srcset=\"https:\/\/www.theadkx.org\/wp-content\/uploads\/2022\/05\/Givens-80x80.jpg 80w, https:\/\/www.theadkx.org\/wp-content\/uploads\/2022\/05\/Givens-12x12.jpg 12w, https:\/\/www.theadkx.org\/wp-content\/uploads\/2022\/05\/Givens.jpg 250w\" sizes=\"auto, (max-width: 80px) 100vw, 80px\" \/>Anna Givens est en derni\u00e8re ann\u00e9e \u00e0 l'universit\u00e9 de Rochester, dans l'\u00c9tat de New York, o\u00f9 elle \u00e9tudie l'anthropologie et le russe. Pendant ses \u00e9tudes, elle a men\u00e9 des recherches approfondies sur l'incarc\u00e9ration, notamment sur la criminalisation des patients souffrant de troubles mentaux dans un h\u00f4pital local et sur la mani\u00e8re dont les entrepreneurs des prisons f\u00e9d\u00e9rales font pression sur le gouvernement. R\u00e9cemment, elle a termin\u00e9 une th\u00e8se d'anthropologie sur l'implantation des prisons dans la r\u00e9gion de Lake Placid.<\/p>\n<\/div><\/section><br \/>\n<div  style='height:30px' class='hr hr-invisible    avia-builder-el-105  el_after_av_textblock  el_before_av_button' ><span class='hr-inner' ><span class='hr-inner-style'><\/span><\/span><\/div><br \/>\n<div  class='avia-button-wrap avia-button-left    avia-builder-el-106  el_after_av_hr  avia-builder-el-last'  ><a href='https:\/\/www.youtube.com\/watch?v=LdJsaANyawI'  class='avia-button   avia-icon_select-no avia-color-border avia-size-medium avia-position-left'   ><span class='avia_iconbox_title' >Regardez l'enregistrement<\/span><\/a><\/div><\/p><\/div><\/div><\/div><!--close column table wrapper. Autoclose: 1 -->\n<div   class='hr hr-default    avia-builder-el-107  el_after_av_two_third  el_before_av_one_third' ><span class='hr-inner' ><span class='hr-inner-style'><\/span><\/span><\/div>\n<div   class='flex_column_table  ep-lazy-loaded   av-equal-height-column-flextable -flextable flex-column-table-13'  ><div  class=\"flex_column av_one_third  flex_column_table_cell av-equal-height-column av-align-top ep-lazy-loaded first  avia-builder-el-108  el_after_av_hr  el_before_av_two_third\" ><div class=\"flex-column-inner\"><div  class='avia-image-container  av-styling-      avia-builder-el-109  avia-builder-el-no-sibling  avia-align-center'  itemprop=\"image\" itemscope=\"itemscope\" itemtype=\"https:\/\/schema.org\/ImageObject\"   ><div class='avia-image-container-inner'><div class='avia-image-overlay-wrap'><img decoding=\"async\" loading='lazy' class='wp-image-9574 avia-img-lazy-loading-9574 avia_image' src=\"https:\/\/www.theadkx.org\/wp-content\/uploads\/2022\/06\/Ninteenth-Century-.jpg\" alt='' title='Dix-neuvi\u00e8me si\u00e8cle' height=\"576\" width=\"1024\"  itemprop=\"thumbnailUrl\" srcset=\"https:\/\/www.theadkx.org\/wp-content\/uploads\/2022\/06\/Ninteenth-Century-.jpg 1024w, https:\/\/www.theadkx.org\/wp-content\/uploads\/2022\/06\/Ninteenth-Century--300x169.jpg 300w, https:\/\/www.theadkx.org\/wp-content\/uploads\/2022\/06\/Ninteenth-Century--768x432.jpg 768w, https:\/\/www.theadkx.org\/wp-content\/uploads\/2022\/06\/Ninteenth-Century--18x10.jpg 18w\" sizes=\"auto, (max-width: 1024px) 100vw, 1024px\" \/><\/div><\/div><\/div><\/div><\/div>\n<div class='av-flex-placeholder' ><\/div><div  class=\"flex_column av_two_third  flex_column_table_cell av-equal-height-column av-align-top ep-lazy-loaded   avia-builder-el-110  el_after_av_one_third  el_before_av_hr\" ><div class=\"flex-column-inner\"><p><div   class='av-special-heading av-special-heading-h3   blockquote modern-quote  avia-builder-el-111  el_before_av_textblock  avia-builder-el-first' ><h3 class='av-special-heading-tag'   itemprop=\"headline\"  >Adirondack Equality: 19th-Century Black Settlement &amp; Environmental Justice<\/h3><div class ='av-subheading av-subheading_below' style='font-size:15px;'><p>Mardi 14 juin 2022 | 19h00<\/p>\n<\/div><div class='special-heading-border'><div class='special-heading-inner-border' ><\/div><\/div><\/div><br \/>\n<section class=\"av_textblock_section\"  itemscope=\"itemscope\" itemtype=\"https:\/\/schema.org\/CreativeWork\"  ><div class='avia_textblock'   itemprop=\"text\" ><p>En 1846, des communaut\u00e9s et des organisateurs de la vall\u00e9e de l'Hudson ont lanc\u00e9 les premiers efforts de protection du droit de vote des Afro-Am\u00e9ricains en achetant des terres dans les monts Adirondack et en fondant un certain nombre de hameaux noirs libres ou de communaut\u00e9s de suffrage noires. Ce mouvement a constitu\u00e9 l'\u00e9pine dorsale de ce qui allait devenir les efforts en faveur du droit de vote et le chemin de fer clandestin. Le mouvement et les dirigeants de la Black Suffrage Settlement influenceront directement les efforts de r\u00e9sistance radicale, comme le raid de John Brown sur Harpers Ferry. Le suffrage \u00e9tant li\u00e9 \u00e0 la propri\u00e9t\u00e9 fonci\u00e8re, la pr\u00e9servation de cette histoire est devenue un \u00e9l\u00e9ment important des efforts de conservation dans la vall\u00e9e de l'Hudson. Aaron Mair fera revivre ces histoires et ces liens lors de cette pr\u00e9sentation et demandera la cr\u00e9ation d'une exposition permanente dans le North Country afin de retrouver et de marquer ce chapitre de l'histoire new-yorkaise et am\u00e9ricaine.<\/p>\n<\/div><\/section><br \/>\n<div   class='av-special-heading av-special-heading-h4   blockquote modern-quote  avia-builder-el-113  el_after_av_textblock  el_before_av_textblock' ><h4 class='av-special-heading-tag'   itemprop=\"headline\"  >\u00c0 propos de l'orateur<\/h4><div class='special-heading-border'><div class='special-heading-inner-border' ><\/div><\/div><\/div><br \/>\n<section class=\"av_textblock_section\"  itemscope=\"itemscope\" itemtype=\"https:\/\/schema.org\/CreativeWork\"  ><div class='avia_textblock'   itemprop=\"text\" ><p><img loading=\"lazy\" decoding=\"async\" class=\"wp-image-8978 size-thumbnail alignleft\" src=\"https:\/\/www.theadkx.org\/wp-content\/uploads\/2022\/04\/Aaron-Mair-80x80.jpg\" alt=\"\" width=\"80\" height=\"80\" srcset=\"https:\/\/www.theadkx.org\/wp-content\/uploads\/2022\/04\/Aaron-Mair-80x80.jpg 80w, https:\/\/www.theadkx.org\/wp-content\/uploads\/2022\/04\/Aaron-Mair-12x12.jpg 12w, https:\/\/www.theadkx.org\/wp-content\/uploads\/2022\/04\/Aaron-Mair.jpg 250w\" sizes=\"auto, (max-width: 80px) 100vw, 80px\" \/>Aaron Mair est un expert de la nature sauvage et un pionnier de la justice environnementale depuis 30 ans. Il a \u00e9t\u00e9 conseiller aupr\u00e8s de la Commission pour la qualit\u00e9 de l'environnement de la Maison Blanche pour les administrations Clinton et Obama. Mair a \u00e9t\u00e9 le premier pr\u00e9sident afro-am\u00e9ricain du Sierra Club et est bien connu pour son travail dans le domaine de la justice environnementale. Lors de cette conf\u00e9rence, il \u00e9voquera les premiers efforts de protection des droits de vote des Afro-Am\u00e9ricains.<\/p>\n<\/div><\/section><br \/>\n<div  style='height:30px' class='hr hr-invisible    avia-builder-el-115  el_after_av_textblock  el_before_av_button' ><span class='hr-inner' ><span class='hr-inner-style'><\/span><\/span><\/div><br \/>\n<div  class='avia-button-wrap avia-button-left    avia-builder-el-116  el_after_av_hr  avia-builder-el-last'  ><a href='https:\/\/www.youtube.com\/watch?v=XCMQAJbDM2E'  class='avia-button   avia-icon_select-no avia-color-border avia-size-medium avia-position-left'   ><span class='avia_iconbox_title' >Regardez l'enregistrement<\/span><\/a><\/div><\/p><\/div><\/div><\/div><!--close column table wrapper. Autoclose: 1 -->\n<div   class='hr hr-default    avia-builder-el-117  el_after_av_two_third  el_before_av_one_third' ><span class='hr-inner' ><span class='hr-inner-style'><\/span><\/span><\/div>\n<div   class='flex_column_table  ep-lazy-loaded   av-equal-height-column-flextable -flextable flex-column-table-14'  ><div  class=\"flex_column av_one_third  flex_column_table_cell av-equal-height-column av-align-top ep-lazy-loaded first  avia-builder-el-118  el_after_av_hr  el_before_av_two_third\" ><div class=\"flex-column-inner\"><div  class='avia-image-container  av-styling-      avia-builder-el-119  avia-builder-el-no-sibling  avia-align-center'  itemprop=\"image\" itemscope=\"itemscope\" itemtype=\"https:\/\/schema.org\/ImageObject\"   ><div class='avia-image-container-inner'><div class='avia-image-overlay-wrap'><img decoding=\"async\" loading='lazy' class='wp-image-8974 avia-img-lazy-loading-8974 avia_image' src=\"https:\/\/www.theadkx.org\/wp-content\/uploads\/2022\/04\/pottery-bowl-silver-lk-copy_edit.jpeg\" alt='' title='bol en poterie (argent lk) copy_edit' height=\"576\" width=\"1024\"  itemprop=\"thumbnailUrl\" srcset=\"https:\/\/www.theadkx.org\/wp-content\/uploads\/2022\/04\/pottery-bowl-silver-lk-copy_edit.jpeg 1024w, https:\/\/www.theadkx.org\/wp-content\/uploads\/2022\/04\/pottery-bowl-silver-lk-copy_edit-300x169.jpeg 300w, https:\/\/www.theadkx.org\/wp-content\/uploads\/2022\/04\/pottery-bowl-silver-lk-copy_edit-768x432.jpeg 768w, https:\/\/www.theadkx.org\/wp-content\/uploads\/2022\/04\/pottery-bowl-silver-lk-copy_edit-18x10.jpeg 18w\" sizes=\"auto, (max-width: 1024px) 100vw, 1024px\" \/><\/div><\/div><\/div><\/div><\/div>\n<div class='av-flex-placeholder' ><\/div><div  class=\"flex_column av_two_third  flex_column_table_cell av-equal-height-column av-align-top ep-lazy-loaded   avia-builder-el-120  el_after_av_one_third  avia-builder-el-last\" ><div class=\"flex-column-inner\"><p><div   class='av-special-heading av-special-heading-h3   blockquote modern-quote  avia-builder-el-121  el_before_av_textblock  avia-builder-el-first' ><h3 class='av-special-heading-tag'   itemprop=\"headline\"  >Histoire profonde et appartenance aux Adirondacks<\/h3><div class ='av-subheading av-subheading_below' style='font-size:15px;'><p>Mardi 31 mai 2022 | 19h00<\/p>\n<\/div><div class='special-heading-border'><div class='special-heading-inner-border' ><\/div><\/div><\/div><br \/>\n<section class=\"av_textblock_section\"  itemscope=\"itemscope\" itemtype=\"https:\/\/schema.org\/CreativeWork\"  ><div class='avia_textblock'   itemprop=\"text\" ><p>Les montagnes, les lacs et les for\u00eats des Adirondacks sont un symbole international de la nature sauvage dans laquelle l'homme est souvent consid\u00e9r\u00e9 comme un intrus r\u00e9cent. En fait, l'histoire de la pr\u00e9sence humaine dans ce paysage est encore plus profonde que les for\u00eats elles-m\u00eames. Depuis la fin de la derni\u00e8re p\u00e9riode glaciaire, lorsque la toundra ouverte dominait encore la r\u00e9gion, les pr\u00e9d\u00e9cesseurs et les anc\u00eatres des peuples Haudenosaunee et Abenaki ont fait de cette r\u00e9gion leur foyer, bien que de nombreux r\u00e9cits historiques pr\u00e9tendent \u00e0 tort que les peuples autochtones n'\u00e9taient que des visiteurs ou qu'ils \u00e9taient totalement absents. Ce programme explorera la profonde histoire humaine des Adirondacks et examinera comment les r\u00e9centes d\u00e9couvertes arch\u00e9ologiques ont repouss\u00e9 les limites de la connaissance scientifique et historique et contribu\u00e9 \u00e0 fa\u00e7onner des discussions plus larges sur l'appartenance, la propri\u00e9t\u00e9, l'intendance et le concept m\u00eame de nature sauvage.<\/p>\n<\/div><\/section><br \/>\n<div   class='av-special-heading av-special-heading-h4   blockquote modern-quote  avia-builder-el-123  el_after_av_textblock  el_before_av_textblock' ><h4 class='av-special-heading-tag'   itemprop=\"headline\"  >A propos des orateurs<\/h4><div class='special-heading-border'><div class='special-heading-inner-border' ><\/div><\/div><\/div><br \/>\n<section class=\"av_textblock_section\"  itemscope=\"itemscope\" itemtype=\"https:\/\/schema.org\/CreativeWork\"  ><div class='avia_textblock'   itemprop=\"text\" ><p><img loading=\"lazy\" decoding=\"async\" class=\"size-thumbnail wp-image-8935 alignleft\" src=\"https:\/\/www.theadkx.org\/wp-content\/uploads\/2022\/04\/Curt-Stager-80x80.jpg\" alt=\"\" width=\"80\" height=\"80\" srcset=\"https:\/\/www.theadkx.org\/wp-content\/uploads\/2022\/04\/Curt-Stager-80x80.jpg 80w, https:\/\/www.theadkx.org\/wp-content\/uploads\/2022\/04\/Curt-Stager-12x12.jpg 12w, https:\/\/www.theadkx.org\/wp-content\/uploads\/2022\/04\/Curt-Stager.jpg 250w\" sizes=\"auto, (max-width: 80px) 100vw, 80px\" \/>Curt Stager<span style=\"font-weight: 400;\"> est un scientifique, un \u00e9ducateur et un auteur dont les recherches portent sur le changement climatique et l'histoire \u00e9cologique profonde des lacs et des paysages du monde entier.  Ses travaux sont publi\u00e9s dans des revues techniques de premier plan telles que Science, ainsi que dans des p\u00e9riodiques tels que National Geographic et The New York Times. Il coanime Natural Selections, une \u00e9mission scientifique hebdomadaire diffus\u00e9e sur North Country Public Radio.  Curt est l'auteur de quatre livres, dont le plus r\u00e9cent est \u201cStill Waters : The Secret World of Lakes\u201d.  Il enseigne les sciences naturelles et est titulaire d'une chaire de recherche au Paul Smith's College, dans le nord de l'\u00c9tat de New York.  En 2013, la fondation Carnegie-Case l'a nomm\u00e9 professeur de sciences de l'ann\u00e9e pour l'\u00c9tat de New York.<\/span><\/p>\n<p><span style=\"font-weight: 400;\"><img loading=\"lazy\" decoding=\"async\" class=\"size-thumbnail wp-image-8936 alignleft\" src=\"https:\/\/www.theadkx.org\/wp-content\/uploads\/2022\/04\/Dave-Fadden-80x80.jpg\" alt=\"\" width=\"80\" height=\"80\" srcset=\"https:\/\/www.theadkx.org\/wp-content\/uploads\/2022\/04\/Dave-Fadden-80x80.jpg 80w, https:\/\/www.theadkx.org\/wp-content\/uploads\/2022\/04\/Dave-Fadden-12x12.jpg 12w, https:\/\/www.theadkx.org\/wp-content\/uploads\/2022\/04\/Dave-Fadden.jpg 250w\" sizes=\"auto, (max-width: 80px) 100vw, 80px\" \/>David Fadden est n\u00e9 de John et Eva Fadden \u00e0 Lake Placid, dans l'\u00c9tat de New York, et a grandi dans la petite communaut\u00e9 d'Onchiota, dans les Adirondacks. Dans sa jeunesse, il a \u00e9t\u00e9 entour\u00e9 par la beaut\u00e9 sauvage de la r\u00e9gion, par les enseignements et les histoires de ses grands-parents Ray et Christine Fadden, et par l'exemple cr\u00e9atif et les encouragements de ses parents. Eva Fadden s'exprime par la sculpture sur bois et John, professeur d'art \u00e0 la retraite, est un peintre et un illustrateur prolifique. <\/span><span style=\"font-weight: 400;\">Fortement li\u00e9 \u00e0 Akwesasne et Onchiota, David s'est forg\u00e9 une solide r\u00e9putation en tant que peintre, mais il est \u00e9galement reconnu comme conteur, illustrateur, \u00e9crivain et sculpteur. Admirateur des peintres hollandais et de la Renaissance, David trouve son inspiration dans l'utilisation \u00e9loquente et apparemment sans effort de la lumi\u00e8re par les vieux ma\u00eetres. Ses sujets vont des enseignements traditionnels des Haudenosaunee \u00e0 des portraits intimes et inspir\u00e9s de membres de la communaut\u00e9. Travaillant principalement \u00e0 l'acrylique, il combine souvent un fin travail au pinceau avec des applications au couteau \u00e0 palette pour produire des interpr\u00e9tations lumineuses des jeunes et des anciens Haudenosaunee.<\/span><\/p>\n<p><img loading=\"lazy\" decoding=\"async\" class=\"size-thumbnail wp-image-8960 alignleft\" src=\"https:\/\/www.theadkx.org\/wp-content\/uploads\/2022\/04\/pic_tm--80x80.jpg\" alt=\"\" width=\"80\" height=\"80\" \/>Tim Messner<span style=\"font-weight: 400;\"> est un p\u00e8re de famille, un artisan en devenir, un producteur alimentaire de bas \u00e9tage, un professeur et un arch\u00e9ologue. Sa famille s'est install\u00e9e sur le territoire de Kanienkehaka (Mohawk) en 2012, lorsque Messner a commenc\u00e9 \u00e0 travailler \u00e0 SUNY Potsdam. Peu apr\u00e8s son arriv\u00e9e dans le Pays du Nord, M. Messner s'est int\u00e9ress\u00e9 \u00e0 la profonde histoire autochtone des hautes terres de l'Adirondack. Il a pass\u00e9 la derni\u00e8re d\u00e9cennie \u00e0 explorer les Adirondacks \u00e0 des fins r\u00e9cr\u00e9atives et scientifiques.<\/span><\/p>\n<\/div><\/section><br \/>\n<div  style='height:30px' class='hr hr-invisible    avia-builder-el-125  el_after_av_textblock  el_before_av_button' ><span class='hr-inner' ><span class='hr-inner-style'><\/span><\/span><\/div><br \/>\n<div  class='avia-button-wrap avia-button-left    avia-builder-el-126  el_after_av_hr  avia-builder-el-last'  ><a href='https:\/\/www.youtube.com\/watch?v=krmI9IFmeQ8'  class='avia-button   avia-icon_select-no avia-color-border avia-size-medium avia-position-left'   ><span class='avia_iconbox_title' >Regardez l'enregistrement<\/span><\/a><\/div><\/p><\/div><\/div><\/div><!--close column table wrapper. Autoclose: 1 -->","protected":false},"excerpt":{"rendered":"","protected":false},"author":4,"featured_media":0,"parent":22,"menu_order":58,"comment_status":"closed","ping_status":"closed","template":"","meta":{"_acf_changed":false,"om_disable_all_campaigns":false,"footnotes":""},"class_list":["post-8915","page","type-page","status-publish","hentry"],"acf":[],"yoast_head":"<!-- This site is optimized with the Yoast SEO Premium plugin v22.8 (Yoast SEO v27.4) - https:\/\/yoast.com\/product\/yoast-seo-premium-wordpress\/ -->\n<title>Adirondacks for All: Identity &amp; Environmental Justice in The North Country | Adirondack Experience<\/title>\n<meta name=\"robots\" content=\"index, follow, max-snippet:-1, max-image-preview:large, max-video-preview:-1\" \/>\n<link rel=\"canonical\" href=\"https:\/\/www.theadkx.org\/fr\/nos-evenements\/serie-inspiration-artistes-2\/\" \/>\n<meta property=\"og:locale\" content=\"fr_FR\" \/>\n<meta property=\"og:type\" content=\"article\" \/>\n<meta property=\"og:title\" content=\"Adirondacks for All: Identity &amp; Environmental Justice in The North Country\" \/>\n<meta property=\"og:url\" content=\"https:\/\/www.theadkx.org\/fr\/nos-evenements\/serie-inspiration-artistes-2\/\" \/>\n<meta property=\"og:site_name\" content=\"Adirondack Experience\" \/>\n<meta property=\"article:publisher\" content=\"https:\/\/www.facebook.com\/theADKX\/\" \/>\n<meta property=\"article:modified_time\" content=\"2023-01-06T18:33:13+00:00\" \/>\n<meta property=\"og:image\" content=\"https:\/\/www.theadkx.org\/wp-content\/uploads\/2022\/04\/Aaron-Mair-80x80.jpg\" \/>\n<meta name=\"twitter:card\" content=\"summary_large_image\" \/>\n<meta name=\"twitter:site\" content=\"@theadkx\" \/>\n<meta name=\"twitter:label1\" content=\"Dur\u00e9e de lecture estim\u00e9e\" \/>\n\t<meta name=\"twitter:data1\" content=\"54 minutes\" \/>\n<script type=\"application\/ld+json\" class=\"yoast-schema-graph\">{\"@context\":\"https:\\\/\\\/schema.org\",\"@graph\":[{\"@type\":\"WebPage\",\"@id\":\"https:\\\/\\\/www.theadkx.org\\\/our-events\\\/adirondacks-for-all-series\\\/\",\"url\":\"https:\\\/\\\/www.theadkx.org\\\/our-events\\\/adirondacks-for-all-series\\\/\",\"name\":\"Adirondacks for All: Identity & Environmental Justice in The North Country | Adirondack Experience\",\"isPartOf\":{\"@id\":\"https:\\\/\\\/www.theadkx.org\\\/#website\"},\"primaryImageOfPage\":{\"@id\":\"https:\\\/\\\/www.theadkx.org\\\/our-events\\\/adirondacks-for-all-series\\\/#primaryimage\"},\"image\":{\"@id\":\"https:\\\/\\\/www.theadkx.org\\\/our-events\\\/adirondacks-for-all-series\\\/#primaryimage\"},\"thumbnailUrl\":\"https:\\\/\\\/www.theadkx.org\\\/wp-content\\\/uploads\\\/2022\\\/04\\\/Aaron-Mair-80x80.jpg\",\"datePublished\":\"2022-04-19T18:05:23+00:00\",\"dateModified\":\"2023-01-06T18:33:13+00:00\",\"breadcrumb\":{\"@id\":\"https:\\\/\\\/www.theadkx.org\\\/our-events\\\/adirondacks-for-all-series\\\/#breadcrumb\"},\"inLanguage\":\"fr-FR\",\"potentialAction\":[{\"@type\":\"ReadAction\",\"target\":[\"https:\\\/\\\/www.theadkx.org\\\/our-events\\\/adirondacks-for-all-series\\\/\"]}]},{\"@type\":\"ImageObject\",\"inLanguage\":\"fr-FR\",\"@id\":\"https:\\\/\\\/www.theadkx.org\\\/our-events\\\/adirondacks-for-all-series\\\/#primaryimage\",\"url\":\"https:\\\/\\\/www.theadkx.org\\\/wp-content\\\/uploads\\\/2022\\\/04\\\/Aaron-Mair-80x80.jpg\",\"contentUrl\":\"https:\\\/\\\/www.theadkx.org\\\/wp-content\\\/uploads\\\/2022\\\/04\\\/Aaron-Mair-80x80.jpg\"},{\"@type\":\"BreadcrumbList\",\"@id\":\"https:\\\/\\\/www.theadkx.org\\\/our-events\\\/adirondacks-for-all-series\\\/#breadcrumb\",\"itemListElement\":[{\"@type\":\"ListItem\",\"position\":1,\"name\":\"Home\",\"item\":\"https:\\\/\\\/www.theadkx.org\\\/homepage\\\/\"},{\"@type\":\"ListItem\",\"position\":2,\"name\":\"Events\",\"item\":\"https:\\\/\\\/www.theadkx.org\\\/our-events\\\/\"},{\"@type\":\"ListItem\",\"position\":3,\"name\":\"Adirondacks for All: Identity &#038; Environmental Justice in The North Country\"}]},{\"@type\":\"WebSite\",\"@id\":\"https:\\\/\\\/www.theadkx.org\\\/#website\",\"url\":\"https:\\\/\\\/www.theadkx.org\\\/\",\"name\":\"Adirondack Experience\",\"description\":\"The Museum on Blue Mountain Lake\",\"publisher\":{\"@id\":\"https:\\\/\\\/www.theadkx.org\\\/#organization\"},\"potentialAction\":[{\"@type\":\"SearchAction\",\"target\":{\"@type\":\"EntryPoint\",\"urlTemplate\":\"https:\\\/\\\/www.theadkx.org\\\/?s={search_term_string}\"},\"query-input\":{\"@type\":\"PropertyValueSpecification\",\"valueRequired\":true,\"valueName\":\"search_term_string\"}}],\"inLanguage\":\"fr-FR\"},{\"@type\":\"Organization\",\"@id\":\"https:\\\/\\\/www.theadkx.org\\\/#organization\",\"name\":\"Adirondack Experience, The Museum on Blue Mountain Lake\",\"url\":\"https:\\\/\\\/www.theadkx.org\\\/\",\"logo\":{\"@type\":\"ImageObject\",\"inLanguage\":\"fr-FR\",\"@id\":\"https:\\\/\\\/www.theadkx.org\\\/#\\\/schema\\\/logo\\\/image\\\/\",\"url\":\"https:\\\/\\\/www.theadkx.org\\\/wp-content\\\/uploads\\\/2021\\\/03\\\/ADKX_LOGO.png\",\"contentUrl\":\"https:\\\/\\\/www.theadkx.org\\\/wp-content\\\/uploads\\\/2021\\\/03\\\/ADKX_LOGO.png\",\"width\":440,\"height\":276,\"caption\":\"Adirondack Experience, The Museum on Blue Mountain Lake\"},\"image\":{\"@id\":\"https:\\\/\\\/www.theadkx.org\\\/#\\\/schema\\\/logo\\\/image\\\/\"},\"sameAs\":[\"https:\\\/\\\/www.facebook.com\\\/theADKX\\\/\",\"https:\\\/\\\/x.com\\\/theadkx\",\"https:\\\/\\\/www.instagram.com\\\/theadkx\\\/\",\"https:\\\/\\\/www.youtube.com\\\/user\\\/AdirondackMuseum\"]}]}<\/script>\n<!-- \/ Yoast SEO Premium plugin. -->","yoast_head_json":{"title":"Adirondacks for All : Identity &amp; Environmental Justice in The North Country | Adirondack Experience","robots":{"index":"index","follow":"follow","max-snippet":"max-snippet:-1","max-image-preview":"max-image-preview:large","max-video-preview":"max-video-preview:-1"},"canonical":"https:\/\/www.theadkx.org\/fr\/nos-evenements\/serie-inspiration-artistes-2\/","og_locale":"fr_FR","og_type":"article","og_title":"Adirondacks for All: Identity & Environmental Justice in The North Country","og_url":"https:\/\/www.theadkx.org\/fr\/nos-evenements\/serie-inspiration-artistes-2\/","og_site_name":"Adirondack Experience","article_publisher":"https:\/\/www.facebook.com\/theADKX\/","article_modified_time":"2023-01-06T18:33:13+00:00","og_image":[{"url":"https:\/\/www.theadkx.org\/wp-content\/uploads\/2022\/04\/Aaron-Mair-80x80.jpg","type":"","width":"","height":""}],"twitter_card":"summary_large_image","twitter_site":"@theadkx","twitter_misc":{"Dur\u00e9e de lecture estim\u00e9e":"54 minutes"},"schema":{"@context":"https:\/\/schema.org","@graph":[{"@type":"WebPage","@id":"https:\/\/www.theadkx.org\/our-events\/adirondacks-for-all-series\/","url":"https:\/\/www.theadkx.org\/our-events\/adirondacks-for-all-series\/","name":"Adirondacks for All : Identity &amp; Environmental Justice in The North Country | Adirondack Experience","isPartOf":{"@id":"https:\/\/www.theadkx.org\/#website"},"primaryImageOfPage":{"@id":"https:\/\/www.theadkx.org\/our-events\/adirondacks-for-all-series\/#primaryimage"},"image":{"@id":"https:\/\/www.theadkx.org\/our-events\/adirondacks-for-all-series\/#primaryimage"},"thumbnailUrl":"https:\/\/www.theadkx.org\/wp-content\/uploads\/2022\/04\/Aaron-Mair-80x80.jpg","datePublished":"2022-04-19T18:05:23+00:00","dateModified":"2023-01-06T18:33:13+00:00","breadcrumb":{"@id":"https:\/\/www.theadkx.org\/our-events\/adirondacks-for-all-series\/#breadcrumb"},"inLanguage":"fr-FR","potentialAction":[{"@type":"ReadAction","target":["https:\/\/www.theadkx.org\/our-events\/adirondacks-for-all-series\/"]}]},{"@type":"ImageObject","inLanguage":"fr-FR","@id":"https:\/\/www.theadkx.org\/our-events\/adirondacks-for-all-series\/#primaryimage","url":"https:\/\/www.theadkx.org\/wp-content\/uploads\/2022\/04\/Aaron-Mair-80x80.jpg","contentUrl":"https:\/\/www.theadkx.org\/wp-content\/uploads\/2022\/04\/Aaron-Mair-80x80.jpg"},{"@type":"BreadcrumbList","@id":"https:\/\/www.theadkx.org\/our-events\/adirondacks-for-all-series\/#breadcrumb","itemListElement":[{"@type":"ListItem","position":1,"name":"Home","item":"https:\/\/www.theadkx.org\/homepage\/"},{"@type":"ListItem","position":2,"name":"Events","item":"https:\/\/www.theadkx.org\/our-events\/"},{"@type":"ListItem","position":3,"name":"Adirondacks for All: Identity &#038; Environmental Justice in The North Country"}]},{"@type":"WebSite","@id":"https:\/\/www.theadkx.org\/#website","url":"https:\/\/www.theadkx.org\/","name":"L'exp\u00e9rience des Adirondacks","description":"Le mus\u00e9e du lac Blue Mountain","publisher":{"@id":"https:\/\/www.theadkx.org\/#organization"},"potentialAction":[{"@type":"SearchAction","target":{"@type":"EntryPoint","urlTemplate":"https:\/\/www.theadkx.org\/?s={search_term_string}"},"query-input":{"@type":"PropertyValueSpecification","valueRequired":true,"valueName":"search_term_string"}}],"inLanguage":"fr-FR"},{"@type":"Organization","@id":"https:\/\/www.theadkx.org\/#organization","name":"Adirondack Experience, le mus\u00e9e du lac Blue Mountain","url":"https:\/\/www.theadkx.org\/","logo":{"@type":"ImageObject","inLanguage":"fr-FR","@id":"https:\/\/www.theadkx.org\/#\/schema\/logo\/image\/","url":"https:\/\/www.theadkx.org\/wp-content\/uploads\/2021\/03\/ADKX_LOGO.png","contentUrl":"https:\/\/www.theadkx.org\/wp-content\/uploads\/2021\/03\/ADKX_LOGO.png","width":440,"height":276,"caption":"Adirondack Experience, The Museum on Blue Mountain Lake"},"image":{"@id":"https:\/\/www.theadkx.org\/#\/schema\/logo\/image\/"},"sameAs":["https:\/\/www.facebook.com\/theADKX\/","https:\/\/x.com\/theadkx","https:\/\/www.instagram.com\/theadkx\/","https:\/\/www.youtube.com\/user\/AdirondackMuseum"]}]}},"_links":{"self":[{"href":"https:\/\/www.theadkx.org\/fr\/wp-json\/wp\/v2\/pages\/8915","targetHints":{"allow":["GET"]}}],"collection":[{"href":"https:\/\/www.theadkx.org\/fr\/wp-json\/wp\/v2\/pages"}],"about":[{"href":"https:\/\/www.theadkx.org\/fr\/wp-json\/wp\/v2\/types\/page"}],"author":[{"embeddable":true,"href":"https:\/\/www.theadkx.org\/fr\/wp-json\/wp\/v2\/users\/4"}],"replies":[{"embeddable":true,"href":"https:\/\/www.theadkx.org\/fr\/wp-json\/wp\/v2\/comments?post=8915"}],"version-history":[{"count":10,"href":"https:\/\/www.theadkx.org\/fr\/wp-json\/wp\/v2\/pages\/8915\/revisions"}],"predecessor-version":[{"id":8957,"href":"https:\/\/www.theadkx.org\/fr\/wp-json\/wp\/v2\/pages\/8915\/revisions\/8957"}],"up":[{"embeddable":true,"href":"https:\/\/www.theadkx.org\/fr\/wp-json\/wp\/v2\/pages\/22"}],"wp:attachment":[{"href":"https:\/\/www.theadkx.org\/fr\/wp-json\/wp\/v2\/media?parent=8915"}],"curies":[{"name":"wp","href":"https:\/\/api.w.org\/{rel}","templated":true}]}}