{"id":13231,"date":"2023-12-12T10:34:24","date_gmt":"2023-12-12T15:34:24","guid":{"rendered":"http:\/\/www.theadkx.org\/?post_type=tribe_events&#038;p=13231"},"modified":"2024-02-28T14:39:29","modified_gmt":"2024-02-28T19:39:29","slug":"adk-promenade-aviaire","status":"publish","type":"tribe_events","link":"https:\/\/www.theadkx.org\/fr\/event\/adk-avian-walk\/","title":{"rendered":"Promenade aviaire dans les Adirondacks"},"content":{"rendered":"<p>Appel \u00e0 tous les photographes animaliers, professionnels et amateurs ! Rejoignez Joan Collins, guide du NYS et pr\u00e9sidente d'Adirondack Avian Expeditions, et Brisbane Young, photographe animalier, pour une excursion d'une demi-journ\u00e9e dans le centre des Adirondacks. Les participants se retrouveront \u00e0 la plage de Long Lake et passeront la matin\u00e9e \u00e0 divers points chauds, \u00e0 rep\u00e9rer, \u00e9couter et capturer des images de la population locale d'oiseaux. L'apr\u00e8s-midi, les participants se rendront \u00e0 l'Adirondack Hotel pour se r\u00e9chauffer, se d\u00e9tendre et d\u00e9jeuner !<\/p>\n<p>- Veuillez noter que cette exp\u00e9rience n\u00e9cessite des d\u00e9placements vers et depuis diff\u00e9rents lieux. Le groupe se r\u00e9unira \u00e0 la plage de Long Lake et parcourra jusqu'\u00e0 35 miles en voiture. ADKX <u>PAS<\/u> assurera le transport. Les participants sont <strong>requis<\/strong> d'avoir acc\u00e8s \u00e0 un v\u00e9hicule. Le covoiturage est encourag\u00e9 !<\/p>\n<p>- Cet \u00e9v\u00e9nement est id\u00e9al pour les photographes animaliers de tous niveaux.<\/p>\n<p>- Les participants doivent fournir leur(s) appareil(s) photo et leur mat\u00e9riel de prise de vue.<\/p>\n<p>- Nous vous recommandons vivement de porter des chaussures de randonn\u00e9e d'hiver, des bonnets et des gants, de porter plusieurs couches de v\u00eatements et d'\u00e9viter le coton.<\/p>\n<p>- Les participants peuvent apporter des micro-pointes et\/ou des b\u00e2tons de trekking selon leurs pr\u00e9f\u00e9rences personnelles. N'apportez PAS de raquettes \u00e0 neige.<\/p>\n<p>- Cette exp\u00e9rience peut exiger des participants qu'ils passent plusieurs heures \u00e0 l'ext\u00e9rieur, par temps froid, et qu'ils marchent et traversent des zones bois\u00e9es. Veuillez porter des v\u00eatements appropri\u00e9s.<\/p>\n<p>Co\u00fbt : $50\/membre, $75\/non-membre<\/p>\n<p><em><strong>Les inscriptions sont closes le 3 mars.\u00a0<\/strong><\/em><\/p>\n<p>Photo avec l'aimable autorisation de Brisbane Young<\/p>\n<p>&nbsp;<\/p>\n<p><strong>A propos des pr\u00e9sentateurs :\u00a0<\/strong><\/p>\n<p><strong>Joan Collins<\/strong> est une passionn\u00e9e d'ornithologie et organise toute l'ann\u00e9e des randonn\u00e9es ornithologiques dans les Adirondacks. Elle est pr\u00e9sidente d'Adirondack Avian Expeditions &amp; Workshops, LLC, guide dipl\u00f4m\u00e9e de l'\u00c9tat de New York et adepte de l'Adirondack 46. Elle a \u00e9t\u00e9 pr\u00e9sidente de l'Association ornithologique de l'\u00c9tat de New York et r\u00e9dactrice en chef de la revue <em>Les ornithologues de New York<\/em>. Elle a si\u00e9g\u00e9 pendant de nombreuses ann\u00e9es au conseil d'administration de l'Audubon Council of New York State et est actuellement membre du conseil d'administration de la Northern New York Audubon Society, dont elle a \u00e9t\u00e9 pr\u00e9sidente. Joan r\u00e9dige la rubrique Birdwatch pour le <em>Adirondack Explorer <\/em> Elle a publi\u00e9 plusieurs articles dans des revues, des magazines et des journaux sur des sujets li\u00e9s \u00e0 la faune et \u00e0 la conservation dans diverses publications, notamment <em>Audubon<\/em>, <em>Les ornithologues de New York<\/em>, <em>Conservationniste<\/em>, <em>Magazine Adirondack Life<\/em>, <em>Adirondack Explorer, LOCALadk Magazine<\/em>et <em>L'oiseau-roi<\/em>.<\/p>\n<p><strong>Brisbane Young's<\/strong> Son parcours dans la photographie a commenc\u00e9 il y a plus de 30 ans avec un appareil moyen format Bellows. Son portfolio comprend des paysages, des animaux sauvages, des portraits et des photos de mariage. Plus r\u00e9cemment, Brisbane s'est d\u00e9couvert une passion pour l'ornithologie et adore photographier les rapaces. Brisbane continue d'utiliser les r\u00e9glages manuels de ses appareils photo pour capturer ses images et aime enseigner et partager ses techniques et ses images avec d'autres photographes.<\/p>","protected":false},"excerpt":{"rendered":"<p>Calling all wildlife photographers, professional and amateur! Join NYS Guide and President of Adirondack Avian Expeditions Joan Collins and wildlife photographer Brisbane Young on a half-day excursion around the central [&hellip;]<\/p>\n","protected":false},"author":4,"featured_media":13236,"template":"","meta":{"_acf_changed":false,"om_disable_all_campaigns":false,"_tribe_events_status":"","_tribe_events_status_reason":"","_tribe_events_is_hybrid":"","_tribe_events_is_virtual":"","_tribe_events_virtual_video_source":"","_tribe_events_virtual_embed_video":"","_tribe_events_virtual_linked_button_text":"","_tribe_events_virtual_linked_button":"","_tribe_events_virtual_show_embed_at":"","_tribe_events_virtual_show_embed_to":[],"_tribe_events_virtual_show_on_event":"","_tribe_events_virtual_show_on_views":"","_tribe_events_virtual_url":"","footnotes":""},"tags":[],"tribe_events_cat":[11],"class_list":["post-13231","tribe_events","type-tribe_events","status-publish","has-post-thumbnail","hentry","tribe_events_cat-event","cat_event"],"acf":[],"yoast_head":"<!-- This site is optimized with the Yoast SEO Premium plugin v22.8 (Yoast SEO v27.5) - https:\/\/yoast.com\/product\/yoast-seo-premium-wordpress\/ -->\n<title>Adirondack Avian Walk | Adirondack Experience<\/title>\n<meta name=\"robots\" content=\"index, follow, max-snippet:-1, max-image-preview:large, max-video-preview:-1\" \/>\n<link rel=\"canonical\" href=\"https:\/\/www.theadkx.org\/fr\/evenement\/adk-promenade-aviaire\/\" \/>\n<meta property=\"og:locale\" content=\"fr_FR\" \/>\n<meta property=\"og:type\" content=\"article\" \/>\n<meta property=\"og:title\" content=\"Adirondack Avian Walk\" \/>\n<meta property=\"og:description\" content=\"Calling all wildlife photographers, professional and amateur! Join NYS Guide and President of Adirondack Avian Expeditions Joan Collins and wildlife\" \/>\n<meta property=\"og:url\" content=\"https:\/\/www.theadkx.org\/fr\/evenement\/adk-promenade-aviaire\/\" \/>\n<meta property=\"og:site_name\" content=\"Adirondack Experience\" \/>\n<meta property=\"article:publisher\" content=\"https:\/\/www.facebook.com\/theADKX\/\" \/>\n<meta property=\"article:modified_time\" content=\"2024-02-28T19:39:29+00:00\" \/>\n<meta property=\"og:image\" content=\"https:\/\/www.theadkx.org\/wp-content\/uploads\/2023\/12\/Brisbane-Young-Photo.jpg\" \/>\n\t<meta property=\"og:image:width\" content=\"1080\" \/>\n\t<meta property=\"og:image:height\" content=\"607\" \/>\n\t<meta property=\"og:image:type\" content=\"image\/jpeg\" \/>\n<meta name=\"twitter:card\" content=\"summary_large_image\" \/>\n<meta name=\"twitter:site\" content=\"@theadkx\" \/>\n<meta name=\"twitter:label1\" content=\"Dur\u00e9e de lecture estim\u00e9e\" \/>\n\t<meta name=\"twitter:data1\" content=\"2 minutes\" \/>\n<script type=\"application\/ld+json\" class=\"yoast-schema-graph\">{\"@context\":\"https:\\\/\\\/schema.org\",\"@graph\":[{\"@type\":\"WebPage\",\"@id\":\"https:\\\/\\\/www.theadkx.org\\\/fr\\\/evenement\\\/adk-avian-walk\\\/\",\"url\":\"https:\\\/\\\/www.theadkx.org\\\/fr\\\/evenement\\\/adk-avian-walk\\\/\",\"name\":\"Adirondack Avian Walk | Adirondack Experience\",\"isPartOf\":{\"@id\":\"https:\\\/\\\/www.theadkx.org\\\/#website\"},\"primaryImageOfPage\":{\"@id\":\"https:\\\/\\\/www.theadkx.org\\\/fr\\\/evenement\\\/adk-avian-walk\\\/#primaryimage\"},\"image\":{\"@id\":\"https:\\\/\\\/www.theadkx.org\\\/fr\\\/evenement\\\/adk-avian-walk\\\/#primaryimage\"},\"thumbnailUrl\":\"https:\\\/\\\/www.theadkx.org\\\/wp-content\\\/uploads\\\/2023\\\/12\\\/Brisbane-Young-Photo.jpg\",\"datePublished\":\"2023-12-12T15:34:24+00:00\",\"dateModified\":\"2024-02-28T19:39:29+00:00\",\"breadcrumb\":{\"@id\":\"https:\\\/\\\/www.theadkx.org\\\/fr\\\/evenement\\\/adk-avian-walk\\\/#breadcrumb\"},\"inLanguage\":\"fr-FR\",\"potentialAction\":[{\"@type\":\"ReadAction\",\"target\":[\"https:\\\/\\\/www.theadkx.org\\\/fr\\\/evenement\\\/adk-avian-walk\\\/\"]}]},{\"@type\":\"ImageObject\",\"inLanguage\":\"fr-FR\",\"@id\":\"https:\\\/\\\/www.theadkx.org\\\/fr\\\/evenement\\\/adk-avian-walk\\\/#primaryimage\",\"url\":\"https:\\\/\\\/www.theadkx.org\\\/wp-content\\\/uploads\\\/2023\\\/12\\\/Brisbane-Young-Photo.jpg\",\"contentUrl\":\"https:\\\/\\\/www.theadkx.org\\\/wp-content\\\/uploads\\\/2023\\\/12\\\/Brisbane-Young-Photo.jpg\",\"width\":1080,\"height\":607},{\"@type\":\"BreadcrumbList\",\"@id\":\"https:\\\/\\\/www.theadkx.org\\\/fr\\\/evenement\\\/adk-avian-walk\\\/#breadcrumb\",\"itemListElement\":[{\"@type\":\"ListItem\",\"position\":1,\"name\":\"Home\",\"item\":\"https:\\\/\\\/www.theadkx.org\\\/homepage\\\/\"},{\"@type\":\"ListItem\",\"position\":2,\"name\":\"Events\",\"item\":\"https:\\\/\\\/www.theadkx.org\\\/events\\\/\"},{\"@type\":\"ListItem\",\"position\":3,\"name\":\"Adirondack Avian Walk\"}]},{\"@type\":\"WebSite\",\"@id\":\"https:\\\/\\\/www.theadkx.org\\\/#website\",\"url\":\"https:\\\/\\\/www.theadkx.org\\\/\",\"name\":\"Adirondack Experience\",\"description\":\"The Museum on Blue Mountain Lake\",\"publisher\":{\"@id\":\"https:\\\/\\\/www.theadkx.org\\\/#organization\"},\"potentialAction\":[{\"@type\":\"SearchAction\",\"target\":{\"@type\":\"EntryPoint\",\"urlTemplate\":\"https:\\\/\\\/www.theadkx.org\\\/?s={search_term_string}\"},\"query-input\":{\"@type\":\"PropertyValueSpecification\",\"valueRequired\":true,\"valueName\":\"search_term_string\"}}],\"inLanguage\":\"fr-FR\"},{\"@type\":\"Organization\",\"@id\":\"https:\\\/\\\/www.theadkx.org\\\/#organization\",\"name\":\"Adirondack Experience, The Museum on Blue Mountain Lake\",\"url\":\"https:\\\/\\\/www.theadkx.org\\\/\",\"logo\":{\"@type\":\"ImageObject\",\"inLanguage\":\"fr-FR\",\"@id\":\"https:\\\/\\\/www.theadkx.org\\\/#\\\/schema\\\/logo\\\/image\\\/\",\"url\":\"https:\\\/\\\/www.theadkx.org\\\/wp-content\\\/uploads\\\/2021\\\/03\\\/ADKX_LOGO.png\",\"contentUrl\":\"https:\\\/\\\/www.theadkx.org\\\/wp-content\\\/uploads\\\/2021\\\/03\\\/ADKX_LOGO.png\",\"width\":440,\"height\":276,\"caption\":\"Adirondack Experience, The Museum on Blue Mountain Lake\"},\"image\":{\"@id\":\"https:\\\/\\\/www.theadkx.org\\\/#\\\/schema\\\/logo\\\/image\\\/\"},\"sameAs\":[\"https:\\\/\\\/www.facebook.com\\\/theADKX\\\/\",\"https:\\\/\\\/x.com\\\/theadkx\",\"https:\\\/\\\/www.instagram.com\\\/theadkx\\\/\",\"https:\\\/\\\/www.youtube.com\\\/user\\\/AdirondackMuseum\"]}]}<\/script>\n<!-- \/ Yoast SEO Premium plugin. -->","yoast_head_json":{"title":"Adirondack Avian Walk | Adirondack Experience","robots":{"index":"index","follow":"follow","max-snippet":"max-snippet:-1","max-image-preview":"max-image-preview:large","max-video-preview":"max-video-preview:-1"},"canonical":"https:\/\/www.theadkx.org\/fr\/evenement\/adk-promenade-aviaire\/","og_locale":"fr_FR","og_type":"article","og_title":"Adirondack Avian Walk","og_description":"Calling all wildlife photographers, professional and amateur! Join NYS Guide and President of Adirondack Avian Expeditions Joan Collins and wildlife","og_url":"https:\/\/www.theadkx.org\/fr\/evenement\/adk-promenade-aviaire\/","og_site_name":"Adirondack Experience","article_publisher":"https:\/\/www.facebook.com\/theADKX\/","article_modified_time":"2024-02-28T19:39:29+00:00","og_image":[{"width":1080,"height":607,"url":"https:\/\/www.theadkx.org\/wp-content\/uploads\/2023\/12\/Brisbane-Young-Photo.jpg","type":"image\/jpeg"}],"twitter_card":"summary_large_image","twitter_site":"@theadkx","twitter_misc":{"Dur\u00e9e de lecture estim\u00e9e":"2 minutes"},"schema":{"@context":"https:\/\/schema.org","@graph":[{"@type":"WebPage","@id":"https:\/\/www.theadkx.org\/fr\/evenement\/adk-avian-walk\/","url":"https:\/\/www.theadkx.org\/fr\/evenement\/adk-avian-walk\/","name":"Adirondack Avian Walk | Adirondack Experience","isPartOf":{"@id":"https:\/\/www.theadkx.org\/#website"},"primaryImageOfPage":{"@id":"https:\/\/www.theadkx.org\/fr\/evenement\/adk-avian-walk\/#primaryimage"},"image":{"@id":"https:\/\/www.theadkx.org\/fr\/evenement\/adk-avian-walk\/#primaryimage"},"thumbnailUrl":"https:\/\/www.theadkx.org\/wp-content\/uploads\/2023\/12\/Brisbane-Young-Photo.jpg","datePublished":"2023-12-12T15:34:24+00:00","dateModified":"2024-02-28T19:39:29+00:00","breadcrumb":{"@id":"https:\/\/www.theadkx.org\/fr\/evenement\/adk-avian-walk\/#breadcrumb"},"inLanguage":"fr-FR","potentialAction":[{"@type":"ReadAction","target":["https:\/\/www.theadkx.org\/fr\/evenement\/adk-avian-walk\/"]}]},{"@type":"ImageObject","inLanguage":"fr-FR","@id":"https:\/\/www.theadkx.org\/fr\/evenement\/adk-avian-walk\/#primaryimage","url":"https:\/\/www.theadkx.org\/wp-content\/uploads\/2023\/12\/Brisbane-Young-Photo.jpg","contentUrl":"https:\/\/www.theadkx.org\/wp-content\/uploads\/2023\/12\/Brisbane-Young-Photo.jpg","width":1080,"height":607},{"@type":"BreadcrumbList","@id":"https:\/\/www.theadkx.org\/fr\/evenement\/adk-avian-walk\/#breadcrumb","itemListElement":[{"@type":"ListItem","position":1,"name":"Home","item":"https:\/\/www.theadkx.org\/homepage\/"},{"@type":"ListItem","position":2,"name":"Events","item":"https:\/\/www.theadkx.org\/events\/"},{"@type":"ListItem","position":3,"name":"Adirondack Avian Walk"}]},{"@type":"WebSite","@id":"https:\/\/www.theadkx.org\/#website","url":"https:\/\/www.theadkx.org\/","name":"L'exp\u00e9rience des Adirondacks","description":"Le mus\u00e9e du lac Blue Mountain","publisher":{"@id":"https:\/\/www.theadkx.org\/#organization"},"potentialAction":[{"@type":"SearchAction","target":{"@type":"EntryPoint","urlTemplate":"https:\/\/www.theadkx.org\/?s={search_term_string}"},"query-input":{"@type":"PropertyValueSpecification","valueRequired":true,"valueName":"search_term_string"}}],"inLanguage":"fr-FR"},{"@type":"Organization","@id":"https:\/\/www.theadkx.org\/#organization","name":"Adirondack Experience, le mus\u00e9e du lac Blue Mountain","url":"https:\/\/www.theadkx.org\/","logo":{"@type":"ImageObject","inLanguage":"fr-FR","@id":"https:\/\/www.theadkx.org\/#\/schema\/logo\/image\/","url":"https:\/\/www.theadkx.org\/wp-content\/uploads\/2021\/03\/ADKX_LOGO.png","contentUrl":"https:\/\/www.theadkx.org\/wp-content\/uploads\/2021\/03\/ADKX_LOGO.png","width":440,"height":276,"caption":"Adirondack Experience, The Museum on Blue Mountain Lake"},"image":{"@id":"https:\/\/www.theadkx.org\/#\/schema\/logo\/image\/"},"sameAs":["https:\/\/www.facebook.com\/theADKX\/","https:\/\/x.com\/theadkx","https:\/\/www.instagram.com\/theadkx\/","https:\/\/www.youtube.com\/user\/AdirondackMuseum"]}]}},"_links":{"self":[{"href":"https:\/\/www.theadkx.org\/fr\/wp-json\/wp\/v2\/tribe_events\/13231","targetHints":{"allow":["GET"]}}],"collection":[{"href":"https:\/\/www.theadkx.org\/fr\/wp-json\/wp\/v2\/tribe_events"}],"about":[{"href":"https:\/\/www.theadkx.org\/fr\/wp-json\/wp\/v2\/types\/tribe_events"}],"author":[{"embeddable":true,"href":"https:\/\/www.theadkx.org\/fr\/wp-json\/wp\/v2\/users\/4"}],"version-history":[{"count":9,"href":"https:\/\/www.theadkx.org\/fr\/wp-json\/wp\/v2\/tribe_events\/13231\/revisions"}],"predecessor-version":[{"id":13962,"href":"https:\/\/www.theadkx.org\/fr\/wp-json\/wp\/v2\/tribe_events\/13231\/revisions\/13962"}],"wp:featuredmedia":[{"embeddable":true,"href":"https:\/\/www.theadkx.org\/fr\/wp-json\/wp\/v2\/media\/13236"}],"wp:attachment":[{"href":"https:\/\/www.theadkx.org\/fr\/wp-json\/wp\/v2\/media?parent=13231"}],"wp:term":[{"taxonomy":"post_tag","embeddable":true,"href":"https:\/\/www.theadkx.org\/fr\/wp-json\/wp\/v2\/tags?post=13231"},{"taxonomy":"tribe_events_cat","embeddable":true,"href":"https:\/\/www.theadkx.org\/fr\/wp-json\/wp\/v2\/tribe_events_cat?post=13231"}],"curies":[{"name":"wp","href":"https:\/\/api.w.org\/{rel}","templated":true}]}}