{"id":18039,"date":"2026-02-06T13:32:41","date_gmt":"2026-02-06T18:32:41","guid":{"rendered":"http:\/\/www.theadkx.org\/?post_type=tribe_events&#038;p=18039"},"modified":"2026-02-06T14:12:55","modified_gmt":"2026-02-06T19:12:55","slug":"le-sanctuaire-des-medias-independants","status":"publish","type":"tribe_events","link":"https:\/\/www.theadkx.org\/fr\/event\/the-sanctuary-for-independent-media\/","title":{"rendered":"Le sanctuaire des m\u00e9dias ind\u00e9pendants"},"content":{"rendered":"<p>En pr\u00e9paration d'une exposition historique qui s'ouvrira en 2027 sur la<strong><a href=\"https:\/\/www.theadkx.org\/fr\/expositions\/black-experience-in-the-adiondacks\/\"> L'exp\u00e9rience noire dans les Adirondacks<\/a><\/strong>, L'Adirondack Experience organise des collectes dans tout l'\u00c9tat de New York.<\/p>\n<p>Vos objets racontent l'histoire compl\u00e8te de la vie des Noirs dans les Adirondacks. Nous recherchons un large \u00e9ventail de documents, notamment des photographies, des souvenirs, des lettres, des cartes postales, des recettes, des v\u00eatements et des clips vid\u00e9o des Adirondacks. Tout objet ou souvenir qui renferme une partie de l'histoire est un \u00e9l\u00e9ment essentiel de cette histoire. Rejoignez-nous pour une session hybride afin d'en savoir plus sur l'importance des archives noires et sur la mani\u00e8re dont vous pouvez contribuer \u00e0 la collection pour The Black Experience in the Adirondacks (L'exp\u00e9rience noire dans les Adirondacks). Le conservateur Charles Clark III sera pr\u00e9sent au Sanctuaire pour expliquer comment vos objets contribuent \u00e0 raconter l'histoire compl\u00e8te de la vie des Noirs dans les Adirondacks. \u00a0<b>Aidez-nous \u00e0 raconter votre histoire et participez \u00e0 cette exposition !<\/b><\/p>\n<p>Vous ne pouvez pas venir mais vous avez quelque chose \u00e0 apporter ? <strong><a href=\"https:\/\/docs.google.com\/forms\/d\/e\/1FAIpQLSfELyMYZC8XAAyQX_bjeBtOvonnuNmbmrhRfJ2JCO6c5teSIQ\/viewform?usp=publish-editor\">Remplissez ce formulaire en ligne.\u00a0<\/a><\/strong><\/p>\n<p>&nbsp;<\/p>\n<blockquote><p><strong>Rassembler les histoires : Exp\u00e9riences des Noirs dans les Adirondacks<\/strong><\/p>\n<p>Le sanctuaire des m\u00e9dias ind\u00e9pendants<\/p>\n<p>3361 6th Ave. Troy, NY 12180<\/p><\/blockquote>\n<p><strong><em>Plus d'informations sur l'\u00e9v\u00e9nement ici : https:\/\/www.mediasanctuary.org\/event\/black-experiences-in-the-adirondacks\/\u00a0\u00a0<\/em><\/strong><\/p>","protected":false},"excerpt":{"rendered":"<p>In preparation for a landmark exhibition opening in 2027 on The Black Experience in the Adirondacks, the Adirondack Experience is hosting collecting events around New York State. Your objects tell [&hellip;]<\/p>\n","protected":false},"author":4,"featured_media":17789,"template":"","meta":{"_acf_changed":false,"om_disable_all_campaigns":false,"_tribe_events_status":"","_tribe_events_status_reason":"","_tribe_events_is_hybrid":"","_tribe_events_is_virtual":"","_tribe_events_virtual_video_source":"","_tribe_events_virtual_embed_video":"","_tribe_events_virtual_linked_button_text":"","_tribe_events_virtual_linked_button":"","_tribe_events_virtual_show_embed_at":"","_tribe_events_virtual_show_embed_to":[],"_tribe_events_virtual_show_on_event":"","_tribe_events_virtual_show_on_views":"","_tribe_events_virtual_url":"","footnotes":""},"tags":[],"tribe_events_cat":[40],"class_list":["post-18039","tribe_events","type-tribe_events","status-publish","has-post-thumbnail","hentry","tribe_events_cat-black-experience-in-the-adirondacks-collection-initiative","cat_black-experience-in-the-adirondacks-collection-initiative"],"acf":[],"yoast_head":"<!-- This site is optimized with the Yoast SEO Premium plugin v22.8 (Yoast SEO v27.4) - https:\/\/yoast.com\/product\/yoast-seo-premium-wordpress\/ -->\n<title>The Sanctuary for Independent Media | Adirondack Experience<\/title>\n<meta name=\"robots\" content=\"index, follow, max-snippet:-1, max-image-preview:large, max-video-preview:-1\" \/>\n<link rel=\"canonical\" href=\"https:\/\/www.theadkx.org\/fr\/evenement\/le-sanctuaire-des-medias-independants\/\" \/>\n<meta property=\"og:locale\" content=\"fr_FR\" \/>\n<meta property=\"og:type\" content=\"article\" \/>\n<meta property=\"og:title\" content=\"The Sanctuary for Independent Media\" \/>\n<meta property=\"og:description\" content=\"In preparation for a landmark exhibition opening in 2027 on The Black Experience in the Adirondacks, the Adirondack Experience is hosting collecting\" \/>\n<meta property=\"og:url\" content=\"https:\/\/www.theadkx.org\/fr\/evenement\/le-sanctuaire-des-medias-independants\/\" \/>\n<meta property=\"og:site_name\" content=\"Adirondack Experience\" \/>\n<meta property=\"article:publisher\" content=\"https:\/\/www.facebook.com\/theADKX\/\" \/>\n<meta property=\"article:modified_time\" content=\"2026-02-06T19:12:55+00:00\" \/>\n<meta property=\"og:image\" content=\"https:\/\/www.theadkx.org\/wp-content\/uploads\/2025\/12\/BEA-Collection-event-image.png\" \/>\n\t<meta property=\"og:image:width\" content=\"940\" \/>\n\t<meta property=\"og:image:height\" content=\"788\" \/>\n\t<meta property=\"og:image:type\" content=\"image\/png\" \/>\n<meta name=\"twitter:card\" content=\"summary_large_image\" \/>\n<meta name=\"twitter:site\" content=\"@theadkx\" \/>\n<meta name=\"twitter:label1\" content=\"Dur\u00e9e de lecture estim\u00e9e\" \/>\n\t<meta name=\"twitter:data1\" content=\"1 minute\" \/>\n<script type=\"application\/ld+json\" class=\"yoast-schema-graph\">{\"@context\":\"https:\\\/\\\/schema.org\",\"@graph\":[{\"@type\":\"WebPage\",\"@id\":\"https:\\\/\\\/www.theadkx.org\\\/fr\\\/evenement\\\/the-sanctuary-for-independent-media\\\/\",\"url\":\"https:\\\/\\\/www.theadkx.org\\\/fr\\\/evenement\\\/the-sanctuary-for-independent-media\\\/\",\"name\":\"The Sanctuary for Independent Media | Adirondack Experience\",\"isPartOf\":{\"@id\":\"https:\\\/\\\/www.theadkx.org\\\/#website\"},\"primaryImageOfPage\":{\"@id\":\"https:\\\/\\\/www.theadkx.org\\\/fr\\\/evenement\\\/the-sanctuary-for-independent-media\\\/#primaryimage\"},\"image\":{\"@id\":\"https:\\\/\\\/www.theadkx.org\\\/fr\\\/evenement\\\/the-sanctuary-for-independent-media\\\/#primaryimage\"},\"thumbnailUrl\":\"https:\\\/\\\/www.theadkx.org\\\/wp-content\\\/uploads\\\/2025\\\/12\\\/BEA-Collection-event-image.png\",\"datePublished\":\"2026-02-06T18:32:41+00:00\",\"dateModified\":\"2026-02-06T19:12:55+00:00\",\"breadcrumb\":{\"@id\":\"https:\\\/\\\/www.theadkx.org\\\/fr\\\/evenement\\\/the-sanctuary-for-independent-media\\\/#breadcrumb\"},\"inLanguage\":\"fr-FR\",\"potentialAction\":[{\"@type\":\"ReadAction\",\"target\":[\"https:\\\/\\\/www.theadkx.org\\\/fr\\\/evenement\\\/the-sanctuary-for-independent-media\\\/\"]}]},{\"@type\":\"ImageObject\",\"inLanguage\":\"fr-FR\",\"@id\":\"https:\\\/\\\/www.theadkx.org\\\/fr\\\/evenement\\\/the-sanctuary-for-independent-media\\\/#primaryimage\",\"url\":\"https:\\\/\\\/www.theadkx.org\\\/wp-content\\\/uploads\\\/2025\\\/12\\\/BEA-Collection-event-image.png\",\"contentUrl\":\"https:\\\/\\\/www.theadkx.org\\\/wp-content\\\/uploads\\\/2025\\\/12\\\/BEA-Collection-event-image.png\",\"width\":940,\"height\":788},{\"@type\":\"BreadcrumbList\",\"@id\":\"https:\\\/\\\/www.theadkx.org\\\/fr\\\/evenement\\\/the-sanctuary-for-independent-media\\\/#breadcrumb\",\"itemListElement\":[{\"@type\":\"ListItem\",\"position\":1,\"name\":\"Home\",\"item\":\"https:\\\/\\\/www.theadkx.org\\\/homepage\\\/\"},{\"@type\":\"ListItem\",\"position\":2,\"name\":\"Events\",\"item\":\"https:\\\/\\\/www.theadkx.org\\\/events\\\/\"},{\"@type\":\"ListItem\",\"position\":3,\"name\":\"The Sanctuary for Independent Media\"}]},{\"@type\":\"WebSite\",\"@id\":\"https:\\\/\\\/www.theadkx.org\\\/#website\",\"url\":\"https:\\\/\\\/www.theadkx.org\\\/\",\"name\":\"Adirondack Experience\",\"description\":\"The Museum on Blue Mountain Lake\",\"publisher\":{\"@id\":\"https:\\\/\\\/www.theadkx.org\\\/#organization\"},\"potentialAction\":[{\"@type\":\"SearchAction\",\"target\":{\"@type\":\"EntryPoint\",\"urlTemplate\":\"https:\\\/\\\/www.theadkx.org\\\/?s={search_term_string}\"},\"query-input\":{\"@type\":\"PropertyValueSpecification\",\"valueRequired\":true,\"valueName\":\"search_term_string\"}}],\"inLanguage\":\"fr-FR\"},{\"@type\":\"Organization\",\"@id\":\"https:\\\/\\\/www.theadkx.org\\\/#organization\",\"name\":\"Adirondack Experience, The Museum on Blue Mountain Lake\",\"url\":\"https:\\\/\\\/www.theadkx.org\\\/\",\"logo\":{\"@type\":\"ImageObject\",\"inLanguage\":\"fr-FR\",\"@id\":\"https:\\\/\\\/www.theadkx.org\\\/#\\\/schema\\\/logo\\\/image\\\/\",\"url\":\"https:\\\/\\\/www.theadkx.org\\\/wp-content\\\/uploads\\\/2021\\\/03\\\/ADKX_LOGO.png\",\"contentUrl\":\"https:\\\/\\\/www.theadkx.org\\\/wp-content\\\/uploads\\\/2021\\\/03\\\/ADKX_LOGO.png\",\"width\":440,\"height\":276,\"caption\":\"Adirondack Experience, The Museum on Blue Mountain Lake\"},\"image\":{\"@id\":\"https:\\\/\\\/www.theadkx.org\\\/#\\\/schema\\\/logo\\\/image\\\/\"},\"sameAs\":[\"https:\\\/\\\/www.facebook.com\\\/theADKX\\\/\",\"https:\\\/\\\/x.com\\\/theadkx\",\"https:\\\/\\\/www.instagram.com\\\/theadkx\\\/\",\"https:\\\/\\\/www.youtube.com\\\/user\\\/AdirondackMuseum\"]}]}<\/script>\n<!-- \/ Yoast SEO Premium plugin. -->","yoast_head_json":{"title":"Le sanctuaire des m\u00e9dias ind\u00e9pendants | Adirondack Experience","robots":{"index":"index","follow":"follow","max-snippet":"max-snippet:-1","max-image-preview":"max-image-preview:large","max-video-preview":"max-video-preview:-1"},"canonical":"https:\/\/www.theadkx.org\/fr\/evenement\/le-sanctuaire-des-medias-independants\/","og_locale":"fr_FR","og_type":"article","og_title":"The Sanctuary for Independent Media","og_description":"In preparation for a landmark exhibition opening in 2027 on The Black Experience in the Adirondacks, the Adirondack Experience is hosting collecting","og_url":"https:\/\/www.theadkx.org\/fr\/evenement\/le-sanctuaire-des-medias-independants\/","og_site_name":"Adirondack Experience","article_publisher":"https:\/\/www.facebook.com\/theADKX\/","article_modified_time":"2026-02-06T19:12:55+00:00","og_image":[{"width":940,"height":788,"url":"https:\/\/www.theadkx.org\/wp-content\/uploads\/2025\/12\/BEA-Collection-event-image.png","type":"image\/png"}],"twitter_card":"summary_large_image","twitter_site":"@theadkx","twitter_misc":{"Dur\u00e9e de lecture estim\u00e9e":"1 minute"},"schema":{"@context":"https:\/\/schema.org","@graph":[{"@type":"WebPage","@id":"https:\/\/www.theadkx.org\/fr\/evenement\/the-sanctuary-for-independent-media\/","url":"https:\/\/www.theadkx.org\/fr\/evenement\/the-sanctuary-for-independent-media\/","name":"Le sanctuaire des m\u00e9dias ind\u00e9pendants | Adirondack Experience","isPartOf":{"@id":"https:\/\/www.theadkx.org\/#website"},"primaryImageOfPage":{"@id":"https:\/\/www.theadkx.org\/fr\/evenement\/the-sanctuary-for-independent-media\/#primaryimage"},"image":{"@id":"https:\/\/www.theadkx.org\/fr\/evenement\/the-sanctuary-for-independent-media\/#primaryimage"},"thumbnailUrl":"https:\/\/www.theadkx.org\/wp-content\/uploads\/2025\/12\/BEA-Collection-event-image.png","datePublished":"2026-02-06T18:32:41+00:00","dateModified":"2026-02-06T19:12:55+00:00","breadcrumb":{"@id":"https:\/\/www.theadkx.org\/fr\/evenement\/the-sanctuary-for-independent-media\/#breadcrumb"},"inLanguage":"fr-FR","potentialAction":[{"@type":"ReadAction","target":["https:\/\/www.theadkx.org\/fr\/evenement\/the-sanctuary-for-independent-media\/"]}]},{"@type":"ImageObject","inLanguage":"fr-FR","@id":"https:\/\/www.theadkx.org\/fr\/evenement\/the-sanctuary-for-independent-media\/#primaryimage","url":"https:\/\/www.theadkx.org\/wp-content\/uploads\/2025\/12\/BEA-Collection-event-image.png","contentUrl":"https:\/\/www.theadkx.org\/wp-content\/uploads\/2025\/12\/BEA-Collection-event-image.png","width":940,"height":788},{"@type":"BreadcrumbList","@id":"https:\/\/www.theadkx.org\/fr\/evenement\/the-sanctuary-for-independent-media\/#breadcrumb","itemListElement":[{"@type":"ListItem","position":1,"name":"Home","item":"https:\/\/www.theadkx.org\/homepage\/"},{"@type":"ListItem","position":2,"name":"Events","item":"https:\/\/www.theadkx.org\/events\/"},{"@type":"ListItem","position":3,"name":"The Sanctuary for Independent Media"}]},{"@type":"WebSite","@id":"https:\/\/www.theadkx.org\/#website","url":"https:\/\/www.theadkx.org\/","name":"L'exp\u00e9rience des Adirondacks","description":"Le mus\u00e9e du lac Blue Mountain","publisher":{"@id":"https:\/\/www.theadkx.org\/#organization"},"potentialAction":[{"@type":"SearchAction","target":{"@type":"EntryPoint","urlTemplate":"https:\/\/www.theadkx.org\/?s={search_term_string}"},"query-input":{"@type":"PropertyValueSpecification","valueRequired":true,"valueName":"search_term_string"}}],"inLanguage":"fr-FR"},{"@type":"Organization","@id":"https:\/\/www.theadkx.org\/#organization","name":"Adirondack Experience, le mus\u00e9e du lac Blue Mountain","url":"https:\/\/www.theadkx.org\/","logo":{"@type":"ImageObject","inLanguage":"fr-FR","@id":"https:\/\/www.theadkx.org\/#\/schema\/logo\/image\/","url":"https:\/\/www.theadkx.org\/wp-content\/uploads\/2021\/03\/ADKX_LOGO.png","contentUrl":"https:\/\/www.theadkx.org\/wp-content\/uploads\/2021\/03\/ADKX_LOGO.png","width":440,"height":276,"caption":"Adirondack Experience, The Museum on Blue Mountain Lake"},"image":{"@id":"https:\/\/www.theadkx.org\/#\/schema\/logo\/image\/"},"sameAs":["https:\/\/www.facebook.com\/theADKX\/","https:\/\/x.com\/theadkx","https:\/\/www.instagram.com\/theadkx\/","https:\/\/www.youtube.com\/user\/AdirondackMuseum"]}]}},"_links":{"self":[{"href":"https:\/\/www.theadkx.org\/fr\/wp-json\/wp\/v2\/tribe_events\/18039","targetHints":{"allow":["GET"]}}],"collection":[{"href":"https:\/\/www.theadkx.org\/fr\/wp-json\/wp\/v2\/tribe_events"}],"about":[{"href":"https:\/\/www.theadkx.org\/fr\/wp-json\/wp\/v2\/types\/tribe_events"}],"author":[{"embeddable":true,"href":"https:\/\/www.theadkx.org\/fr\/wp-json\/wp\/v2\/users\/4"}],"version-history":[{"count":3,"href":"https:\/\/www.theadkx.org\/fr\/wp-json\/wp\/v2\/tribe_events\/18039\/revisions"}],"predecessor-version":[{"id":18458,"href":"https:\/\/www.theadkx.org\/fr\/wp-json\/wp\/v2\/tribe_events\/18039\/revisions\/18458"}],"wp:featuredmedia":[{"embeddable":true,"href":"https:\/\/www.theadkx.org\/fr\/wp-json\/wp\/v2\/media\/17789"}],"wp:attachment":[{"href":"https:\/\/www.theadkx.org\/fr\/wp-json\/wp\/v2\/media?parent=18039"}],"wp:term":[{"taxonomy":"post_tag","embeddable":true,"href":"https:\/\/www.theadkx.org\/fr\/wp-json\/wp\/v2\/tags?post=18039"},{"taxonomy":"tribe_events_cat","embeddable":true,"href":"https:\/\/www.theadkx.org\/fr\/wp-json\/wp\/v2\/tribe_events_cat?post=18039"}],"curies":[{"name":"wp","href":"https:\/\/api.w.org\/{rel}","templated":true}]}}