{"id":18853,"date":"2026-04-02T16:05:13","date_gmt":"2026-04-02T20:05:13","guid":{"rendered":"https:\/\/www.theadkx.org\/?post_type=tribe_events&#038;p=18853"},"modified":"2026-04-02T16:06:17","modified_gmt":"2026-04-02T20:06:17","slug":"un-apres-midi-avec-une-fille-de-gibson","status":"publish","type":"tribe_events","link":"https:\/\/www.theadkx.org\/fr\/event\/an-afternoon-with-a-gibson-girl\/","title":{"rendered":"Un apr\u00e8s-midi avec une Gibson Girl"},"content":{"rendered":"<h2>Passez l'apr\u00e8s-midi \u00e0 d\u00e9couvrir l'histoire de la po\u00e9tesse des Adirondacks Jeanne Robert Foster dans un one-woman-show de 45 minutes qui met en lumi\u00e8re sa vie et son \u0153uvre.<\/h2>\n<p><strong>Mod\u00e8le pour les c\u00e9l\u00e8bres \u201cGibson Girls\u201d de Charles Dana Gibson, l'histoire de Foster va bien au-del\u00e0 des photographies qui ont d\u00e9fini l'id\u00e9al de beaut\u00e9 d'une g\u00e9n\u00e9ration, depuis ses humbles d\u00e9buts dans les Adirondacks jusqu'aux salons litt\u00e9raires de Paris et d'ailleurs.<\/strong><\/p>\n<p>Cette performance est <em>inclus dans le prix d'entr\u00e9e au mus\u00e9e<\/em> et se d\u00e9roulera au pavillon Marion River Carry. Des places assises pour 40 invit\u00e9s seront disponibles sur la base du premier arriv\u00e9, premier servi, et des places debout seront \u00e9galement disponibles. Un punch sera servi. Apportez votre plus beau parasol et passez un apr\u00e8s-midi \u00e0 d\u00e9couvrir l'histoire de cette femme remarquable des Adirondacks.<\/p>\n<p>&nbsp;<\/p>\n<hr \/>\n<div  class=\"flex_column av_one_third  av-break-at-mobile flex_column_div ep-lazy-loaded first\" ><div class=\"flex-column-inner\"><p><img loading=\"lazy\" decoding=\"async\" class=\"wp-image-18856 alignleft\" src=\"https:\/\/www.theadkx.org\/wp-content\/uploads\/2026\/04\/Eileen-Mack-Headshot-.jpg\" alt=\"Une femme portant une chemise noire et des boucles d&#039;oreilles sourit \u00e0 l&#039;appareil photo.\" width=\"236\" height=\"244\" srcset=\"https:\/\/www.theadkx.org\/wp-content\/uploads\/2026\/04\/Eileen-Mack-Headshot-.jpg 512w, https:\/\/www.theadkx.org\/wp-content\/uploads\/2026\/04\/Eileen-Mack-Headshot--289x300.jpg 289w, https:\/\/www.theadkx.org\/wp-content\/uploads\/2026\/04\/Eileen-Mack-Headshot--12x12.jpg 12w\" sizes=\"auto, (max-width: 236px) 100vw, 236px\" \/><\/p>\n<p><strong><\/p><\/div><\/div><div  class=\"flex_column av_two_third  av-break-at-mobile flex_column_div ep-lazy-loaded\" ><div class=\"flex-column-inner\"><p><\/strong><\/p>\n<h3>Eileen Mack<\/h3>\n<div class=\"fe-block fe-block-yui_3_17_2_1_1750266573459_12100\">\n<div id=\"block-yui_3_17_2_1_1750266573459_12100\" class=\"sqs-block html-block sqs-block-html\" data-blend-mode=\"NORMAL\" data-block-type=\"2\" data-border-radii=\"{&quot;topLeft&quot;:{&quot;unit&quot;:&quot;px&quot;,&quot;value&quot;:0.0},&quot;topRight&quot;:{&quot;unit&quot;:&quot;px&quot;,&quot;value&quot;:0.0},&quot;bottomLeft&quot;:{&quot;unit&quot;:&quot;px&quot;,&quot;value&quot;:0.0},&quot;bottomRight&quot;:{&quot;unit&quot;:&quot;px&quot;,&quot;value&quot;:0.0}}\" data-sqsp-block=\"text\">\n<div class=\"sqs-block-content\">\n<div class=\"sqs-html-content\" data-sqsp-text-block-content=\"\">\n<p>Eileen Egan Mack est un ma\u00eetre conteur sp\u00e9cialis\u00e9 dans les histoires qui refl\u00e8tent la beaut\u00e9 et l'\u00e9merveillement du monde naturel. R\u00e9sidente de Latham, dans l'\u00c9tat de New York, elle a grandi dans le comt\u00e9 de Saratoga et a poursuivi une carri\u00e8re dans l'enseignement dans le North Country. Son spectacle solo \u201cVoice of the Mountains\u201d refl\u00e8te sa r\u00e9v\u00e9rence pour la nature et son admiration pour Jeanne Robert Foster, \u00e9crivain, po\u00e8te et agent artistique n\u00e9e dans les Adirondacks. Le programme est n\u00e9 d'un amour pour la lecture \u00e0 haute voix d'\u0153uvres tir\u00e9es du livre <em>Portraits des Adirondacks : Un morceau de temps<\/em>. Eileen s'est sentie oblig\u00e9e de partager l'histoire de Jeanne et les voix des personnes que la native des Adirondacks a connues dans son enfance. C'est ainsi qu'est n\u00e9 un programme de lectures, d'histoires et de chansons.<\/p>\n<p>En tant que vocaliste, Eileen aime chanter des standards de jazz, des chansons d'art, des chansons de Broadway, de la musique pop et de la musique folklorique, et elle est cantor dans les \u00e9glises de la r\u00e9gion. Elle se produit r\u00e9guli\u00e8rement en tant que conteuse et vocaliste dans la r\u00e9gion de la capitale. \u00c9l\u00e8ve de Michael Clement, elle partage r\u00e9guli\u00e8rement des programmes avec le pianiste et a cr\u00e9\u00e9 un hommage musical sp\u00e9cial \u00e0 Katrina Trask, de Yaddo, \u00e0 Saratoga. Elle a pr\u00e9sent\u00e9 son programme \u201cElizabeth Schuyler Hamilton : Albany Girl\/American Girl\u201d dans la r\u00e9gion et avec les Musiciens de Ma'alwyck. Elle est heureuse de faire d\u00e9couvrir au public les histoires de Jeanne R. Foster et de ses \u201cvoisins d'hier\u201d par le biais de ce voyage dans le temps, au XIXe si\u00e8cle, dans les Great North Woods.<\/p>\n<p class=\"\"><strong><u>\u00a0<\/u><\/strong><\/p>\n<\/div>\n<\/div>\n<\/div>\n<\/div><\/div><\/div><\/p>\n<p>&nbsp;<\/p>","protected":false},"excerpt":{"rendered":"<p>Spend the afternoon with the story of Adirondack poet Jeanne Robert Foster in a 45-minute one-woman show illuminating her life and work. A model for Charles Dana Gibson\u2019s celebrated \u201cGibson [&hellip;]<\/p>\n","protected":false},"author":11,"featured_media":18854,"template":"","meta":{"_acf_changed":false,"om_disable_all_campaigns":false,"_tribe_events_status":"","_tribe_events_status_reason":"","_tribe_events_is_hybrid":"","_tribe_events_is_virtual":"","_tribe_events_virtual_video_source":"","_tribe_events_virtual_embed_video":"","_tribe_events_virtual_linked_button_text":"","_tribe_events_virtual_linked_button":"","_tribe_events_virtual_show_embed_at":"","_tribe_events_virtual_show_embed_to":[],"_tribe_events_virtual_show_on_event":"","_tribe_events_virtual_show_on_views":"","_tribe_events_virtual_url":"","footnotes":""},"tags":[],"tribe_events_cat":[11],"class_list":["post-18853","tribe_events","type-tribe_events","status-publish","has-post-thumbnail","hentry","tribe_events_cat-event","cat_event"],"acf":[],"yoast_head":"<!-- This site is optimized with the Yoast SEO Premium plugin v22.8 (Yoast SEO v27.5) - https:\/\/yoast.com\/product\/yoast-seo-premium-wordpress\/ -->\n<title>An Afternoon with a Gibson Girl | Adirondack Experience<\/title>\n<meta name=\"robots\" content=\"index, follow, max-snippet:-1, max-image-preview:large, max-video-preview:-1\" \/>\n<link rel=\"canonical\" href=\"https:\/\/www.theadkx.org\/fr\/evenement\/un-apres-midi-avec-une-fille-de-gibson\/\" \/>\n<meta property=\"og:locale\" content=\"fr_FR\" \/>\n<meta property=\"og:type\" content=\"article\" \/>\n<meta property=\"og:title\" content=\"An Afternoon with a Gibson Girl\" \/>\n<meta property=\"og:description\" content=\"Spend the afternoon with the story of Adirondack poet Jeanne Robert Foster in a 45-minute one-woman show illuminating her life and work. A model for\" \/>\n<meta property=\"og:url\" content=\"https:\/\/www.theadkx.org\/fr\/evenement\/un-apres-midi-avec-une-fille-de-gibson\/\" \/>\n<meta property=\"og:site_name\" content=\"Adirondack Experience\" \/>\n<meta property=\"article:publisher\" content=\"https:\/\/www.facebook.com\/theADKX\/\" \/>\n<meta property=\"article:modified_time\" content=\"2026-04-02T20:06:17+00:00\" \/>\n<meta property=\"og:image\" content=\"https:\/\/www.theadkx.org\/wp-content\/uploads\/2026\/04\/GIBSON-GIRL-WEB-FEATURED.png\" \/>\n\t<meta property=\"og:image:width\" content=\"940\" \/>\n\t<meta property=\"og:image:height\" content=\"788\" \/>\n\t<meta property=\"og:image:type\" content=\"image\/png\" \/>\n<meta name=\"twitter:card\" content=\"summary_large_image\" \/>\n<meta name=\"twitter:site\" content=\"@theadkx\" \/>\n<meta name=\"twitter:label1\" content=\"Dur\u00e9e de lecture estim\u00e9e\" \/>\n\t<meta name=\"twitter:data1\" content=\"2 minutes\" \/>\n<script type=\"application\/ld+json\" class=\"yoast-schema-graph\">{\"@context\":\"https:\\\/\\\/schema.org\",\"@graph\":[{\"@type\":\"WebPage\",\"@id\":\"https:\\\/\\\/www.theadkx.org\\\/event\\\/an-afternoon-with-a-gibson-girl\\\/\",\"url\":\"https:\\\/\\\/www.theadkx.org\\\/event\\\/an-afternoon-with-a-gibson-girl\\\/\",\"name\":\"An Afternoon with a Gibson Girl | Adirondack Experience\",\"isPartOf\":{\"@id\":\"https:\\\/\\\/www.theadkx.org\\\/#website\"},\"primaryImageOfPage\":{\"@id\":\"https:\\\/\\\/www.theadkx.org\\\/event\\\/an-afternoon-with-a-gibson-girl\\\/#primaryimage\"},\"image\":{\"@id\":\"https:\\\/\\\/www.theadkx.org\\\/event\\\/an-afternoon-with-a-gibson-girl\\\/#primaryimage\"},\"thumbnailUrl\":\"https:\\\/\\\/www.theadkx.org\\\/wp-content\\\/uploads\\\/2026\\\/04\\\/GIBSON-GIRL-WEB-FEATURED.png\",\"datePublished\":\"2026-04-02T20:05:13+00:00\",\"dateModified\":\"2026-04-02T20:06:17+00:00\",\"breadcrumb\":{\"@id\":\"https:\\\/\\\/www.theadkx.org\\\/event\\\/an-afternoon-with-a-gibson-girl\\\/#breadcrumb\"},\"inLanguage\":\"fr-FR\",\"potentialAction\":[{\"@type\":\"ReadAction\",\"target\":[\"https:\\\/\\\/www.theadkx.org\\\/event\\\/an-afternoon-with-a-gibson-girl\\\/\"]}]},{\"@type\":\"ImageObject\",\"inLanguage\":\"fr-FR\",\"@id\":\"https:\\\/\\\/www.theadkx.org\\\/event\\\/an-afternoon-with-a-gibson-girl\\\/#primaryimage\",\"url\":\"https:\\\/\\\/www.theadkx.org\\\/wp-content\\\/uploads\\\/2026\\\/04\\\/GIBSON-GIRL-WEB-FEATURED.png\",\"contentUrl\":\"https:\\\/\\\/www.theadkx.org\\\/wp-content\\\/uploads\\\/2026\\\/04\\\/GIBSON-GIRL-WEB-FEATURED.png\",\"width\":940,\"height\":788,\"caption\":\"A woman with long hair and a pensive expression.\"},{\"@type\":\"BreadcrumbList\",\"@id\":\"https:\\\/\\\/www.theadkx.org\\\/event\\\/an-afternoon-with-a-gibson-girl\\\/#breadcrumb\",\"itemListElement\":[{\"@type\":\"ListItem\",\"position\":1,\"name\":\"Home\",\"item\":\"https:\\\/\\\/www.theadkx.org\\\/homepage\\\/\"},{\"@type\":\"ListItem\",\"position\":2,\"name\":\"Events\",\"item\":\"https:\\\/\\\/www.theadkx.org\\\/events\\\/\"},{\"@type\":\"ListItem\",\"position\":3,\"name\":\"An Afternoon with a Gibson Girl\"}]},{\"@type\":\"WebSite\",\"@id\":\"https:\\\/\\\/www.theadkx.org\\\/#website\",\"url\":\"https:\\\/\\\/www.theadkx.org\\\/\",\"name\":\"Adirondack Experience\",\"description\":\"The Museum on Blue Mountain Lake\",\"publisher\":{\"@id\":\"https:\\\/\\\/www.theadkx.org\\\/#organization\"},\"potentialAction\":[{\"@type\":\"SearchAction\",\"target\":{\"@type\":\"EntryPoint\",\"urlTemplate\":\"https:\\\/\\\/www.theadkx.org\\\/?s={search_term_string}\"},\"query-input\":{\"@type\":\"PropertyValueSpecification\",\"valueRequired\":true,\"valueName\":\"search_term_string\"}}],\"inLanguage\":\"fr-FR\"},{\"@type\":\"Organization\",\"@id\":\"https:\\\/\\\/www.theadkx.org\\\/#organization\",\"name\":\"Adirondack Experience, The Museum on Blue Mountain Lake\",\"url\":\"https:\\\/\\\/www.theadkx.org\\\/\",\"logo\":{\"@type\":\"ImageObject\",\"inLanguage\":\"fr-FR\",\"@id\":\"https:\\\/\\\/www.theadkx.org\\\/#\\\/schema\\\/logo\\\/image\\\/\",\"url\":\"https:\\\/\\\/www.theadkx.org\\\/wp-content\\\/uploads\\\/2021\\\/03\\\/ADKX_LOGO.png\",\"contentUrl\":\"https:\\\/\\\/www.theadkx.org\\\/wp-content\\\/uploads\\\/2021\\\/03\\\/ADKX_LOGO.png\",\"width\":440,\"height\":276,\"caption\":\"Adirondack Experience, The Museum on Blue Mountain Lake\"},\"image\":{\"@id\":\"https:\\\/\\\/www.theadkx.org\\\/#\\\/schema\\\/logo\\\/image\\\/\"},\"sameAs\":[\"https:\\\/\\\/www.facebook.com\\\/theADKX\\\/\",\"https:\\\/\\\/x.com\\\/theadkx\",\"https:\\\/\\\/www.instagram.com\\\/theadkx\\\/\",\"https:\\\/\\\/www.youtube.com\\\/user\\\/AdirondackMuseum\"]}]}<\/script>\n<!-- \/ Yoast SEO Premium plugin. -->","yoast_head_json":{"title":"Un apr\u00e8s-midi avec une Gibson Girl | Adirondack Experience","robots":{"index":"index","follow":"follow","max-snippet":"max-snippet:-1","max-image-preview":"max-image-preview:large","max-video-preview":"max-video-preview:-1"},"canonical":"https:\/\/www.theadkx.org\/fr\/evenement\/un-apres-midi-avec-une-fille-de-gibson\/","og_locale":"fr_FR","og_type":"article","og_title":"An Afternoon with a Gibson Girl","og_description":"Spend the afternoon with the story of Adirondack poet Jeanne Robert Foster in a 45-minute one-woman show illuminating her life and work. A model for","og_url":"https:\/\/www.theadkx.org\/fr\/evenement\/un-apres-midi-avec-une-fille-de-gibson\/","og_site_name":"Adirondack Experience","article_publisher":"https:\/\/www.facebook.com\/theADKX\/","article_modified_time":"2026-04-02T20:06:17+00:00","og_image":[{"width":940,"height":788,"url":"https:\/\/www.theadkx.org\/wp-content\/uploads\/2026\/04\/GIBSON-GIRL-WEB-FEATURED.png","type":"image\/png"}],"twitter_card":"summary_large_image","twitter_site":"@theadkx","twitter_misc":{"Dur\u00e9e de lecture estim\u00e9e":"2 minutes"},"schema":{"@context":"https:\/\/schema.org","@graph":[{"@type":"WebPage","@id":"https:\/\/www.theadkx.org\/event\/an-afternoon-with-a-gibson-girl\/","url":"https:\/\/www.theadkx.org\/event\/an-afternoon-with-a-gibson-girl\/","name":"Un apr\u00e8s-midi avec une Gibson Girl | Adirondack Experience","isPartOf":{"@id":"https:\/\/www.theadkx.org\/#website"},"primaryImageOfPage":{"@id":"https:\/\/www.theadkx.org\/event\/an-afternoon-with-a-gibson-girl\/#primaryimage"},"image":{"@id":"https:\/\/www.theadkx.org\/event\/an-afternoon-with-a-gibson-girl\/#primaryimage"},"thumbnailUrl":"https:\/\/www.theadkx.org\/wp-content\/uploads\/2026\/04\/GIBSON-GIRL-WEB-FEATURED.png","datePublished":"2026-04-02T20:05:13+00:00","dateModified":"2026-04-02T20:06:17+00:00","breadcrumb":{"@id":"https:\/\/www.theadkx.org\/event\/an-afternoon-with-a-gibson-girl\/#breadcrumb"},"inLanguage":"fr-FR","potentialAction":[{"@type":"ReadAction","target":["https:\/\/www.theadkx.org\/event\/an-afternoon-with-a-gibson-girl\/"]}]},{"@type":"ImageObject","inLanguage":"fr-FR","@id":"https:\/\/www.theadkx.org\/event\/an-afternoon-with-a-gibson-girl\/#primaryimage","url":"https:\/\/www.theadkx.org\/wp-content\/uploads\/2026\/04\/GIBSON-GIRL-WEB-FEATURED.png","contentUrl":"https:\/\/www.theadkx.org\/wp-content\/uploads\/2026\/04\/GIBSON-GIRL-WEB-FEATURED.png","width":940,"height":788,"caption":"A woman with long hair and a pensive expression."},{"@type":"BreadcrumbList","@id":"https:\/\/www.theadkx.org\/event\/an-afternoon-with-a-gibson-girl\/#breadcrumb","itemListElement":[{"@type":"ListItem","position":1,"name":"Home","item":"https:\/\/www.theadkx.org\/homepage\/"},{"@type":"ListItem","position":2,"name":"Events","item":"https:\/\/www.theadkx.org\/events\/"},{"@type":"ListItem","position":3,"name":"An Afternoon with a Gibson Girl"}]},{"@type":"WebSite","@id":"https:\/\/www.theadkx.org\/#website","url":"https:\/\/www.theadkx.org\/","name":"L'exp\u00e9rience des Adirondacks","description":"Le mus\u00e9e du lac Blue Mountain","publisher":{"@id":"https:\/\/www.theadkx.org\/#organization"},"potentialAction":[{"@type":"SearchAction","target":{"@type":"EntryPoint","urlTemplate":"https:\/\/www.theadkx.org\/?s={search_term_string}"},"query-input":{"@type":"PropertyValueSpecification","valueRequired":true,"valueName":"search_term_string"}}],"inLanguage":"fr-FR"},{"@type":"Organization","@id":"https:\/\/www.theadkx.org\/#organization","name":"Adirondack Experience, le mus\u00e9e du lac Blue Mountain","url":"https:\/\/www.theadkx.org\/","logo":{"@type":"ImageObject","inLanguage":"fr-FR","@id":"https:\/\/www.theadkx.org\/#\/schema\/logo\/image\/","url":"https:\/\/www.theadkx.org\/wp-content\/uploads\/2021\/03\/ADKX_LOGO.png","contentUrl":"https:\/\/www.theadkx.org\/wp-content\/uploads\/2021\/03\/ADKX_LOGO.png","width":440,"height":276,"caption":"Adirondack Experience, The Museum on Blue Mountain Lake"},"image":{"@id":"https:\/\/www.theadkx.org\/#\/schema\/logo\/image\/"},"sameAs":["https:\/\/www.facebook.com\/theADKX\/","https:\/\/x.com\/theadkx","https:\/\/www.instagram.com\/theadkx\/","https:\/\/www.youtube.com\/user\/AdirondackMuseum"]}]}},"_links":{"self":[{"href":"https:\/\/www.theadkx.org\/fr\/wp-json\/wp\/v2\/tribe_events\/18853","targetHints":{"allow":["GET"]}}],"collection":[{"href":"https:\/\/www.theadkx.org\/fr\/wp-json\/wp\/v2\/tribe_events"}],"about":[{"href":"https:\/\/www.theadkx.org\/fr\/wp-json\/wp\/v2\/types\/tribe_events"}],"author":[{"embeddable":true,"href":"https:\/\/www.theadkx.org\/fr\/wp-json\/wp\/v2\/users\/11"}],"version-history":[{"count":2,"href":"https:\/\/www.theadkx.org\/fr\/wp-json\/wp\/v2\/tribe_events\/18853\/revisions"}],"predecessor-version":[{"id":18917,"href":"https:\/\/www.theadkx.org\/fr\/wp-json\/wp\/v2\/tribe_events\/18853\/revisions\/18917"}],"wp:featuredmedia":[{"embeddable":true,"href":"https:\/\/www.theadkx.org\/fr\/wp-json\/wp\/v2\/media\/18854"}],"wp:attachment":[{"href":"https:\/\/www.theadkx.org\/fr\/wp-json\/wp\/v2\/media?parent=18853"}],"wp:term":[{"taxonomy":"post_tag","embeddable":true,"href":"https:\/\/www.theadkx.org\/fr\/wp-json\/wp\/v2\/tags?post=18853"},{"taxonomy":"tribe_events_cat","embeddable":true,"href":"https:\/\/www.theadkx.org\/fr\/wp-json\/wp\/v2\/tribe_events_cat?post=18853"}],"curies":[{"name":"wp","href":"https:\/\/api.w.org\/{rel}","templated":true}]}}