{"id":18939,"date":"2026-04-06T12:19:16","date_gmt":"2026-04-06T16:19:16","guid":{"rendered":"https:\/\/www.theadkx.org\/?post_type=tribe_events&#038;p=18939"},"modified":"2026-04-06T12:24:12","modified_gmt":"2026-04-06T16:24:12","slug":"la-maison-blanche-parmi-les-pins-blancs-calvin-coolidges-adirondack-summer","status":"publish","type":"tribe_events","link":"https:\/\/www.theadkx.org\/fr\/event\/the-white-house-among-white-pines-calvin-coolidges-adirondack-summer\/","title":{"rendered":"La Maison Blanche parmi les pins blancs : L'\u00e9t\u00e9 de Calvin Coolidge dans les Adirondacks"},"content":{"rendered":"<h2>Retournez \u00e0 l'\u00e9t\u00e9 1926, alors que le Dr Howard Kirschenbaum fait revivre les 100 ans d'histoire de l'humanit\u00e9.<sup>th<\/sup> anniversaire de la Maison Blanche d'\u00e9t\u00e9 du Pr\u00e9sident Calvin Coolidge \u00e0 White Pine Camp.<\/h2>\n<p><strong>\u00c0 l'aide de photographies historiques rares et d'anecdotes amusantes, le Dr Kirschenbaum met en lumi\u00e8re l'architecture particuli\u00e8re du camp, ses propri\u00e9taires hauts en couleur et la retraite de dix semaines du pr\u00e9sident dans les Adirondacks. Installez-vous pour une soir\u00e9e d'\u00e9t\u00e9 en vous souvenant de l'un des plus charmants grands camps de la r\u00e9gion. Il doit peut-\u00eatre son nom aux pins majestueux, mais comme on le disait dans les ann\u00e9es 20, cet endroit \u00e9tait tout simplement les baies.<\/strong><\/p>\n<p>&nbsp;<\/p>\n<div  class=\"flex_column av_one_third  av-break-at-mobile flex_column_div ep-lazy-loaded first\" ><div class=\"flex-column-inner\"><p><img loading=\"lazy\" decoding=\"async\" class=\"wp-image-18943 alignleft\" src=\"https:\/\/www.theadkx.org\/wp-content\/uploads\/2026\/04\/HOWIE-HEADSHOT.png\" alt=\"\" width=\"247\" height=\"207\" srcset=\"https:\/\/www.theadkx.org\/wp-content\/uploads\/2026\/04\/HOWIE-HEADSHOT.png 940w, https:\/\/www.theadkx.org\/wp-content\/uploads\/2026\/04\/HOWIE-HEADSHOT-300x251.png 300w, https:\/\/www.theadkx.org\/wp-content\/uploads\/2026\/04\/HOWIE-HEADSHOT-768x644.png 768w, https:\/\/www.theadkx.org\/wp-content\/uploads\/2026\/04\/HOWIE-HEADSHOT-14x12.png 14w\" sizes=\"auto, (max-width: 247px) 100vw, 247px\" \/><\/p>\n<p><strong><\/p><\/div><\/div><div  class=\"flex_column av_two_third  av-break-at-mobile flex_column_div ep-lazy-loaded\" ><div class=\"flex-column-inner\"><p><\/strong><\/p>\n<p><strong>Dr. Howard Kirschenbaum<\/strong>\u00a0a pass\u00e9 des d\u00e9cennies en premi\u00e8re ligne de la pr\u00e9servation des tr\u00e9sors architecturaux des Adirondacks. Fondateur et dirigeant de longue date de l'Adirondack Architectural Heritage (AARCH), il a jou\u00e9 un r\u00f4le central dans la sauvegarde et l'entretien de grands camps tels que Sagamore, Uncas, Santanoni et White Pine. Sa grande expertise en mati\u00e8re de pr\u00e9servation historique se traduit par la r\u00e9daction d'ouvrages tr\u00e8s respect\u00e9s sur Sagamore, Santanoni et White Pine Camp. Aujourd'hui, il reste l'un des d\u00e9fenseurs les plus comp\u00e9tents et les plus passionn\u00e9s du patrimoine architectural de la r\u00e9gion.<\/p>\n<div class=\"fe-block fe-block-yui_3_17_2_1_1750266573459_12100\">\n<div id=\"block-yui_3_17_2_1_1750266573459_12100\" class=\"sqs-block html-block sqs-block-html\" data-blend-mode=\"NORMAL\" data-block-type=\"2\" data-border-radii=\"{&quot;topLeft&quot;:{&quot;unit&quot;:&quot;px&quot;,&quot;value&quot;:0.0},&quot;topRight&quot;:{&quot;unit&quot;:&quot;px&quot;,&quot;value&quot;:0.0},&quot;bottomLeft&quot;:{&quot;unit&quot;:&quot;px&quot;,&quot;value&quot;:0.0},&quot;bottomRight&quot;:{&quot;unit&quot;:&quot;px&quot;,&quot;value&quot;:0.0}}\" data-sqsp-block=\"text\">\n<div class=\"sqs-block-content\">\n<div class=\"sqs-html-content\" data-sqsp-text-block-content=\"\">\n<\/div>\n<\/div>\n<\/div>\n<\/div><\/div><\/div><\/p>","protected":false},"excerpt":{"rendered":"<p>Journey back to the summer of 1926 as Dr. Howard Kirschenbaum brings to life the 100th anniversary of President Calvin Coolidge\u2019s Summer White House at White Pine Camp. Using rare [&hellip;]<\/p>\n","protected":false},"author":11,"featured_media":18941,"template":"","meta":{"_acf_changed":false,"om_disable_all_campaigns":false,"_tribe_events_status":"","_tribe_events_status_reason":"","_tribe_events_is_hybrid":"","_tribe_events_is_virtual":"","_tribe_events_virtual_video_source":"","_tribe_events_virtual_embed_video":"","_tribe_events_virtual_linked_button_text":"","_tribe_events_virtual_linked_button":"","_tribe_events_virtual_show_embed_at":"","_tribe_events_virtual_show_embed_to":[],"_tribe_events_virtual_show_on_event":"","_tribe_events_virtual_show_on_views":"","_tribe_events_virtual_url":"","footnotes":""},"tags":[],"tribe_events_cat":[25,11],"class_list":["post-18939","tribe_events","type-tribe_events","status-publish","has-post-thumbnail","hentry","tribe_events_cat-evenings-at-the-museum","tribe_events_cat-event","cat_evenings-at-the-museum","cat_event"],"acf":[],"yoast_head":"<!-- This site is optimized with the Yoast SEO Premium plugin v22.8 (Yoast SEO v27.5) - https:\/\/yoast.com\/product\/yoast-seo-premium-wordpress\/ -->\n<title>The White House among White Pines: Calvin Coolidge\u2019s Adirondack Summer | Adirondack Experience<\/title>\n<meta name=\"robots\" content=\"index, follow, max-snippet:-1, max-image-preview:large, max-video-preview:-1\" \/>\n<link rel=\"canonical\" href=\"https:\/\/www.theadkx.org\/fr\/evenement\/la-maison-blanche-parmi-les-pins-blancs-calvin-coolidges-adirondack-summer\/\" \/>\n<meta property=\"og:locale\" content=\"fr_FR\" \/>\n<meta property=\"og:type\" content=\"article\" \/>\n<meta property=\"og:title\" content=\"The White House among White Pines: Calvin Coolidge\u2019s Adirondack Summer\" \/>\n<meta property=\"og:description\" content=\"Journey back to the summer of 1926 as Dr. Howard Kirschenbaum brings to life the 100th anniversary of President Calvin Coolidge\u2019s Summer White House at\" \/>\n<meta property=\"og:url\" content=\"https:\/\/www.theadkx.org\/fr\/evenement\/la-maison-blanche-parmi-les-pins-blancs-calvin-coolidges-adirondack-summer\/\" \/>\n<meta property=\"og:site_name\" content=\"Adirondack Experience\" \/>\n<meta property=\"article:publisher\" content=\"https:\/\/www.facebook.com\/theADKX\/\" \/>\n<meta property=\"article:modified_time\" content=\"2026-04-06T16:24:12+00:00\" \/>\n<meta property=\"og:image\" content=\"https:\/\/www.theadkx.org\/wp-content\/uploads\/2026\/04\/COOLIDGE-WEB-FEATURED.png\" \/>\n\t<meta property=\"og:image:width\" content=\"940\" \/>\n\t<meta property=\"og:image:height\" content=\"788\" \/>\n\t<meta property=\"og:image:type\" content=\"image\/png\" \/>\n<meta name=\"twitter:card\" content=\"summary_large_image\" \/>\n<meta name=\"twitter:site\" content=\"@theadkx\" \/>\n<meta name=\"twitter:label1\" content=\"Dur\u00e9e de lecture estim\u00e9e\" \/>\n\t<meta name=\"twitter:data1\" content=\"1 minute\" \/>\n<script type=\"application\/ld+json\" class=\"yoast-schema-graph\">{\"@context\":\"https:\\\/\\\/schema.org\",\"@graph\":[{\"@type\":\"WebPage\",\"@id\":\"https:\\\/\\\/www.theadkx.org\\\/event\\\/the-white-house-among-white-pines-calvin-coolidges-adirondack-summer\\\/\",\"url\":\"https:\\\/\\\/www.theadkx.org\\\/event\\\/the-white-house-among-white-pines-calvin-coolidges-adirondack-summer\\\/\",\"name\":\"The White House among White Pines: Calvin Coolidge\u2019s Adirondack Summer | Adirondack Experience\",\"isPartOf\":{\"@id\":\"https:\\\/\\\/www.theadkx.org\\\/#website\"},\"primaryImageOfPage\":{\"@id\":\"https:\\\/\\\/www.theadkx.org\\\/event\\\/the-white-house-among-white-pines-calvin-coolidges-adirondack-summer\\\/#primaryimage\"},\"image\":{\"@id\":\"https:\\\/\\\/www.theadkx.org\\\/event\\\/the-white-house-among-white-pines-calvin-coolidges-adirondack-summer\\\/#primaryimage\"},\"thumbnailUrl\":\"https:\\\/\\\/www.theadkx.org\\\/wp-content\\\/uploads\\\/2026\\\/04\\\/COOLIDGE-WEB-FEATURED.png\",\"datePublished\":\"2026-04-06T16:19:16+00:00\",\"dateModified\":\"2026-04-06T16:24:12+00:00\",\"breadcrumb\":{\"@id\":\"https:\\\/\\\/www.theadkx.org\\\/event\\\/the-white-house-among-white-pines-calvin-coolidges-adirondack-summer\\\/#breadcrumb\"},\"inLanguage\":\"fr-FR\",\"potentialAction\":[{\"@type\":\"ReadAction\",\"target\":[\"https:\\\/\\\/www.theadkx.org\\\/event\\\/the-white-house-among-white-pines-calvin-coolidges-adirondack-summer\\\/\"]}]},{\"@type\":\"ImageObject\",\"inLanguage\":\"fr-FR\",\"@id\":\"https:\\\/\\\/www.theadkx.org\\\/event\\\/the-white-house-among-white-pines-calvin-coolidges-adirondack-summer\\\/#primaryimage\",\"url\":\"https:\\\/\\\/www.theadkx.org\\\/wp-content\\\/uploads\\\/2026\\\/04\\\/COOLIDGE-WEB-FEATURED.png\",\"contentUrl\":\"https:\\\/\\\/www.theadkx.org\\\/wp-content\\\/uploads\\\/2026\\\/04\\\/COOLIDGE-WEB-FEATURED.png\",\"width\":940,\"height\":788,\"caption\":\"Two men in suits and hats are standing in front of a crowd of people.\"},{\"@type\":\"BreadcrumbList\",\"@id\":\"https:\\\/\\\/www.theadkx.org\\\/event\\\/the-white-house-among-white-pines-calvin-coolidges-adirondack-summer\\\/#breadcrumb\",\"itemListElement\":[{\"@type\":\"ListItem\",\"position\":1,\"name\":\"Home\",\"item\":\"https:\\\/\\\/www.theadkx.org\\\/homepage\\\/\"},{\"@type\":\"ListItem\",\"position\":2,\"name\":\"Events\",\"item\":\"https:\\\/\\\/www.theadkx.org\\\/events\\\/\"},{\"@type\":\"ListItem\",\"position\":3,\"name\":\"The White House among White Pines: Calvin Coolidge\u2019s Adirondack Summer\"}]},{\"@type\":\"WebSite\",\"@id\":\"https:\\\/\\\/www.theadkx.org\\\/#website\",\"url\":\"https:\\\/\\\/www.theadkx.org\\\/\",\"name\":\"Adirondack Experience\",\"description\":\"The Museum on Blue Mountain Lake\",\"publisher\":{\"@id\":\"https:\\\/\\\/www.theadkx.org\\\/#organization\"},\"potentialAction\":[{\"@type\":\"SearchAction\",\"target\":{\"@type\":\"EntryPoint\",\"urlTemplate\":\"https:\\\/\\\/www.theadkx.org\\\/?s={search_term_string}\"},\"query-input\":{\"@type\":\"PropertyValueSpecification\",\"valueRequired\":true,\"valueName\":\"search_term_string\"}}],\"inLanguage\":\"fr-FR\"},{\"@type\":\"Organization\",\"@id\":\"https:\\\/\\\/www.theadkx.org\\\/#organization\",\"name\":\"Adirondack Experience, The Museum on Blue Mountain Lake\",\"url\":\"https:\\\/\\\/www.theadkx.org\\\/\",\"logo\":{\"@type\":\"ImageObject\",\"inLanguage\":\"fr-FR\",\"@id\":\"https:\\\/\\\/www.theadkx.org\\\/#\\\/schema\\\/logo\\\/image\\\/\",\"url\":\"https:\\\/\\\/www.theadkx.org\\\/wp-content\\\/uploads\\\/2021\\\/03\\\/ADKX_LOGO.png\",\"contentUrl\":\"https:\\\/\\\/www.theadkx.org\\\/wp-content\\\/uploads\\\/2021\\\/03\\\/ADKX_LOGO.png\",\"width\":440,\"height\":276,\"caption\":\"Adirondack Experience, The Museum on Blue Mountain Lake\"},\"image\":{\"@id\":\"https:\\\/\\\/www.theadkx.org\\\/#\\\/schema\\\/logo\\\/image\\\/\"},\"sameAs\":[\"https:\\\/\\\/www.facebook.com\\\/theADKX\\\/\",\"https:\\\/\\\/x.com\\\/theadkx\",\"https:\\\/\\\/www.instagram.com\\\/theadkx\\\/\",\"https:\\\/\\\/www.youtube.com\\\/user\\\/AdirondackMuseum\"]}]}<\/script>\n<!-- \/ Yoast SEO Premium plugin. -->","yoast_head_json":{"title":"La Maison Blanche parmi les pins blancs : L'\u00e9t\u00e9 de Calvin Coolidge dans les Adirondacks | Adirondack Experience","robots":{"index":"index","follow":"follow","max-snippet":"max-snippet:-1","max-image-preview":"max-image-preview:large","max-video-preview":"max-video-preview:-1"},"canonical":"https:\/\/www.theadkx.org\/fr\/evenement\/la-maison-blanche-parmi-les-pins-blancs-calvin-coolidges-adirondack-summer\/","og_locale":"fr_FR","og_type":"article","og_title":"The White House among White Pines: Calvin Coolidge\u2019s Adirondack Summer","og_description":"Journey back to the summer of 1926 as Dr. Howard Kirschenbaum brings to life the 100th anniversary of President Calvin Coolidge\u2019s Summer White House at","og_url":"https:\/\/www.theadkx.org\/fr\/evenement\/la-maison-blanche-parmi-les-pins-blancs-calvin-coolidges-adirondack-summer\/","og_site_name":"Adirondack Experience","article_publisher":"https:\/\/www.facebook.com\/theADKX\/","article_modified_time":"2026-04-06T16:24:12+00:00","og_image":[{"width":940,"height":788,"url":"https:\/\/www.theadkx.org\/wp-content\/uploads\/2026\/04\/COOLIDGE-WEB-FEATURED.png","type":"image\/png"}],"twitter_card":"summary_large_image","twitter_site":"@theadkx","twitter_misc":{"Dur\u00e9e de lecture estim\u00e9e":"1 minute"},"schema":{"@context":"https:\/\/schema.org","@graph":[{"@type":"WebPage","@id":"https:\/\/www.theadkx.org\/event\/the-white-house-among-white-pines-calvin-coolidges-adirondack-summer\/","url":"https:\/\/www.theadkx.org\/event\/the-white-house-among-white-pines-calvin-coolidges-adirondack-summer\/","name":"La Maison Blanche parmi les pins blancs : L'\u00e9t\u00e9 de Calvin Coolidge dans les Adirondacks | Adirondack Experience","isPartOf":{"@id":"https:\/\/www.theadkx.org\/#website"},"primaryImageOfPage":{"@id":"https:\/\/www.theadkx.org\/event\/the-white-house-among-white-pines-calvin-coolidges-adirondack-summer\/#primaryimage"},"image":{"@id":"https:\/\/www.theadkx.org\/event\/the-white-house-among-white-pines-calvin-coolidges-adirondack-summer\/#primaryimage"},"thumbnailUrl":"https:\/\/www.theadkx.org\/wp-content\/uploads\/2026\/04\/COOLIDGE-WEB-FEATURED.png","datePublished":"2026-04-06T16:19:16+00:00","dateModified":"2026-04-06T16:24:12+00:00","breadcrumb":{"@id":"https:\/\/www.theadkx.org\/event\/the-white-house-among-white-pines-calvin-coolidges-adirondack-summer\/#breadcrumb"},"inLanguage":"fr-FR","potentialAction":[{"@type":"ReadAction","target":["https:\/\/www.theadkx.org\/event\/the-white-house-among-white-pines-calvin-coolidges-adirondack-summer\/"]}]},{"@type":"ImageObject","inLanguage":"fr-FR","@id":"https:\/\/www.theadkx.org\/event\/the-white-house-among-white-pines-calvin-coolidges-adirondack-summer\/#primaryimage","url":"https:\/\/www.theadkx.org\/wp-content\/uploads\/2026\/04\/COOLIDGE-WEB-FEATURED.png","contentUrl":"https:\/\/www.theadkx.org\/wp-content\/uploads\/2026\/04\/COOLIDGE-WEB-FEATURED.png","width":940,"height":788,"caption":"Two men in suits and hats are standing in front of a crowd of people."},{"@type":"BreadcrumbList","@id":"https:\/\/www.theadkx.org\/event\/the-white-house-among-white-pines-calvin-coolidges-adirondack-summer\/#breadcrumb","itemListElement":[{"@type":"ListItem","position":1,"name":"Home","item":"https:\/\/www.theadkx.org\/homepage\/"},{"@type":"ListItem","position":2,"name":"Events","item":"https:\/\/www.theadkx.org\/events\/"},{"@type":"ListItem","position":3,"name":"The White House among White Pines: Calvin Coolidge\u2019s Adirondack Summer"}]},{"@type":"WebSite","@id":"https:\/\/www.theadkx.org\/#website","url":"https:\/\/www.theadkx.org\/","name":"L'exp\u00e9rience des Adirondacks","description":"Le mus\u00e9e du lac Blue Mountain","publisher":{"@id":"https:\/\/www.theadkx.org\/#organization"},"potentialAction":[{"@type":"SearchAction","target":{"@type":"EntryPoint","urlTemplate":"https:\/\/www.theadkx.org\/?s={search_term_string}"},"query-input":{"@type":"PropertyValueSpecification","valueRequired":true,"valueName":"search_term_string"}}],"inLanguage":"fr-FR"},{"@type":"Organization","@id":"https:\/\/www.theadkx.org\/#organization","name":"Adirondack Experience, le mus\u00e9e du lac Blue Mountain","url":"https:\/\/www.theadkx.org\/","logo":{"@type":"ImageObject","inLanguage":"fr-FR","@id":"https:\/\/www.theadkx.org\/#\/schema\/logo\/image\/","url":"https:\/\/www.theadkx.org\/wp-content\/uploads\/2021\/03\/ADKX_LOGO.png","contentUrl":"https:\/\/www.theadkx.org\/wp-content\/uploads\/2021\/03\/ADKX_LOGO.png","width":440,"height":276,"caption":"Adirondack Experience, The Museum on Blue Mountain Lake"},"image":{"@id":"https:\/\/www.theadkx.org\/#\/schema\/logo\/image\/"},"sameAs":["https:\/\/www.facebook.com\/theADKX\/","https:\/\/x.com\/theadkx","https:\/\/www.instagram.com\/theadkx\/","https:\/\/www.youtube.com\/user\/AdirondackMuseum"]}]}},"_links":{"self":[{"href":"https:\/\/www.theadkx.org\/fr\/wp-json\/wp\/v2\/tribe_events\/18939","targetHints":{"allow":["GET"]}}],"collection":[{"href":"https:\/\/www.theadkx.org\/fr\/wp-json\/wp\/v2\/tribe_events"}],"about":[{"href":"https:\/\/www.theadkx.org\/fr\/wp-json\/wp\/v2\/types\/tribe_events"}],"author":[{"embeddable":true,"href":"https:\/\/www.theadkx.org\/fr\/wp-json\/wp\/v2\/users\/11"}],"version-history":[{"count":4,"href":"https:\/\/www.theadkx.org\/fr\/wp-json\/wp\/v2\/tribe_events\/18939\/revisions"}],"predecessor-version":[{"id":18979,"href":"https:\/\/www.theadkx.org\/fr\/wp-json\/wp\/v2\/tribe_events\/18939\/revisions\/18979"}],"wp:featuredmedia":[{"embeddable":true,"href":"https:\/\/www.theadkx.org\/fr\/wp-json\/wp\/v2\/media\/18941"}],"wp:attachment":[{"href":"https:\/\/www.theadkx.org\/fr\/wp-json\/wp\/v2\/media?parent=18939"}],"wp:term":[{"taxonomy":"post_tag","embeddable":true,"href":"https:\/\/www.theadkx.org\/fr\/wp-json\/wp\/v2\/tags?post=18939"},{"taxonomy":"tribe_events_cat","embeddable":true,"href":"https:\/\/www.theadkx.org\/fr\/wp-json\/wp\/v2\/tribe_events_cat?post=18939"}],"curies":[{"name":"wp","href":"https:\/\/api.w.org\/{rel}","templated":true}]}}