{"id":19064,"date":"2026-04-07T16:05:29","date_gmt":"2026-04-07T20:05:29","guid":{"rendered":"https:\/\/www.theadkx.org\/?post_type=tribe_events&#038;p=19064"},"modified":"2026-04-07T16:13:18","modified_gmt":"2026-04-07T20:13:18","slug":"atelier-de-photographie-sous-tous-les-angles-avec-carl-heilman-ii","status":"publish","type":"tribe_events","link":"https:\/\/www.theadkx.org\/fr\/event\/working-all-the-angles-photography-workshop-with-carl-heilman-ii\/","title":{"rendered":"Travailler sous tous les angles Atelier de photographie avec Carl Heilman II"},"content":{"rendered":"<h2>Rejoignez le photographe des Adirondacks, Carl Heilman II, pour un atelier de photographie d'une journ\u00e9e qui vous aidera \u00e0 explorer une gamme d'options de prise de vue pour d\u00e9velopper votre cr\u00e9ativit\u00e9 photographique.<\/h2>\n<p>La journ\u00e9e commencera par une discussion matinale en classe, au cours de laquelle nous aborderons les options de configuration de l'appareil photo, ainsi que des d\u00e9tails et des questions sur les principes de base de la photographie - exposition, mouvement, profondeur de champ. Carl discutera \u00e9galement de la composition des photos et des options d'\u00e9quipement et d'objectif pour aider les participants \u00e0 explorer plus facilement les diff\u00e9rents angles de prise de vue lorsqu'ils sont sur place.<\/p>\n<p>Au cours de l'apr\u00e8s-midi, nous exp\u00e9rimenterons les techniques couvertes ainsi que diff\u00e9rentes fa\u00e7ons de regarder les sujets tout en visitant diverses expositions dans l'enceinte du mus\u00e9e. Nous nous prom\u00e8nerons \u00e9galement sur le sentier menant \u00e0 l'\u00e9tang Minnow, si le temps le permet.<\/p>\n<p><strong>Les participants doivent se munir d'un appareil photo, d'un tr\u00e9pied, d'une vari\u00e9t\u00e9 d'objectifs et de longueurs focales allant du grand angle au t\u00e9l\u00e9objectif, d'un \u00e9quipement de gros plan (macro) qu'ils pourraient avoir, et \u00e9ventuellement d'un filtre ND solide.<\/strong> Il n'y a pas d'exigences sp\u00e9cifiques, mais un plus grand choix d'\u00e9quipement offrira une plus grande vari\u00e9t\u00e9 d'options cr\u00e9atives de prise de vue. (Par exemple, dans son sac standard, Carl transporte 2 bo\u00eetiers DSLR sans miroir, des zooms 14-24, 24-120, 70-300, un objectif fisheye de 16 mm pour des angles de prise de vue uniques, des tubes rallonges pour les gros plans et un filtre ND solide et variable).<\/p>\n<ul>\n<li>\u2192 Atelier ouvert \u00e0 tous les niveaux.<\/li>\n<li>\u2192 Les participants sont invit\u00e9s \u00e0 apporter de la nourriture et des en-cas pour la journ\u00e9e. Des d\u00e9jeuners peuvent \u00e9galement \u00eatre achet\u00e9s au Lake View Caf\u00e9.<\/li>\n<li>\u2192 L'entr\u00e9e au mus\u00e9e est comprise dans le prix de l'atelier.<\/li>\n<li>\u2192 Tous les participants doivent apporter leurs propres boissons et\/ou bouteilles d'eau pour la journ\u00e9e.<\/li>\n<li>\u2192 Il est fortement recommand\u00e9 de porter des chaussures de marche robustes pour les sentiers.<\/li>\n<\/ul>\n<p><strong>Carl Heilman<\/strong> est un photographe et auteur publi\u00e9 internationalement qui photographie les Adirondacks depuis 1975. Il a commenc\u00e9 \u00e0 escalader les High Peaks avec une paire de raquettes artisanales dans les ann\u00e9es 1970 et continue d'explorer et de photographier les montagnes et les lacs, tout en poursuivant sa passion pour la repr\u00e9sentation de la beaut\u00e9 unique du parc des Adirondacks - et en partageant ses d\u00e9cennies d'exp\u00e9rience photographique avec d'autres dans ses ateliers de photographie et ses visites, ses livres de table et ses livres d'initiation \u00e0 la photographie.<\/p>","protected":false},"excerpt":{"rendered":"<p>Join Adirondack photographer, Carl Heilman II, for a daylong photography workshop that will help inspire you to explore a range of shooting options to expand your photographic creativity. The day [&hellip;]<\/p>\n","protected":false},"author":11,"featured_media":19066,"template":"","meta":{"_acf_changed":false,"om_disable_all_campaigns":false,"_tribe_events_status":"","_tribe_events_status_reason":"","_tribe_events_is_hybrid":"","_tribe_events_is_virtual":"","_tribe_events_virtual_video_source":"","_tribe_events_virtual_embed_video":"","_tribe_events_virtual_linked_button_text":"","_tribe_events_virtual_linked_button":"","_tribe_events_virtual_show_embed_at":"","_tribe_events_virtual_show_embed_to":[],"_tribe_events_virtual_show_on_event":"","_tribe_events_virtual_show_on_views":"","_tribe_events_virtual_url":"","footnotes":""},"tags":[],"tribe_events_cat":[7],"class_list":["post-19064","tribe_events","type-tribe_events","status-publish","has-post-thumbnail","hentry","tribe_events_cat-workshop","cat_workshop"],"acf":[],"yoast_head":"<!-- This site is optimized with the Yoast SEO Premium plugin v22.8 (Yoast SEO v27.5) - https:\/\/yoast.com\/product\/yoast-seo-premium-wordpress\/ -->\n<title>Working All the Angles Photography Workshop with Carl Heilman II | Adirondack Experience<\/title>\n<meta name=\"robots\" content=\"index, follow, max-snippet:-1, max-image-preview:large, max-video-preview:-1\" \/>\n<link rel=\"canonical\" href=\"https:\/\/www.theadkx.org\/fr\/evenement\/atelier-de-photographie-sous-tous-les-angles-avec-carl-heilman-ii\/\" \/>\n<meta property=\"og:locale\" content=\"fr_FR\" \/>\n<meta property=\"og:type\" content=\"article\" \/>\n<meta property=\"og:title\" content=\"Working All the Angles Photography Workshop with Carl Heilman II\" \/>\n<meta property=\"og:description\" content=\"Join Adirondack photographer, Carl Heilman II, for a daylong photography workshop that will help inspire you to explore a range of shooting options to\" \/>\n<meta property=\"og:url\" content=\"https:\/\/www.theadkx.org\/fr\/evenement\/atelier-de-photographie-sous-tous-les-angles-avec-carl-heilman-ii\/\" \/>\n<meta property=\"og:site_name\" content=\"Adirondack Experience\" \/>\n<meta property=\"article:publisher\" content=\"https:\/\/www.facebook.com\/theADKX\/\" \/>\n<meta property=\"article:modified_time\" content=\"2026-04-07T20:13:18+00:00\" \/>\n<meta property=\"og:image\" content=\"https:\/\/www.theadkx.org\/wp-content\/uploads\/2026\/04\/PHOTOGRAPHY-WEB-FEATURED.png\" \/>\n\t<meta property=\"og:image:width\" content=\"940\" \/>\n\t<meta property=\"og:image:height\" content=\"788\" \/>\n\t<meta property=\"og:image:type\" content=\"image\/png\" \/>\n<meta name=\"twitter:card\" content=\"summary_large_image\" \/>\n<meta name=\"twitter:site\" content=\"@theadkx\" \/>\n<meta name=\"twitter:label1\" content=\"Dur\u00e9e de lecture estim\u00e9e\" \/>\n\t<meta name=\"twitter:data1\" content=\"2 minutes\" \/>\n<script type=\"application\/ld+json\" class=\"yoast-schema-graph\">{\"@context\":\"https:\\\/\\\/schema.org\",\"@graph\":[{\"@type\":\"WebPage\",\"@id\":\"https:\\\/\\\/www.theadkx.org\\\/event\\\/working-all-the-angles-photography-workshop-with-carl-heilman-ii\\\/\",\"url\":\"https:\\\/\\\/www.theadkx.org\\\/event\\\/working-all-the-angles-photography-workshop-with-carl-heilman-ii\\\/\",\"name\":\"Working All the Angles Photography Workshop with Carl Heilman II | Adirondack Experience\",\"isPartOf\":{\"@id\":\"https:\\\/\\\/www.theadkx.org\\\/#website\"},\"primaryImageOfPage\":{\"@id\":\"https:\\\/\\\/www.theadkx.org\\\/event\\\/working-all-the-angles-photography-workshop-with-carl-heilman-ii\\\/#primaryimage\"},\"image\":{\"@id\":\"https:\\\/\\\/www.theadkx.org\\\/event\\\/working-all-the-angles-photography-workshop-with-carl-heilman-ii\\\/#primaryimage\"},\"thumbnailUrl\":\"https:\\\/\\\/www.theadkx.org\\\/wp-content\\\/uploads\\\/2026\\\/04\\\/PHOTOGRAPHY-WEB-FEATURED.png\",\"datePublished\":\"2026-04-07T20:05:29+00:00\",\"dateModified\":\"2026-04-07T20:13:18+00:00\",\"breadcrumb\":{\"@id\":\"https:\\\/\\\/www.theadkx.org\\\/event\\\/working-all-the-angles-photography-workshop-with-carl-heilman-ii\\\/#breadcrumb\"},\"inLanguage\":\"fr-FR\",\"potentialAction\":[{\"@type\":\"ReadAction\",\"target\":[\"https:\\\/\\\/www.theadkx.org\\\/event\\\/working-all-the-angles-photography-workshop-with-carl-heilman-ii\\\/\"]}]},{\"@type\":\"ImageObject\",\"inLanguage\":\"fr-FR\",\"@id\":\"https:\\\/\\\/www.theadkx.org\\\/event\\\/working-all-the-angles-photography-workshop-with-carl-heilman-ii\\\/#primaryimage\",\"url\":\"https:\\\/\\\/www.theadkx.org\\\/wp-content\\\/uploads\\\/2026\\\/04\\\/PHOTOGRAPHY-WEB-FEATURED.png\",\"contentUrl\":\"https:\\\/\\\/www.theadkx.org\\\/wp-content\\\/uploads\\\/2026\\\/04\\\/PHOTOGRAPHY-WEB-FEATURED.png\",\"width\":940,\"height\":788},{\"@type\":\"BreadcrumbList\",\"@id\":\"https:\\\/\\\/www.theadkx.org\\\/event\\\/working-all-the-angles-photography-workshop-with-carl-heilman-ii\\\/#breadcrumb\",\"itemListElement\":[{\"@type\":\"ListItem\",\"position\":1,\"name\":\"Home\",\"item\":\"https:\\\/\\\/www.theadkx.org\\\/homepage\\\/\"},{\"@type\":\"ListItem\",\"position\":2,\"name\":\"Events\",\"item\":\"https:\\\/\\\/www.theadkx.org\\\/events\\\/\"},{\"@type\":\"ListItem\",\"position\":3,\"name\":\"Working All the Angles Photography Workshop with Carl Heilman II\"}]},{\"@type\":\"WebSite\",\"@id\":\"https:\\\/\\\/www.theadkx.org\\\/#website\",\"url\":\"https:\\\/\\\/www.theadkx.org\\\/\",\"name\":\"Adirondack Experience\",\"description\":\"The Museum on Blue Mountain Lake\",\"publisher\":{\"@id\":\"https:\\\/\\\/www.theadkx.org\\\/#organization\"},\"potentialAction\":[{\"@type\":\"SearchAction\",\"target\":{\"@type\":\"EntryPoint\",\"urlTemplate\":\"https:\\\/\\\/www.theadkx.org\\\/?s={search_term_string}\"},\"query-input\":{\"@type\":\"PropertyValueSpecification\",\"valueRequired\":true,\"valueName\":\"search_term_string\"}}],\"inLanguage\":\"fr-FR\"},{\"@type\":\"Organization\",\"@id\":\"https:\\\/\\\/www.theadkx.org\\\/#organization\",\"name\":\"Adirondack Experience, The Museum on Blue Mountain Lake\",\"url\":\"https:\\\/\\\/www.theadkx.org\\\/\",\"logo\":{\"@type\":\"ImageObject\",\"inLanguage\":\"fr-FR\",\"@id\":\"https:\\\/\\\/www.theadkx.org\\\/#\\\/schema\\\/logo\\\/image\\\/\",\"url\":\"https:\\\/\\\/www.theadkx.org\\\/wp-content\\\/uploads\\\/2021\\\/03\\\/ADKX_LOGO.png\",\"contentUrl\":\"https:\\\/\\\/www.theadkx.org\\\/wp-content\\\/uploads\\\/2021\\\/03\\\/ADKX_LOGO.png\",\"width\":440,\"height\":276,\"caption\":\"Adirondack Experience, The Museum on Blue Mountain Lake\"},\"image\":{\"@id\":\"https:\\\/\\\/www.theadkx.org\\\/#\\\/schema\\\/logo\\\/image\\\/\"},\"sameAs\":[\"https:\\\/\\\/www.facebook.com\\\/theADKX\\\/\",\"https:\\\/\\\/x.com\\\/theadkx\",\"https:\\\/\\\/www.instagram.com\\\/theadkx\\\/\",\"https:\\\/\\\/www.youtube.com\\\/user\\\/AdirondackMuseum\"]}]}<\/script>\n<!-- \/ Yoast SEO Premium plugin. -->","yoast_head_json":{"title":"Atelier de photographie \"Travailler sous tous les angles\" avec Carl Heilman II | Adirondack Experience","robots":{"index":"index","follow":"follow","max-snippet":"max-snippet:-1","max-image-preview":"max-image-preview:large","max-video-preview":"max-video-preview:-1"},"canonical":"https:\/\/www.theadkx.org\/fr\/evenement\/atelier-de-photographie-sous-tous-les-angles-avec-carl-heilman-ii\/","og_locale":"fr_FR","og_type":"article","og_title":"Working All the Angles Photography Workshop with Carl Heilman II","og_description":"Join Adirondack photographer, Carl Heilman II, for a daylong photography workshop that will help inspire you to explore a range of shooting options to","og_url":"https:\/\/www.theadkx.org\/fr\/evenement\/atelier-de-photographie-sous-tous-les-angles-avec-carl-heilman-ii\/","og_site_name":"Adirondack Experience","article_publisher":"https:\/\/www.facebook.com\/theADKX\/","article_modified_time":"2026-04-07T20:13:18+00:00","og_image":[{"width":940,"height":788,"url":"https:\/\/www.theadkx.org\/wp-content\/uploads\/2026\/04\/PHOTOGRAPHY-WEB-FEATURED.png","type":"image\/png"}],"twitter_card":"summary_large_image","twitter_site":"@theadkx","twitter_misc":{"Dur\u00e9e de lecture estim\u00e9e":"2 minutes"},"schema":{"@context":"https:\/\/schema.org","@graph":[{"@type":"WebPage","@id":"https:\/\/www.theadkx.org\/event\/working-all-the-angles-photography-workshop-with-carl-heilman-ii\/","url":"https:\/\/www.theadkx.org\/event\/working-all-the-angles-photography-workshop-with-carl-heilman-ii\/","name":"Atelier de photographie \"Travailler sous tous les angles\" avec Carl Heilman II | Adirondack Experience","isPartOf":{"@id":"https:\/\/www.theadkx.org\/#website"},"primaryImageOfPage":{"@id":"https:\/\/www.theadkx.org\/event\/working-all-the-angles-photography-workshop-with-carl-heilman-ii\/#primaryimage"},"image":{"@id":"https:\/\/www.theadkx.org\/event\/working-all-the-angles-photography-workshop-with-carl-heilman-ii\/#primaryimage"},"thumbnailUrl":"https:\/\/www.theadkx.org\/wp-content\/uploads\/2026\/04\/PHOTOGRAPHY-WEB-FEATURED.png","datePublished":"2026-04-07T20:05:29+00:00","dateModified":"2026-04-07T20:13:18+00:00","breadcrumb":{"@id":"https:\/\/www.theadkx.org\/event\/working-all-the-angles-photography-workshop-with-carl-heilman-ii\/#breadcrumb"},"inLanguage":"fr-FR","potentialAction":[{"@type":"ReadAction","target":["https:\/\/www.theadkx.org\/event\/working-all-the-angles-photography-workshop-with-carl-heilman-ii\/"]}]},{"@type":"ImageObject","inLanguage":"fr-FR","@id":"https:\/\/www.theadkx.org\/event\/working-all-the-angles-photography-workshop-with-carl-heilman-ii\/#primaryimage","url":"https:\/\/www.theadkx.org\/wp-content\/uploads\/2026\/04\/PHOTOGRAPHY-WEB-FEATURED.png","contentUrl":"https:\/\/www.theadkx.org\/wp-content\/uploads\/2026\/04\/PHOTOGRAPHY-WEB-FEATURED.png","width":940,"height":788},{"@type":"BreadcrumbList","@id":"https:\/\/www.theadkx.org\/event\/working-all-the-angles-photography-workshop-with-carl-heilman-ii\/#breadcrumb","itemListElement":[{"@type":"ListItem","position":1,"name":"Home","item":"https:\/\/www.theadkx.org\/homepage\/"},{"@type":"ListItem","position":2,"name":"Events","item":"https:\/\/www.theadkx.org\/events\/"},{"@type":"ListItem","position":3,"name":"Working All the Angles Photography Workshop with Carl Heilman II"}]},{"@type":"WebSite","@id":"https:\/\/www.theadkx.org\/#website","url":"https:\/\/www.theadkx.org\/","name":"L'exp\u00e9rience des Adirondacks","description":"Le mus\u00e9e du lac Blue Mountain","publisher":{"@id":"https:\/\/www.theadkx.org\/#organization"},"potentialAction":[{"@type":"SearchAction","target":{"@type":"EntryPoint","urlTemplate":"https:\/\/www.theadkx.org\/?s={search_term_string}"},"query-input":{"@type":"PropertyValueSpecification","valueRequired":true,"valueName":"search_term_string"}}],"inLanguage":"fr-FR"},{"@type":"Organization","@id":"https:\/\/www.theadkx.org\/#organization","name":"Adirondack Experience, le mus\u00e9e du lac Blue Mountain","url":"https:\/\/www.theadkx.org\/","logo":{"@type":"ImageObject","inLanguage":"fr-FR","@id":"https:\/\/www.theadkx.org\/#\/schema\/logo\/image\/","url":"https:\/\/www.theadkx.org\/wp-content\/uploads\/2021\/03\/ADKX_LOGO.png","contentUrl":"https:\/\/www.theadkx.org\/wp-content\/uploads\/2021\/03\/ADKX_LOGO.png","width":440,"height":276,"caption":"Adirondack Experience, The Museum on Blue Mountain Lake"},"image":{"@id":"https:\/\/www.theadkx.org\/#\/schema\/logo\/image\/"},"sameAs":["https:\/\/www.facebook.com\/theADKX\/","https:\/\/x.com\/theadkx","https:\/\/www.instagram.com\/theadkx\/","https:\/\/www.youtube.com\/user\/AdirondackMuseum"]}]}},"_links":{"self":[{"href":"https:\/\/www.theadkx.org\/fr\/wp-json\/wp\/v2\/tribe_events\/19064","targetHints":{"allow":["GET"]}}],"collection":[{"href":"https:\/\/www.theadkx.org\/fr\/wp-json\/wp\/v2\/tribe_events"}],"about":[{"href":"https:\/\/www.theadkx.org\/fr\/wp-json\/wp\/v2\/types\/tribe_events"}],"author":[{"embeddable":true,"href":"https:\/\/www.theadkx.org\/fr\/wp-json\/wp\/v2\/users\/11"}],"version-history":[{"count":2,"href":"https:\/\/www.theadkx.org\/fr\/wp-json\/wp\/v2\/tribe_events\/19064\/revisions"}],"predecessor-version":[{"id":19070,"href":"https:\/\/www.theadkx.org\/fr\/wp-json\/wp\/v2\/tribe_events\/19064\/revisions\/19070"}],"wp:featuredmedia":[{"embeddable":true,"href":"https:\/\/www.theadkx.org\/fr\/wp-json\/wp\/v2\/media\/19066"}],"wp:attachment":[{"href":"https:\/\/www.theadkx.org\/fr\/wp-json\/wp\/v2\/media?parent=19064"}],"wp:term":[{"taxonomy":"post_tag","embeddable":true,"href":"https:\/\/www.theadkx.org\/fr\/wp-json\/wp\/v2\/tags?post=19064"},{"taxonomy":"tribe_events_cat","embeddable":true,"href":"https:\/\/www.theadkx.org\/fr\/wp-json\/wp\/v2\/tribe_events_cat?post=19064"}],"curies":[{"name":"wp","href":"https:\/\/api.w.org\/{rel}","templated":true}]}}